{"id":201341,"date":"2025-09-03T06:54:31","date_gmt":"2025-09-03T06:54:31","guid":{"rendered":"https:\/\/www.welovecycling.com\/wide\/?page_id=201341"},"modified":"2025-10-01T07:04:13","modified_gmt":"2025-10-01T07:04:13","slug":"terms","status":"publish","type":"page","link":"https:\/\/www.welovecycling.com\/wide\/130-anniversary\/be-fr\/terms\/","title":{"rendered":"Terms"},"content":{"rendered":"<p><span data-contrast=\"auto\">Ces r\u00e8gles d\u00e9finissent les conditions du concours \u201c\u0160koda 130 ans\u201d (ci-apr\u00e8s le \u201cConcours\u201d) et constituent le seul document qui fixe de mani\u00e8re compl\u00e8te et contraignante les r\u00e8gles de ce concours.<\/span><span data-ccp-props=\"{&quot;335559731&quot;:720}\">\u00a0<\/span><\/p>\n<p aria-level=\"2\"><span data-contrast=\"auto\">Organisateur et ex\u00e9cuteur<\/span><span data-ccp-props=\"{&quot;134245418&quot;:true,&quot;134245529&quot;:true,&quot;335559738&quot;:360,&quot;335559739&quot;:120}\">\u00a0<\/span><\/p>\n<p><span data-contrast=\"auto\">L\u2019organisateur du concours est \u0160koda Auto a.s., soci\u00e9t\u00e9 anonyme, ayant son si\u00e8ge social \u00e0 t\u0159. V\u00e1clava Klementa 869, 293 01 Mlad\u00e1 Boleslav, R\u00e9publique tch\u00e8que, identifiant de soci\u00e9t\u00e9 00177041, inscrite au registre du commerce tenu par le tribunal municipal de Prague, section B, dossier n\u00b0 332 (ci-apr\u00e8s l\u2019\u201cOrganisateur\u201d).<\/span><span data-ccp-props=\"{}\">\u00a0<\/span><\/p>\n<p><span data-contrast=\"auto\">L\u2019ex\u00e9cution pratique du concours est assur\u00e9e par MUSTARD s.r.o., si\u00e8ge social : Praha 1 \u2013 Nov\u00e9 M\u011bsto, Masarykovo n\u00e1b\u0159. 246, 110 00, R\u00e9publique tch\u00e8que, identifiant de soci\u00e9t\u00e9 28531418, inscrite au registre du commerce tenu par le tribunal municipal de Prague, section C, sous le num\u00e9ro 148383 (ci-apr\u00e8s l\u2019\u201cEx\u00e9cuteur\u201d).<\/span><span data-ccp-props=\"{}\">\u00a0<\/span><\/p>\n<p aria-level=\"2\"><span data-contrast=\"auto\">Conditions, lieu et dur\u00e9e du concours<\/span><span data-ccp-props=\"{&quot;134245418&quot;:true,&quot;134245529&quot;:true,&quot;335559738&quot;:360,&quot;335559739&quot;:120}\">\u00a0<\/span><\/p>\n<ul>\n<li aria-setsize=\"-1\" data-leveltext=\"\u25cf\" data-font=\"\" data-listid=\"1\" data-list-defn-props=\"{&quot;335552541&quot;:1,&quot;335559685&quot;:720,&quot;335559991&quot;:360,&quot;469769242&quot;:[8226],&quot;469777803&quot;:&quot;left&quot;,&quot;469777804&quot;:&quot;\u25cf&quot;,&quot;469777815&quot;:&quot;multilevel&quot;}\" data-aria-posinset=\"1\" data-aria-level=\"1\"><span data-contrast=\"auto\">P\u00e9riode du concours \u2013 <\/span><span data-contrast=\"none\">00:01 (CET) X 2025 to 23:59 (CET) X 2025<\/span><span data-ccp-props=\"{}\">\u00a0<\/span><\/li>\n<\/ul>\n<p><span data-ccp-props=\"{}\">\u00a0<\/span><\/p>\n<p><span data-contrast=\"auto\">Le concours se d\u00e9roule sur le site\u202fwww.welovecycling.com\u202f(ci-apr\u00e8s le \u201cSite du concours\u201d), qui sert de principal canal de communication avec les participants.<\/span><span data-ccp-props=\"{}\">\u00a0<\/span><\/p>\n<p aria-level=\"2\"><span data-contrast=\"auto\">Participants au concours<\/span><span data-ccp-props=\"{&quot;134245418&quot;:true,&quot;134245529&quot;:true,&quot;335559738&quot;:360,&quot;335559739&quot;:120}\">\u00a0<\/span><\/p>\n<p><span data-contrast=\"auto\">Le concours est ouvert \u00e0 toute personne \u00e2g\u00e9e de 18 ans ou plus et r\u00e9sidant dans l\u2019un des pays participants.<\/span><br \/>\n<span data-contrast=\"auto\">Le concours est organis\u00e9 dans les pays suivants : ANDORRE, AUSTRALIE, AUTRICHE, BELGIQUE, BOSNIE, BULGARIE, CROATIE, R\u00c9PUBLIQUE TCH\u00c8QUE, DANEMARK, ESTONIE, FINLANDE, FRANCE, ALLEMAGNE, ROYAUME-UNI, GR\u00c8CE, HONGRIE, ISLANDE, IRLANDE, ITALIE, LETTONIE, LIECHTENSTEIN, LITUANIE, LUXEMBOURG, MONT\u00c9N\u00c9GRO, PAYS-BAS, NORV\u00c8GE, POLOGNE, PORTUGAL, ROUMANIE, SERBIE, SLOVAQUIE, SLOV\u00c9NIE, ESPAGNE, SU\u00c8DE, SUISSE, UKRAINE.<\/span><span data-ccp-props=\"{}\">\u00a0<\/span><\/p>\n<p><span data-contrast=\"auto\">Pour participer au concours, il est n\u00e9cessaire de s\u2019inscrire sur le Site du concours pendant la p\u00e9riode du concours et d\u2019accepter sans r\u00e9serve les pr\u00e9sentes r\u00e8gles.<\/span><br \/>\n<span data-contrast=\"auto\">L\u2019inscription (formulaire) n\u00e9cessite la fourniture de donn\u00e9es personnelles \u2013 notamment l\u2019adresse e-mail, utilis\u00e9e exclusivement dans le cadre du concours.<\/span><span data-ccp-props=\"{}\">\u00a0<\/span><\/p>\n<p><span data-contrast=\"auto\">Chaque participant ne peut s\u2019inscrire qu\u2019une seule fois et uniquement avec sa propre adresse e-mail. L\u2019Organisateur se r\u00e9serve le droit de v\u00e9rifier le respect de cette r\u00e8gle par des moyens techniques et organisationnels.<\/span><span data-ccp-props=\"{}\">\u00a0<\/span><\/p>\n<p><span data-contrast=\"auto\">Les personnes impliqu\u00e9es dans la pr\u00e9paration de ce concours, en particulier les employ\u00e9s de l\u2019Organisateur ou de l\u2019Ex\u00e9cuteur, ainsi que les personnes li\u00e9es aux partenaires agr\u00e9\u00e9s \u0160koda ou aux agences mandat\u00e9es pour ex\u00e9cuter ce concours, ainsi que leurs proches et membres de leur famille, sont exclues de la participation.<\/span><span data-ccp-props=\"{}\">\u00a0<\/span><\/p>\n<p aria-level=\"2\"><span data-contrast=\"auto\">M\u00e9canisme du concours et s\u00e9lection des gagnants<\/span><span data-ccp-props=\"{&quot;134245418&quot;:true,&quot;134245529&quot;:true,&quot;335559738&quot;:360,&quot;335559739&quot;:120}\">\u00a0<\/span><\/p>\n<p><span data-contrast=\"auto\">La t\u00e2che des participants est de r\u00e9pondre \u00e0 trois questions du concours.<\/span><br \/>\n<span data-contrast=\"auto\">Tous les participants qui r\u00e9pondent correctement aux trois questions et s\u2019inscrivent sur le site We Love Cycling participent au tirage au sort.<\/span><span data-ccp-props=\"{}\">\u00a0<\/span><\/p>\n<p><span data-contrast=\"auto\">Les prix sont attribu\u00e9s aux participants dont les r\u00e9ponses correctes figurent aux positions suivantes dans la liste compl\u00e8te : 1\/11, 2\/11, 3\/11, 4\/11, 5\/11, 6\/11, 7\/11, 8\/11, 9\/11 et 10\/11.<\/span><br \/>\n<span data-contrast=\"auto\">Si le nombre total de participants n\u2019est pas divisible par 11, il sera arrondi \u00e0 l\u2019entier inf\u00e9rieur divisible par 11.<\/span><span data-ccp-props=\"{}\">\u00a0<\/span><\/p>\n<p><span data-contrast=\"auto\">La liste des participants est tri\u00e9e chronologiquement selon l\u2019heure de soumission des r\u00e9ponses.<\/span><br \/>\n<span data-contrast=\"auto\">Les participants figurant aux positions ci-dessus sont d\u00e9clar\u00e9s gagnants.<\/span><span data-ccp-props=\"{}\">\u00a0<\/span><\/p>\n<p><span data-contrast=\"auto\">L\u2019Organisateur informera les gagnants par e-mail, \u00e0 l\u2019adresse fournie lors de l\u2019inscription, dans un d\u00e9lai de cinq jours apr\u00e8s la fin de la p\u00e9riode du concours et leur demandera les informations n\u00e9cessaires \u00e0 la remise ou \u00e0 l\u2019envoi du prix.<\/span><br \/>\n<span data-contrast=\"auto\">Si le gagnant ne r\u00e9pond pas, m\u00eame apr\u00e8s un rappel par e-mail, ou ne fournit pas les informations demand\u00e9es dans les 24 heures, le prix sera perdu sans compensation.<\/span><span data-ccp-props=\"{}\">\u00a0<\/span><\/p>\n<p aria-level=\"2\"><span data-contrast=\"auto\">Description des prix<\/span><span data-ccp-props=\"{&quot;134245418&quot;:true,&quot;134245529&quot;:true,&quot;335559738&quot;:360,&quot;335559739&quot;:120}\">\u00a0<\/span><\/p>\n<ul>\n<li aria-setsize=\"-1\" data-leveltext=\"\u25cf\" data-font=\"Arial\" data-listid=\"2\" data-list-defn-props=\"{&quot;335551500&quot;:2236962,&quot;335552541&quot;:1,&quot;335559685&quot;:720,&quot;335559991&quot;:360,&quot;469769226&quot;:&quot;Arial&quot;,&quot;469769242&quot;:[8226],&quot;469777803&quot;:&quot;left&quot;,&quot;469777804&quot;:&quot;\u25cf&quot;,&quot;469777815&quot;:&quot;multilevel&quot;}\" data-aria-posinset=\"1\" data-aria-level=\"1\"><span data-contrast=\"none\">10x Maillot retro \u0160koda<\/span><span data-ccp-props=\"{&quot;335559738&quot;:200,&quot;335559739&quot;:200}\">\u00a0<\/span><\/li>\n<\/ul>\n<p><span data-contrast=\"auto\">En raison de possibles retards li\u00e9s \u00e0 la disponibilit\u00e9 des pi\u00e8ces, la livraison des v\u00e9los, en tant que prix, peut prendre jusqu\u2019\u00e0 huit mois. Ces retards sont dus \u00e0 des facteurs \u00e9chappant \u00e0 notre contr\u00f4le direct, tels que l\u2019approvisionnement des composants n\u00e9cessaires \u00e0 l\u2019assemblage.<\/span><span data-ccp-props=\"{}\">\u00a0<\/span><\/p>\n<p aria-level=\"2\"><span data-contrast=\"auto\">Informations sur le traitement des donn\u00e9es personnelles<\/span><span data-ccp-props=\"{&quot;134245418&quot;:true,&quot;134245529&quot;:true,&quot;335559738&quot;:360,&quot;335559739&quot;:120}\">\u00a0<\/span><\/p>\n<p><span data-contrast=\"auto\">L\u2019Organisateur est le responsable du traitement des donn\u00e9es au sens du R\u00e8glement g\u00e9n\u00e9ral sur la protection des donn\u00e9es (RGPD, R\u00e8glement UE 2016\/679) et vous informe du traitement de vos donn\u00e9es personnelles et de vos droits \u00e0 cet \u00e9gard.<\/span><span data-ccp-props=\"{}\">\u00a0<\/span><\/p>\n<p><span data-contrast=\"auto\">Le traitement est effectu\u00e9 dans le cadre de l\u2019activit\u00e9 suivante:<\/span><span data-ccp-props=\"{}\">\u00a0<\/span><\/p>\n<p><span data-contrast=\"auto\">\u2013 Organisation de concours et garantie d\u2019une \u00e9valuation \u00e9quitable dans le cadre du concours.<\/span><span data-ccp-props=\"{}\">\u00a0<\/span><\/p>\n<p><span data-contrast=\"auto\">Base l\u00e9gale du traitement:<\/span><br \/>\n<span data-contrast=\"auto\">Nous sommes autoris\u00e9s \u00e0 traiter vos donn\u00e9es personnelles sur la base de l\u2019ex\u00e9cution d\u2019un contrat (les pr\u00e9sentes r\u00e8gles du concours).<\/span><span data-ccp-props=\"{}\">\u00a0<\/span><\/p>\n<p><span data-contrast=\"auto\">Cat\u00e9gories de donn\u00e9es personnelles trait\u00e9es:<\/span><br \/>\n<span data-contrast=\"auto\">Donn\u00e9es d\u2019identification, coordonn\u00e9es, informations relatives \u00e0 la communication et \u00e0 l\u2019interaction.<\/span><span data-ccp-props=\"{}\">\u00a0<\/span><\/p>\n<p><span data-contrast=\"auto\">Dur\u00e9e de conservation:<\/span><br \/>\n<span data-contrast=\"auto\">Nous traitons vos donn\u00e9es personnelles pendant un an apr\u00e8s la fin du concours.<\/span><span data-ccp-props=\"{}\">\u00a0<\/span><\/p>\n<p><span data-contrast=\"auto\">Cat\u00e9gories de sous-traitants ou destinataires \u00e0 qui les donn\u00e9es peuvent \u00eatre communiqu\u00e9es:<\/span><br \/>\n<span data-contrast=\"auto\">Le sous-traitant des donn\u00e9es est MUSTARD s.r.o., Praha 1 \u2013 Nov\u00e9 M\u011bsto, Masarykovo n\u00e1b\u0159. 246, 110 00, R\u00e9publique tch\u00e8que, identifiant 28531418.<\/span><br \/>\n<span data-contrast=\"auto\">Sur demande, vos donn\u00e9es personnelles peuvent \u00eatre communiqu\u00e9es aux autorit\u00e9s publiques, notamment aux tribunaux, \u00e0 la police tch\u00e8que et \u00e0 d\u2019autres organismes d\u2019application de la loi, dans la mesure o\u00f9 cela est n\u00e9cessaire et autoris\u00e9 par la loi.<\/span><span data-ccp-props=\"{}\">\u00a0<\/span><\/p>\n<p><span data-contrast=\"auto\">Source des donn\u00e9es personnelles:<\/span><br \/>\n<span data-contrast=\"auto\">Les donn\u00e9es sont obtenues directement aupr\u00e8s de vous.<\/span><span data-ccp-props=\"{}\">\u00a0<\/span><\/p>\n<p><span data-contrast=\"auto\">Transfert des donn\u00e9es personnelles vers des pays tiers ou des organisations internationales:<\/span><br \/>\n<span data-contrast=\"auto\">Vos donn\u00e9es personnelles ne sont pas transf\u00e9r\u00e9es vers des pays tiers ni vers des organisations internationales.<\/span><span data-ccp-props=\"{}\">\u00a0<\/span><\/p>\n<p><span data-contrast=\"auto\">Prise de d\u00e9cision automatis\u00e9e:<\/span><br \/>\n<span data-contrast=\"auto\">Aucune d\u00e9cision automatis\u00e9e fond\u00e9e sur vos donn\u00e9es personnelles n\u2019est prise dans le cadre de ce traitement.<\/span><span data-ccp-props=\"{}\">\u00a0<\/span><\/p>\n<p><span data-contrast=\"auto\">Autres informations: Les donn\u00e9es personnelles peuvent \u00eatre archiv\u00e9es dans l\u2019int\u00e9r\u00eat public et utilis\u00e9es \u00e0 des fins de recherche scientifique, historique ou statistique.<\/span><br \/>\n<span data-contrast=\"auto\">Dans certains cas, les donn\u00e9es personnelles peuvent \u00e9galement \u00eatre trait\u00e9es pour r\u00e9soudre des affaires juridiques, y compris le respect d\u2019obligations l\u00e9gales et l\u2019\u00e9valuation continue des risques.<\/span><span data-ccp-props=\"{}\">\u00a0<\/span><\/p>\n<p><span data-contrast=\"auto\">Vos droits concernant le traitement de vos donn\u00e9es :<\/span><br \/>\n<span data-contrast=\"auto\">Acc\u00e8s aux donn\u00e9es trait\u00e9es, rectification des donn\u00e9es incorrectes ou incompl\u00e8tes, suppression des donn\u00e9es personnelles en cas d\u2019absence de finalit\u00e9 ou de traitement ill\u00e9gal, limitation du traitement, portabilit\u00e9 des donn\u00e9es dans un format structur\u00e9 et lisible par machine, droit de ne pas \u00eatre soumis \u00e0 des d\u00e9cisions automatis\u00e9es.<\/span><span data-ccp-props=\"{}\">\u00a0<\/span><\/p>\n<p><span data-contrast=\"auto\">Pour exercer vos droits, vous pouvez utiliser les canaux suivants :<\/span><span data-ccp-props=\"{}\">\u00a0<\/span><\/p>\n<p><span data-contrast=\"auto\">\u2013 \u00c9lectroniquement :\u202f<\/span><a href=\"https:\/\/www.skoda-auto.com\/data-privacy?utm_source=chatgpt.com\"><span data-contrast=\"none\">https:\/\/www.skoda-auto.com\/data-privacy<\/span><\/a><br \/>\n<span data-contrast=\"auto\">\u2013 Par courrier : \u0160koda Auto a.s., Data Protection Office, t\u0159. V\u00e1clava Klementa 869, Mlad\u00e1 Boleslav II, CZ 293 01 Mlad\u00e1 Boleslav, R\u00e9publique tch\u00e8que (en anglais ou en tch\u00e8que).<\/span><span data-ccp-props=\"{}\">\u00a0<\/span><\/p>\n<p><span data-contrast=\"auto\">Si vous avez des questions concernant la protection des donn\u00e9es personnelles, vous pouvez contacter le d\u00e9l\u00e9gu\u00e9 \u00e0 la protection des donn\u00e9es de \u0160koda Auto :<\/span><br \/>\n<span data-contrast=\"auto\">\u2013\u202fdpo@skoda-auto.cz<\/span><span data-ccp-props=\"{}\">\u00a0<\/span><\/p>\n<p><span data-contrast=\"auto\">Si vous n\u2019\u00eates pas satisfait de la mani\u00e8re dont nous traitons vos donn\u00e9es personnelles, vous pouvez d\u00e9poser une plainte aupr\u00e8s du d\u00e9l\u00e9gu\u00e9 \u00e0 la protection des donn\u00e9es de \u0160koda Auto ou aupr\u00e8s de l\u2019autorit\u00e9 de contr\u00f4le :<\/span><br \/>\n<span data-contrast=\"auto\">Office pour la Protection des Donn\u00e9es Personnelles, Pplk. Sochora 27, 170 00 Prague 7, +420 234 665 111,\u202f<\/span><a href=\"https:\/\/www.uoou.cz\/en?utm_source=chatgpt.com\"><span data-contrast=\"none\">https:\/\/www.uoou.cz\/en<\/span><\/a><span data-contrast=\"auto\">\u00a0<\/span><span data-ccp-props=\"{}\">\u00a0<\/span><\/p>\n<p aria-level=\"2\"><span data-contrast=\"auto\">Autres conditions<\/span><span data-ccp-props=\"{&quot;134245418&quot;:true,&quot;134245529&quot;:true,&quot;335559738&quot;:360,&quot;335559739&quot;:120}\">\u00a0<\/span><\/p>\n<p><span data-contrast=\"auto\">L\u2019Organisateur d\u00e9termine les sp\u00e9cifications exactes des prix.<\/span><br \/>\n<span data-contrast=\"auto\">Les repr\u00e9sentations des prix dans les documents promotionnels sont purement illustratives.<\/span><br \/>\n<span data-contrast=\"auto\">L\u2019Organisateur n\u2019est pas responsable des dommages r\u00e9sultant de l\u2019utilisation du prix.<\/span><span data-ccp-props=\"{}\">\u00a0<\/span><\/p>\n<p><span data-contrast=\"auto\">Les participants n\u2019ont pas droit \u00e0 un paiement en esp\u00e8ces ou \u00e0 toute autre forme de compensation en remplacement du prix.<\/span><br \/>\n<span data-contrast=\"auto\">L\u2019Organisateur n\u2019est pas tenu de fournir des prestations autres que celles express\u00e9ment pr\u00e9vues dans les pr\u00e9sentes r\u00e8gles.<\/span><span data-ccp-props=\"{}\">\u00a0<\/span><\/p>\n<p><span data-contrast=\"auto\">L\u2019Organisateur n\u2019est pas responsable des dommages directs ou indirects li\u00e9s \u00e0 la participation au concours.<\/span><br \/>\n<span data-contrast=\"auto\">Le participant accepte que l\u2019Organisateur ne soit pas responsable des risques ou obligations li\u00e9s au prix.<\/span><br \/>\n<span data-contrast=\"auto\">Les r\u00e9sultats du concours sont d\u00e9finitifs et ne peuvent \u00eatre contest\u00e9s par les participants ou les gagnants.<\/span><span data-ccp-props=\"{}\">\u00a0<\/span><\/p>\n<p><span data-contrast=\"auto\">L\u2019Organisateur peut exclure un participant du concours s\u2019il constate ou soup\u00e7onne raisonnablement que le participant, ou une personne l\u2019assistant, a agi de mani\u00e8re frauduleuse ou d\u00e9loyale pour obtenir des prix en violation des r\u00e8gles.<\/span><span data-ccp-props=\"{}\">\u00a0<\/span><\/p>\n<p><span data-contrast=\"auto\">L\u2019Organisateur n\u2019est pas responsable des messages ou prix non livr\u00e9s.<\/span><br \/>\n<span data-contrast=\"auto\">L\u2019Organisateur n\u2019est pas responsable des erreurs caus\u00e9es par des probl\u00e8mes techniques ou de communication.<\/span><span data-ccp-props=\"{}\">\u00a0<\/span><\/p>\n<p><span data-contrast=\"auto\">L\u2019Organisateur statue d\u00e9finitivement sur toutes les plaintes et contestations.<\/span><br \/>\n<span data-contrast=\"auto\">L\u2019Organisateur se r\u00e9serve le droit de raccourcir, reporter, suspendre ou annuler le concours sans compensation ou de modifier ou compl\u00e9ter les pr\u00e9sentes r\u00e8gles, en publiant les modifications sur le site susmentionn\u00e9, o\u00f9 se trouve \u00e9galement la version compl\u00e8te et \u00e0 jour des r\u00e8gles.<\/span><span data-ccp-props=\"{}\">\u00a0<\/span><\/p>\n<p><span data-contrast=\"auto\">Le concours est r\u00e9gi par le droit de la R\u00e9publique tch\u00e8que.<\/span><span data-ccp-props=\"{}\">\u00a0<\/span><\/p>\n","protected":false},"excerpt":{"rendered":"<p>Ces r\u00e8gles d\u00e9finissent les conditions du concours \u201c\u0160koda 130 ans\u201d (ci-apr\u00e8s le \u201cConcours\u201d) et constituent le seul document qui fixe [&hellip;]<\/p>\n","protected":false},"author":199,"featured_media":0,"parent":201336,"menu_order":0,"comment_status":"closed","ping_status":"closed","template":"templates\/template-empty-page-headline.php","meta":{"footnotes":""},"tags":[],"class_list":["post-201341","page","type-page","status-publish","hentry"],"yoast_head":"<!-- This site is optimized with the Yoast SEO Premium plugin v25.3 (Yoast SEO v25.9) - https:\/\/yoast.com\/wordpress\/plugins\/seo\/ -->\n<title>Terms - \u0160koda We Love Cycling<\/title>\n<meta name=\"robots\" content=\"index, follow, max-snippet:-1, max-image-preview:large, max-video-preview:-1\" \/>\n<link rel=\"canonical\" href=\"https:\/\/www.welovecycling.com\/wide\/130-anniversary\/be-fr\/terms\/\" \/>\n<meta property=\"og:locale\" content=\"en_US\" \/>\n<meta property=\"og:type\" content=\"article\" \/>\n<meta property=\"og:title\" content=\"Terms\" \/>\n<meta property=\"og:url\" content=\"https:\/\/www.welovecycling.com\/wide\/130-anniversary\/be-fr\/terms\/\" \/>\n<meta property=\"og:site_name\" content=\"\u0160koda We Love Cycling\" \/>\n<meta property=\"article:modified_time\" content=\"2025-10-01T07:04:13+00:00\" \/>\n<meta name=\"twitter:card\" content=\"summary_large_image\" \/>\n<meta name=\"twitter:label1\" content=\"Est. reading time\" \/>\n\t<meta name=\"twitter:data1\" content=\"8 minutes\" \/>\n<script type=\"application\/ld+json\" class=\"yoast-schema-graph\">{\"@context\":\"https:\/\/schema.org\",\"@graph\":[{\"@type\":\"WebPage\",\"@id\":\"https:\/\/www.welovecycling.com\/wide\/130-anniversary\/be-fr\/terms\/\",\"url\":\"https:\/\/www.welovecycling.com\/wide\/130-anniversary\/be-fr\/terms\/\",\"name\":\"Terms - \u0160koda We Love Cycling\",\"isPartOf\":{\"@id\":\"https:\/\/www.welovecycling.com\/wide\/#website\"},\"datePublished\":\"2025-09-03T06:54:31+00:00\",\"dateModified\":\"2025-10-01T07:04:13+00:00\",\"breadcrumb\":{\"@id\":\"https:\/\/www.welovecycling.com\/wide\/130-anniversary\/be-fr\/terms\/#breadcrumb\"},\"inLanguage\":\"en-US\",\"potentialAction\":[{\"@type\":\"ReadAction\",\"target\":[\"https:\/\/www.welovecycling.com\/wide\/130-anniversary\/be-fr\/terms\/\"]}]},{\"@type\":\"BreadcrumbList\",\"@id\":\"https:\/\/www.welovecycling.com\/wide\/130-anniversary\/be-fr\/terms\/#breadcrumb\",\"itemListElement\":[{\"@type\":\"ListItem\",\"position\":1,\"name\":\"Home\",\"item\":\"https:\/\/www.welovecycling.com\/wide\/\"},{\"@type\":\"ListItem\",\"position\":2,\"name\":\"\u0160koda and Cycling\",\"item\":\"https:\/\/www.welovecycling.com\/wide\/130-anniversary\/\"},{\"@type\":\"ListItem\",\"position\":3,\"name\":\"\u0160koda et le cyclisme\",\"item\":\"https:\/\/www.welovecycling.com\/wide\/130-anniversary\/be-fr\/\"},{\"@type\":\"ListItem\",\"position\":4,\"name\":\"Terms\"}]},{\"@type\":\"WebSite\",\"@id\":\"https:\/\/www.welovecycling.com\/wide\/#website\",\"url\":\"https:\/\/www.welovecycling.com\/wide\/\",\"name\":\"\u0160koda We Love Cycling\",\"description\":\"\u0160koda We Love Cycling magazine\",\"alternateName\":\"\u0160koda WLC\",\"potentialAction\":[{\"@type\":\"SearchAction\",\"target\":{\"@type\":\"EntryPoint\",\"urlTemplate\":\"https:\/\/www.welovecycling.com\/wide\/?s={search_term_string}\"},\"query-input\":{\"@type\":\"PropertyValueSpecification\",\"valueRequired\":true,\"valueName\":\"search_term_string\"}}],\"inLanguage\":\"en-US\"}]}<\/script>\n<!-- \/ Yoast SEO Premium plugin. -->","yoast_head_json":{"title":"Terms - \u0160koda We Love Cycling","robots":{"index":"index","follow":"follow","max-snippet":"max-snippet:-1","max-image-preview":"max-image-preview:large","max-video-preview":"max-video-preview:-1"},"canonical":"https:\/\/www.welovecycling.com\/wide\/130-anniversary\/be-fr\/terms\/","og_locale":"en_US","og_type":"article","og_title":"Terms","og_url":"https:\/\/www.welovecycling.com\/wide\/130-anniversary\/be-fr\/terms\/","og_site_name":"\u0160koda We Love Cycling","article_modified_time":"2025-10-01T07:04:13+00:00","twitter_card":"summary_large_image","twitter_misc":{"Est. reading time":"8 minutes"},"schema":{"@context":"https:\/\/schema.org","@graph":[{"@type":"WebPage","@id":"https:\/\/www.welovecycling.com\/wide\/130-anniversary\/be-fr\/terms\/","url":"https:\/\/www.welovecycling.com\/wide\/130-anniversary\/be-fr\/terms\/","name":"Terms - \u0160koda We Love Cycling","isPartOf":{"@id":"https:\/\/www.welovecycling.com\/wide\/#website"},"datePublished":"2025-09-03T06:54:31+00:00","dateModified":"2025-10-01T07:04:13+00:00","breadcrumb":{"@id":"https:\/\/www.welovecycling.com\/wide\/130-anniversary\/be-fr\/terms\/#breadcrumb"},"inLanguage":"en-US","potentialAction":[{"@type":"ReadAction","target":["https:\/\/www.welovecycling.com\/wide\/130-anniversary\/be-fr\/terms\/"]}]},{"@type":"BreadcrumbList","@id":"https:\/\/www.welovecycling.com\/wide\/130-anniversary\/be-fr\/terms\/#breadcrumb","itemListElement":[{"@type":"ListItem","position":1,"name":"Home","item":"https:\/\/www.welovecycling.com\/wide\/"},{"@type":"ListItem","position":2,"name":"\u0160koda and Cycling","item":"https:\/\/www.welovecycling.com\/wide\/130-anniversary\/"},{"@type":"ListItem","position":3,"name":"\u0160koda et le cyclisme","item":"https:\/\/www.welovecycling.com\/wide\/130-anniversary\/be-fr\/"},{"@type":"ListItem","position":4,"name":"Terms"}]},{"@type":"WebSite","@id":"https:\/\/www.welovecycling.com\/wide\/#website","url":"https:\/\/www.welovecycling.com\/wide\/","name":"\u0160koda We Love Cycling","description":"\u0160koda We Love Cycling magazine","alternateName":"\u0160koda WLC","potentialAction":[{"@type":"SearchAction","target":{"@type":"EntryPoint","urlTemplate":"https:\/\/www.welovecycling.com\/wide\/?s={search_term_string}"},"query-input":{"@type":"PropertyValueSpecification","valueRequired":true,"valueName":"search_term_string"}}],"inLanguage":"en-US"}]}},"_links":{"self":[{"href":"https:\/\/www.welovecycling.com\/wide\/wp-json\/wp\/v2\/pages\/201341","targetHints":{"allow":["GET"]}}],"collection":[{"href":"https:\/\/www.welovecycling.com\/wide\/wp-json\/wp\/v2\/pages"}],"about":[{"href":"https:\/\/www.welovecycling.com\/wide\/wp-json\/wp\/v2\/types\/page"}],"author":[{"embeddable":true,"href":"https:\/\/www.welovecycling.com\/wide\/wp-json\/wp\/v2\/users\/199"}],"replies":[{"embeddable":true,"href":"https:\/\/www.welovecycling.com\/wide\/wp-json\/wp\/v2\/comments?post=201341"}],"version-history":[{"count":3,"href":"https:\/\/www.welovecycling.com\/wide\/wp-json\/wp\/v2\/pages\/201341\/revisions"}],"predecessor-version":[{"id":202088,"href":"https:\/\/www.welovecycling.com\/wide\/wp-json\/wp\/v2\/pages\/201341\/revisions\/202088"}],"up":[{"embeddable":true,"href":"https:\/\/www.welovecycling.com\/wide\/wp-json\/wp\/v2\/pages\/201336"}],"wp:attachment":[{"href":"https:\/\/www.welovecycling.com\/wide\/wp-json\/wp\/v2\/media?parent=201341"}],"wp:term":[{"taxonomy":"post_tag","embeddable":true,"href":"https:\/\/www.welovecycling.com\/wide\/wp-json\/wp\/v2\/tags?post=201341"}],"curies":[{"name":"wp","href":"https:\/\/api.w.org\/{rel}","templated":true}]}}