{"id":201330,"date":"2025-09-03T06:52:08","date_gmt":"2025-09-03T06:52:08","guid":{"rendered":"https:\/\/www.welovecycling.com\/wide\/?page_id=201330"},"modified":"2025-10-01T07:04:16","modified_gmt":"2025-10-01T07:04:16","slug":"terms","status":"publish","type":"page","link":"https:\/\/www.welovecycling.com\/wide\/130-anniversary\/be-nl\/terms\/","title":{"rendered":"Terms"},"content":{"rendered":"<p><span data-contrast=\"auto\">Deze regels bepalen de voorwaarden van de \u201c\u0160koda 130 jaar\u201d-wedstrijd (hierna de \u201cWedstrijd\u201d genoemd) en vormen het enige document dat de regels van deze wedstrijd volledig en bindend vastlegt.<\/span><span data-ccp-props=\"{&quot;335559731&quot;:720}\">\u00a0<\/span><\/p>\n<p aria-level=\"2\"><span data-contrast=\"auto\">Organisator en uitvoerder<\/span><span data-ccp-props=\"{&quot;134245418&quot;:true,&quot;134245529&quot;:true,&quot;335559738&quot;:360,&quot;335559739&quot;:120}\">\u00a0<\/span><\/p>\n<p><span data-contrast=\"auto\">De organisator van de wedstrijd is \u0160koda Auto a.s., een naamloze vennootschap met maatschappelijke zetel t\u0159. V\u00e1clava Klementa 869, 293 01 Mlad\u00e1 Boleslav, Tsjechi\u00eb, bedrijfs-ID 00177041, ingeschreven in het handelsregister, beheerd door de rechtbank van Praag, afdeling B, dossiernummer 332 (hierna \u201cOrganisator\u201d).<\/span><span data-ccp-props=\"{}\">\u00a0<\/span><\/p>\n<p><span data-contrast=\"auto\">De uitvoerder van de wedstrijd, verantwoordelijk voor de praktische organisatie, is MUSTARD s.r.o., maatschappelijke zetel: Praha 1 \u2013 Nov\u00e9 M\u011bsto, Masarykovo n\u00e1b\u0159. 246, 110 00, Tsjechi\u00eb, bedrijfs-ID 28531418, ingeschreven in het handelsregister, beheerd door de rechtbank van Praag, afdeling C, inschrijvingsnummer 148383 (hierna \u201cUitvoerder\u201d).<\/span><span data-ccp-props=\"{}\">\u00a0<\/span><\/p>\n<p aria-level=\"2\"><span data-contrast=\"auto\">Voorwaarden, locatie en looptijd van de wedstrijd<\/span><span data-ccp-props=\"{&quot;134245418&quot;:true,&quot;134245529&quot;:true,&quot;335559738&quot;:360,&quot;335559739&quot;:120}\">\u00a0<\/span><\/p>\n<ul>\n<li aria-setsize=\"-1\" data-leveltext=\"\u25cf\" data-font=\"\" data-listid=\"2\" data-list-defn-props=\"{&quot;335552541&quot;:1,&quot;335559685&quot;:720,&quot;335559991&quot;:360,&quot;469769242&quot;:[8226],&quot;469777803&quot;:&quot;left&quot;,&quot;469777804&quot;:&quot;\u25cf&quot;,&quot;469777815&quot;:&quot;multilevel&quot;}\" data-aria-posinset=\"1\" data-aria-level=\"1\"><span data-contrast=\"auto\">Wedstrijdperiode \u2013 <\/span><span data-contrast=\"none\">00:01 (CET) 19.9. 2025 to 23:59 (CET) 19. 12. 2025<\/span><span data-ccp-props=\"{}\">\u00a0<\/span><\/li>\n<\/ul>\n<p><span data-ccp-props=\"{}\">\u00a0<\/span><\/p>\n<p><span data-contrast=\"auto\">De wedstrijd vindt plaats op de website\u202fwww.welovecycling.com\u202f(hierna de \u201cWedstrijdwebsite\u201d), waar de belangrijkste communicatie met deelnemers plaatsvindt.<\/span><span data-ccp-props=\"{}\">\u00a0<\/span><\/p>\n<p aria-level=\"2\"><span data-contrast=\"auto\">Deelnemers aan de wedstrijd<\/span><span data-ccp-props=\"{&quot;134245418&quot;:true,&quot;134245529&quot;:true,&quot;335559738&quot;:360,&quot;335559739&quot;:120}\">\u00a0<\/span><\/p>\n<p><span data-contrast=\"auto\">Iedere persoon van 18 jaar of ouder die woonachtig is in een van de deelnemende landen kan deelnemen aan de wedstrijd.<\/span><br \/>\n<span data-contrast=\"auto\">De wedstrijd wordt georganiseerd in de volgende landen: ANDORRA, AUSTRALI\u00cb, OOSTENRIJK, BELGI\u00cb, BOSNI\u00cb, BULGARIJE, KROATI\u00cb, TSJECHI\u00cb, DENEMARKEN, ESTLAND, FINLAND, FRANKRIJK, DUITSLAND, VERENIGD KONINKRIJK, GRIEKENLAND, HONGARIJE, IJSLAND, IERLAND, ITALI\u00cb, LETLAND, LIECHTENSTEIN, LITOUWEN, LUXEMBURG, MONTENEGRO, NEDERLAND, NOORWEGEN, POLEN, PORTUGAL, ROEMENI\u00cb, SERVI\u00cb, SLOWAKIJE, SLOVENI\u00cb, SPANJE, ZWEDEN, ZWITSERLAND, OEKRA\u00cfNE.<\/span><span data-ccp-props=\"{}\">\u00a0<\/span><\/p>\n<p><span data-contrast=\"auto\">Om deel te nemen aan de wedstrijd is het noodzakelijk om je te registreren op de Wedstrijdwebsite tijdens de wedstrijdperiode en onvoorwaardelijk akkoord te gaan met deze regels.<\/span><br \/>\n<span data-contrast=\"auto\">Tijdens de registratie (inschrijfformulier) moet je persoonlijke gegevens verstrekken \u2013 met name je e-mailadres, dat uitsluitend wordt gebruikt voor deze wedstrijd.<\/span><span data-ccp-props=\"{}\">\u00a0<\/span><\/p>\n<p><span data-contrast=\"auto\">Elke deelnemer kan zich slechts \u00e9\u00e9n keer registreren en alleen met zijn eigen e-mailadres. De Organisator behoudt zich het recht voor om de naleving van deze regel zowel technisch als organisatorisch te controleren.<\/span><span data-ccp-props=\"{}\">\u00a0<\/span><\/p>\n<p><span data-contrast=\"auto\">Personen die betrokken zijn bij de voorbereiding van deze wedstrijd, met name werknemers van of personen verbonden aan de Organisator of de Uitvoerder, evenals personen verbonden aan geautoriseerde \u0160koda-partners of agentschappen die betrokken zijn bij de uitvoering van deze wedstrijd, en hun familieleden en naasten, zijn uitgesloten van deelname.<\/span><span data-ccp-props=\"{}\">\u00a0<\/span><\/p>\n<p aria-level=\"2\"><span data-contrast=\"auto\">Wedstrijdmechanisme en selectie van winnaars<\/span><span data-ccp-props=\"{&quot;134245418&quot;:true,&quot;134245529&quot;:true,&quot;335559738&quot;:360,&quot;335559739&quot;:120}\">\u00a0<\/span><\/p>\n<p><span data-contrast=\"auto\">De taak van de deelnemers is om drie wedstrijdvragen te beantwoorden.<\/span><br \/>\n<span data-contrast=\"auto\">Alle deelnemers die alle drie vragen correct beantwoorden en zich registreren op de We Love Cycling-website, maken kans op een prijs.<\/span><span data-ccp-props=\"{}\">\u00a0<\/span><\/p>\n<p><span data-contrast=\"auto\">De prijzen worden toegekend aan de deelnemers van wie de correcte inzendingen op de totale deelnemerslijst staan op de posities 1\/11, 2\/11, 3\/11, 4\/11, 5\/11, 6\/11, 7\/11, 8\/11, 9\/11 en 10\/11.<\/span><br \/>\n<span data-contrast=\"auto\">Als het totaal aantal deelnemers niet deelbaar is door 11, wordt afgerond naar het dichtstbijzijnde lagere getal dat deelbaar is door 11.<\/span><span data-ccp-props=\"{}\">\u00a0<\/span><\/p>\n<p><span data-contrast=\"auto\">De deelnemerslijst wordt chronologisch gesorteerd op het tijdstip van inzending.<\/span><br \/>\n<span data-contrast=\"auto\">De deelnemers op de hierboven genoemde posities zijn de winnaars.<\/span><span data-ccp-props=\"{}\">\u00a0<\/span><\/p>\n<p><span data-contrast=\"auto\">De Organisator zal de winnaars binnen vijf dagen na afloop van de betreffende wedstrijdperiode per e-mail informeren, via het adres dat bij registratie is opgegeven, en zal hen vragen om de gegevens te verstrekken die nodig zijn voor de overdracht of verzending van de prijs.<\/span><br \/>\n<span data-contrast=\"auto\">Reageert de winnaar niet, zelfs niet na een herhaalde e-mail, of verstrekt hij de gevraagde gegevens niet binnen 24 uur, dan vervalt het recht op de prijs zonder vervanging.<\/span><span data-ccp-props=\"{}\">\u00a0<\/span><\/p>\n<p aria-level=\"2\"><span data-contrast=\"auto\">Beschrijving van de prijzen<\/span><span data-ccp-props=\"{&quot;134245418&quot;:true,&quot;134245529&quot;:true,&quot;335559738&quot;:360,&quot;335559739&quot;:120}\">\u00a0<\/span><\/p>\n<ul>\n<li aria-setsize=\"-1\" data-leveltext=\"\u25cf\" data-font=\"Arial\" data-listid=\"1\" data-list-defn-props=\"{&quot;335551500&quot;:2236962,&quot;335552541&quot;:1,&quot;335559685&quot;:720,&quot;335559991&quot;:360,&quot;469769226&quot;:&quot;Arial&quot;,&quot;469769242&quot;:[8226],&quot;469777803&quot;:&quot;left&quot;,&quot;469777804&quot;:&quot;\u25cf&quot;,&quot;469777815&quot;:&quot;multilevel&quot;}\" data-aria-posinset=\"1\" data-aria-level=\"1\"><span data-contrast=\"none\">10x \u0160koda retroshirt<\/span><span data-ccp-props=\"{&quot;335559738&quot;:200,&quot;335559739&quot;:200}\">\u00a0<\/span><\/li>\n<\/ul>\n<p><span data-contrast=\"auto\">Vanwege mogelijke vertragingen in de beschikbaarheid van onderdelen kan de levering van de fietsen, als prijzen, tot acht maanden duren. Deze vertraging wordt veroorzaakt door factoren buiten onze directe controle, zoals problemen bij de levering van onderdelen die nodig zijn voor de montage.<\/span><span data-ccp-props=\"{}\">\u00a0<\/span><\/p>\n<p aria-level=\"2\"><span data-contrast=\"auto\">Informatie over de verwerking van persoonsgegevens<\/span><span data-ccp-props=\"{&quot;134245418&quot;:true,&quot;134245529&quot;:true,&quot;335559738&quot;:360,&quot;335559739&quot;:120}\">\u00a0<\/span><\/p>\n<p><span data-contrast=\"auto\">De Organisator is de verwerkingsverantwoordelijke in de zin van de Algemene Verordening Gegevensbescherming (Verordening (EU) 2016\/679) en informeert je hierbij over de verwerking van persoonsgegevens en jouw rechten.<\/span><span data-ccp-props=\"{}\">\u00a0<\/span><\/p>\n<p><span data-contrast=\"auto\">De verwerking vindt plaats in het kader van de volgende activiteit:<\/span><span data-ccp-props=\"{}\">\u00a0<\/span><\/p>\n<p><span data-contrast=\"auto\">\u2013 Organisatie van wedstrijden en waarborging van een eerlijke evaluatie in het kader van de wedstrijd.<\/span><span data-ccp-props=\"{}\">\u00a0<\/span><\/p>\n<p><span data-contrast=\"auto\">Rechtsgrondslag voor verwerking:<\/span><br \/>\n<span data-contrast=\"auto\">Wij zijn gerechtigd om jouw persoonsgegevens te verwerken op basis van het sluiten van een overeenkomst (deze wedstrijdregels).<\/span><span data-ccp-props=\"{}\">\u00a0<\/span><\/p>\n<p><span data-contrast=\"auto\">Categorie\u00ebn persoonsgegevens die wij verwerken:<\/span><br \/>\n<span data-contrast=\"auto\">Identificatiegegevens, contactgegevens, informatie over communicatie en interactie.<\/span><span data-ccp-props=\"{}\">\u00a0<\/span><\/p>\n<p><span data-contrast=\"auto\">Bewaartermijn:<\/span><br \/>\n<span data-contrast=\"auto\">Wij verwerken jouw persoonsgegevens tot \u00e9\u00e9n jaar na afloop van de wedstrijd.<\/span><span data-ccp-props=\"{}\">\u00a0<\/span><\/p>\n<p><span data-contrast=\"auto\">Categorie\u00ebn van gegevensverwerkers of ontvangers aan wie wij persoonsgegevens kunnen doorgeven:<\/span><br \/>\n<span data-contrast=\"auto\">De gegevensverwerker is MUSTARD s.r.o., Praha 1 \u2013 Nov\u00e9 M\u011bsto, Masarykovo n\u00e1b\u0159. 246, 110 00, Tsjechi\u00eb, bedrijfs-ID 28531418. Op verzoek kunnen jouw persoonsgegevens worden verstrekt aan overheidsinstanties, met name rechtbanken, de Tsjechische politie en andere opsporingsinstanties, voor zover dit nodig en wettelijk toegestaan is.<\/span><span data-ccp-props=\"{}\">\u00a0<\/span><\/p>\n<p><span data-contrast=\"auto\">Bron van persoonsgegevens:<\/span><br \/>\n<span data-contrast=\"auto\">Wij ontvangen de persoonsgegevens rechtstreeks van jou.<\/span><span data-ccp-props=\"{}\">\u00a0<\/span><\/p>\n<p><span data-contrast=\"auto\">Doorgifte van persoonsgegevens naar derde landen of internationale organisaties:<\/span><br \/>\n<span data-contrast=\"auto\">Jouw persoonsgegevens worden in dit kader niet doorgegeven aan derde landen of internationale organisaties.<\/span><span data-ccp-props=\"{}\">\u00a0<\/span><\/p>\n<p><span data-contrast=\"auto\">Geautomatiseerde besluitvorming:<\/span><br \/>\n<span data-contrast=\"auto\">Er vindt geen geautomatiseerde besluitvorming plaats op basis van persoonsgegevens.<\/span><span data-ccp-props=\"{}\">\u00a0<\/span><\/p>\n<p><span data-contrast=\"auto\">Overige informatie<\/span><span data-ccp-props=\"{}\">\u00a0<\/span><\/p>\n<p><span data-contrast=\"auto\">Persoonsgegevens kunnen worden gearchiveerd in het algemeen belang en gebruikt voor wetenschappelijk, historisch of statistisch onderzoek.<\/span><br \/>\n<span data-contrast=\"auto\">In gerechtvaardigde gevallen kunnen persoonsgegevens ook worden verwerkt om juridische zaken op te lossen, inclusief samenwerking met autoriteiten en voortdurende beoordeling van juridische risico\u2019s.<\/span><span data-ccp-props=\"{}\">\u00a0<\/span><\/p>\n<p><span data-contrast=\"auto\">Jouw rechten met betrekking tot de verwerking van persoonsgegevens:<\/span><br \/>\n<span data-contrast=\"auto\">Toegang tot verwerkte gegevens, rectificatie van onjuiste of onvolledige gegevens, verwijdering van persoonsgegevens wanneer verwerking niet langer nodig is of onrechtmatig plaatsvindt, beperking van verwerking, overdraagbaarheid van gegevens in een gestructureerd en machineleesbaar formaat, recht om niet te worden onderworpen aan geautomatiseerde besluitvorming.<\/span><span data-ccp-props=\"{}\">\u00a0<\/span><\/p>\n<p><span data-contrast=\"auto\">Om jouw rechten uit te oefenen kun je de volgende communicatiekanalen gebruiken:<\/span><span data-ccp-props=\"{}\">\u00a0<\/span><\/p>\n<p><span data-contrast=\"auto\">\u2013 Elektronisch:\u202f<\/span><a href=\"https:\/\/www.skoda-auto.com\/data-privacy?utm_source=chatgpt.com\"><span data-contrast=\"none\">https:\/\/www.skoda-auto.com\/data-privacy<\/span><\/a><br \/>\n<span data-contrast=\"auto\">\u2013 Per post: \u0160koda Auto a.s., Data Protection Office, t\u0159. V\u00e1clava Klementa 869, Mlad\u00e1 Boleslav II, CZ 293 01 Mlad\u00e1 Boleslav, Tsjechi\u00eb (in het Engels of Tsjechisch).<\/span><span data-ccp-props=\"{}\">\u00a0<\/span><\/p>\n<p><span data-contrast=\"auto\">Als je vragen hebt over de bescherming van persoonsgegevens, kun je contact opnemen met de functionaris voor gegevensbescherming van \u0160koda Auto:<\/span><br \/>\n<span data-contrast=\"auto\">\u2013\u202fdpo@skoda-auto.cz<\/span><span data-ccp-props=\"{}\">\u00a0<\/span><\/p>\n<p><span data-contrast=\"auto\">Als je het niet eens bent met de manier waarop wij jouw persoonsgegevens verwerken, kun je een klacht indienen bij de functionaris voor gegevensbescherming van \u0160koda Auto of bij de toezichthoudende autoriteit:<\/span><br \/>\n<span data-contrast=\"auto\">Bureau voor Bescherming van Persoonsgegevens, Pplk. Sochora 27, 170 00 Praag 7, +420 234 665 111,\u202f<\/span><a href=\"https:\/\/www.uoou.cz\/en?utm_source=chatgpt.com\"><span data-contrast=\"none\">https:\/\/www.uoou.cz\/en<\/span><\/a><span data-ccp-props=\"{}\">\u00a0<\/span><\/p>\n<p aria-level=\"2\"><span data-contrast=\"auto\">Overige voorwaarden<\/span><span data-ccp-props=\"{&quot;134245418&quot;:true,&quot;134245529&quot;:true,&quot;335559738&quot;:360,&quot;335559739&quot;:120}\">\u00a0<\/span><\/p>\n<p><span data-contrast=\"auto\">De Organisator bepaalt de exacte specificaties van de prijzen.<\/span><br \/>\n<span data-contrast=\"auto\">De afbeeldingen van de prijzen in promotiecampagnes zijn slechts illustratief.<\/span><br \/>\n<span data-contrast=\"auto\">De Organisator is niet aansprakelijk voor eventuele schade veroorzaakt door het gebruik van de prijs.<\/span><span data-ccp-props=\"{}\">\u00a0<\/span><\/p>\n<p><span data-contrast=\"auto\">Deelnemers hebben geen recht op een geldelijke uitbetaling of andere compensatie in plaats van de prijs.<\/span><br \/>\n<span data-contrast=\"auto\">De Organisator is niet verplicht andere diensten te leveren dan expliciet vermeld in deze regels, en deelnemers kunnen geen aanspraak maken op andere vergoedingen.<\/span><span data-ccp-props=\"{}\">\u00a0<\/span><\/p>\n<p><span data-contrast=\"auto\">De Organisator is niet aansprakelijk voor directe of indirecte schade met betrekking tot deelname aan de wedstrijd.<\/span><br \/>\n<span data-contrast=\"auto\">De deelnemer erkent dat de Organisator geen verantwoordelijkheid draagt voor risico\u2019s of verplichtingen met betrekking tot de prijs.<\/span><br \/>\n<span data-contrast=\"auto\">De resultaten van de wedstrijd zijn definitief en kunnen niet worden aangevochten door deelnemers of winnaars.<\/span><span data-ccp-props=\"{}\">\u00a0<\/span><\/p>\n<p><span data-contrast=\"auto\">De Organisator kan een deelnemer uitsluiten van de wedstrijd indien wordt vastgesteld of redelijkerwijs vermoed dat de deelnemer of personen die hem helpen, frauduleus hebben gehandeld om prijzen te verkrijgen of zich oneerlijk hebben gedragen in strijd met de regels.<\/span><span data-ccp-props=\"{}\">\u00a0<\/span><\/p>\n<p><span data-contrast=\"auto\">De Organisator is niet verantwoordelijk voor ongeleverde berichten of prijzen.<\/span><br \/>\n<span data-contrast=\"auto\">De Organisator is niet aansprakelijk voor fouten veroorzaakt door technische of communicatieproblemen.<\/span><br \/>\n<span data-contrast=\"auto\">De Organisator beslist definitief over alle klachten en bezwaren.<\/span><br \/>\n<span data-contrast=\"auto\">De Organisator behoudt zich het recht voor om zonder compensatie de wedstrijd te verkorten, uit te stellen, op te schorten of te annuleren of om deze regels te wijzigen of aan te vullen, met publicatie van deze wijzigingen op de bovengenoemde website, waar ook de actuele en volledige versie van de regels beschikbaar is.<\/span><span data-ccp-props=\"{}\">\u00a0<\/span><\/p>\n<p><span data-contrast=\"auto\">Op deze wedstrijd is het recht van Tsjechi\u00eb van toepassing.<\/span><span data-ccp-props=\"{}\">\u00a0<\/span><\/p>\n","protected":false},"excerpt":{"rendered":"<p>Deze regels bepalen de voorwaarden van de \u201c\u0160koda 130 jaar\u201d-wedstrijd (hierna de \u201cWedstrijd\u201d genoemd) en vormen het enige document dat [&hellip;]<\/p>\n","protected":false},"author":199,"featured_media":0,"parent":201320,"menu_order":0,"comment_status":"closed","ping_status":"closed","template":"templates\/template-empty-page-headline.php","meta":{"footnotes":""},"tags":[],"class_list":["post-201330","page","type-page","status-publish","hentry"],"yoast_head":"<!-- This site is optimized with the Yoast SEO Premium plugin v25.3 (Yoast SEO v25.9) - https:\/\/yoast.com\/wordpress\/plugins\/seo\/ -->\n<title>Terms - \u0160koda We Love Cycling<\/title>\n<meta name=\"robots\" content=\"index, follow, max-snippet:-1, max-image-preview:large, max-video-preview:-1\" \/>\n<link rel=\"canonical\" href=\"https:\/\/www.welovecycling.com\/wide\/130-anniversary\/be-nl\/terms\/\" \/>\n<meta property=\"og:locale\" content=\"en_US\" \/>\n<meta property=\"og:type\" content=\"article\" \/>\n<meta property=\"og:title\" content=\"Terms\" \/>\n<meta property=\"og:url\" content=\"https:\/\/www.welovecycling.com\/wide\/130-anniversary\/be-nl\/terms\/\" \/>\n<meta property=\"og:site_name\" content=\"\u0160koda We Love Cycling\" \/>\n<meta property=\"article:modified_time\" content=\"2025-10-01T07:04:16+00:00\" \/>\n<meta name=\"twitter:card\" content=\"summary_large_image\" \/>\n<meta name=\"twitter:label1\" content=\"Est. reading time\" \/>\n\t<meta name=\"twitter:data1\" content=\"6 minutes\" \/>\n<script type=\"application\/ld+json\" class=\"yoast-schema-graph\">{\"@context\":\"https:\/\/schema.org\",\"@graph\":[{\"@type\":\"WebPage\",\"@id\":\"https:\/\/www.welovecycling.com\/wide\/130-anniversary\/be-nl\/terms\/\",\"url\":\"https:\/\/www.welovecycling.com\/wide\/130-anniversary\/be-nl\/terms\/\",\"name\":\"Terms - \u0160koda We Love Cycling\",\"isPartOf\":{\"@id\":\"https:\/\/www.welovecycling.com\/wide\/#website\"},\"datePublished\":\"2025-09-03T06:52:08+00:00\",\"dateModified\":\"2025-10-01T07:04:16+00:00\",\"breadcrumb\":{\"@id\":\"https:\/\/www.welovecycling.com\/wide\/130-anniversary\/be-nl\/terms\/#breadcrumb\"},\"inLanguage\":\"en-US\",\"potentialAction\":[{\"@type\":\"ReadAction\",\"target\":[\"https:\/\/www.welovecycling.com\/wide\/130-anniversary\/be-nl\/terms\/\"]}]},{\"@type\":\"BreadcrumbList\",\"@id\":\"https:\/\/www.welovecycling.com\/wide\/130-anniversary\/be-nl\/terms\/#breadcrumb\",\"itemListElement\":[{\"@type\":\"ListItem\",\"position\":1,\"name\":\"Home\",\"item\":\"https:\/\/www.welovecycling.com\/wide\/\"},{\"@type\":\"ListItem\",\"position\":2,\"name\":\"\u0160koda and Cycling\",\"item\":\"https:\/\/www.welovecycling.com\/wide\/130-anniversary\/\"},{\"@type\":\"ListItem\",\"position\":3,\"name\":\"\u0160koda en fietsen\",\"item\":\"https:\/\/www.welovecycling.com\/wide\/130-anniversary\/be-nl\/\"},{\"@type\":\"ListItem\",\"position\":4,\"name\":\"Terms\"}]},{\"@type\":\"WebSite\",\"@id\":\"https:\/\/www.welovecycling.com\/wide\/#website\",\"url\":\"https:\/\/www.welovecycling.com\/wide\/\",\"name\":\"\u0160koda We Love Cycling\",\"description\":\"\u0160koda We Love Cycling magazine\",\"alternateName\":\"\u0160koda WLC\",\"potentialAction\":[{\"@type\":\"SearchAction\",\"target\":{\"@type\":\"EntryPoint\",\"urlTemplate\":\"https:\/\/www.welovecycling.com\/wide\/?s={search_term_string}\"},\"query-input\":{\"@type\":\"PropertyValueSpecification\",\"valueRequired\":true,\"valueName\":\"search_term_string\"}}],\"inLanguage\":\"en-US\"}]}<\/script>\n<!-- \/ Yoast SEO Premium plugin. -->","yoast_head_json":{"title":"Terms - \u0160koda We Love Cycling","robots":{"index":"index","follow":"follow","max-snippet":"max-snippet:-1","max-image-preview":"max-image-preview:large","max-video-preview":"max-video-preview:-1"},"canonical":"https:\/\/www.welovecycling.com\/wide\/130-anniversary\/be-nl\/terms\/","og_locale":"en_US","og_type":"article","og_title":"Terms","og_url":"https:\/\/www.welovecycling.com\/wide\/130-anniversary\/be-nl\/terms\/","og_site_name":"\u0160koda We Love Cycling","article_modified_time":"2025-10-01T07:04:16+00:00","twitter_card":"summary_large_image","twitter_misc":{"Est. reading time":"6 minutes"},"schema":{"@context":"https:\/\/schema.org","@graph":[{"@type":"WebPage","@id":"https:\/\/www.welovecycling.com\/wide\/130-anniversary\/be-nl\/terms\/","url":"https:\/\/www.welovecycling.com\/wide\/130-anniversary\/be-nl\/terms\/","name":"Terms - \u0160koda We Love Cycling","isPartOf":{"@id":"https:\/\/www.welovecycling.com\/wide\/#website"},"datePublished":"2025-09-03T06:52:08+00:00","dateModified":"2025-10-01T07:04:16+00:00","breadcrumb":{"@id":"https:\/\/www.welovecycling.com\/wide\/130-anniversary\/be-nl\/terms\/#breadcrumb"},"inLanguage":"en-US","potentialAction":[{"@type":"ReadAction","target":["https:\/\/www.welovecycling.com\/wide\/130-anniversary\/be-nl\/terms\/"]}]},{"@type":"BreadcrumbList","@id":"https:\/\/www.welovecycling.com\/wide\/130-anniversary\/be-nl\/terms\/#breadcrumb","itemListElement":[{"@type":"ListItem","position":1,"name":"Home","item":"https:\/\/www.welovecycling.com\/wide\/"},{"@type":"ListItem","position":2,"name":"\u0160koda and Cycling","item":"https:\/\/www.welovecycling.com\/wide\/130-anniversary\/"},{"@type":"ListItem","position":3,"name":"\u0160koda en fietsen","item":"https:\/\/www.welovecycling.com\/wide\/130-anniversary\/be-nl\/"},{"@type":"ListItem","position":4,"name":"Terms"}]},{"@type":"WebSite","@id":"https:\/\/www.welovecycling.com\/wide\/#website","url":"https:\/\/www.welovecycling.com\/wide\/","name":"\u0160koda We Love Cycling","description":"\u0160koda We Love Cycling magazine","alternateName":"\u0160koda WLC","potentialAction":[{"@type":"SearchAction","target":{"@type":"EntryPoint","urlTemplate":"https:\/\/www.welovecycling.com\/wide\/?s={search_term_string}"},"query-input":{"@type":"PropertyValueSpecification","valueRequired":true,"valueName":"search_term_string"}}],"inLanguage":"en-US"}]}},"_links":{"self":[{"href":"https:\/\/www.welovecycling.com\/wide\/wp-json\/wp\/v2\/pages\/201330","targetHints":{"allow":["GET"]}}],"collection":[{"href":"https:\/\/www.welovecycling.com\/wide\/wp-json\/wp\/v2\/pages"}],"about":[{"href":"https:\/\/www.welovecycling.com\/wide\/wp-json\/wp\/v2\/types\/page"}],"author":[{"embeddable":true,"href":"https:\/\/www.welovecycling.com\/wide\/wp-json\/wp\/v2\/users\/199"}],"replies":[{"embeddable":true,"href":"https:\/\/www.welovecycling.com\/wide\/wp-json\/wp\/v2\/comments?post=201330"}],"version-history":[{"count":1,"href":"https:\/\/www.welovecycling.com\/wide\/wp-json\/wp\/v2\/pages\/201330\/revisions"}],"predecessor-version":[{"id":201333,"href":"https:\/\/www.welovecycling.com\/wide\/wp-json\/wp\/v2\/pages\/201330\/revisions\/201333"}],"up":[{"embeddable":true,"href":"https:\/\/www.welovecycling.com\/wide\/wp-json\/wp\/v2\/pages\/201320"}],"wp:attachment":[{"href":"https:\/\/www.welovecycling.com\/wide\/wp-json\/wp\/v2\/media?parent=201330"}],"wp:term":[{"taxonomy":"post_tag","embeddable":true,"href":"https:\/\/www.welovecycling.com\/wide\/wp-json\/wp\/v2\/tags?post=201330"}],"curies":[{"name":"wp","href":"https:\/\/api.w.org\/{rel}","templated":true}]}}