{"id":198999,"date":"2025-07-02T07:35:31","date_gmt":"2025-07-02T07:35:31","guid":{"rendered":"https:\/\/www.welovecycling.com\/wide\/?page_id=198999"},"modified":"2025-07-02T07:44:27","modified_gmt":"2025-07-02T07:44:27","slug":"terms-and-conditions","status":"publish","type":"page","link":"https:\/\/www.welovecycling.com\/wide\/tour-de-france-2025\/si\/terms-and-conditions\/","title":{"rendered":"Terms And Conditions"},"content":{"rendered":"<h3><b>Pravila in pogoji nate\u010daja \u00bb2025 TDF Contest\u00ab<\/b><\/h3>\n<p><span style=\"font-weight: 400;\">Ta pravila urejajo pogoje nate\u010daja \u00bb2025 TDF Contest\u00ab (v nadaljevanju \u00bbnate\u010daj\u00ab) in predstavljajo edini dokument, ki popolnoma in obvezno ureja pravila tega nate\u010daja.<\/span><\/p>\n<h3><b>Organizator in nosilec nate\u010daja<\/b><\/h3>\n<p><span style=\"font-weight: 400;\">Nosilec nate\u010daja je podjetje <\/span><b>\u0160koda Auto a.s.<\/b><span style=\"font-weight: 400;\">, delni\u0161ka dru\u017eba s sede\u017eem na naslovu t\u0159. V\u00e1clava Klementa 869, 293 01 Mlad\u00e1 Boleslav, \u010ce\u0161ka republika, mati\u010dna \u0161tevilka 00177041, vpisano v trgovinski register, ki ga vodi Mestno sodi\u0161\u010de v Pragi, oddelek B, vlo\u017eek \u0161t. 332 (v nadaljevanju \u00bbnosilec\u00ab).<\/span><\/p>\n<p><span style=\"font-weight: 400;\">Organizator nate\u010daja, ki izvaja prakti\u010dne korake pri njegovi izvedbi, je podjetje <\/span><b>MUSTARD s.r.o.<\/b><span style=\"font-weight: 400;\">, s sede\u017eem na naslovu Praha 1 \u2013 Nov\u00e9 M\u011bsto, Masarykovo n\u00e1b\u0159. 246, 110 00, \u010ce\u0161ka republika, mati\u010dna \u0161tevilka 28531418, vpisano v trgovinski register, ki ga vodi Mestno sodi\u0161\u010de v Pragi, oddelek C, vlo\u017eek \u0161t. 148383 (v nadaljevanju \u00bborganizator\u00ab).<\/span><\/p>\n<h3><b>Trajanje in kraj nate\u010daja, posamezni krogi<\/b><\/h3>\n<p><b>Krog 1:<\/b><span style=\"font-weight: 400;\"> 28. 6. 2025 ob 00:01 (CET) \u2013 4. 7. 2025 ob 23:59 (CET)<\/span><span style=\"font-weight: 400;\"><br \/>\n<\/span> <b>Krog 2:<\/b><span style=\"font-weight: 400;\"> 5. 7. 2025 ob 00:01 (CET) \u2013 11. 7. 2025 ob 23:59 (CET)<\/span><span style=\"font-weight: 400;\"><br \/>\n<\/span> <b>Krog 3:<\/b><span style=\"font-weight: 400;\"> 12. 7. 2025 ob 00:01 (CET) \u2013 18. 7. 2025 ob 23:59 (CET)<\/span><span style=\"font-weight: 400;\"><br \/>\n<\/span> <b>Krog 4:<\/b><span style=\"font-weight: 400;\"> 19. 7. 2025 ob 00:01 (CET) \u2013 25. 7. 2025 ob 23:59 (CET)<\/span><span style=\"font-weight: 400;\"><br \/>\n<\/span> <b>Krog 5:<\/b><span style=\"font-weight: 400;\"> 26. 7. 2025 ob 00:01 (CET) \u2013 3. 8. 2025 ob 23:59 (CET)<\/span><\/p>\n<p><span style=\"font-weight: 400;\">Nate\u010daj bo potekal na spletni strani<\/span><a href=\"http:\/\/www.welovecycling.com\"> <b>www.welovecycling.com<\/b><\/a><span style=\"font-weight: 400;\"> (v nadaljevanju \u00bbspletna stran nate\u010daja\u00ab), kjer bo potekala glavna komunikacija z udele\u017eenci.<\/span><\/p>\n<h3><b>Udele\u017eenci nate\u010daja<\/b><\/h3>\n<p><span style=\"font-weight: 400;\">Nate\u010daja se lahko udele\u017ei vsaka fizi\u010dna oseba, ki je dopolnila najmanj 18 let in prebiva v eni izmed naslednjih dr\u017eav: ANDORA, AVSTRALIJA, AVSTRIJA, BELGIJA, BOSNA, BOLGARIJA, HRVA\u0160KA, \u010cE\u0160KA REPUBLIKA, DANSKA, ESTONIJA, FINSKA, FRANCIJA, NEM\u010cIJA, VELIKA BRITANIJA, GR\u010cIJA, MAD\u017dARSKA, ISLANDIJA, IRSKA, ITALIJA, LATVIJA, LIECHTENSTEIN, LITVA, LUKSEMBURG, \u010cRNA GORA, NIZOZEMSKA, NORVE\u0160KA, POLJSKA, PORTUGALSKA, ROMUNIJA, SRBIJA, SLOVA\u0160KA, SLOVENIJA, \u0160PANIJA, \u0160VEDSKA, \u0160VICA, UKRAJINA.<\/span><\/p>\n<p><span style=\"font-weight: 400;\">Za sodelovanje v nate\u010daju je potrebna registracija na spletni strani nate\u010daja kadarkoli med katerimkoli krogom nate\u010daja in brezpogojno sprejetje teh pravil. Del prijavnega obrazca je tudi posredovanje osebnih podatkov \u2013 e-po\u0161tni naslov, ki bo uporabljen izklju\u010dno za namene tega nate\u010daja.<\/span><\/p>\n<p><span style=\"font-weight: 400;\">Vsak udele\u017eenec se lahko registrira samo enkrat in izklju\u010dno z lastnim e-po\u0161tnim naslovom. Nosilec nate\u010daja si pridr\u017euje pravico preverjati to pravilo z uporabo tehni\u010dnih in organizacijskih sredstev.<\/span><\/p>\n<p><span style=\"font-weight: 400;\">Vse osebe, ki so sodelovale pri pripravi tega nate\u010daja, predvsem zaposleni ali pogodbeni sodelavci nosilca ali organizatorja, kot tudi osebe povezane s poobla\u0161\u010denimi partnerji \u0160koda ali agencijami, ki sodelujejo pri izvedbi nate\u010daja, ter njihovi dru\u017einski \u010dlani in bli\u017enje osebe, so izklju\u010dene iz sodelovanja.<\/span><\/p>\n<h3><b>Mehanizem nate\u010daja in izbira zmagovalcev<\/b><\/h3>\n<p><span style=\"font-weight: 400;\">Naloga udele\u017eenca je pravilno odgovoriti na pet vpra\u0161anj v okviru nate\u010daja. Vsi udele\u017eenci, ki pravilno odgovorijo na vseh pet vpra\u0161anj in se registrirajo na spletni strani <\/span><b>We Love Cycling<\/b><span style=\"font-weight: 400;\">, sodelujejo v \u017erebu za nagrade.<\/span><\/p>\n<p><b>V 1. krogu nate\u010daja<\/b><span style=\"font-weight: 400;\"> prejmejo nagrade tisti udele\u017eenci, ki so pravilno odgovorili na vsa vpra\u0161anja in se nahajajo na mestih 1\/11, 2\/11, 3\/11, 4\/11, 5\/11, 6\/11, 7\/11, 8\/11 in 9\/11 na seznamu vseh udele\u017eencev. \u010ce \u0161tevilo udele\u017eencev ni deljivo z 11, se za izra\u010dun uporabno \u0161tevilo zaokro\u017ei navzdol na najbli\u017eje \u0161tevilo, deljivo z 11.<\/span><\/p>\n<p><b>V 2. krogu<\/b><span style=\"font-weight: 400;\"> prejmejo nagrade udele\u017eenci, ki so na mestih 1\/11 do 7\/11 (kot zgoraj).<\/span><span style=\"font-weight: 400;\"><br \/>\n<\/span> <b>V 3. krogu<\/b><span style=\"font-weight: 400;\"> prejmejo nagrade udele\u017eenci na mestih 1\/11 do 9\/11.<\/span><span style=\"font-weight: 400;\"><br \/>\n<\/span> <b>V 4. krogu<\/b><span style=\"font-weight: 400;\"> prejmejo nagrade udele\u017eenci na mestih 1\/17, 2\/17 \u2026 do 16\/17.<\/span><span style=\"font-weight: 400;\"><br \/>\n<\/span> <b>V 5. krogu<\/b><span style=\"font-weight: 400;\"> prejmejo nagrade udele\u017eenci na mestih 1\/11 do 9\/11.<\/span><\/p>\n<p><span style=\"font-weight: 400;\">Seznam udele\u017eencev bo razvr\u0161\u010den kronolo\u0161ko glede na \u010das oddaje odgovora. Zmagovalci bodo prvi posamezniki na ustreznih mestih seznama.<\/span><span style=\"font-weight: 400;\"><br \/>\n<\/span><span style=\"font-weight: 400;\"> Primer: \u010de v 1. krogu sodeluje 7183 ljudi, bodo zmagovalci tisti na mestih 653., 1306., 1959. itd.<\/span><\/p>\n<p><span style=\"font-weight: 400;\">Nosilec nate\u010daja bo zmagovalce obvestil preko e-po\u0161tnega naslova, ki so ga navedli ob registraciji, v roku <\/span><b>petih dni<\/b><span style=\"font-weight: 400;\"> po koncu posameznega kroga. Zmagovalci bodo pozvani, da posredujejo podatke, potrebne za prevzem ali po\u0161iljanje nagrade, oz. za nadaljnjo komunikacijo. \u010ce zmagovalec ne odgovori niti na ve\u010dkrat poslan e-mail <\/span><b>v roku 24 ur<\/b><span style=\"font-weight: 400;\">, pravica do nagrade zapade brez nadomestila.<\/span><\/p>\n<h3><b>Opis nagrad<\/b><\/h3>\n<p><b>Krog 1<\/b><\/p>\n<ul>\n<li style=\"font-weight: 400;\" aria-level=\"1\"><span style=\"font-weight: 400;\">1\u00d7 gostinsko do\u017eivetje Tour de France<\/span><\/li>\n<li style=\"font-weight: 400;\" aria-level=\"1\"><span style=\"font-weight: 400;\">3\u00d7 \u010delada POC CYTAL (karbonska, \u010drna)<\/span><\/li>\n<li style=\"font-weight: 400;\" aria-level=\"1\"><span style=\"font-weight: 400;\">5\u00d7 zelena majica \u0160koda<\/span><span style=\"font-weight: 400;\">\n<p><\/span><\/li>\n<\/ul>\n<p><b>Krog 2<\/b><\/p>\n<ul>\n<li style=\"font-weight: 400;\" aria-level=\"1\"><span style=\"font-weight: 400;\">1\u00d7 gostinsko do\u017eivetje Tour de France<\/span><\/li>\n<li style=\"font-weight: 400;\" aria-level=\"1\"><span style=\"font-weight: 400;\">1\u00d7 kolo Cannondale Topstone Carbon 3<\/span><span style=\"font-weight: 400;\">\n<p><\/span><\/li>\n<li style=\"font-weight: 400;\" aria-level=\"1\"><span style=\"font-weight: 400;\">5\u00d7 zelena majica \u0160koda<\/span><span style=\"font-weight: 400;\">\n<p><\/span><\/li>\n<\/ul>\n<p><b>Krog 3<\/b><\/p>\n<ul>\n<li style=\"font-weight: 400;\" aria-level=\"1\"><span style=\"font-weight: 400;\">1\u00d7 gostinsko do\u017eivetje Tour de France<\/span><\/li>\n<li style=\"font-weight: 400;\" aria-level=\"1\"><span style=\"font-weight: 400;\">1\u00d7 elektri\u010dno kolo Cannondale Mavaro 4<\/span><span style=\"font-weight: 400;\">\n<p><\/span><\/li>\n<li style=\"font-weight: 400;\" aria-level=\"1\"><span style=\"font-weight: 400;\">5\u00d7 zelena majica \u0160koda<\/span><span style=\"font-weight: 400;\">\n<p><\/span><\/li>\n<\/ul>\n<p><b>Krog 4<\/b><\/p>\n<ul>\n<li style=\"font-weight: 400;\" aria-level=\"1\"><span style=\"font-weight: 400;\">1\u00d7 gorsko kolo Cannondale Scalpel 3<\/span><\/li>\n<li style=\"font-weight: 400;\" aria-level=\"1\"><span style=\"font-weight: 400;\">10\u00d7 zapestnica izdelana iz verige kolesa z zeleno majico Biniama Girmaya (Tour 2024)<\/span><span style=\"font-weight: 400;\">\n<p><\/span><\/li>\n<li style=\"font-weight: 400;\" aria-level=\"1\"><span style=\"font-weight: 400;\">5\u00d7 zelena majica \u0160koda<\/span><span style=\"font-weight: 400;\">\n<p><\/span><\/li>\n<\/ul>\n<p><b>Krog 5<\/b><\/p>\n<ul>\n<li style=\"font-weight: 400;\" aria-level=\"1\"><span style=\"font-weight: 400;\">1\u00d7 cestno kolo Cannondale SuperSix EVO 1<\/span><\/li>\n<li style=\"font-weight: 400;\" aria-level=\"1\"><span style=\"font-weight: 400;\">3\u00d7 \u010delada POC CYTAL (karbonska, \u010drna)<\/span><span style=\"font-weight: 400;\">\n<p><\/span><\/li>\n<li style=\"font-weight: 400;\" aria-level=\"1\"><span style=\"font-weight: 400;\">5\u00d7 zelena majica \u0160koda<\/span><span style=\"font-weight: 400;\">\n<p><\/span><\/li>\n<\/ul>\n<p><b>Opomba:<\/b><span style=\"font-weight: 400;\"> Zaradi mo\u017enih zamud pri dobavi sestavnih delov lahko dostava nagradnih koles traja do <\/span><b>8 mesecev<\/b><span style=\"font-weight: 400;\">. Ta zamuda je posledica dejavnikov, na katere nimamo neposrednega vpliva.<\/span><\/p>\n<h3><b>Informacije o obdelavi osebnih podatkov<\/b><\/h3>\n<p><span style=\"font-weight: 400;\">Nosilec nate\u010daja, kot upravljavec osebnih podatkov v skladu s Splo\u0161no uredbo o varstvu podatkov (Uredba (EU) 2016\/679 \u2013 GDPR), vam zagotavlja naslednje informacije o obdelavi va\u0161ih osebnih podatkov in o va\u0161ih pravicah:<\/span><\/p>\n<p><b>Namen obdelave:<\/b><b><br \/>\n<\/b><span style=\"font-weight: 400;\"> \u2013 organizacija nate\u010dajev in zagotavljanje po\u0161tenega glasovanja v nate\u010dajih<\/span><\/p>\n<p><b>Pravna podlaga za obdelavo:<\/b><b><br \/>\n<\/b><span style=\"font-weight: 400;\"> Va\u0161e osebne podatke obdelujemo na podlagi sklenitve pogodbe \u2013 torej va\u0161ega sodelovanja v tem nate\u010daju pod navedenimi pogoji.<\/span><\/p>\n<p><b>Kategorije obdelanih podatkov:<\/b><b><br \/>\n<\/b><span style=\"font-weight: 400;\"> Identifikacijski podatki, kontaktni podatki, podatki o komunikaciji in interakciji.<\/span><\/p>\n<p><b>Obdobje hrambe:<\/b><b><br \/>\n<\/b><span style=\"font-weight: 400;\"> Va\u0161e osebne podatke hranimo <\/span><b>eno leto<\/b><span style=\"font-weight: 400;\"> po zaklju\u010dku nate\u010daja.<\/span><\/p>\n<p><b>Obdelovalci\/prejemniki:<\/b><b><br \/>\n<\/b><span style=\"font-weight: 400;\"> Obdelovalec osebnih podatkov je podjetje <\/span><b>MUSTARD s.r.o.<\/b><span style=\"font-weight: 400;\">, Masarykovo n\u00e1b\u0159. 246, 110 00 Praga 1, \u010ce\u0161ka, mati\u010dna \u0161tevilka 28531418. Na zahtevo se lahko podatki posredujejo javnim organom, zlasti sodi\u0161\u010dem, policiji in drugim organom pregona \u2013 le v zakonsko dolo\u010denem obsegu.<\/span><\/p>\n<p><b>Vir podatkov:<\/b><b><br \/>\n<\/b><span style=\"font-weight: 400;\"> Osebne podatke pridobimo neposredno od vas.<\/span><\/p>\n<p><b>Prenos v tretje dr\u017eave:<\/b><b><br \/>\n<\/b><span style=\"font-weight: 400;\"> Va\u0161i podatki ne bodo posredovani v tretje dr\u017eave ali nadnacionalna podjetja.<\/span><\/p>\n<p><b>Avtomatizirano odlo\u010danje:<\/b><b><br \/>\n<\/b><span style=\"font-weight: 400;\"> Pri tej obdelavi ne pride do avtomatiziranega odlo\u010danja na podlagi osebnih podatkov.<\/span><\/p>\n<p><b>Druge informacije:<\/b><b><br \/>\n<\/b><span style=\"font-weight: 400;\"> Podatki se lahko arhivirajo v javnem interesu ter uporabljajo za znanstveno, zgodovinsko ali statisti\u010dno raziskovanje. V utemeljenih primerih se lahko uporabijo tudi za potrebe pravnih postopkov ali za izpolnjevanje obveznosti do dr\u017eavnih organov.<\/span><\/p>\n<p><b>Va\u0161e pravice vklju\u010dujejo:<\/b><\/p>\n<ul>\n<li style=\"font-weight: 400;\" aria-level=\"1\"><span style=\"font-weight: 400;\">Pravico do dostopa do va\u0161ih podatkov<\/span><span style=\"font-weight: 400;\">\n<p><\/span><\/li>\n<li style=\"font-weight: 400;\" aria-level=\"1\"><span style=\"font-weight: 400;\">Popravek neto\u010dnih ali nepopolnih podatkov<\/span><span style=\"font-weight: 400;\">\n<p><\/span><\/li>\n<li style=\"font-weight: 400;\" aria-level=\"1\"><span style=\"font-weight: 400;\">Izbris podatkov v primeru neustrezne ali kon\u010dane obdelave<\/span><span style=\"font-weight: 400;\">\n<p><\/span><\/li>\n<li style=\"font-weight: 400;\" aria-level=\"1\"><span style=\"font-weight: 400;\">Omejitev obdelave<\/span><span style=\"font-weight: 400;\">\n<p><\/span><\/li>\n<li style=\"font-weight: 400;\" aria-level=\"1\"><span style=\"font-weight: 400;\">Pravico do prejema podatkov v strukturirani, strojno berljivi obliki<\/span><span style=\"font-weight: 400;\">\n<p><\/span><\/li>\n<li style=\"font-weight: 400;\" aria-level=\"1\"><span style=\"font-weight: 400;\">Pravico, da niste predmet avtomatiziranega odlo\u010danja<\/span><span style=\"font-weight: 400;\">\n<p><\/span><\/li>\n<\/ul>\n<p><b>Za uveljavljanje pravic uporabite naslednje poti:<\/b><b><br \/>\n<\/b><span style=\"font-weight: 400;\"> \u2013 Elektronsko:<\/span><a href=\"https:\/\/www.skoda-auto.com\/data-privacy\"> <span style=\"font-weight: 400;\">https:\/\/www.skoda-auto.com\/data-privacy<\/span><span style=\"font-weight: 400;\"><br \/>\n<\/span><\/a><span style=\"font-weight: 400;\"> \u2013 Po po\u0161ti: \u0160koda Auto a.s., Data Protection Office, t\u0159. V\u00e1clava Klementa 869, CZ-293 01 Mlad\u00e1 Boleslav, \u010ce\u0161ka republika (v angle\u0161\u010dini ali \u010de\u0161\u010dini)<\/span><\/p>\n<p><span style=\"font-weight: 400;\">\u010ce so zahteve o\u010ditno neutemeljene ali pretirane, si \u0160koda Auto pridr\u017euje pravico do zara\u010dunavanja razumnih administrativnih stro\u0161kov.<\/span><\/p>\n<p><b>Kontakt za vpra\u0161anja glede varstva podatkov:<\/b><b><br \/>\n<\/b><span style=\"font-weight: 400;\"> \u2013 dpo@skoda-auto.cz<\/span><\/p>\n<p><span style=\"font-weight: 400;\">\u010ce se ne strinjate z na\u010dinom obdelave va\u0161ih podatkov, lahko podate prito\u017ebo po e-po\u0161ti ali se obrnete na nadzorni organ:<\/span><span style=\"font-weight: 400;\"><br \/>\n<\/span> <b>Urad za varstvo osebnih podatkov, Pplk. Sochora 27, 170 00 Praga 7, +420 234 665 111,<\/b><a href=\"https:\/\/www.uoou.cz\/en\"> <b>https:\/\/www.uoou.cz\/en<\/b><\/a><\/p>\n<h3><b>Druge pomembne dolo\u010dbe<\/b><\/h3>\n<p><span style=\"font-weight: 400;\">Nosilec nate\u010daja izklju\u010dno dolo\u010da natan\u010dne specifikacije nagrad. Prikaz nagrad v promocijskem gradivu je zgolj ilustrativen. Nosilec ne odgovarja za morebitno \u0161kodo, ki bi udele\u017eencem nastala zaradi uporabe nagrade.<\/span><\/p>\n<p><span style=\"font-weight: 400;\">Udele\u017eenci nimajo pravice zahtevati denarne izpolnitve ali druge nadomestne nagrade. Nosilec ni dol\u017ean zagotavljati nobene druge izpolnitve razen tiste, ki je izrecno navedena v teh pravilih.<\/span><\/p>\n<p><span style=\"font-weight: 400;\">Nosilec ne odgovarja za neposredno ali posredno \u0161kodo, ki bi nastala v zvezi s sodelovanjem v nate\u010daju. Udele\u017eenec sam prevzema vse tveganje in odgovornost, povezano z nagrado.<\/span><\/p>\n<p><span style=\"font-weight: 400;\">Rezultati nate\u010daja so dokon\u010dni. Ni mo\u017ena nobena prito\u017eba udele\u017eenca ali zmagovalca na postopek ali rezultat nate\u010daja.<\/span><\/p>\n<p><span style=\"font-weight: 400;\">Nosilec si pridr\u017euje pravico izklju\u010diti udele\u017eenca iz nate\u010daja, \u010de obstaja utemeljen sum, da je ta ali kdo drug v njegovem imenu posku\u0161al z goljufijo, nepo\u0161tenim ravnanjem ali kakr\u0161nimkoli kr\u0161enjem pravil pridobiti nagrado.<\/span><\/p>\n<p><span style=\"font-weight: 400;\">Nosilec ni odgovoren za nedostavo sporo\u010dil ali nagrad zaradi tehni\u010dnih ali komunikacijskih te\u017eav. Prav tako ni odgovoren za napake, do katerih pride zaradi motenj v prenosu podatkov.<\/span><\/p>\n<p><span style=\"font-weight: 400;\">Nosilec si pridr\u017euje pravico, da brez od\u0161kodninske odgovornosti <\/span><b>skraj\u0161a, prelo\u017ei, prekine ali odpove nate\u010daj<\/b><span style=\"font-weight: 400;\">, spremeni nagrade ali <\/span><b>enostransko spremeni ta pravila<\/b><span style=\"font-weight: 400;\">. O vseh spremembah bo udele\u017eence obvestil na spletni strani nate\u010daja, kjer bo objavljena tudi njihova popolna in veljavna razli\u010dica.<\/span><\/p>\n<p><span style=\"font-weight: 400;\">Ta nate\u010daj ni upravljan, sponzoriran ali povezan z dru\u017ebo <\/span><b>Meta<\/b><span style=\"font-weight: 400;\">. Meta ni odgovorna za potek nate\u010daja. Vsa vpra\u0161anja in prito\u017ebe je treba nasloviti na nosilca ali organizatorja nate\u010daja \u2013 <\/span><b>ne na podjetje Meta<\/b><span style=\"font-weight: 400;\">.<\/span><\/p>\n<p><span style=\"font-weight: 400;\">Za ta nate\u010daj velja <\/span><b>pravo \u010ce\u0161ke republike<\/b><span style=\"font-weight: 400;\">.<\/span><\/p>\n<p>&nbsp;<\/p>\n","protected":false},"excerpt":{"rendered":"<p>Pravila in pogoji nate\u010daja \u00bb2025 TDF Contest\u00ab Ta pravila urejajo pogoje nate\u010daja \u00bb2025 TDF Contest\u00ab (v nadaljevanju \u00bbnate\u010daj\u00ab) in predstavljajo [&hellip;]<\/p>\n","protected":false},"author":144,"featured_media":0,"parent":198989,"menu_order":0,"comment_status":"closed","ping_status":"closed","template":"templates\/template-empty-page.php","meta":{"footnotes":""},"tags":[],"class_list":["post-198999","page","type-page","status-publish","hentry"],"yoast_head":"<!-- This site is optimized with the Yoast SEO Premium plugin v25.3 (Yoast SEO v25.9) - https:\/\/yoast.com\/wordpress\/plugins\/seo\/ -->\n<title>Terms And Conditions - \u0160koda We Love Cycling<\/title>\n<meta name=\"robots\" content=\"index, follow, max-snippet:-1, max-image-preview:large, max-video-preview:-1\" \/>\n<link rel=\"canonical\" href=\"https:\/\/www.welovecycling.com\/wide\/tour-de-france-2025\/si\/terms-and-conditions\/\" \/>\n<meta property=\"og:locale\" content=\"en_US\" \/>\n<meta property=\"og:type\" content=\"article\" \/>\n<meta property=\"og:title\" content=\"Terms And Conditions\" \/>\n<meta property=\"og:url\" content=\"https:\/\/www.welovecycling.com\/wide\/tour-de-france-2025\/si\/terms-and-conditions\/\" \/>\n<meta property=\"og:site_name\" content=\"\u0160koda We Love Cycling\" \/>\n<meta property=\"article:modified_time\" content=\"2025-07-02T07:44:27+00:00\" \/>\n<meta name=\"twitter:card\" content=\"summary_large_image\" \/>\n<meta name=\"twitter:label1\" content=\"Est. reading time\" \/>\n\t<meta name=\"twitter:data1\" content=\"7 minutes\" \/>\n<script type=\"application\/ld+json\" class=\"yoast-schema-graph\">{\"@context\":\"https:\/\/schema.org\",\"@graph\":[{\"@type\":\"WebPage\",\"@id\":\"https:\/\/www.welovecycling.com\/wide\/tour-de-france-2025\/si\/terms-and-conditions\/\",\"url\":\"https:\/\/www.welovecycling.com\/wide\/tour-de-france-2025\/si\/terms-and-conditions\/\",\"name\":\"Terms And Conditions - \u0160koda We Love Cycling\",\"isPartOf\":{\"@id\":\"https:\/\/www.welovecycling.com\/wide\/#website\"},\"datePublished\":\"2025-07-02T07:35:31+00:00\",\"dateModified\":\"2025-07-02T07:44:27+00:00\",\"breadcrumb\":{\"@id\":\"https:\/\/www.welovecycling.com\/wide\/tour-de-france-2025\/si\/terms-and-conditions\/#breadcrumb\"},\"inLanguage\":\"en-US\",\"potentialAction\":[{\"@type\":\"ReadAction\",\"target\":[\"https:\/\/www.welovecycling.com\/wide\/tour-de-france-2025\/si\/terms-and-conditions\/\"]}]},{\"@type\":\"BreadcrumbList\",\"@id\":\"https:\/\/www.welovecycling.com\/wide\/tour-de-france-2025\/si\/terms-and-conditions\/#breadcrumb\",\"itemListElement\":[{\"@type\":\"ListItem\",\"position\":1,\"name\":\"Home\",\"item\":\"https:\/\/www.welovecycling.com\/wide\/\"},{\"@type\":\"ListItem\",\"position\":2,\"name\":\"Tour de France 2025\",\"item\":\"https:\/\/www.welovecycling.com\/wide\/tour-de-france-2025\/\"},{\"@type\":\"ListItem\",\"position\":3,\"name\":\"Tour de France 2025 \u2013 SI\",\"item\":\"https:\/\/www.welovecycling.com\/wide\/tour-de-france-2025\/si\/\"},{\"@type\":\"ListItem\",\"position\":4,\"name\":\"Terms And Conditions\"}]},{\"@type\":\"WebSite\",\"@id\":\"https:\/\/www.welovecycling.com\/wide\/#website\",\"url\":\"https:\/\/www.welovecycling.com\/wide\/\",\"name\":\"\u0160koda We Love Cycling\",\"description\":\"\u0160koda We Love Cycling magazine\",\"alternateName\":\"\u0160koda WLC\",\"potentialAction\":[{\"@type\":\"SearchAction\",\"target\":{\"@type\":\"EntryPoint\",\"urlTemplate\":\"https:\/\/www.welovecycling.com\/wide\/?s={search_term_string}\"},\"query-input\":{\"@type\":\"PropertyValueSpecification\",\"valueRequired\":true,\"valueName\":\"search_term_string\"}}],\"inLanguage\":\"en-US\"}]}<\/script>\n<!-- \/ Yoast SEO Premium plugin. -->","yoast_head_json":{"title":"Terms And Conditions - \u0160koda We Love Cycling","robots":{"index":"index","follow":"follow","max-snippet":"max-snippet:-1","max-image-preview":"max-image-preview:large","max-video-preview":"max-video-preview:-1"},"canonical":"https:\/\/www.welovecycling.com\/wide\/tour-de-france-2025\/si\/terms-and-conditions\/","og_locale":"en_US","og_type":"article","og_title":"Terms And Conditions","og_url":"https:\/\/www.welovecycling.com\/wide\/tour-de-france-2025\/si\/terms-and-conditions\/","og_site_name":"\u0160koda We Love Cycling","article_modified_time":"2025-07-02T07:44:27+00:00","twitter_card":"summary_large_image","twitter_misc":{"Est. reading time":"7 minutes"},"schema":{"@context":"https:\/\/schema.org","@graph":[{"@type":"WebPage","@id":"https:\/\/www.welovecycling.com\/wide\/tour-de-france-2025\/si\/terms-and-conditions\/","url":"https:\/\/www.welovecycling.com\/wide\/tour-de-france-2025\/si\/terms-and-conditions\/","name":"Terms And Conditions - \u0160koda We Love Cycling","isPartOf":{"@id":"https:\/\/www.welovecycling.com\/wide\/#website"},"datePublished":"2025-07-02T07:35:31+00:00","dateModified":"2025-07-02T07:44:27+00:00","breadcrumb":{"@id":"https:\/\/www.welovecycling.com\/wide\/tour-de-france-2025\/si\/terms-and-conditions\/#breadcrumb"},"inLanguage":"en-US","potentialAction":[{"@type":"ReadAction","target":["https:\/\/www.welovecycling.com\/wide\/tour-de-france-2025\/si\/terms-and-conditions\/"]}]},{"@type":"BreadcrumbList","@id":"https:\/\/www.welovecycling.com\/wide\/tour-de-france-2025\/si\/terms-and-conditions\/#breadcrumb","itemListElement":[{"@type":"ListItem","position":1,"name":"Home","item":"https:\/\/www.welovecycling.com\/wide\/"},{"@type":"ListItem","position":2,"name":"Tour de France 2025","item":"https:\/\/www.welovecycling.com\/wide\/tour-de-france-2025\/"},{"@type":"ListItem","position":3,"name":"Tour de France 2025 \u2013 SI","item":"https:\/\/www.welovecycling.com\/wide\/tour-de-france-2025\/si\/"},{"@type":"ListItem","position":4,"name":"Terms And Conditions"}]},{"@type":"WebSite","@id":"https:\/\/www.welovecycling.com\/wide\/#website","url":"https:\/\/www.welovecycling.com\/wide\/","name":"\u0160koda We Love Cycling","description":"\u0160koda We Love Cycling magazine","alternateName":"\u0160koda WLC","potentialAction":[{"@type":"SearchAction","target":{"@type":"EntryPoint","urlTemplate":"https:\/\/www.welovecycling.com\/wide\/?s={search_term_string}"},"query-input":{"@type":"PropertyValueSpecification","valueRequired":true,"valueName":"search_term_string"}}],"inLanguage":"en-US"}]}},"_links":{"self":[{"href":"https:\/\/www.welovecycling.com\/wide\/wp-json\/wp\/v2\/pages\/198999","targetHints":{"allow":["GET"]}}],"collection":[{"href":"https:\/\/www.welovecycling.com\/wide\/wp-json\/wp\/v2\/pages"}],"about":[{"href":"https:\/\/www.welovecycling.com\/wide\/wp-json\/wp\/v2\/types\/page"}],"author":[{"embeddable":true,"href":"https:\/\/www.welovecycling.com\/wide\/wp-json\/wp\/v2\/users\/144"}],"replies":[{"embeddable":true,"href":"https:\/\/www.welovecycling.com\/wide\/wp-json\/wp\/v2\/comments?post=198999"}],"version-history":[{"count":2,"href":"https:\/\/www.welovecycling.com\/wide\/wp-json\/wp\/v2\/pages\/198999\/revisions"}],"predecessor-version":[{"id":199003,"href":"https:\/\/www.welovecycling.com\/wide\/wp-json\/wp\/v2\/pages\/198999\/revisions\/199003"}],"up":[{"embeddable":true,"href":"https:\/\/www.welovecycling.com\/wide\/wp-json\/wp\/v2\/pages\/198989"}],"wp:attachment":[{"href":"https:\/\/www.welovecycling.com\/wide\/wp-json\/wp\/v2\/media?parent=198999"}],"wp:term":[{"taxonomy":"post_tag","embeddable":true,"href":"https:\/\/www.welovecycling.com\/wide\/wp-json\/wp\/v2\/tags?post=198999"}],"curies":[{"name":"wp","href":"https:\/\/api.w.org\/{rel}","templated":true}]}}