{"id":198873,"date":"2025-06-20T09:51:57","date_gmt":"2025-06-20T09:51:57","guid":{"rendered":"https:\/\/www.welovecycling.com\/wide\/?page_id=198873"},"modified":"2025-06-20T09:51:57","modified_gmt":"2025-06-20T09:51:57","slug":"terms-and-conditions-persona-share","status":"publish","type":"page","link":"https:\/\/www.welovecycling.com\/wide\/tour-de-france-2025\/cl\/terms-and-conditions-persona-share\/","title":{"rendered":"Terms And Conditions &#8211; Persona Share"},"content":{"rendered":"<p><b>Estas bases regulan los t\u00e9rminos del concurso \u201c2025 TDF Contest\u201d (en adelante, el \u201cConcurso\u201d) y constituyen el \u00fanico documento que regula de manera completa y obligatoria las normas de este concurso.<\/b><\/p>\n<p>&nbsp;<\/p>\n<h4><span style=\"font-weight: 400;\">Anfitri\u00f3n y organizador del concurso<\/span><\/h4>\n<p><span style=\"font-weight: 400;\">El anfitri\u00f3n del Concurso es <\/span><b>\u0160koda Auto a.s.<\/b><span style=\"font-weight: 400;\">, una sociedad an\u00f3nima con domicilio social en t\u0159. V\u00e1clava Klementa 869, 293 01 Mlad\u00e1 Boleslav, Rep\u00fablica Checa, N.\u00ba de identificaci\u00f3n 00177041, registrada en el Registro Mercantil administrado por el Tribunal Municipal de Praga, Secci\u00f3n B, expediente n.\u00ba 332 (en adelante, el \u201cAnfitri\u00f3n\u201d).<\/span><\/p>\n<p><span style=\"font-weight: 400;\">El organizador del Concurso, responsable de su implementaci\u00f3n pr\u00e1ctica, es <\/span><b>MUSTARD s.r.o.<\/b><span style=\"font-weight: 400;\">, con domicilio social en Masarykovo n\u00e1b\u0159. 246, 110 00, Praga 1 \u2013 Nov\u00e9 M\u011bsto, Rep\u00fablica Checa, N.\u00ba de identificaci\u00f3n 28531418, registrada en el Registro Mercantil del Tribunal Municipal de Praga, Secci\u00f3n C, entrada 148383 (en adelante, el \u201cOrganizador\u201d).<\/span><\/p>\n<p>&nbsp;<\/p>\n<h4><span style=\"font-weight: 400;\">Lugar y duraci\u00f3n del Concurso<\/span><\/h4>\n<p><b>Periodo del Concurso<\/b><span style=\"font-weight: 400;\">: desde las 00:01 (CET) del 28 de junio de 2025 hasta las 23:59 (CET) del 20 de julio de 2025.<\/span><\/p>\n<p><span style=\"font-weight: 400;\">El Concurso se llevar\u00e1 a cabo en el sitio web <\/span><a href=\"http:\/\/www.welovecycling.com\"><b>www.welovecycling.com<\/b><\/a><span style=\"font-weight: 400;\"> (en adelante, el \u201cSitio web del Concurso\u201d), donde se realizar\u00e1 la comunicaci\u00f3n principal con los participantes.<\/span><\/p>\n<p>&nbsp;<\/p>\n<h4><span style=\"font-weight: 400;\">Participantes del Concurso<\/span><\/h4>\n<p><span style=\"font-weight: 400;\">Podr\u00e1 participar cualquier persona f\u00edsica mayor de 18 a\u00f1os que resida en alguno de los siguientes pa\u00edses: ANDORRA, AUSTRALIA, AUSTRIA, B\u00c9LGICA, BOSNIA, BULGARIA, CROACIA, REP\u00daBLICA CHECA, DINAMARCA, ESTONIA, FINLANDIA, FRANCIA, ALEMANIA, GRAN BRETA\u00d1A, GRECIA, HUNGR\u00cdA, ISLANDIA, IRLANDA, ITALIA, LETONIA, LIECHTENSTEIN, LITUANIA, LUXEMBURGO, MONTENEGRO, PA\u00cdSES BAJOS, NORUEGA, POLONIA, PORTUGAL, RUMAN\u00cdA, SERBIA, ESLOVAQUIA, ESLOVENIA, ESPA\u00d1A, SUECIA, SUIZA, UCRANIA.<\/span><\/p>\n<p><span style=\"font-weight: 400;\">Para participar, es necesario registrarse en el sitio web del Concurso en cualquier momento durante el periodo de participaci\u00f3n y aceptar incondicionalmente estas bases. Como parte del registro (formulario de participaci\u00f3n), se deber\u00e1 proporcionar una direcci\u00f3n de correo electr\u00f3nico, que se utilizar\u00e1 exclusivamente para fines del Concurso.<\/span><\/p>\n<p><span style=\"font-weight: 400;\">Cada participante puede registrarse una sola vez y \u00fanicamente con su propia direcci\u00f3n de correo electr\u00f3nico. El Anfitri\u00f3n se reserva el derecho de verificar este requisito por medios t\u00e9cnicos y organizativos.<\/span><\/p>\n<p><span style=\"font-weight: 400;\">No podr\u00e1n participar aquellas personas que hayan colaborado en la preparaci\u00f3n del Concurso, incluyendo empleados o personas vinculadas al Anfitri\u00f3n o al Organizador, ni tampoco sus familiares o allegados, as\u00ed como empleados o colaboradores de los socios autorizados de \u0160koda o de las agencias encargadas de llevar a cabo este Concurso.<\/span><\/p>\n<p>&nbsp;<\/p>\n<h4><span style=\"font-weight: 400;\">Mecanismo del Concurso y selecci\u00f3n de ganadores<\/span><\/h4>\n<p><span style=\"font-weight: 400;\">Para participar, los concursantes deben compartir en Instagram o Facebook una imagen generada por IA creada en <\/span><b>welovecycling.com<\/b><span style=\"font-weight: 400;\">, incluyendo el hashtag <\/span><b>#FindYourTour<\/b><span style=\"font-weight: 400;\"> en el pie de foto, durante el periodo del Concurso.<\/span><\/p>\n<p><span style=\"font-weight: 400;\">Durante el periodo del Concurso, resultar\u00e1n ganadores aquellos participantes que cumplan los requisitos y que ocupen las posiciones 1\/11, 2\/11, 3\/11, 4\/11, 5\/11, 6\/11 y 7\/11 en la lista de participantes. Si el n\u00famero de participantes no es divisible por 11, se redondear\u00e1 hacia abajo al n\u00famero entero m\u00e1s cercano divisible por 11.<\/span><\/p>\n<p><span style=\"font-weight: 400;\">El Anfitri\u00f3n informar\u00e1 a los ganadores mediante mensaje directo en Instagram o Facebook dentro de los cinco d\u00edas siguientes a la finalizaci\u00f3n de la ronda correspondiente del Concurso. Se les solicitar\u00e1 la informaci\u00f3n necesaria para la entrega del premio o para continuar la comunicaci\u00f3n. Si el ganador no responde, incluso tras el env\u00edo repetido del mensaje, ni proporciona los datos solicitados en un plazo de 12 horas, perder\u00e1 el derecho al premio sin compensaci\u00f3n.<\/span><\/p>\n<p>&nbsp;<\/p>\n<h4><span style=\"font-weight: 400;\">Descripci\u00f3n de los premios<\/span><\/h4>\n<p><span style=\"font-weight: 400;\">7\u00d7 <\/span><b>\u201cInsider Tour de France Programme\u201d<\/b><span style=\"font-weight: 400;\"> para dos personas en Par\u00eds, con todos los gastos de alojamiento y viaje incluidos.<\/span><\/p>\n<p>&nbsp;<\/p>\n<h4><span style=\"font-weight: 400;\">Informaci\u00f3n sobre el tratamiento de datos personales<\/span><\/h4>\n<p><span style=\"font-weight: 400;\">El Anfitri\u00f3n, como responsable del tratamiento de datos personales seg\u00fan el <\/span><b>Reglamento General de Protecci\u00f3n de Datos (Reglamento UE 2016\/679)<\/b><span style=\"font-weight: 400;\">, informa de lo siguiente:<\/span><\/p>\n<ul>\n<li style=\"font-weight: 400;\" aria-level=\"1\"><b>Finalidad del tratamiento<\/b><span style=\"font-weight: 400;\">: organizaci\u00f3n de concursos y aseguramiento de un proceso justo de votaci\u00f3n<\/span><\/li>\n<li style=\"font-weight: 400;\" aria-level=\"1\"><b>Base jur\u00eddica<\/b><span style=\"font-weight: 400;\">: ejecuci\u00f3n de un contrato (estas bases legales)<\/span><\/li>\n<li style=\"font-weight: 400;\" aria-level=\"1\"><b>Datos tratados<\/b><span style=\"font-weight: 400;\">: datos identificativos, datos de contacto, informaci\u00f3n sobre comunicaciones e interacciones<\/span><\/li>\n<li style=\"font-weight: 400;\" aria-level=\"1\"><b>Periodo de conservaci\u00f3n<\/b><span style=\"font-weight: 400;\">: hasta un a\u00f1o despu\u00e9s de la finalizaci\u00f3n del Concurso<\/span><\/li>\n<li style=\"font-weight: 400;\" aria-level=\"1\"><b>Destinatarios<\/b><span style=\"font-weight: 400;\">: el Organizador (MUSTARD s.r.o.) y autoridades p\u00fablicas cuando sea necesario<\/span><\/li>\n<li style=\"font-weight: 400;\" aria-level=\"1\"><b>Transferencia a terceros pa\u00edses<\/b><span style=\"font-weight: 400;\">: no se realiza<\/span><\/li>\n<li style=\"font-weight: 400;\" aria-level=\"1\"><b>Toma de decisiones automatizadas<\/b><span style=\"font-weight: 400;\">: no se efect\u00faa<\/span><\/li>\n<\/ul>\n<p><b>Derechos del interesado<\/b><span style=\"font-weight: 400;\">:<\/span><span style=\"font-weight: 400;\"><br \/>\n<\/span><span style=\"font-weight: 400;\">\u2013 Acceso a los datos<\/span><span style=\"font-weight: 400;\"><br \/>\n<\/span><span style=\"font-weight: 400;\">\u2013 Rectificaci\u00f3n<\/span><span style=\"font-weight: 400;\"><br \/>\n<\/span><span style=\"font-weight: 400;\">\u2013 Supresi\u00f3n<\/span><span style=\"font-weight: 400;\"><br \/>\n<\/span><span style=\"font-weight: 400;\">\u2013 Limitaci\u00f3n del tratamiento<\/span><span style=\"font-weight: 400;\"><br \/>\n<\/span><span style=\"font-weight: 400;\">\u2013 Portabilidad<\/span><span style=\"font-weight: 400;\"><br \/>\n<\/span><span style=\"font-weight: 400;\">\u2013 Oposici\u00f3n a decisiones automatizadas<\/span><\/p>\n<p><b>Contacto<\/b><span style=\"font-weight: 400;\">:<\/span><\/p>\n<ul>\n<li style=\"font-weight: 400;\" aria-level=\"1\"><span style=\"font-weight: 400;\">dpo@skoda-auto.cz<\/span><\/li>\n<li style=\"font-weight: 400;\" aria-level=\"1\"><a href=\"https:\/\/www.skoda-auto.com\/data-privacy\"><span style=\"font-weight: 400;\">https:\/\/www.skoda-auto.com\/data-privacy<\/span><\/a><\/li>\n<\/ul>\n<p><span style=\"font-weight: 400;\">En caso de desacuerdo con el tratamiento de sus datos, el interesado podr\u00e1 presentar una reclamaci\u00f3n ante el Delegado de Protecci\u00f3n de Datos o ante la autoridad de control:<\/span><span style=\"font-weight: 400;\"><br \/>\n<\/span><b>Oficina para la Protecci\u00f3n de Datos Personales<\/b><span style=\"font-weight: 400;\">, Pplk. Sochora 27, 170 00 Praga 7, +420 234 665 111, <\/span><a href=\"https:\/\/www.uoou.cz\"><span style=\"font-weight: 400;\">https:\/\/www.uoou.cz<\/span><\/a><\/p>\n<p>&nbsp;<\/p>\n<h4><span style=\"font-weight: 400;\">Otras condiciones importantes<\/span><\/h4>\n<p><span style=\"font-weight: 400;\">El Anfitri\u00f3n ser\u00e1 quien determine de forma exclusiva las caracter\u00edsticas espec\u00edficas de los premios. Las im\u00e1genes promocionales son ilustrativas. El Anfitri\u00f3n no se hace responsable de los da\u00f1os derivados del uso del premio.<\/span><\/p>\n<p><span style=\"font-weight: 400;\">Los premios no podr\u00e1n ser canjeados por dinero u otro tipo de compensaci\u00f3n. El Anfitri\u00f3n no est\u00e1 obligado a realizar ninguna otra entrega m\u00e1s all\u00e1 de la especificada en estas bases.<\/span><\/p>\n<p><span style=\"font-weight: 400;\">El Anfitri\u00f3n no ser\u00e1 responsable por da\u00f1os directos o indirectos derivados de la participaci\u00f3n. Los participantes asumen los riesgos relacionados con el uso del premio. Los resultados del Concurso son definitivos y no podr\u00e1n ser impugnados.<\/span><\/p>\n<p><span style=\"font-weight: 400;\">El Anfitri\u00f3n podr\u00e1 excluir a cualquier participante que haya incurrido en fraude o comportamiento indebido o desleal, con el fin de obtener ventajas en el Concurso.<\/span><\/p>\n<p><span style=\"font-weight: 400;\">El Anfitri\u00f3n no se responsabiliza de errores t\u00e9cnicos o de comunicaci\u00f3n. Cualquier reclamaci\u00f3n ser\u00e1 resuelta con car\u00e1cter definitivo por el Anfitri\u00f3n. Este se reserva el derecho de modificar, suspender o cancelar el Concurso, sin obligaci\u00f3n de compensaci\u00f3n, notificando dichos cambios en el sitio web oficial del Concurso.<\/span><\/p>\n<p><span style=\"font-weight: 400;\">Este Concurso <\/span><b>no est\u00e1 gestionado ni patrocinado por Meta<\/b><span style=\"font-weight: 400;\">. Meta no tiene responsabilidad alguna. Las consultas deber\u00e1n dirigirse al Anfitri\u00f3n o al Organizador.<\/span><\/p>\n<p><span style=\"font-weight: 400;\">El Concurso se rige por la <\/span><b>legislaci\u00f3n de la Rep\u00fablica Checa<\/b><span style=\"font-weight: 400;\">.<\/span><\/p>\n<p>&nbsp;<\/p>\n","protected":false},"excerpt":{"rendered":"<p>Estas bases regulan los t\u00e9rminos del concurso \u201c2025 TDF Contest\u201d (en adelante, el \u201cConcurso\u201d) y constituyen el \u00fanico documento que [&hellip;]<\/p>\n","protected":false},"author":144,"featured_media":0,"parent":198865,"menu_order":0,"comment_status":"closed","ping_status":"closed","template":"templates\/template-empty-page.php","meta":{"footnotes":""},"tags":[],"class_list":["post-198873","page","type-page","status-publish","hentry"],"yoast_head":"<!-- This site is optimized with the Yoast SEO Premium plugin v25.3 (Yoast SEO v25.9) - https:\/\/yoast.com\/wordpress\/plugins\/seo\/ -->\n<title>Terms And Conditions - Persona Share - \u0160koda We Love Cycling<\/title>\n<meta name=\"robots\" content=\"index, follow, max-snippet:-1, max-image-preview:large, max-video-preview:-1\" \/>\n<link rel=\"canonical\" href=\"https:\/\/www.welovecycling.com\/wide\/tour-de-france-2025\/cl\/terms-and-conditions-persona-share\/\" \/>\n<meta property=\"og:locale\" content=\"en_US\" \/>\n<meta property=\"og:type\" content=\"article\" \/>\n<meta property=\"og:title\" content=\"Terms And Conditions - Persona Share\" \/>\n<meta property=\"og:url\" content=\"https:\/\/www.welovecycling.com\/wide\/tour-de-france-2025\/cl\/terms-and-conditions-persona-share\/\" \/>\n<meta property=\"og:site_name\" content=\"\u0160koda We Love Cycling\" \/>\n<meta name=\"twitter:card\" content=\"summary_large_image\" \/>\n<meta name=\"twitter:label1\" content=\"Est. reading time\" \/>\n\t<meta name=\"twitter:data1\" content=\"5 minutes\" \/>\n<script type=\"application\/ld+json\" class=\"yoast-schema-graph\">{\"@context\":\"https:\/\/schema.org\",\"@graph\":[{\"@type\":\"WebPage\",\"@id\":\"https:\/\/www.welovecycling.com\/wide\/tour-de-france-2025\/cl\/terms-and-conditions-persona-share\/\",\"url\":\"https:\/\/www.welovecycling.com\/wide\/tour-de-france-2025\/cl\/terms-and-conditions-persona-share\/\",\"name\":\"Terms And Conditions - Persona Share - \u0160koda We Love Cycling\",\"isPartOf\":{\"@id\":\"https:\/\/www.welovecycling.com\/wide\/#website\"},\"datePublished\":\"2025-06-20T09:51:57+00:00\",\"breadcrumb\":{\"@id\":\"https:\/\/www.welovecycling.com\/wide\/tour-de-france-2025\/cl\/terms-and-conditions-persona-share\/#breadcrumb\"},\"inLanguage\":\"en-US\",\"potentialAction\":[{\"@type\":\"ReadAction\",\"target\":[\"https:\/\/www.welovecycling.com\/wide\/tour-de-france-2025\/cl\/terms-and-conditions-persona-share\/\"]}]},{\"@type\":\"BreadcrumbList\",\"@id\":\"https:\/\/www.welovecycling.com\/wide\/tour-de-france-2025\/cl\/terms-and-conditions-persona-share\/#breadcrumb\",\"itemListElement\":[{\"@type\":\"ListItem\",\"position\":1,\"name\":\"Home\",\"item\":\"https:\/\/www.welovecycling.com\/wide\/\"},{\"@type\":\"ListItem\",\"position\":2,\"name\":\"Tour de France 2025\",\"item\":\"https:\/\/www.welovecycling.com\/wide\/tour-de-france-2025\/\"},{\"@type\":\"ListItem\",\"position\":3,\"name\":\"Tour de France 2025 \u2013 CL\",\"item\":\"https:\/\/www.welovecycling.com\/wide\/tour-de-france-2025\/cl\/\"},{\"@type\":\"ListItem\",\"position\":4,\"name\":\"Terms And Conditions &#8211; Persona Share\"}]},{\"@type\":\"WebSite\",\"@id\":\"https:\/\/www.welovecycling.com\/wide\/#website\",\"url\":\"https:\/\/www.welovecycling.com\/wide\/\",\"name\":\"\u0160koda We Love Cycling\",\"description\":\"\u0160koda We Love Cycling magazine\",\"alternateName\":\"\u0160koda WLC\",\"potentialAction\":[{\"@type\":\"SearchAction\",\"target\":{\"@type\":\"EntryPoint\",\"urlTemplate\":\"https:\/\/www.welovecycling.com\/wide\/?s={search_term_string}\"},\"query-input\":{\"@type\":\"PropertyValueSpecification\",\"valueRequired\":true,\"valueName\":\"search_term_string\"}}],\"inLanguage\":\"en-US\"}]}<\/script>\n<!-- \/ Yoast SEO Premium plugin. -->","yoast_head_json":{"title":"Terms And Conditions - Persona Share - \u0160koda We Love Cycling","robots":{"index":"index","follow":"follow","max-snippet":"max-snippet:-1","max-image-preview":"max-image-preview:large","max-video-preview":"max-video-preview:-1"},"canonical":"https:\/\/www.welovecycling.com\/wide\/tour-de-france-2025\/cl\/terms-and-conditions-persona-share\/","og_locale":"en_US","og_type":"article","og_title":"Terms And Conditions - Persona Share","og_url":"https:\/\/www.welovecycling.com\/wide\/tour-de-france-2025\/cl\/terms-and-conditions-persona-share\/","og_site_name":"\u0160koda We Love Cycling","twitter_card":"summary_large_image","twitter_misc":{"Est. reading time":"5 minutes"},"schema":{"@context":"https:\/\/schema.org","@graph":[{"@type":"WebPage","@id":"https:\/\/www.welovecycling.com\/wide\/tour-de-france-2025\/cl\/terms-and-conditions-persona-share\/","url":"https:\/\/www.welovecycling.com\/wide\/tour-de-france-2025\/cl\/terms-and-conditions-persona-share\/","name":"Terms And Conditions - Persona Share - \u0160koda We Love Cycling","isPartOf":{"@id":"https:\/\/www.welovecycling.com\/wide\/#website"},"datePublished":"2025-06-20T09:51:57+00:00","breadcrumb":{"@id":"https:\/\/www.welovecycling.com\/wide\/tour-de-france-2025\/cl\/terms-and-conditions-persona-share\/#breadcrumb"},"inLanguage":"en-US","potentialAction":[{"@type":"ReadAction","target":["https:\/\/www.welovecycling.com\/wide\/tour-de-france-2025\/cl\/terms-and-conditions-persona-share\/"]}]},{"@type":"BreadcrumbList","@id":"https:\/\/www.welovecycling.com\/wide\/tour-de-france-2025\/cl\/terms-and-conditions-persona-share\/#breadcrumb","itemListElement":[{"@type":"ListItem","position":1,"name":"Home","item":"https:\/\/www.welovecycling.com\/wide\/"},{"@type":"ListItem","position":2,"name":"Tour de France 2025","item":"https:\/\/www.welovecycling.com\/wide\/tour-de-france-2025\/"},{"@type":"ListItem","position":3,"name":"Tour de France 2025 \u2013 CL","item":"https:\/\/www.welovecycling.com\/wide\/tour-de-france-2025\/cl\/"},{"@type":"ListItem","position":4,"name":"Terms And Conditions &#8211; Persona Share"}]},{"@type":"WebSite","@id":"https:\/\/www.welovecycling.com\/wide\/#website","url":"https:\/\/www.welovecycling.com\/wide\/","name":"\u0160koda We Love Cycling","description":"\u0160koda We Love Cycling magazine","alternateName":"\u0160koda WLC","potentialAction":[{"@type":"SearchAction","target":{"@type":"EntryPoint","urlTemplate":"https:\/\/www.welovecycling.com\/wide\/?s={search_term_string}"},"query-input":{"@type":"PropertyValueSpecification","valueRequired":true,"valueName":"search_term_string"}}],"inLanguage":"en-US"}]}},"_links":{"self":[{"href":"https:\/\/www.welovecycling.com\/wide\/wp-json\/wp\/v2\/pages\/198873","targetHints":{"allow":["GET"]}}],"collection":[{"href":"https:\/\/www.welovecycling.com\/wide\/wp-json\/wp\/v2\/pages"}],"about":[{"href":"https:\/\/www.welovecycling.com\/wide\/wp-json\/wp\/v2\/types\/page"}],"author":[{"embeddable":true,"href":"https:\/\/www.welovecycling.com\/wide\/wp-json\/wp\/v2\/users\/144"}],"replies":[{"embeddable":true,"href":"https:\/\/www.welovecycling.com\/wide\/wp-json\/wp\/v2\/comments?post=198873"}],"version-history":[{"count":1,"href":"https:\/\/www.welovecycling.com\/wide\/wp-json\/wp\/v2\/pages\/198873\/revisions"}],"predecessor-version":[{"id":198874,"href":"https:\/\/www.welovecycling.com\/wide\/wp-json\/wp\/v2\/pages\/198873\/revisions\/198874"}],"up":[{"embeddable":true,"href":"https:\/\/www.welovecycling.com\/wide\/wp-json\/wp\/v2\/pages\/198865"}],"wp:attachment":[{"href":"https:\/\/www.welovecycling.com\/wide\/wp-json\/wp\/v2\/media?parent=198873"}],"wp:term":[{"taxonomy":"post_tag","embeddable":true,"href":"https:\/\/www.welovecycling.com\/wide\/wp-json\/wp\/v2\/tags?post=198873"}],"curies":[{"name":"wp","href":"https:\/\/api.w.org\/{rel}","templated":true}]}}