{"id":198871,"date":"2025-06-20T09:44:54","date_gmt":"2025-06-20T09:44:54","guid":{"rendered":"https:\/\/www.welovecycling.com\/wide\/?page_id=198871"},"modified":"2025-06-20T09:44:54","modified_gmt":"2025-06-20T09:44:54","slug":"terms-and-conditions","status":"publish","type":"page","link":"https:\/\/www.welovecycling.com\/wide\/tour-de-france-2025\/cl\/terms-and-conditions\/","title":{"rendered":"Terms And Conditions"},"content":{"rendered":"<h3><b>Bases del Concurso \u201c2025 TDF Contest\u201d<\/b><\/h3>\n<h4><b>Organizador y responsable del concurso<\/b><\/h4>\n<p><span style=\"font-weight: 400;\">El organizador del concurso es <\/span><b>\u0160koda Auto a.s.<\/b><span style=\"font-weight: 400;\">, una sociedad an\u00f3nima con domicilio social en t\u0159. V\u00e1clava Klementa 869, 293 01 Mlad\u00e1 Boleslav, Rep\u00fablica Checa, con n\u00famero de identificaci\u00f3n 00177041, inscrita en el Registro Mercantil administrado por el Tribunal Municipal de Praga, secci\u00f3n B, expediente n\u00famero 332 (en adelante, el \u201cOrganizador\u201d).<\/span><\/p>\n<p><span style=\"font-weight: 400;\">La empresa responsable de la ejecuci\u00f3n pr\u00e1ctica del concurso es <\/span><b>MUSTARD s.r.o.<\/b><span style=\"font-weight: 400;\">, con domicilio en Praha 1 \u2013 Nov\u00e9 M\u011bsto, Masarykovo n\u00e1b\u0159. 246, 110 00, Rep\u00fablica Checa, n\u00famero de identificaci\u00f3n 28531418, inscrita en el Registro Mercantil del Tribunal Municipal de Praga, secci\u00f3n C, entrada 148383 (en adelante, el \u201cEjecutor\u201d).<\/span><\/p>\n<h4><b>Fechas, lugar y rondas del concurso<\/b><\/h4>\n<ul>\n<li style=\"font-weight: 400;\" aria-level=\"1\"><span style=\"font-weight: 400;\">Ronda 1 \u2013 del 28\/06\/2025 a las 00:01 (CET) al 04\/07\/2025 a las 23:59 (CET)<\/span><\/li>\n<li style=\"font-weight: 400;\" aria-level=\"1\"><span style=\"font-weight: 400;\">Ronda 2 \u2013 del 05\/07\/2025 a las 00:01 (CET) al 11\/07\/2025 a las 23:59 (CET)<\/span><\/li>\n<li style=\"font-weight: 400;\" aria-level=\"1\"><span style=\"font-weight: 400;\">Ronda 3 \u2013 del 12\/07\/2025 a las 00:01 (CET) al 18\/07\/2025 a las 23:59 (CET)<\/span><\/li>\n<li style=\"font-weight: 400;\" aria-level=\"1\"><span style=\"font-weight: 400;\">Ronda 4 \u2013 del 19\/07\/2025 a las 00:01 (CET) al 25\/07\/2025 a las 23:59 (CET)<\/span><\/li>\n<li style=\"font-weight: 400;\" aria-level=\"1\"><span style=\"font-weight: 400;\">Ronda 5 \u2013 del 26\/07\/2025 a las 00:01 (CET) al 03\/08\/2025 a las 23:59 (CET)<\/span><\/li>\n<\/ul>\n<p><span style=\"font-weight: 400;\">El concurso se celebra en la p\u00e1gina web <\/span><a href=\"http:\/\/www.welovecycling.com\/\"><span style=\"font-weight: 400;\">www.welovecycling.com<\/span><\/a><span style=\"font-weight: 400;\"> (en adelante, el \u201csitio del concurso\u201d), desde donde tambi\u00e9n se gestiona toda la comunicaci\u00f3n con los participantes.<\/span><\/p>\n<h4><b>Participaci\u00f3n<\/b><\/h4>\n<p><span style=\"font-weight: 400;\">Podr\u00e1n participar todas las personas f\u00edsicas mayores de 18 a\u00f1os que residan en uno de los siguientes pa\u00edses: ANDORRA, AUSTRALIA, AUSTRIA, B\u00c9LGICA, BOSNIA, BULGARIA, CROACIA, REP\u00daBLICA CHECA, DINAMARCA, ESTONIA, FINLANDIA, FRANCIA, ALEMANIA, REINO UNIDO, GRECIA, HUNGR\u00cdA, ISLANDIA, IRLANDA, ITALIA, LETONIA, LIECHTENSTEIN, LITUANIA, LUXEMBURGO, MONTENEGRO, PA\u00cdSES BAJOS, NORUEGA, POLONIA, PORTUGAL, RUMAN\u00cdA, SERBIA, ESLOVAQUIA, ESLOVENIA, ESPA\u00d1A, SUECIA, SUIZA y UCRANIA.<\/span><\/p>\n<p><span style=\"font-weight: 400;\">Para participar, es necesario registrarse en el sitio del concurso en cualquier momento durante el per\u00edodo de participaci\u00f3n y aceptar de forma incondicional estas bases. El formulario de registro incluye la indicaci\u00f3n de una direcci\u00f3n de correo electr\u00f3nico, que se utilizar\u00e1 exclusivamente con fines relacionados con este concurso.<\/span><\/p>\n<p><span style=\"font-weight: 400;\">Cada persona solo podr\u00e1 registrarse una vez y \u00fanicamente con su propia direcci\u00f3n de correo electr\u00f3nico. El Organizador se reserva el derecho de verificar este requisito mediante medios t\u00e9cnicos y organizativos.<\/span><\/p>\n<p><span style=\"font-weight: 400;\">No podr\u00e1n participar las personas involucradas en la preparaci\u00f3n del concurso (empleados, colaboradores, agencias contratadas, socios autorizados de \u0160koda), ni sus familiares ni personas cercanas.<\/span><\/p>\n<h4><b>Mec\u00e1nica del concurso y selecci\u00f3n de ganadores<\/b><\/h4>\n<p><span style=\"font-weight: 400;\">Cada participante debe responder correctamente a cinco preguntas. Aquellos que respondan correctamente y se registren correctamente tendr\u00e1n la oportunidad de ganar un premio.<\/span><\/p>\n<p><span style=\"font-weight: 400;\">Los ganadores se seleccionan seg\u00fan las siguientes posiciones en la lista de participaci\u00f3n ordenada cronol\u00f3gicamente:<\/span><\/p>\n<ul>\n<li style=\"font-weight: 400;\" aria-level=\"1\"><span style=\"font-weight: 400;\">Rondas 1, 3 y 5: posiciones 1\/11, 2\/11, &#8230;, 9\/11<\/span><\/li>\n<li style=\"font-weight: 400;\" aria-level=\"1\"><span style=\"font-weight: 400;\">Ronda 2: posiciones 1\/11 a 7\/11<\/span><\/li>\n<li style=\"font-weight: 400;\" aria-level=\"1\"><span style=\"font-weight: 400;\">Ronda 4: posiciones 1\/17 a 16\/17<\/span><\/li>\n<\/ul>\n<p><span style=\"font-weight: 400;\">Si el n\u00famero de participantes no es divisible por 11 o 17, se redondear\u00e1 hacia abajo al n\u00famero entero m\u00e1s pr\u00f3ximo.<\/span><\/p>\n<p><span style=\"font-weight: 400;\">Por ejemplo, si hay 7183 participantes en la Ronda 1, los ganadores estar\u00e1n en las posiciones 653, 1306, 1959, etc.<\/span><\/p>\n<p><span style=\"font-weight: 400;\">Los ganadores ser\u00e1n contactados en un plazo de 5 d\u00edas tras el fin de la ronda correspondiente mediante el correo electr\u00f3nico facilitado en el registro. Si un ganador no responde en un plazo de 24 horas, incluso tras un segundo correo, perder\u00e1 el derecho al premio sin compensaci\u00f3n alguna.<\/span><\/p>\n<h4><b>Premios<\/b><\/h4>\n<p><b>Ronda 1<\/b><\/p>\n<ul>\n<li style=\"font-weight: 400;\" aria-level=\"1\"><span style=\"font-weight: 400;\">1x Experiencia de hospitalidad en el Tour de Francia<\/span><\/li>\n<li style=\"font-weight: 400;\" aria-level=\"1\"><span style=\"font-weight: 400;\">3x Casco POC CYTAL (carbon uranium black)<\/span><\/li>\n<li style=\"font-weight: 400;\" aria-level=\"1\"><span style=\"font-weight: 400;\">5x Maillot verde \u0160koda<\/span><\/li>\n<\/ul>\n<p><b>Ronda 2<\/b><\/p>\n<ul>\n<li style=\"font-weight: 400;\" aria-level=\"1\"><span style=\"font-weight: 400;\">1x Experiencia de hospitalidad en el Tour de Francia<\/span><\/li>\n<li style=\"font-weight: 400;\" aria-level=\"1\"><span style=\"font-weight: 400;\">1x Cannondale Topstone Carbon 3<\/span><\/li>\n<li style=\"font-weight: 400;\" aria-level=\"1\"><span style=\"font-weight: 400;\">5x Maillot verde \u0160koda<\/span><\/li>\n<\/ul>\n<p><b>Ronda 3<\/b><\/p>\n<ul>\n<li style=\"font-weight: 400;\" aria-level=\"1\"><span style=\"font-weight: 400;\">1x Experiencia de hospitalidad en el Tour de Francia<\/span><\/li>\n<li style=\"font-weight: 400;\" aria-level=\"1\"><span style=\"font-weight: 400;\">1x Cannondale Mavaro 4<\/span><\/li>\n<li style=\"font-weight: 400;\" aria-level=\"1\"><span style=\"font-weight: 400;\">5x Maillot verde \u0160koda<\/span><\/li>\n<\/ul>\n<p><b>Ronda 4<\/b><\/p>\n<ul>\n<li style=\"font-weight: 400;\" aria-level=\"1\"><span style=\"font-weight: 400;\">1x Cannondale Scalpel 3<\/span><\/li>\n<li style=\"font-weight: 400;\" aria-level=\"1\"><span style=\"font-weight: 400;\">10x Pulsera hecha con la cadena de la bici de Biniam Girmay (maillot verde 2024)<\/span><\/li>\n<li style=\"font-weight: 400;\" aria-level=\"1\"><span style=\"font-weight: 400;\">5x Maillot verde \u0160koda<\/span><\/li>\n<\/ul>\n<p><b>Ronda 5<\/b><\/p>\n<ul>\n<li style=\"font-weight: 400;\" aria-level=\"1\"><span style=\"font-weight: 400;\">1x Cannondale SuperSix EVO 1<\/span><\/li>\n<li style=\"font-weight: 400;\" aria-level=\"1\"><span style=\"font-weight: 400;\">3x Casco POC CYTAL (carbon uranium black)<\/span><\/li>\n<li style=\"font-weight: 400;\" aria-level=\"1\"><span style=\"font-weight: 400;\">5x Maillot verde \u0160koda<\/span><\/li>\n<\/ul>\n<p><i><span style=\"font-weight: 400;\">La entrega de bicicletas podr\u00eda demorarse hasta 8 meses debido a posibles retrasos en el suministro de componentes.<\/span><\/i><\/p>\n<h3><b>Informaci\u00f3n sobre el tratamiento de datos personales<\/b><\/h3>\n<p><span style=\"font-weight: 400;\">\u0160koda Auto a.s., como responsable del tratamiento de datos conforme al Reglamento General de Protecci\u00f3n de Datos (Reglamento (UE) 2016\/679), proporciona la siguiente informaci\u00f3n relativa al tratamiento de datos personales y los derechos del usuario:<\/span><\/p>\n<p><b>Base legal del tratamiento:<\/b><b><br \/>\n<\/b><span style=\"font-weight: 400;\">El tratamiento de datos se realiza en virtud de la ejecuci\u00f3n de un contrato (estas bases del concurso).<\/span><\/p>\n<p><b>Categor\u00edas de datos tratados:<\/b><b><br \/>\n<\/b><span style=\"font-weight: 400;\">Datos de identificaci\u00f3n, informaci\u00f3n de contacto, comunicaciones e interacciones mutuas.<\/span><\/p>\n<p><b>Periodo de conservaci\u00f3n:<\/b><b><br \/>\n<\/b><span style=\"font-weight: 400;\">Los datos personales se conservar\u00e1n durante un a\u00f1o despu\u00e9s de la finalizaci\u00f3n del concurso.<\/span><\/p>\n<p><b>Destinatarios y encargados del tratamiento:<\/b><b><br \/>\n<\/b><span style=\"font-weight: 400;\">El encargado del tratamiento es MUSTARD s.r.o., con sede en Masarykovo n\u00e1b\u0159. 246, 110 00 Praga, Rep\u00fablica Checa.<\/span><span style=\"font-weight: 400;\"><br \/>\n<\/span><span style=\"font-weight: 400;\">Los datos personales tambi\u00e9n podr\u00e1n facilitarse a las autoridades p\u00fablicas competentes (tribunales, polic\u00eda u otros cuerpos de seguridad) en caso de solicitud, conforme a la legislaci\u00f3n vigente.<\/span><\/p>\n<p><b>Origen de los datos:<\/b><b><br \/>\n<\/b><span style=\"font-weight: 400;\">Los datos personales son facilitados directamente por el participante durante el proceso de registro.<\/span><\/p>\n<p><b>Transferencia de datos a terceros pa\u00edses o empresas multinacionales:<\/b><b><br \/>\n<\/b><span style=\"font-weight: 400;\">No se transferir\u00e1n datos personales fuera de la Uni\u00f3n Europea ni a empresas multinacionales.<\/span><\/p>\n<p><b>Toma de decisiones automatizada:<\/b><b><br \/>\n<\/b><span style=\"font-weight: 400;\">No se aplican decisiones automatizadas basadas en los datos personales facilitados.<\/span><\/p>\n<p><b>Otras consideraciones:<\/b><b><br \/>\n<\/b><span style=\"font-weight: 400;\">Los datos podr\u00e1n archivarse por inter\u00e9s p\u00fablico y utilizarse con fines cient\u00edficos, hist\u00f3ricos o estad\u00edsticos. Tambi\u00e9n podr\u00e1n tratarse en relaci\u00f3n con procedimientos legales o cumplimiento de obligaciones con administraciones p\u00fablicas.<\/span><\/p>\n<h3><b>Derechos del participante<\/b><\/h3>\n<p><span style=\"font-weight: 400;\">El participante tiene derecho a:<\/span><\/p>\n<ul>\n<li style=\"font-weight: 400;\" aria-level=\"1\"><span style=\"font-weight: 400;\">Acceder a sus datos personales<\/span><\/li>\n<li style=\"font-weight: 400;\" aria-level=\"1\"><span style=\"font-weight: 400;\">Solicitar la rectificaci\u00f3n de datos incorrectos o incompletos<\/span><\/li>\n<li style=\"font-weight: 400;\" aria-level=\"1\"><span style=\"font-weight: 400;\">Solicitar la supresi\u00f3n de los datos cuando ya no sean necesarios o se traten de forma indebida<\/span><\/li>\n<li style=\"font-weight: 400;\" aria-level=\"1\"><span style=\"font-weight: 400;\">Solicitar la limitaci\u00f3n del tratamiento<\/span><\/li>\n<li style=\"font-weight: 400;\" aria-level=\"1\"><span style=\"font-weight: 400;\">Solicitar la portabilidad de los datos en formato estructurado y de lectura autom\u00e1tica<\/span><\/li>\n<li style=\"font-weight: 400;\" aria-level=\"1\"><span style=\"font-weight: 400;\">Oponerse a decisiones automatizadas<\/span><\/li>\n<\/ul>\n<p><b>Para ejercer estos derechos, puede contactar a trav\u00e9s de:<\/b><\/p>\n<ul>\n<li style=\"font-weight: 400;\" aria-level=\"1\"><a href=\"https:\/\/www.skoda-auto.com\/data-privacy\"><span style=\"font-weight: 400;\">https:\/\/www.skoda-auto.com\/data-privacy<\/span><\/a><\/li>\n<li style=\"font-weight: 400;\" aria-level=\"1\"><span style=\"font-weight: 400;\">Por correo postal: \u0160koda Auto a.s., Data Protection Office, t\u0159. V\u00e1clava Klementa 869, CZ-293 01 Mlad\u00e1 Boleslav, Rep\u00fablica Checa (en ingl\u00e9s o checo)<\/span><\/li>\n<\/ul>\n<p><b>Contacto del Delegado de Protecci\u00f3n de Datos:<\/b><b><br \/>\n<\/b><b>dpo@skoda-auto.cz<\/b><\/p>\n<p><span style=\"font-weight: 400;\">Si considera que el tratamiento de sus datos no se ajusta a la normativa, puede presentar una reclamaci\u00f3n ante el Delegado de Protecci\u00f3n de Datos de \u0160koda o ante la autoridad nacional de protecci\u00f3n de datos de la Rep\u00fablica Checa:<\/span><span style=\"font-weight: 400;\"><br \/>\n<\/span><a href=\"https:\/\/www.uoou.cz\/en\"><span style=\"font-weight: 400;\">https:\/\/www.uoou.cz\/en<\/span><\/a><\/p>\n<h3><b>Otras condiciones importantes<\/b><\/h3>\n<p><span style=\"font-weight: 400;\">\u0160koda se reserva el derecho de definir unilateralmente las especificaciones exactas de los premios. Las im\u00e1genes promocionales son meramente ilustrativas. No se admitir\u00e1n reclamaciones de cambio de premio por dinero u otros bienes.<\/span><\/p>\n<p><span style=\"font-weight: 400;\">\u0160koda no se hace responsable de ning\u00fan da\u00f1o derivado del uso de los premios ni de problemas t\u00e9cnicos o de comunicaci\u00f3n que puedan surgir durante el concurso. Los resultados ser\u00e1n definitivos y no estar\u00e1n sujetos a apelaci\u00f3n.<\/span><\/p>\n<p><span style=\"font-weight: 400;\">\u0160koda se reserva el derecho de excluir a cualquier participante sospechoso de fraude, comportamiento desleal o participaci\u00f3n no conforme a las bases.<\/span><\/p>\n<p><span style=\"font-weight: 400;\">Asimismo, se reserva el derecho de modificar, suspender o cancelar el concurso o el contenido de las bases en cualquier momento, sin necesidad de compensaci\u00f3n. Las versiones actualizadas estar\u00e1n siempre disponibles en la p\u00e1gina oficial del concurso.<\/span><\/p>\n<p><span style=\"font-weight: 400;\">Este concurso se rige por la legislaci\u00f3n de la Rep\u00fablica Checa.<\/span><\/p>\n<p>&nbsp;<\/p>\n","protected":false},"excerpt":{"rendered":"<p>Bases del Concurso \u201c2025 TDF Contest\u201d Organizador y responsable del concurso El organizador del concurso es \u0160koda Auto a.s., una [&hellip;]<\/p>\n","protected":false},"author":144,"featured_media":0,"parent":198865,"menu_order":0,"comment_status":"closed","ping_status":"closed","template":"templates\/template-empty-page.php","meta":{"footnotes":""},"tags":[],"class_list":["post-198871","page","type-page","status-publish","hentry"],"yoast_head":"<!-- This site is optimized with the Yoast SEO Premium plugin v25.3 (Yoast SEO v25.9) - https:\/\/yoast.com\/wordpress\/plugins\/seo\/ -->\n<title>Terms And Conditions - \u0160koda We Love Cycling<\/title>\n<meta name=\"robots\" content=\"index, follow, max-snippet:-1, max-image-preview:large, max-video-preview:-1\" \/>\n<link rel=\"canonical\" href=\"https:\/\/www.welovecycling.com\/wide\/tour-de-france-2025\/cl\/terms-and-conditions\/\" \/>\n<meta property=\"og:locale\" content=\"en_US\" \/>\n<meta property=\"og:type\" content=\"article\" \/>\n<meta property=\"og:title\" content=\"Terms And Conditions\" \/>\n<meta property=\"og:url\" content=\"https:\/\/www.welovecycling.com\/wide\/tour-de-france-2025\/cl\/terms-and-conditions\/\" \/>\n<meta property=\"og:site_name\" content=\"\u0160koda We Love Cycling\" \/>\n<meta name=\"twitter:card\" content=\"summary_large_image\" \/>\n<meta name=\"twitter:label1\" content=\"Est. reading time\" \/>\n\t<meta name=\"twitter:data1\" content=\"6 minutes\" \/>\n<script type=\"application\/ld+json\" class=\"yoast-schema-graph\">{\"@context\":\"https:\/\/schema.org\",\"@graph\":[{\"@type\":\"WebPage\",\"@id\":\"https:\/\/www.welovecycling.com\/wide\/tour-de-france-2025\/cl\/terms-and-conditions\/\",\"url\":\"https:\/\/www.welovecycling.com\/wide\/tour-de-france-2025\/cl\/terms-and-conditions\/\",\"name\":\"Terms And Conditions - \u0160koda We Love Cycling\",\"isPartOf\":{\"@id\":\"https:\/\/www.welovecycling.com\/wide\/#website\"},\"datePublished\":\"2025-06-20T09:44:54+00:00\",\"breadcrumb\":{\"@id\":\"https:\/\/www.welovecycling.com\/wide\/tour-de-france-2025\/cl\/terms-and-conditions\/#breadcrumb\"},\"inLanguage\":\"en-US\",\"potentialAction\":[{\"@type\":\"ReadAction\",\"target\":[\"https:\/\/www.welovecycling.com\/wide\/tour-de-france-2025\/cl\/terms-and-conditions\/\"]}]},{\"@type\":\"BreadcrumbList\",\"@id\":\"https:\/\/www.welovecycling.com\/wide\/tour-de-france-2025\/cl\/terms-and-conditions\/#breadcrumb\",\"itemListElement\":[{\"@type\":\"ListItem\",\"position\":1,\"name\":\"Home\",\"item\":\"https:\/\/www.welovecycling.com\/wide\/\"},{\"@type\":\"ListItem\",\"position\":2,\"name\":\"Tour de France 2025\",\"item\":\"https:\/\/www.welovecycling.com\/wide\/tour-de-france-2025\/\"},{\"@type\":\"ListItem\",\"position\":3,\"name\":\"Tour de France 2025 \u2013 CL\",\"item\":\"https:\/\/www.welovecycling.com\/wide\/tour-de-france-2025\/cl\/\"},{\"@type\":\"ListItem\",\"position\":4,\"name\":\"Terms And Conditions\"}]},{\"@type\":\"WebSite\",\"@id\":\"https:\/\/www.welovecycling.com\/wide\/#website\",\"url\":\"https:\/\/www.welovecycling.com\/wide\/\",\"name\":\"\u0160koda We Love Cycling\",\"description\":\"\u0160koda We Love Cycling magazine\",\"alternateName\":\"\u0160koda WLC\",\"potentialAction\":[{\"@type\":\"SearchAction\",\"target\":{\"@type\":\"EntryPoint\",\"urlTemplate\":\"https:\/\/www.welovecycling.com\/wide\/?s={search_term_string}\"},\"query-input\":{\"@type\":\"PropertyValueSpecification\",\"valueRequired\":true,\"valueName\":\"search_term_string\"}}],\"inLanguage\":\"en-US\"}]}<\/script>\n<!-- \/ Yoast SEO Premium plugin. -->","yoast_head_json":{"title":"Terms And Conditions - \u0160koda We Love Cycling","robots":{"index":"index","follow":"follow","max-snippet":"max-snippet:-1","max-image-preview":"max-image-preview:large","max-video-preview":"max-video-preview:-1"},"canonical":"https:\/\/www.welovecycling.com\/wide\/tour-de-france-2025\/cl\/terms-and-conditions\/","og_locale":"en_US","og_type":"article","og_title":"Terms And Conditions","og_url":"https:\/\/www.welovecycling.com\/wide\/tour-de-france-2025\/cl\/terms-and-conditions\/","og_site_name":"\u0160koda We Love Cycling","twitter_card":"summary_large_image","twitter_misc":{"Est. reading time":"6 minutes"},"schema":{"@context":"https:\/\/schema.org","@graph":[{"@type":"WebPage","@id":"https:\/\/www.welovecycling.com\/wide\/tour-de-france-2025\/cl\/terms-and-conditions\/","url":"https:\/\/www.welovecycling.com\/wide\/tour-de-france-2025\/cl\/terms-and-conditions\/","name":"Terms And Conditions - \u0160koda We Love Cycling","isPartOf":{"@id":"https:\/\/www.welovecycling.com\/wide\/#website"},"datePublished":"2025-06-20T09:44:54+00:00","breadcrumb":{"@id":"https:\/\/www.welovecycling.com\/wide\/tour-de-france-2025\/cl\/terms-and-conditions\/#breadcrumb"},"inLanguage":"en-US","potentialAction":[{"@type":"ReadAction","target":["https:\/\/www.welovecycling.com\/wide\/tour-de-france-2025\/cl\/terms-and-conditions\/"]}]},{"@type":"BreadcrumbList","@id":"https:\/\/www.welovecycling.com\/wide\/tour-de-france-2025\/cl\/terms-and-conditions\/#breadcrumb","itemListElement":[{"@type":"ListItem","position":1,"name":"Home","item":"https:\/\/www.welovecycling.com\/wide\/"},{"@type":"ListItem","position":2,"name":"Tour de France 2025","item":"https:\/\/www.welovecycling.com\/wide\/tour-de-france-2025\/"},{"@type":"ListItem","position":3,"name":"Tour de France 2025 \u2013 CL","item":"https:\/\/www.welovecycling.com\/wide\/tour-de-france-2025\/cl\/"},{"@type":"ListItem","position":4,"name":"Terms And Conditions"}]},{"@type":"WebSite","@id":"https:\/\/www.welovecycling.com\/wide\/#website","url":"https:\/\/www.welovecycling.com\/wide\/","name":"\u0160koda We Love Cycling","description":"\u0160koda We Love Cycling magazine","alternateName":"\u0160koda WLC","potentialAction":[{"@type":"SearchAction","target":{"@type":"EntryPoint","urlTemplate":"https:\/\/www.welovecycling.com\/wide\/?s={search_term_string}"},"query-input":{"@type":"PropertyValueSpecification","valueRequired":true,"valueName":"search_term_string"}}],"inLanguage":"en-US"}]}},"_links":{"self":[{"href":"https:\/\/www.welovecycling.com\/wide\/wp-json\/wp\/v2\/pages\/198871","targetHints":{"allow":["GET"]}}],"collection":[{"href":"https:\/\/www.welovecycling.com\/wide\/wp-json\/wp\/v2\/pages"}],"about":[{"href":"https:\/\/www.welovecycling.com\/wide\/wp-json\/wp\/v2\/types\/page"}],"author":[{"embeddable":true,"href":"https:\/\/www.welovecycling.com\/wide\/wp-json\/wp\/v2\/users\/144"}],"replies":[{"embeddable":true,"href":"https:\/\/www.welovecycling.com\/wide\/wp-json\/wp\/v2\/comments?post=198871"}],"version-history":[{"count":1,"href":"https:\/\/www.welovecycling.com\/wide\/wp-json\/wp\/v2\/pages\/198871\/revisions"}],"predecessor-version":[{"id":198872,"href":"https:\/\/www.welovecycling.com\/wide\/wp-json\/wp\/v2\/pages\/198871\/revisions\/198872"}],"up":[{"embeddable":true,"href":"https:\/\/www.welovecycling.com\/wide\/wp-json\/wp\/v2\/pages\/198865"}],"wp:attachment":[{"href":"https:\/\/www.welovecycling.com\/wide\/wp-json\/wp\/v2\/media?parent=198871"}],"wp:term":[{"taxonomy":"post_tag","embeddable":true,"href":"https:\/\/www.welovecycling.com\/wide\/wp-json\/wp\/v2\/tags?post=198871"}],"curies":[{"name":"wp","href":"https:\/\/api.w.org\/{rel}","templated":true}]}}