{"id":198858,"date":"2025-06-20T08:33:46","date_gmt":"2025-06-20T08:33:46","guid":{"rendered":"https:\/\/www.welovecycling.com\/wide\/?page_id=198858"},"modified":"2025-06-20T08:33:46","modified_gmt":"2025-06-20T08:33:46","slug":"terms-and-conditions-persona-share","status":"publish","type":"page","link":"https:\/\/www.welovecycling.com\/wide\/tour-de-france-2025\/be-fr\/terms-and-conditions-persona-share\/","title":{"rendered":"Terms And Conditions &#8211; Persona Share"},"content":{"rendered":"<p><b>Le pr\u00e9sent r\u00e8glement fixe les conditions du \u201cConcours 2025 TDF\u201d (ci-apr\u00e8s d\u00e9nomm\u00e9 le \u201cConcours\u201d) et constitue le seul document qui r\u00e9git de mani\u00e8re compl\u00e8te et obligatoire les r\u00e8gles de ce concours.<\/b><\/p>\n<p>&nbsp;<\/p>\n<h4><span style=\"font-weight: 400;\">Organisateur et promoteur du Concours<\/span><\/h4>\n<p><span style=\"font-weight: 400;\">Le promoteur du Concours est <\/span><b>\u0160koda Auto a.s.<\/b><span style=\"font-weight: 400;\">, soci\u00e9t\u00e9 anonyme dont le si\u00e8ge social est situ\u00e9 t\u0159. V\u00e1clava Klementa 869, 293 01 Mlad\u00e1 Boleslav, R\u00e9publique tch\u00e8que, immatricul\u00e9e sous le num\u00e9ro 00177041 au registre du commerce tenu par le tribunal municipal de Prague, section B, dossier n\u00b0 332 (ci-apr\u00e8s d\u00e9nomm\u00e9e le \u201cPromoteur\u201d).<\/span><\/p>\n<p><span style=\"font-weight: 400;\">L\u2019organisation pratique du Concours est assur\u00e9e par <\/span><b>MUSTARD s.r.o.<\/b><span style=\"font-weight: 400;\">, dont le si\u00e8ge social est sis Masarykovo n\u00e1b\u0159. 246, 110 00, Prague 1 \u2013 Nov\u00e9 M\u011bsto, R\u00e9publique tch\u00e8que, immatricul\u00e9e au registre du commerce du tribunal municipal de Prague, section C, entr\u00e9e 148383 (ci-apr\u00e8s d\u00e9nomm\u00e9e \u201cl\u2019Organisateur\u201d).<\/span><\/p>\n<p>&nbsp;<\/p>\n<h4><span style=\"font-weight: 400;\">Dur\u00e9e et lieu du Concours<\/span><\/h4>\n<p><b>P\u00e9riode du Concours<\/b><span style=\"font-weight: 400;\"> : du 28 juin 2025 \u00e0 00h01 (CET) au 20 juillet 2025 \u00e0 23h59 (CET).<\/span><\/p>\n<p><span style=\"font-weight: 400;\">Le Concours se d\u00e9roule sur le site internet <\/span><a href=\"http:\/\/www.welovecycling.com\"><b>www.welovecycling.com<\/b><\/a><span style=\"font-weight: 400;\"> (ci-apr\u00e8s le \u201cSite du Concours\u201d), o\u00f9 toutes les communications avec les participants auront lieu.<\/span><\/p>\n<p>&nbsp;<\/p>\n<h4><span style=\"font-weight: 400;\">Conditions de participation<\/span><\/h4>\n<p><span style=\"font-weight: 400;\">Toute personne physique \u00e2g\u00e9e de 18 ans ou plus et r\u00e9sidant dans l\u2019un des pays suivants peut participer : ANDORRE, AUSTRALIE, AUTRICHE, BELGIQUE, BOSNIE, BULGARIE, CROATIE, R\u00c9PUBLIQUE TCH\u00c8QUE, DANEMARK, ESTONIE, FINLANDE, FRANCE, ALLEMAGNE, ROYAUME-UNI, GR\u00c8CE, HONGRIE, ISLANDE, IRLANDE, ITALIE, LETTONIE, LIECHTENSTEIN, LITUANIE, LUXEMBOURG, MONT\u00c9N\u00c9GRO, PAYS-BAS, NORV\u00c8GE, POLOGNE, PORTUGAL, ROUMANIE, SERBIE, SLOVAQUIE, SLOV\u00c9NIE, ESPAGNE, SU\u00c8DE, SUISSE, UKRAINE.<\/span><\/p>\n<p><span style=\"font-weight: 400;\">Pour participer, il est n\u00e9cessaire de s\u2019inscrire sur le Site du Concours pendant la p\u00e9riode de participation, et d\u2019accepter sans r\u00e9serve le pr\u00e9sent r\u00e8glement. L\u2019inscription implique la fourniture d\u2019une adresse e-mail, utilis\u00e9e exclusivement dans le cadre du Concours.<\/span><\/p>\n<p><span style=\"font-weight: 400;\">Un participant ne peut s\u2019inscrire qu\u2019une seule fois avec sa propre adresse e-mail. Le Promoteur se r\u00e9serve le droit de v\u00e9rifier le respect de cette r\u00e8gle par des moyens techniques ou organisationnels.<\/span><\/p>\n<p><span style=\"font-weight: 400;\">Sont exclus de la participation toutes les personnes ayant contribu\u00e9 \u00e0 l\u2019organisation du Concours, y compris les employ\u00e9s ou collaborateurs du Promoteur, de l\u2019Organisateur, des partenaires \u0160koda participants ou des agences impliqu\u00e9es, ainsi que leurs proches ou membres de leur famille.<\/span><\/p>\n<p>&nbsp;<\/p>\n<h4><span style=\"font-weight: 400;\">Fonctionnement du Concours et s\u00e9lection des gagnants<\/span><\/h4>\n<p><span style=\"font-weight: 400;\">Pour participer, les utilisateurs doivent partager une image g\u00e9n\u00e9r\u00e9e par IA via <\/span><b>welovecycling.com<\/b><span style=\"font-weight: 400;\"> sur Instagram ou Facebook, en incluant le hashtag <\/span><b>#FindYourTour<\/b><span style=\"font-weight: 400;\"> dans la l\u00e9gende, pendant la p\u00e9riode du Concours.<\/span><\/p>\n<p><span style=\"font-weight: 400;\">Les participants class\u00e9s aux positions 1\/11, 2\/11, 3\/11, 4\/11, 5\/11, 6\/11 et 7\/11 dans la liste de tous les participants seront d\u00e9clar\u00e9s gagnants. Si le nombre total de participants n\u2019est pas divisible par 11, il sera arrondi \u00e0 l\u2019entier inf\u00e9rieur divisible par 11.<\/span><\/p>\n<p><span style=\"font-weight: 400;\">Les gagnants seront contact\u00e9s par message priv\u00e9 sur Instagram ou Facebook dans les cinq jours suivant la fin de chaque session du Concours. Ils devront fournir les informations n\u00e9cessaires \u00e0 l\u2019attribution de leur prix dans les 12 heures suivant la notification, sans quoi le prix sera annul\u00e9 sans compensation.<\/span><\/p>\n<p>&nbsp;<\/p>\n<h4><span style=\"font-weight: 400;\">Description des prix<\/span><\/h4>\n<p><span style=\"font-weight: 400;\">7\u00d7 <\/span><b>\u201cProgramme Insider Tour de France\u201d<\/b><span style=\"font-weight: 400;\"> pour deux personnes \u00e0 Paris, avec h\u00e9bergement et frais de d\u00e9placement enti\u00e8rement pris en charge.<\/span><\/p>\n<p>&nbsp;<\/p>\n<h4><span style=\"font-weight: 400;\">Traitement des donn\u00e9es personnelles<\/span><\/h4>\n<p><span style=\"font-weight: 400;\">\u0160koda Auto a.s. agit en tant que responsable du traitement au sens du <\/span><b>R\u00e8glement g\u00e9n\u00e9ral sur la protection des donn\u00e9es (RGPD \u2013 R\u00e8glement UE 2016\/679)<\/b><span style=\"font-weight: 400;\">.<\/span><\/p>\n<ul>\n<li style=\"font-weight: 400;\" aria-level=\"1\"><b>Objectif<\/b><span style=\"font-weight: 400;\"> : organisation de concours et garantie de votes \u00e9quitables<\/span><\/li>\n<li style=\"font-weight: 400;\" aria-level=\"1\"><b>Base juridique<\/b><span style=\"font-weight: 400;\"> : ex\u00e9cution d\u2019un contrat (pr\u00e9sent r\u00e8glement)<\/span><\/li>\n<li style=\"font-weight: 400;\" aria-level=\"1\"><b>Donn\u00e9es trait\u00e9es<\/b><span style=\"font-weight: 400;\"> : donn\u00e9es d\u2019identification, coordonn\u00e9es, \u00e9changes<\/span><\/li>\n<li style=\"font-weight: 400;\" aria-level=\"1\"><b>Dur\u00e9e de conservation<\/b><span style=\"font-weight: 400;\"> : un an apr\u00e8s la fin du Concours<\/span><\/li>\n<li style=\"font-weight: 400;\" aria-level=\"1\"><b>Destinataires<\/b><span style=\"font-weight: 400;\"> : MUSTARD s.r.o. et autorit\u00e9s publiques si n\u00e9cessaire<\/span><\/li>\n<li style=\"font-weight: 400;\" aria-level=\"1\"><b>Transferts internationaux<\/b><span style=\"font-weight: 400;\"> : aucun<\/span><\/li>\n<li style=\"font-weight: 400;\" aria-level=\"1\"><b>D\u00e9cisions automatis\u00e9es<\/b><span style=\"font-weight: 400;\"> : aucune<\/span><\/li>\n<\/ul>\n<p><b>Droits du participant<\/b><span style=\"font-weight: 400;\"> :<\/span><span style=\"font-weight: 400;\"><br \/>\n<\/span><span style=\"font-weight: 400;\">\u2013 Acc\u00e8s<\/span><span style=\"font-weight: 400;\"><br \/>\n<\/span><span style=\"font-weight: 400;\">\u2013 Rectification<\/span><span style=\"font-weight: 400;\"><br \/>\n<\/span><span style=\"font-weight: 400;\">\u2013 Suppression<\/span><span style=\"font-weight: 400;\"><br \/>\n<\/span><span style=\"font-weight: 400;\">\u2013 Limitation du traitement<\/span><span style=\"font-weight: 400;\"><br \/>\n<\/span><span style=\"font-weight: 400;\">\u2013 Portabilit\u00e9<\/span><span style=\"font-weight: 400;\"><br \/>\n<\/span><span style=\"font-weight: 400;\">\u2013 Opposition \u00e0 la prise de d\u00e9cision automatis\u00e9e<\/span><\/p>\n<p><b>Contact<\/b><span style=\"font-weight: 400;\"> :<\/span><\/p>\n<ul>\n<li style=\"font-weight: 400;\" aria-level=\"1\"><span style=\"font-weight: 400;\">dpo@skoda-auto.cz<\/span><\/li>\n<li style=\"font-weight: 400;\" aria-level=\"1\"><a href=\"https:\/\/www.skoda-auto.com\/data-privacy\"><span style=\"font-weight: 400;\">https:\/\/www.skoda-auto.com\/data-privacy<\/span><\/a><\/li>\n<\/ul>\n<p><span style=\"font-weight: 400;\">En cas de litige, vous pouvez adresser une r\u00e9clamation au d\u00e9l\u00e9gu\u00e9 \u00e0 la protection des donn\u00e9es ou \u00e0 l\u2019autorit\u00e9 de contr\u00f4le suivante :<\/span><span style=\"font-weight: 400;\"><br \/>\n<\/span><b>Office pour la protection des donn\u00e9es personnelles<\/b><span style=\"font-weight: 400;\">, Pplk. Sochora 27, 170 00 Prague 7, +420 234 665 111, <\/span><a href=\"https:\/\/www.uoou.cz\"><span style=\"font-weight: 400;\">https:\/\/www.uoou.cz<\/span><\/a><\/p>\n<p>&nbsp;<\/p>\n<h4><span style=\"font-weight: 400;\">Autres dispositions importantes<\/span><\/h4>\n<p><span style=\"font-weight: 400;\">Le Promoteur se r\u00e9serve le droit de d\u00e9finir les sp\u00e9cifications des prix. Les images publicitaires sont uniquement \u00e0 titre illustratif. Le Promoteur d\u00e9cline toute responsabilit\u00e9 pour les dommages li\u00e9s \u00e0 l\u2019utilisation des prix.<\/span><\/p>\n<p><span style=\"font-weight: 400;\">Aucune compensation financi\u00e8re ni remplacement ne sera accord\u00e9. Le Promoteur ne sera tenu \u00e0 aucune autre obligation que celles mentionn\u00e9es dans le pr\u00e9sent r\u00e8glement.<\/span><\/p>\n<p><span style=\"font-weight: 400;\">Le Promoteur ne pourra \u00eatre tenu responsable de probl\u00e8mes techniques ou d\u2019erreurs de communication. Les r\u00e9sultats sont d\u00e9finitifs et sans appel.<\/span><\/p>\n<p><span style=\"font-weight: 400;\">En cas de suspicion de fraude ou de comportement d\u00e9loyal, le participant pourra \u00eatre disqualifi\u00e9.<\/span><\/p>\n<p><span style=\"font-weight: 400;\">Le Promoteur peut modifier, suspendre ou annuler le Concours sans obligation d\u2019indemnisation. Toute modification sera communiqu\u00e9e sur le Site du Concours.<\/span><\/p>\n<p><span style=\"font-weight: 400;\">Le Concours <\/span><b>n\u2019est ni g\u00e9r\u00e9, ni sponsoris\u00e9, ni associ\u00e9 \u00e0 Meta (Instagram\/Facebook)<\/b><span style=\"font-weight: 400;\">. Les r\u00e9clamations doivent \u00eatre adress\u00e9es au Promoteur ou \u00e0 l\u2019Organisateur, et non \u00e0 Meta.<\/span><\/p>\n<p><span style=\"font-weight: 400;\">Le Concours est r\u00e9gi par le <\/span><b>droit tch\u00e8que<\/b><span style=\"font-weight: 400;\">.<\/span><\/p>\n<p>&nbsp;<\/p>\n","protected":false},"excerpt":{"rendered":"<p>Le pr\u00e9sent r\u00e8glement fixe les conditions du \u201cConcours 2025 TDF\u201d (ci-apr\u00e8s d\u00e9nomm\u00e9 le \u201cConcours\u201d) et constitue le seul document qui [&hellip;]<\/p>\n","protected":false},"author":144,"featured_media":0,"parent":198850,"menu_order":0,"comment_status":"closed","ping_status":"closed","template":"templates\/template-empty-page.php","meta":{"footnotes":""},"tags":[],"class_list":["post-198858","page","type-page","status-publish","hentry"],"yoast_head":"<!-- This site is optimized with the Yoast SEO Premium plugin v25.3 (Yoast SEO v25.9) - https:\/\/yoast.com\/wordpress\/plugins\/seo\/ -->\n<title>Terms And Conditions - Persona Share - \u0160koda We Love Cycling<\/title>\n<meta name=\"robots\" content=\"index, follow, max-snippet:-1, max-image-preview:large, max-video-preview:-1\" \/>\n<link rel=\"canonical\" href=\"https:\/\/www.welovecycling.com\/wide\/tour-de-france-2025\/be-fr\/terms-and-conditions-persona-share\/\" \/>\n<meta property=\"og:locale\" content=\"en_US\" \/>\n<meta property=\"og:type\" content=\"article\" \/>\n<meta property=\"og:title\" content=\"Terms And Conditions - Persona Share\" \/>\n<meta property=\"og:url\" content=\"https:\/\/www.welovecycling.com\/wide\/tour-de-france-2025\/be-fr\/terms-and-conditions-persona-share\/\" \/>\n<meta property=\"og:site_name\" content=\"\u0160koda We Love Cycling\" \/>\n<meta name=\"twitter:card\" content=\"summary_large_image\" \/>\n<meta name=\"twitter:label1\" content=\"Est. reading time\" \/>\n\t<meta name=\"twitter:data1\" content=\"4 minutes\" \/>\n<script type=\"application\/ld+json\" class=\"yoast-schema-graph\">{\"@context\":\"https:\/\/schema.org\",\"@graph\":[{\"@type\":\"WebPage\",\"@id\":\"https:\/\/www.welovecycling.com\/wide\/tour-de-france-2025\/be-fr\/terms-and-conditions-persona-share\/\",\"url\":\"https:\/\/www.welovecycling.com\/wide\/tour-de-france-2025\/be-fr\/terms-and-conditions-persona-share\/\",\"name\":\"Terms And Conditions - Persona Share - \u0160koda We Love Cycling\",\"isPartOf\":{\"@id\":\"https:\/\/www.welovecycling.com\/wide\/#website\"},\"datePublished\":\"2025-06-20T08:33:46+00:00\",\"breadcrumb\":{\"@id\":\"https:\/\/www.welovecycling.com\/wide\/tour-de-france-2025\/be-fr\/terms-and-conditions-persona-share\/#breadcrumb\"},\"inLanguage\":\"en-US\",\"potentialAction\":[{\"@type\":\"ReadAction\",\"target\":[\"https:\/\/www.welovecycling.com\/wide\/tour-de-france-2025\/be-fr\/terms-and-conditions-persona-share\/\"]}]},{\"@type\":\"BreadcrumbList\",\"@id\":\"https:\/\/www.welovecycling.com\/wide\/tour-de-france-2025\/be-fr\/terms-and-conditions-persona-share\/#breadcrumb\",\"itemListElement\":[{\"@type\":\"ListItem\",\"position\":1,\"name\":\"Home\",\"item\":\"https:\/\/www.welovecycling.com\/wide\/\"},{\"@type\":\"ListItem\",\"position\":2,\"name\":\"Tour de France 2025\",\"item\":\"https:\/\/www.welovecycling.com\/wide\/tour-de-france-2025\/\"},{\"@type\":\"ListItem\",\"position\":3,\"name\":\"Tour de France 2025 \u2013 BE-FR\",\"item\":\"https:\/\/www.welovecycling.com\/wide\/tour-de-france-2025\/be-fr\/\"},{\"@type\":\"ListItem\",\"position\":4,\"name\":\"Terms And Conditions &#8211; Persona Share\"}]},{\"@type\":\"WebSite\",\"@id\":\"https:\/\/www.welovecycling.com\/wide\/#website\",\"url\":\"https:\/\/www.welovecycling.com\/wide\/\",\"name\":\"\u0160koda We Love Cycling\",\"description\":\"\u0160koda We Love Cycling magazine\",\"alternateName\":\"\u0160koda WLC\",\"potentialAction\":[{\"@type\":\"SearchAction\",\"target\":{\"@type\":\"EntryPoint\",\"urlTemplate\":\"https:\/\/www.welovecycling.com\/wide\/?s={search_term_string}\"},\"query-input\":{\"@type\":\"PropertyValueSpecification\",\"valueRequired\":true,\"valueName\":\"search_term_string\"}}],\"inLanguage\":\"en-US\"}]}<\/script>\n<!-- \/ Yoast SEO Premium plugin. -->","yoast_head_json":{"title":"Terms And Conditions - Persona Share - \u0160koda We Love Cycling","robots":{"index":"index","follow":"follow","max-snippet":"max-snippet:-1","max-image-preview":"max-image-preview:large","max-video-preview":"max-video-preview:-1"},"canonical":"https:\/\/www.welovecycling.com\/wide\/tour-de-france-2025\/be-fr\/terms-and-conditions-persona-share\/","og_locale":"en_US","og_type":"article","og_title":"Terms And Conditions - Persona Share","og_url":"https:\/\/www.welovecycling.com\/wide\/tour-de-france-2025\/be-fr\/terms-and-conditions-persona-share\/","og_site_name":"\u0160koda We Love Cycling","twitter_card":"summary_large_image","twitter_misc":{"Est. reading time":"4 minutes"},"schema":{"@context":"https:\/\/schema.org","@graph":[{"@type":"WebPage","@id":"https:\/\/www.welovecycling.com\/wide\/tour-de-france-2025\/be-fr\/terms-and-conditions-persona-share\/","url":"https:\/\/www.welovecycling.com\/wide\/tour-de-france-2025\/be-fr\/terms-and-conditions-persona-share\/","name":"Terms And Conditions - Persona Share - \u0160koda We Love Cycling","isPartOf":{"@id":"https:\/\/www.welovecycling.com\/wide\/#website"},"datePublished":"2025-06-20T08:33:46+00:00","breadcrumb":{"@id":"https:\/\/www.welovecycling.com\/wide\/tour-de-france-2025\/be-fr\/terms-and-conditions-persona-share\/#breadcrumb"},"inLanguage":"en-US","potentialAction":[{"@type":"ReadAction","target":["https:\/\/www.welovecycling.com\/wide\/tour-de-france-2025\/be-fr\/terms-and-conditions-persona-share\/"]}]},{"@type":"BreadcrumbList","@id":"https:\/\/www.welovecycling.com\/wide\/tour-de-france-2025\/be-fr\/terms-and-conditions-persona-share\/#breadcrumb","itemListElement":[{"@type":"ListItem","position":1,"name":"Home","item":"https:\/\/www.welovecycling.com\/wide\/"},{"@type":"ListItem","position":2,"name":"Tour de France 2025","item":"https:\/\/www.welovecycling.com\/wide\/tour-de-france-2025\/"},{"@type":"ListItem","position":3,"name":"Tour de France 2025 \u2013 BE-FR","item":"https:\/\/www.welovecycling.com\/wide\/tour-de-france-2025\/be-fr\/"},{"@type":"ListItem","position":4,"name":"Terms And Conditions &#8211; Persona Share"}]},{"@type":"WebSite","@id":"https:\/\/www.welovecycling.com\/wide\/#website","url":"https:\/\/www.welovecycling.com\/wide\/","name":"\u0160koda We Love Cycling","description":"\u0160koda We Love Cycling magazine","alternateName":"\u0160koda WLC","potentialAction":[{"@type":"SearchAction","target":{"@type":"EntryPoint","urlTemplate":"https:\/\/www.welovecycling.com\/wide\/?s={search_term_string}"},"query-input":{"@type":"PropertyValueSpecification","valueRequired":true,"valueName":"search_term_string"}}],"inLanguage":"en-US"}]}},"_links":{"self":[{"href":"https:\/\/www.welovecycling.com\/wide\/wp-json\/wp\/v2\/pages\/198858","targetHints":{"allow":["GET"]}}],"collection":[{"href":"https:\/\/www.welovecycling.com\/wide\/wp-json\/wp\/v2\/pages"}],"about":[{"href":"https:\/\/www.welovecycling.com\/wide\/wp-json\/wp\/v2\/types\/page"}],"author":[{"embeddable":true,"href":"https:\/\/www.welovecycling.com\/wide\/wp-json\/wp\/v2\/users\/144"}],"replies":[{"embeddable":true,"href":"https:\/\/www.welovecycling.com\/wide\/wp-json\/wp\/v2\/comments?post=198858"}],"version-history":[{"count":1,"href":"https:\/\/www.welovecycling.com\/wide\/wp-json\/wp\/v2\/pages\/198858\/revisions"}],"predecessor-version":[{"id":198859,"href":"https:\/\/www.welovecycling.com\/wide\/wp-json\/wp\/v2\/pages\/198858\/revisions\/198859"}],"up":[{"embeddable":true,"href":"https:\/\/www.welovecycling.com\/wide\/wp-json\/wp\/v2\/pages\/198850"}],"wp:attachment":[{"href":"https:\/\/www.welovecycling.com\/wide\/wp-json\/wp\/v2\/media?parent=198858"}],"wp:term":[{"taxonomy":"post_tag","embeddable":true,"href":"https:\/\/www.welovecycling.com\/wide\/wp-json\/wp\/v2\/tags?post=198858"}],"curies":[{"name":"wp","href":"https:\/\/api.w.org\/{rel}","templated":true}]}}