{"id":198845,"date":"2025-06-20T07:01:27","date_gmt":"2025-06-20T07:01:27","guid":{"rendered":"https:\/\/www.welovecycling.com\/wide\/?page_id=198845"},"modified":"2025-06-20T07:01:27","modified_gmt":"2025-06-20T07:01:27","slug":"terms-and-conditions","status":"publish","type":"page","link":"https:\/\/www.welovecycling.com\/wide\/tour-de-france-2025\/be-nl\/terms-and-conditions\/","title":{"rendered":"Terms And Conditions"},"content":{"rendered":"<h3><b>Reglement van de \u201c2025 TDF Wedstrijd\u201d<\/b><\/h3>\n<h4><b>Organisator en uitvoerder van de wedstrijd<\/b><\/h4>\n<p><span style=\"font-weight: 400;\">De organisator van de wedstrijd is \u0160koda Auto a.s., een naamloze vennootschap met maatschappelijke zetel te t\u0159. V\u00e1clava Klementa 869, 293 01 Mlad\u00e1 Boleslav, Tsjechi\u00eb, ondernemingsnummer 00177041, geregistreerd in het handelsregister van de gemeentelijke rechtbank van Praag, afdeling B, dossier 332 (hierna de \u201cOrganisator\u201d).<\/span><\/p>\n<p><span style=\"font-weight: 400;\">De uitvoerder die instaat voor de praktische uitvoering van de wedstrijd is MUSTARD s.r.o., met maatschappelijke zetel te Praha 1 \u2013 Nov\u00e9 M\u011bsto, Masarykovo n\u00e1b\u0159. 246, 110 00, Tsjechi\u00eb, ondernemingsnummer 28531418, geregistreerd in het handelsregister van de gemeentelijke rechtbank van Praag, afdeling C, dossier 148383 (hierna de \u201cUitvoerder\u201d).<\/span><\/p>\n<h4><b>Looptijd, locatie en rondes van de wedstrijd<\/b><\/h4>\n<ul>\n<li style=\"font-weight: 400;\" aria-level=\"1\"><span style=\"font-weight: 400;\">Ronde 1: 28\/06\/2025 om 00:01 (CET) tot 04\/07\/2025 om 23:59 (CET)<\/span><\/li>\n<li style=\"font-weight: 400;\" aria-level=\"1\"><span style=\"font-weight: 400;\">Ronde 2: 05\/07\/2025 om 00:01 (CET) tot 11\/07\/2025 om 23:59 (CET)<\/span><\/li>\n<li style=\"font-weight: 400;\" aria-level=\"1\"><span style=\"font-weight: 400;\">Ronde 3: 12\/07\/2025 om 00:01 (CET) tot 18\/07\/2025 om 23:59 (CET)<\/span><\/li>\n<li style=\"font-weight: 400;\" aria-level=\"1\"><span style=\"font-weight: 400;\">Ronde 4: 19\/07\/2025 om 00:01 (CET) tot 25\/07\/2025 om 23:59 (CET)<\/span><\/li>\n<li style=\"font-weight: 400;\" aria-level=\"1\"><span style=\"font-weight: 400;\">Ronde 5: 26\/07\/2025 om 00:01 (CET) tot 03\/08\/2025 om 23:59 (CET)<\/span><\/li>\n<\/ul>\n<p><span style=\"font-weight: 400;\">De wedstrijd wordt georganiseerd via de website <\/span><a href=\"http:\/\/www.welovecycling.com\/\"><span style=\"font-weight: 400;\">www.welovecycling.com<\/span><\/a><span style=\"font-weight: 400;\"> (hierna de \u201cWedstrijdwebsite\u201d), die tevens fungeert als het primaire communicatiemiddel met deelnemers.<\/span><\/p>\n<h4><b>Deelnamevoorwaarden<\/b><\/h4>\n<p><span style=\"font-weight: 400;\">Iedere natuurlijke persoon die minstens 18 jaar oud is en woonachtig is in een van de volgende landen kan deelnemen: ANDORRA, AUSTRALI\u00cb, OOSTENRIJK, BELGI\u00cb, BOSNI\u00cb, BULGARIJE, KROATI\u00cb, TSJECHI\u00cb, DENEMARKEN, ESTLAND, FINLAND, FRANKRIJK, DUITSLAND, VERENIGD KONINKRIJK, GRIEKENLAND, HONGARIJE, IJSLAND, IERLAND, ITALI\u00cb, LETLAND, LIECHTENSTEIN, LITOUWEN, LUXEMBURG, MONTENEGRO, NEDERLAND, NOORWEGEN, POLEN, PORTUGAL, ROEMENI\u00cb, SERVI\u00cb, SLOWAKIJE, SLOVENI\u00cb, SPANJE, ZWEDEN, ZWITSERLAND, OEKRA\u00cfNE.<\/span><\/p>\n<p><span style=\"font-weight: 400;\">Om deel te nemen moet men zich tijdens een van de wedstrijdperiodes registreren op de wedstrijdwebsite en onvoorwaardelijk akkoord gaan met dit reglement. Tijdens de registratie moet men een e-mailadres opgeven, dat uitsluitend voor deze wedstrijd gebruikt zal worden.<\/span><\/p>\n<p><span style=\"font-weight: 400;\">Elke deelnemer mag zich slechts \u00e9\u00e9n keer registreren en uitsluitend met zijn of haar eigen e-mailadres. De Organisator behoudt zich het recht voor om deze regel technisch en organisatorisch te controleren.<\/span><\/p>\n<p><span style=\"font-weight: 400;\">Deelname is uitgesloten voor personen die betrokken zijn bij de voorbereiding van de wedstrijd, zoals werknemers van de Organisator of de Uitvoerder, alsook medewerkers van erkende \u0160koda-partners, ingehuurde agentschappen en hun familieleden of naaste verwanten.<\/span><\/p>\n<h4><b>Werking van de wedstrijd en bepaling van de winnaars<\/b><\/h4>\n<p><span style=\"font-weight: 400;\">Deelnemers moeten vijf vragen correct beantwoorden. Wie correct op alle vijf vragen antwoordt \u00e9n geldig is geregistreerd, maakt kans op een prijs.<\/span><\/p>\n<p><span style=\"font-weight: 400;\">De winnaars worden als volgt geselecteerd op basis van hun positie op de chronologisch gesorteerde deelnemerslijst:<\/span><\/p>\n<ul>\n<li style=\"font-weight: 400;\" aria-level=\"1\"><span style=\"font-weight: 400;\">Ronde 1, 3 en 5: posities 1\/11 t.e.m. 9\/11<\/span><\/li>\n<li style=\"font-weight: 400;\" aria-level=\"1\"><span style=\"font-weight: 400;\">Ronde 2: posities 1\/11 t.e.m. 7\/11<\/span><\/li>\n<li style=\"font-weight: 400;\" aria-level=\"1\"><span style=\"font-weight: 400;\">Ronde 4: posities 1\/17 t.e.m. 16\/17<\/span><\/li>\n<\/ul>\n<p><span style=\"font-weight: 400;\">Het aantal deelnemers wordt gedeeld door 11 of 17 en naar beneden afgerond tot het dichtstbijzijnde gehele getal.<\/span><\/p>\n<p><span style=\"font-weight: 400;\">Bijvoorbeeld: bij 7183 deelnemers in ronde 1 winnen de personen op plaats 653, 1306, 1959, enzovoort.<\/span><\/p>\n<p><span style=\"font-weight: 400;\">De Organisator neemt binnen vijf dagen na het einde van elke ronde contact op met de winnaars via het bij registratie opgegeven e-mailadres. Als de winnaar niet binnen 24 uur reageert, zelfs niet na een herinnering, vervalt het recht op de prijs zonder compensatie.<\/span><\/p>\n<h4><b>Prijzen<\/b><\/h4>\n<p><b>Ronde 1<\/b><\/p>\n<ul>\n<li style=\"font-weight: 400;\" aria-level=\"1\"><span style=\"font-weight: 400;\">1x Tour de France Hospitality-programma<\/span><\/li>\n<li style=\"font-weight: 400;\" aria-level=\"1\"><span style=\"font-weight: 400;\">3x POC CYTAL fietshelm (carbon uranium black)<\/span><\/li>\n<li style=\"font-weight: 400;\" aria-level=\"1\"><span style=\"font-weight: 400;\">5x \u0160koda Green Jersey<\/span><\/li>\n<\/ul>\n<p><b>Ronde 2<\/b><\/p>\n<ul>\n<li style=\"font-weight: 400;\" aria-level=\"1\"><span style=\"font-weight: 400;\">1x Tour de France Hospitality-programma<\/span><\/li>\n<li style=\"font-weight: 400;\" aria-level=\"1\"><span style=\"font-weight: 400;\">1x Cannondale Topstone Carbon 3 gravelbike<\/span><\/li>\n<li style=\"font-weight: 400;\" aria-level=\"1\"><span style=\"font-weight: 400;\">5x \u0160koda Green Jersey<\/span><\/li>\n<\/ul>\n<p><b>Ronde 3<\/b><\/p>\n<ul>\n<li style=\"font-weight: 400;\" aria-level=\"1\"><span style=\"font-weight: 400;\">1x Tour de France Hospitality-programma<\/span><\/li>\n<li style=\"font-weight: 400;\" aria-level=\"1\"><span style=\"font-weight: 400;\">1x Cannondale Mavaro 4 e-bike<\/span><\/li>\n<li style=\"font-weight: 400;\" aria-level=\"1\"><span style=\"font-weight: 400;\">5x \u0160koda Green Jersey<\/span><\/li>\n<\/ul>\n<p><b>Ronde 4<\/b><\/p>\n<ul>\n<li style=\"font-weight: 400;\" aria-level=\"1\"><span style=\"font-weight: 400;\">1x Cannondale Scalpel 3 MTB<\/span><\/li>\n<li style=\"font-weight: 400;\" aria-level=\"1\"><span style=\"font-weight: 400;\">10x Armband gemaakt van de ketting van Biniam Girmay\u2019s 2024 Green Jersey-fiets<\/span><\/li>\n<li style=\"font-weight: 400;\" aria-level=\"1\"><span style=\"font-weight: 400;\">5x \u0160koda Green Jersey<\/span><\/li>\n<\/ul>\n<p><b>Ronde 5<\/b><\/p>\n<ul>\n<li style=\"font-weight: 400;\" aria-level=\"1\"><span style=\"font-weight: 400;\">1x Cannondale SuperSix EVO 1 racefiets<\/span><\/li>\n<li style=\"font-weight: 400;\" aria-level=\"1\"><span style=\"font-weight: 400;\">3x POC CYTAL fietshelm (carbon uranium black)<\/span><\/li>\n<li style=\"font-weight: 400;\" aria-level=\"1\"><span style=\"font-weight: 400;\">5x \u0160koda Green Jersey<\/span><\/li>\n<\/ul>\n<p><i><span style=\"font-weight: 400;\">Let op: door mogelijke vertragingen in de levering van onderdelen kan de bezorging van fietsen tot 8 maanden duren.<\/span><\/i><\/p>\n<h3><b>Verwerking van persoonsgegevens<\/b><\/h3>\n<p><span style=\"font-weight: 400;\">\u0160koda Auto a.s., als verwerkingsverantwoordelijke volgens de Algemene Verordening Gegevensbescherming (AVG, Verordening (EU) 2016\/679), verstrekt hierbij informatie over de verwerking van persoonsgegevens en uw rechten.<\/span><\/p>\n<p><b>Wettelijke grondslag voor verwerking:<\/b><b><br \/>\n<\/b><span style=\"font-weight: 400;\">Uw gegevens worden verwerkt op basis van de uitvoering van een overeenkomst (namelijk deze wedstrijdregels).<\/span><\/p>\n<p><b>Verwerkte gegevenscategorie\u00ebn:<\/b><b><br \/>\n<\/b><span style=\"font-weight: 400;\">Identificatiegegevens, contactgegevens, communicatie- en interactie-informatie.<\/span><\/p>\n<p><b>Bewaartermijn:<\/b><b><br \/>\n<\/b><span style=\"font-weight: 400;\">Persoonsgegevens worden bewaard tot \u00e9\u00e9n jaar na het einde van de wedstrijd.<\/span><\/p>\n<p><b>Ontvangers en verwerkers:<\/b><b><br \/>\n<\/b><span style=\"font-weight: 400;\">De gegevensverwerker is MUSTARD s.r.o., met zetel te Masarykovo n\u00e1b\u0159. 246, 110 00 Praag, Tsjechi\u00eb.<\/span><span style=\"font-weight: 400;\"><br \/>\n<\/span><span style=\"font-weight: 400;\">Op verzoek kunnen gegevens worden verstrekt aan bevoegde overheidsinstanties, zoals rechtbanken of de Tsjechische politie, voor zover wettelijk vereist.<\/span><\/p>\n<p><b>Bron van persoonsgegevens:<\/b><b><br \/>\n<\/b><span style=\"font-weight: 400;\">Uw persoonsgegevens worden rechtstreeks bij u verzameld via de registratie op de wedstrijdwebsite.<\/span><\/p>\n<p><b>Doorgifte aan derde landen:<\/b><b><br \/>\n<\/b><span style=\"font-weight: 400;\">Uw persoonsgegevens worden niet doorgegeven aan landen buiten de EU of aan multinationale bedrijven.<\/span><\/p>\n<p><b>Automatische besluitvorming:<\/b><b><br \/>\n<\/b><span style=\"font-weight: 400;\">Er worden geen beslissingen genomen op basis van geautomatiseerde gegevensverwerking.<\/span><\/p>\n<p><b>Andere bepalingen:<\/b><b><br \/>\n<\/b><span style=\"font-weight: 400;\">Persoonsgegevens kunnen worden gearchiveerd in het algemeen belang of worden gebruikt voor wetenschappelijk, historisch of statistisch onderzoek. Indien nodig kunnen de gegevens worden verwerkt voor juridische doeleinden of om te voldoen aan wettelijke verplichtingen.<\/span><\/p>\n<h3><b>Uw rechten als betrokkene<\/b><\/h3>\n<ul>\n<li style=\"font-weight: 400;\" aria-level=\"1\"><span style=\"font-weight: 400;\">Recht op inzage<\/span><\/li>\n<li style=\"font-weight: 400;\" aria-level=\"1\"><span style=\"font-weight: 400;\">Recht op rectificatie<\/span><\/li>\n<li style=\"font-weight: 400;\" aria-level=\"1\"><span style=\"font-weight: 400;\">Recht op gegevenswissing<\/span><\/li>\n<li style=\"font-weight: 400;\" aria-level=\"1\"><span style=\"font-weight: 400;\">Recht op beperking van de verwerking<\/span><\/li>\n<li style=\"font-weight: 400;\" aria-level=\"1\"><span style=\"font-weight: 400;\">Recht op overdraagbaarheid van gegevens<\/span><\/li>\n<li style=\"font-weight: 400;\" aria-level=\"1\"><span style=\"font-weight: 400;\">Recht om niet onderworpen te worden aan geautomatiseerde besluitvorming<\/span><\/li>\n<\/ul>\n<p><b>Contact voor uitoefening van uw rechten:<\/b><\/p>\n<ul>\n<li style=\"font-weight: 400;\" aria-level=\"1\"><span style=\"font-weight: 400;\">Online: <\/span><a href=\"https:\/\/www.skoda-auto.com\/data-privacy\"><span style=\"font-weight: 400;\">https:\/\/www.skoda-auto.com\/data-privacy<\/span><\/a><\/li>\n<li style=\"font-weight: 400;\" aria-level=\"1\"><span style=\"font-weight: 400;\">Per post: \u0160koda Auto a.s., Data Protection Office, t\u0159. V\u00e1clava Klementa 869, CZ-293 01 Mlad\u00e1 Boleslav, Tsjechi\u00eb (in het Engels of Tsjechisch)<\/span><\/li>\n<\/ul>\n<p><b>Contactgegevens functionaris gegevensbescherming:<\/b><b><br \/>\n<\/b><span style=\"font-weight: 400;\">E-mail: <\/span><b>dpo@skoda-auto.cz<\/b><\/p>\n<p><span style=\"font-weight: 400;\">Indien u van mening bent dat uw gegevens onrechtmatig worden verwerkt, kunt u een klacht indienen bij de functionaris voor gegevensbescherming van \u0160koda Auto of bij de toezichthoudende autoriteit:<\/span><span style=\"font-weight: 400;\"><br \/>\n<\/span><span style=\"font-weight: 400;\">Tsjechische Toezichthoudende Autoriteit voor Gegevensbescherming \u2013 <\/span><a href=\"https:\/\/www.uoou.cz\/en\"><span style=\"font-weight: 400;\">https:\/\/www.uoou.cz\/en<\/span><\/a><\/p>\n<h3><b>Overige belangrijke voorwaarden<\/b><\/h3>\n<p><span style=\"font-weight: 400;\">De Organisator bepaalt eenzijdig de exacte specificaties van de prijzen. Afbeeldingen van prijzen in promotiemateriaal zijn louter illustratief.<\/span><\/p>\n<p><span style=\"font-weight: 400;\">De prijzen kunnen niet worden ingewisseld voor contant geld of andere compensaties. De Organisator is niet aansprakelijk voor schade die voortvloeit uit het gebruik van de prijzen.<\/span><\/p>\n<p><span style=\"font-weight: 400;\">Deelnemers kunnen geen aanspraak maken op enige andere beloning dan die welke expliciet is vastgelegd in dit reglement. De Organisator is niet verantwoordelijk voor technische of communicatieproblemen of het uitblijven van e-mails.<\/span><\/p>\n<p><span style=\"font-weight: 400;\">Bij vermoeden van fraude of oneerlijk gedrag kan een deelnemer worden uitgesloten. De uitslag van de wedstrijd is definitief en er is geen mogelijkheid tot beroep.<\/span><\/p>\n<p><span style=\"font-weight: 400;\">De Organisator behoudt zich het recht voor om de wedstrijd of dit reglement op elk moment te wijzigen, uit te stellen, op te schorten of te annuleren zonder enige verplichting tot compensatie. Eventuele wijzigingen worden bekendgemaakt op de wedstrijdwebsite, waar ook de meest actuele versie van het reglement beschikbaar is.<\/span><\/p>\n<p><span style=\"font-weight: 400;\">Op deze wedstrijd is het recht van Tsjechi\u00eb van toepassing.<\/span><\/p>\n<p>&nbsp;<\/p>\n","protected":false},"excerpt":{"rendered":"<p>Reglement van de \u201c2025 TDF Wedstrijd\u201d Organisator en uitvoerder van de wedstrijd De organisator van de wedstrijd is \u0160koda Auto [&hellip;]<\/p>\n","protected":false},"author":144,"featured_media":0,"parent":198836,"menu_order":0,"comment_status":"closed","ping_status":"closed","template":"templates\/template-empty-page.php","meta":{"footnotes":""},"tags":[],"class_list":["post-198845","page","type-page","status-publish","hentry"],"yoast_head":"<!-- This site is optimized with the Yoast SEO Premium plugin v25.3 (Yoast SEO v25.9) - https:\/\/yoast.com\/wordpress\/plugins\/seo\/ -->\n<title>Terms And Conditions - \u0160koda We Love Cycling<\/title>\n<meta name=\"robots\" content=\"index, follow, max-snippet:-1, max-image-preview:large, max-video-preview:-1\" \/>\n<link rel=\"canonical\" href=\"https:\/\/www.welovecycling.com\/wide\/tour-de-france-2025\/be-nl\/terms-and-conditions\/\" \/>\n<meta property=\"og:locale\" content=\"en_US\" \/>\n<meta property=\"og:type\" content=\"article\" \/>\n<meta property=\"og:title\" content=\"Terms And Conditions\" \/>\n<meta property=\"og:url\" content=\"https:\/\/www.welovecycling.com\/wide\/tour-de-france-2025\/be-nl\/terms-and-conditions\/\" \/>\n<meta property=\"og:site_name\" content=\"\u0160koda We Love Cycling\" \/>\n<meta name=\"twitter:card\" content=\"summary_large_image\" \/>\n<meta name=\"twitter:label1\" content=\"Est. reading time\" \/>\n\t<meta name=\"twitter:data1\" content=\"5 minutes\" \/>\n<script type=\"application\/ld+json\" class=\"yoast-schema-graph\">{\"@context\":\"https:\/\/schema.org\",\"@graph\":[{\"@type\":\"WebPage\",\"@id\":\"https:\/\/www.welovecycling.com\/wide\/tour-de-france-2025\/be-nl\/terms-and-conditions\/\",\"url\":\"https:\/\/www.welovecycling.com\/wide\/tour-de-france-2025\/be-nl\/terms-and-conditions\/\",\"name\":\"Terms And Conditions - \u0160koda We Love Cycling\",\"isPartOf\":{\"@id\":\"https:\/\/www.welovecycling.com\/wide\/#website\"},\"datePublished\":\"2025-06-20T07:01:27+00:00\",\"breadcrumb\":{\"@id\":\"https:\/\/www.welovecycling.com\/wide\/tour-de-france-2025\/be-nl\/terms-and-conditions\/#breadcrumb\"},\"inLanguage\":\"en-US\",\"potentialAction\":[{\"@type\":\"ReadAction\",\"target\":[\"https:\/\/www.welovecycling.com\/wide\/tour-de-france-2025\/be-nl\/terms-and-conditions\/\"]}]},{\"@type\":\"BreadcrumbList\",\"@id\":\"https:\/\/www.welovecycling.com\/wide\/tour-de-france-2025\/be-nl\/terms-and-conditions\/#breadcrumb\",\"itemListElement\":[{\"@type\":\"ListItem\",\"position\":1,\"name\":\"Home\",\"item\":\"https:\/\/www.welovecycling.com\/wide\/\"},{\"@type\":\"ListItem\",\"position\":2,\"name\":\"Tour de France 2025\",\"item\":\"https:\/\/www.welovecycling.com\/wide\/tour-de-france-2025\/\"},{\"@type\":\"ListItem\",\"position\":3,\"name\":\"Tour de France 2025 &#8211; BE-NL\",\"item\":\"https:\/\/www.welovecycling.com\/wide\/tour-de-france-2025\/be-nl\/\"},{\"@type\":\"ListItem\",\"position\":4,\"name\":\"Terms And Conditions\"}]},{\"@type\":\"WebSite\",\"@id\":\"https:\/\/www.welovecycling.com\/wide\/#website\",\"url\":\"https:\/\/www.welovecycling.com\/wide\/\",\"name\":\"\u0160koda We Love Cycling\",\"description\":\"\u0160koda We Love Cycling magazine\",\"alternateName\":\"\u0160koda WLC\",\"potentialAction\":[{\"@type\":\"SearchAction\",\"target\":{\"@type\":\"EntryPoint\",\"urlTemplate\":\"https:\/\/www.welovecycling.com\/wide\/?s={search_term_string}\"},\"query-input\":{\"@type\":\"PropertyValueSpecification\",\"valueRequired\":true,\"valueName\":\"search_term_string\"}}],\"inLanguage\":\"en-US\"}]}<\/script>\n<!-- \/ Yoast SEO Premium plugin. -->","yoast_head_json":{"title":"Terms And Conditions - \u0160koda We Love Cycling","robots":{"index":"index","follow":"follow","max-snippet":"max-snippet:-1","max-image-preview":"max-image-preview:large","max-video-preview":"max-video-preview:-1"},"canonical":"https:\/\/www.welovecycling.com\/wide\/tour-de-france-2025\/be-nl\/terms-and-conditions\/","og_locale":"en_US","og_type":"article","og_title":"Terms And Conditions","og_url":"https:\/\/www.welovecycling.com\/wide\/tour-de-france-2025\/be-nl\/terms-and-conditions\/","og_site_name":"\u0160koda We Love Cycling","twitter_card":"summary_large_image","twitter_misc":{"Est. reading time":"5 minutes"},"schema":{"@context":"https:\/\/schema.org","@graph":[{"@type":"WebPage","@id":"https:\/\/www.welovecycling.com\/wide\/tour-de-france-2025\/be-nl\/terms-and-conditions\/","url":"https:\/\/www.welovecycling.com\/wide\/tour-de-france-2025\/be-nl\/terms-and-conditions\/","name":"Terms And Conditions - \u0160koda We Love Cycling","isPartOf":{"@id":"https:\/\/www.welovecycling.com\/wide\/#website"},"datePublished":"2025-06-20T07:01:27+00:00","breadcrumb":{"@id":"https:\/\/www.welovecycling.com\/wide\/tour-de-france-2025\/be-nl\/terms-and-conditions\/#breadcrumb"},"inLanguage":"en-US","potentialAction":[{"@type":"ReadAction","target":["https:\/\/www.welovecycling.com\/wide\/tour-de-france-2025\/be-nl\/terms-and-conditions\/"]}]},{"@type":"BreadcrumbList","@id":"https:\/\/www.welovecycling.com\/wide\/tour-de-france-2025\/be-nl\/terms-and-conditions\/#breadcrumb","itemListElement":[{"@type":"ListItem","position":1,"name":"Home","item":"https:\/\/www.welovecycling.com\/wide\/"},{"@type":"ListItem","position":2,"name":"Tour de France 2025","item":"https:\/\/www.welovecycling.com\/wide\/tour-de-france-2025\/"},{"@type":"ListItem","position":3,"name":"Tour de France 2025 &#8211; BE-NL","item":"https:\/\/www.welovecycling.com\/wide\/tour-de-france-2025\/be-nl\/"},{"@type":"ListItem","position":4,"name":"Terms And Conditions"}]},{"@type":"WebSite","@id":"https:\/\/www.welovecycling.com\/wide\/#website","url":"https:\/\/www.welovecycling.com\/wide\/","name":"\u0160koda We Love Cycling","description":"\u0160koda We Love Cycling magazine","alternateName":"\u0160koda WLC","potentialAction":[{"@type":"SearchAction","target":{"@type":"EntryPoint","urlTemplate":"https:\/\/www.welovecycling.com\/wide\/?s={search_term_string}"},"query-input":{"@type":"PropertyValueSpecification","valueRequired":true,"valueName":"search_term_string"}}],"inLanguage":"en-US"}]}},"_links":{"self":[{"href":"https:\/\/www.welovecycling.com\/wide\/wp-json\/wp\/v2\/pages\/198845","targetHints":{"allow":["GET"]}}],"collection":[{"href":"https:\/\/www.welovecycling.com\/wide\/wp-json\/wp\/v2\/pages"}],"about":[{"href":"https:\/\/www.welovecycling.com\/wide\/wp-json\/wp\/v2\/types\/page"}],"author":[{"embeddable":true,"href":"https:\/\/www.welovecycling.com\/wide\/wp-json\/wp\/v2\/users\/144"}],"replies":[{"embeddable":true,"href":"https:\/\/www.welovecycling.com\/wide\/wp-json\/wp\/v2\/comments?post=198845"}],"version-history":[{"count":1,"href":"https:\/\/www.welovecycling.com\/wide\/wp-json\/wp\/v2\/pages\/198845\/revisions"}],"predecessor-version":[{"id":198846,"href":"https:\/\/www.welovecycling.com\/wide\/wp-json\/wp\/v2\/pages\/198845\/revisions\/198846"}],"up":[{"embeddable":true,"href":"https:\/\/www.welovecycling.com\/wide\/wp-json\/wp\/v2\/pages\/198836"}],"wp:attachment":[{"href":"https:\/\/www.welovecycling.com\/wide\/wp-json\/wp\/v2\/media?parent=198845"}],"wp:term":[{"taxonomy":"post_tag","embeddable":true,"href":"https:\/\/www.welovecycling.com\/wide\/wp-json\/wp\/v2\/tags?post=198845"}],"curies":[{"name":"wp","href":"https:\/\/api.w.org\/{rel}","templated":true}]}}