{"id":165767,"date":"2018-07-05T09:25:25","date_gmt":"2018-07-05T09:25:25","guid":{"rendered":"https:\/\/www.welovecycling.com\/wide\/?page_id=165767"},"modified":"2018-07-05T09:35:13","modified_gmt":"2018-07-05T09:35:13","slug":"fr","status":"publish","type":"page","link":"https:\/\/www.welovecycling.com\/wide\/docs\/memorandum\/fr\/","title":{"rendered":"Consentement au traitement des donn\u00e9es \u00e0 caract\u00e8re personnel"},"content":{"rendered":"<div id=\"pl-165767\"  class=\"panel-layout\" ><div id=\"pg-165767-0\"  class=\"panel-grid panel-no-style\" ><div id=\"pgc-165767-0-0\"  class=\"panel-grid-cell\" ><div id=\"panel-165767-0-0-0\" class=\"so-panel widget widget_sow-editor panel-first-child panel-last-child\" data-index=\"0\" ><div\n\t\t\t\n\t\t\tclass=\"so-widget-sow-editor so-widget-sow-editor-base\"\n\t\t\t\n\t\t>\n<div class=\"siteorigin-widget-tinymce textwidget\">\n\t<h2>Consentement au traitement des donn\u00e9es \u00e0 caract\u00e8re personnel<\/h2>\n<p>Par la pr\u00e9sente, j'accorde \u00e0 \u0160koda AUTO a.s., t\u0159. V\u00e1clava Klementa 869, Mlad\u00e1 Boleslav II, 293 01, Mlad\u00e1 Boleslav, titulaire du num\u00e9ro d'identification : 00177041, immatricul\u00e9e au Registre des entreprises tenu par le Tribunal municipal de Prague sous la section\u00a0B dossier n\u00b0\u00a0332, responsable du traitement des donn\u00e9es \u00e0 caract\u00e8re personnel (ci-apr\u00e8s la \u00ab\u00a0soci\u00e9t\u00e9 \u0160koda AUTO\u00a0\u00bb),<\/p>\n<p><strong>mon consentement libre et volontaire au traitement des donn\u00e9es \u00e0 caract\u00e8re personnel dans la mesure suivante :<\/strong> pr\u00e9nom, nom, adresse e-mail, date de naissance et, le cas \u00e9ch\u00e9ant, d'autres informations que la soci\u00e9t\u00e9 \u0160koda AUTO a obtenues \u00e0 mon sujet et qu'elle utilisera afin de mieux adapter ses activit\u00e9s de marketing \u00e0 mes besoins,<\/p>\n<p><strong>dans le but de :<\/strong> me contacter pour m'envoyer des offres concernant les produits et services de la marque \u0160koda, y compris des informations sur les produits, les services, les \u00e9v\u00e9nements, les concours, l'envoi de bulletins d'information et de bons v\u0153ux.<\/p>\n<p><strong>Le consentement est donn\u00e9 pour une dur\u00e9e de cinq ans.<\/strong><\/p>\n<p>Je reconnais que j'ai le droit de retirer mon consentement \u00e0 tout moment par voie \u00e9lectronique sur le site Web <a href=\"http:\/\/www.skoda-auto.com\/other\/privacy-policy-fr\" target=\"_blank\" rel=\"noopener\">http:\/\/www.skoda-auto.com\/other\/privacy-policy-fr<\/a> ou par \u00e9crit \u00e0 l'adresse de la soci\u00e9t\u00e9 \u0160koda AUTO. J'ai le droit de retirer mon consentement avant l'expiration de la p\u00e9riode de traitement pour laquelle le consentement a \u00e9t\u00e9 accord\u00e9. Le retrait du consentement n'affecte pas la lic\u00e9it\u00e9 du traitement des donn\u00e9es \u00e0 caract\u00e8re personnel fond\u00e9 sur le consentement accord\u00e9 avant son retrait.<\/p>\n<p>De plus amples informations relatives au traitement des donn\u00e9es \u00e0 caract\u00e8re personnel sont fournies dans l'annexe ci-dessous, qui fait partie int\u00e9grante du pr\u00e9sent consentement. Des informations g\u00e9n\u00e9rales relatives \u00e0 la protection des donn\u00e9es \u00e0 caract\u00e8re personnel sont \u00e9galement disponibles sur le site Web http:\/\/www.skoda-auto.com\/data-privacy.<\/p>\n<\/div>\n<\/div><\/div><\/div><\/div><div id=\"pg-165767-1\"  class=\"panel-grid panel-no-style\" ><div id=\"pgc-165767-1-0\"  class=\"panel-grid-cell\" ><div id=\"panel-165767-1-0-0\" class=\"so-panel widget widget_sow-editor panel-first-child\" data-index=\"1\" ><div\n\t\t\t\n\t\t\tclass=\"so-widget-sow-editor so-widget-sow-editor-base\"\n\t\t\t\n\t\t>\n<div class=\"siteorigin-widget-tinymce textwidget\">\n\t<h2><img loading=\"lazy\" decoding=\"async\" class=\"size-full wp-image-164811\" style=\"display: inline-block;\" src=\"https:\/\/d2p6e6u75xmxt8.cloudfront.net\/2\/2018\/05\/notepad.jpg\" alt=\"\" width=\"44\" height=\"38\" \/> Informations sur le traitement des donn\u00e9es \u00e0 caract\u00e8re personnel<\/h2>\n<p>En sa qualit\u00e9 de responsable des donn\u00e9es \u00e0 caract\u00e8re personnel, la soci\u00e9t\u00e9 \u0160koda AUTO a.s., t\u0159. V\u00e1clava Klementa 869, Mlad\u00e1 Boleslav II, 293 01, Mlad\u00e1 Boleslav, titulaire du num\u00e9ro d'identification : 00177041, immatricul\u00e9e au Registre des entreprises tenu par le Tribunal municipal de Prague sous la section\u00a0B dossier n\u00b0\u00a0332 (ci-apr\u00e8s la \u00ab\u00a0soci\u00e9t\u00e9 \u0160koda AUTO\u00a0\u00bb), fournit dans les pr\u00e9sentes des informations sur le traitement des donn\u00e9es \u00e0 caract\u00e8re personnel et sur vos droits dans le cadre de ce traitement.<\/p>\n<p>Le traitement des donn\u00e9es \u00e0 caract\u00e8re personnel comprend les activit\u00e9s suivantes :<\/p>\n<p><strong>R\u00e9alisation d'activit\u00e9s de marketing<\/strong><\/p>\n<\/div>\n<\/div><\/div><div id=\"panel-165767-1-0-1\" class=\"so-panel widget widget_sow-editor panel-last-child\" data-index=\"2\" ><div\n\t\t\t\n\t\t\tclass=\"so-widget-sow-editor so-widget-sow-editor-base\"\n\t\t\t\n\t\t>\n<div class=\"siteorigin-widget-tinymce textwidget\">\n\t<h3>Finalit\u00e9 du traitement :<\/h3>\n<p>Envoyer des offres concernant les produits et services de la marque \u0160koda, y compris des informations sur les produits, les services, les \u00e9v\u00e9nements, les concours, l'envoi de bulletins d'information et de bons v\u0153ux.<\/p>\n<h3>Description de la finalit\u00e9 du traitement :<\/h3>\n<p>Vos donn\u00e9es \u00e0 caract\u00e8re personnel sont utilis\u00e9es pour vous informer sur les produits et services de \u0160koda AUTO, les \u00e9v\u00e9nements, les concours, l'abonnement \u00e0 des actualit\u00e9s, les publicit\u00e9s, la distribution de catalogues ou les bons v\u0153ux. Nous pouvons \u00e9galement utiliser certaines de vos donn\u00e9es \u00e0 caract\u00e8re personnel pour le ciblage des communications susmentionn\u00e9es.<\/p>\n<h3>Base juridique du traitement :<\/h3>\n<p>Nous sommes autoris\u00e9s \u00e0 traiter vos donn\u00e9es \u00e0 caract\u00e8re personnel sur la base du consentement que vous nous avez donn\u00e9. Si vous ne nous avez pas donn\u00e9 votre consentement, nous ne traiterons pas vos donn\u00e9es \u00e0 caract\u00e8re personnel pour cette raison.<\/p>\n<h3>Cat\u00e9gories de donn\u00e9es \u00e0 caract\u00e8re personnel que nous traitons :<\/h3>\n<p>Donn\u00e9es d'identification, coordonn\u00e9es, donn\u00e9es descriptives, profil commercial, informations techniques sur le produit, historique commercial, informations sur la famille et autres personnes, communication, interaction et profils d\u00e9riv\u00e9s de ces donn\u00e9es, identificateurs de r\u00e9seau.<\/p>\n<h3>P\u00e9riode de traitement et d'archivage :<\/h3>\n<p>5 ans apr\u00e8s l'octroi du consentement au traitement des donn\u00e9es \u00e0 caract\u00e8re personnel.<\/p>\n<h3>Cat\u00e9gories de sous-traitants ou de destinataires auxquels nous pouvons fournir les donn\u00e9es \u00e0 caract\u00e8re personnel en vue de leur traitement :<\/h3>\n<p>Agences de marketing, agences \u00e9v\u00e9nementielles, agences m\u00e9dias, membres du r\u00e9seau de distribution, op\u00e9rateurs de serveurs, agences de gestion des invit\u00e9s, ligne d'information.<\/p>\n<p>Sur demande, vos donn\u00e9es \u00e0 caract\u00e8re personnel peuvent \u00eatre communiqu\u00e9es aux autorit\u00e9s publiques, en particulier aux tribunaux, \u00e0 la police de la R\u00e9publique tch\u00e8que et \u00e0 d'autres organismes charg\u00e9s de l'application de la loi dans la mesure n\u00e9cessaire et dans les limites de la loi.<\/p>\n<h3>Source des donn\u00e9es \u00e0 caract\u00e8re personnel :<\/h3>\n<p>Nous obtenons les donn\u00e9es \u00e0 caract\u00e8re personnel directement aupr\u00e8s de vous.<\/p>\n<h3>Transferts de donn\u00e9es \u00e0 caract\u00e8re personnel vers des pays tiers ou des organisations supranationales :<\/h3>\n<p>Dans le cadre de ce traitement, vos donn\u00e9es \u00e0 caract\u00e8re personnel peuvent \u00eatre transf\u00e9r\u00e9es \u00e0 des destinataires dans des pays tiers, \u00e0 savoir les \u00c9tats-Unis d'Am\u00e9rique. Dans ce cas, ce transfert peut avoir lieu soit sur la base d'une d\u00e9cision d'ad\u00e9quation de la Commission europ\u00e9enne, c'est-\u00e0-dire \u00e0 des organisations participant au programme de protection de la vie priv\u00e9e, soit sur la base de clauses contractuelles types, c'est-\u00e0-dire le contrat type \u00e9mis par la Commission europ\u00e9enne, sans aucune modification de son texte, comme le pr\u00e9voit le r\u00e8glement l\u00e9gal actuel sur la protection des donn\u00e9es \u00e0 caract\u00e8re personnel. Vous pouvez trouver les derni\u00e8res informations sur <a href=\"http:\/\/www.skoda-auto.com\/other\/privacy-policy-fr\" target=\"_blank\" rel=\"noopener\">http:\/\/www.skoda-auto.com\/other\/privacy-policy-fr<\/a>.<\/p>\n<h3>Prise de d\u00e9cision automatis\u00e9e sur la base des donn\u00e9es \u00e0 caract\u00e8re personnel :<\/h3>\n<p>Le traitement des donn\u00e9es \u00e0 caract\u00e8re personnel ne comprend pas la prise de d\u00e9cisions automatis\u00e9e sur la base des donn\u00e9es \u00e0 caract\u00e8re personnel.<\/p>\n<h3>Autres informations<\/h3>\n<p>Les donn\u00e9es \u00e0 caract\u00e8re personnel peuvent \u00eatre archiv\u00e9es dans l'int\u00e9r\u00eat public et utilis\u00e9es \u00e0 des fins de recherche scientifique, historique ou statistique. Dans des cas bien fond\u00e9s, les donn\u00e9es \u00e0 caract\u00e8re personnel peuvent \u00e9galement faire l'objet d'un traitement aux fins de la r\u00e9solution de questions juridiques, y compris l'ex\u00e9cution d'obligations envers les organes de l'administration publique et le suivi et l'\u00e9valuation continue des risques juridiques.<\/p>\n<\/div>\n<\/div><\/div><\/div><\/div><div id=\"pg-165767-2\"  class=\"panel-grid panel-no-style\" ><div id=\"pgc-165767-2-0\"  class=\"panel-grid-cell\" ><div id=\"panel-165767-2-0-0\" class=\"so-panel widget widget_sow-editor panel-first-child panel-last-child\" data-index=\"3\" ><div\n\t\t\t\n\t\t\tclass=\"so-widget-sow-editor so-widget-sow-editor-base\"\n\t\t\t\n\t\t>\n<div class=\"siteorigin-widget-tinymce textwidget\">\n\t<p><a href=\"https:\/\/www.welovecycling.com\/wide\/docs\/rights\/fr\/\">Quels sont vos droits\u00a0?<\/a><\/p>\n<\/div>\n<\/div><\/div><\/div><\/div><\/div>","protected":false},"excerpt":{"rendered":"<p>Consentement au traitement des donn\u00e9es \u00e0 caract\u00e8re personnel Par la pr\u00e9sente, j&#8217;accorde \u00e0 \u0160koda AUTO a.s., t\u0159. V\u00e1clava Klementa 869, [&hellip;]<\/p>\n","protected":false},"author":1,"featured_media":0,"parent":165016,"menu_order":0,"comment_status":"closed","ping_status":"closed","template":"templates\/template-empty-page-headline.php","meta":{"footnotes":""},"tags":[],"class_list":["post-165767","page","type-page","status-publish","hentry"],"yoast_head":"<!-- This site is optimized with the Yoast SEO Premium plugin v25.3 (Yoast SEO v25.9) - https:\/\/yoast.com\/wordpress\/plugins\/seo\/ -->\n<title>Consentement au traitement des donn\u00e9es \u00e0 caract\u00e8re personnel - \u0160koda We Love Cycling<\/title>\n<meta name=\"robots\" content=\"index, follow, max-snippet:-1, max-image-preview:large, max-video-preview:-1\" \/>\n<link rel=\"canonical\" href=\"https:\/\/www.welovecycling.com\/wide\/docs\/memorandum\/fr\/\" \/>\n<meta property=\"og:locale\" content=\"en_US\" \/>\n<meta property=\"og:type\" content=\"article\" \/>\n<meta property=\"og:title\" content=\"Consentement au traitement des donn\u00e9es \u00e0 caract\u00e8re personnel\" \/>\n<meta property=\"og:url\" content=\"https:\/\/www.welovecycling.com\/wide\/docs\/memorandum\/fr\/\" \/>\n<meta property=\"og:site_name\" content=\"\u0160koda We Love Cycling\" \/>\n<meta property=\"article:modified_time\" content=\"2018-07-05T09:35:13+00:00\" \/>\n<meta property=\"og:image\" content=\"https:\/\/d2p6e6u75xmxt8.cloudfront.net\/2\/2018\/05\/notepad.jpg\" \/>\n<meta name=\"twitter:card\" content=\"summary_large_image\" \/>\n<meta name=\"twitter:label1\" content=\"Est. reading time\" \/>\n\t<meta name=\"twitter:data1\" content=\"5 minutes\" \/>\n<script type=\"application\/ld+json\" class=\"yoast-schema-graph\">{\"@context\":\"https:\/\/schema.org\",\"@graph\":[{\"@type\":\"WebPage\",\"@id\":\"https:\/\/www.welovecycling.com\/wide\/docs\/memorandum\/fr\/\",\"url\":\"https:\/\/www.welovecycling.com\/wide\/docs\/memorandum\/fr\/\",\"name\":\"Consentement au traitement des donn\u00e9es \u00e0 caract\u00e8re personnel - \u0160koda We Love Cycling\",\"isPartOf\":{\"@id\":\"https:\/\/www.welovecycling.com\/wide\/#website\"},\"primaryImageOfPage\":{\"@id\":\"https:\/\/www.welovecycling.com\/wide\/docs\/memorandum\/fr\/#primaryimage\"},\"image\":{\"@id\":\"https:\/\/www.welovecycling.com\/wide\/docs\/memorandum\/fr\/#primaryimage\"},\"thumbnailUrl\":\"https:\/\/d2p6e6u75xmxt8.cloudfront.net\/2\/2018\/05\/notepad.jpg\",\"datePublished\":\"2018-07-05T09:25:25+00:00\",\"dateModified\":\"2018-07-05T09:35:13+00:00\",\"breadcrumb\":{\"@id\":\"https:\/\/www.welovecycling.com\/wide\/docs\/memorandum\/fr\/#breadcrumb\"},\"inLanguage\":\"en-US\",\"potentialAction\":[{\"@type\":\"ReadAction\",\"target\":[\"https:\/\/www.welovecycling.com\/wide\/docs\/memorandum\/fr\/\"]}]},{\"@type\":\"ImageObject\",\"inLanguage\":\"en-US\",\"@id\":\"https:\/\/www.welovecycling.com\/wide\/docs\/memorandum\/fr\/#primaryimage\",\"url\":\"https:\/\/d2p6e6u75xmxt8.cloudfront.net\/2\/2018\/05\/notepad.jpg\",\"contentUrl\":\"https:\/\/d2p6e6u75xmxt8.cloudfront.net\/2\/2018\/05\/notepad.jpg\"},{\"@type\":\"BreadcrumbList\",\"@id\":\"https:\/\/www.welovecycling.com\/wide\/docs\/memorandum\/fr\/#breadcrumb\",\"itemListElement\":[{\"@type\":\"ListItem\",\"position\":1,\"name\":\"Home\",\"item\":\"https:\/\/www.welovecycling.com\/wide\/\"},{\"@type\":\"ListItem\",\"position\":2,\"name\":\"Documents\",\"item\":\"https:\/\/www.welovecycling.com\/wide\/docs\/\"},{\"@type\":\"ListItem\",\"position\":3,\"name\":\"Information on Personal Data Processing\",\"item\":\"https:\/\/www.welovecycling.com\/wide\/docs\/memorandum\/\"},{\"@type\":\"ListItem\",\"position\":4,\"name\":\"Consentement au traitement des donn\u00e9es \u00e0 caract\u00e8re personnel\"}]},{\"@type\":\"WebSite\",\"@id\":\"https:\/\/www.welovecycling.com\/wide\/#website\",\"url\":\"https:\/\/www.welovecycling.com\/wide\/\",\"name\":\"\u0160koda We Love Cycling\",\"description\":\"\u0160koda We Love Cycling magazine\",\"alternateName\":\"\u0160koda WLC\",\"potentialAction\":[{\"@type\":\"SearchAction\",\"target\":{\"@type\":\"EntryPoint\",\"urlTemplate\":\"https:\/\/www.welovecycling.com\/wide\/?s={search_term_string}\"},\"query-input\":{\"@type\":\"PropertyValueSpecification\",\"valueRequired\":true,\"valueName\":\"search_term_string\"}}],\"inLanguage\":\"en-US\"}]}<\/script>\n<!-- \/ Yoast SEO Premium plugin. -->","yoast_head_json":{"title":"Consentement au traitement des donn\u00e9es \u00e0 caract\u00e8re personnel - \u0160koda We Love Cycling","robots":{"index":"index","follow":"follow","max-snippet":"max-snippet:-1","max-image-preview":"max-image-preview:large","max-video-preview":"max-video-preview:-1"},"canonical":"https:\/\/www.welovecycling.com\/wide\/docs\/memorandum\/fr\/","og_locale":"en_US","og_type":"article","og_title":"Consentement au traitement des donn\u00e9es \u00e0 caract\u00e8re personnel","og_url":"https:\/\/www.welovecycling.com\/wide\/docs\/memorandum\/fr\/","og_site_name":"\u0160koda We Love Cycling","article_modified_time":"2018-07-05T09:35:13+00:00","og_image":[{"url":"https:\/\/d2p6e6u75xmxt8.cloudfront.net\/2\/2018\/05\/notepad.jpg","type":"","width":"","height":""}],"twitter_card":"summary_large_image","twitter_misc":{"Est. reading time":"5 minutes"},"schema":{"@context":"https:\/\/schema.org","@graph":[{"@type":"WebPage","@id":"https:\/\/www.welovecycling.com\/wide\/docs\/memorandum\/fr\/","url":"https:\/\/www.welovecycling.com\/wide\/docs\/memorandum\/fr\/","name":"Consentement au traitement des donn\u00e9es \u00e0 caract\u00e8re personnel - \u0160koda We Love Cycling","isPartOf":{"@id":"https:\/\/www.welovecycling.com\/wide\/#website"},"primaryImageOfPage":{"@id":"https:\/\/www.welovecycling.com\/wide\/docs\/memorandum\/fr\/#primaryimage"},"image":{"@id":"https:\/\/www.welovecycling.com\/wide\/docs\/memorandum\/fr\/#primaryimage"},"thumbnailUrl":"https:\/\/d2p6e6u75xmxt8.cloudfront.net\/2\/2018\/05\/notepad.jpg","datePublished":"2018-07-05T09:25:25+00:00","dateModified":"2018-07-05T09:35:13+00:00","breadcrumb":{"@id":"https:\/\/www.welovecycling.com\/wide\/docs\/memorandum\/fr\/#breadcrumb"},"inLanguage":"en-US","potentialAction":[{"@type":"ReadAction","target":["https:\/\/www.welovecycling.com\/wide\/docs\/memorandum\/fr\/"]}]},{"@type":"ImageObject","inLanguage":"en-US","@id":"https:\/\/www.welovecycling.com\/wide\/docs\/memorandum\/fr\/#primaryimage","url":"https:\/\/d2p6e6u75xmxt8.cloudfront.net\/2\/2018\/05\/notepad.jpg","contentUrl":"https:\/\/d2p6e6u75xmxt8.cloudfront.net\/2\/2018\/05\/notepad.jpg"},{"@type":"BreadcrumbList","@id":"https:\/\/www.welovecycling.com\/wide\/docs\/memorandum\/fr\/#breadcrumb","itemListElement":[{"@type":"ListItem","position":1,"name":"Home","item":"https:\/\/www.welovecycling.com\/wide\/"},{"@type":"ListItem","position":2,"name":"Documents","item":"https:\/\/www.welovecycling.com\/wide\/docs\/"},{"@type":"ListItem","position":3,"name":"Information on Personal Data Processing","item":"https:\/\/www.welovecycling.com\/wide\/docs\/memorandum\/"},{"@type":"ListItem","position":4,"name":"Consentement au traitement des donn\u00e9es \u00e0 caract\u00e8re personnel"}]},{"@type":"WebSite","@id":"https:\/\/www.welovecycling.com\/wide\/#website","url":"https:\/\/www.welovecycling.com\/wide\/","name":"\u0160koda We Love Cycling","description":"\u0160koda We Love Cycling magazine","alternateName":"\u0160koda WLC","potentialAction":[{"@type":"SearchAction","target":{"@type":"EntryPoint","urlTemplate":"https:\/\/www.welovecycling.com\/wide\/?s={search_term_string}"},"query-input":{"@type":"PropertyValueSpecification","valueRequired":true,"valueName":"search_term_string"}}],"inLanguage":"en-US"}]}},"_links":{"self":[{"href":"https:\/\/www.welovecycling.com\/wide\/wp-json\/wp\/v2\/pages\/165767","targetHints":{"allow":["GET"]}}],"collection":[{"href":"https:\/\/www.welovecycling.com\/wide\/wp-json\/wp\/v2\/pages"}],"about":[{"href":"https:\/\/www.welovecycling.com\/wide\/wp-json\/wp\/v2\/types\/page"}],"author":[{"embeddable":true,"href":"https:\/\/www.welovecycling.com\/wide\/wp-json\/wp\/v2\/users\/1"}],"replies":[{"embeddable":true,"href":"https:\/\/www.welovecycling.com\/wide\/wp-json\/wp\/v2\/comments?post=165767"}],"version-history":[{"count":2,"href":"https:\/\/www.welovecycling.com\/wide\/wp-json\/wp\/v2\/pages\/165767\/revisions"}],"predecessor-version":[{"id":165777,"href":"https:\/\/www.welovecycling.com\/wide\/wp-json\/wp\/v2\/pages\/165767\/revisions\/165777"}],"up":[{"embeddable":true,"href":"https:\/\/www.welovecycling.com\/wide\/wp-json\/wp\/v2\/pages\/165016"}],"wp:attachment":[{"href":"https:\/\/www.welovecycling.com\/wide\/wp-json\/wp\/v2\/media?parent=165767"}],"wp:term":[{"taxonomy":"post_tag","embeddable":true,"href":"https:\/\/www.welovecycling.com\/wide\/wp-json\/wp\/v2\/tags?post=165767"}],"curies":[{"name":"wp","href":"https:\/\/api.w.org\/{rel}","templated":true}]}}