{"id":758,"date":"2017-05-31T13:39:05","date_gmt":"2017-05-31T11:39:05","guid":{"rendered":"https:\/\/www.welovecycling.com\/sk\/?page_id=758"},"modified":"2018-04-12T17:19:54","modified_gmt":"2018-04-12T15:19:54","slug":"sbot-2017","status":"publish","type":"page","link":"https:\/\/www.welovecycling.com\/sk\/sbot-2017\/","title":{"rendered":"\u0160koda BIKE OPEN TOUR 2017"},"content":{"rendered":"<div id=\"pl-758\"  class=\"panel-layout\" ><div id=\"pg-758-0\"  class=\"panel-grid panel-no-style\" ><div id=\"pgc-758-0-0\"  class=\"panel-grid-cell\" ><div id=\"panel-758-0-0-0\" class=\"so-panel widget widget_text panel-first-child\" data-index=\"0\" ><h3 class=\"widget-title\">My\u0161lienka s\u00e9rie<\/h3>\t\t\t<div class=\"textwidget\"><p>Milujeme pohyb na koles\u00e1ch a nehovor\u00edme len o aut\u00e1ch. Auto je prostriedok, ktor\u00fd v\u00e1s a v\u00e1\u0161 bike dovezie na \u0161tart. Aby sme podporili cyklistiku na Slovensku, poz\u00fdvame v\u00e1s na jedine\u010dn\u00fa horsk\u00fa bike tour po Slovensku. Vychutnajte si preteky ur\u010den\u00e9 pre v\u0161etk\u00fdch alebo pr\u00ed\u010fte za\u017ei\u0165 jedine\u010dn\u00fa atmosf\u00e9ru t\u00fdchto podujat\u00ed. Pre v\u0161etk\u00fdch s\u00fa pripraven\u00e9 s\u00fa\u0165a\u017ee a ve\u013ea \u010fal\u0161\u00edch atrakci\u00ed.<\/p>\n<\/div>\n\t\t<\/div><div id=\"panel-758-0-0-1\" class=\"so-panel widget widget_sow-editor panel-last-child\" data-index=\"1\" ><div\n\t\t\t\n\t\t\tclass=\"so-widget-sow-editor so-widget-sow-editor-base\"\n\t\t\t\n\t\t>\n<div class=\"siteorigin-widget-tinymce textwidget\">\n\t<h2 style=\"text-align: center;\"><strong>\u010eakujeme za \u00fa\u010das\u0165 a podporu! Vid\u00edme sa op\u00e4\u0165 o rok \ud83d\ude42<\/strong><\/h2>\n<\/div>\n<\/div><\/div><\/div><\/div><div id=\"pg-758-1\"  class=\"panel-grid panel-no-style\" ><div id=\"pgc-758-1-0\"  class=\"panel-grid-cell\" ><div id=\"panel-758-1-0-0\" class=\"so-panel widget widget_sow-editor panel-first-child panel-last-child\" data-index=\"2\" ><div\n\t\t\t\n\t\t\tclass=\"so-widget-sow-editor so-widget-sow-editor-base\"\n\t\t\t\n\t\t><h3 class=\"widget-title\">Viac o \u0160koda BIKE OPEN TOUR<\/h3>\n<div class=\"siteorigin-widget-tinymce textwidget\">\n\t<p>TOUR pozost\u00e1va zo \u0161iestich pretekov z \u00fazemia Slovenska v r\u00f4znych vekov\u00fdch a v\u00fdkonnostn\u00fdch kateg\u00f3ri\u00e1ch. Z\u00fa\u010dastni\u0165 sa m\u00f4\u017eu v\u0161etci fan\u00fa\u0161ikovia horskej cyklistiky, tak registrovan\u00ed cyklisti, ako aj cyklistick\u00ed nad\u0161enci alebo deti. S\u00e9ria je v plnom pr\u00fade.<\/p>\n<p><strong><em>Vezmite bicykel, rodinu aj kamar\u00e1tov a vyrazte na najbli\u017e\u0161ie preteky \u0160koda BIKE OPEN TOUR. \u010ci budete s\u00fa\u0165a\u017ei\u0165 alebo povzbudzova\u0165,\u00a0 za\u017eijete jedine\u010dn\u00fa atmosf\u00e9ru pln\u00fa \u0161portu a z\u00e1bavy.<\/em><\/strong><\/p>\n<\/div>\n<\/div><\/div><\/div><\/div><div id=\"pg-758-2\"  class=\"panel-grid panel-no-style\" ><div id=\"pgc-758-2-0\"  class=\"panel-grid-cell\" ><div id=\"panel-758-2-0-0\" class=\"so-panel widget widget_sow-image panel-first-child\" data-index=\"3\" ><div\n\t\t\t\n\t\t\tclass=\"so-widget-sow-image so-widget-sow-image-default-8b5b6f678277-758\"\n\t\t\t\n\t\t>\n<div class=\"sow-image-container\">\n\t\t\t<a href=\"https:\/\/www.welovecycling.com\/sk\/2017\/09\/05\/reportaz-skoda-slovensky-raj-finalove-kolo-celej-serie-krasnom-prostredi\/\"\n\t\t\ttarget=\"_blank\" rel=\"noopener noreferrer\" \t\t>\n\t\t\t<img loading=\"lazy\" decoding=\"async\" src=\"https:\/\/d2p6e6u75xmxt8.cloudfront.net\/4\/2017\/09\/1375x600_raj-2017-mesiarikova.webp\" width=\"1375\" height=\"600\" srcset=\"https:\/\/d2p6e6u75xmxt8.cloudfront.net\/4\/2017\/09\/1375x600_raj-2017-mesiarikova.webp 1375w, https:\/\/d2p6e6u75xmxt8.cloudfront.net\/4\/2017\/09\/1375x600_raj-2017-mesiarikova-300x131.webp 300w, https:\/\/d2p6e6u75xmxt8.cloudfront.net\/4\/2017\/09\/1375x600_raj-2017-mesiarikova-1024x447.webp 1024w, https:\/\/d2p6e6u75xmxt8.cloudfront.net\/4\/2017\/09\/1375x600_raj-2017-mesiarikova-768x335.webp 768w\" sizes=\"auto, (max-width: 1375px) 100vw, 1375px\" alt=\"\" \t\tclass=\"so-widget-image\"\/>\n\t<\/a><\/div>\n\n<\/div><\/div><div id=\"panel-758-2-0-1\" class=\"so-panel widget widget_sow-editor panel-last-child\" data-index=\"4\" ><div\n\t\t\t\n\t\t\tclass=\"so-widget-sow-editor so-widget-sow-editor-base\"\n\t\t\t\n\t\t>\n<div class=\"siteorigin-widget-tinymce textwidget\">\n\t<p><a href=\"https:\/\/www.welovecycling.com\/sk\/2017\/09\/05\/reportaz-skoda-slovensky-raj-finalove-kolo-celej-serie-krasnom-prostredi\/\" target=\"_blank\" rel=\"noopener noreferrer\">\u0160koda Slovensk\u00fd raj \u2013 fin\u00e1lov\u00e9 kolo celej s\u00e9rie v kr\u00e1snom prostred\u00ed <\/a><\/p>\n<p>Fin\u00e1le \u0160koda BIKE OPEN TOUR sa konalo na r\u00fdchlej trati v Slovenskom raji, kde sa aj v chladnej\u0161om po\u010das\u00ed st\u00e1le pekne pr\u00e1\u0161ilo.<\/p>\n<\/div>\n<\/div><\/div><\/div><div id=\"pgc-758-2-1\"  class=\"panel-grid-cell\" ><div id=\"panel-758-2-1-0\" class=\"so-panel widget widget_sow-image panel-first-child\" data-index=\"5\" ><div\n\t\t\t\n\t\t\tclass=\"so-widget-sow-image so-widget-sow-image-default-8b5b6f678277-758\"\n\t\t\t\n\t\t>\n<div class=\"sow-image-container\">\n\t\t\t<a href=\"https:\/\/www.welovecycling.com\/sk\/2017\/08\/14\/reportaz-poradi-5-kolo-sbot-hostil-skoda-horal-mtb-maraton-svit-opat-praskal-vo-svikoch\/\"\n\t\t\ttarget=\"_blank\" rel=\"noopener noreferrer\" \t\t>\n\t\t\t<img loading=\"lazy\" decoding=\"async\" src=\"https:\/\/d2p6e6u75xmxt8.cloudfront.net\/4\/2017\/08\/horal_26.webp\" width=\"1373\" height=\"600\" srcset=\"https:\/\/d2p6e6u75xmxt8.cloudfront.net\/4\/2017\/08\/horal_26.webp 1373w, https:\/\/d2p6e6u75xmxt8.cloudfront.net\/4\/2017\/08\/horal_26-300x131.webp 300w, https:\/\/d2p6e6u75xmxt8.cloudfront.net\/4\/2017\/08\/horal_26-1024x447.webp 1024w, https:\/\/d2p6e6u75xmxt8.cloudfront.net\/4\/2017\/08\/horal_26-768x336.webp 768w\" sizes=\"auto, (max-width: 1373px) 100vw, 1373px\" alt=\"\" \t\tclass=\"so-widget-image\"\/>\n\t<\/a><\/div>\n\n<\/div><\/div><div id=\"panel-758-2-1-1\" class=\"so-panel widget widget_sow-editor panel-last-child\" data-index=\"6\" ><div\n\t\t\t\n\t\t\tclass=\"so-widget-sow-editor so-widget-sow-editor-base\"\n\t\t\t\n\t\t>\n<div class=\"siteorigin-widget-tinymce textwidget\">\n\t<p><a href=\"https:\/\/www.welovecycling.com\/sk\/2017\/08\/14\/reportaz-poradi-5-kolo-sbot-hostil-skoda-horal-mtb-maraton-svit-opat-praskal-vo-svikoch\/\" target=\"_blank\" rel=\"noopener noreferrer\">5. kolo \u0160BOT hostil \u0160koda Horal MTB marat\u00f3n a Svit op\u00e4\u0165 praskal vo \u0161v\u00edkoch<\/a><\/p>\n<p>P\u00f4vodn\u00e9 predpovede o zlom po\u010das\u00ed sa nenaplnili a pretek\u00e1rov \u010dakali poriadne r\u00fdchle trate, na ktor\u00fdch bojovalo cez 800 bikerov.<\/p>\n<\/div>\n<\/div><\/div><\/div><\/div><div id=\"pg-758-3\"  class=\"panel-grid panel-no-style\" ><div id=\"pgc-758-3-0\"  class=\"panel-grid-cell\" ><div id=\"panel-758-3-0-0\" class=\"so-panel widget widget_sow-image panel-first-child\" data-index=\"7\" ><div\n\t\t\t\n\t\t\tclass=\"so-widget-sow-image so-widget-sow-image-default-8b5b6f678277-758\"\n\t\t\t\n\t\t>\n<div class=\"sow-image-container\">\n\t\t\t<a href=\"https:\/\/www.welovecycling.com\/sk\/2017\/07\/31\/reportaz-skoda-stupava-trophy-rychle-horuce-4-kolo\/\"\n\t\t\ttarget=\"_blank\" rel=\"noopener noreferrer\" \t\t>\n\t\t\t<img loading=\"lazy\" decoding=\"async\" src=\"https:\/\/d2p6e6u75xmxt8.cloudfront.net\/4\/2017\/08\/stupava-cover.webp\" width=\"1375\" height=\"600\" srcset=\"https:\/\/d2p6e6u75xmxt8.cloudfront.net\/4\/2017\/08\/stupava-cover.webp 1375w, https:\/\/d2p6e6u75xmxt8.cloudfront.net\/4\/2017\/08\/stupava-cover-300x131.webp 300w, https:\/\/d2p6e6u75xmxt8.cloudfront.net\/4\/2017\/08\/stupava-cover-1024x447.webp 1024w, https:\/\/d2p6e6u75xmxt8.cloudfront.net\/4\/2017\/08\/stupava-cover-768x335.webp 768w\" sizes=\"auto, (max-width: 1375px) 100vw, 1375px\" alt=\"\" \t\tclass=\"so-widget-image\"\/>\n\t<\/a><\/div>\n\n<\/div><\/div><div id=\"panel-758-3-0-1\" class=\"so-panel widget widget_sow-editor panel-last-child\" data-index=\"8\" ><div\n\t\t\t\n\t\t\tclass=\"so-widget-sow-editor so-widget-sow-editor-base\"\n\t\t\t\n\t\t>\n<div class=\"siteorigin-widget-tinymce textwidget\">\n\t<p><a href=\"https:\/\/www.welovecycling.com\/sk\/2017\/07\/31\/reportaz-skoda-stupava-trophy-rychle-horuce-4-kolo\/\" target=\"_blank\" rel=\"noopener noreferrer\">\u0160koda STUPAVA TROPHY \u2013 r\u00fdchle a hor\u00face 4. kolo<\/a><\/p>\n<p>V porad\u00ed \u0161tvrt\u00e9 kolo \u0160BOT u\u017e tradi\u010dne pon\u00faklo r\u00fdchlu tra\u0165 a rovnako mo\u017enos\u0165 v\u00fdrazne si vylep\u0161i\u0165 cyklistick\u00e9 op\u00e1lenie.<\/p>\n<\/div>\n<\/div><\/div><\/div><div id=\"pgc-758-3-1\"  class=\"panel-grid-cell\" ><div id=\"panel-758-3-1-0\" class=\"so-panel widget widget_sow-image panel-first-child\" data-index=\"9\" ><div\n\t\t\t\n\t\t\tclass=\"so-widget-sow-image so-widget-sow-image-default-8b5b6f678277-758\"\n\t\t\t\n\t\t>\n<div class=\"sow-image-container\">\n\t\t\t<a href=\"https:\/\/www.welovecycling.com\/sk\/2017\/06\/28\/reportaz-author-skoda-bikemaraton-sulovske-skaly-vyborna-trat-este-vacsia-zabava\/\"\n\t\t\ttarget=\"_blank\" rel=\"noopener noreferrer\" \t\t>\n\t\t\t<img loading=\"lazy\" decoding=\"async\" src=\"https:\/\/d2p6e6u75xmxt8.cloudfront.net\/4\/2017\/06\/uvodna-1.webp\" width=\"1375\" height=\"600\" srcset=\"https:\/\/d2p6e6u75xmxt8.cloudfront.net\/4\/2017\/06\/uvodna-1.webp 1375w, https:\/\/d2p6e6u75xmxt8.cloudfront.net\/4\/2017\/06\/uvodna-1-300x131.webp 300w, https:\/\/d2p6e6u75xmxt8.cloudfront.net\/4\/2017\/06\/uvodna-1-1024x447.webp 1024w, https:\/\/d2p6e6u75xmxt8.cloudfront.net\/4\/2017\/06\/uvodna-1-768x335.webp 768w\" sizes=\"auto, (max-width: 1375px) 100vw, 1375px\" alt=\"\" \t\tclass=\"so-widget-image\"\/>\n\t<\/a><\/div>\n\n<\/div><\/div><div id=\"panel-758-3-1-1\" class=\"so-panel widget widget_sow-editor panel-last-child\" data-index=\"10\" ><div\n\t\t\t\n\t\t\tclass=\"so-widget-sow-editor so-widget-sow-editor-base\"\n\t\t\t\n\t\t>\n<div class=\"siteorigin-widget-tinymce textwidget\">\n\t<p><a href=\"https:\/\/www.welovecycling.com\/sk\/2017\/06\/28\/reportaz-author-skoda-bikemaraton-sulovske-skaly-vyborna-trat-este-vacsia-zabava\/\" target=\"_blank\" rel=\"noopener noreferrer\">AUTHOR \u0160koda bikemarat\u00f3n S\u00fa\u013eovsk\u00e9 skaly \u2013 v\u00fdborn\u00e1 tra\u0165 a e\u0161te v\u00e4\u010d\u0161ia z\u00e1bava<\/a><\/p>\n<p>Tretie kolo \u0160koda BIKE OPEN TOUR hostil S\u00fa\u013eov a vynoven\u00e9 trate preverili schopnosti ka\u017ed\u00e9ho, kto m\u00e1 r\u00e1d skuto\u010dn\u00e9 MTB.<\/p>\n<\/div>\n<\/div><\/div><\/div><\/div><div id=\"pg-758-4\"  class=\"panel-grid panel-no-style\" ><div id=\"pgc-758-4-0\"  class=\"panel-grid-cell\" ><div id=\"panel-758-4-0-0\" class=\"so-panel widget widget_sow-image panel-first-child\" data-index=\"11\" ><div\n\t\t\t\n\t\t\tclass=\"so-widget-sow-image so-widget-sow-image-default-8b5b6f678277-758\"\n\t\t\t\n\t\t>\n<div class=\"sow-image-container\">\n\t\t\t<a href=\"https:\/\/www.welovecycling.com\/sk\/2017\/06\/08\/reportaz-skoda-dohnany-puchov-trophy-premierovo-vysokej-urovni\/\"\n\t\t\ttarget=\"_blank\" rel=\"noopener noreferrer\" \t\t>\n\t\t\t<img loading=\"lazy\" decoding=\"async\" src=\"https:\/\/d2p6e6u75xmxt8.cloudfront.net\/4\/2017\/06\/dohnany-reportaz-topimage.webp\" width=\"1375\" height=\"600\" srcset=\"https:\/\/d2p6e6u75xmxt8.cloudfront.net\/4\/2017\/06\/dohnany-reportaz-topimage.webp 1375w, https:\/\/d2p6e6u75xmxt8.cloudfront.net\/4\/2017\/06\/dohnany-reportaz-topimage-300x131.webp 300w, https:\/\/d2p6e6u75xmxt8.cloudfront.net\/4\/2017\/06\/dohnany-reportaz-topimage-1024x447.webp 1024w, https:\/\/d2p6e6u75xmxt8.cloudfront.net\/4\/2017\/06\/dohnany-reportaz-topimage-768x335.webp 768w\" sizes=\"auto, (max-width: 1375px) 100vw, 1375px\" alt=\"\" \t\tclass=\"so-widget-image\"\/>\n\t<\/a><\/div>\n\n<\/div><\/div><div id=\"panel-758-4-0-1\" class=\"so-panel widget widget_sow-editor\" data-index=\"12\" ><div\n\t\t\t\n\t\t\tclass=\"so-widget-sow-editor so-widget-sow-editor-base\"\n\t\t\t\n\t\t>\n<div class=\"siteorigin-widget-tinymce textwidget\">\n\t<p><a href=\"https:\/\/www.welovecycling.com\/sk\/2017\/06\/08\/reportaz-skoda-dohnany-puchov-trophy-premierovo-vysokej-urovni\/\" target=\"_blank\" rel=\"noopener noreferrer\">\u0160koda Doh\u0148any \u2013 P\u00fachov Trophy premi\u00e9rovo na vysokej \u00farovni<\/a><\/p>\n<p>Druh\u00e9 kolo \u0160koda BIKE OPEN TOUR si odbilo v Doh\u0148anoch v\u00fdborn\u00fa premi\u00e9ru na trati, kde sa \u010dlovek naozaj nenudil.<\/p>\n<\/div>\n<\/div><\/div><div id=\"panel-758-4-0-2\" class=\"so-panel widget widget_sow-editor panel-last-child\" data-index=\"13\" ><div class=\"panel-widget-style panel-widget-style-for-758-4-0-2\" ><div\n\t\t\t\n\t\t\tclass=\"so-widget-sow-editor so-widget-sow-editor-base\"\n\t\t\t\n\t\t>\n<div class=\"siteorigin-widget-tinymce textwidget\">\n\t<p><strong><a href=\"\/sk\/category\/sbot\/\" target=\"_blank\" rel=\"noopener noreferrer\">V\u0161etky \u010dl\u00e1nky o s\u00e9rii \u0160koda BIKE OPEN TOUR<\/a><\/strong><\/p>\n<\/div>\n<\/div><\/div><\/div><\/div><div id=\"pgc-758-4-1\"  class=\"panel-grid-cell\" ><div id=\"panel-758-4-1-0\" class=\"so-panel widget widget_sow-image panel-first-child\" data-index=\"14\" ><div\n\t\t\t\n\t\t\tclass=\"so-widget-sow-image so-widget-sow-image-default-8b5b6f678277-758\"\n\t\t\t\n\t\t>\n<div class=\"sow-image-container\">\n\t\t\t<a href=\"https:\/\/www.welovecycling.com\/sk\/2017\/05\/16\/skoda-svatojursky-mtb-maraton-2017-pretekarska-sezona-zahajena\/\"\n\t\t\ttarget=\"_blank\" rel=\"noopener noreferrer\" \t\t>\n\t\t\t<img loading=\"lazy\" decoding=\"async\" src=\"https:\/\/d2p6e6u75xmxt8.cloudfront.net\/4\/2017\/04\/sbot-wlc-banner-2.webp\" width=\"1375\" height=\"600\" srcset=\"https:\/\/d2p6e6u75xmxt8.cloudfront.net\/4\/2017\/04\/sbot-wlc-banner-2.webp 1375w, https:\/\/d2p6e6u75xmxt8.cloudfront.net\/4\/2017\/04\/sbot-wlc-banner-2-300x131.webp 300w, https:\/\/d2p6e6u75xmxt8.cloudfront.net\/4\/2017\/04\/sbot-wlc-banner-2-1024x447.webp 1024w, https:\/\/d2p6e6u75xmxt8.cloudfront.net\/4\/2017\/04\/sbot-wlc-banner-2-768x335.webp 768w\" sizes=\"auto, (max-width: 1375px) 100vw, 1375px\" alt=\"\" \t\tclass=\"so-widget-image\"\/>\n\t<\/a><\/div>\n\n<\/div><\/div><div id=\"panel-758-4-1-1\" class=\"so-panel widget widget_sow-editor panel-last-child\" data-index=\"15\" ><div\n\t\t\t\n\t\t\tclass=\"so-widget-sow-editor so-widget-sow-editor-base\"\n\t\t\t\n\t\t>\n<div class=\"siteorigin-widget-tinymce textwidget\">\n\t<p><a href=\"https:\/\/www.welovecycling.com\/sk\/2017\/05\/16\/skoda-svatojursky-mtb-maraton-2017-pretekarska-sezona-zahajena\/\" target=\"_blank\" rel=\"noopener noreferrer\">\u0160koda Sv\u00e4tojursk\u00fd MTB marat\u00f3n 2017 \u2013 pretek\u00e1rska sez\u00f3na zah\u00e1jen\u00e1 <\/a><\/p>\n<p>Tradi\u010dn\u00fd za\u010diatok \u0160koda BIKE OPEN TOUR vo Sv\u00e4tom Jure. Hoci trochu popr\u0161alo, dobr\u00fd povrch podr\u017eal, tak\u017ee sa aspo\u0148 nepr\u00e1\u0161ilo \ud83d\ude42<\/p>\n<\/div>\n<\/div><\/div><\/div><\/div><div id=\"pg-758-5\"  class=\"panel-grid panel-no-style\" ><div id=\"pgc-758-5-0\"  class=\"panel-grid-cell\" ><div id=\"panel-758-5-0-0\" class=\"so-panel widget widget_text panel-first-child panel-last-child\" data-index=\"16\" >\t\t\t<div class=\"textwidget\"> <script src=\"https:\/\/webapps.skoda-auto.sk\/WLC\/galeria.php\/2017_sbot_stupava_galeria2\"><\/script><\/div>\n\t\t<\/div><\/div><\/div><div id=\"pg-758-6\"  class=\"panel-grid panel-no-style\" ><div id=\"pgc-758-6-0\"  class=\"panel-grid-cell\" ><div id=\"panel-758-6-0-0\" class=\"so-panel widget widget_sow-editor panel-first-child panel-last-child\" data-index=\"17\" ><div\n\t\t\t\n\t\t\tclass=\"so-widget-sow-editor so-widget-sow-editor-base\"\n\t\t\t\n\t\t><h3 class=\"widget-title\">\u0160koda a cyklistika<\/h3>\n<div class=\"siteorigin-widget-tinymce textwidget\">\n\t<p>Spojenie zna\u010dky \u0160koda s cyklistikou siaha hlboko do minulosti. Pr\u00e1ve v\u00fdrobou bicyklov sa sa toti\u017e v roku\u00a01895 za\u010dala p\u00edsa\u0165 \u00faspe\u0161n\u00e1 hist\u00f3ria mladoboleslavskej\u00a0automobilky. Pred \u0161trn\u00e1stimi rokmi sa \u0160koda stala\u00a0partnerom najpopul\u00e1rnej\u0161\u00edch cyklistick\u00fdch pretekov na\u00a0svete \u2013 Tour de France a Vuelta. Od roku 2014 je \u0160koda stabiln\u00fdm partnerom slovenskej cyklistiky. Akt\u00edvne podporuje\u00a0 najv\u00e4\u010d\u0161ie podujatie v cestnej cyklistike OKOLO SLOVENSKA a zastre\u0161uje\u00a0tie\u017e s\u00e9riu prest\u00ed\u017enych\u00a0horsk\u00fdch marat\u00f3nov pod n\u00e1zvom \u0160koda BIKE OPEN TOUR.<\/p>\n<\/div>\n<\/div><\/div><\/div><\/div><\/div>","protected":false},"excerpt":{"rendered":"<p>Milujeme pohyb na koles\u00e1ch a nehovor\u00edme len o aut\u00e1ch. Auto je prostriedok, ktor\u00fd v\u00e1s a v\u00e1\u0161 bike dovezie na \u0161tart. [&hellip;]<\/p>\n","protected":false},"author":38,"featured_media":1013,"parent":0,"menu_order":0,"comment_status":"closed","ping_status":"closed","template":"templates\/template-empty-page.php","meta":{"footnotes":""},"tags":[35],"class_list":["post-758","page","type-page","status-publish","has-post-thumbnail","hentry","tag-sbot"],"yoast_head":"<!-- This site is optimized with the Yoast SEO Premium plugin v25.3 (Yoast SEO v25.9) - https:\/\/yoast.com\/wordpress\/plugins\/seo\/ -->\n<title>\u0160koda BIKE OPEN TOUR 2017 - \u0160koda We Love Cycling Slovensko<\/title>\n<meta name=\"robots\" content=\"index, follow, max-snippet:-1, max-image-preview:large, max-video-preview:-1\" \/>\n<link rel=\"canonical\" href=\"https:\/\/www.welovecycling.com\/sk\/sbot-2017\/\" \/>\n<meta property=\"og:locale\" content=\"sk_SK\" \/>\n<meta property=\"og:type\" content=\"article\" \/>\n<meta property=\"og:title\" content=\"\u0160koda BIKE OPEN TOUR 2017\" \/>\n<meta property=\"og:description\" content=\"Milujeme pohyb na koles\u00e1ch a nehovor\u00edme len o aut\u00e1ch. Auto je prostriedok, ktor\u00fd v\u00e1s a v\u00e1\u0161 bike dovezie na \u0161tart. [&hellip;]\" \/>\n<meta property=\"og:url\" content=\"https:\/\/www.welovecycling.com\/sk\/sbot-2017\/\" \/>\n<meta property=\"og:site_name\" content=\"\u0160koda We Love Cycling Slovensko\" \/>\n<meta property=\"article:modified_time\" content=\"2018-04-12T15:19:54+00:00\" \/>\n<meta property=\"og:image\" content=\"https:\/\/d2p6e6u75xmxt8.cloudfront.net\/4\/2017\/05\/sbot-2017.webp\" \/>\n\t<meta property=\"og:image:width\" content=\"1903\" \/>\n\t<meta property=\"og:image:height\" content=\"830\" \/>\n\t<meta property=\"og:image:type\" content=\"image\/webp\" \/>\n<meta name=\"twitter:card\" content=\"summary_large_image\" \/>\n<meta name=\"twitter:label1\" content=\"Est. reading time\" \/>\n\t<meta name=\"twitter:data1\" content=\"3 minutes\" \/>\n<script type=\"application\/ld+json\" class=\"yoast-schema-graph\">{\"@context\":\"https:\/\/schema.org\",\"@graph\":[{\"@type\":\"WebPage\",\"@id\":\"https:\/\/www.welovecycling.com\/sk\/sbot-2017\/\",\"url\":\"https:\/\/www.welovecycling.com\/sk\/sbot-2017\/\",\"name\":\"\u0160koda BIKE OPEN TOUR 2017 - \u0160koda We Love Cycling Slovensko\",\"isPartOf\":{\"@id\":\"https:\/\/www.welovecycling.com\/sk\/#website\"},\"primaryImageOfPage\":{\"@id\":\"https:\/\/www.welovecycling.com\/sk\/sbot-2017\/#primaryimage\"},\"image\":{\"@id\":\"https:\/\/www.welovecycling.com\/sk\/sbot-2017\/#primaryimage\"},\"thumbnailUrl\":\"https:\/\/d2p6e6u75xmxt8.cloudfront.net\/4\/2017\/05\/sbot-2017.webp\",\"datePublished\":\"2017-05-31T11:39:05+00:00\",\"dateModified\":\"2018-04-12T15:19:54+00:00\",\"breadcrumb\":{\"@id\":\"https:\/\/www.welovecycling.com\/sk\/sbot-2017\/#breadcrumb\"},\"inLanguage\":\"sk-SK\",\"potentialAction\":[{\"@type\":\"ReadAction\",\"target\":[\"https:\/\/www.welovecycling.com\/sk\/sbot-2017\/\"]}]},{\"@type\":\"ImageObject\",\"inLanguage\":\"sk-SK\",\"@id\":\"https:\/\/www.welovecycling.com\/sk\/sbot-2017\/#primaryimage\",\"url\":\"https:\/\/d2p6e6u75xmxt8.cloudfront.net\/4\/2017\/05\/sbot-2017.webp\",\"contentUrl\":\"https:\/\/d2p6e6u75xmxt8.cloudfront.net\/4\/2017\/05\/sbot-2017.webp\",\"width\":1903,\"height\":830},{\"@type\":\"BreadcrumbList\",\"@id\":\"https:\/\/www.welovecycling.com\/sk\/sbot-2017\/#breadcrumb\",\"itemListElement\":[{\"@type\":\"ListItem\",\"position\":1,\"name\":\"Home\",\"item\":\"https:\/\/www.welovecycling.com\/sk\/\"},{\"@type\":\"ListItem\",\"position\":2,\"name\":\"\u0160koda BIKE OPEN TOUR 2017\"}]},{\"@type\":\"WebSite\",\"@id\":\"https:\/\/www.welovecycling.com\/sk\/#website\",\"url\":\"https:\/\/www.welovecycling.com\/sk\/\",\"name\":\"\u0160koda We Love Cycling Slovensko\",\"description\":\"\u0160koda We Love Cycling Slovensko je v\u00e1\u0161 ka\u017edodenn\u00fd zdroj noviniek a in\u0161pir\u00e1cie z sveta cyklistiky\",\"potentialAction\":[{\"@type\":\"SearchAction\",\"target\":{\"@type\":\"EntryPoint\",\"urlTemplate\":\"https:\/\/www.welovecycling.com\/sk\/?s={search_term_string}\"},\"query-input\":{\"@type\":\"PropertyValueSpecification\",\"valueRequired\":true,\"valueName\":\"search_term_string\"}}],\"inLanguage\":\"sk-SK\"}]}<\/script>\n<!-- \/ Yoast SEO Premium plugin. -->","yoast_head_json":{"title":"\u0160koda BIKE OPEN TOUR 2017 - \u0160koda We Love Cycling Slovensko","robots":{"index":"index","follow":"follow","max-snippet":"max-snippet:-1","max-image-preview":"max-image-preview:large","max-video-preview":"max-video-preview:-1"},"canonical":"https:\/\/www.welovecycling.com\/sk\/sbot-2017\/","og_locale":"sk_SK","og_type":"article","og_title":"\u0160koda BIKE OPEN TOUR 2017","og_description":"Milujeme pohyb na koles\u00e1ch a nehovor\u00edme len o aut\u00e1ch. Auto je prostriedok, ktor\u00fd v\u00e1s a v\u00e1\u0161 bike dovezie na \u0161tart. [&hellip;]","og_url":"https:\/\/www.welovecycling.com\/sk\/sbot-2017\/","og_site_name":"\u0160koda We Love Cycling Slovensko","article_modified_time":"2018-04-12T15:19:54+00:00","og_image":[{"width":1903,"height":830,"url":"https:\/\/d2p6e6u75xmxt8.cloudfront.net\/4\/2017\/05\/sbot-2017.webp","type":"image\/webp"}],"twitter_card":"summary_large_image","twitter_misc":{"Est. reading time":"3 minutes"},"schema":{"@context":"https:\/\/schema.org","@graph":[{"@type":"WebPage","@id":"https:\/\/www.welovecycling.com\/sk\/sbot-2017\/","url":"https:\/\/www.welovecycling.com\/sk\/sbot-2017\/","name":"\u0160koda BIKE OPEN TOUR 2017 - \u0160koda We Love Cycling Slovensko","isPartOf":{"@id":"https:\/\/www.welovecycling.com\/sk\/#website"},"primaryImageOfPage":{"@id":"https:\/\/www.welovecycling.com\/sk\/sbot-2017\/#primaryimage"},"image":{"@id":"https:\/\/www.welovecycling.com\/sk\/sbot-2017\/#primaryimage"},"thumbnailUrl":"https:\/\/d2p6e6u75xmxt8.cloudfront.net\/4\/2017\/05\/sbot-2017.webp","datePublished":"2017-05-31T11:39:05+00:00","dateModified":"2018-04-12T15:19:54+00:00","breadcrumb":{"@id":"https:\/\/www.welovecycling.com\/sk\/sbot-2017\/#breadcrumb"},"inLanguage":"sk-SK","potentialAction":[{"@type":"ReadAction","target":["https:\/\/www.welovecycling.com\/sk\/sbot-2017\/"]}]},{"@type":"ImageObject","inLanguage":"sk-SK","@id":"https:\/\/www.welovecycling.com\/sk\/sbot-2017\/#primaryimage","url":"https:\/\/d2p6e6u75xmxt8.cloudfront.net\/4\/2017\/05\/sbot-2017.webp","contentUrl":"https:\/\/d2p6e6u75xmxt8.cloudfront.net\/4\/2017\/05\/sbot-2017.webp","width":1903,"height":830},{"@type":"BreadcrumbList","@id":"https:\/\/www.welovecycling.com\/sk\/sbot-2017\/#breadcrumb","itemListElement":[{"@type":"ListItem","position":1,"name":"Home","item":"https:\/\/www.welovecycling.com\/sk\/"},{"@type":"ListItem","position":2,"name":"\u0160koda BIKE OPEN TOUR 2017"}]},{"@type":"WebSite","@id":"https:\/\/www.welovecycling.com\/sk\/#website","url":"https:\/\/www.welovecycling.com\/sk\/","name":"\u0160koda We Love Cycling Slovensko","description":"\u0160koda We Love Cycling Slovensko je v\u00e1\u0161 ka\u017edodenn\u00fd zdroj noviniek a in\u0161pir\u00e1cie z sveta cyklistiky","potentialAction":[{"@type":"SearchAction","target":{"@type":"EntryPoint","urlTemplate":"https:\/\/www.welovecycling.com\/sk\/?s={search_term_string}"},"query-input":{"@type":"PropertyValueSpecification","valueRequired":true,"valueName":"search_term_string"}}],"inLanguage":"sk-SK"}]}},"_links":{"self":[{"href":"https:\/\/www.welovecycling.com\/sk\/wp-json\/wp\/v2\/pages\/758","targetHints":{"allow":["GET"]}}],"collection":[{"href":"https:\/\/www.welovecycling.com\/sk\/wp-json\/wp\/v2\/pages"}],"about":[{"href":"https:\/\/www.welovecycling.com\/sk\/wp-json\/wp\/v2\/types\/page"}],"author":[{"embeddable":true,"href":"https:\/\/www.welovecycling.com\/sk\/wp-json\/wp\/v2\/users\/38"}],"replies":[{"embeddable":true,"href":"https:\/\/www.welovecycling.com\/sk\/wp-json\/wp\/v2\/comments?post=758"}],"version-history":[{"count":2,"href":"https:\/\/www.welovecycling.com\/sk\/wp-json\/wp\/v2\/pages\/758\/revisions"}],"predecessor-version":[{"id":3308,"href":"https:\/\/www.welovecycling.com\/sk\/wp-json\/wp\/v2\/pages\/758\/revisions\/3308"}],"wp:featuredmedia":[{"embeddable":true,"href":"https:\/\/www.welovecycling.com\/sk\/wp-json\/wp\/v2\/media\/1013"}],"wp:attachment":[{"href":"https:\/\/www.welovecycling.com\/sk\/wp-json\/wp\/v2\/media?parent=758"}],"wp:term":[{"taxonomy":"post_tag","embeddable":true,"href":"https:\/\/www.welovecycling.com\/sk\/wp-json\/wp\/v2\/tags?post=758"}],"curies":[{"name":"wp","href":"https:\/\/api.w.org\/{rel}","templated":true}]}}