{"id":872,"date":"2018-04-24T23:30:51","date_gmt":"2018-04-24T22:30:51","guid":{"rendered":"https:\/\/www.welovecycling.com\/se\/?page_id=872"},"modified":"2018-06-20T11:50:18","modified_gmt":"2018-06-20T10:50:18","slug":"teamet-2018","status":"publish","type":"page","link":"https:\/\/www.welovecycling.com\/se\/skoda-cycling-team\/teamet-2018\/","title":{"rendered":"SKODA Cycling Team 2018"},"content":{"rendered":"<div id=\"pl-872\"  class=\"panel-layout\" ><div id=\"pg-872-0\"  class=\"panel-grid panel-no-style\" ><div id=\"pgc-872-0-0\"  class=\"panel-grid-cell panel-grid-cell-empty\" ><\/div><\/div><div id=\"pg-872-1\"  class=\"panel-grid panel-no-style\" ><div id=\"pgc-872-1-0\"  class=\"panel-grid-cell panel-grid-cell-empty\" ><\/div><div id=\"pgc-872-1-1\"  class=\"panel-grid-cell panel-grid-cell-mobile-last\" ><div id=\"panel-872-1-1-0\" class=\"so-panel widget widget_sow-editor panel-first-child panel-last-child\" data-index=\"0\" ><div\n\t\t\t\n\t\t\tclass=\"so-widget-sow-editor so-widget-sow-editor-base\"\n\t\t\t\n\t\t>\n<div class=\"siteorigin-widget-tinymce textwidget\">\n\t<h1>\u0160koda Cycling Team 2018<\/h1>\n<\/div>\n<\/div><\/div><\/div><div id=\"pgc-872-1-2\"  class=\"panel-grid-cell panel-grid-cell-empty\" ><\/div><\/div><div id=\"pg-872-2\"  class=\"panel-grid panel-no-style\" ><div id=\"pgc-872-2-0\"  class=\"panel-grid-cell panel-grid-cell-empty\" ><\/div><div id=\"pgc-872-2-1\"  class=\"panel-grid-cell\" ><div id=\"panel-872-2-1-0\" class=\"so-panel widget widget_sow-image panel-first-child\" data-index=\"1\" ><div\n\t\t\t\n\t\t\tclass=\"so-widget-sow-image so-widget-sow-image-default-8b5b6f678277-872\"\n\t\t\t\n\t\t>\n<div class=\"sow-image-container\">\n\t\t<img loading=\"lazy\" decoding=\"async\" src=\"https:\/\/d2p6e6u75xmxt8.cloudfront.net\/9\/2018\/04\/JBA_3734_1.jpg\" width=\"267\" height=\"400\" srcset=\"https:\/\/d2p6e6u75xmxt8.cloudfront.net\/9\/2018\/04\/JBA_3734_1.jpg 267w, https:\/\/d2p6e6u75xmxt8.cloudfront.net\/9\/2018\/04\/JBA_3734_1-200x300.jpg 200w\" sizes=\"auto, (max-width: 267px) 100vw, 267px\" alt=\"\" \t\tclass=\"so-widget-image\"\/>\n\t<\/div>\n\n<\/div><\/div><div id=\"panel-872-2-1-1\" class=\"so-panel widget widget_sow-editor panel-last-child\" data-index=\"2\" ><div\n\t\t\t\n\t\t\tclass=\"so-widget-sow-editor so-widget-sow-editor-base\"\n\t\t\t\n\t\t>\n<div class=\"siteorigin-widget-tinymce textwidget\">\n\t<h2>Payman Hazheer<\/h2>\n<p><em>\"Jag uppt\u00e4ckte cyklingen f\u00f6r ca 5 \u00e5r sen n\u00e4r jag l\u00e5nade en cykel p\u00e5 jobbet. Hade inte suttit p\u00e5 en cykel s\u00e4kert i 10 \u00e5r och fick en rej\u00e4l feeling. \u00c5kte raka v\u00e4gen till en cykelbutik och k\u00f6pte en racer.\"<\/em><\/p>\n<p><a href=\"https:\/\/www.welovecycling.com\/se\/cyklister2018\/payman-hazheer\">L\u00e4s mer...<\/a><\/p>\n<\/div>\n<\/div><\/div><\/div><div id=\"pgc-872-2-2\"  class=\"panel-grid-cell\" ><div id=\"panel-872-2-2-0\" class=\"so-panel widget widget_sow-image panel-first-child\" data-index=\"3\" ><div\n\t\t\t\n\t\t\tclass=\"so-widget-sow-image so-widget-sow-image-default-8b5b6f678277-872\"\n\t\t\t\n\t\t>\n<div class=\"sow-image-container\">\n\t\t<img loading=\"lazy\" decoding=\"async\" src=\"https:\/\/d2p6e6u75xmxt8.cloudfront.net\/9\/2018\/04\/JBA_3748_1.jpg\" width=\"267\" height=\"400\" srcset=\"https:\/\/d2p6e6u75xmxt8.cloudfront.net\/9\/2018\/04\/JBA_3748_1.jpg 267w, https:\/\/d2p6e6u75xmxt8.cloudfront.net\/9\/2018\/04\/JBA_3748_1-200x300.jpg 200w\" sizes=\"auto, (max-width: 267px) 100vw, 267px\" alt=\"\" \t\tclass=\"so-widget-image\"\/>\n\t<\/div>\n\n<\/div><\/div><div id=\"panel-872-2-2-1\" class=\"so-panel widget widget_sow-editor panel-last-child\" data-index=\"4\" ><div\n\t\t\t\n\t\t\tclass=\"so-widget-sow-editor so-widget-sow-editor-base\"\n\t\t\t\n\t\t>\n<div class=\"siteorigin-widget-tinymce textwidget\">\n\t<h2>Nathalie Eklund<\/h2>\n<p><hp><em>\"Jag har aldrig cyklat i klunga, s\u00e5 jag kommer dra nytta av erfarenhet och teknik hos min fadder.\"<\/em><\/hp><\/p>\n<p><a href=\"https:\/\/www.welovecycling.com\/se\/cyklister2018\/nathalie-eklund\">L\u00e4s mer...<\/a><\/p>\n<\/div>\n<\/div><\/div><\/div><div id=\"pgc-872-2-3\"  class=\"panel-grid-cell\" ><div id=\"panel-872-2-3-0\" class=\"so-panel widget widget_sow-image panel-first-child\" data-index=\"5\" ><div\n\t\t\t\n\t\t\tclass=\"so-widget-sow-image so-widget-sow-image-default-8b5b6f678277-872\"\n\t\t\t\n\t\t>\n<div class=\"sow-image-container\">\n\t\t<img loading=\"lazy\" decoding=\"async\" src=\"https:\/\/d2p6e6u75xmxt8.cloudfront.net\/9\/2018\/04\/JBA_3613_1-1.jpg\" width=\"267\" height=\"400\" srcset=\"https:\/\/d2p6e6u75xmxt8.cloudfront.net\/9\/2018\/04\/JBA_3613_1-1.jpg 267w, https:\/\/d2p6e6u75xmxt8.cloudfront.net\/9\/2018\/04\/JBA_3613_1-1-200x300.jpg 200w\" sizes=\"auto, (max-width: 267px) 100vw, 267px\" alt=\"\" \t\tclass=\"so-widget-image\"\/>\n\t<\/div>\n\n<\/div><\/div><div id=\"panel-872-2-3-1\" class=\"so-panel widget widget_sow-editor panel-last-child\" data-index=\"6\" ><div\n\t\t\t\n\t\t\tclass=\"so-widget-sow-editor so-widget-sow-editor-base\"\n\t\t\t\n\t\t>\n<div class=\"siteorigin-widget-tinymce textwidget\">\n\t<h2>Niklas Henriksson<\/h2>\n<p><hp><em>\"Min passion f\u00f6r cykling har egentligen vuxit sig starkare varje \u00e5r fr\u00e5n att jag som ung satt klistrad framf\u00f6r touren p\u00e5 somrarna!\"<\/em><\/hp><\/p>\n<p><a href=\"https:\/\/www.welovecycling.com\/se\/cyklister2018\/niklas-henriksson\">L\u00e4s mer...<\/a><\/p>\n<\/div>\n<\/div><\/div><\/div><div id=\"pgc-872-2-4\"  class=\"panel-grid-cell panel-grid-cell-mobile-last\" ><div id=\"panel-872-2-4-0\" class=\"so-panel widget widget_sow-image panel-first-child\" data-index=\"7\" ><div\n\t\t\t\n\t\t\tclass=\"so-widget-sow-image so-widget-sow-image-default-8b5b6f678277-872\"\n\t\t\t\n\t\t>\n<div class=\"sow-image-container\">\n\t\t<img loading=\"lazy\" decoding=\"async\" src=\"https:\/\/d2p6e6u75xmxt8.cloudfront.net\/9\/2018\/04\/JBA_3807_1.jpg\" width=\"267\" height=\"400\" srcset=\"https:\/\/d2p6e6u75xmxt8.cloudfront.net\/9\/2018\/04\/JBA_3807_1.jpg 267w, https:\/\/d2p6e6u75xmxt8.cloudfront.net\/9\/2018\/04\/JBA_3807_1-200x300.jpg 200w\" sizes=\"auto, (max-width: 267px) 100vw, 267px\" alt=\"\" \t\tclass=\"so-widget-image\"\/>\n\t<\/div>\n\n<\/div><\/div><div id=\"panel-872-2-4-1\" class=\"so-panel widget widget_sow-editor panel-last-child\" data-index=\"8\" ><div\n\t\t\t\n\t\t\tclass=\"so-widget-sow-editor so-widget-sow-editor-base\"\n\t\t\t\n\t\t>\n<div class=\"siteorigin-widget-tinymce textwidget\">\n\t<h2>Anna Karlsson<\/h2>\n<p><em>\"Jag uppt\u00e4ckte min passion f\u00f6r cykling n\u00e4r jag satte mig p\u00e5 en racercykel f\u00f6rsta g\u00e5ngen i samband med en svensk klassiker 2011.\"<\/em><\/p>\n<p><a href=\"https:\/\/www.welovecycling.com\/se\/cyklister2018\/anna-karlsson\">L\u00e4s mer...<\/a><\/p>\n<\/div>\n<\/div><\/div><\/div><div id=\"pgc-872-2-5\"  class=\"panel-grid-cell panel-grid-cell-empty\" ><\/div><\/div><div id=\"pg-872-3\"  class=\"panel-grid panel-no-style\" ><div id=\"pgc-872-3-0\"  class=\"panel-grid-cell panel-grid-cell-empty\" ><\/div><div id=\"pgc-872-3-1\"  class=\"panel-grid-cell\" ><div id=\"panel-872-3-1-0\" class=\"so-panel widget widget_sow-image panel-first-child\" data-index=\"9\" ><div\n\t\t\t\n\t\t\tclass=\"so-widget-sow-image so-widget-sow-image-default-8b5b6f678277-872\"\n\t\t\t\n\t\t>\n<div class=\"sow-image-container\">\n\t\t<img loading=\"lazy\" decoding=\"async\" src=\"https:\/\/d2p6e6u75xmxt8.cloudfront.net\/9\/2018\/04\/JBA_3705_1.jpg\" width=\"267\" height=\"400\" srcset=\"https:\/\/d2p6e6u75xmxt8.cloudfront.net\/9\/2018\/04\/JBA_3705_1.jpg 267w, https:\/\/d2p6e6u75xmxt8.cloudfront.net\/9\/2018\/04\/JBA_3705_1-200x300.jpg 200w\" sizes=\"auto, (max-width: 267px) 100vw, 267px\" alt=\"\" \t\tclass=\"so-widget-image\"\/>\n\t<\/div>\n\n<\/div><\/div><div id=\"panel-872-3-1-1\" class=\"so-panel widget widget_sow-editor panel-last-child\" data-index=\"10\" ><div\n\t\t\t\n\t\t\tclass=\"so-widget-sow-editor so-widget-sow-editor-base\"\n\t\t\t\n\t\t>\n<div class=\"siteorigin-widget-tinymce textwidget\">\n\t<h2>Daniel Adams Ray<\/h2>\n<p><em>\"Min fetaste cykelupplevelse var n\u00e4r jag cyklade genom Jay-Z\u2019s kvarter i Marcy projects och alla h\u00f6rnf\u00f6rs\u00e4ljare undrade vad fan jag ville p\u00e5 min cykel.\"<\/em><\/p>\n<p><a href=\"https:\/\/www.welovecycling.com\/se\/cyklister2018\/daniel-adams-ray\">L\u00e4s mer...<\/a><\/p>\n<\/div>\n<\/div><\/div><\/div><div id=\"pgc-872-3-2\"  class=\"panel-grid-cell\" ><div id=\"panel-872-3-2-0\" class=\"so-panel widget widget_sow-image panel-first-child\" data-index=\"11\" ><div\n\t\t\t\n\t\t\tclass=\"so-widget-sow-image so-widget-sow-image-default-8b5b6f678277-872\"\n\t\t\t\n\t\t>\n<div class=\"sow-image-container\">\n\t\t<img loading=\"lazy\" decoding=\"async\" src=\"https:\/\/d2p6e6u75xmxt8.cloudfront.net\/9\/2018\/04\/JBA_3854_1.jpg\" width=\"267\" height=\"400\" srcset=\"https:\/\/d2p6e6u75xmxt8.cloudfront.net\/9\/2018\/04\/JBA_3854_1.jpg 267w, https:\/\/d2p6e6u75xmxt8.cloudfront.net\/9\/2018\/04\/JBA_3854_1-200x300.jpg 200w\" sizes=\"auto, (max-width: 267px) 100vw, 267px\" alt=\"\" \t\tclass=\"so-widget-image\"\/>\n\t<\/div>\n\n<\/div><\/div><div id=\"panel-872-3-2-1\" class=\"so-panel widget widget_sow-editor panel-last-child\" data-index=\"12\" ><div\n\t\t\t\n\t\t\tclass=\"so-widget-sow-editor so-widget-sow-editor-base\"\n\t\t\t\n\t\t>\n<div class=\"siteorigin-widget-tinymce textwidget\">\n\t<h2>Anna Beck<\/h2>\n<p><em>\"De v\u00e4rsta passen \u00e4r 4 minuters intervaller, lite hatk\u00e4rlek uppkommer oftast.\"<\/em><\/p>\n<p><a href=\"https:\/\/www.welovecycling.com\/se\/cyklister2018\/anna-beck\">L\u00e4s mer...<\/a><\/p>\n<\/div>\n<\/div><\/div><\/div><div id=\"pgc-872-3-3\"  class=\"panel-grid-cell\" ><div id=\"panel-872-3-3-0\" class=\"so-panel widget widget_sow-image panel-first-child\" data-index=\"13\" ><div\n\t\t\t\n\t\t\tclass=\"so-widget-sow-image so-widget-sow-image-default-8b5b6f678277-872\"\n\t\t\t\n\t\t>\n<div class=\"sow-image-container\">\n\t\t<img loading=\"lazy\" decoding=\"async\" src=\"https:\/\/d2p6e6u75xmxt8.cloudfront.net\/9\/2018\/04\/JBA_4236_1.jpg\" width=\"267\" height=\"400\" srcset=\"https:\/\/d2p6e6u75xmxt8.cloudfront.net\/9\/2018\/04\/JBA_4236_1.jpg 267w, https:\/\/d2p6e6u75xmxt8.cloudfront.net\/9\/2018\/04\/JBA_4236_1-200x300.jpg 200w\" sizes=\"auto, (max-width: 267px) 100vw, 267px\" alt=\"\" \t\tclass=\"so-widget-image\"\/>\n\t<\/div>\n\n<\/div><\/div><div id=\"panel-872-3-3-1\" class=\"so-panel widget widget_sow-editor panel-last-child\" data-index=\"14\" ><div\n\t\t\t\n\t\t\tclass=\"so-widget-sow-editor so-widget-sow-editor-base\"\n\t\t\t\n\t\t>\n<div class=\"siteorigin-widget-tinymce textwidget\">\n\t<h2>Jonas Odhner<\/h2>\n<p><em>\"Jag har spurtarmentalitet och g\u00e5r ofta ut alldeles f\u00f6r h\u00e5rt.\"<\/em><\/p>\n<p><a href=\"https:\/\/www.welovecycling.com\/se\/cyklister2018\/jonas-odhner\">L\u00e4s mer...<\/a><\/p>\n<\/div>\n<\/div><\/div><\/div><div id=\"pgc-872-3-4\"  class=\"panel-grid-cell panel-grid-cell-mobile-last\" ><div id=\"panel-872-3-4-0\" class=\"so-panel widget widget_sow-image panel-first-child\" data-index=\"15\" ><div\n\t\t\t\n\t\t\tclass=\"so-widget-sow-image so-widget-sow-image-default-8b5b6f678277-872\"\n\t\t\t\n\t\t>\n<div class=\"sow-image-container\">\n\t\t<img loading=\"lazy\" decoding=\"async\" src=\"https:\/\/d2p6e6u75xmxt8.cloudfront.net\/9\/2018\/04\/JBA_4148_1.jpg\" width=\"267\" height=\"400\" srcset=\"https:\/\/d2p6e6u75xmxt8.cloudfront.net\/9\/2018\/04\/JBA_4148_1.jpg 267w, https:\/\/d2p6e6u75xmxt8.cloudfront.net\/9\/2018\/04\/JBA_4148_1-200x300.jpg 200w\" sizes=\"auto, (max-width: 267px) 100vw, 267px\" alt=\"\" \t\tclass=\"so-widget-image\"\/>\n\t<\/div>\n\n<\/div><\/div><div id=\"panel-872-3-4-1\" class=\"so-panel widget widget_sow-editor panel-last-child\" data-index=\"16\" ><div\n\t\t\t\n\t\t\tclass=\"so-widget-sow-editor so-widget-sow-editor-base\"\n\t\t\t\n\t\t>\n<div class=\"siteorigin-widget-tinymce textwidget\">\n\t<h2>Bj\u00f6rn Becksmo<\/h2>\n<p><em>\"Jag hoppas att min fadder klyver vinden som en boss runt V\u00e4ttern.\"<\/em><\/p>\n<p><a href=\"https:\/\/www.welovecycling.com\/se\/cyklister2018\/bjorn-becksmo\">L\u00e4s mer...<\/a><\/p>\n<\/div>\n<\/div><\/div><\/div><div id=\"pgc-872-3-5\"  class=\"panel-grid-cell panel-grid-cell-empty\" ><\/div><\/div><div id=\"pg-872-4\"  class=\"panel-grid panel-no-style\" ><div id=\"pgc-872-4-0\"  class=\"panel-grid-cell panel-grid-cell-empty\" ><\/div><div id=\"pgc-872-4-1\"  class=\"panel-grid-cell\" ><div id=\"panel-872-4-1-0\" class=\"so-panel widget widget_sow-image panel-first-child\" data-index=\"17\" ><div\n\t\t\t\n\t\t\tclass=\"so-widget-sow-image so-widget-sow-image-default-8b5b6f678277-872\"\n\t\t\t\n\t\t>\n<div class=\"sow-image-container\">\n\t\t<img loading=\"lazy\" decoding=\"async\" src=\"https:\/\/d2p6e6u75xmxt8.cloudfront.net\/9\/2018\/04\/JBA_4134_1.jpg\" width=\"267\" height=\"400\" srcset=\"https:\/\/d2p6e6u75xmxt8.cloudfront.net\/9\/2018\/04\/JBA_4134_1.jpg 267w, https:\/\/d2p6e6u75xmxt8.cloudfront.net\/9\/2018\/04\/JBA_4134_1-200x300.jpg 200w\" sizes=\"auto, (max-width: 267px) 100vw, 267px\" alt=\"\" \t\tclass=\"so-widget-image\"\/>\n\t<\/div>\n\n<\/div><\/div><div id=\"panel-872-4-1-1\" class=\"so-panel widget widget_sow-editor panel-last-child\" data-index=\"18\" ><div\n\t\t\t\n\t\t\tclass=\"so-widget-sow-editor so-widget-sow-editor-base\"\n\t\t\t\n\t\t>\n<div class=\"siteorigin-widget-tinymce textwidget\">\n\t<h2>Tomas Gustafson<\/h2>\n<p><em>\"Jag har en del meriter med mig in i detta och kanske finns det en del likheter oavsett vilka m\u00e5l man tar sikte p\u00e5.\"<\/em><\/p>\n<p><a href=\"https:\/\/www.welovecycling.com\/se\/cyklister2018\/tomas-gustafson\">L\u00e4s mer...<\/a><\/p>\n<\/div>\n<\/div><\/div><\/div><div id=\"pgc-872-4-2\"  class=\"panel-grid-cell\" ><div id=\"panel-872-4-2-0\" class=\"so-panel widget widget_sow-image panel-first-child\" data-index=\"19\" ><div\n\t\t\t\n\t\t\tclass=\"so-widget-sow-image so-widget-sow-image-default-8b5b6f678277-872\"\n\t\t\t\n\t\t>\n<div class=\"sow-image-container\">\n\t\t<img loading=\"lazy\" decoding=\"async\" src=\"https:\/\/d2p6e6u75xmxt8.cloudfront.net\/9\/2018\/04\/JBA_3625_1.jpg\" width=\"267\" height=\"400\" srcset=\"https:\/\/d2p6e6u75xmxt8.cloudfront.net\/9\/2018\/04\/JBA_3625_1.jpg 267w, https:\/\/d2p6e6u75xmxt8.cloudfront.net\/9\/2018\/04\/JBA_3625_1-200x300.jpg 200w\" sizes=\"auto, (max-width: 267px) 100vw, 267px\" alt=\"\" \t\tclass=\"so-widget-image\"\/>\n\t<\/div>\n\n<\/div><\/div><div id=\"panel-872-4-2-1\" class=\"so-panel widget widget_sow-editor panel-last-child\" data-index=\"20\" ><div\n\t\t\t\n\t\t\tclass=\"so-widget-sow-editor so-widget-sow-editor-base\"\n\t\t\t\n\t\t>\n<div class=\"siteorigin-widget-tinymce textwidget\">\n\t<h2>Michael Ahlstr\u00f6m<\/h2>\n<p><em>\"Jag \u00e4r relativt \u00e5kstark och har som ambition att hj\u00e4lpa till att dra runt g\u00e4nget tillsammans.\"<\/em><\/p>\n<p><a href=\"https:\/\/www.welovecycling.com\/se\/cyklister2018\/michael-ahlstrom\">L\u00e4s mer...<\/a><\/p>\n<\/div>\n<\/div><\/div><\/div><div id=\"pgc-872-4-3\"  class=\"panel-grid-cell\" ><div id=\"panel-872-4-3-0\" class=\"so-panel widget widget_sow-image panel-first-child\" data-index=\"21\" ><div\n\t\t\t\n\t\t\tclass=\"so-widget-sow-image so-widget-sow-image-default-8b5b6f678277-872\"\n\t\t\t\n\t\t>\n<div class=\"sow-image-container\">\n\t\t<img loading=\"lazy\" decoding=\"async\" src=\"https:\/\/d2p6e6u75xmxt8.cloudfront.net\/9\/2018\/04\/JBA_3659_1.jpg\" width=\"267\" height=\"400\" srcset=\"https:\/\/d2p6e6u75xmxt8.cloudfront.net\/9\/2018\/04\/JBA_3659_1.jpg 267w, https:\/\/d2p6e6u75xmxt8.cloudfront.net\/9\/2018\/04\/JBA_3659_1-200x300.jpg 200w\" sizes=\"auto, (max-width: 267px) 100vw, 267px\" alt=\"\" \t\tclass=\"so-widget-image\"\/>\n\t<\/div>\n\n<\/div><\/div><div id=\"panel-872-4-3-1\" class=\"so-panel widget widget_sow-editor panel-last-child\" data-index=\"22\" ><div\n\t\t\t\n\t\t\tclass=\"so-widget-sow-editor so-widget-sow-editor-base\"\n\t\t\t\n\t\t>\n<div class=\"siteorigin-widget-tinymce textwidget\">\n\t<h2>Carl-Johan Ekelund<\/h2>\n<p><e>\"N\u00e4r jag var liten ville jag och min b\u00e4stis Christer bli sopgubbar. Jag blev informationss\u00e4kerhetskonsult, det funkar det med.\"<\/e><\/p>\n<p><a href=\"https:\/\/www.welovecycling.com\/se\/cyklister2018\/carl-johan-ekelund\">L\u00e4s mer...<\/a><\/p>\n<\/div>\n<\/div><\/div><\/div><div id=\"pgc-872-4-4\"  class=\"panel-grid-cell panel-grid-cell-mobile-last\" ><div id=\"panel-872-4-4-0\" class=\"so-panel widget widget_sow-image panel-first-child\" data-index=\"23\" ><div\n\t\t\t\n\t\t\tclass=\"so-widget-sow-image so-widget-sow-image-default-8b5b6f678277-872\"\n\t\t\t\n\t\t>\n<div class=\"sow-image-container\">\n\t\t<img loading=\"lazy\" decoding=\"async\" src=\"https:\/\/d2p6e6u75xmxt8.cloudfront.net\/9\/2018\/06\/JBA_3818_1-2-1.jpg\" width=\"265\" height=\"400\" srcset=\"https:\/\/d2p6e6u75xmxt8.cloudfront.net\/9\/2018\/06\/JBA_3818_1-2-1.jpg 265w, https:\/\/d2p6e6u75xmxt8.cloudfront.net\/9\/2018\/06\/JBA_3818_1-2-1-199x300.jpg 199w\" sizes=\"auto, (max-width: 265px) 100vw, 265px\" alt=\"\" \t\tclass=\"so-widget-image\"\/>\n\t<\/div>\n\n<\/div><\/div><div id=\"panel-872-4-4-1\" class=\"so-panel widget widget_sow-editor panel-last-child\" data-index=\"24\" ><div\n\t\t\t\n\t\t\tclass=\"so-widget-sow-editor so-widget-sow-editor-base\"\n\t\t\t\n\t\t>\n<div class=\"siteorigin-widget-tinymce textwidget\">\n\t<h2>Linda Tufvesson<\/h2>\n<p><em>\"Lisa Nord\u00e9n \u00e4r en v\u00e4ldigt erfaren idrottare. Jag kommer suga i mig av alla hennes r\u00e5d och tips. Sen har hon ju ett bra hjul att ligga bakom ocks\u00e5.\"<\/em><\/p>\n<p><a href=\"https:\/\/www.welovecycling.com\/se\/cyklister2018\/linda-tufvesson\">L\u00e4s mer...<\/a><\/p>\n<\/div>\n<\/div><\/div><\/div><div id=\"pgc-872-4-5\"  class=\"panel-grid-cell panel-grid-cell-empty\" ><\/div><\/div><div id=\"pg-872-5\"  class=\"panel-grid panel-no-style\" ><div id=\"pgc-872-5-0\"  class=\"panel-grid-cell panel-grid-cell-empty\" ><\/div><div id=\"pgc-872-5-1\"  class=\"panel-grid-cell\" ><div id=\"panel-872-5-1-0\" class=\"so-panel widget widget_sow-image panel-first-child\" data-index=\"25\" ><div\n\t\t\t\n\t\t\tclass=\"so-widget-sow-image so-widget-sow-image-default-8b5b6f678277-872\"\n\t\t\t\n\t\t>\n<div class=\"sow-image-container\">\n\t\t<img loading=\"lazy\" decoding=\"async\" src=\"https:\/\/d2p6e6u75xmxt8.cloudfront.net\/9\/2018\/04\/JBA_3904_1.jpg\" width=\"267\" height=\"400\" srcset=\"https:\/\/d2p6e6u75xmxt8.cloudfront.net\/9\/2018\/04\/JBA_3904_1.jpg 267w, https:\/\/d2p6e6u75xmxt8.cloudfront.net\/9\/2018\/04\/JBA_3904_1-200x300.jpg 200w\" sizes=\"auto, (max-width: 267px) 100vw, 267px\" alt=\"\" \t\tclass=\"so-widget-image\"\/>\n\t<\/div>\n\n<\/div><\/div><div id=\"panel-872-5-1-1\" class=\"so-panel widget widget_sow-editor panel-last-child\" data-index=\"26\" ><div\n\t\t\t\n\t\t\tclass=\"so-widget-sow-editor so-widget-sow-editor-base\"\n\t\t\t\n\t\t>\n<div class=\"siteorigin-widget-tinymce textwidget\">\n\t<h2>Ingrid Kjellstr\u00f6m<\/h2>\n<p><em>\"Min familj har varit of\u00f6rst\u00e5ende till att jag g\u00e5r upp tidigt p\u00e5 julafton och cyklar. Men nu har de vant sig och f\u00f6rst\u00e5r att jag blir en b\u00e4ttre person om jag f\u00e5r cykla regelbundet.\"<\/em><\/p>\n<p><a href=\"https:\/\/www.welovecycling.com\/se\/cyklister2018\/ingrid-kjellstrom\">L\u00e4s mer...<\/a><\/p>\n<\/div>\n<\/div><\/div><\/div><div id=\"pgc-872-5-2\"  class=\"panel-grid-cell\" ><div id=\"panel-872-5-2-0\" class=\"so-panel widget widget_sow-image panel-first-child\" data-index=\"27\" ><div\n\t\t\t\n\t\t\tclass=\"so-widget-sow-image so-widget-sow-image-default-8b5b6f678277-872\"\n\t\t\t\n\t\t>\n<div class=\"sow-image-container\">\n\t\t<img loading=\"lazy\" decoding=\"async\" src=\"https:\/\/d2p6e6u75xmxt8.cloudfront.net\/9\/2018\/04\/JBA_4001_1.jpg\" width=\"267\" height=\"400\" srcset=\"https:\/\/d2p6e6u75xmxt8.cloudfront.net\/9\/2018\/04\/JBA_4001_1.jpg 267w, https:\/\/d2p6e6u75xmxt8.cloudfront.net\/9\/2018\/04\/JBA_4001_1-200x300.jpg 200w\" sizes=\"auto, (max-width: 267px) 100vw, 267px\" alt=\"\" \t\tclass=\"so-widget-image\"\/>\n\t<\/div>\n\n<\/div><\/div><div id=\"panel-872-5-2-1\" class=\"so-panel widget widget_sow-editor panel-last-child\" data-index=\"28\" ><div\n\t\t\t\n\t\t\tclass=\"so-widget-sow-editor so-widget-sow-editor-base\"\n\t\t\t\n\t\t>\n<div class=\"siteorigin-widget-tinymce textwidget\">\n\t<h2>Kenny Paavola<\/h2>\n<p><em>\"Jag ser fram emot att f\u00e5 hela upplevelsen av att tillh\u00f6ra ett lag och behandlas som ett proffs.\"<\/em><\/p>\n<p><a href=\"https:\/\/www.welovecycling.com\/se\/cyklister2018\/kenny-paavola\">L\u00e4s mer...<\/a><\/p>\n<\/div>\n<\/div><\/div><\/div><div id=\"pgc-872-5-3\"  class=\"panel-grid-cell\" ><div id=\"panel-872-5-3-0\" class=\"so-panel widget widget_sow-image panel-first-child\" data-index=\"29\" ><div\n\t\t\t\n\t\t\tclass=\"so-widget-sow-image so-widget-sow-image-default-8b5b6f678277-872\"\n\t\t\t\n\t\t>\n<div class=\"sow-image-container\">\n\t\t<img loading=\"lazy\" decoding=\"async\" src=\"https:\/\/d2p6e6u75xmxt8.cloudfront.net\/9\/2018\/04\/JBA_3586_1.jpg\" width=\"267\" height=\"400\" srcset=\"https:\/\/d2p6e6u75xmxt8.cloudfront.net\/9\/2018\/04\/JBA_3586_1.jpg 267w, https:\/\/d2p6e6u75xmxt8.cloudfront.net\/9\/2018\/04\/JBA_3586_1-200x300.jpg 200w\" sizes=\"auto, (max-width: 267px) 100vw, 267px\" alt=\"\" \t\tclass=\"so-widget-image\"\/>\n\t<\/div>\n\n<\/div><\/div><div id=\"panel-872-5-3-1\" class=\"so-panel widget widget_sow-editor panel-last-child\" data-index=\"30\" ><div\n\t\t\t\n\t\t\tclass=\"so-widget-sow-editor so-widget-sow-editor-base\"\n\t\t\t\n\t\t>\n<div class=\"siteorigin-widget-tinymce textwidget\">\n\t<h2>Klas Nordentjell<\/h2>\n<p><em>\"Ganska dragvillig och bra p\u00e5 korta power climbs. En puncheur helt enkelt.\"<\/em><\/p>\n<p><a href=\"https:\/\/www.welovecycling.com\/se\/cyklister2018\/klas-nordentjell\">L\u00e4s mer...<\/a><\/p>\n<\/div>\n<\/div><\/div><\/div><div id=\"pgc-872-5-4\"  class=\"panel-grid-cell panel-grid-cell-empty panel-grid-cell-mobile-last\" ><\/div><div id=\"pgc-872-5-5\"  class=\"panel-grid-cell panel-grid-cell-empty\" ><\/div><\/div><div id=\"pg-872-6\"  class=\"panel-grid panel-no-style\" ><div id=\"pgc-872-6-0\"  class=\"panel-grid-cell panel-grid-cell-empty\" ><\/div><div id=\"pgc-872-6-1\"  class=\"panel-grid-cell panel-grid-cell-mobile-last\" ><div id=\"panel-872-6-1-0\" class=\"so-panel widget widget_sow-editor panel-first-child panel-last-child\" data-index=\"31\" ><div\n\t\t\t\n\t\t\tclass=\"so-widget-sow-editor so-widget-sow-editor-base\"\n\t\t\t\n\t\t>\n<div class=\"siteorigin-widget-tinymce textwidget\">\n\t<h1>Ambassad\u00f6rer 2018<\/h1>\n<\/div>\n<\/div><\/div><\/div><div id=\"pgc-872-6-2\"  class=\"panel-grid-cell panel-grid-cell-empty\" ><\/div><\/div><div id=\"pg-872-7\"  class=\"panel-grid panel-no-style\" ><div id=\"pgc-872-7-0\"  class=\"panel-grid-cell panel-grid-cell-empty\" ><\/div><div id=\"pgc-872-7-1\"  class=\"panel-grid-cell\" ><div id=\"panel-872-7-1-0\" class=\"so-panel widget widget_sow-image panel-first-child\" data-index=\"32\" ><div\n\t\t\t\n\t\t\tclass=\"so-widget-sow-image so-widget-sow-image-default-8b5b6f678277-872\"\n\t\t\t\n\t\t>\n<div class=\"sow-image-container\">\n\t\t<img loading=\"lazy\" decoding=\"async\" src=\"https:\/\/d2p6e6u75xmxt8.cloudfront.net\/9\/2018\/04\/JBA_4053_1.jpg\" width=\"267\" height=\"400\" srcset=\"https:\/\/d2p6e6u75xmxt8.cloudfront.net\/9\/2018\/04\/JBA_4053_1.jpg 267w, https:\/\/d2p6e6u75xmxt8.cloudfront.net\/9\/2018\/04\/JBA_4053_1-200x300.jpg 200w\" sizes=\"auto, (max-width: 267px) 100vw, 267px\" alt=\"\" \t\tclass=\"so-widget-image\"\/>\n\t<\/div>\n\n<\/div><\/div><div id=\"panel-872-7-1-1\" class=\"so-panel widget widget_sow-editor panel-last-child\" data-index=\"33\" ><div\n\t\t\t\n\t\t\tclass=\"so-widget-sow-editor so-widget-sow-editor-base\"\n\t\t\t\n\t\t>\n<div class=\"siteorigin-widget-tinymce textwidget\">\n\t<h2>Jukka Kuusela<\/h2>\n<p><em>\"Jag kommer l\u00e4ra min rekryt det metodiska jobbet, det finns inga genv\u00e4gar.\"<\/em><\/p>\n<p><a href=\"https:\/\/www.welovecycling.com\/se\/cyklister2018\/jukka-kuusela\">L\u00e4s mer...<\/a><\/p>\n<\/div>\n<\/div><\/div><\/div><div id=\"pgc-872-7-2\"  class=\"panel-grid-cell\" ><div id=\"panel-872-7-2-0\" class=\"so-panel widget widget_sow-image panel-first-child\" data-index=\"34\" ><div\n\t\t\t\n\t\t\tclass=\"so-widget-sow-image so-widget-sow-image-default-8b5b6f678277-872\"\n\t\t\t\n\t\t>\n<div class=\"sow-image-container\">\n\t\t<img loading=\"lazy\" decoding=\"async\" src=\"https:\/\/d2p6e6u75xmxt8.cloudfront.net\/9\/2018\/06\/JBA_4173b_2.jpg\" width=\"265\" height=\"400\" srcset=\"https:\/\/d2p6e6u75xmxt8.cloudfront.net\/9\/2018\/06\/JBA_4173b_2.jpg 265w, https:\/\/d2p6e6u75xmxt8.cloudfront.net\/9\/2018\/06\/JBA_4173b_2-199x300.jpg 199w\" sizes=\"auto, (max-width: 265px) 100vw, 265px\" alt=\"\" \t\tclass=\"so-widget-image\"\/>\n\t<\/div>\n\n<\/div><\/div><div id=\"panel-872-7-2-1\" class=\"so-panel widget widget_sow-editor panel-last-child\" data-index=\"35\" ><div\n\t\t\t\n\t\t\tclass=\"so-widget-sow-editor so-widget-sow-editor-base\"\n\t\t\t\n\t\t>\n<div class=\"siteorigin-widget-tinymce textwidget\">\n\t<h2>Daniel Rytz<\/h2>\n<p><em>\"Det \u00e4r viktigt att h\u00e5lla modet uppe trots att det bitvis kommer k\u00e4nnas riktigt tungt.\"<\/em><\/p>\n<p><a href=\"https:\/\/www.welovecycling.com\/se\/cyklister2018\/daniel-rytz\">L\u00e4s mer...<\/a><\/p>\n<\/div>\n<\/div><\/div><\/div><div id=\"pgc-872-7-3\"  class=\"panel-grid-cell\" ><div id=\"panel-872-7-3-0\" class=\"so-panel widget widget_sow-image panel-first-child\" data-index=\"36\" ><div\n\t\t\t\n\t\t\tclass=\"so-widget-sow-image so-widget-sow-image-default-8b5b6f678277-872\"\n\t\t\t\n\t\t>\n<div class=\"sow-image-container\">\n\t\t<img loading=\"lazy\" decoding=\"async\" src=\"https:\/\/d2p6e6u75xmxt8.cloudfront.net\/9\/2018\/04\/JBA_3947_1.jpg\" width=\"267\" height=\"400\" srcset=\"https:\/\/d2p6e6u75xmxt8.cloudfront.net\/9\/2018\/04\/JBA_3947_1.jpg 267w, https:\/\/d2p6e6u75xmxt8.cloudfront.net\/9\/2018\/04\/JBA_3947_1-200x300.jpg 200w\" sizes=\"auto, (max-width: 267px) 100vw, 267px\" alt=\"\" \t\tclass=\"so-widget-image\"\/>\n\t<\/div>\n\n<\/div><\/div><div id=\"panel-872-7-3-1\" class=\"so-panel widget widget_sow-editor panel-last-child\" data-index=\"37\" ><div\n\t\t\t\n\t\t\tclass=\"so-widget-sow-editor so-widget-sow-editor-base\"\n\t\t\t\n\t\t>\n<div class=\"siteorigin-widget-tinymce textwidget\">\n\t<h2>Damian Phillips<\/h2>\n<p><em>\"It doesn\u2019t matter where you go, if you have a week away to ride a bike it will always be great!\"\u00a0<\/em><\/p>\n<p><a href=\"https:\/\/www.welovecycling.com\/se\/cyklister2018\/damian-phillips\">L\u00e4s mer...<\/a><\/p>\n<\/div>\n<\/div><\/div><\/div><div id=\"pgc-872-7-4\"  class=\"panel-grid-cell panel-grid-cell-mobile-last\" ><div id=\"panel-872-7-4-0\" class=\"so-panel widget widget_sow-image panel-first-child\" data-index=\"38\" ><div\n\t\t\t\n\t\t\tclass=\"so-widget-sow-image so-widget-sow-image-default-8b5b6f678277-872\"\n\t\t\t\n\t\t>\n<div class=\"sow-image-container\">\n\t\t<img loading=\"lazy\" decoding=\"async\" src=\"https:\/\/d2p6e6u75xmxt8.cloudfront.net\/9\/2018\/04\/JBA_3779_1.jpg\" width=\"267\" height=\"400\" srcset=\"https:\/\/d2p6e6u75xmxt8.cloudfront.net\/9\/2018\/04\/JBA_3779_1.jpg 267w, https:\/\/d2p6e6u75xmxt8.cloudfront.net\/9\/2018\/04\/JBA_3779_1-200x300.jpg 200w\" sizes=\"auto, (max-width: 267px) 100vw, 267px\" alt=\"\" \t\tclass=\"so-widget-image\"\/>\n\t<\/div>\n\n<\/div><\/div><div id=\"panel-872-7-4-1\" class=\"so-panel widget widget_sow-editor panel-last-child\" data-index=\"39\" ><div\n\t\t\t\n\t\t\tclass=\"so-widget-sow-editor so-widget-sow-editor-base\"\n\t\t\t\n\t\t>\n<div class=\"siteorigin-widget-tinymce textwidget\">\n\t<h2>Alexander Gil<\/h2>\n<p><em>\"Jag \u00e4r lite oj\u00e4mn i mina tr\u00e4ningsvanor, men n\u00e4r det v\u00e4l br\u00e4nner till fram p\u00e5 v\u00e5rkanten s\u00e5 kommer jag ig\u00e5ng ganska snabbt.\"<\/em><\/p>\n<p><a href=\"https:\/\/www.welovecycling.com\/se\/cyklister2018\/alexander-gil\">L\u00e4s mer...<\/a><\/p>\n<\/div>\n<\/div><\/div><\/div><div id=\"pgc-872-7-5\"  class=\"panel-grid-cell panel-grid-cell-empty\" ><\/div><\/div><div id=\"pg-872-8\"  class=\"panel-grid panel-no-style\" ><div id=\"pgc-872-8-0\"  class=\"panel-grid-cell panel-grid-cell-empty\" ><\/div><div id=\"pgc-872-8-1\"  class=\"panel-grid-cell\" ><div id=\"panel-872-8-1-0\" class=\"so-panel widget widget_sow-image panel-first-child\" data-index=\"40\" ><div\n\t\t\t\n\t\t\tclass=\"so-widget-sow-image so-widget-sow-image-default-8b5b6f678277-872\"\n\t\t\t\n\t\t>\n<div class=\"sow-image-container\">\n\t\t<img loading=\"lazy\" decoding=\"async\" src=\"https:\/\/d2p6e6u75xmxt8.cloudfront.net\/9\/2018\/04\/JBA_3972_1.jpg\" width=\"274\" height=\"400\" srcset=\"https:\/\/d2p6e6u75xmxt8.cloudfront.net\/9\/2018\/04\/JBA_3972_1.jpg 274w, https:\/\/d2p6e6u75xmxt8.cloudfront.net\/9\/2018\/04\/JBA_3972_1-206x300.jpg 206w\" sizes=\"auto, (max-width: 274px) 100vw, 274px\" alt=\"\" \t\tclass=\"so-widget-image\"\/>\n\t<\/div>\n\n<\/div><\/div><div id=\"panel-872-8-1-1\" class=\"so-panel widget widget_sow-editor panel-last-child\" data-index=\"41\" ><div\n\t\t\t\n\t\t\tclass=\"so-widget-sow-editor so-widget-sow-editor-base\"\n\t\t\t\n\t\t>\n<div class=\"siteorigin-widget-tinymce textwidget\">\n\t<h2>Cecilia Widegren<\/h2>\n<p><em>\"Jag har en erfaren rekryt som jag ska peppa att vara trygg i farten och klungan. Det kommer g\u00e5 fint!\"<br \/>\n<\/em><\/p>\n<p><a href=\"https:\/\/www.welovecycling.com\/se\/skoda-cycling-team\/teamet-2018\/cecilia-ehrling-widegren\">L\u00e4s mer...<span id=\"sample-permalink\"><\/span><\/a><\/p>\n<\/div>\n<\/div><\/div><\/div><div id=\"pgc-872-8-2\"  class=\"panel-grid-cell\" ><div id=\"panel-872-8-2-0\" class=\"so-panel widget widget_sow-image panel-first-child\" data-index=\"42\" ><div\n\t\t\t\n\t\t\tclass=\"so-widget-sow-image so-widget-sow-image-default-8b5b6f678277-872\"\n\t\t\t\n\t\t>\n<div class=\"sow-image-container\">\n\t\t<img loading=\"lazy\" decoding=\"async\" src=\"https:\/\/d2p6e6u75xmxt8.cloudfront.net\/9\/2018\/04\/JBA_3871_1.jpg\" width=\"267\" height=\"400\" srcset=\"https:\/\/d2p6e6u75xmxt8.cloudfront.net\/9\/2018\/04\/JBA_3871_1.jpg 267w, https:\/\/d2p6e6u75xmxt8.cloudfront.net\/9\/2018\/04\/JBA_3871_1-200x300.jpg 200w\" sizes=\"auto, (max-width: 267px) 100vw, 267px\" alt=\"\" \t\tclass=\"so-widget-image\"\/>\n\t<\/div>\n\n<\/div><\/div><div id=\"panel-872-8-2-1\" class=\"so-panel widget widget_sow-editor panel-last-child\" data-index=\"43\" ><div\n\t\t\t\n\t\t\tclass=\"so-widget-sow-editor so-widget-sow-editor-base\"\n\t\t\t\n\t\t>\n<div class=\"siteorigin-widget-tinymce textwidget\">\n\t<h2>Karl Pamp<\/h2>\n<p><em>\"Starta s\u00e5 lugnt och kontrollerat det g\u00e5r och k\u00e4nns allt bra efter ett par mil s\u00e5 kan man \u00f6ka d\u00e4rifr\u00e5n.\"<br \/>\n<\/em><\/p>\n<p><a href=\"https:\/\/www.welovecycling.com\/se\/cyklister2018\/karl-pamp\">L\u00e4s mer...<\/a><\/p>\n<\/div>\n<\/div><\/div><\/div><div id=\"pgc-872-8-3\"  class=\"panel-grid-cell\" ><div id=\"panel-872-8-3-0\" class=\"so-panel widget widget_sow-image panel-first-child\" data-index=\"44\" ><div\n\t\t\t\n\t\t\tclass=\"so-widget-sow-image so-widget-sow-image-default-8b5b6f678277-872\"\n\t\t\t\n\t\t>\n<div class=\"sow-image-container\">\n\t\t<img loading=\"lazy\" decoding=\"async\" src=\"https:\/\/d2p6e6u75xmxt8.cloudfront.net\/9\/2018\/04\/JBA_3683_1.jpg\" width=\"267\" height=\"400\" srcset=\"https:\/\/d2p6e6u75xmxt8.cloudfront.net\/9\/2018\/04\/JBA_3683_1.jpg 267w, https:\/\/d2p6e6u75xmxt8.cloudfront.net\/9\/2018\/04\/JBA_3683_1-200x300.jpg 200w\" sizes=\"auto, (max-width: 267px) 100vw, 267px\" alt=\"\" \t\tclass=\"so-widget-image\"\/>\n\t<\/div>\n\n<\/div><\/div><div id=\"panel-872-8-3-1\" class=\"so-panel widget widget_sow-editor panel-last-child\" data-index=\"45\" ><div\n\t\t\t\n\t\t\tclass=\"so-widget-sow-editor so-widget-sow-editor-base\"\n\t\t\t\n\t\t>\n<div class=\"siteorigin-widget-tinymce textwidget\">\n\t<h2>Zoltan Darvas<\/h2>\n<p><em>\"Jag \u00e4r explosiv och spurtstark enligt mig sj\u00e4lv, men enligt andra en j\u00e4vel p\u00e5 att ligga p\u00e5 rulle.\"<br \/>\n<\/em><\/p>\n<p><a href=\"https:\/\/www.welovecycling.com\/se\/cyklister2018\/zoltan-darvas\">L\u00e4s mer...<\/a><\/p>\n<\/div>\n<\/div><\/div><\/div><div id=\"pgc-872-8-4\"  class=\"panel-grid-cell panel-grid-cell-mobile-last\" ><div id=\"panel-872-8-4-0\" class=\"so-panel widget widget_sow-image panel-first-child\" data-index=\"46\" ><div\n\t\t\t\n\t\t\tclass=\"so-widget-sow-image so-widget-sow-image-default-8b5b6f678277-872\"\n\t\t\t\n\t\t>\n<div class=\"sow-image-container\">\n\t\t<img loading=\"lazy\" decoding=\"async\" src=\"https:\/\/d2p6e6u75xmxt8.cloudfront.net\/9\/2018\/04\/JBA_3932_1.jpg\" width=\"267\" height=\"400\" srcset=\"https:\/\/d2p6e6u75xmxt8.cloudfront.net\/9\/2018\/04\/JBA_3932_1.jpg 267w, https:\/\/d2p6e6u75xmxt8.cloudfront.net\/9\/2018\/04\/JBA_3932_1-200x300.jpg 200w\" sizes=\"auto, (max-width: 267px) 100vw, 267px\" alt=\"\" \t\tclass=\"so-widget-image\"\/>\n\t<\/div>\n\n<\/div><\/div><div id=\"panel-872-8-4-1\" class=\"so-panel widget widget_sow-editor panel-last-child\" data-index=\"47\" ><div\n\t\t\t\n\t\t\tclass=\"so-widget-sow-editor so-widget-sow-editor-base\"\n\t\t\t\n\t\t>\n<div class=\"siteorigin-widget-tinymce textwidget\">\n\t<h2>Magnus Gustavsson<\/h2>\n<p><em>\"De roligaste passen \u00e4r -3-4h snackaskitmedkompisrunda i solen och ettrig klubbtr\u00e4ning med spurtskyltar en ljummen sommarkv\u00e4ll.\"<\/em><\/p>\n<p><a href=\"https:\/\/www.welovecycling.com\/se\/cyklister2018\/magnus-gustavsson\">L\u00e4s mer...<\/a><\/p>\n<\/div>\n<\/div><\/div><\/div><div id=\"pgc-872-8-5\"  class=\"panel-grid-cell panel-grid-cell-empty\" ><\/div><\/div><div id=\"pg-872-9\"  class=\"panel-grid panel-no-style\" ><div id=\"pgc-872-9-0\"  class=\"panel-grid-cell panel-grid-cell-empty\" ><\/div><div id=\"pgc-872-9-1\"  class=\"panel-grid-cell\" ><div id=\"panel-872-9-1-0\" class=\"so-panel widget widget_sow-image panel-first-child\" data-index=\"48\" ><div\n\t\t\t\n\t\t\tclass=\"so-widget-sow-image so-widget-sow-image-default-8b5b6f678277-872\"\n\t\t\t\n\t\t>\n<div class=\"sow-image-container\">\n\t\t<img loading=\"lazy\" decoding=\"async\" src=\"https:\/\/d2p6e6u75xmxt8.cloudfront.net\/9\/2018\/06\/JBA_7953.jpg\" width=\"267\" height=\"400\" srcset=\"https:\/\/d2p6e6u75xmxt8.cloudfront.net\/9\/2018\/06\/JBA_7953.jpg 267w, https:\/\/d2p6e6u75xmxt8.cloudfront.net\/9\/2018\/06\/JBA_7953-200x300.jpg 200w\" sizes=\"auto, (max-width: 267px) 100vw, 267px\" alt=\"\" \t\tclass=\"so-widget-image\"\/>\n\t<\/div>\n\n<\/div><\/div><div id=\"panel-872-9-1-1\" class=\"so-panel widget widget_sow-editor panel-last-child\" data-index=\"49\" ><div\n\t\t\t\n\t\t\tclass=\"so-widget-sow-editor so-widget-sow-editor-base\"\n\t\t\t\n\t\t>\n<div class=\"siteorigin-widget-tinymce textwidget\">\n\t<h2>Fredrik Kessiakoff<\/h2>\n<p><em>\"Om man h\u00e5ller sig cool under V\u00e4tternrundan s\u00e5 kommer det g\u00e5 galant.\"<br \/>\n<\/em><\/p>\n<p><a href=\"https:\/\/www.welovecycling.com\/se\/skoda-cycling-team\/teamet-2018\/fredrik-kessiakoff\">L\u00e4s mer...<\/a><\/p>\n<\/div>\n<\/div><\/div><\/div><div id=\"pgc-872-9-2\"  class=\"panel-grid-cell\" ><div id=\"panel-872-9-2-0\" class=\"so-panel widget widget_sow-image panel-first-child\" data-index=\"50\" ><div\n\t\t\t\n\t\t\tclass=\"so-widget-sow-image so-widget-sow-image-default-8b5b6f678277-872\"\n\t\t\t\n\t\t>\n<div class=\"sow-image-container\">\n\t\t<img loading=\"lazy\" decoding=\"async\" src=\"https:\/\/d2p6e6u75xmxt8.cloudfront.net\/9\/2018\/06\/JBA_8015.jpg\" width=\"267\" height=\"400\" srcset=\"https:\/\/d2p6e6u75xmxt8.cloudfront.net\/9\/2018\/06\/JBA_8015.jpg 267w, https:\/\/d2p6e6u75xmxt8.cloudfront.net\/9\/2018\/06\/JBA_8015-200x300.jpg 200w\" sizes=\"auto, (max-width: 267px) 100vw, 267px\" alt=\"\" \t\tclass=\"so-widget-image\"\/>\n\t<\/div>\n\n<\/div><\/div><div id=\"panel-872-9-2-1\" class=\"so-panel widget widget_sow-editor panel-last-child\" data-index=\"51\" ><div\n\t\t\t\n\t\t\tclass=\"so-widget-sow-editor so-widget-sow-editor-base\"\n\t\t\t\n\t\t>\n<div class=\"siteorigin-widget-tinymce textwidget\">\n\t<h2>Calle Friberg<\/h2>\n<p><em>\"Min st\u00f6rsta r\u00e4dsla \u00e4r d\u00e5liga ben &amp; regn.\"<br \/>\n<\/em><\/p>\n<p><a href=\"https:\/\/www.welovecycling.com\/se\/cyklister2018\/calle-friberg\">L\u00e4s mer...<\/a><\/p>\n<\/div>\n<\/div><\/div><\/div><div id=\"pgc-872-9-3\"  class=\"panel-grid-cell\" ><div id=\"panel-872-9-3-0\" class=\"so-panel widget widget_sow-image panel-first-child\" data-index=\"52\" ><div\n\t\t\t\n\t\t\tclass=\"so-widget-sow-image so-widget-sow-image-default-8b5b6f678277-872\"\n\t\t\t\n\t\t>\n<div class=\"sow-image-container\">\n\t\t<img loading=\"lazy\" decoding=\"async\" src=\"https:\/\/d2p6e6u75xmxt8.cloudfront.net\/9\/2018\/06\/l.jpeg\" width=\"267\" height=\"400\" srcset=\"https:\/\/d2p6e6u75xmxt8.cloudfront.net\/9\/2018\/06\/l.jpeg 267w, https:\/\/d2p6e6u75xmxt8.cloudfront.net\/9\/2018\/06\/l-200x300.jpeg 200w\" sizes=\"auto, (max-width: 267px) 100vw, 267px\" alt=\"\" \t\tclass=\"so-widget-image\"\/>\n\t<\/div>\n\n<\/div><\/div><div id=\"panel-872-9-3-1\" class=\"so-panel widget widget_sow-editor panel-last-child\" data-index=\"53\" ><div\n\t\t\t\n\t\t\tclass=\"so-widget-sow-editor so-widget-sow-editor-base\"\n\t\t\t\n\t\t>\n<div class=\"siteorigin-widget-tinymce textwidget\">\n\t<h2>Lisa Nord\u00e9n<\/h2>\n<p><em>\"Jag ser mest fram emot den d\u00e4r k\u00e4nslan n\u00e4r alla hittat \u201chem\u201d i farten och arbetet och allt bara rullar p\u00e5 som en v\u00e4loljad maskin.\"<br \/>\n<\/em><\/p>\n<p><a href=\"https:\/\/www.welovecycling.com\/se\/skoda-cycling-team\/teamet-2018\/lisa-norden\">L\u00e4s mer...<\/a><\/p>\n<\/div>\n<\/div><\/div><\/div><div id=\"pgc-872-9-4\"  class=\"panel-grid-cell panel-grid-cell-mobile-last\" ><div id=\"panel-872-9-4-0\" class=\"so-panel widget widget_sow-image panel-first-child\" data-index=\"54\" ><div\n\t\t\t\n\t\t\tclass=\"so-widget-sow-image so-widget-sow-image-default-8b5b6f678277-872\"\n\t\t\t\n\t\t>\n<div class=\"sow-image-container\">\n\t\t<img loading=\"lazy\" decoding=\"async\" src=\"https:\/\/d2p6e6u75xmxt8.cloudfront.net\/9\/2018\/06\/JBA_8067.jpg\" width=\"267\" height=\"400\" srcset=\"https:\/\/d2p6e6u75xmxt8.cloudfront.net\/9\/2018\/06\/JBA_8067.jpg 267w, https:\/\/d2p6e6u75xmxt8.cloudfront.net\/9\/2018\/06\/JBA_8067-200x300.jpg 200w\" sizes=\"auto, (max-width: 267px) 100vw, 267px\" alt=\"\" \t\tclass=\"so-widget-image\"\/>\n\t<\/div>\n\n<\/div><\/div><div id=\"panel-872-9-4-1\" class=\"so-panel widget widget_sow-editor panel-last-child\" data-index=\"55\" ><div\n\t\t\t\n\t\t\tclass=\"so-widget-sow-editor so-widget-sow-editor-base\"\n\t\t\t\n\t\t>\n<div class=\"siteorigin-widget-tinymce textwidget\">\n\t<h2>Hanna Johansson<\/h2>\n<p><em>\"Jag kommer bidra med \u00e5kstyrka och kunskap om var de b\u00e4sta kanelbullarna finns.\"<\/em><\/p>\n<p><a href=\"https:\/\/www.welovecycling.com\/se\/cyklister2018\/hanna-johansson\">L\u00e4s mer...<\/a><\/p>\n<\/div>\n<\/div><\/div><\/div><div id=\"pgc-872-9-5\"  class=\"panel-grid-cell panel-grid-cell-empty\" ><\/div><\/div><div id=\"pg-872-10\"  class=\"panel-grid panel-no-style\" ><div id=\"pgc-872-10-0\"  class=\"panel-grid-cell panel-grid-cell-empty\" ><\/div><div id=\"pgc-872-10-1\"  class=\"panel-grid-cell\" ><div id=\"panel-872-10-1-0\" class=\"so-panel widget widget_sow-image panel-first-child\" data-index=\"56\" ><div\n\t\t\t\n\t\t\tclass=\"so-widget-sow-image so-widget-sow-image-default-8b5b6f678277-872\"\n\t\t\t\n\t\t>\n<div class=\"sow-image-container\">\n\t\t<img loading=\"lazy\" decoding=\"async\" src=\"https:\/\/d2p6e6u75xmxt8.cloudfront.net\/9\/2018\/06\/JBA_8067_2.jpg\" width=\"267\" height=\"400\" srcset=\"https:\/\/d2p6e6u75xmxt8.cloudfront.net\/9\/2018\/06\/JBA_8067_2.jpg 267w, https:\/\/d2p6e6u75xmxt8.cloudfront.net\/9\/2018\/06\/JBA_8067_2-200x300.jpg 200w\" sizes=\"auto, (max-width: 267px) 100vw, 267px\" alt=\"\" \t\tclass=\"so-widget-image\"\/>\n\t<\/div>\n\n<\/div><\/div><div id=\"panel-872-10-1-1\" class=\"so-panel widget widget_sow-editor panel-last-child\" data-index=\"57\" ><div\n\t\t\t\n\t\t\tclass=\"so-widget-sow-editor so-widget-sow-editor-base\"\n\t\t\t\n\t\t>\n<div class=\"siteorigin-widget-tinymce textwidget\">\n\t<h2>Sara Hedberg<\/h2>\n<p><em>\"En fredagkv\u00e4ll swiftar jag och h\u00e4nger med familjen \"<br \/>\n<\/em><\/p>\n<p><a href=\"https:\/\/www.welovecycling.com\/se\/cyklister2018\/sara-hedberg\">L\u00e4s mer...<\/a><\/p>\n<\/div>\n<\/div><\/div><\/div><div id=\"pgc-872-10-2\"  class=\"panel-grid-cell\" ><div id=\"panel-872-10-2-0\" class=\"so-panel widget widget_sow-image panel-first-child\" data-index=\"58\" ><div\n\t\t\t\n\t\t\tclass=\"so-widget-sow-image so-widget-sow-image-default-8b5b6f678277-872\"\n\t\t\t\n\t\t>\n<div class=\"sow-image-container\">\n\t\t<img loading=\"lazy\" decoding=\"async\" src=\"https:\/\/d2p6e6u75xmxt8.cloudfront.net\/9\/2018\/06\/JBA_7916.jpg\" width=\"267\" height=\"400\" srcset=\"https:\/\/d2p6e6u75xmxt8.cloudfront.net\/9\/2018\/06\/JBA_7916.jpg 267w, https:\/\/d2p6e6u75xmxt8.cloudfront.net\/9\/2018\/06\/JBA_7916-200x300.jpg 200w\" sizes=\"auto, (max-width: 267px) 100vw, 267px\" alt=\"\" \t\tclass=\"so-widget-image\"\/>\n\t<\/div>\n\n<\/div><\/div><div id=\"panel-872-10-2-1\" class=\"so-panel widget widget_sow-editor panel-last-child\" data-index=\"59\" ><div\n\t\t\t\n\t\t\tclass=\"so-widget-sow-editor so-widget-sow-editor-base\"\n\t\t\t\n\t\t>\n<div class=\"siteorigin-widget-tinymce textwidget\">\n\t<h2>Christian L\u00f6fstrand<\/h2>\n<p><em>\"Jag fikar helst en dubbel espresso st\u00e5endes.\"<br \/>\n<\/em><\/p>\n<p><a href=\"https:\/\/www.welovecycling.com\/se\/cyklister2018\/christian-lofstrand\">L\u00e4s mer...<\/a><\/p>\n<\/div>\n<\/div><\/div><\/div><div id=\"pgc-872-10-3\"  class=\"panel-grid-cell\" ><div id=\"panel-872-10-3-0\" class=\"so-panel widget widget_sow-image panel-first-child\" data-index=\"60\" ><div\n\t\t\t\n\t\t\tclass=\"so-widget-sow-image so-widget-sow-image-default-8b5b6f678277-872\"\n\t\t\t\n\t\t>\n<div class=\"sow-image-container\">\n\t\t<img loading=\"lazy\" decoding=\"async\" src=\"https:\/\/d2p6e6u75xmxt8.cloudfront.net\/9\/2018\/06\/JBA_8106.jpg\" width=\"266\" height=\"400\" srcset=\"https:\/\/d2p6e6u75xmxt8.cloudfront.net\/9\/2018\/06\/JBA_8106.jpg 266w, https:\/\/d2p6e6u75xmxt8.cloudfront.net\/9\/2018\/06\/JBA_8106-200x300.jpg 200w\" sizes=\"auto, (max-width: 266px) 100vw, 266px\" alt=\"\" \t\tclass=\"so-widget-image\"\/>\n\t<\/div>\n\n<\/div><\/div><div id=\"panel-872-10-3-1\" class=\"so-panel widget widget_sow-editor panel-last-child\" data-index=\"61\" ><div\n\t\t\t\n\t\t\tclass=\"so-widget-sow-editor so-widget-sow-editor-base\"\n\t\t\t\n\t\t>\n<div class=\"siteorigin-widget-tinymce textwidget\">\n\t<h2>Daniel Jansson<\/h2>\n<p><em>\"Jag kommer l\u00e4ra ut klungs\u00e4kerhet, effektivitet samt lite cykeletikett.\"<\/em><\/p>\n<\/p>\n<p><a href=\"https:\/\/www.welovecycling.com\/se\/cyklister2018\/daniel-jansson\">L\u00e4s mer...<\/a><\/p>\n<\/div>\n<\/div><\/div><\/div><div id=\"pgc-872-10-4\"  class=\"panel-grid-cell panel-grid-cell-mobile-last\" ><div id=\"panel-872-10-4-0\" class=\"so-panel widget widget_sow-image panel-first-child\" data-index=\"62\" ><div\n\t\t\t\n\t\t\tclass=\"so-widget-sow-image so-widget-sow-image-default-8b5b6f678277-872\"\n\t\t\t\n\t\t>\n<div class=\"sow-image-container\">\n\t\t<img loading=\"lazy\" decoding=\"async\" src=\"https:\/\/d2p6e6u75xmxt8.cloudfront.net\/9\/2018\/06\/JBA_4053_1_2_sds.jpg\" width=\"265\" height=\"400\" srcset=\"https:\/\/d2p6e6u75xmxt8.cloudfront.net\/9\/2018\/06\/JBA_4053_1_2_sds.jpg 265w, https:\/\/d2p6e6u75xmxt8.cloudfront.net\/9\/2018\/06\/JBA_4053_1_2_sds-199x300.jpg 199w\" sizes=\"auto, (max-width: 265px) 100vw, 265px\" alt=\"\" \t\tclass=\"so-widget-image\"\/>\n\t<\/div>\n\n<\/div><\/div><div id=\"panel-872-10-4-1\" class=\"so-panel widget widget_sow-editor panel-last-child\" data-index=\"63\" ><div\n\t\t\t\n\t\t\tclass=\"so-widget-sow-editor so-widget-sow-editor-base\"\n\t\t\t\n\t\t>\n<div class=\"siteorigin-widget-tinymce textwidget\">\n\t<h2>J\u00f6rgen Brink<\/h2>\n<p><em>N\/A<\/em><\/p>\n<p><a href=\"https:\/\/www.welovecycling.com\/se\/cyklister2018\/jorgen-brink\">L\u00e4s mer...<\/a><\/p>\n<\/div>\n<\/div><\/div><\/div><div id=\"pgc-872-10-5\"  class=\"panel-grid-cell panel-grid-cell-empty\" ><\/div><\/div><\/div>","protected":false},"excerpt":{"rendered":"<p>\u0160koda Cycling Team 2018<\/p>\n","protected":false},"author":52,"featured_media":0,"parent":123,"menu_order":0,"comment_status":"closed","ping_status":"closed","template":"templates\/template-full-width.php","meta":{"footnotes":""},"tags":[],"class_list":["post-872","page","type-page","status-publish","hentry"],"yoast_head":"<!-- This site is optimized with the Yoast SEO Premium plugin v25.3 (Yoast SEO v25.9) - https:\/\/yoast.com\/wordpress\/plugins\/seo\/ -->\n<title>SKODA Cycling Team 2018 - \u0160koda - We Love Cycling - Sweden<\/title>\n<meta name=\"robots\" content=\"index, follow, max-snippet:-1, max-image-preview:large, max-video-preview:-1\" \/>\n<link rel=\"canonical\" href=\"https:\/\/www.welovecycling.com\/se\/skoda-cycling-team\/teamet-2018\/\" \/>\n<meta property=\"og:locale\" content=\"sv_SE\" \/>\n<meta property=\"og:type\" content=\"article\" \/>\n<meta property=\"og:title\" content=\"SKODA Cycling Team 2018\" \/>\n<meta property=\"og:description\" content=\"\u0160koda Cycling Team 2018\" \/>\n<meta property=\"og:url\" content=\"https:\/\/www.welovecycling.com\/se\/skoda-cycling-team\/teamet-2018\/\" \/>\n<meta property=\"og:site_name\" content=\"\u0160koda - We Love Cycling - Sweden\" \/>\n<meta property=\"article:modified_time\" content=\"2018-06-20T10:50:18+00:00\" \/>\n<meta name=\"twitter:card\" content=\"summary_large_image\" \/>\n<meta name=\"twitter:label1\" content=\"Est. reading time\" \/>\n\t<meta name=\"twitter:data1\" content=\"5 minutes\" \/>\n<script type=\"application\/ld+json\" class=\"yoast-schema-graph\">{\"@context\":\"https:\/\/schema.org\",\"@graph\":[{\"@type\":\"WebPage\",\"@id\":\"https:\/\/www.welovecycling.com\/se\/skoda-cycling-team\/teamet-2018\/\",\"url\":\"https:\/\/www.welovecycling.com\/se\/skoda-cycling-team\/teamet-2018\/\",\"name\":\"SKODA Cycling Team 2018 - \u0160koda - We Love Cycling - Sweden\",\"isPartOf\":{\"@id\":\"https:\/\/www.welovecycling.com\/se\/#website\"},\"datePublished\":\"2018-04-24T22:30:51+00:00\",\"dateModified\":\"2018-06-20T10:50:18+00:00\",\"breadcrumb\":{\"@id\":\"https:\/\/www.welovecycling.com\/se\/skoda-cycling-team\/teamet-2018\/#breadcrumb\"},\"inLanguage\":\"sv-SE\",\"potentialAction\":[{\"@type\":\"ReadAction\",\"target\":[\"https:\/\/www.welovecycling.com\/se\/skoda-cycling-team\/teamet-2018\/\"]}]},{\"@type\":\"BreadcrumbList\",\"@id\":\"https:\/\/www.welovecycling.com\/se\/skoda-cycling-team\/teamet-2018\/#breadcrumb\",\"itemListElement\":[{\"@type\":\"ListItem\",\"position\":1,\"name\":\"Home\",\"item\":\"https:\/\/www.welovecycling.com\/se\/\"},{\"@type\":\"ListItem\",\"position\":2,\"name\":\"\u0160koda Cycling Team\",\"item\":\"https:\/\/www.welovecycling.com\/se\/skoda-cycling-team\/\"},{\"@type\":\"ListItem\",\"position\":3,\"name\":\"SKODA Cycling Team 2018\"}]},{\"@type\":\"WebSite\",\"@id\":\"https:\/\/www.welovecycling.com\/se\/#website\",\"url\":\"https:\/\/www.welovecycling.com\/se\/\",\"name\":\"\u0160koda - We Love Cycling - Sweden\",\"description\":\"\u0160koda We Love Cycling - Sweden\",\"potentialAction\":[{\"@type\":\"SearchAction\",\"target\":{\"@type\":\"EntryPoint\",\"urlTemplate\":\"https:\/\/www.welovecycling.com\/se\/?s={search_term_string}\"},\"query-input\":{\"@type\":\"PropertyValueSpecification\",\"valueRequired\":true,\"valueName\":\"search_term_string\"}}],\"inLanguage\":\"sv-SE\"}]}<\/script>\n<!-- \/ Yoast SEO Premium plugin. -->","yoast_head_json":{"title":"SKODA Cycling Team 2018 - \u0160koda - We Love Cycling - Sweden","robots":{"index":"index","follow":"follow","max-snippet":"max-snippet:-1","max-image-preview":"max-image-preview:large","max-video-preview":"max-video-preview:-1"},"canonical":"https:\/\/www.welovecycling.com\/se\/skoda-cycling-team\/teamet-2018\/","og_locale":"sv_SE","og_type":"article","og_title":"SKODA Cycling Team 2018","og_description":"\u0160koda Cycling Team 2018","og_url":"https:\/\/www.welovecycling.com\/se\/skoda-cycling-team\/teamet-2018\/","og_site_name":"\u0160koda - We Love Cycling - Sweden","article_modified_time":"2018-06-20T10:50:18+00:00","twitter_card":"summary_large_image","twitter_misc":{"Est. reading time":"5 minutes"},"schema":{"@context":"https:\/\/schema.org","@graph":[{"@type":"WebPage","@id":"https:\/\/www.welovecycling.com\/se\/skoda-cycling-team\/teamet-2018\/","url":"https:\/\/www.welovecycling.com\/se\/skoda-cycling-team\/teamet-2018\/","name":"SKODA Cycling Team 2018 - \u0160koda - We Love Cycling - Sweden","isPartOf":{"@id":"https:\/\/www.welovecycling.com\/se\/#website"},"datePublished":"2018-04-24T22:30:51+00:00","dateModified":"2018-06-20T10:50:18+00:00","breadcrumb":{"@id":"https:\/\/www.welovecycling.com\/se\/skoda-cycling-team\/teamet-2018\/#breadcrumb"},"inLanguage":"sv-SE","potentialAction":[{"@type":"ReadAction","target":["https:\/\/www.welovecycling.com\/se\/skoda-cycling-team\/teamet-2018\/"]}]},{"@type":"BreadcrumbList","@id":"https:\/\/www.welovecycling.com\/se\/skoda-cycling-team\/teamet-2018\/#breadcrumb","itemListElement":[{"@type":"ListItem","position":1,"name":"Home","item":"https:\/\/www.welovecycling.com\/se\/"},{"@type":"ListItem","position":2,"name":"\u0160koda Cycling Team","item":"https:\/\/www.welovecycling.com\/se\/skoda-cycling-team\/"},{"@type":"ListItem","position":3,"name":"SKODA Cycling Team 2018"}]},{"@type":"WebSite","@id":"https:\/\/www.welovecycling.com\/se\/#website","url":"https:\/\/www.welovecycling.com\/se\/","name":"\u0160koda - We Love Cycling - Sweden","description":"\u0160koda We Love Cycling - Sweden","potentialAction":[{"@type":"SearchAction","target":{"@type":"EntryPoint","urlTemplate":"https:\/\/www.welovecycling.com\/se\/?s={search_term_string}"},"query-input":{"@type":"PropertyValueSpecification","valueRequired":true,"valueName":"search_term_string"}}],"inLanguage":"sv-SE"}]}},"_links":{"self":[{"href":"https:\/\/www.welovecycling.com\/se\/wp-json\/wp\/v2\/pages\/872","targetHints":{"allow":["GET"]}}],"collection":[{"href":"https:\/\/www.welovecycling.com\/se\/wp-json\/wp\/v2\/pages"}],"about":[{"href":"https:\/\/www.welovecycling.com\/se\/wp-json\/wp\/v2\/types\/page"}],"author":[{"embeddable":true,"href":"https:\/\/www.welovecycling.com\/se\/wp-json\/wp\/v2\/users\/52"}],"replies":[{"embeddable":true,"href":"https:\/\/www.welovecycling.com\/se\/wp-json\/wp\/v2\/comments?post=872"}],"version-history":[{"count":2,"href":"https:\/\/www.welovecycling.com\/se\/wp-json\/wp\/v2\/pages\/872\/revisions"}],"predecessor-version":[{"id":1546,"href":"https:\/\/www.welovecycling.com\/se\/wp-json\/wp\/v2\/pages\/872\/revisions\/1546"}],"up":[{"embeddable":true,"href":"https:\/\/www.welovecycling.com\/se\/wp-json\/wp\/v2\/pages\/123"}],"wp:attachment":[{"href":"https:\/\/www.welovecycling.com\/se\/wp-json\/wp\/v2\/media?parent=872"}],"wp:term":[{"taxonomy":"post_tag","embeddable":true,"href":"https:\/\/www.welovecycling.com\/se\/wp-json\/wp\/v2\/tags?post=872"}],"curies":[{"name":"wp","href":"https:\/\/api.w.org\/{rel}","templated":true}]}}