{"id":565,"date":"2017-11-30T11:06:44","date_gmt":"2017-11-30T10:06:44","guid":{"rendered":"https:\/\/www.welovecycling.com\/se\/?page_id=565"},"modified":"2024-12-04T10:36:00","modified_gmt":"2024-12-04T09:36:00","slug":"partners","status":"publish","type":"page","link":"https:\/\/www.welovecycling.com\/se\/skoda-cycling-team\/partners\/","title":{"rendered":"Partners till \u0160koda Cycling Team"},"content":{"rendered":"<div id=\"pl-565\"  class=\"panel-layout\" ><div id=\"pg-565-0\"  class=\"panel-grid panel-no-style\" ><div id=\"pgc-565-0-0\"  class=\"panel-grid-cell\" ><div id=\"panel-565-0-0-0\" class=\"so-panel widget widget_sow-editor panel-first-child panel-last-child\" data-index=\"0\" ><div\n\t\t\t\n\t\t\tclass=\"so-widget-sow-editor so-widget-sow-editor-base\"\n\t\t\t\n\t\t>\n<div class=\"siteorigin-widget-tinymce textwidget\">\n\t<h3>V\u00e5ra partners ligger oss n\u00e4ra om hj\u00e4rtat. De bidrar inte bara med marknadens b\u00e4sta produkter utan ocks\u00e5 ov\u00e4rderlig expertis och kunskap inom sina respektive omr\u00e5den. Vi v\u00e4ljer dem med omsorg och l\u00e4gger stor vikt vid att ge v\u00e5ra cyklister de allra b\u00e4sta f\u00f6ruts\u00e4ttningarna tillsammans med dessa ledande varum\u00e4rken inom cykelsporten.<\/h3>\n<\/div>\n<\/div><\/div><\/div><\/div><div id=\"pg-565-1\"  class=\"panel-grid panel-no-style\" ><div id=\"pgc-565-1-0\"  class=\"panel-grid-cell\" ><div id=\"panel-565-1-0-0\" class=\"so-panel widget widget_sow-editor panel-first-child panel-last-child\" data-index=\"1\" ><div\n\t\t\t\n\t\t\tclass=\"so-widget-sow-editor so-widget-sow-editor-base\"\n\t\t\t\n\t\t>\n<div class=\"siteorigin-widget-tinymce textwidget\">\n\t<h2><a href=\"https:\/\/d2p6e6u75xmxt8.cloudfront.net\/9\/2024\/12\/392_57954ccd7a-pc10770-1001-1-big.webp\"><img loading=\"lazy\" decoding=\"async\" class=\"alignnone wp-image-4982 size-large\" src=\"https:\/\/d2p6e6u75xmxt8.cloudfront.net\/9\/2024\/12\/392_57954ccd7a-pc10770-1001-1-big-1024x1024.webp\" alt=\"\" width=\"1024\" height=\"1024\" srcset=\"https:\/\/d2p6e6u75xmxt8.cloudfront.net\/9\/2024\/12\/392_57954ccd7a-pc10770-1001-1-big-1024x1024.webp 1024w, https:\/\/d2p6e6u75xmxt8.cloudfront.net\/9\/2024\/12\/392_57954ccd7a-pc10770-1001-1-big-300x300.webp 300w, https:\/\/d2p6e6u75xmxt8.cloudfront.net\/9\/2024\/12\/392_57954ccd7a-pc10770-1001-1-big-150x150.webp 150w, https:\/\/d2p6e6u75xmxt8.cloudfront.net\/9\/2024\/12\/392_57954ccd7a-pc10770-1001-1-big-768x768.webp 768w, https:\/\/d2p6e6u75xmxt8.cloudfront.net\/9\/2024\/12\/392_57954ccd7a-pc10770-1001-1-big-1536x1536.webp 1536w, https:\/\/d2p6e6u75xmxt8.cloudfront.net\/9\/2024\/12\/392_57954ccd7a-pc10770-1001-1-big-400x400.webp 400w, https:\/\/d2p6e6u75xmxt8.cloudfront.net\/9\/2024\/12\/392_57954ccd7a-pc10770-1001-1-big.webp 1600w\" sizes=\"auto, (max-width: 1024px) 100vw, 1024px\" \/><\/a>POC<\/h2>\n<p>I Saltsj\u00f6baden startades POC med den starka visionen att r\u00e4dda liv och minska skadorna fr\u00e5n olyckor genom att utveckla skydd f\u00f6r atleter inom sporter med h\u00f6g gravitation. Tillsammans med ingenj\u00f6rer, materialspecialister, neurologer, ryggexperter och designers tar POC fram skydd f\u00f6r dem som \u00e4gnar sig \u00e5t aktiviteter i sn\u00f6 eller p\u00e5 hjul. F\u00f6rdelen med att vara n\u00e4ra Stockholm f\u00f6r POC \u00e4r att det \u00e4r ett utav Europas ledande center f\u00f6r forskning inom s\u00e4kerhet och avancerad produktutveckling. Skydden de erbjuder \u00e4r bland annat hj\u00e4lmar, glas\u00f6gon, goggles, ryggskydd, och benskydd.<\/p>\n<p>Instagram: <a href=\"http:\/\/www.instagram.com\/pocsports\">@pocsports<\/a><br \/>\n<a href=\"https:\/\/www.instagram.com\/explore\/tags\/pocsports\/\">#pocsports<\/a><br \/>\nHemsida:\u00a0<a href=\"http:\/\/www.pocsports.com\/eu\/home\/\" target=\"_blank\" rel=\"noopener\">Pocsports.com<\/a><\/p>\n<p><img loading=\"lazy\" decoding=\"async\" class=\"size-full wp-image-672 aligncenter\" src=\"https:\/\/d2p6e6u75xmxt8.cloudfront.net\/9\/2017\/11\/MAURTEN.png\" alt=\"\" width=\"390\" height=\"270\" srcset=\"https:\/\/d2p6e6u75xmxt8.cloudfront.net\/9\/2017\/11\/MAURTEN.png 390w, https:\/\/d2p6e6u75xmxt8.cloudfront.net\/9\/2017\/11\/MAURTEN-300x208.png 300w\" sizes=\"auto, (max-width: 390px) 100vw, 390px\" \/><\/p>\n<h2>Maurten<\/h2>\n<p>Att f\u00e5 I sig tillr\u00e4ckligt med energi har alltid varit en utmaning. V\u00e5ra magar reagerar ofta kraftigt p\u00e5 traditionella energiprodukter. 2015 hittade det svenska f\u00f6retaget Maurten ett s\u00e4tt att g\u00f6ra kolhydratrika produkter mer skonsamma f\u00f6r magen.<\/p>\n<p>Maurten ins\u00e5g att en s\u00e5 kallad hydrogel skulle kunna transportera kolhydraterna fr\u00e5n mags\u00e4cken till tarmen, d\u00e4r kolhydraterna tas upp \u2013 och p\u00e5 s\u00e5 s\u00e4tt undg\u00e5 magproblemen. Den f\u00f6rsta produkten \u00e4r en dryck d\u00e4r hydrogelen byggs genom att kombinera alginat \u2013 en kostfiber som \u00e5terfinns i alger \u2013 och pektin som utvinns fr\u00e5n fruktskal.<\/p>\n<p>N\u00e4r drycken hamnar i mags\u00e4ckens syrliga milj\u00f6 bildas hydrogelen och kolhydraterna kapslas in i den gel\u00e9liknande massan. Hydrogelen transporterar sedan kolhydraterna vidare ut i tarmsystemet d\u00e4r gelen l\u00f6ses upp och kolhydraterna fris\u00e4tts f\u00f6r upptag.<\/p>\n<p>Konceptet och drycken har visat sig mycket framg\u00e5ngsrik och idag anv\u00e4nder sig flera av v\u00e4rldens fr\u00e4msta uth\u00e5llighetsidrottare deras produkter. Flera professionella cykelstall, bland annat EF-Drapac, f\u00f6rlitar sig p\u00e5 teknologin som ocks\u00e5 just nu testas av svenska olympiska kommitt\u00e9n.<\/p>\n<p>Instagram: <a href=\"http:\/\/www.instagram.com\/maurten_official\">@maurten_official<\/a><br \/>\n<a href=\"https:\/\/www.instagram.com\/explore\/tags\/maurten\/\">#maurten<\/a><br \/>\nHemsida:<a href=\"http:\/\/www.maurten.com\">\u00a0Maurten.com<\/a><\/p>\n<p><a href=\"https:\/\/d2p6e6u75xmxt8.cloudfront.net\/9\/2024\/12\/SCT_teamtraff_lowres-21-scaled.webp\"><img loading=\"lazy\" decoding=\"async\" class=\"alignnone wp-image-4977 size-large\" src=\"https:\/\/d2p6e6u75xmxt8.cloudfront.net\/9\/2024\/12\/SCT_teamtraff_lowres-21-1024x683.webp\" alt=\"\" width=\"1024\" height=\"683\" srcset=\"https:\/\/d2p6e6u75xmxt8.cloudfront.net\/9\/2024\/12\/SCT_teamtraff_lowres-21-1024x683.webp 1024w, https:\/\/d2p6e6u75xmxt8.cloudfront.net\/9\/2024\/12\/SCT_teamtraff_lowres-21-300x200.webp 300w, https:\/\/d2p6e6u75xmxt8.cloudfront.net\/9\/2024\/12\/SCT_teamtraff_lowres-21-768x512.webp 768w, https:\/\/d2p6e6u75xmxt8.cloudfront.net\/9\/2024\/12\/SCT_teamtraff_lowres-21-1536x1024.webp 1536w, https:\/\/d2p6e6u75xmxt8.cloudfront.net\/9\/2024\/12\/SCT_teamtraff_lowres-21-2048x1365.webp 2048w, https:\/\/d2p6e6u75xmxt8.cloudfront.net\/9\/2024\/12\/SCT_teamtraff_lowres-21-1920x1280.webp 1920w, https:\/\/d2p6e6u75xmxt8.cloudfront.net\/9\/2024\/12\/SCT_teamtraff_lowres-21-400x267.webp 400w, https:\/\/d2p6e6u75xmxt8.cloudfront.net\/9\/2024\/12\/SCT_teamtraff_lowres-21-272x182.webp 272w, https:\/\/d2p6e6u75xmxt8.cloudfront.net\/9\/2024\/12\/SCT_teamtraff_lowres-21-1920x1280.webp 1920w\" sizes=\"auto, (max-width: 1024px) 100vw, 1024px\" \/><\/a><\/p>\n<h2>Verge<\/h2>\n<p>Verge \u00e4r en leverant\u00f6r av cykelkl\u00e4der till lag, klubbar och f\u00f6reningar. De m\u00f6ter v\u00e5ra krav p\u00e5 h\u00f6gsta m\u00f6jliga kvalitet p\u00e5 allt fr\u00e5n passform, aerodynamik, komfort och design. De har ocks\u00e5 en fantastisk service och snabba leveranser.<\/p>\n<p>Instagram: <a href=\"http:\/\/www.instagram.com\/vergesweden\">Vergesweden<\/a><br \/>\n<a href=\"https:\/\/www.instagram.com\/explore\/tags\/vergesweden\/\">#vergesweden<\/a><br \/>\nHemsida:\u00a0<a href=\"https:\/\/www.vergesport.com\/se-sv\/\">www.vergesport.com\/se-sv\/<\/a><\/p>\n<\/div>\n<\/div><\/div><\/div><div id=\"pgc-565-1-1\"  class=\"panel-grid-cell panel-grid-cell-mobile-last\" ><div id=\"panel-565-1-1-0\" class=\"so-panel widget widget_sow-editor panel-first-child panel-last-child\" data-index=\"2\" ><div\n\t\t\t\n\t\t\tclass=\"so-widget-sow-editor so-widget-sow-editor-base\"\n\t\t\t\n\t\t>\n<div class=\"siteorigin-widget-tinymce textwidget\">\n\t<p><a href=\"https:\/\/d2p6e6u75xmxt8.cloudfront.net\/9\/2024\/12\/Skarmavbild-2024-12-04-kl.-10.24.51.webp\"><img loading=\"lazy\" decoding=\"async\" class=\"alignnone wp-image-4979 size-large\" src=\"https:\/\/d2p6e6u75xmxt8.cloudfront.net\/9\/2024\/12\/Skarmavbild-2024-12-04-kl.-10.24.51-1024x695.webp\" alt=\"\" width=\"1024\" height=\"695\" srcset=\"https:\/\/d2p6e6u75xmxt8.cloudfront.net\/9\/2024\/12\/Skarmavbild-2024-12-04-kl.-10.24.51-1024x695.webp 1024w, https:\/\/d2p6e6u75xmxt8.cloudfront.net\/9\/2024\/12\/Skarmavbild-2024-12-04-kl.-10.24.51-300x204.webp 300w, https:\/\/d2p6e6u75xmxt8.cloudfront.net\/9\/2024\/12\/Skarmavbild-2024-12-04-kl.-10.24.51-768x521.webp 768w, https:\/\/d2p6e6u75xmxt8.cloudfront.net\/9\/2024\/12\/Skarmavbild-2024-12-04-kl.-10.24.51-1536x1043.webp 1536w, https:\/\/d2p6e6u75xmxt8.cloudfront.net\/9\/2024\/12\/Skarmavbild-2024-12-04-kl.-10.24.51-400x272.webp 400w, https:\/\/d2p6e6u75xmxt8.cloudfront.net\/9\/2024\/12\/Skarmavbild-2024-12-04-kl.-10.24.51.webp 1800w\" sizes=\"auto, (max-width: 1024px) 100vw, 1024px\" \/><\/a><\/p>\n<h2>Cannondale<\/h2>\n<p>Cannondale grundades 1971 av Joe Montgomery, som d\u00f6pte f\u00f6retaget efter t\u00e5gstationen som l\u00e5g tv\u00e4rs \u00f6ver gatan fr\u00e5n deras verkstad i Wilton, Connecticut, USA. Idag \u00e4r Cannondale ett erk\u00e4nt namn inom cykelsporten, k\u00e4nda f\u00f6r sina innovativa detaljer som g\u00f6r dig snabbare och s\u00e4krare.<\/p>\n<p>Instagram: <a href=\"https:\/\/www.instagram.com\/ride_cannondale\/\">@cannondale<\/a><br \/>\nHemsida:\u00a0<a href=\"http:\/\/www.cannondale.com\">www.cannondale.com<\/a><\/p>\n<p><a href=\"https:\/\/d2p6e6u75xmxt8.cloudfront.net\/9\/2023\/03\/150076_A_large.webp\"><img loading=\"lazy\" decoding=\"async\" class=\"wp-image-4662 alignleft\" src=\"https:\/\/d2p6e6u75xmxt8.cloudfront.net\/9\/2023\/03\/150076_A_large-1024x768.webp\" alt=\"\" width=\"303\" height=\"228\" srcset=\"https:\/\/d2p6e6u75xmxt8.cloudfront.net\/9\/2023\/03\/150076_A_large-1024x768.webp 1024w, https:\/\/d2p6e6u75xmxt8.cloudfront.net\/9\/2023\/03\/150076_A_large-300x225.webp 300w, https:\/\/d2p6e6u75xmxt8.cloudfront.net\/9\/2023\/03\/150076_A_large-768x576.webp 768w, https:\/\/d2p6e6u75xmxt8.cloudfront.net\/9\/2023\/03\/150076_A_large-1536x1152.webp 1536w, https:\/\/d2p6e6u75xmxt8.cloudfront.net\/9\/2023\/03\/150076_A_large-400x300.webp 400w, https:\/\/d2p6e6u75xmxt8.cloudfront.net\/9\/2023\/03\/150076_A_large.webp 1600w\" sizes=\"auto, (max-width: 303px) 100vw, 303px\" \/><\/a><\/p>\n<h2>Wahoo<\/h2>\n<p>Wahoo Fitness, som har sin bas i Atlanta USA, har skapat ett ekosystem av sensorer och andra produkter f\u00f6r cyklister, l\u00f6pare, triathleter och motion\u00e4rer. Wahoos prisbel\u00f6nta produktportf\u00f6lj inneh\u00e5ller KICKR-sortimentet, som best\u00e5r av smarta inomhustrainers med tillbeh\u00f6r, ELEMNT-sortimentet, med cykeldatorer och sportklockor, TICKR-sortimentet med pulsband och dubbelsidiga pedalerna Speedplay system. Wahoo har \u00e4ven Wahoo SYSTM, en mjukvaruplattform f\u00f6r strukturerade tr\u00e4ningspass.<\/p>\n<p>Fr\u00e5n Wahoo anv\u00e4nder Skoda Cycling Team den nya ELEMNT ROAM, pulsbandet TICKR och GPS-klockan RIVAL.<\/p>\n<p>Instagram: <a href=\"https:\/\/www.instagram.com\/wahoonordics\/?hl=en\">@wahoonordics<\/a><br \/>\nHemsida: <a href=\"https:\/\/nordic.wahoofitness.com\">https:\/\/nordic.wahoofitness.com<\/a><\/p>\n<h2><a href=\"https:\/\/d2p6e6u75xmxt8.cloudfront.net\/9\/2024\/12\/thule2.webp\"><img loading=\"lazy\" decoding=\"async\" class=\"alignnone wp-image-4975 size-large\" src=\"https:\/\/d2p6e6u75xmxt8.cloudfront.net\/9\/2024\/12\/thule2-1024x712.webp\" alt=\"\" width=\"1024\" height=\"712\" srcset=\"https:\/\/d2p6e6u75xmxt8.cloudfront.net\/9\/2024\/12\/thule2-1024x712.webp 1024w, https:\/\/d2p6e6u75xmxt8.cloudfront.net\/9\/2024\/12\/thule2-300x209.webp 300w, https:\/\/d2p6e6u75xmxt8.cloudfront.net\/9\/2024\/12\/thule2-768x534.webp 768w, https:\/\/d2p6e6u75xmxt8.cloudfront.net\/9\/2024\/12\/thule2-1536x1069.webp 1536w, https:\/\/d2p6e6u75xmxt8.cloudfront.net\/9\/2024\/12\/thule2-2048x1425.webp 2048w, https:\/\/d2p6e6u75xmxt8.cloudfront.net\/9\/2024\/12\/thule2-1920x1336.webp 1920w, https:\/\/d2p6e6u75xmxt8.cloudfront.net\/9\/2024\/12\/thule2-400x278.webp 400w, https:\/\/d2p6e6u75xmxt8.cloudfront.net\/9\/2024\/12\/thule2-1920x1336.webp 1920w\" sizes=\"auto, (max-width: 1024px) 100vw, 1024px\" \/><\/a><\/h2>\n<p>&nbsp;<\/p>\n<h2>Thule<\/h2>\n<p>Thule \u00e4r ett globalt sport- och fritidsvarum\u00e4rke som grundades 1942. Under mottot <i>Bring your life\u00a0<\/i>erbjuder Thule ett brett sortiment av produkter som g\u00f6r det m\u00f6jligt f\u00f6r aktiva m\u00e4nniskor att ta med sig sin packning, utrustning, sina barn och sin hund p\u00e5 ett s\u00e4kert, enkelt och tilltalande s\u00e4tt. Med h\u00e5llbarhet i tankarna designar och tillverkar Thule takr\u00e4cken, takboxar och takt\u00e4lt f\u00f6r montering p\u00e5 bilen, utrustning f\u00f6r cykel, vatten- och vintersporter, resv\u00e4skor, dator- och kamerav\u00e4skor, sportv\u00e4skor och ryggs\u00e4ckar samt barnrelaterade produkter som bilbarnstolar, barnvagnar, cykelk\u00e4rror och cykelbarnstolar. F\u00f6r husbilar &amp; husvagnar erbjuder Thule markiser, t\u00e4lt och cykelh\u00e5llare. Produkterna s\u00e4ljs p\u00e5 138 marknader \u00f6ver hela v\u00e4rlden, s\u00e5v\u00e4l som genom f\u00f6retagets egna online kanal..<\/p>\n<p>Instagram: <a href=\"https:\/\/www.instagram.com\/thule\/\">@thule<\/a><br \/>\nHemsida: <a href=\"https:\/\/www.thule.com\">Thule<\/a><\/p>\n<\/div>\n<\/div><\/div><\/div><div id=\"pgc-565-1-2\"  class=\"panel-grid-cell panel-grid-cell-empty\" ><\/div><\/div><\/div>","protected":false},"excerpt":{"rendered":"<p>V\u00e5ra partners ligger oss n\u00e4ra om hj\u00e4rtat. De bidrar inte bara med marknadens b\u00e4sta produkter utan ocks\u00e5 ov\u00e4rderlig expertis och [&hellip;]<\/p>\n","protected":false},"author":52,"featured_media":4981,"parent":123,"menu_order":2,"comment_status":"closed","ping_status":"closed","template":"templates\/template-empty-page.php","meta":{"footnotes":""},"tags":[],"class_list":["post-565","page","type-page","status-publish","has-post-thumbnail","hentry"],"yoast_head":"<!-- This site is optimized with the Yoast SEO Premium plugin v25.3 (Yoast SEO v25.9) - https:\/\/yoast.com\/wordpress\/plugins\/seo\/ -->\n<title>Partners till \u0160koda Cycling Team - \u0160koda - We Love Cycling - Sweden<\/title>\n<meta name=\"description\" content=\"Den b\u00e4sta utrustningen och tekniken \u00e4r viktig f\u00f6r att v\u00e5ra cyklister ska f\u00e5 de allra b\u00e4sta f\u00f6ruts\u00e4ttningarna. H\u00e4r \u00e4r v\u00e5ra partners.\" \/>\n<meta name=\"robots\" content=\"index, follow, max-snippet:-1, max-image-preview:large, max-video-preview:-1\" \/>\n<link rel=\"canonical\" href=\"https:\/\/www.welovecycling.com\/se\/skoda-cycling-team\/partners\/\" \/>\n<meta property=\"og:locale\" content=\"sv_SE\" \/>\n<meta property=\"og:type\" content=\"article\" \/>\n<meta property=\"og:title\" content=\"Partners till \u0160koda Cycling Team\" \/>\n<meta property=\"og:description\" content=\"Den b\u00e4sta utrustningen och tekniken \u00e4r viktig f\u00f6r att v\u00e5ra cyklister ska f\u00e5 de allra b\u00e4sta f\u00f6ruts\u00e4ttningarna. H\u00e4r \u00e4r v\u00e5ra partners.\" \/>\n<meta property=\"og:url\" content=\"https:\/\/www.welovecycling.com\/se\/skoda-cycling-team\/partners\/\" \/>\n<meta property=\"og:site_name\" content=\"\u0160koda - We Love Cycling - Sweden\" \/>\n<meta property=\"article:modified_time\" content=\"2024-12-04T09:36:00+00:00\" \/>\n<meta property=\"og:image\" content=\"https:\/\/d2p6e6u75xmxt8.cloudfront.net\/9\/2024\/12\/SCT_teamtraff_lowres-46-scaled.webp\" \/>\n\t<meta property=\"og:image:width\" content=\"2560\" \/>\n\t<meta property=\"og:image:height\" content=\"1706\" \/>\n\t<meta property=\"og:image:type\" content=\"image\/webp\" \/>\n<meta name=\"twitter:card\" content=\"summary_large_image\" \/>\n<meta name=\"twitter:label1\" content=\"Est. reading time\" \/>\n\t<meta name=\"twitter:data1\" content=\"4 minutes\" \/>\n<script type=\"application\/ld+json\" class=\"yoast-schema-graph\">{\"@context\":\"https:\/\/schema.org\",\"@graph\":[{\"@type\":\"WebPage\",\"@id\":\"https:\/\/www.welovecycling.com\/se\/skoda-cycling-team\/partners\/\",\"url\":\"https:\/\/www.welovecycling.com\/se\/skoda-cycling-team\/partners\/\",\"name\":\"Partners till \u0160koda Cycling Team - \u0160koda - We Love Cycling - Sweden\",\"isPartOf\":{\"@id\":\"https:\/\/www.welovecycling.com\/se\/#website\"},\"primaryImageOfPage\":{\"@id\":\"https:\/\/www.welovecycling.com\/se\/skoda-cycling-team\/partners\/#primaryimage\"},\"image\":{\"@id\":\"https:\/\/www.welovecycling.com\/se\/skoda-cycling-team\/partners\/#primaryimage\"},\"thumbnailUrl\":\"https:\/\/d2p6e6u75xmxt8.cloudfront.net\/9\/2024\/12\/SCT_teamtraff_lowres-46-scaled.webp\",\"datePublished\":\"2017-11-30T10:06:44+00:00\",\"dateModified\":\"2024-12-04T09:36:00+00:00\",\"description\":\"Den b\u00e4sta utrustningen och tekniken \u00e4r viktig f\u00f6r att v\u00e5ra cyklister ska f\u00e5 de allra b\u00e4sta f\u00f6ruts\u00e4ttningarna. H\u00e4r \u00e4r v\u00e5ra partners.\",\"breadcrumb\":{\"@id\":\"https:\/\/www.welovecycling.com\/se\/skoda-cycling-team\/partners\/#breadcrumb\"},\"inLanguage\":\"sv-SE\",\"potentialAction\":[{\"@type\":\"ReadAction\",\"target\":[\"https:\/\/www.welovecycling.com\/se\/skoda-cycling-team\/partners\/\"]}]},{\"@type\":\"ImageObject\",\"inLanguage\":\"sv-SE\",\"@id\":\"https:\/\/www.welovecycling.com\/se\/skoda-cycling-team\/partners\/#primaryimage\",\"url\":\"https:\/\/d2p6e6u75xmxt8.cloudfront.net\/9\/2024\/12\/SCT_teamtraff_lowres-46-scaled.webp\",\"contentUrl\":\"https:\/\/d2p6e6u75xmxt8.cloudfront.net\/9\/2024\/12\/SCT_teamtraff_lowres-46-scaled.webp\",\"width\":2560,\"height\":1706},{\"@type\":\"BreadcrumbList\",\"@id\":\"https:\/\/www.welovecycling.com\/se\/skoda-cycling-team\/partners\/#breadcrumb\",\"itemListElement\":[{\"@type\":\"ListItem\",\"position\":1,\"name\":\"Home\",\"item\":\"https:\/\/www.welovecycling.com\/se\/\"},{\"@type\":\"ListItem\",\"position\":2,\"name\":\"\u0160koda Cycling Team\",\"item\":\"https:\/\/www.welovecycling.com\/se\/skoda-cycling-team\/\"},{\"@type\":\"ListItem\",\"position\":3,\"name\":\"Partners till \u0160koda Cycling Team\"}]},{\"@type\":\"WebSite\",\"@id\":\"https:\/\/www.welovecycling.com\/se\/#website\",\"url\":\"https:\/\/www.welovecycling.com\/se\/\",\"name\":\"\u0160koda - We Love Cycling - Sweden\",\"description\":\"\u0160koda We Love Cycling - Sweden\",\"potentialAction\":[{\"@type\":\"SearchAction\",\"target\":{\"@type\":\"EntryPoint\",\"urlTemplate\":\"https:\/\/www.welovecycling.com\/se\/?s={search_term_string}\"},\"query-input\":{\"@type\":\"PropertyValueSpecification\",\"valueRequired\":true,\"valueName\":\"search_term_string\"}}],\"inLanguage\":\"sv-SE\"}]}<\/script>\n<!-- \/ Yoast SEO Premium plugin. -->","yoast_head_json":{"title":"Partners till \u0160koda Cycling Team - \u0160koda - We Love Cycling - Sweden","description":"Den b\u00e4sta utrustningen och tekniken \u00e4r viktig f\u00f6r att v\u00e5ra cyklister ska f\u00e5 de allra b\u00e4sta f\u00f6ruts\u00e4ttningarna. H\u00e4r \u00e4r v\u00e5ra partners.","robots":{"index":"index","follow":"follow","max-snippet":"max-snippet:-1","max-image-preview":"max-image-preview:large","max-video-preview":"max-video-preview:-1"},"canonical":"https:\/\/www.welovecycling.com\/se\/skoda-cycling-team\/partners\/","og_locale":"sv_SE","og_type":"article","og_title":"Partners till \u0160koda Cycling Team","og_description":"Den b\u00e4sta utrustningen och tekniken \u00e4r viktig f\u00f6r att v\u00e5ra cyklister ska f\u00e5 de allra b\u00e4sta f\u00f6ruts\u00e4ttningarna. H\u00e4r \u00e4r v\u00e5ra partners.","og_url":"https:\/\/www.welovecycling.com\/se\/skoda-cycling-team\/partners\/","og_site_name":"\u0160koda - We Love Cycling - Sweden","article_modified_time":"2024-12-04T09:36:00+00:00","og_image":[{"width":2560,"height":1706,"url":"https:\/\/d2p6e6u75xmxt8.cloudfront.net\/9\/2024\/12\/SCT_teamtraff_lowres-46-scaled.webp","type":"image\/webp"}],"twitter_card":"summary_large_image","twitter_misc":{"Est. reading time":"4 minutes"},"schema":{"@context":"https:\/\/schema.org","@graph":[{"@type":"WebPage","@id":"https:\/\/www.welovecycling.com\/se\/skoda-cycling-team\/partners\/","url":"https:\/\/www.welovecycling.com\/se\/skoda-cycling-team\/partners\/","name":"Partners till \u0160koda Cycling Team - \u0160koda - We Love Cycling - Sweden","isPartOf":{"@id":"https:\/\/www.welovecycling.com\/se\/#website"},"primaryImageOfPage":{"@id":"https:\/\/www.welovecycling.com\/se\/skoda-cycling-team\/partners\/#primaryimage"},"image":{"@id":"https:\/\/www.welovecycling.com\/se\/skoda-cycling-team\/partners\/#primaryimage"},"thumbnailUrl":"https:\/\/d2p6e6u75xmxt8.cloudfront.net\/9\/2024\/12\/SCT_teamtraff_lowres-46-scaled.webp","datePublished":"2017-11-30T10:06:44+00:00","dateModified":"2024-12-04T09:36:00+00:00","description":"Den b\u00e4sta utrustningen och tekniken \u00e4r viktig f\u00f6r att v\u00e5ra cyklister ska f\u00e5 de allra b\u00e4sta f\u00f6ruts\u00e4ttningarna. H\u00e4r \u00e4r v\u00e5ra partners.","breadcrumb":{"@id":"https:\/\/www.welovecycling.com\/se\/skoda-cycling-team\/partners\/#breadcrumb"},"inLanguage":"sv-SE","potentialAction":[{"@type":"ReadAction","target":["https:\/\/www.welovecycling.com\/se\/skoda-cycling-team\/partners\/"]}]},{"@type":"ImageObject","inLanguage":"sv-SE","@id":"https:\/\/www.welovecycling.com\/se\/skoda-cycling-team\/partners\/#primaryimage","url":"https:\/\/d2p6e6u75xmxt8.cloudfront.net\/9\/2024\/12\/SCT_teamtraff_lowres-46-scaled.webp","contentUrl":"https:\/\/d2p6e6u75xmxt8.cloudfront.net\/9\/2024\/12\/SCT_teamtraff_lowres-46-scaled.webp","width":2560,"height":1706},{"@type":"BreadcrumbList","@id":"https:\/\/www.welovecycling.com\/se\/skoda-cycling-team\/partners\/#breadcrumb","itemListElement":[{"@type":"ListItem","position":1,"name":"Home","item":"https:\/\/www.welovecycling.com\/se\/"},{"@type":"ListItem","position":2,"name":"\u0160koda Cycling Team","item":"https:\/\/www.welovecycling.com\/se\/skoda-cycling-team\/"},{"@type":"ListItem","position":3,"name":"Partners till \u0160koda Cycling Team"}]},{"@type":"WebSite","@id":"https:\/\/www.welovecycling.com\/se\/#website","url":"https:\/\/www.welovecycling.com\/se\/","name":"\u0160koda - We Love Cycling - Sweden","description":"\u0160koda We Love Cycling - Sweden","potentialAction":[{"@type":"SearchAction","target":{"@type":"EntryPoint","urlTemplate":"https:\/\/www.welovecycling.com\/se\/?s={search_term_string}"},"query-input":{"@type":"PropertyValueSpecification","valueRequired":true,"valueName":"search_term_string"}}],"inLanguage":"sv-SE"}]}},"_links":{"self":[{"href":"https:\/\/www.welovecycling.com\/se\/wp-json\/wp\/v2\/pages\/565","targetHints":{"allow":["GET"]}}],"collection":[{"href":"https:\/\/www.welovecycling.com\/se\/wp-json\/wp\/v2\/pages"}],"about":[{"href":"https:\/\/www.welovecycling.com\/se\/wp-json\/wp\/v2\/types\/page"}],"author":[{"embeddable":true,"href":"https:\/\/www.welovecycling.com\/se\/wp-json\/wp\/v2\/users\/52"}],"replies":[{"embeddable":true,"href":"https:\/\/www.welovecycling.com\/se\/wp-json\/wp\/v2\/comments?post=565"}],"version-history":[{"count":13,"href":"https:\/\/www.welovecycling.com\/se\/wp-json\/wp\/v2\/pages\/565\/revisions"}],"predecessor-version":[{"id":4988,"href":"https:\/\/www.welovecycling.com\/se\/wp-json\/wp\/v2\/pages\/565\/revisions\/4988"}],"up":[{"embeddable":true,"href":"https:\/\/www.welovecycling.com\/se\/wp-json\/wp\/v2\/pages\/123"}],"wp:featuredmedia":[{"embeddable":true,"href":"https:\/\/www.welovecycling.com\/se\/wp-json\/wp\/v2\/media\/4981"}],"wp:attachment":[{"href":"https:\/\/www.welovecycling.com\/se\/wp-json\/wp\/v2\/media?parent=565"}],"wp:term":[{"taxonomy":"post_tag","embeddable":true,"href":"https:\/\/www.welovecycling.com\/se\/wp-json\/wp\/v2\/tags?post=565"}],"curies":[{"name":"wp","href":"https:\/\/api.w.org\/{rel}","templated":true}]}}