{"id":5006,"date":"2025-06-19T10:09:45","date_gmt":"2025-06-19T09:09:45","guid":{"rendered":"https:\/\/www.welovecycling.com\/se\/?page_id=5006"},"modified":"2025-06-19T10:10:10","modified_gmt":"2025-06-19T09:10:10","slug":"regler-for-2025-tdf-tavlingen","status":"publish","type":"page","link":"https:\/\/www.welovecycling.com\/se\/tour-de-france-2025\/regler-for-2025-tdf-tavlingen\/","title":{"rendered":"Regler f\u00f6r \u201c2025 TDF-t\u00e4vlingen\u201d"},"content":{"rendered":"<h3><\/h3>\n<h4><b>T\u00e4vlingens v\u00e4rd och arrang\u00f6r<\/b><\/h4>\n<p><span style=\"font-weight: 400;\">V\u00e4rd f\u00f6r t\u00e4vlingen \u00e4r \u0160koda Auto a.s., ett aktiebolag med registrerat s\u00e4te p\u00e5 t\u0159. V\u00e1clava Klementa 869, 293 01 Mlad\u00e1 Boleslav, Tjeckien, organisationsnummer 00177041, registrerat i handelsregistret som f\u00f6rs av stadsdomstolen i Prag, avdelning B, \u00e4rende 332 (h\u00e4danefter kallad &#8221;V\u00e4rden&#8221;).<\/span><\/p>\n<p><span style=\"font-weight: 400;\">Arrang\u00f6r av t\u00e4vlingen, som hanterar det praktiska genomf\u00f6randet, \u00e4r MUSTARD s.r.o., med s\u00e4te i Praha 1 \u2013 Nov\u00e9 M\u011bsto, Masarykovo n\u00e1b\u0159. 246, 110 00, Tjeckien, organisationsnummer 28531418, registrerad i handelsregistret vid stadsdomstolen i Prag, avdelning C, post 148383 (h\u00e4danefter kallad &#8221;Arrang\u00f6ren&#8221;).<\/span><\/p>\n<h4><b>T\u00e4vlingens l\u00e4ngd, plats och omg\u00e5ngar<\/b><\/h4>\n<ul>\n<li style=\"font-weight: 400;\" aria-level=\"1\"><span style=\"font-weight: 400;\">Omg\u00e5ng 1 \u2013 28.06.2025 kl. 00:01 (CET) till 04.07.2025 kl. 23:59 (CET)<\/span><\/li>\n<li style=\"font-weight: 400;\" aria-level=\"1\"><span style=\"font-weight: 400;\">Omg\u00e5ng 2 \u2013 05.07.2025 kl. 00:01 (CET) till 11.07.2025 kl. 23:59 (CET)<\/span><\/li>\n<li style=\"font-weight: 400;\" aria-level=\"1\"><span style=\"font-weight: 400;\">Omg\u00e5ng 3 \u2013 12.07.2025 kl. 00:01 (CET) till 18.07.2025 kl. 23:59 (CET)<\/span><\/li>\n<li style=\"font-weight: 400;\" aria-level=\"1\"><span style=\"font-weight: 400;\">Omg\u00e5ng 4 \u2013 19.07.2025 kl. 00:01 (CET) till 25.07.2025 kl. 23:59 (CET)<\/span><\/li>\n<li style=\"font-weight: 400;\" aria-level=\"1\"><span style=\"font-weight: 400;\">Omg\u00e5ng 5 \u2013 26.07.2025 kl. 00:01 (CET) till 03.08.2025 kl. 23:59 (CET)<\/span><\/li>\n<\/ul>\n<p><span style=\"font-weight: 400;\">T\u00e4vlingen h\u00e5lls p\u00e5 webbplatsen <\/span><a href=\"http:\/\/www.welovecycling.com\/\"><span style=\"font-weight: 400;\">www.welovecycling.com<\/span><\/a><span style=\"font-weight: 400;\"> (h\u00e4danefter &#8221;T\u00e4vlingens webbplats&#8221;) d\u00e4r all kommunikation med deltagare sker.<\/span><\/p>\n<h4><b>Vem kan delta<\/b><\/h4>\n<p><span style=\"font-weight: 400;\">T\u00e4vlingen \u00e4r \u00f6ppen f\u00f6r alla individer som fyllt 18 \u00e5r och \u00e4r bosatta i n\u00e5got av f\u00f6ljande l\u00e4nder: ANDORRA, AUSTRALIEN, \u00d6STERRIKE, BELGIEN, BOSNIEN, BULGARIEN, KROATIEN, TJECKIEN, DANMARK, ESTLAND, FINLAND, FRANKRIKE, TYSKLAND, STORBRITANNIEN, GREKLAND, UNGERN, ISLAND, IRLAND, ITALIEN, LETTLAND, LIECHTENSTEIN, LITAUEN, LUXEMBURG, MONTENEGRO, NEDERL\u00c4NDERNA, NORGE, POLEN, PORTUGAL, RUM\u00c4NIEN, SERBIEN, SLOVAKIEN, SLOVENIEN, SPANIEN, SVERIGE, SCHWEIZ, UKRAINA.<\/span><\/p>\n<p><span style=\"font-weight: 400;\">F\u00f6r att delta m\u00e5ste man registrera sig p\u00e5 T\u00e4vlingens webbplats under en t\u00e4vlingsomg\u00e5ng och acceptera dessa regler. Som del av registreringen ska man ange en e-postadress, som endast kommer att anv\u00e4ndas f\u00f6r detta t\u00e4vlings\u00e4ndam\u00e5l.<\/span><\/p>\n<p><span style=\"font-weight: 400;\">Varje person f\u00e5r bara registrera sig en g\u00e5ng med sin egen e-postadress. V\u00e4rden f\u00f6rbeh\u00e5ller sig r\u00e4tten att kontrollera detta med tekniska och organisatoriska medel.<\/span><\/p>\n<p><span style=\"font-weight: 400;\">Personer som varit involverade i f\u00f6rberedelserna av t\u00e4vlingen, liksom anst\u00e4llda eller samarbetspartners till V\u00e4rden, Arrang\u00f6ren, \u0160koda-partners eller deras familjer, f\u00e5r inte delta.<\/span><\/p>\n<h4><b>T\u00e4vlingsmekanik och vinnarutv\u00e4rdering<\/b><\/h4>\n<p><span style=\"font-weight: 400;\">Deltagaren ska svara korrekt p\u00e5 fem t\u00e4vlingsfr\u00e5gor. De som har alla r\u00e4tt och \u00e4r korrekt registrerade har chans att vinna ett pris.<\/span><\/p>\n<p><span style=\"font-weight: 400;\">Vinnare utses enligt f\u00f6ljande platser p\u00e5 listan:<\/span><\/p>\n<ul>\n<li style=\"font-weight: 400;\" aria-level=\"1\"><span style=\"font-weight: 400;\">Omg\u00e5ng 1, 3 och 5: 1\/11 till 9\/11<\/span><\/li>\n<li style=\"font-weight: 400;\" aria-level=\"1\"><span style=\"font-weight: 400;\">Omg\u00e5ng 2: 1\/11 till 7\/11<\/span><\/li>\n<li style=\"font-weight: 400;\" aria-level=\"1\"><span style=\"font-weight: 400;\">Omg\u00e5ng 4: 1\/17 till 16\/17<\/span><span style=\"font-weight: 400;\"><br \/>\n<\/span><span style=\"font-weight: 400;\">Deltagarantalet divideras med 11 eller 17 och avrundas ned\u00e5t.<\/span><\/li>\n<\/ul>\n<p><span style=\"font-weight: 400;\">Listan \u00f6ver deltagare sorteras kronologiskt efter inskickningstidpunkt. Vid 7183 deltagare till exempel blir vinnarplatserna 653:e, 1306:e, 1959:e osv.<\/span><\/p>\n<p><span style=\"font-weight: 400;\">Vinnarna kontaktas via e-post inom fem dagar efter omg\u00e5ngens slut. Om vinnaren inte svarar inom 24 timmar trots p\u00e5minnelse, f\u00f6rfaller vinsten utan ers\u00e4ttning.<\/span><\/p>\n<h4><b>Priser<\/b><\/h4>\n<p><b>Omg\u00e5ng 1<\/b><\/p>\n<ul>\n<li style=\"font-weight: 400;\" aria-level=\"1\"><span style=\"font-weight: 400;\">1x Tour de France-v\u00e4rdprogram<\/span><\/li>\n<li style=\"font-weight: 400;\" aria-level=\"1\"><span style=\"font-weight: 400;\">3x POC CYTAL hj\u00e4lm carbon uranium black<\/span><\/li>\n<li style=\"font-weight: 400;\" aria-level=\"1\"><span style=\"font-weight: 400;\">5x \u0160koda Green Jersey<\/span><\/li>\n<\/ul>\n<p><b>Omg\u00e5ng 2<\/b><\/p>\n<ul>\n<li style=\"font-weight: 400;\" aria-level=\"1\"><span style=\"font-weight: 400;\">1x Tour de France-v\u00e4rdprogram<\/span><\/li>\n<li style=\"font-weight: 400;\" aria-level=\"1\"><span style=\"font-weight: 400;\">1x Cannondale Topstone Carbon 3<\/span><\/li>\n<li style=\"font-weight: 400;\" aria-level=\"1\"><span style=\"font-weight: 400;\">5x \u0160koda Green Jersey<\/span><\/li>\n<\/ul>\n<p><b>Omg\u00e5ng 3<\/b><\/p>\n<ul>\n<li style=\"font-weight: 400;\" aria-level=\"1\"><span style=\"font-weight: 400;\">1x Tour de France-v\u00e4rdprogram<\/span><\/li>\n<li style=\"font-weight: 400;\" aria-level=\"1\"><span style=\"font-weight: 400;\">1x Cannondale Mavaro 4<\/span><\/li>\n<li style=\"font-weight: 400;\" aria-level=\"1\"><span style=\"font-weight: 400;\">5x \u0160koda Green Jersey<\/span><\/li>\n<\/ul>\n<p><b>Omg\u00e5ng 4<\/b><\/p>\n<ul>\n<li style=\"font-weight: 400;\" aria-level=\"1\"><span style=\"font-weight: 400;\">1x Cannondale Scalpel 3<\/span><\/li>\n<li style=\"font-weight: 400;\" aria-level=\"1\"><span style=\"font-weight: 400;\">10x Armband tillverkade av kedjan fr\u00e5n Biniam Girmays 2024 Green Jersey-cykel<\/span><\/li>\n<li style=\"font-weight: 400;\" aria-level=\"1\"><span style=\"font-weight: 400;\">5x \u0160koda Green Jersey<\/span><\/li>\n<\/ul>\n<p><b>Omg\u00e5ng 5<\/b><\/p>\n<ul>\n<li style=\"font-weight: 400;\" aria-level=\"1\"><span style=\"font-weight: 400;\">1x Cannondale SuperSix EVO 1<\/span><\/li>\n<li style=\"font-weight: 400;\" aria-level=\"1\"><span style=\"font-weight: 400;\">3x POC CYTAL hj\u00e4lm carbon uranium black<\/span><\/li>\n<li style=\"font-weight: 400;\" aria-level=\"1\"><span style=\"font-weight: 400;\">5x \u0160koda Green Jersey<\/span><\/li>\n<\/ul>\n<p><i><span style=\"font-weight: 400;\">Observera: leveranstiden f\u00f6r cyklarna kan vara upp till 8 m\u00e5nader p.g.a. komponentbrist.<\/span><\/i><\/p>\n<h4><b>Behandling av personuppgifter<\/b><\/h4>\n<p><span style=\"font-weight: 400;\">\u0160koda Auto a.s. \u00e4r personuppgiftsansvarig enligt EU:s dataskyddsf\u00f6rordning (GDPR) och l\u00e4mnar f\u00f6ljande information:<\/span><\/p>\n<p><b>R\u00e4ttslig grund:<\/b><span style=\"font-weight: 400;\"> fullg\u00f6rande av avtal (dessa regler)<\/span><span style=\"font-weight: 400;\"><br \/>\n<\/span><b>Uppgifter som behandlas:<\/b><span style=\"font-weight: 400;\"> identifierings-, kontakt- och kommunikationsuppgifter<\/span><span style=\"font-weight: 400;\"><br \/>\n<\/span><b>Lagringsperiod:<\/b><span style=\"font-weight: 400;\"> 1 \u00e5r efter t\u00e4vlingens slut<\/span><span style=\"font-weight: 400;\"><br \/>\n<\/span><b>Mottagare:<\/b><span style=\"font-weight: 400;\"> MUSTARD s.r.o., myndigheter vid behov<\/span><span style=\"font-weight: 400;\"><br \/>\n<\/span><b>Dina r\u00e4ttigheter:<\/b><span style=\"font-weight: 400;\"> tillg\u00e5ng, r\u00e4ttelse, radering, begr\u00e4nsning, dataportabilitet, inv\u00e4ndning mot automatiserade beslut<\/span><\/p>\n<p><span style=\"font-weight: 400;\">Ut\u00f6va dina r\u00e4ttigheter via:<\/span><\/p>\n<ul>\n<li style=\"font-weight: 400;\" aria-level=\"1\"><a href=\"https:\/\/www.skoda-auto.com\/data-privacy\"><span style=\"font-weight: 400;\">https:\/\/www.skoda-auto.com\/data-privacy<\/span><\/a><\/li>\n<li style=\"font-weight: 400;\" aria-level=\"1\"><span style=\"font-weight: 400;\">Post: \u0160koda Auto a.s., Data Protection Office, t\u0159. V\u00e1clava Klementa 869, CZ 293 01 Mlad\u00e1 Boleslav<\/span><\/li>\n<\/ul>\n<p><span style=\"font-weight: 400;\">Dataskyddsombud: <\/span><b>dpo@skoda-auto.cz<\/b><b><br \/>\n<\/b><span style=\"font-weight: 400;\">Klagom\u00e5l kan l\u00e4mnas till den tjeckiska dataskyddsmyndigheten: <\/span><a href=\"https:\/\/www.uoou.cz\/en\"><span style=\"font-weight: 400;\">https:\/\/www.uoou.cz\/en<\/span><\/a><\/p>\n<h4><b>\u00d6vriga villkor<\/b><\/h4>\n<p><span style=\"font-weight: 400;\">V\u00e4rden best\u00e4mmer slutligt hur priserna utformas. Bildmaterial i reklamsyfte \u00e4r illustrativt. Deltagarna kan inte kr\u00e4va pengar eller andra ers\u00e4ttningar i st\u00e4llet f\u00f6r priserna.<\/span><\/p>\n<p><span style=\"font-weight: 400;\">V\u00e4rden ansvarar inte f\u00f6r skador eller tekniska problem i samband med t\u00e4vlingen. Resultaten \u00e4r slutgiltiga.<\/span><\/p>\n<p><span style=\"font-weight: 400;\">Fusk eller otillb\u00f6rligt beteende leder till uteslutning. V\u00e4rden kan n\u00e4r som helst \u00e4ndra, avbryta eller avsluta t\u00e4vlingen utan kompensation. Aktuella regler finns p\u00e5 t\u00e4vlingens webbplats.<\/span><\/p>\n<p><span style=\"font-weight: 400;\">T\u00e4vlingen lyder under Tjeckiens lag.<\/span><\/p>\n<p>&nbsp;<\/p>\n","protected":false},"excerpt":{"rendered":"<p>T\u00e4vlingens v\u00e4rd och arrang\u00f6r V\u00e4rd f\u00f6r t\u00e4vlingen \u00e4r \u0160koda Auto a.s., ett aktiebolag med registrerat s\u00e4te p\u00e5 t\u0159. V\u00e1clava Klementa [&hellip;]<\/p>\n","protected":false},"author":27,"featured_media":0,"parent":4999,"menu_order":0,"comment_status":"closed","ping_status":"closed","template":"templates\/template-empty-page.php","meta":{"footnotes":""},"tags":[],"class_list":["post-5006","page","type-page","status-publish","hentry"],"yoast_head":"<!-- This site is optimized with the Yoast SEO Premium plugin v25.3 (Yoast SEO v25.9) - https:\/\/yoast.com\/wordpress\/plugins\/seo\/ -->\n<title>Regler f\u00f6r \u201c2025 TDF-t\u00e4vlingen\u201d - \u0160koda - We Love Cycling - Sweden<\/title>\n<meta name=\"robots\" content=\"index, follow, max-snippet:-1, max-image-preview:large, max-video-preview:-1\" \/>\n<link rel=\"canonical\" href=\"https:\/\/www.welovecycling.com\/se\/tour-de-france-2025\/regler-for-2025-tdf-tavlingen\/\" \/>\n<meta property=\"og:locale\" content=\"sv_SE\" \/>\n<meta property=\"og:type\" content=\"article\" \/>\n<meta property=\"og:title\" content=\"Regler f\u00f6r \u201c2025 TDF-t\u00e4vlingen\u201d\" \/>\n<meta property=\"og:description\" content=\"T\u00e4vlingens v\u00e4rd och arrang\u00f6r V\u00e4rd f\u00f6r t\u00e4vlingen \u00e4r \u0160koda Auto a.s., ett aktiebolag med registrerat s\u00e4te p\u00e5 t\u0159. V\u00e1clava Klementa [&hellip;]\" \/>\n<meta property=\"og:url\" content=\"https:\/\/www.welovecycling.com\/se\/tour-de-france-2025\/regler-for-2025-tdf-tavlingen\/\" \/>\n<meta property=\"og:site_name\" content=\"\u0160koda - We Love Cycling - Sweden\" \/>\n<meta property=\"article:modified_time\" content=\"2025-06-19T09:10:10+00:00\" \/>\n<meta name=\"twitter:card\" content=\"summary_large_image\" \/>\n<meta name=\"twitter:label1\" content=\"Est. reading time\" \/>\n\t<meta name=\"twitter:data1\" content=\"4 minutes\" \/>\n<script type=\"application\/ld+json\" class=\"yoast-schema-graph\">{\"@context\":\"https:\/\/schema.org\",\"@graph\":[{\"@type\":\"WebPage\",\"@id\":\"https:\/\/www.welovecycling.com\/se\/tour-de-france-2025\/regler-for-2025-tdf-tavlingen\/\",\"url\":\"https:\/\/www.welovecycling.com\/se\/tour-de-france-2025\/regler-for-2025-tdf-tavlingen\/\",\"name\":\"Regler f\u00f6r \u201c2025 TDF-t\u00e4vlingen\u201d - \u0160koda - We Love Cycling - Sweden\",\"isPartOf\":{\"@id\":\"https:\/\/www.welovecycling.com\/se\/#website\"},\"datePublished\":\"2025-06-19T09:09:45+00:00\",\"dateModified\":\"2025-06-19T09:10:10+00:00\",\"breadcrumb\":{\"@id\":\"https:\/\/www.welovecycling.com\/se\/tour-de-france-2025\/regler-for-2025-tdf-tavlingen\/#breadcrumb\"},\"inLanguage\":\"sv-SE\",\"potentialAction\":[{\"@type\":\"ReadAction\",\"target\":[\"https:\/\/www.welovecycling.com\/se\/tour-de-france-2025\/regler-for-2025-tdf-tavlingen\/\"]}]},{\"@type\":\"BreadcrumbList\",\"@id\":\"https:\/\/www.welovecycling.com\/se\/tour-de-france-2025\/regler-for-2025-tdf-tavlingen\/#breadcrumb\",\"itemListElement\":[{\"@type\":\"ListItem\",\"position\":1,\"name\":\"Home\",\"item\":\"https:\/\/www.welovecycling.com\/se\/\"},{\"@type\":\"ListItem\",\"position\":2,\"name\":\"Tour de France 2025\",\"item\":\"https:\/\/www.welovecycling.com\/se\/tour-de-france-2025\/\"},{\"@type\":\"ListItem\",\"position\":3,\"name\":\"Regler f\u00f6r \u201c2025 TDF-t\u00e4vlingen\u201d\"}]},{\"@type\":\"WebSite\",\"@id\":\"https:\/\/www.welovecycling.com\/se\/#website\",\"url\":\"https:\/\/www.welovecycling.com\/se\/\",\"name\":\"\u0160koda - We Love Cycling - Sweden\",\"description\":\"\u0160koda We Love Cycling - Sweden\",\"potentialAction\":[{\"@type\":\"SearchAction\",\"target\":{\"@type\":\"EntryPoint\",\"urlTemplate\":\"https:\/\/www.welovecycling.com\/se\/?s={search_term_string}\"},\"query-input\":{\"@type\":\"PropertyValueSpecification\",\"valueRequired\":true,\"valueName\":\"search_term_string\"}}],\"inLanguage\":\"sv-SE\"}]}<\/script>\n<!-- \/ Yoast SEO Premium plugin. -->","yoast_head_json":{"title":"Regler f\u00f6r \u201c2025 TDF-t\u00e4vlingen\u201d - \u0160koda - We Love Cycling - Sweden","robots":{"index":"index","follow":"follow","max-snippet":"max-snippet:-1","max-image-preview":"max-image-preview:large","max-video-preview":"max-video-preview:-1"},"canonical":"https:\/\/www.welovecycling.com\/se\/tour-de-france-2025\/regler-for-2025-tdf-tavlingen\/","og_locale":"sv_SE","og_type":"article","og_title":"Regler f\u00f6r \u201c2025 TDF-t\u00e4vlingen\u201d","og_description":"T\u00e4vlingens v\u00e4rd och arrang\u00f6r V\u00e4rd f\u00f6r t\u00e4vlingen \u00e4r \u0160koda Auto a.s., ett aktiebolag med registrerat s\u00e4te p\u00e5 t\u0159. V\u00e1clava Klementa [&hellip;]","og_url":"https:\/\/www.welovecycling.com\/se\/tour-de-france-2025\/regler-for-2025-tdf-tavlingen\/","og_site_name":"\u0160koda - We Love Cycling - Sweden","article_modified_time":"2025-06-19T09:10:10+00:00","twitter_card":"summary_large_image","twitter_misc":{"Est. reading time":"4 minutes"},"schema":{"@context":"https:\/\/schema.org","@graph":[{"@type":"WebPage","@id":"https:\/\/www.welovecycling.com\/se\/tour-de-france-2025\/regler-for-2025-tdf-tavlingen\/","url":"https:\/\/www.welovecycling.com\/se\/tour-de-france-2025\/regler-for-2025-tdf-tavlingen\/","name":"Regler f\u00f6r \u201c2025 TDF-t\u00e4vlingen\u201d - \u0160koda - We Love Cycling - Sweden","isPartOf":{"@id":"https:\/\/www.welovecycling.com\/se\/#website"},"datePublished":"2025-06-19T09:09:45+00:00","dateModified":"2025-06-19T09:10:10+00:00","breadcrumb":{"@id":"https:\/\/www.welovecycling.com\/se\/tour-de-france-2025\/regler-for-2025-tdf-tavlingen\/#breadcrumb"},"inLanguage":"sv-SE","potentialAction":[{"@type":"ReadAction","target":["https:\/\/www.welovecycling.com\/se\/tour-de-france-2025\/regler-for-2025-tdf-tavlingen\/"]}]},{"@type":"BreadcrumbList","@id":"https:\/\/www.welovecycling.com\/se\/tour-de-france-2025\/regler-for-2025-tdf-tavlingen\/#breadcrumb","itemListElement":[{"@type":"ListItem","position":1,"name":"Home","item":"https:\/\/www.welovecycling.com\/se\/"},{"@type":"ListItem","position":2,"name":"Tour de France 2025","item":"https:\/\/www.welovecycling.com\/se\/tour-de-france-2025\/"},{"@type":"ListItem","position":3,"name":"Regler f\u00f6r \u201c2025 TDF-t\u00e4vlingen\u201d"}]},{"@type":"WebSite","@id":"https:\/\/www.welovecycling.com\/se\/#website","url":"https:\/\/www.welovecycling.com\/se\/","name":"\u0160koda - We Love Cycling - Sweden","description":"\u0160koda We Love Cycling - Sweden","potentialAction":[{"@type":"SearchAction","target":{"@type":"EntryPoint","urlTemplate":"https:\/\/www.welovecycling.com\/se\/?s={search_term_string}"},"query-input":{"@type":"PropertyValueSpecification","valueRequired":true,"valueName":"search_term_string"}}],"inLanguage":"sv-SE"}]}},"_links":{"self":[{"href":"https:\/\/www.welovecycling.com\/se\/wp-json\/wp\/v2\/pages\/5006","targetHints":{"allow":["GET"]}}],"collection":[{"href":"https:\/\/www.welovecycling.com\/se\/wp-json\/wp\/v2\/pages"}],"about":[{"href":"https:\/\/www.welovecycling.com\/se\/wp-json\/wp\/v2\/types\/page"}],"author":[{"embeddable":true,"href":"https:\/\/www.welovecycling.com\/se\/wp-json\/wp\/v2\/users\/27"}],"replies":[{"embeddable":true,"href":"https:\/\/www.welovecycling.com\/se\/wp-json\/wp\/v2\/comments?post=5006"}],"version-history":[{"count":1,"href":"https:\/\/www.welovecycling.com\/se\/wp-json\/wp\/v2\/pages\/5006\/revisions"}],"predecessor-version":[{"id":5008,"href":"https:\/\/www.welovecycling.com\/se\/wp-json\/wp\/v2\/pages\/5006\/revisions\/5008"}],"up":[{"embeddable":true,"href":"https:\/\/www.welovecycling.com\/se\/wp-json\/wp\/v2\/pages\/4999"}],"wp:attachment":[{"href":"https:\/\/www.welovecycling.com\/se\/wp-json\/wp\/v2\/media?parent=5006"}],"wp:term":[{"taxonomy":"post_tag","embeddable":true,"href":"https:\/\/www.welovecycling.com\/se\/wp-json\/wp\/v2\/tags?post=5006"}],"curies":[{"name":"wp","href":"https:\/\/api.w.org\/{rel}","templated":true}]}}