{"id":4672,"date":"2023-05-03T09:11:13","date_gmt":"2023-05-03T08:11:13","guid":{"rendered":"https:\/\/www.welovecycling.com\/se\/?page_id=4672"},"modified":"2023-05-03T09:17:30","modified_gmt":"2023-05-03T08:17:30","slug":"skoda-cycling-team-2023","status":"publish","type":"page","link":"https:\/\/www.welovecycling.com\/se\/skoda-cycling-team-2023\/","title":{"rendered":"\u0160koda Cycling Team 2023"},"content":{"rendered":"<div id=\"pl-4672\"  class=\"panel-layout\" ><div id=\"pg-4672-0\"  class=\"panel-grid panel-no-style\" ><div id=\"pgc-4672-0-0\"  class=\"panel-grid-cell\" ><div id=\"panel-4672-0-0-0\" class=\"so-panel widget widget_sow-editor panel-first-child panel-last-child\" data-index=\"0\" ><div\n\t\t\t\n\t\t\tclass=\"so-widget-sow-editor so-widget-sow-editor-base\"\n\t\t\t\n\t\t>\n<div class=\"siteorigin-widget-tinymce textwidget\">\n\t<p>H\u00e4r \u00e4r \u0160koda Cycling Team 2023, laget som ska ta sig an utmaningen att korsa hela Sverige p\u00e5 grusv\u00e4g. Teamet cyklar i par om tv\u00e5 personer med en ambassad\u00f6r och en rekryt.<\/p>\n<\/div>\n<\/div><\/div><\/div><\/div><div id=\"pg-4672-1\"  class=\"panel-grid panel-no-style\" ><div id=\"pgc-4672-1-0\"  class=\"panel-grid-cell\" ><div id=\"panel-4672-1-0-0\" class=\"so-panel widget widget_sow-image panel-first-child\" data-index=\"1\" ><div\n\t\t\t\n\t\t\tclass=\"so-widget-sow-image so-widget-sow-image-default-8b5b6f678277-4672\"\n\t\t\t\n\t\t>\n<div class=\"sow-image-container\">\n\t\t<img loading=\"lazy\" decoding=\"async\" src=\"https:\/\/d2p6e6u75xmxt8.cloudfront.net\/9\/2023\/05\/SCT_0621.webp\" width=\"1350\" height=\"1800\" srcset=\"https:\/\/d2p6e6u75xmxt8.cloudfront.net\/9\/2023\/05\/SCT_0621.webp 1350w, https:\/\/d2p6e6u75xmxt8.cloudfront.net\/9\/2023\/05\/SCT_0621-225x300.webp 225w, https:\/\/d2p6e6u75xmxt8.cloudfront.net\/9\/2023\/05\/SCT_0621-768x1024.webp 768w, https:\/\/d2p6e6u75xmxt8.cloudfront.net\/9\/2023\/05\/SCT_0621-1152x1536.webp 1152w, https:\/\/d2p6e6u75xmxt8.cloudfront.net\/9\/2023\/05\/SCT_0621-300x400.webp 300w\" sizes=\"auto, (max-width: 1350px) 100vw, 1350px\" alt=\"\" \t\tclass=\"so-widget-image\"\/>\n\t<\/div>\n\n<\/div><\/div><div id=\"panel-4672-1-0-1\" class=\"so-panel widget widget_sow-editor panel-last-child\" data-index=\"2\" ><div\n\t\t\t\n\t\t\tclass=\"so-widget-sow-editor so-widget-sow-editor-base\"\n\t\t\t\n\t\t>\n<div class=\"siteorigin-widget-tinymce textwidget\">\n\t<h3 data-pm-slice=\"1 1 []\"><strong>Mattias Hargin, 37 \u00e5r, Stockholm<br \/>\nAmbassad\u00f6r<\/strong><\/h3>\n<p>F\u00f6re detta alpin-skid\u00e5kare som har t\u00e4vlat i v\u00e4rldscupen i \u00f6ver 10 \u00e5r. Ett fysiskt fenomen med ett unikt driv. En antagen utmaning tar han p\u00e5 st\u00f6rsta allvar och kommer anpassa hela sitt liv f\u00f6r att leverera p\u00e5 topp.<\/p>\n<p><a href=\"https:\/\/www.instagram.com\/mattiashargin\/\">F\u00f6lj Mattias p\u00e5 Instagram<\/a><\/p>\n<\/div>\n<\/div><\/div><\/div><div id=\"pgc-4672-1-1\"  class=\"panel-grid-cell\" ><div id=\"panel-4672-1-1-0\" class=\"so-panel widget widget_sow-image panel-first-child\" data-index=\"3\" ><div\n\t\t\t\n\t\t\tclass=\"so-widget-sow-image so-widget-sow-image-default-8b5b6f678277-4672\"\n\t\t\t\n\t\t>\n<div class=\"sow-image-container\">\n\t\t<img loading=\"lazy\" decoding=\"async\" src=\"https:\/\/d2p6e6u75xmxt8.cloudfront.net\/9\/2023\/05\/SCT_0659.webp\" width=\"1350\" height=\"1800\" srcset=\"https:\/\/d2p6e6u75xmxt8.cloudfront.net\/9\/2023\/05\/SCT_0659.webp 1350w, https:\/\/d2p6e6u75xmxt8.cloudfront.net\/9\/2023\/05\/SCT_0659-225x300.webp 225w, https:\/\/d2p6e6u75xmxt8.cloudfront.net\/9\/2023\/05\/SCT_0659-768x1024.webp 768w, https:\/\/d2p6e6u75xmxt8.cloudfront.net\/9\/2023\/05\/SCT_0659-1152x1536.webp 1152w, https:\/\/d2p6e6u75xmxt8.cloudfront.net\/9\/2023\/05\/SCT_0659-300x400.webp 300w\" sizes=\"auto, (max-width: 1350px) 100vw, 1350px\" alt=\"\" \t\tclass=\"so-widget-image\"\/>\n\t<\/div>\n\n<\/div><\/div><div id=\"panel-4672-1-1-1\" class=\"so-panel widget widget_sow-editor panel-last-child\" data-index=\"4\" ><div\n\t\t\t\n\t\t\tclass=\"so-widget-sow-editor so-widget-sow-editor-base\"\n\t\t\t\n\t\t>\n<div class=\"siteorigin-widget-tinymce textwidget\">\n\t<h3 data-pm-slice=\"1 1 []\"><strong>Amir Ansari, 23 \u00e5r, Tierp<br \/>\nRekryt<\/strong><\/h3>\n<p>En ung elitcyklist med stora dr\u00f6mmar och ambitioner. Amir flydde fr\u00e5n Afghanistan till Sverige f\u00f6r att hitta en tryggare tillvaro och har precis f\u00e5tt bekr\u00e4ftat att han f\u00e5r stanna. Idag bor han i Tierp och har etablerat sig som en av Sveriges starkaste cyklister. Amir vill med den h\u00e4r utmaningen inspirera andra att se att allting \u00e4r m\u00f6jligt.<\/p>\n<p><a href=\"https:\/\/www.instagram.com\/amiransaricycling\/\">F\u00f6lj Amir p\u00e5 Instagram<\/a><\/p>\n<\/div>\n<\/div><\/div><\/div><\/div><div id=\"pg-4672-2\"  class=\"panel-grid panel-no-style\" ><div id=\"pgc-4672-2-0\"  class=\"panel-grid-cell\" ><div id=\"panel-4672-2-0-0\" class=\"so-panel widget widget_sow-image panel-first-child\" data-index=\"5\" ><div\n\t\t\t\n\t\t\tclass=\"so-widget-sow-image so-widget-sow-image-default-8b5b6f678277-4672\"\n\t\t\t\n\t\t>\n<div class=\"sow-image-container\">\n\t\t<img loading=\"lazy\" decoding=\"async\" src=\"https:\/\/d2p6e6u75xmxt8.cloudfront.net\/9\/2023\/05\/SCT_0642.webp\" width=\"1350\" height=\"1800\" srcset=\"https:\/\/d2p6e6u75xmxt8.cloudfront.net\/9\/2023\/05\/SCT_0642.webp 1350w, https:\/\/d2p6e6u75xmxt8.cloudfront.net\/9\/2023\/05\/SCT_0642-225x300.webp 225w, https:\/\/d2p6e6u75xmxt8.cloudfront.net\/9\/2023\/05\/SCT_0642-768x1024.webp 768w, https:\/\/d2p6e6u75xmxt8.cloudfront.net\/9\/2023\/05\/SCT_0642-1152x1536.webp 1152w, https:\/\/d2p6e6u75xmxt8.cloudfront.net\/9\/2023\/05\/SCT_0642-300x400.webp 300w\" sizes=\"auto, (max-width: 1350px) 100vw, 1350px\" alt=\"\" \t\tclass=\"so-widget-image\"\/>\n\t<\/div>\n\n<\/div><\/div><div id=\"panel-4672-2-0-1\" class=\"so-panel widget widget_sow-editor panel-last-child\" data-index=\"6\" ><div\n\t\t\t\n\t\t\tclass=\"so-widget-sow-editor so-widget-sow-editor-base\"\n\t\t\t\n\t\t>\n<div class=\"siteorigin-widget-tinymce textwidget\">\n\t<h3 data-pm-slice=\"1 1 []\"><strong>Andreas Lindh, 44 \u00e5r, Stockholm<br \/>\n<\/strong><strong>Ambassad\u00f6r<\/strong><\/h3>\n<p>En driven och erfaren cyklist, stark som individ men som alltid s\u00e4tter laget f\u00f6re jaget och g\u00f6r allt f\u00f6r att st\u00f6tta den svagaste l\u00e4nken (det kommer nog inte vara Andreas sj\u00e4lv). En rastl\u00f6s \u00e4ventyrare som klarar de m\u00e5l han s\u00e4tter upp, hur ambiti\u00f6sa de \u00e4n \u00e4r.<\/p>\n<p><a href=\"https:\/\/www.instagram.com\/andreaslindh78\/\">F\u00f6lj Andreas p\u00e5 Instagram<\/a><\/p>\n<\/div>\n<\/div><\/div><\/div><div id=\"pgc-4672-2-1\"  class=\"panel-grid-cell\" ><div id=\"panel-4672-2-1-0\" class=\"so-panel widget widget_sow-image panel-first-child\" data-index=\"7\" ><div\n\t\t\t\n\t\t\tclass=\"so-widget-sow-image so-widget-sow-image-default-8b5b6f678277-4672\"\n\t\t\t\n\t\t>\n<div class=\"sow-image-container\">\n\t\t<img loading=\"lazy\" decoding=\"async\" src=\"https:\/\/d2p6e6u75xmxt8.cloudfront.net\/9\/2023\/05\/SCT_0670.webp\" width=\"1350\" height=\"1800\" srcset=\"https:\/\/d2p6e6u75xmxt8.cloudfront.net\/9\/2023\/05\/SCT_0670.webp 1350w, https:\/\/d2p6e6u75xmxt8.cloudfront.net\/9\/2023\/05\/SCT_0670-225x300.webp 225w, https:\/\/d2p6e6u75xmxt8.cloudfront.net\/9\/2023\/05\/SCT_0670-768x1024.webp 768w, https:\/\/d2p6e6u75xmxt8.cloudfront.net\/9\/2023\/05\/SCT_0670-1152x1536.webp 1152w, https:\/\/d2p6e6u75xmxt8.cloudfront.net\/9\/2023\/05\/SCT_0670-300x400.webp 300w\" sizes=\"auto, (max-width: 1350px) 100vw, 1350px\" alt=\"\" \t\tclass=\"so-widget-image\"\/>\n\t<\/div>\n\n<\/div><\/div><div id=\"panel-4672-2-1-1\" class=\"so-panel widget widget_sow-editor panel-last-child\" data-index=\"8\" ><div\n\t\t\t\n\t\t\tclass=\"so-widget-sow-editor so-widget-sow-editor-base\"\n\t\t\t\n\t\t>\n<div class=\"siteorigin-widget-tinymce textwidget\">\n\t<h3 data-pm-slice=\"1 1 []\"><strong>Marie Rydne, 49 \u00e5r, G\u00f6teborg<br \/>\nRekryt<\/strong><\/h3>\n<p>Entrepren\u00f6r och egenf\u00f6retagare med samma driv p\u00e5 cykeln som i arbetslivet. Utmaningar \u00e4r n\u00e5got Marie brinner f\u00f6r och har tidigare cyklat landsv\u00e4g genom Sverige, men precis som alla andra, aldrig under dessa f\u00f6ruts\u00e4ttningar. Marie har inte brist p\u00e5 energi och \u00e4r inte r\u00e4dd att smutsa ner sig \u2013 t\u00e4lt ser hon som en lyx.<\/p>\n<p><a href=\"https:\/\/www.instagram.com\/cycling_mary\/\">F\u00f6lj Marie p\u00e5 Instagram<\/a><\/p>\n<\/div>\n<\/div><\/div><\/div><\/div><div id=\"pg-4672-3\"  class=\"panel-grid panel-no-style\" ><div id=\"pgc-4672-3-0\"  class=\"panel-grid-cell\" ><div id=\"panel-4672-3-0-0\" class=\"so-panel widget widget_sow-image panel-first-child\" data-index=\"9\" ><div\n\t\t\t\n\t\t\tclass=\"so-widget-sow-image so-widget-sow-image-default-8b5b6f678277-4672\"\n\t\t\t\n\t\t>\n<div class=\"sow-image-container\">\n\t\t<img loading=\"lazy\" decoding=\"async\" src=\"https:\/\/d2p6e6u75xmxt8.cloudfront.net\/9\/2023\/05\/Kajsa-2.webp\" width=\"1350\" height=\"1800\" srcset=\"https:\/\/d2p6e6u75xmxt8.cloudfront.net\/9\/2023\/05\/Kajsa-2.webp 1350w, https:\/\/d2p6e6u75xmxt8.cloudfront.net\/9\/2023\/05\/Kajsa-2-225x300.webp 225w, https:\/\/d2p6e6u75xmxt8.cloudfront.net\/9\/2023\/05\/Kajsa-2-768x1024.webp 768w, https:\/\/d2p6e6u75xmxt8.cloudfront.net\/9\/2023\/05\/Kajsa-2-1152x1536.webp 1152w, https:\/\/d2p6e6u75xmxt8.cloudfront.net\/9\/2023\/05\/Kajsa-2-300x400.webp 300w\" sizes=\"auto, (max-width: 1350px) 100vw, 1350px\" alt=\"\" \t\tclass=\"so-widget-image\"\/>\n\t<\/div>\n\n<\/div><\/div><div id=\"panel-4672-3-0-1\" class=\"so-panel widget widget_sow-editor panel-last-child\" data-index=\"10\" ><div\n\t\t\t\n\t\t\tclass=\"so-widget-sow-editor so-widget-sow-editor-base\"\n\t\t\t\n\t\t>\n<div class=\"siteorigin-widget-tinymce textwidget\">\n\t<h3 data-pm-slice=\"1 1 []\"><strong>Kajsa Larsson, 28 \u00e5r, \u00c5re<br \/>\n<\/strong><strong>Ambassad\u00f6r<\/strong><\/h3>\n<p>F\u00f6re detta elitgymnast som surfar och cyklar p\u00e5 sommaren, \u00e5ker skidor p\u00e5 vintern och har fler dagar ute i naturen \u00e4n hemma varje \u00e5r. Kajsa \u00e4r en fri, kreativ sj\u00e4l med disciplinen fr\u00e5n idrotten och ett pannben av st\u00e5l. Kajsa \u00e4r alltid ute p\u00e5 \u00e4ventyr i det fria, men det h\u00e4r \u00e4ventyret blir helt nytt.<\/p>\n<p><a href=\"https:\/\/www.instagram.com\/kajsal\/\">F\u00f6lj Kajsa p\u00e5 Instagram<\/a><\/p>\n<\/div>\n<\/div><\/div><\/div><div id=\"pgc-4672-3-1\"  class=\"panel-grid-cell\" ><div id=\"panel-4672-3-1-0\" class=\"so-panel widget widget_sow-image panel-first-child\" data-index=\"11\" ><div\n\t\t\t\n\t\t\tclass=\"so-widget-sow-image so-widget-sow-image-default-8b5b6f678277-4672\"\n\t\t\t\n\t\t>\n<div class=\"sow-image-container\">\n\t\t<img loading=\"lazy\" decoding=\"async\" src=\"https:\/\/d2p6e6u75xmxt8.cloudfront.net\/9\/2023\/05\/SCT_0685.webp\" width=\"1350\" height=\"1800\" srcset=\"https:\/\/d2p6e6u75xmxt8.cloudfront.net\/9\/2023\/05\/SCT_0685.webp 1350w, https:\/\/d2p6e6u75xmxt8.cloudfront.net\/9\/2023\/05\/SCT_0685-225x300.webp 225w, https:\/\/d2p6e6u75xmxt8.cloudfront.net\/9\/2023\/05\/SCT_0685-768x1024.webp 768w, https:\/\/d2p6e6u75xmxt8.cloudfront.net\/9\/2023\/05\/SCT_0685-1152x1536.webp 1152w, https:\/\/d2p6e6u75xmxt8.cloudfront.net\/9\/2023\/05\/SCT_0685-300x400.webp 300w\" sizes=\"auto, (max-width: 1350px) 100vw, 1350px\" alt=\"\" \t\tclass=\"so-widget-image\"\/>\n\t<\/div>\n\n<\/div><\/div><div id=\"panel-4672-3-1-1\" class=\"so-panel widget widget_sow-editor panel-last-child\" data-index=\"12\" ><div\n\t\t\t\n\t\t\tclass=\"so-widget-sow-editor so-widget-sow-editor-base\"\n\t\t\t\n\t\t>\n<div class=\"siteorigin-widget-tinymce textwidget\">\n\t<h3 data-pm-slice=\"1 1 []\"><strong>Maja Melin, 30 \u00e5r, Ume\u00e5<br \/>\nRekryt<\/strong><\/h3>\n<p>En norrl\u00e4ndsk trilling som tar livet med en klackspark, lugn som en filbunke men med en gl\u00f6dande viljestyrka som kommer fram n\u00e4r det beh\u00f6vs. Maja prioriterar idrott i alla dess former och har deltagit i en rad olika lopp. Intresset och passionen f\u00f6r cykling v\u00e4xte i takt med lite f\u00f6r m\u00e5nga l\u00f6parskador. Maja ger aldrig upp och har aldrig brutit ihop. Nu ska hon ta sig an sitt livs st\u00f6rsta fysiska och mentala \u00e4ventyr.<\/p>\n<p><a href=\"https:\/\/www.instagram.com\/melinmaja\/\">F\u00f6lj Maja p\u00e5 Instagram<\/a><\/p>\n<\/div>\n<\/div><\/div><\/div><\/div><\/div>","protected":false},"excerpt":{"rendered":"<p>H\u00e4r \u00e4r \u0160koda Cycling Team 2023, laget som ska ta sig an utmaningen att korsa hela Sverige p\u00e5 grusv\u00e4g. Teamet [&hellip;]<\/p>\n","protected":false},"author":52,"featured_media":0,"parent":0,"menu_order":0,"comment_status":"closed","ping_status":"closed","template":"","meta":{"footnotes":""},"tags":[],"class_list":["post-4672","page","type-page","status-publish","hentry"],"yoast_head":"<!-- This site is optimized with the Yoast SEO Premium plugin v25.3 (Yoast SEO v25.9) - https:\/\/yoast.com\/wordpress\/plugins\/seo\/ -->\n<title>\u0160koda Cycling Team 2023 - \u0160koda - We Love Cycling - Sweden<\/title>\n<meta name=\"robots\" content=\"index, follow, max-snippet:-1, max-image-preview:large, max-video-preview:-1\" \/>\n<link rel=\"canonical\" href=\"https:\/\/www.welovecycling.com\/se\/skoda-cycling-team-2023\/\" \/>\n<meta property=\"og:locale\" content=\"sv_SE\" \/>\n<meta property=\"og:type\" content=\"article\" \/>\n<meta property=\"og:title\" content=\"\u0160koda Cycling Team 2023\" \/>\n<meta property=\"og:description\" content=\"H\u00e4r \u00e4r \u0160koda Cycling Team 2023, laget som ska ta sig an utmaningen att korsa hela Sverige p\u00e5 grusv\u00e4g. Teamet [&hellip;]\" \/>\n<meta property=\"og:url\" content=\"https:\/\/www.welovecycling.com\/se\/skoda-cycling-team-2023\/\" \/>\n<meta property=\"og:site_name\" content=\"\u0160koda - We Love Cycling - Sweden\" \/>\n<meta property=\"article:modified_time\" content=\"2023-05-03T08:17:30+00:00\" \/>\n<meta name=\"twitter:card\" content=\"summary_large_image\" \/>\n<meta name=\"twitter:label1\" content=\"Est. reading time\" \/>\n\t<meta name=\"twitter:data1\" content=\"3 minutes\" \/>\n<script type=\"application\/ld+json\" class=\"yoast-schema-graph\">{\"@context\":\"https:\/\/schema.org\",\"@graph\":[{\"@type\":\"WebPage\",\"@id\":\"https:\/\/www.welovecycling.com\/se\/skoda-cycling-team-2023\/\",\"url\":\"https:\/\/www.welovecycling.com\/se\/skoda-cycling-team-2023\/\",\"name\":\"\u0160koda Cycling Team 2023 - \u0160koda - We Love Cycling - Sweden\",\"isPartOf\":{\"@id\":\"https:\/\/www.welovecycling.com\/se\/#website\"},\"datePublished\":\"2023-05-03T08:11:13+00:00\",\"dateModified\":\"2023-05-03T08:17:30+00:00\",\"breadcrumb\":{\"@id\":\"https:\/\/www.welovecycling.com\/se\/skoda-cycling-team-2023\/#breadcrumb\"},\"inLanguage\":\"sv-SE\",\"potentialAction\":[{\"@type\":\"ReadAction\",\"target\":[\"https:\/\/www.welovecycling.com\/se\/skoda-cycling-team-2023\/\"]}]},{\"@type\":\"BreadcrumbList\",\"@id\":\"https:\/\/www.welovecycling.com\/se\/skoda-cycling-team-2023\/#breadcrumb\",\"itemListElement\":[{\"@type\":\"ListItem\",\"position\":1,\"name\":\"Home\",\"item\":\"https:\/\/www.welovecycling.com\/se\/\"},{\"@type\":\"ListItem\",\"position\":2,\"name\":\"\u0160koda Cycling Team 2023\"}]},{\"@type\":\"WebSite\",\"@id\":\"https:\/\/www.welovecycling.com\/se\/#website\",\"url\":\"https:\/\/www.welovecycling.com\/se\/\",\"name\":\"\u0160koda - We Love Cycling - Sweden\",\"description\":\"\u0160koda We Love Cycling - Sweden\",\"potentialAction\":[{\"@type\":\"SearchAction\",\"target\":{\"@type\":\"EntryPoint\",\"urlTemplate\":\"https:\/\/www.welovecycling.com\/se\/?s={search_term_string}\"},\"query-input\":{\"@type\":\"PropertyValueSpecification\",\"valueRequired\":true,\"valueName\":\"search_term_string\"}}],\"inLanguage\":\"sv-SE\"}]}<\/script>\n<!-- \/ Yoast SEO Premium plugin. -->","yoast_head_json":{"title":"\u0160koda Cycling Team 2023 - \u0160koda - We Love Cycling - Sweden","robots":{"index":"index","follow":"follow","max-snippet":"max-snippet:-1","max-image-preview":"max-image-preview:large","max-video-preview":"max-video-preview:-1"},"canonical":"https:\/\/www.welovecycling.com\/se\/skoda-cycling-team-2023\/","og_locale":"sv_SE","og_type":"article","og_title":"\u0160koda Cycling Team 2023","og_description":"H\u00e4r \u00e4r \u0160koda Cycling Team 2023, laget som ska ta sig an utmaningen att korsa hela Sverige p\u00e5 grusv\u00e4g. Teamet [&hellip;]","og_url":"https:\/\/www.welovecycling.com\/se\/skoda-cycling-team-2023\/","og_site_name":"\u0160koda - We Love Cycling - Sweden","article_modified_time":"2023-05-03T08:17:30+00:00","twitter_card":"summary_large_image","twitter_misc":{"Est. reading time":"3 minutes"},"schema":{"@context":"https:\/\/schema.org","@graph":[{"@type":"WebPage","@id":"https:\/\/www.welovecycling.com\/se\/skoda-cycling-team-2023\/","url":"https:\/\/www.welovecycling.com\/se\/skoda-cycling-team-2023\/","name":"\u0160koda Cycling Team 2023 - \u0160koda - We Love Cycling - Sweden","isPartOf":{"@id":"https:\/\/www.welovecycling.com\/se\/#website"},"datePublished":"2023-05-03T08:11:13+00:00","dateModified":"2023-05-03T08:17:30+00:00","breadcrumb":{"@id":"https:\/\/www.welovecycling.com\/se\/skoda-cycling-team-2023\/#breadcrumb"},"inLanguage":"sv-SE","potentialAction":[{"@type":"ReadAction","target":["https:\/\/www.welovecycling.com\/se\/skoda-cycling-team-2023\/"]}]},{"@type":"BreadcrumbList","@id":"https:\/\/www.welovecycling.com\/se\/skoda-cycling-team-2023\/#breadcrumb","itemListElement":[{"@type":"ListItem","position":1,"name":"Home","item":"https:\/\/www.welovecycling.com\/se\/"},{"@type":"ListItem","position":2,"name":"\u0160koda Cycling Team 2023"}]},{"@type":"WebSite","@id":"https:\/\/www.welovecycling.com\/se\/#website","url":"https:\/\/www.welovecycling.com\/se\/","name":"\u0160koda - We Love Cycling - Sweden","description":"\u0160koda We Love Cycling - Sweden","potentialAction":[{"@type":"SearchAction","target":{"@type":"EntryPoint","urlTemplate":"https:\/\/www.welovecycling.com\/se\/?s={search_term_string}"},"query-input":{"@type":"PropertyValueSpecification","valueRequired":true,"valueName":"search_term_string"}}],"inLanguage":"sv-SE"}]}},"_links":{"self":[{"href":"https:\/\/www.welovecycling.com\/se\/wp-json\/wp\/v2\/pages\/4672","targetHints":{"allow":["GET"]}}],"collection":[{"href":"https:\/\/www.welovecycling.com\/se\/wp-json\/wp\/v2\/pages"}],"about":[{"href":"https:\/\/www.welovecycling.com\/se\/wp-json\/wp\/v2\/types\/page"}],"author":[{"embeddable":true,"href":"https:\/\/www.welovecycling.com\/se\/wp-json\/wp\/v2\/users\/52"}],"replies":[{"embeddable":true,"href":"https:\/\/www.welovecycling.com\/se\/wp-json\/wp\/v2\/comments?post=4672"}],"version-history":[{"count":27,"href":"https:\/\/www.welovecycling.com\/se\/wp-json\/wp\/v2\/pages\/4672\/revisions"}],"predecessor-version":[{"id":4708,"href":"https:\/\/www.welovecycling.com\/se\/wp-json\/wp\/v2\/pages\/4672\/revisions\/4708"}],"wp:attachment":[{"href":"https:\/\/www.welovecycling.com\/se\/wp-json\/wp\/v2\/media?parent=4672"}],"wp:term":[{"taxonomy":"post_tag","embeddable":true,"href":"https:\/\/www.welovecycling.com\/se\/wp-json\/wp\/v2\/tags?post=4672"}],"curies":[{"name":"wp","href":"https:\/\/api.w.org\/{rel}","templated":true}]}}