{"id":3384,"date":"2021-03-18T11:08:19","date_gmt":"2021-03-18T10:08:19","guid":{"rendered":"https:\/\/www.welovecycling.com\/se\/?page_id=3384"},"modified":"2024-09-27T16:38:02","modified_gmt":"2024-09-27T15:38:02","slug":"ansokan_steg2","status":"publish","type":"page","link":"https:\/\/www.welovecycling.com\/se\/ansokan_steg2\/","title":{"rendered":"Tack! Nu beh\u00f6ver vi veta lite mer om dig"},"content":{"rendered":"<h2><strong>N\u00e4sta steg<\/strong><\/h2>\n<h3><strong>Viktigt! Fyll i dina uppgifter <a href=\"https:\/\/forms.gle\/aneoEuofwibAoE2N7\">h\u00e4r f\u00f6r en fullst\u00e4ndig ans\u00f6kan<\/a><\/strong><br \/>\nN\u00e4sta steg i ans\u00f6kan \u00e4r att vi beh\u00f6ver veta lite mer om dig \u2013 och d\u00e4rf\u00f6r ber vi dig att fylla i ans\u00f6kningsformul\u00e4ret h\u00e4r:\u00a0<a href=\"https:\/\/forms.gle\/aneoEuofwibAoE2N7\" target=\"_blank\" rel=\"noopener\">skoda.se\/ansokan2025<\/a><\/h3>\n<h2><strong>S\u00e5 g\u00e5r ans\u00f6kan till<\/strong><\/h2>\n<p><strong>Vad h\u00e4nder sedan?<\/strong><br \/>\nEfter att du fyllt i alla uppgifter i formul\u00e4ret p\u00e5 <a href=\"https:\/\/forms.gle\/aneoEuofwibAoE2N7\" target=\"_blank\" rel=\"noopener\">skoda.se\/ansokan2025<\/a> g\u00e5r vi igenom alla ans\u00f6kningar och g\u00f6r v\u00e5rt urval genom att l\u00e4sa era motiveringar och formul\u00e4rsvar. <span style=\"font-weight: 400;\">Vi letar inte bara efter starka och motiverade cyklister som har vad som kr\u00e4vs f\u00f6r utmaningen, men som ocks\u00e5 s\u00e4tter laget fr\u00e4mst och bidrar till varandras upplevelse under v\u00e4gen.<\/span><\/p>\n<p><strong>Vad inneb\u00e4r det att cykla med er?<\/strong><br \/>\n<span style=\"font-weight: 400;\">\u0160koda Cycling Team kommer att cykla ett av cykelv\u00e4rldens mest speciella och kr\u00e4vande lopp. Ett lopp bel\u00e4get mellan de vackra Atlasbergen och Sahara-\u00f6knen i Marocko. H\u00e4r har cyklister k\u00e4mpat mot sand och v\u00e4rme sedan 2006. \u00a0T\u00e4vlingen \u00e4r indelad i sex etapper med ett snittl\u00e4ngd p\u00e5 100 km vardera. Gemensamt f\u00f6r etapperna \u00e4r att de bjuder p\u00e5 en mix av sanddyner och kr\u00e4vande bergsterr\u00e4ng med kl\u00e4ttringar. Loppet p\u00e5g\u00e5r mellan den 1 och 6 maj 2024. Vi rekryterar 6 cyklister till detta \u00e4ventyr. L\u00f6ftet vi ger dig de b\u00e4sta f\u00f6ruts\u00e4ttningarna f\u00f6r att lyckas!\u00a0<\/span><\/p>\n<p><strong>Varf\u00f6r g\u00f6r \u0160koda det h\u00e4r?<\/strong><br \/>\n<span style=\"font-weight: 400;\">Vi p\u00e5 \u0160koda \u00e4lskar cykling och har sponsrat sporten i mer \u00e4n ett decennium. I Sverige har vi varit huvudsponsor till V\u00e4tternrundan i \u00f6ver 10 \u00e5r och internationellt \u00e4r vi huvudsponsorer till Tour de France och La Vuelta a Espa\u00f1a. Och faktum \u00e4r att v\u00e5r historia b\u00f6rjar med en cykel. V\u00e5ra grundare Vaclav Laurin och Vaclav Klement tillverkade sin f\u00f6rsta cykel i hemstaden Mlada Boleslav i Tjeckien 1895. P\u00e5 samma adress ligger fortfarande huvudkontoret. V\u00e5r id\u00e9 med \u0160koda Cycling Team \u00e4r att f\u00f6rverkliga vanliga cyklisters dr\u00f6mmar. Sen 2014 har vi rekryterat amat\u00f6rcyklister fr\u00e5n hela landet i alla \u00e5ldrar och med alla bakgrunder och gett dom de b\u00e4sta f\u00f6ruts\u00e4ttningarna att utvecklas och \u00e4lska sin sport \u00e4nnu mer. <\/span><\/p>\n<p><strong>Vad kr\u00e4vs av mig?<\/strong><br \/>\n<span style=\"font-weight: 400;\">Du ska vara tillr\u00e4ckligt motiverad f\u00f6r uppgiften, vara i god fysisk form samt erfaren av att cykla i terr\u00e4ng. Du ska vidare ha m\u00f6jligheten att vara borta fr\u00e5n familj och jobb i upp till 6 dagar med start den 1 maj 2025. Slutligen beh\u00f6ver du vara ok med att vi filmar och fotograferar dig.<\/span><\/p>\n<p><strong>N\u00e4r f\u00e5r jag besked?<\/strong><br \/>\n<span style=\"font-weight: 400;\">Vi st\u00e4nger rekryteringen den 20 oktober och ger sedan besked p\u00e5 <a href=\"http:\/\/www.welovecycling.se\">Welovecycling.se<\/a> den 6 november 2024. V\u00e4nligen observera att vi tar emot m\u00e5nga ans\u00f6kningar och har d\u00e4rf\u00f6r <strong>begr\u00e4nsad m\u00f6jlighet att svara p\u00e5 fr\u00e5gor via e-post och telefon<\/strong>. Vi ber d\u00e4rf\u00f6r om \u00f6verseende med l\u00e5nga svarstider.<\/span><\/p>\n<p>Stort tack f\u00f6r din ans\u00f6kan!<\/p>\n","protected":false},"excerpt":{"rendered":"<p>N\u00e4sta steg Viktigt! Fyll i dina uppgifter h\u00e4r f\u00f6r en fullst\u00e4ndig ans\u00f6kan N\u00e4sta steg i ans\u00f6kan \u00e4r att vi beh\u00f6ver [&hellip;]<\/p>\n","protected":false},"author":52,"featured_media":0,"parent":0,"menu_order":0,"comment_status":"closed","ping_status":"closed","template":"","meta":{"footnotes":""},"tags":[],"class_list":["post-3384","page","type-page","status-publish","hentry"],"yoast_head":"<!-- This site is optimized with the Yoast SEO Premium plugin v25.3 (Yoast SEO v25.9) - https:\/\/yoast.com\/wordpress\/plugins\/seo\/ -->\n<title>Tack! Nu beh\u00f6ver vi veta lite mer om dig - \u0160koda - We Love Cycling - Sweden<\/title>\n<meta name=\"robots\" content=\"index, follow, max-snippet:-1, max-image-preview:large, max-video-preview:-1\" \/>\n<link rel=\"canonical\" href=\"https:\/\/www.welovecycling.com\/se\/ansokan_steg2\/\" \/>\n<meta property=\"og:locale\" content=\"sv_SE\" \/>\n<meta property=\"og:type\" content=\"article\" \/>\n<meta property=\"og:title\" content=\"Tack! Nu beh\u00f6ver vi veta lite mer om dig\" \/>\n<meta property=\"og:description\" content=\"N\u00e4sta steg Viktigt! Fyll i dina uppgifter h\u00e4r f\u00f6r en fullst\u00e4ndig ans\u00f6kan N\u00e4sta steg i ans\u00f6kan \u00e4r att vi beh\u00f6ver [&hellip;]\" \/>\n<meta property=\"og:url\" content=\"https:\/\/www.welovecycling.com\/se\/ansokan_steg2\/\" \/>\n<meta property=\"og:site_name\" content=\"\u0160koda - We Love Cycling - Sweden\" \/>\n<meta property=\"article:modified_time\" content=\"2024-09-27T15:38:02+00:00\" \/>\n<meta name=\"twitter:card\" content=\"summary_large_image\" \/>\n<meta name=\"twitter:label1\" content=\"Est. reading time\" \/>\n\t<meta name=\"twitter:data1\" content=\"3 minutes\" \/>\n<script type=\"application\/ld+json\" class=\"yoast-schema-graph\">{\"@context\":\"https:\/\/schema.org\",\"@graph\":[{\"@type\":\"WebPage\",\"@id\":\"https:\/\/www.welovecycling.com\/se\/ansokan_steg2\/\",\"url\":\"https:\/\/www.welovecycling.com\/se\/ansokan_steg2\/\",\"name\":\"Tack! Nu beh\u00f6ver vi veta lite mer om dig - \u0160koda - We Love Cycling - Sweden\",\"isPartOf\":{\"@id\":\"https:\/\/www.welovecycling.com\/se\/#website\"},\"datePublished\":\"2021-03-18T10:08:19+00:00\",\"dateModified\":\"2024-09-27T15:38:02+00:00\",\"breadcrumb\":{\"@id\":\"https:\/\/www.welovecycling.com\/se\/ansokan_steg2\/#breadcrumb\"},\"inLanguage\":\"sv-SE\",\"potentialAction\":[{\"@type\":\"ReadAction\",\"target\":[\"https:\/\/www.welovecycling.com\/se\/ansokan_steg2\/\"]}]},{\"@type\":\"BreadcrumbList\",\"@id\":\"https:\/\/www.welovecycling.com\/se\/ansokan_steg2\/#breadcrumb\",\"itemListElement\":[{\"@type\":\"ListItem\",\"position\":1,\"name\":\"Home\",\"item\":\"https:\/\/www.welovecycling.com\/se\/\"},{\"@type\":\"ListItem\",\"position\":2,\"name\":\"Tack! Nu beh\u00f6ver vi veta lite mer om dig\"}]},{\"@type\":\"WebSite\",\"@id\":\"https:\/\/www.welovecycling.com\/se\/#website\",\"url\":\"https:\/\/www.welovecycling.com\/se\/\",\"name\":\"\u0160koda - We Love Cycling - Sweden\",\"description\":\"\u0160koda We Love Cycling - Sweden\",\"potentialAction\":[{\"@type\":\"SearchAction\",\"target\":{\"@type\":\"EntryPoint\",\"urlTemplate\":\"https:\/\/www.welovecycling.com\/se\/?s={search_term_string}\"},\"query-input\":{\"@type\":\"PropertyValueSpecification\",\"valueRequired\":true,\"valueName\":\"search_term_string\"}}],\"inLanguage\":\"sv-SE\"}]}<\/script>\n<!-- \/ Yoast SEO Premium plugin. -->","yoast_head_json":{"title":"Tack! Nu beh\u00f6ver vi veta lite mer om dig - \u0160koda - We Love Cycling - Sweden","robots":{"index":"index","follow":"follow","max-snippet":"max-snippet:-1","max-image-preview":"max-image-preview:large","max-video-preview":"max-video-preview:-1"},"canonical":"https:\/\/www.welovecycling.com\/se\/ansokan_steg2\/","og_locale":"sv_SE","og_type":"article","og_title":"Tack! Nu beh\u00f6ver vi veta lite mer om dig","og_description":"N\u00e4sta steg Viktigt! Fyll i dina uppgifter h\u00e4r f\u00f6r en fullst\u00e4ndig ans\u00f6kan N\u00e4sta steg i ans\u00f6kan \u00e4r att vi beh\u00f6ver [&hellip;]","og_url":"https:\/\/www.welovecycling.com\/se\/ansokan_steg2\/","og_site_name":"\u0160koda - We Love Cycling - Sweden","article_modified_time":"2024-09-27T15:38:02+00:00","twitter_card":"summary_large_image","twitter_misc":{"Est. reading time":"3 minutes"},"schema":{"@context":"https:\/\/schema.org","@graph":[{"@type":"WebPage","@id":"https:\/\/www.welovecycling.com\/se\/ansokan_steg2\/","url":"https:\/\/www.welovecycling.com\/se\/ansokan_steg2\/","name":"Tack! Nu beh\u00f6ver vi veta lite mer om dig - \u0160koda - We Love Cycling - Sweden","isPartOf":{"@id":"https:\/\/www.welovecycling.com\/se\/#website"},"datePublished":"2021-03-18T10:08:19+00:00","dateModified":"2024-09-27T15:38:02+00:00","breadcrumb":{"@id":"https:\/\/www.welovecycling.com\/se\/ansokan_steg2\/#breadcrumb"},"inLanguage":"sv-SE","potentialAction":[{"@type":"ReadAction","target":["https:\/\/www.welovecycling.com\/se\/ansokan_steg2\/"]}]},{"@type":"BreadcrumbList","@id":"https:\/\/www.welovecycling.com\/se\/ansokan_steg2\/#breadcrumb","itemListElement":[{"@type":"ListItem","position":1,"name":"Home","item":"https:\/\/www.welovecycling.com\/se\/"},{"@type":"ListItem","position":2,"name":"Tack! Nu beh\u00f6ver vi veta lite mer om dig"}]},{"@type":"WebSite","@id":"https:\/\/www.welovecycling.com\/se\/#website","url":"https:\/\/www.welovecycling.com\/se\/","name":"\u0160koda - We Love Cycling - Sweden","description":"\u0160koda We Love Cycling - Sweden","potentialAction":[{"@type":"SearchAction","target":{"@type":"EntryPoint","urlTemplate":"https:\/\/www.welovecycling.com\/se\/?s={search_term_string}"},"query-input":{"@type":"PropertyValueSpecification","valueRequired":true,"valueName":"search_term_string"}}],"inLanguage":"sv-SE"}]}},"_links":{"self":[{"href":"https:\/\/www.welovecycling.com\/se\/wp-json\/wp\/v2\/pages\/3384","targetHints":{"allow":["GET"]}}],"collection":[{"href":"https:\/\/www.welovecycling.com\/se\/wp-json\/wp\/v2\/pages"}],"about":[{"href":"https:\/\/www.welovecycling.com\/se\/wp-json\/wp\/v2\/types\/page"}],"author":[{"embeddable":true,"href":"https:\/\/www.welovecycling.com\/se\/wp-json\/wp\/v2\/users\/52"}],"replies":[{"embeddable":true,"href":"https:\/\/www.welovecycling.com\/se\/wp-json\/wp\/v2\/comments?post=3384"}],"version-history":[{"count":4,"href":"https:\/\/www.welovecycling.com\/se\/wp-json\/wp\/v2\/pages\/3384\/revisions"}],"predecessor-version":[{"id":4948,"href":"https:\/\/www.welovecycling.com\/se\/wp-json\/wp\/v2\/pages\/3384\/revisions\/4948"}],"wp:attachment":[{"href":"https:\/\/www.welovecycling.com\/se\/wp-json\/wp\/v2\/media?parent=3384"}],"wp:term":[{"taxonomy":"post_tag","embeddable":true,"href":"https:\/\/www.welovecycling.com\/se\/wp-json\/wp\/v2\/tags?post=3384"}],"curies":[{"name":"wp","href":"https:\/\/api.w.org\/{rel}","templated":true}]}}