{"id":3283,"date":"2021-03-01T10:38:37","date_gmt":"2021-03-01T09:38:37","guid":{"rendered":"https:\/\/www.welovecycling.com\/se\/?page_id=3283"},"modified":"2021-03-25T12:33:21","modified_gmt":"2021-03-25T11:33:21","slug":"adelina-millberg","status":"publish","type":"page","link":"https:\/\/www.welovecycling.com\/se\/skoda-cycling-team\/skoda-cycling-team-2022\/adelina-millberg\/","title":{"rendered":"Adelina Millberg"},"content":{"rendered":"<div id=\"pl-3283\"  class=\"panel-layout\" ><div id=\"pg-3283-0\"  class=\"panel-grid panel-no-style\" ><div id=\"pgc-3283-0-0\"  class=\"panel-grid-cell panel-grid-cell-empty\" ><\/div><\/div><div id=\"pg-3283-1\"  class=\"panel-grid panel-no-style\" ><div id=\"pgc-3283-1-0\"  class=\"panel-grid-cell\" ><div id=\"panel-3283-1-0-0\" class=\"so-panel widget widget_sow-editor panel-first-child panel-last-child\" data-index=\"0\" ><div\n\t\t\t\n\t\t\tclass=\"so-widget-sow-editor so-widget-sow-editor-base\"\n\t\t\t\n\t\t>\n<div class=\"siteorigin-widget-tinymce textwidget\">\n\t<p><a href=\"https:\/\/d2p6e6u75xmxt8.cloudfront.net\/9\/2021\/03\/adelina_webb.jpg\"><img loading=\"lazy\" decoding=\"async\" class=\"alignnone size-full wp-image-3285\" src=\"https:\/\/d2p6e6u75xmxt8.cloudfront.net\/9\/2021\/03\/adelina_webb.jpg\" alt=\"\" width=\"530\" height=\"639\" srcset=\"https:\/\/d2p6e6u75xmxt8.cloudfront.net\/9\/2021\/03\/adelina_webb.jpg 530w, https:\/\/d2p6e6u75xmxt8.cloudfront.net\/9\/2021\/03\/adelina_webb-249x300.jpg 249w\" sizes=\"auto, (max-width: 530px) 100vw, 530px\" \/><\/a><\/p>\n<\/div>\n<\/div><\/div><\/div><div id=\"pgc-3283-1-1\"  class=\"panel-grid-cell\" ><div id=\"panel-3283-1-1-0\" class=\"so-panel widget widget_sow-editor panel-first-child panel-last-child\" data-index=\"1\" ><div\n\t\t\t\n\t\t\tclass=\"so-widget-sow-editor so-widget-sow-editor-base\"\n\t\t\t\n\t\t>\n<div class=\"siteorigin-widget-tinymce textwidget\">\n\t<p><strong>Namn: <\/strong>Adelina Millberg<br \/>\n<strong>Instagram:\u00a0<\/strong><a href=\"https:\/\/www.instagram.com\/adelinaamillberg\/\" target=\"_blank\" rel=\"noopener\">adelinamillberg<\/a><br \/>\n<strong>\u00c5lder: <\/strong>24 \u00e5r<br \/>\n<strong>L\u00e4ngd:\u00a0<\/strong>168 cm<br \/>\n<strong>Bor:\u00a0<\/strong>Link\u00f6ping<br \/>\n<strong>Familj:\u00a0<\/strong>Sambon Erik<br \/>\n<strong>Yrke:\u00a0<\/strong>Biomedicinsk analytiker inom klinisk fysiologi<br \/>\n<strong>Vad jag borde jobba med:\u00a0<\/strong>Det jag g\u00f6r.<br \/>\n<strong>B\u00f6rjade cykla \u00e5r:\u00a0<\/strong>2017<br \/>\n<strong>\u00d6vriga intressen: <\/strong>Padel och l\u00e4ngdskid\u00e5kning<br \/>\n<strong>Inspireras av: <\/strong>Gl\u00e4djespridare<\/p>\n<p><strong>Varf\u00f6r s\u00f6kte du till SKODA Cycling Team?\u00a0<\/strong>Jag blev <a href=\"https:\/\/www.welovecycling.com\/se\/2021\/02\/09\/adelina-millberg-ar-arets-hjalpryttare-2021\/\">nominerad till \u00c5rets hj\u00e4lpryttare och \"vann\" platsen d\u00e4rigenom<\/a>. Men att ing\u00e5 i laget har alltid varit en liten dr\u00f6m.<\/p>\n<p><strong>Vad betyder cyklingen f\u00f6<\/strong><strong>r dig?<\/strong> Tr\u00e4ning, socialt umg\u00e4nge och massa gl\u00e4dje. \u00c4lskar k\u00e4nslan att f\u00e5 komma ut och trampa, k\u00e4nna vinden i h\u00e5ret och friheten p\u00e5 v\u00e4garna. Att cykla g\u00f6r livet roligare helt enkel.<strong>\u00a0<\/strong><\/p>\n<p><strong>Vilket \u00e4r ditt f\u00f6rsta intryck av din fadder\/ambassad\u00f6<\/strong><strong>r <a href=\"https:\/\/www.welovecycling.com\/se\/skoda-cycling-team\/skoda-cycling-team-2021\/johanna-palmqvist\/\">Johanna<\/a>? <\/strong>F\u00f6rsta g\u00e5ngen jag s\u00e5g Johanna var p\u00e5 en onsdagscykling med CK Hymer \u00e5r 2018. Jag minns att jag tyckte hon s\u00e5g riktigt cool ut.<span style=\"text-decoration: line-through;\"><br \/>\n<\/span><\/p>\n<p><strong>Vilken roll brukar du fylla i ett lag? <\/strong>Min roll brukar nog vara att ha koll p\u00e5 att alla h\u00e4nger med och m\u00e5r bra. Men \u00e4ven att ge pepp, om jag inte \u00e4r alltf\u00f6r tr\u00f6tt.<\/p>\n<p><strong>Vilket \u00e4r ditt starkaste minne p\u00e5 cykeln?\u00a0<\/strong>N\u00e4r vi precis hade flyttat fr\u00e5n Sm\u00e5land till \u00d6sterg\u00f6tland och cyklade f\u00f6rsta rundan h\u00e4r. Minns hur otroligt fin jag tyckte sl\u00e4tten var, och speciellt n\u00e4r rapsen har blommat ut. Wow!<strong>\u00a0<\/strong><\/p>\n<p><strong>Var dr\u00f6mmer du om att cykla n\u00e4r pandemin \u00e4r \u00f6<\/strong><strong>ver?<\/strong><strong>\u00a0<\/strong>P\u00e5 Mallorca med Erik.<\/p>\n<p><strong>Vilka \u00e4r dina styrkor som cyklist?\u00a0<\/strong>Mina styrkor \u00e4r att jag \u00e4r envis och g\u00e4rna inte ger upp i f\u00f6rsta taget.<br \/>\n<strong>...och svagheter?\u00a0<\/strong>Blir l\u00e4tt v\u00e4ldigt sur p\u00e5 mig sj\u00e4lv n\u00e4r ett tr\u00e4ningspass inte g\u00e5r bra.<strong>\u00a0<\/strong><\/p>\n<p><strong>Tr\u00e4ningspass du l\u00e4ngtar till? <\/strong>L\u00e5nga helgturer med mycket gott fika!<br \/>\n<strong>...och pass du g\u00e4rna skjuter p\u00e5<\/strong><strong>?<\/strong> Helst inga.<strong><br \/>\n<\/strong><\/p>\n<p><strong>Hur f\u00f6rbereder du dig mentalt inf\u00f6r V\u00e4tternrundan?\u00a0<\/strong>Mentalt f\u00f6rbereder jag mig att g\u00e5 igenom allt noga l\u00e5ngt innan loppet. \u00c4r ett kontrollfreak, har jag koll p\u00e5 l\u00e4get brukar jag k\u00e4nna mig ganska lugn.<\/p>\n<p><strong>St\u00f6rsta r\u00e4dsla inf\u00f6r loppet?\u00a0<\/strong> Att beh\u00f6va bryta, det hade varit hemskt!<\/p>\n<p><strong>Hur beter du dig n\u00e4r du g\u00e5r in i v\u00e4<\/strong><strong>ggen?<\/strong> K\u00e4nner min kropp v\u00e4l s\u00e5 har alltid varit v\u00e4ldigt noga med att fylla p\u00e5 med energi, \u00e4ven vid tuffa pass. D\u00e4rav g\u00e5r jag n\u00e4stan aldrig in i v\u00e4ggen.<\/p>\n<p><strong>Hur firar du efter m\u00e5lg\u00e5<\/strong><strong>ng?<\/strong> Med mina lagkamrater s\u00e5klart.<\/p>\n<p><strong>Zwift eller vintercykling ute? <\/strong>Zwift<br \/>\n<strong>Morgon eller kv\u00e4<\/strong><strong>llspass?<\/strong> Kv\u00e4llspass<strong><span style=\"text-decoration: line-through;\"><br \/>\n<\/span><\/strong><strong>Vo2 eller tr\u00f6skelintervaller? <\/strong>Tr\u00f6skelintervaller<strong><br \/>\n<\/strong><strong>Tr\u00e4na p\u00e5 k\u00e4nsla eller data? <\/strong>Data<strong><br \/>\n<\/strong><strong>Fika under eller efter passet? <\/strong>G\u00e4rna b\u00e5da<strong><br \/>\n<\/strong><strong>Banan eller energibar i ryggfickan? <\/strong>Energibar<strong><span style=\"text-decoration: line-through;\"><br \/>\n<\/span><\/strong><strong>Touren eller Vueltan? <\/strong>Touren<strong><br \/>\n<\/strong><strong>Spurtare eller hj\u00e4lpryttare?\u00a0<\/strong>Hj\u00e4lpryttare<\/p>\n<\/div>\n<\/div><\/div><\/div><\/div><div id=\"pg-3283-2\"  class=\"panel-grid panel-no-style\" ><div id=\"pgc-3283-2-0\"  class=\"panel-grid-cell panel-grid-cell-empty\" ><\/div><\/div><\/div>","protected":false},"excerpt":{"rendered":"<p>Namn: Adelina Millberg Instagram:\u00a0adelinamillberg \u00c5lder: 24 \u00e5r L\u00e4ngd:\u00a0168 cm Bor:\u00a0Link\u00f6ping Familj:\u00a0Sambon Erik Yrke:\u00a0Biomedicinsk analytiker inom klinisk fysiologi Vad jag borde [&hellip;]<\/p>\n","protected":false},"author":135,"featured_media":0,"parent":3121,"menu_order":0,"comment_status":"closed","ping_status":"closed","template":"","meta":{"footnotes":""},"tags":[],"class_list":["post-3283","page","type-page","status-publish","hentry"],"yoast_head":"<!-- This site is optimized with the Yoast SEO Premium plugin v25.3 (Yoast SEO v25.9) - https:\/\/yoast.com\/wordpress\/plugins\/seo\/ -->\n<title>Adelina Millberg - \u0160koda - We Love Cycling - Sweden<\/title>\n<meta name=\"robots\" content=\"index, follow, max-snippet:-1, max-image-preview:large, max-video-preview:-1\" \/>\n<link rel=\"canonical\" href=\"https:\/\/www.welovecycling.com\/se\/skoda-cycling-team\/skoda-cycling-team-2022\/adelina-millberg\/\" \/>\n<meta property=\"og:locale\" content=\"sv_SE\" \/>\n<meta property=\"og:type\" content=\"article\" \/>\n<meta property=\"og:title\" content=\"Adelina Millberg\" \/>\n<meta property=\"og:description\" content=\"Namn: Adelina Millberg Instagram:\u00a0adelinamillberg \u00c5lder: 24 \u00e5r L\u00e4ngd:\u00a0168 cm Bor:\u00a0Link\u00f6ping Familj:\u00a0Sambon Erik Yrke:\u00a0Biomedicinsk analytiker inom klinisk fysiologi Vad jag borde [&hellip;]\" \/>\n<meta property=\"og:url\" content=\"https:\/\/www.welovecycling.com\/se\/skoda-cycling-team\/skoda-cycling-team-2022\/adelina-millberg\/\" \/>\n<meta property=\"og:site_name\" content=\"\u0160koda - We Love Cycling - Sweden\" \/>\n<meta property=\"article:modified_time\" content=\"2021-03-25T11:33:21+00:00\" \/>\n<meta property=\"og:image\" content=\"https:\/\/d2p6e6u75xmxt8.cloudfront.net\/9\/2021\/03\/adelina_webb.jpg\" \/>\n<meta name=\"twitter:card\" content=\"summary_large_image\" \/>\n<meta name=\"twitter:label1\" content=\"Est. reading time\" \/>\n\t<meta name=\"twitter:data1\" content=\"2 minutes\" \/>\n<script type=\"application\/ld+json\" class=\"yoast-schema-graph\">{\"@context\":\"https:\/\/schema.org\",\"@graph\":[{\"@type\":\"WebPage\",\"@id\":\"https:\/\/www.welovecycling.com\/se\/skoda-cycling-team\/skoda-cycling-team-2022\/adelina-millberg\/\",\"url\":\"https:\/\/www.welovecycling.com\/se\/skoda-cycling-team\/skoda-cycling-team-2022\/adelina-millberg\/\",\"name\":\"Adelina Millberg - \u0160koda - We Love Cycling - Sweden\",\"isPartOf\":{\"@id\":\"https:\/\/www.welovecycling.com\/se\/#website\"},\"primaryImageOfPage\":{\"@id\":\"https:\/\/www.welovecycling.com\/se\/skoda-cycling-team\/skoda-cycling-team-2022\/adelina-millberg\/#primaryimage\"},\"image\":{\"@id\":\"https:\/\/www.welovecycling.com\/se\/skoda-cycling-team\/skoda-cycling-team-2022\/adelina-millberg\/#primaryimage\"},\"thumbnailUrl\":\"https:\/\/d2p6e6u75xmxt8.cloudfront.net\/9\/2021\/03\/adelina_webb.jpg\",\"datePublished\":\"2021-03-01T09:38:37+00:00\",\"dateModified\":\"2021-03-25T11:33:21+00:00\",\"breadcrumb\":{\"@id\":\"https:\/\/www.welovecycling.com\/se\/skoda-cycling-team\/skoda-cycling-team-2022\/adelina-millberg\/#breadcrumb\"},\"inLanguage\":\"sv-SE\",\"potentialAction\":[{\"@type\":\"ReadAction\",\"target\":[\"https:\/\/www.welovecycling.com\/se\/skoda-cycling-team\/skoda-cycling-team-2022\/adelina-millberg\/\"]}]},{\"@type\":\"ImageObject\",\"inLanguage\":\"sv-SE\",\"@id\":\"https:\/\/www.welovecycling.com\/se\/skoda-cycling-team\/skoda-cycling-team-2022\/adelina-millberg\/#primaryimage\",\"url\":\"https:\/\/d2p6e6u75xmxt8.cloudfront.net\/9\/2021\/03\/adelina_webb.jpg\",\"contentUrl\":\"https:\/\/d2p6e6u75xmxt8.cloudfront.net\/9\/2021\/03\/adelina_webb.jpg\"},{\"@type\":\"BreadcrumbList\",\"@id\":\"https:\/\/www.welovecycling.com\/se\/skoda-cycling-team\/skoda-cycling-team-2022\/adelina-millberg\/#breadcrumb\",\"itemListElement\":[{\"@type\":\"ListItem\",\"position\":1,\"name\":\"Home\",\"item\":\"https:\/\/www.welovecycling.com\/se\/\"},{\"@type\":\"ListItem\",\"position\":2,\"name\":\"\u0160koda Cycling Team\",\"item\":\"https:\/\/www.welovecycling.com\/se\/skoda-cycling-team\/\"},{\"@type\":\"ListItem\",\"position\":3,\"name\":\"\u0160koda Cycling Team 2022\",\"item\":\"https:\/\/www.welovecycling.com\/se\/skoda-cycling-team\/skoda-cycling-team-2022\/\"},{\"@type\":\"ListItem\",\"position\":4,\"name\":\"Adelina Millberg\"}]},{\"@type\":\"WebSite\",\"@id\":\"https:\/\/www.welovecycling.com\/se\/#website\",\"url\":\"https:\/\/www.welovecycling.com\/se\/\",\"name\":\"\u0160koda - We Love Cycling - Sweden\",\"description\":\"\u0160koda We Love Cycling - Sweden\",\"potentialAction\":[{\"@type\":\"SearchAction\",\"target\":{\"@type\":\"EntryPoint\",\"urlTemplate\":\"https:\/\/www.welovecycling.com\/se\/?s={search_term_string}\"},\"query-input\":{\"@type\":\"PropertyValueSpecification\",\"valueRequired\":true,\"valueName\":\"search_term_string\"}}],\"inLanguage\":\"sv-SE\"}]}<\/script>\n<!-- \/ Yoast SEO Premium plugin. -->","yoast_head_json":{"title":"Adelina Millberg - \u0160koda - We Love Cycling - Sweden","robots":{"index":"index","follow":"follow","max-snippet":"max-snippet:-1","max-image-preview":"max-image-preview:large","max-video-preview":"max-video-preview:-1"},"canonical":"https:\/\/www.welovecycling.com\/se\/skoda-cycling-team\/skoda-cycling-team-2022\/adelina-millberg\/","og_locale":"sv_SE","og_type":"article","og_title":"Adelina Millberg","og_description":"Namn: Adelina Millberg Instagram:\u00a0adelinamillberg \u00c5lder: 24 \u00e5r L\u00e4ngd:\u00a0168 cm Bor:\u00a0Link\u00f6ping Familj:\u00a0Sambon Erik Yrke:\u00a0Biomedicinsk analytiker inom klinisk fysiologi Vad jag borde [&hellip;]","og_url":"https:\/\/www.welovecycling.com\/se\/skoda-cycling-team\/skoda-cycling-team-2022\/adelina-millberg\/","og_site_name":"\u0160koda - We Love Cycling - Sweden","article_modified_time":"2021-03-25T11:33:21+00:00","og_image":[{"url":"https:\/\/d2p6e6u75xmxt8.cloudfront.net\/9\/2021\/03\/adelina_webb.jpg","type":"","width":"","height":""}],"twitter_card":"summary_large_image","twitter_misc":{"Est. reading time":"2 minutes"},"schema":{"@context":"https:\/\/schema.org","@graph":[{"@type":"WebPage","@id":"https:\/\/www.welovecycling.com\/se\/skoda-cycling-team\/skoda-cycling-team-2022\/adelina-millberg\/","url":"https:\/\/www.welovecycling.com\/se\/skoda-cycling-team\/skoda-cycling-team-2022\/adelina-millberg\/","name":"Adelina Millberg - \u0160koda - We Love Cycling - Sweden","isPartOf":{"@id":"https:\/\/www.welovecycling.com\/se\/#website"},"primaryImageOfPage":{"@id":"https:\/\/www.welovecycling.com\/se\/skoda-cycling-team\/skoda-cycling-team-2022\/adelina-millberg\/#primaryimage"},"image":{"@id":"https:\/\/www.welovecycling.com\/se\/skoda-cycling-team\/skoda-cycling-team-2022\/adelina-millberg\/#primaryimage"},"thumbnailUrl":"https:\/\/d2p6e6u75xmxt8.cloudfront.net\/9\/2021\/03\/adelina_webb.jpg","datePublished":"2021-03-01T09:38:37+00:00","dateModified":"2021-03-25T11:33:21+00:00","breadcrumb":{"@id":"https:\/\/www.welovecycling.com\/se\/skoda-cycling-team\/skoda-cycling-team-2022\/adelina-millberg\/#breadcrumb"},"inLanguage":"sv-SE","potentialAction":[{"@type":"ReadAction","target":["https:\/\/www.welovecycling.com\/se\/skoda-cycling-team\/skoda-cycling-team-2022\/adelina-millberg\/"]}]},{"@type":"ImageObject","inLanguage":"sv-SE","@id":"https:\/\/www.welovecycling.com\/se\/skoda-cycling-team\/skoda-cycling-team-2022\/adelina-millberg\/#primaryimage","url":"https:\/\/d2p6e6u75xmxt8.cloudfront.net\/9\/2021\/03\/adelina_webb.jpg","contentUrl":"https:\/\/d2p6e6u75xmxt8.cloudfront.net\/9\/2021\/03\/adelina_webb.jpg"},{"@type":"BreadcrumbList","@id":"https:\/\/www.welovecycling.com\/se\/skoda-cycling-team\/skoda-cycling-team-2022\/adelina-millberg\/#breadcrumb","itemListElement":[{"@type":"ListItem","position":1,"name":"Home","item":"https:\/\/www.welovecycling.com\/se\/"},{"@type":"ListItem","position":2,"name":"\u0160koda Cycling Team","item":"https:\/\/www.welovecycling.com\/se\/skoda-cycling-team\/"},{"@type":"ListItem","position":3,"name":"\u0160koda Cycling Team 2022","item":"https:\/\/www.welovecycling.com\/se\/skoda-cycling-team\/skoda-cycling-team-2022\/"},{"@type":"ListItem","position":4,"name":"Adelina Millberg"}]},{"@type":"WebSite","@id":"https:\/\/www.welovecycling.com\/se\/#website","url":"https:\/\/www.welovecycling.com\/se\/","name":"\u0160koda - We Love Cycling - Sweden","description":"\u0160koda We Love Cycling - Sweden","potentialAction":[{"@type":"SearchAction","target":{"@type":"EntryPoint","urlTemplate":"https:\/\/www.welovecycling.com\/se\/?s={search_term_string}"},"query-input":{"@type":"PropertyValueSpecification","valueRequired":true,"valueName":"search_term_string"}}],"inLanguage":"sv-SE"}]}},"_links":{"self":[{"href":"https:\/\/www.welovecycling.com\/se\/wp-json\/wp\/v2\/pages\/3283","targetHints":{"allow":["GET"]}}],"collection":[{"href":"https:\/\/www.welovecycling.com\/se\/wp-json\/wp\/v2\/pages"}],"about":[{"href":"https:\/\/www.welovecycling.com\/se\/wp-json\/wp\/v2\/types\/page"}],"author":[{"embeddable":true,"href":"https:\/\/www.welovecycling.com\/se\/wp-json\/wp\/v2\/users\/135"}],"replies":[{"embeddable":true,"href":"https:\/\/www.welovecycling.com\/se\/wp-json\/wp\/v2\/comments?post=3283"}],"version-history":[{"count":2,"href":"https:\/\/www.welovecycling.com\/se\/wp-json\/wp\/v2\/pages\/3283\/revisions"}],"predecessor-version":[{"id":3798,"href":"https:\/\/www.welovecycling.com\/se\/wp-json\/wp\/v2\/pages\/3283\/revisions\/3798"}],"up":[{"embeddable":true,"href":"https:\/\/www.welovecycling.com\/se\/wp-json\/wp\/v2\/pages\/3121"}],"wp:attachment":[{"href":"https:\/\/www.welovecycling.com\/se\/wp-json\/wp\/v2\/media?parent=3283"}],"wp:term":[{"taxonomy":"post_tag","embeddable":true,"href":"https:\/\/www.welovecycling.com\/se\/wp-json\/wp\/v2\/tags?post=3283"}],"curies":[{"name":"wp","href":"https:\/\/api.w.org\/{rel}","templated":true}]}}