{"id":3179,"date":"2021-02-04T14:21:57","date_gmt":"2021-02-04T13:21:57","guid":{"rendered":"https:\/\/www.welovecycling.com\/se\/?page_id=3179"},"modified":"2021-03-25T12:32:36","modified_gmt":"2021-03-25T11:32:36","slug":"mikael-manner","status":"publish","type":"page","link":"https:\/\/www.welovecycling.com\/se\/skoda-cycling-team\/skoda-cycling-team-2022\/mikael-manner\/","title":{"rendered":"Mikael M\u00e4nner"},"content":{"rendered":"<div id=\"pl-3179\"  class=\"panel-layout\" ><div id=\"pg-3179-0\"  class=\"panel-grid panel-no-style\" ><div id=\"pgc-3179-0-0\"  class=\"panel-grid-cell panel-grid-cell-empty\" ><\/div><\/div><div id=\"pg-3179-1\"  class=\"panel-grid panel-no-style\" ><div id=\"pgc-3179-1-0\"  class=\"panel-grid-cell\" ><div id=\"panel-3179-1-0-0\" class=\"so-panel widget widget_sow-editor panel-first-child panel-last-child\" data-index=\"0\" ><div\n\t\t\t\n\t\t\tclass=\"so-widget-sow-editor so-widget-sow-editor-base\"\n\t\t\t\n\t\t>\n<div class=\"siteorigin-widget-tinymce textwidget\">\n\t<p><img loading=\"lazy\" decoding=\"async\" class=\"alignleft wp-image-3754 size-full\" src=\"https:\/\/d2p6e6u75xmxt8.cloudfront.net\/9\/2021\/03\/Michael_Manner_530x800_2.png\" alt=\"\" width=\"530\" height=\"800\" srcset=\"https:\/\/d2p6e6u75xmxt8.cloudfront.net\/9\/2021\/03\/Michael_Manner_530x800_2.png 530w, https:\/\/d2p6e6u75xmxt8.cloudfront.net\/9\/2021\/03\/Michael_Manner_530x800_2-199x300.png 199w\" sizes=\"auto, (max-width: 530px) 100vw, 530px\" \/><\/p>\n<\/div>\n<\/div><\/div><\/div><div id=\"pgc-3179-1-1\"  class=\"panel-grid-cell\" ><div id=\"panel-3179-1-1-0\" class=\"so-panel widget widget_sow-editor panel-first-child panel-last-child\" data-index=\"1\" ><div\n\t\t\t\n\t\t\tclass=\"so-widget-sow-editor so-widget-sow-editor-base\"\n\t\t\t\n\t\t>\n<div class=\"siteorigin-widget-tinymce textwidget\">\n\t<p><strong>Namn: <\/strong>Mikael M\u00e4nner<br \/>\n<strong>Instagram: <\/strong><a href=\"https:\/\/www.instagram.com\/mickmanner\/\" target=\"_blank\" rel=\"noopener\">mickmanner<\/a><br \/>\n<strong>\u00c5lder: <\/strong>39 \u00e5r<br \/>\n<strong>L\u00e4ngd:\u00a0<\/strong>179 cm (180 cm n\u00e4r jag m\u00f6nstrade...)<br \/>\n<strong>Bor:\u00a0<\/strong>G\u00f6teborg<br \/>\n<strong>Familj:\u00a0<\/strong>Fru och tv\u00e5 d\u00f6ttrar<br \/>\n<strong>Yrke: <\/strong>L\u00e4rare<br \/>\n<strong>Vad jag borde jobba med:\u00a0<\/strong>Bagare<br \/>\n<strong>B\u00f6rjade cykla \u00e5r:\u00a0<\/strong>2010<br \/>\n<strong>\u00d6vriga intressen: <\/strong>Bakning och tr\u00e4ning<br \/>\n<strong>Inspireras av: <\/strong>Mina elever som v\u00e5gar utmana sig sj\u00e4lva och v\u00e4xer f\u00f6r varje dag.<\/p>\n<p><strong>Varf\u00f6r s\u00f6kte du till SKODA Cycling Team?\u00a0<\/strong>Att vara med i Skoda Cycling team \u00e4r en dr\u00f6m f\u00f6r v\u00e4ldigt m\u00e5nga V\u00e4tternrundan-motion\u00e4rer, men SCT \u00e4r mer \u00e4n bara att cykla snabbt runt en sj\u00f6. H\u00e4r f\u00e5r vi chansen att vara \u201dproffs\u201d under ett \u00e5r. Att f\u00e5 full backning med utrustning, tr\u00e4nare och tr\u00e4ningsl\u00e4ger g\u00f6r att i alla fall jag kommer kunna cykla snabbare \u00e4n jag n\u00e5gonsin gjort tillsammans med ett fantastiskt g\u00e4ng lagkamrater.<strong>\u00a0<\/strong><\/p>\n<p><strong>Vad betyder cyklingen f\u00f6r dig? <\/strong>Cyklingen betyder nog allt f\u00f6r mig, hela mitt liv kretsar kring cykling. N\u00e4r kommer jag kunna cykla n\u00e4sta g\u00e5ng? Hur ser mitt n\u00e4sta pass ut? Hur ser v\u00e4derprognosen ut? \u00c4r min kl\u00e4der rena? M\u00e5ste jag tv\u00e4tta cykeln? N\u00e4r m\u00e5ste jag \u00e4ta f\u00f6r att orka cykla? Cyklingen ger mig det lugn jag beh\u00f6ver f\u00f6r att klara av de sv\u00e5ra sakerna i vardagen. Att min kropp m\u00e5r bra av det \u00e4r bara en bonus.<\/p>\n<p><strong>Vilket \u00e4r ditt f\u00f6rsta intryck av din fadder\/ambassad\u00f6r?\u00a0<\/strong>Christian \u00e4r fantastisk. Han gillar cykling lika mycket som jag. och \u00e4lskar dessutom de l\u00e5nga fikarundorna!<\/p>\n<p><strong>Vilken roll brukar du fylla i ett lag? <\/strong>Som l\u00e4rare \u00e4r jag van vid att se mina elever. Jag \u00e4r ganska snabb p\u00e5 att se om n\u00e5gon har en svacka, och f\u00f6rs\u00f6ker g\u00e4rna hj\u00e4lpa genom uppmuntrande ord och klapp p\u00e5 axeln.<\/p>\n<p><strong>Vilket \u00e4r ditt starkaste minne p\u00e5 cykeln?\u00a0<\/strong>Det finns m\u00e5nga fina minnen, men om jag m\u00e5ste v\u00e4lja n\u00e5got blir det Flandern runt. Det var otroligt h\u00e4ftigt att cykla i samma kullerstenbackar som Peter Sagan och andra proffs k\u00f6rde dagen efter. Det ger mig fortfarande g\u00e5shud!<\/p>\n<p><strong>Var dr\u00f6mmer du om att cykla n\u00e4r pandemin \u00e4r \u00f6ver?\u00a0<\/strong>Jag dr\u00f6mmer inte om att cykla p\u00e5 n\u00e5gon speciell plats, men efter pandemin vill jag cykla med mina v\u00e4nner och lagkamrater i stora, snabba klungor igen. Jag vill t\u00e4vla p\u00e5 stenh\u00e5rda banor och jag vill cykla p\u00e5 riktiga solskensrundor med l\u00e5nga fikapauser. Det \u00e4r vad jag dr\u00f6mmer om och ser framemot.<strong>\u00a0<\/strong><\/p>\n<p><strong>Vilka \u00e4r dina styrkor som cyklist?\u00a0<\/strong>Korta och lagom branta backar.<br \/>\n<strong>...och svagheter?\u00a0<\/strong>L\u00e5nga lopp, som V\u00e4tternrundan\u2026<\/p>\n<p><strong>Tr\u00e4ningspass du l\u00e4ngtar till? <\/strong>Alla pass B\u00e4ckstedt s\u00e4ger \u00e5t oss att g\u00f6ra<br \/>\n<strong>...och pass du g\u00e4rna skjuter p\u00e5? <\/strong>Bl\u00f6ta och kalla utomhuspass i G\u00f6teborg.<\/p>\n<p><strong>Hur f\u00f6rbereder du dig mentalt inf\u00f6r V\u00e4tternrundan? <\/strong>Jag f\u00f6rs\u00f6ker bryta ner loppet i kortare etapper och betar av dem.<\/p>\n<p><strong>St\u00f6rsta r\u00e4dsla inf\u00f6r loppet?\u00a0<\/strong>Att det kommer vara f\u00f6r varmt eller kallt, d\u00e5 jag funkar b\u00e4st i \u201dlagom\u201d v\u00e4der.<strong>\u00a0<\/strong><\/p>\n<p><strong>Hur beter du dig n\u00e4r du g\u00e5r in i v\u00e4ggen? <\/strong>Jag blir nog v\u00e4ldigt tyst och bara tittar fram\u00e5t.<\/p>\n<p><strong>Hur firar du efter m\u00e5lg\u00e5ng? <\/strong>Jag gr\u00e5ter.<\/p>\n<p><strong>Zwift eller vintercykling ute? <\/strong>Inomhus p\u00e5 trainern, inget Zwift dock.<br \/>\n<strong>Morgon eller kv\u00e4llspass? <\/strong>Morgonpass \u2013 helst Peloton<br \/>\n<strong>Vo2 eller tr\u00f6skelintervaller? <\/strong>Vo2<br \/>\n<strong>Tr\u00e4na p\u00e5 k\u00e4nsla eller data? <\/strong>Data all the way.<br \/>\n<strong>Fika under eller efter passet? <\/strong>Fika under passet<br \/>\n<strong>Banan eller energibar i ryggfickan? <\/strong>Energibar<br \/>\n<strong>Touren eller Vueltan? <\/strong>Touren<br \/>\n<strong>Spurtare eller hj\u00e4lpryttare?\u00a0<\/strong>Spurtare<\/p>\n<\/div>\n<\/div><\/div><\/div><\/div><div id=\"pg-3179-2\"  class=\"panel-grid panel-no-style\" ><div id=\"pgc-3179-2-0\"  class=\"panel-grid-cell panel-grid-cell-empty\" ><\/div><\/div><\/div>","protected":false},"excerpt":{"rendered":"<p>Namn: Mikael M\u00e4nner Instagram: mickmanner \u00c5lder: 39 \u00e5r L\u00e4ngd:\u00a0179 cm (180 cm n\u00e4r jag m\u00f6nstrade&#8230;) Bor:\u00a0G\u00f6teborg Familj:\u00a0Fru och tv\u00e5 d\u00f6ttrar [&hellip;]<\/p>\n","protected":false},"author":135,"featured_media":0,"parent":3121,"menu_order":0,"comment_status":"closed","ping_status":"closed","template":"","meta":{"footnotes":""},"tags":[],"class_list":["post-3179","page","type-page","status-publish","hentry"],"yoast_head":"<!-- This site is optimized with the Yoast SEO Premium plugin v25.3 (Yoast SEO v25.9) - https:\/\/yoast.com\/wordpress\/plugins\/seo\/ -->\n<title>Mikael M\u00e4nner - \u0160koda - We Love Cycling - Sweden<\/title>\n<meta name=\"robots\" content=\"index, follow, max-snippet:-1, max-image-preview:large, max-video-preview:-1\" \/>\n<link rel=\"canonical\" href=\"https:\/\/www.welovecycling.com\/se\/skoda-cycling-team\/skoda-cycling-team-2022\/mikael-manner\/\" \/>\n<meta property=\"og:locale\" content=\"sv_SE\" \/>\n<meta property=\"og:type\" content=\"article\" \/>\n<meta property=\"og:title\" content=\"Mikael M\u00e4nner\" \/>\n<meta property=\"og:description\" content=\"Namn: Mikael M\u00e4nner Instagram: mickmanner \u00c5lder: 39 \u00e5r L\u00e4ngd:\u00a0179 cm (180 cm n\u00e4r jag m\u00f6nstrade...) Bor:\u00a0G\u00f6teborg Familj:\u00a0Fru och tv\u00e5 d\u00f6ttrar [&hellip;]\" \/>\n<meta property=\"og:url\" content=\"https:\/\/www.welovecycling.com\/se\/skoda-cycling-team\/skoda-cycling-team-2022\/mikael-manner\/\" \/>\n<meta property=\"og:site_name\" content=\"\u0160koda - We Love Cycling - Sweden\" \/>\n<meta property=\"article:modified_time\" content=\"2021-03-25T11:32:36+00:00\" \/>\n<meta property=\"og:image\" content=\"https:\/\/d2p6e6u75xmxt8.cloudfront.net\/9\/2021\/03\/Michael_Manner_530x800_2.png\" \/>\n<meta name=\"twitter:card\" content=\"summary_large_image\" \/>\n<meta name=\"twitter:label1\" content=\"Est. reading time\" \/>\n\t<meta name=\"twitter:data1\" content=\"3 minutes\" \/>\n<script type=\"application\/ld+json\" class=\"yoast-schema-graph\">{\"@context\":\"https:\/\/schema.org\",\"@graph\":[{\"@type\":\"WebPage\",\"@id\":\"https:\/\/www.welovecycling.com\/se\/skoda-cycling-team\/skoda-cycling-team-2022\/mikael-manner\/\",\"url\":\"https:\/\/www.welovecycling.com\/se\/skoda-cycling-team\/skoda-cycling-team-2022\/mikael-manner\/\",\"name\":\"Mikael M\u00e4nner - \u0160koda - We Love Cycling - Sweden\",\"isPartOf\":{\"@id\":\"https:\/\/www.welovecycling.com\/se\/#website\"},\"primaryImageOfPage\":{\"@id\":\"https:\/\/www.welovecycling.com\/se\/skoda-cycling-team\/skoda-cycling-team-2022\/mikael-manner\/#primaryimage\"},\"image\":{\"@id\":\"https:\/\/www.welovecycling.com\/se\/skoda-cycling-team\/skoda-cycling-team-2022\/mikael-manner\/#primaryimage\"},\"thumbnailUrl\":\"https:\/\/d2p6e6u75xmxt8.cloudfront.net\/9\/2021\/03\/Michael_Manner_530x800_2.png\",\"datePublished\":\"2021-02-04T13:21:57+00:00\",\"dateModified\":\"2021-03-25T11:32:36+00:00\",\"breadcrumb\":{\"@id\":\"https:\/\/www.welovecycling.com\/se\/skoda-cycling-team\/skoda-cycling-team-2022\/mikael-manner\/#breadcrumb\"},\"inLanguage\":\"sv-SE\",\"potentialAction\":[{\"@type\":\"ReadAction\",\"target\":[\"https:\/\/www.welovecycling.com\/se\/skoda-cycling-team\/skoda-cycling-team-2022\/mikael-manner\/\"]}]},{\"@type\":\"ImageObject\",\"inLanguage\":\"sv-SE\",\"@id\":\"https:\/\/www.welovecycling.com\/se\/skoda-cycling-team\/skoda-cycling-team-2022\/mikael-manner\/#primaryimage\",\"url\":\"https:\/\/d2p6e6u75xmxt8.cloudfront.net\/9\/2021\/03\/Michael_Manner_530x800_2.png\",\"contentUrl\":\"https:\/\/d2p6e6u75xmxt8.cloudfront.net\/9\/2021\/03\/Michael_Manner_530x800_2.png\"},{\"@type\":\"BreadcrumbList\",\"@id\":\"https:\/\/www.welovecycling.com\/se\/skoda-cycling-team\/skoda-cycling-team-2022\/mikael-manner\/#breadcrumb\",\"itemListElement\":[{\"@type\":\"ListItem\",\"position\":1,\"name\":\"Home\",\"item\":\"https:\/\/www.welovecycling.com\/se\/\"},{\"@type\":\"ListItem\",\"position\":2,\"name\":\"\u0160koda Cycling Team\",\"item\":\"https:\/\/www.welovecycling.com\/se\/skoda-cycling-team\/\"},{\"@type\":\"ListItem\",\"position\":3,\"name\":\"\u0160koda Cycling Team 2022\",\"item\":\"https:\/\/www.welovecycling.com\/se\/skoda-cycling-team\/skoda-cycling-team-2022\/\"},{\"@type\":\"ListItem\",\"position\":4,\"name\":\"Mikael M\u00e4nner\"}]},{\"@type\":\"WebSite\",\"@id\":\"https:\/\/www.welovecycling.com\/se\/#website\",\"url\":\"https:\/\/www.welovecycling.com\/se\/\",\"name\":\"\u0160koda - We Love Cycling - Sweden\",\"description\":\"\u0160koda We Love Cycling - Sweden\",\"potentialAction\":[{\"@type\":\"SearchAction\",\"target\":{\"@type\":\"EntryPoint\",\"urlTemplate\":\"https:\/\/www.welovecycling.com\/se\/?s={search_term_string}\"},\"query-input\":{\"@type\":\"PropertyValueSpecification\",\"valueRequired\":true,\"valueName\":\"search_term_string\"}}],\"inLanguage\":\"sv-SE\"}]}<\/script>\n<!-- \/ Yoast SEO Premium plugin. -->","yoast_head_json":{"title":"Mikael M\u00e4nner - \u0160koda - We Love Cycling - Sweden","robots":{"index":"index","follow":"follow","max-snippet":"max-snippet:-1","max-image-preview":"max-image-preview:large","max-video-preview":"max-video-preview:-1"},"canonical":"https:\/\/www.welovecycling.com\/se\/skoda-cycling-team\/skoda-cycling-team-2022\/mikael-manner\/","og_locale":"sv_SE","og_type":"article","og_title":"Mikael M\u00e4nner","og_description":"Namn: Mikael M\u00e4nner Instagram: mickmanner \u00c5lder: 39 \u00e5r L\u00e4ngd:\u00a0179 cm (180 cm n\u00e4r jag m\u00f6nstrade...) Bor:\u00a0G\u00f6teborg Familj:\u00a0Fru och tv\u00e5 d\u00f6ttrar [&hellip;]","og_url":"https:\/\/www.welovecycling.com\/se\/skoda-cycling-team\/skoda-cycling-team-2022\/mikael-manner\/","og_site_name":"\u0160koda - We Love Cycling - Sweden","article_modified_time":"2021-03-25T11:32:36+00:00","og_image":[{"url":"https:\/\/d2p6e6u75xmxt8.cloudfront.net\/9\/2021\/03\/Michael_Manner_530x800_2.png","type":"","width":"","height":""}],"twitter_card":"summary_large_image","twitter_misc":{"Est. reading time":"3 minutes"},"schema":{"@context":"https:\/\/schema.org","@graph":[{"@type":"WebPage","@id":"https:\/\/www.welovecycling.com\/se\/skoda-cycling-team\/skoda-cycling-team-2022\/mikael-manner\/","url":"https:\/\/www.welovecycling.com\/se\/skoda-cycling-team\/skoda-cycling-team-2022\/mikael-manner\/","name":"Mikael M\u00e4nner - \u0160koda - We Love Cycling - Sweden","isPartOf":{"@id":"https:\/\/www.welovecycling.com\/se\/#website"},"primaryImageOfPage":{"@id":"https:\/\/www.welovecycling.com\/se\/skoda-cycling-team\/skoda-cycling-team-2022\/mikael-manner\/#primaryimage"},"image":{"@id":"https:\/\/www.welovecycling.com\/se\/skoda-cycling-team\/skoda-cycling-team-2022\/mikael-manner\/#primaryimage"},"thumbnailUrl":"https:\/\/d2p6e6u75xmxt8.cloudfront.net\/9\/2021\/03\/Michael_Manner_530x800_2.png","datePublished":"2021-02-04T13:21:57+00:00","dateModified":"2021-03-25T11:32:36+00:00","breadcrumb":{"@id":"https:\/\/www.welovecycling.com\/se\/skoda-cycling-team\/skoda-cycling-team-2022\/mikael-manner\/#breadcrumb"},"inLanguage":"sv-SE","potentialAction":[{"@type":"ReadAction","target":["https:\/\/www.welovecycling.com\/se\/skoda-cycling-team\/skoda-cycling-team-2022\/mikael-manner\/"]}]},{"@type":"ImageObject","inLanguage":"sv-SE","@id":"https:\/\/www.welovecycling.com\/se\/skoda-cycling-team\/skoda-cycling-team-2022\/mikael-manner\/#primaryimage","url":"https:\/\/d2p6e6u75xmxt8.cloudfront.net\/9\/2021\/03\/Michael_Manner_530x800_2.png","contentUrl":"https:\/\/d2p6e6u75xmxt8.cloudfront.net\/9\/2021\/03\/Michael_Manner_530x800_2.png"},{"@type":"BreadcrumbList","@id":"https:\/\/www.welovecycling.com\/se\/skoda-cycling-team\/skoda-cycling-team-2022\/mikael-manner\/#breadcrumb","itemListElement":[{"@type":"ListItem","position":1,"name":"Home","item":"https:\/\/www.welovecycling.com\/se\/"},{"@type":"ListItem","position":2,"name":"\u0160koda Cycling Team","item":"https:\/\/www.welovecycling.com\/se\/skoda-cycling-team\/"},{"@type":"ListItem","position":3,"name":"\u0160koda Cycling Team 2022","item":"https:\/\/www.welovecycling.com\/se\/skoda-cycling-team\/skoda-cycling-team-2022\/"},{"@type":"ListItem","position":4,"name":"Mikael M\u00e4nner"}]},{"@type":"WebSite","@id":"https:\/\/www.welovecycling.com\/se\/#website","url":"https:\/\/www.welovecycling.com\/se\/","name":"\u0160koda - We Love Cycling - Sweden","description":"\u0160koda We Love Cycling - Sweden","potentialAction":[{"@type":"SearchAction","target":{"@type":"EntryPoint","urlTemplate":"https:\/\/www.welovecycling.com\/se\/?s={search_term_string}"},"query-input":{"@type":"PropertyValueSpecification","valueRequired":true,"valueName":"search_term_string"}}],"inLanguage":"sv-SE"}]}},"_links":{"self":[{"href":"https:\/\/www.welovecycling.com\/se\/wp-json\/wp\/v2\/pages\/3179","targetHints":{"allow":["GET"]}}],"collection":[{"href":"https:\/\/www.welovecycling.com\/se\/wp-json\/wp\/v2\/pages"}],"about":[{"href":"https:\/\/www.welovecycling.com\/se\/wp-json\/wp\/v2\/types\/page"}],"author":[{"embeddable":true,"href":"https:\/\/www.welovecycling.com\/se\/wp-json\/wp\/v2\/users\/135"}],"replies":[{"embeddable":true,"href":"https:\/\/www.welovecycling.com\/se\/wp-json\/wp\/v2\/comments?post=3179"}],"version-history":[{"count":2,"href":"https:\/\/www.welovecycling.com\/se\/wp-json\/wp\/v2\/pages\/3179\/revisions"}],"predecessor-version":[{"id":3796,"href":"https:\/\/www.welovecycling.com\/se\/wp-json\/wp\/v2\/pages\/3179\/revisions\/3796"}],"up":[{"embeddable":true,"href":"https:\/\/www.welovecycling.com\/se\/wp-json\/wp\/v2\/pages\/3121"}],"wp:attachment":[{"href":"https:\/\/www.welovecycling.com\/se\/wp-json\/wp\/v2\/media?parent=3179"}],"wp:term":[{"taxonomy":"post_tag","embeddable":true,"href":"https:\/\/www.welovecycling.com\/se\/wp-json\/wp\/v2\/tags?post=3179"}],"curies":[{"name":"wp","href":"https:\/\/api.w.org\/{rel}","templated":true}]}}