{"id":3124,"date":"2021-01-18T10:38:36","date_gmt":"2021-01-18T09:38:36","guid":{"rendered":"https:\/\/www.welovecycling.com\/se\/?page_id=3124"},"modified":"2021-03-25T12:16:09","modified_gmt":"2021-03-25T11:16:09","slug":"nina-lindstrom","status":"publish","type":"page","link":"https:\/\/www.welovecycling.com\/se\/skoda-cycling-team\/skoda-cycling-team-2022\/nina-lindstrom\/","title":{"rendered":"Nina Lindstr\u00f6m"},"content":{"rendered":"<div id=\"pl-3124\"  class=\"panel-layout\" ><div id=\"pg-3124-0\"  class=\"panel-grid panel-no-style\" ><div id=\"pgc-3124-0-0\"  class=\"panel-grid-cell panel-grid-cell-empty\" ><\/div><\/div><div id=\"pg-3124-1\"  class=\"panel-grid panel-no-style\" ><div id=\"pgc-3124-1-0\"  class=\"panel-grid-cell\" ><div id=\"panel-3124-1-0-0\" class=\"so-panel widget widget_sow-editor panel-first-child panel-last-child\" data-index=\"0\" ><div\n\t\t\t\n\t\t\tclass=\"so-widget-sow-editor so-widget-sow-editor-base\"\n\t\t\t\n\t\t>\n<div class=\"siteorigin-widget-tinymce textwidget\">\n\t<p><a href=\"https:\/\/d2p6e6u75xmxt8.cloudfront.net\/9\/2021\/03\/Nina-Lindstrom_530x800.jpeg\"><img loading=\"lazy\" decoding=\"async\" class=\"alignnone wp-image-3499 size-full\" src=\"https:\/\/d2p6e6u75xmxt8.cloudfront.net\/9\/2021\/03\/Nina-Lindstrom_530x800.jpeg\" alt=\"\" width=\"530\" height=\"800\" srcset=\"https:\/\/d2p6e6u75xmxt8.cloudfront.net\/9\/2021\/03\/Nina-Lindstrom_530x800.jpeg 530w, https:\/\/d2p6e6u75xmxt8.cloudfront.net\/9\/2021\/03\/Nina-Lindstrom_530x800-199x300.jpeg 199w\" sizes=\"auto, (max-width: 530px) 100vw, 530px\" \/><\/a><br \/>\n<a href=\"https:\/\/d2p6e6u75xmxt8.cloudfront.net\/9\/2021\/03\/DSC_6124-Exposure.jpg\"><img loading=\"lazy\" decoding=\"async\" class=\"alignnone wp-image-3713\" src=\"https:\/\/d2p6e6u75xmxt8.cloudfront.net\/9\/2021\/03\/DSC_6124-Exposure-1024x683.jpg\" alt=\"\" width=\"530\" height=\"353\" srcset=\"https:\/\/d2p6e6u75xmxt8.cloudfront.net\/9\/2021\/03\/DSC_6124-Exposure-1024x683.jpg 1024w, https:\/\/d2p6e6u75xmxt8.cloudfront.net\/9\/2021\/03\/DSC_6124-Exposure-300x200.jpg 300w, https:\/\/d2p6e6u75xmxt8.cloudfront.net\/9\/2021\/03\/DSC_6124-Exposure-768x512.jpg 768w, https:\/\/d2p6e6u75xmxt8.cloudfront.net\/9\/2021\/03\/DSC_6124-Exposure-272x182.jpg 272w, https:\/\/d2p6e6u75xmxt8.cloudfront.net\/9\/2021\/03\/DSC_6124-Exposure.jpg 1200w\" sizes=\"auto, (max-width: 530px) 100vw, 530px\" \/><\/a><\/p>\n<\/div>\n<\/div><\/div><\/div><div id=\"pgc-3124-1-1\"  class=\"panel-grid-cell\" ><div id=\"panel-3124-1-1-0\" class=\"so-panel widget widget_sow-editor panel-first-child panel-last-child\" data-index=\"1\" ><div\n\t\t\t\n\t\t\tclass=\"so-widget-sow-editor so-widget-sow-editor-base\"\n\t\t\t\n\t\t>\n<div class=\"siteorigin-widget-tinymce textwidget\">\n\t<p><strong>Namn: <\/strong>Nina Lindstr\u00f6m<br \/>\n<strong>Instagram:<\/strong> <a href=\"https:\/\/www.instagram.com\/nina_m_lindstrom\/\" target=\"_blank\" rel=\"noopener\">nina_m_lindstrom<\/a><br \/>\n<strong>\u00c5lder: <\/strong>36 \u00e5r<br \/>\n<strong>L\u00e4ngd:\u00a0<\/strong>168 cm<br \/>\n<strong>Bor:\u00a0<\/strong>Saltsj\u00f6-Boo<br \/>\n<strong>Familj:\u00a0<\/strong>Man, tv\u00e5 hundar och sex cyklar (!)<br \/>\n<strong>Yrke:\u00a0<\/strong>Ink\u00f6pare sportmode<br \/>\n<strong>Vad jag borde jobba med: <\/strong>Det jag jobbar med<br \/>\n<strong>B\u00f6rjade cykla \u00e5r:\u00a0<\/strong>2018<br \/>\n<strong>\u00d6vriga intressen: <\/strong>Litteratur<br \/>\n<strong>Inspireras av: <\/strong>Intressanta m\u00e4nniskor och natur<strong><br \/>\n<\/strong><\/p>\n<p><strong>Varf\u00f6r s\u00f6kte du till SKODA Cycling Team?\u00a0<\/strong>Jag ville utmana mig p\u00e5 ett nytt s\u00e4tt och tr\u00e4ffa andra cyklister som \u00e4lskar sporten lika mycket som jag.<\/p>\n<p><strong>Vad betyder cyklingen f\u00f6r dig? <\/strong>Jag \u00e4lskar k\u00e4nslan av frihet jag f\u00e5r varje g\u00e5ng jag trycker p\u00e5 pedalerna - k\u00e4nslan att jag kan g\u00f6ra vad som helst och \u00e5ka vart som helst. Cyklingen betyder ocks\u00e5 v\u00e4nskap f\u00f6r mig: jag har tr\u00e4ffat m\u00e5nga fantastiska cyklister som har blivit mina v\u00e4nner. Jag kan testa mina gr\u00e4nser och k\u00e4nna mig fri, men ocks\u00e5 f\u00f6rena mig med andra p\u00e5 ett nytt s\u00e4tt.<\/p>\n<p><strong>Vilket \u00e4r ditt f\u00f6rsta intryck av din fadder <a href=\"https:\/\/www.welovecycling.com\/se\/skoda-cycling-team\/skoda-cycling-team-2021\/johanna-palmqvist\/\">Johanna<\/a><\/strong>? Hon \u00e4r grym, helt enkelt! Hon \u00e4r inte bara en stark cyklist men ocks\u00e5 en fin m\u00e4nniska.<\/p>\n<p><strong>Vilken roll brukar du fylla i ett lag? <\/strong>Jag \u00e4r vanligtvis den som ler, sprider positivitet och ger 100 procent till teamet. Jag ger aldrig upp.<\/p>\n<p><strong>Vilket \u00e4r ditt starkaste minne p\u00e5 cykeln?\u00a0<\/strong>N\u00e4r vi cyklade #minv\u00e4tternrundan i somras.<\/p>\n<p><strong>Var dr\u00f6mmer du om att cykla n\u00e4r pandemin \u00e4r \u00f6ver?\u00a0<\/strong>Cykla uppf\u00f6r Mont Ventoux.<\/p>\n<p><strong>Vilka \u00e4r dina styrkor som cyklist?\u00a0<\/strong>Uth\u00e5llighet och starka ben.<br \/>\n<strong>...och svagheter?\u00a0<\/strong>Envis<\/p>\n<p><strong>Tr\u00e4ningspass du l\u00e4ngtar till? <\/strong>L\u00e5ngpass p\u00e5 helgerna.<br \/>\n<strong>...och pass du g\u00e4rna skjuter p\u00e5? <\/strong>Har inga s\u00e5dana \u00e4nnu.<\/p>\n<p><strong>Hur f\u00f6rbereder du dig mentalt inf\u00f6r V\u00e4tternrundan? <\/strong>P\u00e5 samma s\u00e4tt som f\u00f6r t\u00e4vlingar; jag f\u00f6rs\u00f6ker h\u00e5lla mig lugn, och s\u00e5klart \u00e4ta och sova bra.<strong>\u00a0<\/strong><\/p>\n<p><strong>St\u00f6rsta r\u00e4dsla inf\u00f6r loppet?\u00a0<\/strong>Punktering eller n\u00e5got mekaniskt problem.<\/p>\n<p><strong>Hur beter du dig n\u00e4r du g\u00e5r in i v\u00e4ggen? <\/strong>Det har aldrig h\u00e4nt mig. Jag f\u00f6rs\u00f6ker alltid vara medveten om hur kroppen k\u00e4nns, \u00e4ven n\u00e4r jag utmanar mina gr\u00e4nser.<\/p>\n<p><strong>Hur firar du efter m\u00e5lg\u00e5ng? <\/strong>Vill krama mina lagkamrater. Hoppas att jag kan g\u00f6ra det n\u00e4sta sommar igen!<strong>\u00a0<\/strong><\/p>\n<p><strong>Zwift eller vintercykling ute? <\/strong>B\u00e5da tv\u00e5!<br \/>\n<strong>Morgon eller kv\u00e4llspass?<\/strong> Kv\u00e4llspass<strong><span style=\"text-decoration: line-through;\"><br \/>\n<\/span>Vo2 eller tr\u00f6skelintervaller? <\/strong>Tr\u00f6skel<strong><br \/>\nTr\u00e4na p\u00e5 k\u00e4nsla eller data?<\/strong> Data<strong><br \/>\n<\/strong><strong>Fika under eller efter passet?<\/strong> Snabb fika\u00a0<strong><br \/>\n<\/strong><strong>Banan eller energibar i ryggfickan? <\/strong>Energibar\u00a0<strong><span style=\"text-decoration: line-through;\"><br \/>\n<\/span>Touren eller Vueltan? <\/strong>Girot, haha!<strong><br \/>\nSpurtare eller hj\u00e4lpryttare?\u00a0<\/strong>Hj\u00e4lpryttare<\/p>\n<\/div>\n<\/div><\/div><\/div><\/div><div id=\"pg-3124-2\"  class=\"panel-grid panel-no-style\" ><div id=\"pgc-3124-2-0\"  class=\"panel-grid-cell panel-grid-cell-empty\" ><\/div><\/div><\/div>","protected":false},"excerpt":{"rendered":"<p>Namn: Nina Lindstr\u00f6m Instagram: nina_m_lindstrom \u00c5lder: 36 \u00e5r L\u00e4ngd:\u00a0168 cm Bor:\u00a0Saltsj\u00f6-Boo Familj:\u00a0Man, tv\u00e5 hundar och sex cyklar (!) Yrke:\u00a0Ink\u00f6pare sportmode [&hellip;]<\/p>\n","protected":false},"author":135,"featured_media":0,"parent":3121,"menu_order":0,"comment_status":"closed","ping_status":"closed","template":"","meta":{"footnotes":""},"tags":[],"class_list":["post-3124","page","type-page","status-publish","hentry"],"yoast_head":"<!-- This site is optimized with the Yoast SEO Premium plugin v25.3 (Yoast SEO v25.9) - https:\/\/yoast.com\/wordpress\/plugins\/seo\/ -->\n<title>Nina Lindstr\u00f6m - \u0160koda - We Love Cycling - Sweden<\/title>\n<meta name=\"robots\" content=\"index, follow, max-snippet:-1, max-image-preview:large, max-video-preview:-1\" \/>\n<link rel=\"canonical\" href=\"https:\/\/www.welovecycling.com\/se\/skoda-cycling-team\/skoda-cycling-team-2022\/nina-lindstrom\/\" \/>\n<meta property=\"og:locale\" content=\"sv_SE\" \/>\n<meta property=\"og:type\" content=\"article\" \/>\n<meta property=\"og:title\" content=\"Nina Lindstr\u00f6m\" \/>\n<meta property=\"og:description\" content=\"Namn: Nina Lindstr\u00f6m Instagram: nina_m_lindstrom \u00c5lder: 36 \u00e5r L\u00e4ngd:\u00a0168 cm Bor:\u00a0Saltsj\u00f6-Boo Familj:\u00a0Man, tv\u00e5 hundar och sex cyklar (!) Yrke:\u00a0Ink\u00f6pare sportmode [&hellip;]\" \/>\n<meta property=\"og:url\" content=\"https:\/\/www.welovecycling.com\/se\/skoda-cycling-team\/skoda-cycling-team-2022\/nina-lindstrom\/\" \/>\n<meta property=\"og:site_name\" content=\"\u0160koda - We Love Cycling - Sweden\" \/>\n<meta property=\"article:modified_time\" content=\"2021-03-25T11:16:09+00:00\" \/>\n<meta property=\"og:image\" content=\"https:\/\/d2p6e6u75xmxt8.cloudfront.net\/9\/2021\/03\/Nina-Lindstrom_530x800.jpeg\" \/>\n<meta name=\"twitter:card\" content=\"summary_large_image\" \/>\n<meta name=\"twitter:label1\" content=\"Est. reading time\" \/>\n\t<meta name=\"twitter:data1\" content=\"2 minutes\" \/>\n<script type=\"application\/ld+json\" class=\"yoast-schema-graph\">{\"@context\":\"https:\/\/schema.org\",\"@graph\":[{\"@type\":\"WebPage\",\"@id\":\"https:\/\/www.welovecycling.com\/se\/skoda-cycling-team\/skoda-cycling-team-2022\/nina-lindstrom\/\",\"url\":\"https:\/\/www.welovecycling.com\/se\/skoda-cycling-team\/skoda-cycling-team-2022\/nina-lindstrom\/\",\"name\":\"Nina Lindstr\u00f6m - \u0160koda - We Love Cycling - Sweden\",\"isPartOf\":{\"@id\":\"https:\/\/www.welovecycling.com\/se\/#website\"},\"primaryImageOfPage\":{\"@id\":\"https:\/\/www.welovecycling.com\/se\/skoda-cycling-team\/skoda-cycling-team-2022\/nina-lindstrom\/#primaryimage\"},\"image\":{\"@id\":\"https:\/\/www.welovecycling.com\/se\/skoda-cycling-team\/skoda-cycling-team-2022\/nina-lindstrom\/#primaryimage\"},\"thumbnailUrl\":\"https:\/\/d2p6e6u75xmxt8.cloudfront.net\/9\/2021\/03\/Nina-Lindstrom_530x800.jpeg\",\"datePublished\":\"2021-01-18T09:38:36+00:00\",\"dateModified\":\"2021-03-25T11:16:09+00:00\",\"breadcrumb\":{\"@id\":\"https:\/\/www.welovecycling.com\/se\/skoda-cycling-team\/skoda-cycling-team-2022\/nina-lindstrom\/#breadcrumb\"},\"inLanguage\":\"sv-SE\",\"potentialAction\":[{\"@type\":\"ReadAction\",\"target\":[\"https:\/\/www.welovecycling.com\/se\/skoda-cycling-team\/skoda-cycling-team-2022\/nina-lindstrom\/\"]}]},{\"@type\":\"ImageObject\",\"inLanguage\":\"sv-SE\",\"@id\":\"https:\/\/www.welovecycling.com\/se\/skoda-cycling-team\/skoda-cycling-team-2022\/nina-lindstrom\/#primaryimage\",\"url\":\"https:\/\/d2p6e6u75xmxt8.cloudfront.net\/9\/2021\/03\/Nina-Lindstrom_530x800.jpeg\",\"contentUrl\":\"https:\/\/d2p6e6u75xmxt8.cloudfront.net\/9\/2021\/03\/Nina-Lindstrom_530x800.jpeg\"},{\"@type\":\"BreadcrumbList\",\"@id\":\"https:\/\/www.welovecycling.com\/se\/skoda-cycling-team\/skoda-cycling-team-2022\/nina-lindstrom\/#breadcrumb\",\"itemListElement\":[{\"@type\":\"ListItem\",\"position\":1,\"name\":\"Home\",\"item\":\"https:\/\/www.welovecycling.com\/se\/\"},{\"@type\":\"ListItem\",\"position\":2,\"name\":\"\u0160koda Cycling Team\",\"item\":\"https:\/\/www.welovecycling.com\/se\/skoda-cycling-team\/\"},{\"@type\":\"ListItem\",\"position\":3,\"name\":\"\u0160koda Cycling Team 2022\",\"item\":\"https:\/\/www.welovecycling.com\/se\/skoda-cycling-team\/skoda-cycling-team-2022\/\"},{\"@type\":\"ListItem\",\"position\":4,\"name\":\"Nina Lindstr\u00f6m\"}]},{\"@type\":\"WebSite\",\"@id\":\"https:\/\/www.welovecycling.com\/se\/#website\",\"url\":\"https:\/\/www.welovecycling.com\/se\/\",\"name\":\"\u0160koda - We Love Cycling - Sweden\",\"description\":\"\u0160koda We Love Cycling - Sweden\",\"potentialAction\":[{\"@type\":\"SearchAction\",\"target\":{\"@type\":\"EntryPoint\",\"urlTemplate\":\"https:\/\/www.welovecycling.com\/se\/?s={search_term_string}\"},\"query-input\":{\"@type\":\"PropertyValueSpecification\",\"valueRequired\":true,\"valueName\":\"search_term_string\"}}],\"inLanguage\":\"sv-SE\"}]}<\/script>\n<!-- \/ Yoast SEO Premium plugin. -->","yoast_head_json":{"title":"Nina Lindstr\u00f6m - \u0160koda - We Love Cycling - Sweden","robots":{"index":"index","follow":"follow","max-snippet":"max-snippet:-1","max-image-preview":"max-image-preview:large","max-video-preview":"max-video-preview:-1"},"canonical":"https:\/\/www.welovecycling.com\/se\/skoda-cycling-team\/skoda-cycling-team-2022\/nina-lindstrom\/","og_locale":"sv_SE","og_type":"article","og_title":"Nina Lindstr\u00f6m","og_description":"Namn: Nina Lindstr\u00f6m Instagram: nina_m_lindstrom \u00c5lder: 36 \u00e5r L\u00e4ngd:\u00a0168 cm Bor:\u00a0Saltsj\u00f6-Boo Familj:\u00a0Man, tv\u00e5 hundar och sex cyklar (!) Yrke:\u00a0Ink\u00f6pare sportmode [&hellip;]","og_url":"https:\/\/www.welovecycling.com\/se\/skoda-cycling-team\/skoda-cycling-team-2022\/nina-lindstrom\/","og_site_name":"\u0160koda - We Love Cycling - Sweden","article_modified_time":"2021-03-25T11:16:09+00:00","og_image":[{"url":"https:\/\/d2p6e6u75xmxt8.cloudfront.net\/9\/2021\/03\/Nina-Lindstrom_530x800.jpeg","type":"","width":"","height":""}],"twitter_card":"summary_large_image","twitter_misc":{"Est. reading time":"2 minutes"},"schema":{"@context":"https:\/\/schema.org","@graph":[{"@type":"WebPage","@id":"https:\/\/www.welovecycling.com\/se\/skoda-cycling-team\/skoda-cycling-team-2022\/nina-lindstrom\/","url":"https:\/\/www.welovecycling.com\/se\/skoda-cycling-team\/skoda-cycling-team-2022\/nina-lindstrom\/","name":"Nina Lindstr\u00f6m - \u0160koda - We Love Cycling - Sweden","isPartOf":{"@id":"https:\/\/www.welovecycling.com\/se\/#website"},"primaryImageOfPage":{"@id":"https:\/\/www.welovecycling.com\/se\/skoda-cycling-team\/skoda-cycling-team-2022\/nina-lindstrom\/#primaryimage"},"image":{"@id":"https:\/\/www.welovecycling.com\/se\/skoda-cycling-team\/skoda-cycling-team-2022\/nina-lindstrom\/#primaryimage"},"thumbnailUrl":"https:\/\/d2p6e6u75xmxt8.cloudfront.net\/9\/2021\/03\/Nina-Lindstrom_530x800.jpeg","datePublished":"2021-01-18T09:38:36+00:00","dateModified":"2021-03-25T11:16:09+00:00","breadcrumb":{"@id":"https:\/\/www.welovecycling.com\/se\/skoda-cycling-team\/skoda-cycling-team-2022\/nina-lindstrom\/#breadcrumb"},"inLanguage":"sv-SE","potentialAction":[{"@type":"ReadAction","target":["https:\/\/www.welovecycling.com\/se\/skoda-cycling-team\/skoda-cycling-team-2022\/nina-lindstrom\/"]}]},{"@type":"ImageObject","inLanguage":"sv-SE","@id":"https:\/\/www.welovecycling.com\/se\/skoda-cycling-team\/skoda-cycling-team-2022\/nina-lindstrom\/#primaryimage","url":"https:\/\/d2p6e6u75xmxt8.cloudfront.net\/9\/2021\/03\/Nina-Lindstrom_530x800.jpeg","contentUrl":"https:\/\/d2p6e6u75xmxt8.cloudfront.net\/9\/2021\/03\/Nina-Lindstrom_530x800.jpeg"},{"@type":"BreadcrumbList","@id":"https:\/\/www.welovecycling.com\/se\/skoda-cycling-team\/skoda-cycling-team-2022\/nina-lindstrom\/#breadcrumb","itemListElement":[{"@type":"ListItem","position":1,"name":"Home","item":"https:\/\/www.welovecycling.com\/se\/"},{"@type":"ListItem","position":2,"name":"\u0160koda Cycling Team","item":"https:\/\/www.welovecycling.com\/se\/skoda-cycling-team\/"},{"@type":"ListItem","position":3,"name":"\u0160koda Cycling Team 2022","item":"https:\/\/www.welovecycling.com\/se\/skoda-cycling-team\/skoda-cycling-team-2022\/"},{"@type":"ListItem","position":4,"name":"Nina Lindstr\u00f6m"}]},{"@type":"WebSite","@id":"https:\/\/www.welovecycling.com\/se\/#website","url":"https:\/\/www.welovecycling.com\/se\/","name":"\u0160koda - We Love Cycling - Sweden","description":"\u0160koda We Love Cycling - Sweden","potentialAction":[{"@type":"SearchAction","target":{"@type":"EntryPoint","urlTemplate":"https:\/\/www.welovecycling.com\/se\/?s={search_term_string}"},"query-input":{"@type":"PropertyValueSpecification","valueRequired":true,"valueName":"search_term_string"}}],"inLanguage":"sv-SE"}]}},"_links":{"self":[{"href":"https:\/\/www.welovecycling.com\/se\/wp-json\/wp\/v2\/pages\/3124","targetHints":{"allow":["GET"]}}],"collection":[{"href":"https:\/\/www.welovecycling.com\/se\/wp-json\/wp\/v2\/pages"}],"about":[{"href":"https:\/\/www.welovecycling.com\/se\/wp-json\/wp\/v2\/types\/page"}],"author":[{"embeddable":true,"href":"https:\/\/www.welovecycling.com\/se\/wp-json\/wp\/v2\/users\/135"}],"replies":[{"embeddable":true,"href":"https:\/\/www.welovecycling.com\/se\/wp-json\/wp\/v2\/comments?post=3124"}],"version-history":[{"count":2,"href":"https:\/\/www.welovecycling.com\/se\/wp-json\/wp\/v2\/pages\/3124\/revisions"}],"predecessor-version":[{"id":3785,"href":"https:\/\/www.welovecycling.com\/se\/wp-json\/wp\/v2\/pages\/3124\/revisions\/3785"}],"up":[{"embeddable":true,"href":"https:\/\/www.welovecycling.com\/se\/wp-json\/wp\/v2\/pages\/3121"}],"wp:attachment":[{"href":"https:\/\/www.welovecycling.com\/se\/wp-json\/wp\/v2\/media?parent=3124"}],"wp:term":[{"taxonomy":"post_tag","embeddable":true,"href":"https:\/\/www.welovecycling.com\/se\/wp-json\/wp\/v2\/tags?post=3124"}],"curies":[{"name":"wp","href":"https:\/\/api.w.org\/{rel}","templated":true}]}}