{"id":2944,"date":"2020-11-23T14:16:41","date_gmt":"2020-11-23T13:16:41","guid":{"rendered":"https:\/\/www.welovecycling.com\/se\/?page_id=2944"},"modified":"2020-12-02T14:56:13","modified_gmt":"2020-12-02T13:56:13","slug":"arets-hjalpryttare-vinn-en-plats-i-skoda-cycling-team","status":"publish","type":"page","link":"https:\/\/www.welovecycling.com\/se\/arets-hjalpryttare-vinn-en-plats-i-skoda-cycling-team\/","title":{"rendered":"\u00c5rets hj\u00e4lpryttare \u2013\u00a0vinn en plats i SKODA Cycling Team"},"content":{"rendered":"<div id=\"pl-2944\"  class=\"panel-layout\" ><div id=\"pg-2944-0\"  class=\"panel-grid panel-no-style\" ><div id=\"pgc-2944-0-0\"  class=\"panel-grid-cell panel-grid-cell-empty\" ><\/div><div id=\"pgc-2944-0-1\"  class=\"panel-grid-cell panel-grid-cell-mobile-last\" ><div id=\"panel-2944-0-1-0\" class=\"so-panel widget widget_sow-editor panel-first-child panel-last-child\" data-index=\"0\" ><div\n\t\t\t\n\t\t\tclass=\"so-widget-sow-editor so-widget-sow-editor-base\"\n\t\t\t\n\t\t>\n<div class=\"siteorigin-widget-tinymce textwidget\">\n\t<p>&nbsp;<\/p>\n<h1>Nu letar vi efter \u00c5rets Hj\u00e4lpryttare<\/h1>\n<h4>Det har varit ett speciellt \u00e5r och en speciell cykels\u00e4song. B\u00e5de samh\u00e4llet och vi som individer har st\u00e4llts inf\u00f6r pr\u00f6vningar. Nu blickar vi fram\u00e5t och laddar inf\u00f6r n\u00e4sta s\u00e4song genom att erbjuda en hj\u00e4lte en extraplats till \u0160koda Cycling Team n\u00e4sta \u00e5r.<\/h4>\n<p>Mitt i allt m\u00f6rker som pandemin f\u00f6rt med sig har det ocks\u00e5 funnits ljus. Runt om oss finns exempel p\u00e5 m\u00e4nniskor som rest sig upp och axlat ett extra stort ansvar n\u00e4r sv\u00e5ra tider har kr\u00e4vt det. De som st\u00e5tt i sjukv\u00e5rdens frontlinje, engagerat sig ideellt, riskerat sin egen h\u00e4lsa f\u00f6r andra eller str\u00e4ckt ut en hj\u00e4lpande hand till en granne.<\/p>\n<p>Vi letar nu efter en av er, <strong>\u00c5rets Hj\u00e4lpryttare.<\/strong> N\u00e4sta \u00e5r har vi vigt en speciell plats i \u0160koda Cycling Team \u00e5t just dig. En biljett till en cykels\u00e4song du sent ska gl\u00f6mma. Nominera din granne, din sjuksk\u00f6terska eller vem det \u00e4n \u00e4r som har hj\u00e4lpt dig eller n\u00e5gon annan genom den h\u00e4r sv\u00e5ra tiden. En person som ut\u00f6ver sin hj\u00e4ltestatus \u00e4ven har en stor k\u00e4rlek till landsv\u00e4gscykling.<\/p>\n<p>Pandemin \u00e4r inte \u00f6ver men vi vill blicka fram\u00e5t och ladda med hopp inf\u00f6r n\u00e4sta s\u00e4song. Hj\u00e4lp oss att hitta \u00c5rets Hj\u00e4lpryttare!<\/p>\n<p>Nomineringen \u00e4r \u00f6ppen till den<strong> 15 Januari 2021.<\/strong> Vem som tar plats i laget meddelas den<strong> 1 februari.<\/strong><\/p>\n<\/div>\n<\/div><\/div><\/div><div id=\"pgc-2944-0-2\"  class=\"panel-grid-cell panel-grid-cell-empty\" ><\/div><\/div><div id=\"pg-2944-1\"  class=\"panel-grid panel-no-style\" ><div id=\"pgc-2944-1-0\"  class=\"panel-grid-cell panel-grid-cell-empty\" ><\/div><div id=\"pgc-2944-1-1\"  class=\"panel-grid-cell panel-grid-cell-mobile-last\" ><div id=\"panel-2944-1-1-0\" class=\"so-panel widget widget_wpforms-widget wpforms-widget panel-first-child panel-last-child\" data-index=\"1\" ><h3 class=\"widget-title\">Nominera \u00c5rets Hj\u00e4lpryttare<\/h3><div class=\"wpforms-container wpforms-container-full wpforms-render-modern\" id=\"wpforms-2980\"><form id=\"wpforms-form-2980\" class=\"wpforms-validate wpforms-form\" data-formid=\"2980\" method=\"post\" enctype=\"multipart\/form-data\" action=\"\/se\/wp-json\/wp\/v2\/pages\/2944\" data-token=\"19c56fb3416ac444f482ad66c4ad2d4d\" data-token-time=\"1777696196\"><noscript class=\"wpforms-error-noscript\">Please enable JavaScript in your browser to complete this form.<\/noscript><div class=\"wpforms-hidden\" id=\"wpforms-error-noscript\">Please enable JavaScript in your browser to complete this form.<\/div><div class=\"wpforms-field-container\"><div id=\"wpforms-2980-field_0-container\" class=\"wpforms-field wpforms-field-name\" data-field-id=\"0\"><label class=\"wpforms-field-label\" for=\"wpforms-2980-field_0\">Jag nominerar: <span class=\"wpforms-required-label\" aria-hidden=\"true\">*<\/span><\/label><input type=\"text\" id=\"wpforms-2980-field_0\" class=\"wpforms-field-small wpforms-field-required\" name=\"wpforms[fields][0]\" aria-errormessage=\"wpforms-2980-field_0-error\" required><\/div><div id=\"wpforms-2980-field_4-container\" class=\"wpforms-field wpforms-field-name\" data-field-id=\"4\"><label class=\"wpforms-field-label\" for=\"wpforms-2980-field_4\">Din e-post: <span class=\"wpforms-required-label\" aria-hidden=\"true\">*<\/span><\/label><input type=\"text\" id=\"wpforms-2980-field_4\" class=\"wpforms-field-small wpforms-field-required\" name=\"wpforms[fields][4]\" aria-errormessage=\"wpforms-2980-field_4-error\" required><\/div><div id=\"wpforms-2980-field_2-container\" class=\"wpforms-field wpforms-field-textarea\" data-field-id=\"2\"><label class=\"wpforms-field-label\" for=\"wpforms-2980-field_2\">Motivering \u00c5rets Hj\u00e4lpryttare <span class=\"wpforms-required-label\" aria-hidden=\"true\">*<\/span><\/label><textarea id=\"wpforms-2980-field_2\" class=\"wpforms-field-medium wpforms-field-required\" name=\"wpforms[fields][2]\" placeholder=\"Gl\u00f6m inte kontaktuppgifter till den du vill nominera\" aria-errormessage=\"wpforms-2980-field_2-error\" required><\/textarea><\/div><\/div><!-- .wpforms-field-container --><div class=\"wpforms-field wpforms-field-hp\"><label for=\"wpforms-2980-field-hp\" class=\"wpforms-field-label\">Email<\/label><input type=\"text\" name=\"wpforms[hp]\" id=\"wpforms-2980-field-hp\" class=\"wpforms-field-medium\"><\/div><div class=\"wpforms-submit-container\" ><input type=\"hidden\" name=\"wpforms[id]\" value=\"2980\"><input type=\"hidden\" name=\"page_title\" value=\"\"><input type=\"hidden\" name=\"page_url\" value=\"https:\/\/www.welovecycling.com\/se\/wp-json\/wp\/v2\/pages\/2944\"><button type=\"submit\" name=\"wpforms[submit]\" id=\"wpforms-submit-2980\" class=\"wpforms-submit\" data-alt-text=\"Skickar...\" data-submit-text=\"Skicka\" aria-live=\"assertive\" value=\"wpforms-submit\">Skicka<\/button><\/div><\/form><\/div>  <!-- .wpforms-container --><\/div><\/div><div id=\"pgc-2944-1-2\"  class=\"panel-grid-cell panel-grid-cell-empty\" ><\/div><\/div><div id=\"pg-2944-2\"  class=\"panel-grid panel-no-style\" ><div id=\"pgc-2944-2-0\"  class=\"panel-grid-cell panel-grid-cell-empty\" ><\/div><div id=\"pgc-2944-2-1\"  class=\"panel-grid-cell\" ><div id=\"panel-2944-2-1-0\" class=\"so-panel widget widget_sow-editor panel-first-child panel-last-child\" data-index=\"2\" ><div\n\t\t\t\n\t\t\tclass=\"so-widget-sow-editor so-widget-sow-editor-base\"\n\t\t\t\n\t\t>\n<div class=\"siteorigin-widget-tinymce textwidget\">\n\t<h2>Vad kr\u00e4vs?<\/h2>\n<p>\u2013 Stort hj\u00e4rta<br \/>\n\u2013 K\u00e4rlek till cykelsporten<br \/>\n\u2013 Fysiskt god kondition<br \/>\n\u2013 Erfarenhet av att cykla i klunga<br \/>\n\u2013 Kan delta p\u00e5 V\u00e4tternrundan 2021<\/p>\n<\/div>\n<\/div><\/div><\/div><div id=\"pgc-2944-2-2\"  class=\"panel-grid-cell panel-grid-cell-mobile-last\" ><div id=\"panel-2944-2-2-0\" class=\"so-panel widget widget_sow-editor panel-first-child panel-last-child\" data-index=\"3\" ><div\n\t\t\t\n\t\t\tclass=\"so-widget-sow-editor so-widget-sow-editor-base\"\n\t\t\t\n\t\t>\n<div class=\"siteorigin-widget-tinymce textwidget\">\n\t<h2 class=\"LC20lb DKV0Md\">Det h\u00e4r f\u00e5r den utvalde<\/h2>\n<p>\u2013 Hj\u00e4lm och glas\u00f6gon fr\u00e5n POC<br \/>\n\u2013 Cykeldator fr\u00e5n Garmin<br \/>\n\u2013 Team-kit fr\u00e5n Verge<br \/>\n\u2013 Professionel tr\u00e4nare<br \/>\n\u2013\u00a0Energi fr\u00e5n Maurten<br \/>\n\u2013 Tr\u00e4ningsprogram &amp; fystest<br \/>\n\u2013 Tr\u00e4ningsl\u00e4ger<br \/>\n\u2013 V\u00e4tternrundan 2021<br \/>\n\u2013 Cykelkompisar f\u00f6r livet<\/p>\n<\/div>\n<\/div><\/div><\/div><div id=\"pgc-2944-2-3\"  class=\"panel-grid-cell panel-grid-cell-empty\" ><\/div><\/div><div id=\"pg-2944-3\"  class=\"panel-grid panel-no-style\" ><div id=\"pgc-2944-3-0\"  class=\"panel-grid-cell panel-grid-cell-empty\" ><\/div><div id=\"pgc-2944-3-1\"  class=\"panel-grid-cell panel-grid-cell-mobile-last\" ><div id=\"panel-2944-3-1-0\" class=\"so-panel widget widget_sow-editor panel-first-child panel-last-child\" data-index=\"4\" ><div\n\t\t\t\n\t\t\tclass=\"so-widget-sow-editor so-widget-sow-editor-base\"\n\t\t\t\n\t\t>\n<div class=\"siteorigin-widget-tinymce textwidget\">\n\t<h2>Kontakta oss g\u00e4rna vid fr\u00e5gor<\/h2>\n<p>REKRYTERING<br \/>\n<a href=\"http:\/\/rekrytering@skodacyclingteam.se\">rekrytering@skodacyclingteam.se<\/a><\/p>\n<p>TEAMANSVARIG<br \/>\n<a href=\"mailto:erik@skodacyclingteam.se\">erik@skodacyclingteam.se<br \/>\n<\/a>Erik Leonsson besvarar fr\u00e5gor kring partners, aktiviteter och om teamet generellt.<\/p>\n<\/div>\n<\/div><\/div><\/div><div id=\"pgc-2944-3-2\"  class=\"panel-grid-cell panel-grid-cell-empty\" ><\/div><\/div><\/div>","protected":false},"excerpt":{"rendered":"<p>&nbsp; Nu letar vi efter \u00c5rets Hj\u00e4lpryttare Det har varit ett speciellt \u00e5r och en speciell cykels\u00e4song. B\u00e5de samh\u00e4llet och [&hellip;]<\/p>\n","protected":false},"author":52,"featured_media":2946,"parent":0,"menu_order":0,"comment_status":"closed","ping_status":"closed","template":"templates\/template-empty-page-headline.php","meta":{"footnotes":""},"tags":[],"class_list":["post-2944","page","type-page","status-publish","has-post-thumbnail","hentry"],"yoast_head":"<!-- This site is optimized with the Yoast SEO Premium plugin v25.3 (Yoast SEO v25.9) - https:\/\/yoast.com\/wordpress\/plugins\/seo\/ -->\n<title>\u00c5rets hj\u00e4lpryttare \u2013\u00a0vinn en plats i SKODA Cycling Team - \u0160koda - We Love Cycling - Sweden<\/title>\n<meta name=\"description\" content=\"Nu s\u00f6ker vi \u00e5rets hj\u00e4lpryttare 2020. En person med stort hj\u00e4rta som gjort det d\u00e4r extra f\u00f6r sina medm\u00e4nniskor under \u00e5ret.\" \/>\n<meta name=\"robots\" content=\"index, follow, max-snippet:-1, max-image-preview:large, max-video-preview:-1\" \/>\n<link rel=\"canonical\" href=\"https:\/\/www.welovecycling.com\/se\/arets-hjalpryttare-vinn-en-plats-i-skoda-cycling-team\/\" \/>\n<meta property=\"og:locale\" content=\"sv_SE\" \/>\n<meta property=\"og:type\" content=\"article\" \/>\n<meta property=\"og:title\" content=\"\u00c5rets hj\u00e4lpryttare \u2013\u00a0vinn en plats i SKODA Cycling Team\" \/>\n<meta property=\"og:description\" content=\"Nu s\u00f6ker vi \u00e5rets hj\u00e4lpryttare 2020. En person med stort hj\u00e4rta som gjort det d\u00e4r extra f\u00f6r sina medm\u00e4nniskor under \u00e5ret.\" \/>\n<meta property=\"og:url\" content=\"https:\/\/www.welovecycling.com\/se\/arets-hjalpryttare-vinn-en-plats-i-skoda-cycling-team\/\" \/>\n<meta property=\"og:site_name\" content=\"\u0160koda - We Love Cycling - Sweden\" \/>\n<meta property=\"article:modified_time\" content=\"2020-12-02T13:56:13+00:00\" \/>\n<meta property=\"og:image\" content=\"https:\/\/d2p6e6u75xmxt8.cloudfront.net\/9\/2020\/11\/SKODA_Camp_Bike_180511__1818.jpg\" \/>\n\t<meta property=\"og:image:width\" content=\"2048\" \/>\n\t<meta property=\"og:image:height\" content=\"1365\" \/>\n\t<meta property=\"og:image:type\" content=\"image\/jpeg\" \/>\n<meta name=\"twitter:card\" content=\"summary_large_image\" \/>\n<meta name=\"twitter:label1\" content=\"Est. reading time\" \/>\n\t<meta name=\"twitter:data1\" content=\"2 minutes\" \/>\n<script type=\"application\/ld+json\" class=\"yoast-schema-graph\">{\"@context\":\"https:\/\/schema.org\",\"@graph\":[{\"@type\":\"WebPage\",\"@id\":\"https:\/\/www.welovecycling.com\/se\/arets-hjalpryttare-vinn-en-plats-i-skoda-cycling-team\/\",\"url\":\"https:\/\/www.welovecycling.com\/se\/arets-hjalpryttare-vinn-en-plats-i-skoda-cycling-team\/\",\"name\":\"\u00c5rets hj\u00e4lpryttare \u2013\u00a0vinn en plats i SKODA Cycling Team - \u0160koda - We Love Cycling - Sweden\",\"isPartOf\":{\"@id\":\"https:\/\/www.welovecycling.com\/se\/#website\"},\"primaryImageOfPage\":{\"@id\":\"https:\/\/www.welovecycling.com\/se\/arets-hjalpryttare-vinn-en-plats-i-skoda-cycling-team\/#primaryimage\"},\"image\":{\"@id\":\"https:\/\/www.welovecycling.com\/se\/arets-hjalpryttare-vinn-en-plats-i-skoda-cycling-team\/#primaryimage\"},\"thumbnailUrl\":\"https:\/\/d2p6e6u75xmxt8.cloudfront.net\/9\/2020\/11\/SKODA_Camp_Bike_180511__1818.jpg\",\"datePublished\":\"2020-11-23T13:16:41+00:00\",\"dateModified\":\"2020-12-02T13:56:13+00:00\",\"description\":\"Nu s\u00f6ker vi \u00e5rets hj\u00e4lpryttare 2020. En person med stort hj\u00e4rta som gjort det d\u00e4r extra f\u00f6r sina medm\u00e4nniskor under \u00e5ret.\",\"breadcrumb\":{\"@id\":\"https:\/\/www.welovecycling.com\/se\/arets-hjalpryttare-vinn-en-plats-i-skoda-cycling-team\/#breadcrumb\"},\"inLanguage\":\"sv-SE\",\"potentialAction\":[{\"@type\":\"ReadAction\",\"target\":[\"https:\/\/www.welovecycling.com\/se\/arets-hjalpryttare-vinn-en-plats-i-skoda-cycling-team\/\"]}]},{\"@type\":\"ImageObject\",\"inLanguage\":\"sv-SE\",\"@id\":\"https:\/\/www.welovecycling.com\/se\/arets-hjalpryttare-vinn-en-plats-i-skoda-cycling-team\/#primaryimage\",\"url\":\"https:\/\/d2p6e6u75xmxt8.cloudfront.net\/9\/2020\/11\/SKODA_Camp_Bike_180511__1818.jpg\",\"contentUrl\":\"https:\/\/d2p6e6u75xmxt8.cloudfront.net\/9\/2020\/11\/SKODA_Camp_Bike_180511__1818.jpg\",\"width\":2048,\"height\":1365,\"caption\":\"\u00c5rets hj\u00e4lpryttare\"},{\"@type\":\"BreadcrumbList\",\"@id\":\"https:\/\/www.welovecycling.com\/se\/arets-hjalpryttare-vinn-en-plats-i-skoda-cycling-team\/#breadcrumb\",\"itemListElement\":[{\"@type\":\"ListItem\",\"position\":1,\"name\":\"Home\",\"item\":\"https:\/\/www.welovecycling.com\/se\/\"},{\"@type\":\"ListItem\",\"position\":2,\"name\":\"\u00c5rets hj\u00e4lpryttare \u2013\u00a0vinn en plats i SKODA Cycling Team\"}]},{\"@type\":\"WebSite\",\"@id\":\"https:\/\/www.welovecycling.com\/se\/#website\",\"url\":\"https:\/\/www.welovecycling.com\/se\/\",\"name\":\"\u0160koda - We Love Cycling - Sweden\",\"description\":\"\u0160koda We Love Cycling - Sweden\",\"potentialAction\":[{\"@type\":\"SearchAction\",\"target\":{\"@type\":\"EntryPoint\",\"urlTemplate\":\"https:\/\/www.welovecycling.com\/se\/?s={search_term_string}\"},\"query-input\":{\"@type\":\"PropertyValueSpecification\",\"valueRequired\":true,\"valueName\":\"search_term_string\"}}],\"inLanguage\":\"sv-SE\"}]}<\/script>\n<!-- \/ Yoast SEO Premium plugin. -->","yoast_head_json":{"title":"\u00c5rets hj\u00e4lpryttare \u2013\u00a0vinn en plats i SKODA Cycling Team - \u0160koda - We Love Cycling - Sweden","description":"Nu s\u00f6ker vi \u00e5rets hj\u00e4lpryttare 2020. En person med stort hj\u00e4rta som gjort det d\u00e4r extra f\u00f6r sina medm\u00e4nniskor under \u00e5ret.","robots":{"index":"index","follow":"follow","max-snippet":"max-snippet:-1","max-image-preview":"max-image-preview:large","max-video-preview":"max-video-preview:-1"},"canonical":"https:\/\/www.welovecycling.com\/se\/arets-hjalpryttare-vinn-en-plats-i-skoda-cycling-team\/","og_locale":"sv_SE","og_type":"article","og_title":"\u00c5rets hj\u00e4lpryttare \u2013\u00a0vinn en plats i SKODA Cycling Team","og_description":"Nu s\u00f6ker vi \u00e5rets hj\u00e4lpryttare 2020. En person med stort hj\u00e4rta som gjort det d\u00e4r extra f\u00f6r sina medm\u00e4nniskor under \u00e5ret.","og_url":"https:\/\/www.welovecycling.com\/se\/arets-hjalpryttare-vinn-en-plats-i-skoda-cycling-team\/","og_site_name":"\u0160koda - We Love Cycling - Sweden","article_modified_time":"2020-12-02T13:56:13+00:00","og_image":[{"width":2048,"height":1365,"url":"https:\/\/d2p6e6u75xmxt8.cloudfront.net\/9\/2020\/11\/SKODA_Camp_Bike_180511__1818.jpg","type":"image\/jpeg"}],"twitter_card":"summary_large_image","twitter_misc":{"Est. reading time":"2 minutes"},"schema":{"@context":"https:\/\/schema.org","@graph":[{"@type":"WebPage","@id":"https:\/\/www.welovecycling.com\/se\/arets-hjalpryttare-vinn-en-plats-i-skoda-cycling-team\/","url":"https:\/\/www.welovecycling.com\/se\/arets-hjalpryttare-vinn-en-plats-i-skoda-cycling-team\/","name":"\u00c5rets hj\u00e4lpryttare \u2013\u00a0vinn en plats i SKODA Cycling Team - \u0160koda - We Love Cycling - Sweden","isPartOf":{"@id":"https:\/\/www.welovecycling.com\/se\/#website"},"primaryImageOfPage":{"@id":"https:\/\/www.welovecycling.com\/se\/arets-hjalpryttare-vinn-en-plats-i-skoda-cycling-team\/#primaryimage"},"image":{"@id":"https:\/\/www.welovecycling.com\/se\/arets-hjalpryttare-vinn-en-plats-i-skoda-cycling-team\/#primaryimage"},"thumbnailUrl":"https:\/\/d2p6e6u75xmxt8.cloudfront.net\/9\/2020\/11\/SKODA_Camp_Bike_180511__1818.jpg","datePublished":"2020-11-23T13:16:41+00:00","dateModified":"2020-12-02T13:56:13+00:00","description":"Nu s\u00f6ker vi \u00e5rets hj\u00e4lpryttare 2020. En person med stort hj\u00e4rta som gjort det d\u00e4r extra f\u00f6r sina medm\u00e4nniskor under \u00e5ret.","breadcrumb":{"@id":"https:\/\/www.welovecycling.com\/se\/arets-hjalpryttare-vinn-en-plats-i-skoda-cycling-team\/#breadcrumb"},"inLanguage":"sv-SE","potentialAction":[{"@type":"ReadAction","target":["https:\/\/www.welovecycling.com\/se\/arets-hjalpryttare-vinn-en-plats-i-skoda-cycling-team\/"]}]},{"@type":"ImageObject","inLanguage":"sv-SE","@id":"https:\/\/www.welovecycling.com\/se\/arets-hjalpryttare-vinn-en-plats-i-skoda-cycling-team\/#primaryimage","url":"https:\/\/d2p6e6u75xmxt8.cloudfront.net\/9\/2020\/11\/SKODA_Camp_Bike_180511__1818.jpg","contentUrl":"https:\/\/d2p6e6u75xmxt8.cloudfront.net\/9\/2020\/11\/SKODA_Camp_Bike_180511__1818.jpg","width":2048,"height":1365,"caption":"\u00c5rets hj\u00e4lpryttare"},{"@type":"BreadcrumbList","@id":"https:\/\/www.welovecycling.com\/se\/arets-hjalpryttare-vinn-en-plats-i-skoda-cycling-team\/#breadcrumb","itemListElement":[{"@type":"ListItem","position":1,"name":"Home","item":"https:\/\/www.welovecycling.com\/se\/"},{"@type":"ListItem","position":2,"name":"\u00c5rets hj\u00e4lpryttare \u2013\u00a0vinn en plats i SKODA Cycling Team"}]},{"@type":"WebSite","@id":"https:\/\/www.welovecycling.com\/se\/#website","url":"https:\/\/www.welovecycling.com\/se\/","name":"\u0160koda - We Love Cycling - Sweden","description":"\u0160koda We Love Cycling - Sweden","potentialAction":[{"@type":"SearchAction","target":{"@type":"EntryPoint","urlTemplate":"https:\/\/www.welovecycling.com\/se\/?s={search_term_string}"},"query-input":{"@type":"PropertyValueSpecification","valueRequired":true,"valueName":"search_term_string"}}],"inLanguage":"sv-SE"}]}},"_links":{"self":[{"href":"https:\/\/www.welovecycling.com\/se\/wp-json\/wp\/v2\/pages\/2944","targetHints":{"allow":["GET"]}}],"collection":[{"href":"https:\/\/www.welovecycling.com\/se\/wp-json\/wp\/v2\/pages"}],"about":[{"href":"https:\/\/www.welovecycling.com\/se\/wp-json\/wp\/v2\/types\/page"}],"author":[{"embeddable":true,"href":"https:\/\/www.welovecycling.com\/se\/wp-json\/wp\/v2\/users\/52"}],"replies":[{"embeddable":true,"href":"https:\/\/www.welovecycling.com\/se\/wp-json\/wp\/v2\/comments?post=2944"}],"version-history":[{"count":2,"href":"https:\/\/www.welovecycling.com\/se\/wp-json\/wp\/v2\/pages\/2944\/revisions"}],"predecessor-version":[{"id":3015,"href":"https:\/\/www.welovecycling.com\/se\/wp-json\/wp\/v2\/pages\/2944\/revisions\/3015"}],"wp:featuredmedia":[{"embeddable":true,"href":"https:\/\/www.welovecycling.com\/se\/wp-json\/wp\/v2\/media\/2946"}],"wp:attachment":[{"href":"https:\/\/www.welovecycling.com\/se\/wp-json\/wp\/v2\/media?parent=2944"}],"wp:term":[{"taxonomy":"post_tag","embeddable":true,"href":"https:\/\/www.welovecycling.com\/se\/wp-json\/wp\/v2\/tags?post=2944"}],"curies":[{"name":"wp","href":"https:\/\/api.w.org\/{rel}","templated":true}]}}