{"id":2358,"date":"2019-10-28T10:08:19","date_gmt":"2019-10-28T09:08:19","guid":{"rendered":"https:\/\/www.welovecycling.com\/se\/?page_id=2358"},"modified":"2024-10-21T07:08:58","modified_gmt":"2024-10-21T06:08:58","slug":"ansokan","status":"publish","type":"page","link":"https:\/\/www.welovecycling.com\/se\/ansokan\/","title":{"rendered":"Ans\u00f6kan till \u0160koda Cycling Team"},"content":{"rendered":"<div id=\"pl-2358\"  class=\"panel-layout\" ><div id=\"pg-2358-0\"  class=\"panel-grid panel-no-style\" ><div id=\"pgc-2358-0-0\"  class=\"panel-grid-cell panel-grid-cell-empty\" ><\/div><div id=\"pgc-2358-0-1\"  class=\"panel-grid-cell panel-grid-cell-mobile-last\" ><div id=\"panel-2358-0-1-0\" class=\"so-panel widget widget_sow-editor panel-first-child panel-last-child\" data-index=\"0\" ><div\n\t\t\t\n\t\t\tclass=\"so-widget-sow-editor so-widget-sow-editor-base\"\n\t\t\t\n\t\t>\n<div class=\"siteorigin-widget-tinymce textwidget\">\n\t<h1>Ans\u00f6kan f\u00f6r 2025<\/h1>\n<p>Ans\u00f6kan till 2025 \u00e4r nu st\u00e4ngd och de sex uttagna cyklisterna kommer att presenteras p\u00e5 denna webbsida den 6 november.<\/p>\n<\/div>\n<\/div><\/div><\/div><div id=\"pgc-2358-0-2\"  class=\"panel-grid-cell panel-grid-cell-empty\" ><\/div><\/div><div id=\"pg-2358-1\"  class=\"panel-grid panel-no-style\" ><div id=\"pgc-2358-1-0\"  class=\"panel-grid-cell panel-grid-cell-empty\" ><\/div><div id=\"pgc-2358-1-1\"  class=\"panel-grid-cell panel-grid-cell-mobile-last\" ><div id=\"panel-2358-1-1-0\" class=\"so-panel widget widget_sow-editor panel-first-child panel-last-child\" data-index=\"1\" ><div\n\t\t\t\n\t\t\tclass=\"so-widget-sow-editor so-widget-sow-editor-base\"\n\t\t\t\n\t\t>\n<div class=\"siteorigin-widget-tinymce textwidget\">\n\t<h2>Vanliga fr\u00e5gor och svar:<\/h2>\n<p><b>Vad \u00e4r Skoda Titan Desert?\u00a0<\/b><br \/>\n<span style=\"font-weight: 400;\">Ett av cykelv\u00e4rldens mest speciella och kr\u00e4vande lopp \u00e4r bel\u00e4get mellan de vackra Atlasbergen och Sahara-\u00f6knen i Marocko. H\u00e4r har cyklister k\u00e4mpat mot sand och v\u00e4rme sedan 2006. T\u00e4vlingen \u00e4r indelad i sex etapper med ett snittl\u00e4ngd p\u00e5 100 km vardera. En del etapper \u00e4r lite l\u00e4ngre och kr\u00e4vande en andra, vissa 80 km och andra 140 km. Gemensamt f\u00f6r etapperna \u00e4r att de bjuder p\u00e5 en mix av sanddyner och kr\u00e4vande bergsterr\u00e4ng med kl\u00e4ttringar. Loppet p\u00e5g\u00e5r mellan den 1-6 maj 2025. Mer info finner du p\u00e5 <a href=\"https:\/\/www.titandesert.com\/en\">loppets hemsida.<\/a><\/span><\/p>\n<p><b>Hur ans\u00f6ker jag? <\/b><br \/>\n<span style=\"font-weight: 400;\">Ans\u00f6kan \u00e4r \u00f6ppen p\u00e5 denna sida fram till den 20 oktober. Du beh\u00f6ver bara registrerade dig s\u00e5 f\u00e5r du en l\u00e4nk till ett formul\u00e4r som tar cirka 7-10 minuter att svara p\u00e5.\u00a0<\/span><\/p>\n<p><b>Vilka krav har ni? <\/b><br \/>\n<span style=\"font-weight: 400;\">F\u00f6r att s\u00f6ka sig till oss beh\u00f6ver du vara i god fysisk form samt ha erfarenhet fr\u00e5n att cykla i terr\u00e4ng. V\u00e5rt lag \u00e4r \u00f6ppet f\u00f6r alla, vi tar inte bara ut de starkaste cyklisterna. Viktigast \u00e4r din motivation och varf\u00f6r du vill cykla med oss. Vi beh\u00f6ver ocks\u00e5 veta att du kan vara borta fr\u00e5n familj och jobb i sex dagar mellan den 1 och 6 maj. Slutligen beh\u00f6ver du vara ok med att vi filmar och fotograferar dig.<\/span><\/p>\n<p><b>Hur m\u00e5nga fler cyklister kommer starta? \u00a0<\/b><br \/>\n<span style=\"font-weight: 400;\">Totalt cirka 500 cyklister startar varje \u00e5r.\u00a0<\/span><\/p>\n<p><b>Hur tufft \u00e4r loppet?\u00a0<\/b><br \/>\n<span style=\"font-weight: 400;\">R\u00e4kna med l\u00e5nga dagar i sadeln, uppemot 10 mil per dag i kr\u00e4vande terr\u00e4ng och v\u00e4rme. Loppet har v\u00e4tskestationer och vid slutet p\u00e5 varje etapp finns t\u00e4ltcamp med mat, cykelmekaniker och annat du kan t\u00e4nkas beh\u00f6va f\u00f6r att \u00e5terh\u00e4mta dig. Varje etapp m\u00e5ste klaras av inom 12h.\u00a0<\/span><\/p>\n<p><b>Vad kostar det? <\/b><br \/>\n<span style=\"font-weight: 400;\">Ans\u00f6kan \u00e4r kostnadsfri. Det tillkommer inga kostnader f\u00f6r t\u00e4vlingen i Marocko. Vi t\u00e4cker ocks\u00e5 alla omkostnader med undantag f\u00f6r eventuella resekostnader till och fr\u00e5n v\u00e5ra tr\u00e4ffar.\u00a0<\/span><\/p>\n<p><b>Hur vet jag om jag kommit med? <\/b><br \/>\n<span style=\"font-weight: 400;\">Laget presenteras p\u00e5 <a href=\"http:\/\/www.welovecycling.se\">Welovecycling.se<\/a> den 6 november.<\/span><\/p>\n<p><strong>Vad f\u00e5r jag?\u00a0<\/strong><br \/>\n<span style=\"font-weight: 400;\">Du f\u00e5r tillg\u00e5ng till en cykel* fr\u00e5n Cannondale under s\u00e4songen. Hj\u00e4lm, glas\u00f6gon fr\u00e5n POC. Teamkit, f\u00f6rel\u00e4sningar, mental coachning, anm\u00e4lningsavgift, logi och mycket mer. <\/span><\/p>\n<p><span style=\"font-size: 8pt;\">* Cykeln har du till l\u00e5ns under hela s\u00e4songen<\/span><\/p>\n<\/div>\n<\/div><\/div><\/div><div id=\"pgc-2358-1-2\"  class=\"panel-grid-cell panel-grid-cell-empty\" ><\/div><\/div><div id=\"pg-2358-2\"  class=\"panel-grid panel-no-style\" ><div id=\"pgc-2358-2-0\"  class=\"panel-grid-cell panel-grid-cell-empty\" ><\/div><div id=\"pgc-2358-2-1\"  class=\"panel-grid-cell\" ><div id=\"panel-2358-2-1-0\" class=\"so-panel widget widget_sow-editor panel-first-child panel-last-child\" data-index=\"2\" ><div\n\t\t\t\n\t\t\tclass=\"so-widget-sow-editor so-widget-sow-editor-base\"\n\t\t\t\n\t\t>\n<div class=\"siteorigin-widget-tinymce textwidget\">\n\t<h2><strong>Ans\u00f6kningsfakta:\u00a0<\/strong><\/h2>\n<p><strong>Platser att ans\u00f6ka om:<\/strong> 6 st<\/p>\n<hr \/>\n<p><strong>Ans\u00f6kan st\u00e4nger:<\/strong> 20 oktober<\/p>\n<p><strong>N\u00e4r \u00e4r uttagningen klar:<\/strong> 6 november<\/p>\n<p><strong>Transport:<\/strong> Din cykel kommer skickas till Marocko en vecka tidigare. Cyklisterna flyger fr\u00e5n Madrid i ett chartrat plan in i \u00f6knen.<\/p>\n<hr \/>\n<p><strong>Start:<\/strong> Marocko<span style=\"font-weight: 400;\"> 1 maj.<\/span><\/p>\n<hr \/>\n<p><strong>M\u00e5l:<\/strong> <span style=\"font-weight: 400;\">\u00a06 maj<\/span><\/p>\n<p><strong>Distans:<\/strong> ca <span style=\"font-weight: 400;\">60 mil <em>(Rutten offentligg\u00f6rs 2 veckor innan start)<\/em><\/span><\/p>\n<p><strong>H\u00f6jdmeter:<\/strong> ca <span style=\"font-weight: 400;\">7.000 m <em>(Rutten offentligg\u00f6rs 2 veckor innan start)<\/em><\/span><\/p>\n<p><strong>Underlag:<\/strong> Sand och grus<\/p>\n<\/div>\n<\/div><\/div><\/div><div id=\"pgc-2358-2-2\"  class=\"panel-grid-cell panel-grid-cell-empty panel-grid-cell-mobile-last\" ><\/div><div id=\"pgc-2358-2-3\"  class=\"panel-grid-cell panel-grid-cell-empty\" ><\/div><\/div><\/div>","protected":false},"excerpt":{"rendered":"<p>Ans\u00f6kan f\u00f6r 2025 Ans\u00f6kan till 2025 \u00e4r nu st\u00e4ngd och de sex uttagna cyklisterna kommer att presenteras p\u00e5 denna webbsida [&hellip;]<\/p>\n","protected":false},"author":52,"featured_media":4895,"parent":0,"menu_order":0,"comment_status":"closed","ping_status":"closed","template":"templates\/template-empty-page-headline.php","meta":{"footnotes":""},"tags":[],"class_list":["post-2358","page","type-page","status-publish","has-post-thumbnail","hentry"],"yoast_head":"<!-- This site is optimized with the Yoast SEO Premium plugin v25.3 (Yoast SEO v25.9) - https:\/\/yoast.com\/wordpress\/plugins\/seo\/ -->\n<title>Ans\u00f6kan till \u0160koda Cycling Team - \u0160koda - We Love Cycling - Sweden<\/title>\n<meta name=\"description\" content=\"H\u00e4r ans\u00f6ker du att bli en del av \u0160koda Cycling Team och tar del av information om hur det g\u00e5r till och vad du kan f\u00f6rv\u00e4nta dig.\" \/>\n<meta name=\"robots\" content=\"index, follow, max-snippet:-1, max-image-preview:large, max-video-preview:-1\" \/>\n<link rel=\"canonical\" href=\"https:\/\/www.welovecycling.com\/se\/ansokan\/\" \/>\n<meta property=\"og:locale\" content=\"sv_SE\" \/>\n<meta property=\"og:type\" content=\"article\" \/>\n<meta property=\"og:title\" content=\"Ans\u00f6kan till \u0160koda Cycling Team\" \/>\n<meta property=\"og:description\" content=\"H\u00e4r ans\u00f6ker du att bli en del av \u0160koda Cycling Team och tar del av information om hur det g\u00e5r till och vad du kan f\u00f6rv\u00e4nta dig.\" \/>\n<meta property=\"og:url\" content=\"https:\/\/www.welovecycling.com\/se\/ansokan\/\" \/>\n<meta property=\"og:site_name\" content=\"\u0160koda - We Love Cycling - Sweden\" \/>\n<meta property=\"article:modified_time\" content=\"2024-10-21T06:08:58+00:00\" \/>\n<meta property=\"og:image\" content=\"https:\/\/d2p6e6u75xmxt8.cloudfront.net\/9\/2024\/07\/Titan-day1-71.webp\" \/>\n\t<meta property=\"og:image:width\" content=\"1800\" \/>\n\t<meta property=\"og:image:height\" content=\"1199\" \/>\n\t<meta property=\"og:image:type\" content=\"image\/webp\" \/>\n<meta name=\"twitter:card\" content=\"summary_large_image\" \/>\n<meta name=\"twitter:label1\" content=\"Est. reading time\" \/>\n\t<meta name=\"twitter:data1\" content=\"3 minutes\" \/>\n<script type=\"application\/ld+json\" class=\"yoast-schema-graph\">{\"@context\":\"https:\/\/schema.org\",\"@graph\":[{\"@type\":\"WebPage\",\"@id\":\"https:\/\/www.welovecycling.com\/se\/ansokan\/\",\"url\":\"https:\/\/www.welovecycling.com\/se\/ansokan\/\",\"name\":\"Ans\u00f6kan till \u0160koda Cycling Team - \u0160koda - We Love Cycling - Sweden\",\"isPartOf\":{\"@id\":\"https:\/\/www.welovecycling.com\/se\/#website\"},\"primaryImageOfPage\":{\"@id\":\"https:\/\/www.welovecycling.com\/se\/ansokan\/#primaryimage\"},\"image\":{\"@id\":\"https:\/\/www.welovecycling.com\/se\/ansokan\/#primaryimage\"},\"thumbnailUrl\":\"https:\/\/d2p6e6u75xmxt8.cloudfront.net\/9\/2024\/07\/Titan-day1-71.webp\",\"datePublished\":\"2019-10-28T09:08:19+00:00\",\"dateModified\":\"2024-10-21T06:08:58+00:00\",\"description\":\"H\u00e4r ans\u00f6ker du att bli en del av \u0160koda Cycling Team och tar del av information om hur det g\u00e5r till och vad du kan f\u00f6rv\u00e4nta dig.\",\"breadcrumb\":{\"@id\":\"https:\/\/www.welovecycling.com\/se\/ansokan\/#breadcrumb\"},\"inLanguage\":\"sv-SE\",\"potentialAction\":[{\"@type\":\"ReadAction\",\"target\":[\"https:\/\/www.welovecycling.com\/se\/ansokan\/\"]}]},{\"@type\":\"ImageObject\",\"inLanguage\":\"sv-SE\",\"@id\":\"https:\/\/www.welovecycling.com\/se\/ansokan\/#primaryimage\",\"url\":\"https:\/\/d2p6e6u75xmxt8.cloudfront.net\/9\/2024\/07\/Titan-day1-71.webp\",\"contentUrl\":\"https:\/\/d2p6e6u75xmxt8.cloudfront.net\/9\/2024\/07\/Titan-day1-71.webp\",\"width\":1800,\"height\":1199},{\"@type\":\"BreadcrumbList\",\"@id\":\"https:\/\/www.welovecycling.com\/se\/ansokan\/#breadcrumb\",\"itemListElement\":[{\"@type\":\"ListItem\",\"position\":1,\"name\":\"Home\",\"item\":\"https:\/\/www.welovecycling.com\/se\/\"},{\"@type\":\"ListItem\",\"position\":2,\"name\":\"Ans\u00f6kan till \u0160koda Cycling Team\"}]},{\"@type\":\"WebSite\",\"@id\":\"https:\/\/www.welovecycling.com\/se\/#website\",\"url\":\"https:\/\/www.welovecycling.com\/se\/\",\"name\":\"\u0160koda - We Love Cycling - Sweden\",\"description\":\"\u0160koda We Love Cycling - Sweden\",\"potentialAction\":[{\"@type\":\"SearchAction\",\"target\":{\"@type\":\"EntryPoint\",\"urlTemplate\":\"https:\/\/www.welovecycling.com\/se\/?s={search_term_string}\"},\"query-input\":{\"@type\":\"PropertyValueSpecification\",\"valueRequired\":true,\"valueName\":\"search_term_string\"}}],\"inLanguage\":\"sv-SE\"}]}<\/script>\n<!-- \/ Yoast SEO Premium plugin. -->","yoast_head_json":{"title":"Ans\u00f6kan till \u0160koda Cycling Team - \u0160koda - We Love Cycling - Sweden","description":"H\u00e4r ans\u00f6ker du att bli en del av \u0160koda Cycling Team och tar del av information om hur det g\u00e5r till och vad du kan f\u00f6rv\u00e4nta dig.","robots":{"index":"index","follow":"follow","max-snippet":"max-snippet:-1","max-image-preview":"max-image-preview:large","max-video-preview":"max-video-preview:-1"},"canonical":"https:\/\/www.welovecycling.com\/se\/ansokan\/","og_locale":"sv_SE","og_type":"article","og_title":"Ans\u00f6kan till \u0160koda Cycling Team","og_description":"H\u00e4r ans\u00f6ker du att bli en del av \u0160koda Cycling Team och tar del av information om hur det g\u00e5r till och vad du kan f\u00f6rv\u00e4nta dig.","og_url":"https:\/\/www.welovecycling.com\/se\/ansokan\/","og_site_name":"\u0160koda - We Love Cycling - Sweden","article_modified_time":"2024-10-21T06:08:58+00:00","og_image":[{"width":1800,"height":1199,"url":"https:\/\/d2p6e6u75xmxt8.cloudfront.net\/9\/2024\/07\/Titan-day1-71.webp","type":"image\/webp"}],"twitter_card":"summary_large_image","twitter_misc":{"Est. reading time":"3 minutes"},"schema":{"@context":"https:\/\/schema.org","@graph":[{"@type":"WebPage","@id":"https:\/\/www.welovecycling.com\/se\/ansokan\/","url":"https:\/\/www.welovecycling.com\/se\/ansokan\/","name":"Ans\u00f6kan till \u0160koda Cycling Team - \u0160koda - We Love Cycling - Sweden","isPartOf":{"@id":"https:\/\/www.welovecycling.com\/se\/#website"},"primaryImageOfPage":{"@id":"https:\/\/www.welovecycling.com\/se\/ansokan\/#primaryimage"},"image":{"@id":"https:\/\/www.welovecycling.com\/se\/ansokan\/#primaryimage"},"thumbnailUrl":"https:\/\/d2p6e6u75xmxt8.cloudfront.net\/9\/2024\/07\/Titan-day1-71.webp","datePublished":"2019-10-28T09:08:19+00:00","dateModified":"2024-10-21T06:08:58+00:00","description":"H\u00e4r ans\u00f6ker du att bli en del av \u0160koda Cycling Team och tar del av information om hur det g\u00e5r till och vad du kan f\u00f6rv\u00e4nta dig.","breadcrumb":{"@id":"https:\/\/www.welovecycling.com\/se\/ansokan\/#breadcrumb"},"inLanguage":"sv-SE","potentialAction":[{"@type":"ReadAction","target":["https:\/\/www.welovecycling.com\/se\/ansokan\/"]}]},{"@type":"ImageObject","inLanguage":"sv-SE","@id":"https:\/\/www.welovecycling.com\/se\/ansokan\/#primaryimage","url":"https:\/\/d2p6e6u75xmxt8.cloudfront.net\/9\/2024\/07\/Titan-day1-71.webp","contentUrl":"https:\/\/d2p6e6u75xmxt8.cloudfront.net\/9\/2024\/07\/Titan-day1-71.webp","width":1800,"height":1199},{"@type":"BreadcrumbList","@id":"https:\/\/www.welovecycling.com\/se\/ansokan\/#breadcrumb","itemListElement":[{"@type":"ListItem","position":1,"name":"Home","item":"https:\/\/www.welovecycling.com\/se\/"},{"@type":"ListItem","position":2,"name":"Ans\u00f6kan till \u0160koda Cycling Team"}]},{"@type":"WebSite","@id":"https:\/\/www.welovecycling.com\/se\/#website","url":"https:\/\/www.welovecycling.com\/se\/","name":"\u0160koda - We Love Cycling - Sweden","description":"\u0160koda We Love Cycling - Sweden","potentialAction":[{"@type":"SearchAction","target":{"@type":"EntryPoint","urlTemplate":"https:\/\/www.welovecycling.com\/se\/?s={search_term_string}"},"query-input":{"@type":"PropertyValueSpecification","valueRequired":true,"valueName":"search_term_string"}}],"inLanguage":"sv-SE"}]}},"_links":{"self":[{"href":"https:\/\/www.welovecycling.com\/se\/wp-json\/wp\/v2\/pages\/2358","targetHints":{"allow":["GET"]}}],"collection":[{"href":"https:\/\/www.welovecycling.com\/se\/wp-json\/wp\/v2\/pages"}],"about":[{"href":"https:\/\/www.welovecycling.com\/se\/wp-json\/wp\/v2\/types\/page"}],"author":[{"embeddable":true,"href":"https:\/\/www.welovecycling.com\/se\/wp-json\/wp\/v2\/users\/52"}],"replies":[{"embeddable":true,"href":"https:\/\/www.welovecycling.com\/se\/wp-json\/wp\/v2\/comments?post=2358"}],"version-history":[{"count":6,"href":"https:\/\/www.welovecycling.com\/se\/wp-json\/wp\/v2\/pages\/2358\/revisions"}],"predecessor-version":[{"id":4965,"href":"https:\/\/www.welovecycling.com\/se\/wp-json\/wp\/v2\/pages\/2358\/revisions\/4965"}],"wp:featuredmedia":[{"embeddable":true,"href":"https:\/\/www.welovecycling.com\/se\/wp-json\/wp\/v2\/media\/4895"}],"wp:attachment":[{"href":"https:\/\/www.welovecycling.com\/se\/wp-json\/wp\/v2\/media?parent=2358"}],"wp:term":[{"taxonomy":"post_tag","embeddable":true,"href":"https:\/\/www.welovecycling.com\/se\/wp-json\/wp\/v2\/tags?post=2358"}],"curies":[{"name":"wp","href":"https:\/\/api.w.org\/{rel}","templated":true}]}}