{"id":1947,"date":"2019-04-03T10:31:33","date_gmt":"2019-04-03T09:31:33","guid":{"rendered":"https:\/\/www.welovecycling.com\/se\/?page_id=1947"},"modified":"2022-03-24T13:00:26","modified_gmt":"2022-03-24T12:00:26","slug":"cecilia-widegren","status":"publish","type":"page","link":"https:\/\/www.welovecycling.com\/se\/skoda-cycling-team\/skoda-cycling-team-2022\/cecilia-widegren\/","title":{"rendered":"Cecilia Widegren"},"content":{"rendered":"<div id=\"pl-1947\"  class=\"panel-layout\" ><div id=\"pg-1947-0\"  class=\"panel-grid panel-no-style\" ><div id=\"pgc-1947-0-0\"  class=\"panel-grid-cell panel-grid-cell-empty\" ><\/div><\/div><div id=\"pg-1947-1\"  class=\"panel-grid panel-no-style\" ><div id=\"pgc-1947-1-0\"  class=\"panel-grid-cell panel-grid-cell-empty\" ><\/div><div id=\"pgc-1947-1-1\"  class=\"panel-grid-cell\" ><div id=\"panel-1947-1-1-0\" class=\"so-panel widget widget_sow-editor panel-first-child panel-last-child\" data-index=\"0\" ><div\n\t\t\t\n\t\t\tclass=\"so-widget-sow-editor so-widget-sow-editor-base\"\n\t\t\t\n\t\t>\n<div class=\"siteorigin-widget-tinymce textwidget\">\n\t<p><a href=\"https:\/\/d2p6e6u75xmxt8.cloudfront.net\/9\/2022\/03\/220226-SCT_Cecilia_9700.jpg\"><img loading=\"lazy\" decoding=\"async\" class=\"alignnone wp-image-4275 size-extra-large\" src=\"https:\/\/d2p6e6u75xmxt8.cloudfront.net\/9\/2022\/03\/220226-SCT_Cecilia_9700-1440x1920.jpg\" alt=\"\" width=\"1440\" height=\"1920\" srcset=\"https:\/\/d2p6e6u75xmxt8.cloudfront.net\/9\/2022\/03\/220226-SCT_Cecilia_9700-1440x1920.jpg 1440w, https:\/\/d2p6e6u75xmxt8.cloudfront.net\/9\/2022\/03\/220226-SCT_Cecilia_9700-225x300.jpg 225w, https:\/\/d2p6e6u75xmxt8.cloudfront.net\/9\/2022\/03\/220226-SCT_Cecilia_9700-768x1024.jpg 768w, https:\/\/d2p6e6u75xmxt8.cloudfront.net\/9\/2022\/03\/220226-SCT_Cecilia_9700-1152x1536.jpg 1152w, https:\/\/d2p6e6u75xmxt8.cloudfront.net\/9\/2022\/03\/220226-SCT_Cecilia_9700.jpg 1500w, https:\/\/d2p6e6u75xmxt8.cloudfront.net\/9\/2022\/03\/220226-SCT_Cecilia_9700-1440x1920.jpg 1440w\" sizes=\"auto, (max-width: 1440px) 100vw, 1440px\" \/><\/a><\/p>\n<\/div>\n<\/div><\/div><\/div><div id=\"pgc-1947-1-2\"  class=\"panel-grid-cell panel-grid-cell-mobile-last\" ><div id=\"panel-1947-1-2-0\" class=\"so-panel widget widget_sow-editor panel-first-child panel-last-child\" data-index=\"1\" ><div\n\t\t\t\n\t\t\tclass=\"so-widget-sow-editor so-widget-sow-editor-base\"\n\t\t\t\n\t\t>\n<div class=\"siteorigin-widget-tinymce textwidget\">\n\t<h1><span style=\"font-weight: 400;\">Cecilia Erling Widegren<\/span><\/h1>\n<p><b>Namn: <\/b><span style=\"font-weight: 400;\">Cecilia Widegren<br \/>\n<\/span><b>Instagram: <\/b><span style=\"font-weight: 400;\"><a href=\"https:\/\/www.instagram.com\/cissiwide\/\">cissiwide<\/a><br \/>\n<\/span><b>\u00c5lder:<\/b><span style=\"font-weight: 400;\"> 47<br \/>\n<\/span><b>L\u00e4ngd:<\/b><span style=\"font-weight: 400;\"> 160<br \/>\n<\/span><b>Bor:<\/b><span style=\"font-weight: 400;\"> Eker\u00f6<br \/>\n<\/span><b>Familj:<\/b><span style=\"font-weight: 400;\"> 2 barn o maken<br \/>\n<\/span><b>Yrke:<\/b><span style=\"font-weight: 400;\"> Leg Ortopedingenj\u00f6r<\/span><\/p>\n<p><b>Vilket \u00e4r ditt f\u00f6rsta intryck av din rekryt Jona? <\/b><span style=\"font-weight: 400;\">Hon har enormt mycket kunskap om att tr\u00e4na uth\u00e5llighetsidrott och kan dela med sig av det till oss. Att hon kallas Yogajona visar p\u00e5 andra bra egenskaper. Hon k\u00e4nns trygg och ska bli s\u00e5 h\u00e4rligt att h\u00e4nga med henne i v\u00e5r.\u00a0<\/span><\/p>\n<p><b>Vad kommer din rekryt dra nytta av hos dig?<\/b><span style=\"font-weight: 400;\">\u00a0<\/span><span style=\"font-weight: 400;\">Jag kommer ha koll p\u00e5 henne under v\u00e5ren och peppa henne.<\/span><span style=\"font-weight: 400;\">\u00a0<\/span><\/p>\n<p><b>Hur k\u00e4nns det med ett helt damlag i \u00e5r?<\/b><span style=\"font-weight: 400;\">\u00a0S\u00e5 kul och vilket g\u00e4ng!\u00a0<\/span><\/p>\n<p><b>Roligaste passen?<\/b><span style=\"font-weight: 400;\">\u00a0<\/span><span style=\"font-weight: 400;\">VO2 Max<\/span><\/p>\n<p><b>V\u00e4rsta passen?<\/b><span style=\"font-weight: 400;\">\u00a0<\/span><span style=\"font-weight: 400;\">Tr\u00f6skelpass<\/span><\/p>\n<p><b>Styrkor som cyklist?<\/b><span style=\"font-weight: 400;\">\u00a0<\/span><span style=\"font-weight: 400;\">Smidig i klungan, gillar backar. Har bra p\u00e5 koll p\u00e5 de andra i klungan.<\/span><\/p>\n<p><b>Svagheter som cyklist?<\/b><span style=\"font-weight: 400;\">\u00a0<\/span><span style=\"font-weight: 400;\">Kantvind\u00a0<\/span><\/p>\n<p><b>Vad kommer du bidra med under s\u00e4songen?<\/b><span style=\"font-weight: 400;\">\u00a0<\/span><span style=\"font-weight: 400;\">Pepp och bidra d\u00e4r det beh\u00f6vs med mig.<\/span><\/p>\n<p><b>St\u00f6rsta r\u00e4dslan inf\u00f6r V\u00e4tternrundan?<\/b><span style=\"font-weight: 400;\">\u00a0<\/span><span style=\"font-weight: 400;\">Bli sjuk, har klarat mig bra hitintills<\/span><\/p>\n<p><b>Bulle eller wienerbr\u00f6d? <\/b><span style=\"font-weight: 400;\">Bulle<br \/>\n<\/span><b>Touren eller Vueltan? <\/b><span style=\"font-weight: 400;\">Touren<br \/>\n<\/span><b>Morgon eller kv\u00e4llspass?<\/b><span style=\"font-weight: 400;\"> Kv\u00e4llspass<br \/>\n<\/span><b>Uppf\u00f6r eller nedf\u00f6r?<\/b><span style=\"font-weight: 400;\"> Uppf\u00f6r<br \/>\n<\/span><b>K\u00e4nsla eller data? <\/b><span style=\"font-weight: 400;\">K\u00e4nsla<br \/>\n<\/span><b>Kort och h\u00e5rt eller l\u00e5ngt och lagom?<\/b><span style=\"font-weight: 400;\"> Borde s\u00e4ga kort och h\u00e5rt men gillar l\u00e5ngt och lagom\u00a0<\/span><\/p>\n<\/div>\n<\/div><\/div><\/div><div id=\"pgc-1947-1-3\"  class=\"panel-grid-cell panel-grid-cell-empty\" ><\/div><\/div><div id=\"pg-1947-2\"  class=\"panel-grid panel-no-style\" ><div id=\"pgc-1947-2-0\"  class=\"panel-grid-cell panel-grid-cell-empty\" ><\/div><\/div><\/div>","protected":false},"excerpt":{"rendered":"<p>Cecilia Erling Widegren Namn: Cecilia Widegren Instagram: cissiwide \u00c5lder: 47 L\u00e4ngd: 160 Bor: Eker\u00f6 Familj: 2 barn o maken Yrke: [&hellip;]<\/p>\n","protected":false},"author":52,"featured_media":0,"parent":3121,"menu_order":0,"comment_status":"closed","ping_status":"closed","template":"templates\/template-full-width.php","meta":{"footnotes":""},"tags":[],"class_list":["post-1947","page","type-page","status-publish","hentry"],"yoast_head":"<!-- This site is optimized with the Yoast SEO Premium plugin v25.3 (Yoast SEO v25.9) - https:\/\/yoast.com\/wordpress\/plugins\/seo\/ -->\n<title>Cecilia Widegren - \u0160koda - We Love Cycling - Sweden<\/title>\n<meta name=\"robots\" content=\"index, follow, max-snippet:-1, max-image-preview:large, max-video-preview:-1\" \/>\n<link rel=\"canonical\" href=\"https:\/\/www.welovecycling.com\/se\/skoda-cycling-team\/skoda-cycling-team-2022\/cecilia-widegren\/\" \/>\n<meta property=\"og:locale\" content=\"sv_SE\" \/>\n<meta property=\"og:type\" content=\"article\" \/>\n<meta property=\"og:title\" content=\"Cecilia Widegren\" \/>\n<meta property=\"og:description\" content=\"Cecilia Erling Widegren Namn: Cecilia Widegren Instagram: cissiwide \u00c5lder: 47 L\u00e4ngd: 160 Bor: Eker\u00f6 Familj: 2 barn o maken Yrke: [&hellip;]\" \/>\n<meta property=\"og:url\" content=\"https:\/\/www.welovecycling.com\/se\/skoda-cycling-team\/skoda-cycling-team-2022\/cecilia-widegren\/\" \/>\n<meta property=\"og:site_name\" content=\"\u0160koda - We Love Cycling - Sweden\" \/>\n<meta property=\"article:modified_time\" content=\"2022-03-24T12:00:26+00:00\" \/>\n<meta property=\"og:image\" content=\"https:\/\/d2p6e6u75xmxt8.cloudfront.net\/9\/2022\/03\/220226-SCT_Cecilia_9700-1440x1920.jpg\" \/>\n<meta name=\"twitter:card\" content=\"summary_large_image\" \/>\n<meta name=\"twitter:label1\" content=\"Est. reading time\" \/>\n\t<meta name=\"twitter:data1\" content=\"1 minute\" \/>\n<script type=\"application\/ld+json\" class=\"yoast-schema-graph\">{\"@context\":\"https:\/\/schema.org\",\"@graph\":[{\"@type\":\"WebPage\",\"@id\":\"https:\/\/www.welovecycling.com\/se\/skoda-cycling-team\/skoda-cycling-team-2022\/cecilia-widegren\/\",\"url\":\"https:\/\/www.welovecycling.com\/se\/skoda-cycling-team\/skoda-cycling-team-2022\/cecilia-widegren\/\",\"name\":\"Cecilia Widegren - \u0160koda - We Love Cycling - Sweden\",\"isPartOf\":{\"@id\":\"https:\/\/www.welovecycling.com\/se\/#website\"},\"primaryImageOfPage\":{\"@id\":\"https:\/\/www.welovecycling.com\/se\/skoda-cycling-team\/skoda-cycling-team-2022\/cecilia-widegren\/#primaryimage\"},\"image\":{\"@id\":\"https:\/\/www.welovecycling.com\/se\/skoda-cycling-team\/skoda-cycling-team-2022\/cecilia-widegren\/#primaryimage\"},\"thumbnailUrl\":\"https:\/\/d2p6e6u75xmxt8.cloudfront.net\/9\/2022\/03\/220226-SCT_Cecilia_9700-1440x1920.jpg\",\"datePublished\":\"2019-04-03T09:31:33+00:00\",\"dateModified\":\"2022-03-24T12:00:26+00:00\",\"breadcrumb\":{\"@id\":\"https:\/\/www.welovecycling.com\/se\/skoda-cycling-team\/skoda-cycling-team-2022\/cecilia-widegren\/#breadcrumb\"},\"inLanguage\":\"sv-SE\",\"potentialAction\":[{\"@type\":\"ReadAction\",\"target\":[\"https:\/\/www.welovecycling.com\/se\/skoda-cycling-team\/skoda-cycling-team-2022\/cecilia-widegren\/\"]}]},{\"@type\":\"ImageObject\",\"inLanguage\":\"sv-SE\",\"@id\":\"https:\/\/www.welovecycling.com\/se\/skoda-cycling-team\/skoda-cycling-team-2022\/cecilia-widegren\/#primaryimage\",\"url\":\"https:\/\/d2p6e6u75xmxt8.cloudfront.net\/9\/2022\/03\/220226-SCT_Cecilia_9700-1440x1920.jpg\",\"contentUrl\":\"https:\/\/d2p6e6u75xmxt8.cloudfront.net\/9\/2022\/03\/220226-SCT_Cecilia_9700-1440x1920.jpg\"},{\"@type\":\"BreadcrumbList\",\"@id\":\"https:\/\/www.welovecycling.com\/se\/skoda-cycling-team\/skoda-cycling-team-2022\/cecilia-widegren\/#breadcrumb\",\"itemListElement\":[{\"@type\":\"ListItem\",\"position\":1,\"name\":\"Home\",\"item\":\"https:\/\/www.welovecycling.com\/se\/\"},{\"@type\":\"ListItem\",\"position\":2,\"name\":\"\u0160koda Cycling Team\",\"item\":\"https:\/\/www.welovecycling.com\/se\/skoda-cycling-team\/\"},{\"@type\":\"ListItem\",\"position\":3,\"name\":\"\u0160koda Cycling Team 2022\",\"item\":\"https:\/\/www.welovecycling.com\/se\/skoda-cycling-team\/skoda-cycling-team-2022\/\"},{\"@type\":\"ListItem\",\"position\":4,\"name\":\"Cecilia Widegren\"}]},{\"@type\":\"WebSite\",\"@id\":\"https:\/\/www.welovecycling.com\/se\/#website\",\"url\":\"https:\/\/www.welovecycling.com\/se\/\",\"name\":\"\u0160koda - We Love Cycling - Sweden\",\"description\":\"\u0160koda We Love Cycling - Sweden\",\"potentialAction\":[{\"@type\":\"SearchAction\",\"target\":{\"@type\":\"EntryPoint\",\"urlTemplate\":\"https:\/\/www.welovecycling.com\/se\/?s={search_term_string}\"},\"query-input\":{\"@type\":\"PropertyValueSpecification\",\"valueRequired\":true,\"valueName\":\"search_term_string\"}}],\"inLanguage\":\"sv-SE\"}]}<\/script>\n<!-- \/ Yoast SEO Premium plugin. -->","yoast_head_json":{"title":"Cecilia Widegren - \u0160koda - We Love Cycling - Sweden","robots":{"index":"index","follow":"follow","max-snippet":"max-snippet:-1","max-image-preview":"max-image-preview:large","max-video-preview":"max-video-preview:-1"},"canonical":"https:\/\/www.welovecycling.com\/se\/skoda-cycling-team\/skoda-cycling-team-2022\/cecilia-widegren\/","og_locale":"sv_SE","og_type":"article","og_title":"Cecilia Widegren","og_description":"Cecilia Erling Widegren Namn: Cecilia Widegren Instagram: cissiwide \u00c5lder: 47 L\u00e4ngd: 160 Bor: Eker\u00f6 Familj: 2 barn o maken Yrke: [&hellip;]","og_url":"https:\/\/www.welovecycling.com\/se\/skoda-cycling-team\/skoda-cycling-team-2022\/cecilia-widegren\/","og_site_name":"\u0160koda - We Love Cycling - Sweden","article_modified_time":"2022-03-24T12:00:26+00:00","og_image":[{"url":"https:\/\/d2p6e6u75xmxt8.cloudfront.net\/9\/2022\/03\/220226-SCT_Cecilia_9700-1440x1920.jpg","type":"","width":"","height":""}],"twitter_card":"summary_large_image","twitter_misc":{"Est. reading time":"1 minute"},"schema":{"@context":"https:\/\/schema.org","@graph":[{"@type":"WebPage","@id":"https:\/\/www.welovecycling.com\/se\/skoda-cycling-team\/skoda-cycling-team-2022\/cecilia-widegren\/","url":"https:\/\/www.welovecycling.com\/se\/skoda-cycling-team\/skoda-cycling-team-2022\/cecilia-widegren\/","name":"Cecilia Widegren - \u0160koda - We Love Cycling - Sweden","isPartOf":{"@id":"https:\/\/www.welovecycling.com\/se\/#website"},"primaryImageOfPage":{"@id":"https:\/\/www.welovecycling.com\/se\/skoda-cycling-team\/skoda-cycling-team-2022\/cecilia-widegren\/#primaryimage"},"image":{"@id":"https:\/\/www.welovecycling.com\/se\/skoda-cycling-team\/skoda-cycling-team-2022\/cecilia-widegren\/#primaryimage"},"thumbnailUrl":"https:\/\/d2p6e6u75xmxt8.cloudfront.net\/9\/2022\/03\/220226-SCT_Cecilia_9700-1440x1920.jpg","datePublished":"2019-04-03T09:31:33+00:00","dateModified":"2022-03-24T12:00:26+00:00","breadcrumb":{"@id":"https:\/\/www.welovecycling.com\/se\/skoda-cycling-team\/skoda-cycling-team-2022\/cecilia-widegren\/#breadcrumb"},"inLanguage":"sv-SE","potentialAction":[{"@type":"ReadAction","target":["https:\/\/www.welovecycling.com\/se\/skoda-cycling-team\/skoda-cycling-team-2022\/cecilia-widegren\/"]}]},{"@type":"ImageObject","inLanguage":"sv-SE","@id":"https:\/\/www.welovecycling.com\/se\/skoda-cycling-team\/skoda-cycling-team-2022\/cecilia-widegren\/#primaryimage","url":"https:\/\/d2p6e6u75xmxt8.cloudfront.net\/9\/2022\/03\/220226-SCT_Cecilia_9700-1440x1920.jpg","contentUrl":"https:\/\/d2p6e6u75xmxt8.cloudfront.net\/9\/2022\/03\/220226-SCT_Cecilia_9700-1440x1920.jpg"},{"@type":"BreadcrumbList","@id":"https:\/\/www.welovecycling.com\/se\/skoda-cycling-team\/skoda-cycling-team-2022\/cecilia-widegren\/#breadcrumb","itemListElement":[{"@type":"ListItem","position":1,"name":"Home","item":"https:\/\/www.welovecycling.com\/se\/"},{"@type":"ListItem","position":2,"name":"\u0160koda Cycling Team","item":"https:\/\/www.welovecycling.com\/se\/skoda-cycling-team\/"},{"@type":"ListItem","position":3,"name":"\u0160koda Cycling Team 2022","item":"https:\/\/www.welovecycling.com\/se\/skoda-cycling-team\/skoda-cycling-team-2022\/"},{"@type":"ListItem","position":4,"name":"Cecilia Widegren"}]},{"@type":"WebSite","@id":"https:\/\/www.welovecycling.com\/se\/#website","url":"https:\/\/www.welovecycling.com\/se\/","name":"\u0160koda - We Love Cycling - Sweden","description":"\u0160koda We Love Cycling - Sweden","potentialAction":[{"@type":"SearchAction","target":{"@type":"EntryPoint","urlTemplate":"https:\/\/www.welovecycling.com\/se\/?s={search_term_string}"},"query-input":{"@type":"PropertyValueSpecification","valueRequired":true,"valueName":"search_term_string"}}],"inLanguage":"sv-SE"}]}},"_links":{"self":[{"href":"https:\/\/www.welovecycling.com\/se\/wp-json\/wp\/v2\/pages\/1947","targetHints":{"allow":["GET"]}}],"collection":[{"href":"https:\/\/www.welovecycling.com\/se\/wp-json\/wp\/v2\/pages"}],"about":[{"href":"https:\/\/www.welovecycling.com\/se\/wp-json\/wp\/v2\/types\/page"}],"author":[{"embeddable":true,"href":"https:\/\/www.welovecycling.com\/se\/wp-json\/wp\/v2\/users\/52"}],"replies":[{"embeddable":true,"href":"https:\/\/www.welovecycling.com\/se\/wp-json\/wp\/v2\/comments?post=1947"}],"version-history":[{"count":2,"href":"https:\/\/www.welovecycling.com\/se\/wp-json\/wp\/v2\/pages\/1947\/revisions"}],"predecessor-version":[{"id":4276,"href":"https:\/\/www.welovecycling.com\/se\/wp-json\/wp\/v2\/pages\/1947\/revisions\/4276"}],"up":[{"embeddable":true,"href":"https:\/\/www.welovecycling.com\/se\/wp-json\/wp\/v2\/pages\/3121"}],"wp:attachment":[{"href":"https:\/\/www.welovecycling.com\/se\/wp-json\/wp\/v2\/media?parent=1947"}],"wp:term":[{"taxonomy":"post_tag","embeddable":true,"href":"https:\/\/www.welovecycling.com\/se\/wp-json\/wp\/v2\/tags?post=1947"}],"curies":[{"name":"wp","href":"https:\/\/api.w.org\/{rel}","templated":true}]}}