{"id":165,"date":"2019-03-22T17:13:48","date_gmt":"2019-03-22T16:13:48","guid":{"rendered":"https:\/\/www.welovecycling.com\/se\/?page_id=165"},"modified":"2019-09-10T10:09:11","modified_gmt":"2019-09-10T09:09:11","slug":"cykeltraffar","status":"publish","type":"page","link":"https:\/\/www.welovecycling.com\/se\/cykeltraffar\/","title":{"rendered":"\u0160koda Cykeltr\u00e4ffar"},"content":{"rendered":"<div id=\"pl-165\"  class=\"panel-layout\" ><div id=\"pg-165-0\"  class=\"panel-grid panel-no-style\" ><div id=\"pgc-165-0-0\"  class=\"panel-grid-cell panel-grid-cell-empty\" ><\/div><div id=\"pgc-165-0-1\"  class=\"panel-grid-cell panel-grid-cell-mobile-last\" ><div id=\"panel-165-0-1-0\" class=\"so-panel widget widget_sow-editor panel-first-child panel-last-child\" data-index=\"0\" ><div\n\t\t\t\n\t\t\tclass=\"so-widget-sow-editor so-widget-sow-editor-base\"\n\t\t\t\n\t\t>\n<div class=\"siteorigin-widget-tinymce textwidget\">\n\t<h1>F\u00f6rbered dig inf\u00f6r V\u00e4tternrundan, v\u00e4lkommen till \u0160koda Cykeltr\u00e4ffar<\/h1>\n<p><span style=\"font-weight: 400;\">Vi vill bjuda in dig till en kv\u00e4ll f\u00f6r att prata cykling och V\u00e4tternrundan. Tillsammans med partners ger vi dig v\u00e4rdefulla tips inf\u00f6r cykels\u00e4songen och V\u00e4tternrundan. L\u00e4r dig mer om hur du kan maximera tr\u00e4ningen, tekniken och utrustningen f\u00f6r att utvecklas som cyklist, klara V\u00e4tternrundan och f\u00e5 \u00e4nnu roligare cykelrundor.<br \/>\n<\/span><\/p>\n<p><span style=\"font-weight: 400;\">Dessutom finns \u0160koda Cycling Team p\u00e5 plats som ber\u00e4ttar om hur man g\u00f6r f\u00f6r att cykla riktigt snabbt runt V\u00e4ttern. Kv\u00e4llen inneh\u00e5ller korta och praktiska f\u00f6rel\u00e4sningar i v\u00e5r bilhall om bland annat tr\u00e4ning, kost och utrustning - den perfekta uppladdningen inf\u00f6r V\u00e4tternrundan!<\/span><\/p>\n<p>Vi bes\u00f6ker totalt 20 st orter runt om i landet. <strong>Anm\u00e4lan \u00f6ppnar under v\u00e5ren 2020.<\/strong> V\u00e4lkommen!<\/p>\n<\/div>\n<\/div><\/div><\/div><div id=\"pgc-165-0-2\"  class=\"panel-grid-cell panel-grid-cell-empty\" ><\/div><\/div><\/div>","protected":false},"excerpt":{"rendered":"<p>F\u00f6rbered dig inf\u00f6r V\u00e4tternrundan, v\u00e4lkommen till \u0160koda Cykeltr\u00e4ffar Vi vill bjuda in dig till en kv\u00e4ll f\u00f6r att prata cykling [&hellip;]<\/p>\n","protected":false},"author":53,"featured_media":2022,"parent":0,"menu_order":0,"comment_status":"closed","ping_status":"closed","template":"templates\/template-empty-page-headline.php","meta":{"footnotes":""},"tags":[],"class_list":["post-165","page","type-page","status-publish","has-post-thumbnail","hentry"],"yoast_head":"<!-- This site is optimized with the Yoast SEO Premium plugin v25.3 (Yoast SEO v25.9) - https:\/\/yoast.com\/wordpress\/plugins\/seo\/ -->\n<title>\u0160koda Cykeltr\u00e4ffar - \u0160koda - We Love Cycling - Sweden<\/title>\n<meta name=\"robots\" content=\"index, follow, max-snippet:-1, max-image-preview:large, max-video-preview:-1\" \/>\n<link rel=\"canonical\" href=\"https:\/\/www.welovecycling.com\/se\/cykeltraffar\/\" \/>\n<meta property=\"og:locale\" content=\"sv_SE\" \/>\n<meta property=\"og:type\" content=\"article\" \/>\n<meta property=\"og:title\" content=\"\u0160koda Cykeltr\u00e4ffar\" \/>\n<meta property=\"og:description\" content=\"F\u00f6rbered dig inf\u00f6r V\u00e4tternrundan, v\u00e4lkommen till \u0160koda Cykeltr\u00e4ffar Vi vill bjuda in dig till en kv\u00e4ll f\u00f6r att prata cykling [&hellip;]\" \/>\n<meta property=\"og:url\" content=\"https:\/\/www.welovecycling.com\/se\/cykeltraffar\/\" \/>\n<meta property=\"og:site_name\" content=\"\u0160koda - We Love Cycling - Sweden\" \/>\n<meta property=\"article:modified_time\" content=\"2019-09-10T09:09:11+00:00\" \/>\n<meta property=\"og:image\" content=\"https:\/\/d2p6e6u75xmxt8.cloudfront.net\/9\/2019\/04\/Cykelkvallar-2-2.jpg\" \/>\n\t<meta property=\"og:image:width\" content=\"1800\" \/>\n\t<meta property=\"og:image:height\" content=\"1200\" \/>\n\t<meta property=\"og:image:type\" content=\"image\/jpeg\" \/>\n<meta name=\"twitter:card\" content=\"summary_large_image\" \/>\n<meta name=\"twitter:label1\" content=\"Est. reading time\" \/>\n\t<meta name=\"twitter:data1\" content=\"1 minute\" \/>\n<script type=\"application\/ld+json\" class=\"yoast-schema-graph\">{\"@context\":\"https:\/\/schema.org\",\"@graph\":[{\"@type\":\"WebPage\",\"@id\":\"https:\/\/www.welovecycling.com\/se\/cykeltraffar\/\",\"url\":\"https:\/\/www.welovecycling.com\/se\/cykeltraffar\/\",\"name\":\"\u0160koda Cykeltr\u00e4ffar - \u0160koda - We Love Cycling - Sweden\",\"isPartOf\":{\"@id\":\"https:\/\/www.welovecycling.com\/se\/#website\"},\"primaryImageOfPage\":{\"@id\":\"https:\/\/www.welovecycling.com\/se\/cykeltraffar\/#primaryimage\"},\"image\":{\"@id\":\"https:\/\/www.welovecycling.com\/se\/cykeltraffar\/#primaryimage\"},\"thumbnailUrl\":\"https:\/\/d2p6e6u75xmxt8.cloudfront.net\/9\/2019\/04\/Cykelkvallar-2-2.jpg\",\"datePublished\":\"2019-03-22T16:13:48+00:00\",\"dateModified\":\"2019-09-10T09:09:11+00:00\",\"breadcrumb\":{\"@id\":\"https:\/\/www.welovecycling.com\/se\/cykeltraffar\/#breadcrumb\"},\"inLanguage\":\"sv-SE\",\"potentialAction\":[{\"@type\":\"ReadAction\",\"target\":[\"https:\/\/www.welovecycling.com\/se\/cykeltraffar\/\"]}]},{\"@type\":\"ImageObject\",\"inLanguage\":\"sv-SE\",\"@id\":\"https:\/\/www.welovecycling.com\/se\/cykeltraffar\/#primaryimage\",\"url\":\"https:\/\/d2p6e6u75xmxt8.cloudfront.net\/9\/2019\/04\/Cykelkvallar-2-2.jpg\",\"contentUrl\":\"https:\/\/d2p6e6u75xmxt8.cloudfront.net\/9\/2019\/04\/Cykelkvallar-2-2.jpg\",\"width\":1800,\"height\":1200},{\"@type\":\"BreadcrumbList\",\"@id\":\"https:\/\/www.welovecycling.com\/se\/cykeltraffar\/#breadcrumb\",\"itemListElement\":[{\"@type\":\"ListItem\",\"position\":1,\"name\":\"Home\",\"item\":\"https:\/\/www.welovecycling.com\/se\/\"},{\"@type\":\"ListItem\",\"position\":2,\"name\":\"\u0160koda Cykeltr\u00e4ffar\"}]},{\"@type\":\"WebSite\",\"@id\":\"https:\/\/www.welovecycling.com\/se\/#website\",\"url\":\"https:\/\/www.welovecycling.com\/se\/\",\"name\":\"\u0160koda - We Love Cycling - Sweden\",\"description\":\"\u0160koda We Love Cycling - Sweden\",\"potentialAction\":[{\"@type\":\"SearchAction\",\"target\":{\"@type\":\"EntryPoint\",\"urlTemplate\":\"https:\/\/www.welovecycling.com\/se\/?s={search_term_string}\"},\"query-input\":{\"@type\":\"PropertyValueSpecification\",\"valueRequired\":true,\"valueName\":\"search_term_string\"}}],\"inLanguage\":\"sv-SE\"}]}<\/script>\n<!-- \/ Yoast SEO Premium plugin. -->","yoast_head_json":{"title":"\u0160koda Cykeltr\u00e4ffar - \u0160koda - We Love Cycling - Sweden","robots":{"index":"index","follow":"follow","max-snippet":"max-snippet:-1","max-image-preview":"max-image-preview:large","max-video-preview":"max-video-preview:-1"},"canonical":"https:\/\/www.welovecycling.com\/se\/cykeltraffar\/","og_locale":"sv_SE","og_type":"article","og_title":"\u0160koda Cykeltr\u00e4ffar","og_description":"F\u00f6rbered dig inf\u00f6r V\u00e4tternrundan, v\u00e4lkommen till \u0160koda Cykeltr\u00e4ffar Vi vill bjuda in dig till en kv\u00e4ll f\u00f6r att prata cykling [&hellip;]","og_url":"https:\/\/www.welovecycling.com\/se\/cykeltraffar\/","og_site_name":"\u0160koda - We Love Cycling - Sweden","article_modified_time":"2019-09-10T09:09:11+00:00","og_image":[{"width":1800,"height":1200,"url":"https:\/\/d2p6e6u75xmxt8.cloudfront.net\/9\/2019\/04\/Cykelkvallar-2-2.jpg","type":"image\/jpeg"}],"twitter_card":"summary_large_image","twitter_misc":{"Est. reading time":"1 minute"},"schema":{"@context":"https:\/\/schema.org","@graph":[{"@type":"WebPage","@id":"https:\/\/www.welovecycling.com\/se\/cykeltraffar\/","url":"https:\/\/www.welovecycling.com\/se\/cykeltraffar\/","name":"\u0160koda Cykeltr\u00e4ffar - \u0160koda - We Love Cycling - Sweden","isPartOf":{"@id":"https:\/\/www.welovecycling.com\/se\/#website"},"primaryImageOfPage":{"@id":"https:\/\/www.welovecycling.com\/se\/cykeltraffar\/#primaryimage"},"image":{"@id":"https:\/\/www.welovecycling.com\/se\/cykeltraffar\/#primaryimage"},"thumbnailUrl":"https:\/\/d2p6e6u75xmxt8.cloudfront.net\/9\/2019\/04\/Cykelkvallar-2-2.jpg","datePublished":"2019-03-22T16:13:48+00:00","dateModified":"2019-09-10T09:09:11+00:00","breadcrumb":{"@id":"https:\/\/www.welovecycling.com\/se\/cykeltraffar\/#breadcrumb"},"inLanguage":"sv-SE","potentialAction":[{"@type":"ReadAction","target":["https:\/\/www.welovecycling.com\/se\/cykeltraffar\/"]}]},{"@type":"ImageObject","inLanguage":"sv-SE","@id":"https:\/\/www.welovecycling.com\/se\/cykeltraffar\/#primaryimage","url":"https:\/\/d2p6e6u75xmxt8.cloudfront.net\/9\/2019\/04\/Cykelkvallar-2-2.jpg","contentUrl":"https:\/\/d2p6e6u75xmxt8.cloudfront.net\/9\/2019\/04\/Cykelkvallar-2-2.jpg","width":1800,"height":1200},{"@type":"BreadcrumbList","@id":"https:\/\/www.welovecycling.com\/se\/cykeltraffar\/#breadcrumb","itemListElement":[{"@type":"ListItem","position":1,"name":"Home","item":"https:\/\/www.welovecycling.com\/se\/"},{"@type":"ListItem","position":2,"name":"\u0160koda Cykeltr\u00e4ffar"}]},{"@type":"WebSite","@id":"https:\/\/www.welovecycling.com\/se\/#website","url":"https:\/\/www.welovecycling.com\/se\/","name":"\u0160koda - We Love Cycling - Sweden","description":"\u0160koda We Love Cycling - Sweden","potentialAction":[{"@type":"SearchAction","target":{"@type":"EntryPoint","urlTemplate":"https:\/\/www.welovecycling.com\/se\/?s={search_term_string}"},"query-input":{"@type":"PropertyValueSpecification","valueRequired":true,"valueName":"search_term_string"}}],"inLanguage":"sv-SE"}]}},"_links":{"self":[{"href":"https:\/\/www.welovecycling.com\/se\/wp-json\/wp\/v2\/pages\/165","targetHints":{"allow":["GET"]}}],"collection":[{"href":"https:\/\/www.welovecycling.com\/se\/wp-json\/wp\/v2\/pages"}],"about":[{"href":"https:\/\/www.welovecycling.com\/se\/wp-json\/wp\/v2\/types\/page"}],"author":[{"embeddable":true,"href":"https:\/\/www.welovecycling.com\/se\/wp-json\/wp\/v2\/users\/53"}],"replies":[{"embeddable":true,"href":"https:\/\/www.welovecycling.com\/se\/wp-json\/wp\/v2\/comments?post=165"}],"version-history":[{"count":2,"href":"https:\/\/www.welovecycling.com\/se\/wp-json\/wp\/v2\/pages\/165\/revisions"}],"predecessor-version":[{"id":2290,"href":"https:\/\/www.welovecycling.com\/se\/wp-json\/wp\/v2\/pages\/165\/revisions\/2290"}],"wp:featuredmedia":[{"embeddable":true,"href":"https:\/\/www.welovecycling.com\/se\/wp-json\/wp\/v2\/media\/2022"}],"wp:attachment":[{"href":"https:\/\/www.welovecycling.com\/se\/wp-json\/wp\/v2\/media?parent=165"}],"wp:term":[{"taxonomy":"post_tag","embeddable":true,"href":"https:\/\/www.welovecycling.com\/se\/wp-json\/wp\/v2\/tags?post=165"}],"curies":[{"name":"wp","href":"https:\/\/api.w.org\/{rel}","templated":true}]}}