{"id":1495,"date":"2018-06-14T15:50:06","date_gmt":"2018-06-14T14:50:06","guid":{"rendered":"https:\/\/www.welovecycling.com\/se\/?page_id=1495"},"modified":"2018-06-15T07:40:08","modified_gmt":"2018-06-15T06:40:08","slug":"vatternrundan","status":"publish","type":"page","link":"https:\/\/www.welovecycling.com\/se\/vatternrundan\/","title":{"rendered":"V\u00e4tternrundan 2018 live"},"content":{"rendered":"<p>F\u00f6lj V\u00e4tternrundan 2018 live! Bland annat kommer du att kunna f\u00f6lja Roberto Vacchi tillsammans med Robin Bryntesson, Elin Harrysson, Team Mustasch och inte minst v\u00e5rt eget lag \u0160koda Cycling Team. \u0160koda teamet ser du fr\u00e5n kl\u00a013:28 p\u00e5 l\u00f6rdag d\u00e5 de startar. Laget best\u00e5r av totalt 30 cyklister. 15 st av dem har vi rekryterat i \u00e5r, och tr\u00e4nat upp med hj\u00e4lp av proffstr\u00e4naren Mattias Reck, allt f\u00f6r att klara utmaningen att n\u00e5 m\u00e5let i Motala under 8 timmar. Resterande 15 cyklister best\u00e5r av erfarna elitcyklister, fd proffs och elitmotion\u00e4rer, bland annat fd proffscyklisten Fredrik Kessiakoff, OS-silvermedalj\u00f6ren Lisa Nord\u00e9n, Calle Friberg med flera.<\/p>\n<p>\u0160koda Cycling Team startar 13:28 p\u00e5 l\u00f6rdag.\u00a0<a href=\"https:\/\/www.welovecycling.com\/se\/skoda-cycling-team\/teamet-2018\/\">H\u00e4r kan du se hela laget.<\/a><\/p>\n<p>L\u00e4s mer om <a href=\"https:\/\/www.welovecycling.com\/se\/skoda-cycling-team\/\">\u0160koda Cycling Team<\/a><\/p>\n<lite-youtube videoid=IBupzW7acp8 params=\"enablejsapi=1\" style=\"background-image: url('https:\/\/i.ytimg.com\/vi_webp\/IBupzW7acp8\/maxresdefault.webp');\"><\/lite-youtube>\n","protected":false},"excerpt":{"rendered":"<p>F\u00f6lj V\u00e4tternrundan 2018 live! Bland annat kommer du att kunna f\u00f6lja Roberto Vacchi tillsammans med Robin Bryntesson, Elin Harrysson, Team [&hellip;]<\/p>\n","protected":false},"author":52,"featured_media":0,"parent":0,"menu_order":0,"comment_status":"closed","ping_status":"closed","template":"templates\/template-empty-page.php","meta":{"footnotes":""},"tags":[],"class_list":["post-1495","page","type-page","status-publish","hentry"],"yoast_head":"<!-- This site is optimized with the Yoast SEO Premium plugin v25.3 (Yoast SEO v25.9) - https:\/\/yoast.com\/wordpress\/plugins\/seo\/ -->\n<title>V\u00e4tternrundan 2018 live - \u0160koda - We Love Cycling - Sweden<\/title>\n<meta name=\"robots\" content=\"index, follow, max-snippet:-1, max-image-preview:large, max-video-preview:-1\" \/>\n<link rel=\"canonical\" href=\"https:\/\/www.welovecycling.com\/se\/vatternrundan\/\" \/>\n<meta property=\"og:locale\" content=\"sv_SE\" \/>\n<meta property=\"og:type\" content=\"article\" \/>\n<meta property=\"og:title\" content=\"V\u00e4tternrundan 2018 live\" \/>\n<meta property=\"og:description\" content=\"F\u00f6lj V\u00e4tternrundan 2018 live! Bland annat kommer du att kunna f\u00f6lja Roberto Vacchi tillsammans med Robin Bryntesson, Elin Harrysson, Team [&hellip;]\" \/>\n<meta property=\"og:url\" content=\"https:\/\/www.welovecycling.com\/se\/vatternrundan\/\" \/>\n<meta property=\"og:site_name\" content=\"\u0160koda - We Love Cycling - Sweden\" \/>\n<meta property=\"article:modified_time\" content=\"2018-06-15T06:40:08+00:00\" \/>\n<meta name=\"twitter:card\" content=\"summary_large_image\" \/>\n<meta name=\"twitter:label1\" content=\"Est. reading time\" \/>\n\t<meta name=\"twitter:data1\" content=\"1 minute\" \/>\n<script type=\"application\/ld+json\" class=\"yoast-schema-graph\">{\"@context\":\"https:\/\/schema.org\",\"@graph\":[{\"@type\":\"WebPage\",\"@id\":\"https:\/\/www.welovecycling.com\/se\/vatternrundan\/\",\"url\":\"https:\/\/www.welovecycling.com\/se\/vatternrundan\/\",\"name\":\"V\u00e4tternrundan 2018 live - \u0160koda - We Love Cycling - Sweden\",\"isPartOf\":{\"@id\":\"https:\/\/www.welovecycling.com\/se\/#website\"},\"datePublished\":\"2018-06-14T14:50:06+00:00\",\"dateModified\":\"2018-06-15T06:40:08+00:00\",\"breadcrumb\":{\"@id\":\"https:\/\/www.welovecycling.com\/se\/vatternrundan\/#breadcrumb\"},\"inLanguage\":\"sv-SE\",\"potentialAction\":[{\"@type\":\"ReadAction\",\"target\":[\"https:\/\/www.welovecycling.com\/se\/vatternrundan\/\"]}]},{\"@type\":\"BreadcrumbList\",\"@id\":\"https:\/\/www.welovecycling.com\/se\/vatternrundan\/#breadcrumb\",\"itemListElement\":[{\"@type\":\"ListItem\",\"position\":1,\"name\":\"Home\",\"item\":\"https:\/\/www.welovecycling.com\/se\/\"},{\"@type\":\"ListItem\",\"position\":2,\"name\":\"V\u00e4tternrundan 2018 live\"}]},{\"@type\":\"WebSite\",\"@id\":\"https:\/\/www.welovecycling.com\/se\/#website\",\"url\":\"https:\/\/www.welovecycling.com\/se\/\",\"name\":\"\u0160koda - We Love Cycling - Sweden\",\"description\":\"\u0160koda We Love Cycling - Sweden\",\"potentialAction\":[{\"@type\":\"SearchAction\",\"target\":{\"@type\":\"EntryPoint\",\"urlTemplate\":\"https:\/\/www.welovecycling.com\/se\/?s={search_term_string}\"},\"query-input\":{\"@type\":\"PropertyValueSpecification\",\"valueRequired\":true,\"valueName\":\"search_term_string\"}}],\"inLanguage\":\"sv-SE\"}]}<\/script>\n<!-- \/ Yoast SEO Premium plugin. -->","yoast_head_json":{"title":"V\u00e4tternrundan 2018 live - \u0160koda - We Love Cycling - Sweden","robots":{"index":"index","follow":"follow","max-snippet":"max-snippet:-1","max-image-preview":"max-image-preview:large","max-video-preview":"max-video-preview:-1"},"canonical":"https:\/\/www.welovecycling.com\/se\/vatternrundan\/","og_locale":"sv_SE","og_type":"article","og_title":"V\u00e4tternrundan 2018 live","og_description":"F\u00f6lj V\u00e4tternrundan 2018 live! Bland annat kommer du att kunna f\u00f6lja Roberto Vacchi tillsammans med Robin Bryntesson, Elin Harrysson, Team [&hellip;]","og_url":"https:\/\/www.welovecycling.com\/se\/vatternrundan\/","og_site_name":"\u0160koda - We Love Cycling - Sweden","article_modified_time":"2018-06-15T06:40:08+00:00","twitter_card":"summary_large_image","twitter_misc":{"Est. reading time":"1 minute"},"schema":{"@context":"https:\/\/schema.org","@graph":[{"@type":"WebPage","@id":"https:\/\/www.welovecycling.com\/se\/vatternrundan\/","url":"https:\/\/www.welovecycling.com\/se\/vatternrundan\/","name":"V\u00e4tternrundan 2018 live - \u0160koda - We Love Cycling - Sweden","isPartOf":{"@id":"https:\/\/www.welovecycling.com\/se\/#website"},"datePublished":"2018-06-14T14:50:06+00:00","dateModified":"2018-06-15T06:40:08+00:00","breadcrumb":{"@id":"https:\/\/www.welovecycling.com\/se\/vatternrundan\/#breadcrumb"},"inLanguage":"sv-SE","potentialAction":[{"@type":"ReadAction","target":["https:\/\/www.welovecycling.com\/se\/vatternrundan\/"]}]},{"@type":"BreadcrumbList","@id":"https:\/\/www.welovecycling.com\/se\/vatternrundan\/#breadcrumb","itemListElement":[{"@type":"ListItem","position":1,"name":"Home","item":"https:\/\/www.welovecycling.com\/se\/"},{"@type":"ListItem","position":2,"name":"V\u00e4tternrundan 2018 live"}]},{"@type":"WebSite","@id":"https:\/\/www.welovecycling.com\/se\/#website","url":"https:\/\/www.welovecycling.com\/se\/","name":"\u0160koda - We Love Cycling - Sweden","description":"\u0160koda We Love Cycling - Sweden","potentialAction":[{"@type":"SearchAction","target":{"@type":"EntryPoint","urlTemplate":"https:\/\/www.welovecycling.com\/se\/?s={search_term_string}"},"query-input":{"@type":"PropertyValueSpecification","valueRequired":true,"valueName":"search_term_string"}}],"inLanguage":"sv-SE"}]}},"_links":{"self":[{"href":"https:\/\/www.welovecycling.com\/se\/wp-json\/wp\/v2\/pages\/1495","targetHints":{"allow":["GET"]}}],"collection":[{"href":"https:\/\/www.welovecycling.com\/se\/wp-json\/wp\/v2\/pages"}],"about":[{"href":"https:\/\/www.welovecycling.com\/se\/wp-json\/wp\/v2\/types\/page"}],"author":[{"embeddable":true,"href":"https:\/\/www.welovecycling.com\/se\/wp-json\/wp\/v2\/users\/52"}],"replies":[{"embeddable":true,"href":"https:\/\/www.welovecycling.com\/se\/wp-json\/wp\/v2\/comments?post=1495"}],"version-history":[{"count":2,"href":"https:\/\/www.welovecycling.com\/se\/wp-json\/wp\/v2\/pages\/1495\/revisions"}],"predecessor-version":[{"id":1510,"href":"https:\/\/www.welovecycling.com\/se\/wp-json\/wp\/v2\/pages\/1495\/revisions\/1510"}],"wp:attachment":[{"href":"https:\/\/www.welovecycling.com\/se\/wp-json\/wp\/v2\/media?parent=1495"}],"wp:term":[{"taxonomy":"post_tag","embeddable":true,"href":"https:\/\/www.welovecycling.com\/se\/wp-json\/wp\/v2\/tags?post=1495"}],"curies":[{"name":"wp","href":"https:\/\/api.w.org\/{rel}","templated":true}]}}