{"id":1364,"date":"2018-05-30T22:19:00","date_gmt":"2018-05-30T21:19:00","guid":{"rendered":"https:\/\/www.welovecycling.com\/se\/?page_id=1364"},"modified":"2022-03-25T10:47:12","modified_gmt":"2022-03-25T09:47:12","slug":"jessica-edqvist","status":"publish","type":"page","link":"https:\/\/www.welovecycling.com\/se\/skoda-cycling-team\/teamet-2018\/jessica-edqvist\/","title":{"rendered":"Jessica Edqvist"},"content":{"rendered":"<div id=\"pl-1364\"  class=\"panel-layout\" ><div id=\"pg-1364-0\"  class=\"panel-grid panel-no-style\" ><div id=\"pgc-1364-0-0\"  class=\"panel-grid-cell panel-grid-cell-empty\" ><\/div><\/div><div id=\"pg-1364-1\"  class=\"panel-grid panel-no-style\" ><div id=\"pgc-1364-1-0\"  class=\"panel-grid-cell panel-grid-cell-empty\" ><\/div><div id=\"pgc-1364-1-1\"  class=\"panel-grid-cell\" ><div id=\"panel-1364-1-1-0\" class=\"so-panel widget widget_sow-editor panel-first-child panel-last-child\" data-index=\"0\" ><div\n\t\t\t\n\t\t\tclass=\"so-widget-sow-editor so-widget-sow-editor-base\"\n\t\t\t\n\t\t>\n<div class=\"siteorigin-widget-tinymce textwidget\">\n\t<p><a href=\"https:\/\/d2p6e6u75xmxt8.cloudfront.net\/9\/2022\/03\/220226-SCT_Jessica_9544.jpg\"><img loading=\"lazy\" decoding=\"async\" class=\"alignnone wp-image-4280 size-extra-large\" src=\"https:\/\/d2p6e6u75xmxt8.cloudfront.net\/9\/2022\/03\/220226-SCT_Jessica_9544-1440x1920.jpg\" alt=\"\" width=\"1440\" height=\"1920\" srcset=\"https:\/\/d2p6e6u75xmxt8.cloudfront.net\/9\/2022\/03\/220226-SCT_Jessica_9544-1440x1920.jpg 1440w, https:\/\/d2p6e6u75xmxt8.cloudfront.net\/9\/2022\/03\/220226-SCT_Jessica_9544-225x300.jpg 225w, https:\/\/d2p6e6u75xmxt8.cloudfront.net\/9\/2022\/03\/220226-SCT_Jessica_9544-768x1024.jpg 768w, https:\/\/d2p6e6u75xmxt8.cloudfront.net\/9\/2022\/03\/220226-SCT_Jessica_9544-1152x1536.jpg 1152w, https:\/\/d2p6e6u75xmxt8.cloudfront.net\/9\/2022\/03\/220226-SCT_Jessica_9544.jpg 1500w, https:\/\/d2p6e6u75xmxt8.cloudfront.net\/9\/2022\/03\/220226-SCT_Jessica_9544-1440x1920.jpg 1440w\" sizes=\"auto, (max-width: 1440px) 100vw, 1440px\" \/><\/a><\/p>\n<\/div>\n<\/div><\/div><\/div><div id=\"pgc-1364-1-2\"  class=\"panel-grid-cell panel-grid-cell-mobile-last\" ><div id=\"panel-1364-1-2-0\" class=\"so-panel widget widget_sow-editor panel-first-child panel-last-child\" data-index=\"1\" ><div\n\t\t\t\n\t\t\tclass=\"so-widget-sow-editor so-widget-sow-editor-base\"\n\t\t\t\n\t\t>\n<div class=\"siteorigin-widget-tinymce textwidget\">\n\t<h1><span style=\"font-weight: 400;\">Jessica Edqvist<\/span><\/h1>\n<p><b>Namn: <\/b><span style=\"font-weight: 400;\">Jessica Edqvist<br \/>\n<\/span><b>Instagram:<\/b> <a href=\"https:\/\/www.instagram.com\/jessicaedqvist\/\">jessicaedqvist<\/a><span style=\"font-weight: 400;\"><br \/>\n<\/span><b>\u00c5lder:<\/b><span style=\"font-weight: 400;\"> 39<br \/>\n<\/span><b>L\u00e4ngd:<\/b><span style=\"font-weight: 400;\"> 171 cm<br \/>\n<\/span><b>Bor:<\/b><span style=\"font-weight: 400;\"> Ume\u00e5<br \/>\n<\/span><b>Familj:<\/b><span style=\"font-weight: 400;\"> Sambo, 2 barn och 1 tax<br \/>\n<\/span><b>Yrke:<\/b><span style=\"font-weight: 400;\"> IVA-syrra<\/span><\/p>\n<p><b>Hur k\u00e4nns det med ett helt damlag i \u00e5r?<\/b><span style=\"font-weight: 400;\"> Superh\u00e4ftigt!<\/span><\/p>\n<p><b>Roligaste passen?<\/b><span style=\"font-weight: 400;\"> Lagtempo med klubbkompisar under varma sommarkv\u00e4llar i motljus, d\u00e4r det skarvas p\u00e5 skarven och man aldrig vill att det ska ta slut!<\/span><\/p>\n<p><b>V\u00e4rsta passen?<\/b><span style=\"font-weight: 400;\"> Egentligen inga, men tr\u00e4na i regn \u00e4r aldrig kul!<\/span><\/p>\n<p><b>Styrkor som cyklist?<\/b><span style=\"font-weight: 400;\"> \u00c5kstark och uth\u00e5llig.<\/span><\/p>\n<p><b>Svagheter som cyklist? <\/b>Ingen utbrytare<\/p>\n<p><b>Vad kommer du bidra med under s\u00e4songen?<\/b><span style=\"font-weight: 400;\"> En stadig, lite sm\u00e5tr\u00e5kig men trygg rygg i laget, Kommer att ge vad jag kan f\u00f6r att bidra till att f\u00e5 ihop helheten och verkligen bilda ett starkt maskineri som ska ta oss runt V\u00e4ttern tillsammans.<\/span><\/p>\n<p><b>St\u00f6rsta r\u00e4dslan inf\u00f6r V\u00e4tternrundan?<\/b><span style=\"font-weight: 400;\"> Att vi vaknar upp till \u00f6sregn.\u00a0\u00a0<\/span><\/p>\n<p><b>Bulle eller wienerbr\u00f6d?<\/b><span style=\"font-weight: 400;\"> Kan inte v\u00e4lja!!<br \/>\n<\/span><b>Touren eller Vueltan?<\/b><span style=\"font-weight: 400;\"> Touren<br \/>\n<\/span><b>Morgon eller kv\u00e4llspass?<\/b><span style=\"font-weight: 400;\"> Morgonpass<br \/>\n<\/span><b>Uppf\u00f6r eller nedf\u00f6r?<\/b><span style=\"font-weight: 400;\"> Uppf\u00f6r<br \/>\n<\/span><b>K\u00e4nsla eller data? <\/b><span style=\"font-weight: 400;\">Data<br \/>\n<\/span><b>Kort och h\u00e5rt eller l\u00e5ngt och lagom? <\/b><span style=\"font-weight: 400;\">Gillar kort och h\u00e5rt, men d\u00e5 hinns det ej med fika, s\u00e5 jag s\u00e4ger l\u00e5ngt och lagom, med f i k a !<\/span><\/p>\n<p>&nbsp;<\/p>\n<\/div>\n<\/div><\/div><\/div><div id=\"pgc-1364-1-3\"  class=\"panel-grid-cell panel-grid-cell-empty\" ><\/div><\/div><div id=\"pg-1364-2\"  class=\"panel-grid panel-no-style\" ><div id=\"pgc-1364-2-0\"  class=\"panel-grid-cell panel-grid-cell-empty\" ><\/div><\/div><\/div>","protected":false},"excerpt":{"rendered":"<p>Jessica Edqvist Namn: Jessica Edqvist Instagram: jessicaedqvist \u00c5lder: 39 L\u00e4ngd: 171 cm Bor: Ume\u00e5 Familj: Sambo, 2 barn och 1 [&hellip;]<\/p>\n","protected":false},"author":52,"featured_media":0,"parent":872,"menu_order":0,"comment_status":"closed","ping_status":"closed","template":"templates\/template-full-width.php","meta":{"footnotes":""},"tags":[],"class_list":["post-1364","page","type-page","status-publish","hentry"],"yoast_head":"<!-- This site is optimized with the Yoast SEO Premium plugin v25.3 (Yoast SEO v25.9) - https:\/\/yoast.com\/wordpress\/plugins\/seo\/ -->\n<title>Jessica Edqvist - \u0160koda - We Love Cycling - Sweden<\/title>\n<meta name=\"robots\" content=\"index, follow, max-snippet:-1, max-image-preview:large, max-video-preview:-1\" \/>\n<link rel=\"canonical\" href=\"https:\/\/www.welovecycling.com\/se\/skoda-cycling-team\/teamet-2018\/jessica-edqvist\/\" \/>\n<meta property=\"og:locale\" content=\"sv_SE\" \/>\n<meta property=\"og:type\" content=\"article\" \/>\n<meta property=\"og:title\" content=\"Jessica Edqvist\" \/>\n<meta property=\"og:description\" content=\"Jessica Edqvist Namn: Jessica Edqvist Instagram: jessicaedqvist \u00c5lder: 39 L\u00e4ngd: 171 cm Bor: Ume\u00e5 Familj: Sambo, 2 barn och 1 [&hellip;]\" \/>\n<meta property=\"og:url\" content=\"https:\/\/www.welovecycling.com\/se\/skoda-cycling-team\/teamet-2018\/jessica-edqvist\/\" \/>\n<meta property=\"og:site_name\" content=\"\u0160koda - We Love Cycling - Sweden\" \/>\n<meta property=\"article:modified_time\" content=\"2022-03-25T09:47:12+00:00\" \/>\n<meta property=\"og:image\" content=\"https:\/\/d2p6e6u75xmxt8.cloudfront.net\/9\/2022\/03\/220226-SCT_Jessica_9544-1440x1920.jpg\" \/>\n<meta name=\"twitter:card\" content=\"summary_large_image\" \/>\n<meta name=\"twitter:label1\" content=\"Est. reading time\" \/>\n\t<meta name=\"twitter:data1\" content=\"1 minute\" \/>\n<script type=\"application\/ld+json\" class=\"yoast-schema-graph\">{\"@context\":\"https:\/\/schema.org\",\"@graph\":[{\"@type\":\"WebPage\",\"@id\":\"https:\/\/www.welovecycling.com\/se\/skoda-cycling-team\/teamet-2018\/jessica-edqvist\/\",\"url\":\"https:\/\/www.welovecycling.com\/se\/skoda-cycling-team\/teamet-2018\/jessica-edqvist\/\",\"name\":\"Jessica Edqvist - \u0160koda - We Love Cycling - Sweden\",\"isPartOf\":{\"@id\":\"https:\/\/www.welovecycling.com\/se\/#website\"},\"primaryImageOfPage\":{\"@id\":\"https:\/\/www.welovecycling.com\/se\/skoda-cycling-team\/teamet-2018\/jessica-edqvist\/#primaryimage\"},\"image\":{\"@id\":\"https:\/\/www.welovecycling.com\/se\/skoda-cycling-team\/teamet-2018\/jessica-edqvist\/#primaryimage\"},\"thumbnailUrl\":\"https:\/\/d2p6e6u75xmxt8.cloudfront.net\/9\/2022\/03\/220226-SCT_Jessica_9544-1440x1920.jpg\",\"datePublished\":\"2018-05-30T21:19:00+00:00\",\"dateModified\":\"2022-03-25T09:47:12+00:00\",\"breadcrumb\":{\"@id\":\"https:\/\/www.welovecycling.com\/se\/skoda-cycling-team\/teamet-2018\/jessica-edqvist\/#breadcrumb\"},\"inLanguage\":\"sv-SE\",\"potentialAction\":[{\"@type\":\"ReadAction\",\"target\":[\"https:\/\/www.welovecycling.com\/se\/skoda-cycling-team\/teamet-2018\/jessica-edqvist\/\"]}]},{\"@type\":\"ImageObject\",\"inLanguage\":\"sv-SE\",\"@id\":\"https:\/\/www.welovecycling.com\/se\/skoda-cycling-team\/teamet-2018\/jessica-edqvist\/#primaryimage\",\"url\":\"https:\/\/d2p6e6u75xmxt8.cloudfront.net\/9\/2022\/03\/220226-SCT_Jessica_9544-1440x1920.jpg\",\"contentUrl\":\"https:\/\/d2p6e6u75xmxt8.cloudfront.net\/9\/2022\/03\/220226-SCT_Jessica_9544-1440x1920.jpg\"},{\"@type\":\"BreadcrumbList\",\"@id\":\"https:\/\/www.welovecycling.com\/se\/skoda-cycling-team\/teamet-2018\/jessica-edqvist\/#breadcrumb\",\"itemListElement\":[{\"@type\":\"ListItem\",\"position\":1,\"name\":\"Home\",\"item\":\"https:\/\/www.welovecycling.com\/se\/\"},{\"@type\":\"ListItem\",\"position\":2,\"name\":\"\u0160koda Cycling Team\",\"item\":\"https:\/\/www.welovecycling.com\/se\/skoda-cycling-team\/\"},{\"@type\":\"ListItem\",\"position\":3,\"name\":\"SKODA Cycling Team 2018\",\"item\":\"https:\/\/www.welovecycling.com\/se\/skoda-cycling-team\/teamet-2018\/\"},{\"@type\":\"ListItem\",\"position\":4,\"name\":\"Jessica Edqvist\"}]},{\"@type\":\"WebSite\",\"@id\":\"https:\/\/www.welovecycling.com\/se\/#website\",\"url\":\"https:\/\/www.welovecycling.com\/se\/\",\"name\":\"\u0160koda - We Love Cycling - Sweden\",\"description\":\"\u0160koda We Love Cycling - Sweden\",\"potentialAction\":[{\"@type\":\"SearchAction\",\"target\":{\"@type\":\"EntryPoint\",\"urlTemplate\":\"https:\/\/www.welovecycling.com\/se\/?s={search_term_string}\"},\"query-input\":{\"@type\":\"PropertyValueSpecification\",\"valueRequired\":true,\"valueName\":\"search_term_string\"}}],\"inLanguage\":\"sv-SE\"}]}<\/script>\n<!-- \/ Yoast SEO Premium plugin. -->","yoast_head_json":{"title":"Jessica Edqvist - \u0160koda - We Love Cycling - Sweden","robots":{"index":"index","follow":"follow","max-snippet":"max-snippet:-1","max-image-preview":"max-image-preview:large","max-video-preview":"max-video-preview:-1"},"canonical":"https:\/\/www.welovecycling.com\/se\/skoda-cycling-team\/teamet-2018\/jessica-edqvist\/","og_locale":"sv_SE","og_type":"article","og_title":"Jessica Edqvist","og_description":"Jessica Edqvist Namn: Jessica Edqvist Instagram: jessicaedqvist \u00c5lder: 39 L\u00e4ngd: 171 cm Bor: Ume\u00e5 Familj: Sambo, 2 barn och 1 [&hellip;]","og_url":"https:\/\/www.welovecycling.com\/se\/skoda-cycling-team\/teamet-2018\/jessica-edqvist\/","og_site_name":"\u0160koda - We Love Cycling - Sweden","article_modified_time":"2022-03-25T09:47:12+00:00","og_image":[{"url":"https:\/\/d2p6e6u75xmxt8.cloudfront.net\/9\/2022\/03\/220226-SCT_Jessica_9544-1440x1920.jpg","type":"","width":"","height":""}],"twitter_card":"summary_large_image","twitter_misc":{"Est. reading time":"1 minute"},"schema":{"@context":"https:\/\/schema.org","@graph":[{"@type":"WebPage","@id":"https:\/\/www.welovecycling.com\/se\/skoda-cycling-team\/teamet-2018\/jessica-edqvist\/","url":"https:\/\/www.welovecycling.com\/se\/skoda-cycling-team\/teamet-2018\/jessica-edqvist\/","name":"Jessica Edqvist - \u0160koda - We Love Cycling - Sweden","isPartOf":{"@id":"https:\/\/www.welovecycling.com\/se\/#website"},"primaryImageOfPage":{"@id":"https:\/\/www.welovecycling.com\/se\/skoda-cycling-team\/teamet-2018\/jessica-edqvist\/#primaryimage"},"image":{"@id":"https:\/\/www.welovecycling.com\/se\/skoda-cycling-team\/teamet-2018\/jessica-edqvist\/#primaryimage"},"thumbnailUrl":"https:\/\/d2p6e6u75xmxt8.cloudfront.net\/9\/2022\/03\/220226-SCT_Jessica_9544-1440x1920.jpg","datePublished":"2018-05-30T21:19:00+00:00","dateModified":"2022-03-25T09:47:12+00:00","breadcrumb":{"@id":"https:\/\/www.welovecycling.com\/se\/skoda-cycling-team\/teamet-2018\/jessica-edqvist\/#breadcrumb"},"inLanguage":"sv-SE","potentialAction":[{"@type":"ReadAction","target":["https:\/\/www.welovecycling.com\/se\/skoda-cycling-team\/teamet-2018\/jessica-edqvist\/"]}]},{"@type":"ImageObject","inLanguage":"sv-SE","@id":"https:\/\/www.welovecycling.com\/se\/skoda-cycling-team\/teamet-2018\/jessica-edqvist\/#primaryimage","url":"https:\/\/d2p6e6u75xmxt8.cloudfront.net\/9\/2022\/03\/220226-SCT_Jessica_9544-1440x1920.jpg","contentUrl":"https:\/\/d2p6e6u75xmxt8.cloudfront.net\/9\/2022\/03\/220226-SCT_Jessica_9544-1440x1920.jpg"},{"@type":"BreadcrumbList","@id":"https:\/\/www.welovecycling.com\/se\/skoda-cycling-team\/teamet-2018\/jessica-edqvist\/#breadcrumb","itemListElement":[{"@type":"ListItem","position":1,"name":"Home","item":"https:\/\/www.welovecycling.com\/se\/"},{"@type":"ListItem","position":2,"name":"\u0160koda Cycling Team","item":"https:\/\/www.welovecycling.com\/se\/skoda-cycling-team\/"},{"@type":"ListItem","position":3,"name":"SKODA Cycling Team 2018","item":"https:\/\/www.welovecycling.com\/se\/skoda-cycling-team\/teamet-2018\/"},{"@type":"ListItem","position":4,"name":"Jessica Edqvist"}]},{"@type":"WebSite","@id":"https:\/\/www.welovecycling.com\/se\/#website","url":"https:\/\/www.welovecycling.com\/se\/","name":"\u0160koda - We Love Cycling - Sweden","description":"\u0160koda We Love Cycling - Sweden","potentialAction":[{"@type":"SearchAction","target":{"@type":"EntryPoint","urlTemplate":"https:\/\/www.welovecycling.com\/se\/?s={search_term_string}"},"query-input":{"@type":"PropertyValueSpecification","valueRequired":true,"valueName":"search_term_string"}}],"inLanguage":"sv-SE"}]}},"_links":{"self":[{"href":"https:\/\/www.welovecycling.com\/se\/wp-json\/wp\/v2\/pages\/1364","targetHints":{"allow":["GET"]}}],"collection":[{"href":"https:\/\/www.welovecycling.com\/se\/wp-json\/wp\/v2\/pages"}],"about":[{"href":"https:\/\/www.welovecycling.com\/se\/wp-json\/wp\/v2\/types\/page"}],"author":[{"embeddable":true,"href":"https:\/\/www.welovecycling.com\/se\/wp-json\/wp\/v2\/users\/52"}],"replies":[{"embeddable":true,"href":"https:\/\/www.welovecycling.com\/se\/wp-json\/wp\/v2\/comments?post=1364"}],"version-history":[{"count":2,"href":"https:\/\/www.welovecycling.com\/se\/wp-json\/wp\/v2\/pages\/1364\/revisions"}],"predecessor-version":[{"id":4349,"href":"https:\/\/www.welovecycling.com\/se\/wp-json\/wp\/v2\/pages\/1364\/revisions\/4349"}],"up":[{"embeddable":true,"href":"https:\/\/www.welovecycling.com\/se\/wp-json\/wp\/v2\/pages\/872"}],"wp:attachment":[{"href":"https:\/\/www.welovecycling.com\/se\/wp-json\/wp\/v2\/media?parent=1364"}],"wp:term":[{"taxonomy":"post_tag","embeddable":true,"href":"https:\/\/www.welovecycling.com\/se\/wp-json\/wp\/v2\/tags?post=1364"}],"curies":[{"name":"wp","href":"https:\/\/api.w.org\/{rel}","templated":true}]}}