{"id":1241,"date":"2018-05-24T07:24:48","date_gmt":"2018-05-24T06:24:48","guid":{"rendered":"https:\/\/www.welovecycling.com\/se\/?page_id=1241"},"modified":"2018-07-05T10:41:05","modified_gmt":"2018-07-05T09:41:05","slug":"memorandum","status":"publish","type":"page","link":"https:\/\/www.welovecycling.com\/se\/docs\/memorandum\/","title":{"rendered":"Information om behandling av personuppgifter"},"content":{"rendered":"<div id=\"pl-1241\"  class=\"panel-layout\" ><div id=\"pg-1241-0\"  class=\"panel-grid panel-no-style\" ><div id=\"pgc-1241-0-0\"  class=\"panel-grid-cell\" ><div id=\"panel-1241-0-0-0\" class=\"so-panel widget widget_sow-editor panel-first-child panel-last-child\" data-index=\"0\" ><div\n\t\t\t\n\t\t\tclass=\"so-widget-sow-editor so-widget-sow-editor-base\"\n\t\t\t\n\t\t>\n<div class=\"siteorigin-widget-tinymce textwidget\">\n\t<h2>Samtycke till behandling av personuppgifter<\/h2>\n<p>H\u00e4rmed ger jag \u0160koda AUTO a.s., t\u0159. V\u00e1clava Klementa 869, Mlad\u00e1 Boleslav II, 293 01, Mlad\u00e1 Boleslav, identifieringsnr: 00177041, registrerat i f\u00f6retagsregistret vid stadsdomstolen i Prag under sektion B, \u00e4rende nr\u00a0332 (h\u00e4danefter \u201df\u00f6retaget \u0160koda AUTO\u201d),<\/p>\n<p><strong>mitt fria och frivilliga samtycke till behandling av personuppgifter i f\u00f6ljande utstr\u00e4ckning:<\/strong> namn, efternamn, e-postadress, f\u00f6delsedatum och eventuell annan information som \u0160koda AUTO tillhandah\u00e5llit om mig och kommer att anv\u00e4nda f\u00f6r att b\u00e4ttre kunna anpassa sina marknadsf\u00f6ringsaktiviteter efter mina behov,<\/p>\n<p><strong>i syfte att:<\/strong> skicka erbjudanden om produkter och tj\u00e4nster fr\u00e5n \u0160koda, inklusive tillhandah\u00e5lla information om produkter, tj\u00e4nster, evenemang, t\u00e4vlingar, utskick av nyhetsbrev och personliga h\u00e4lsningar.<\/p>\n<p><strong>Samtycket g\u00e4ller i fem \u00e5r.<\/strong><\/p>\n<p>Jag \u00e4r medveten om att jag har r\u00e4tt att n\u00e4r som helst \u00e5terkalla mitt samtycke p\u00e5 webbsidan\u00a0<a href=\"http:\/\/www.skoda-auto.com\/other\/personal-data\" target=\"_blank\" rel=\"noopener\">http:\/\/www.skoda-auto.com\/other\/personal-data<\/a> eller i skriftlig form adresserat till f\u00f6retaget \u0160koda AUTO. Jag har r\u00e4tt att \u00e5terkalla samtycket f\u00f6re utg\u00e5ngen av den behandlingsperiod f\u00f6r vilken samtycket beviljades. Ett \u00e5terkallande av samtycket ska inte p\u00e5verka lagligheten av behandlingen av personuppgifter innan samtycket \u00e5terkallades.<br \/>\nMer information om behandling av personuppgifter finns i bilagan nedan, som \u00e4r en integrerad del av detta samtycke. Allm\u00e4n information om personuppgiftsskydd finns ocks\u00e5 tillg\u00e4nglig p\u00e5 webbsidan <a href=\"http:\/\/www.skoda-auto.com\/other\/personal-data\" target=\"_blank\" rel=\"noopener\">http:\/\/www.skoda-auto.com\/other\/personal-data<\/a>.<\/p>\n<\/div>\n<\/div><\/div><\/div><\/div><div id=\"pg-1241-1\"  class=\"panel-grid panel-no-style\" ><div id=\"pgc-1241-1-0\"  class=\"panel-grid-cell\" ><div id=\"panel-1241-1-0-0\" class=\"so-panel widget widget_sow-editor panel-first-child\" data-index=\"1\" ><div\n\t\t\t\n\t\t\tclass=\"so-widget-sow-editor so-widget-sow-editor-base\"\n\t\t\t\n\t\t>\n<div class=\"siteorigin-widget-tinymce textwidget\">\n\t<h2><img loading=\"lazy\" decoding=\"async\" class=\"size-full wp-image-164811\" style=\"display: inline-block;\" src=\"https:\/\/d2p6e6u75xmxt8.cloudfront.net\/2\/2018\/05\/notepad.jpg\" alt=\"\" width=\"44\" height=\"38\" \/> Information om behandling av personuppgifter<\/h2>\n<p>Genom detta dokument tillhandah\u00e5ller vi i egenskap av registeransvarig f\u00f6r personuppgifter \u2013 f\u00f6retaget \u0160koda AUTO a.s., t\u0159. V\u00e1clava Klementa 869, Mlad\u00e1 Boleslav II, 293 10, Mlad\u00e1 Boleslav, identifieringsnr: 00177041, registrerat i f\u00f6retagsregistret vid stadsdomstolen i Prag under sektion B, \u00e4rende nr\u00a0332 (h\u00e4danefter \u201df\u00f6retaget \u0160koda AUTO\u201d) \u2013 information om behandling av personuppgifter och dina d\u00e4rtill h\u00f6rande r\u00e4ttigheter.<\/p>\n<p>Behandlingen av personuppgifter omfattar f\u00f6ljande aktiviteter:<\/p>\n<p><strong>Resultat av marknadsf\u00f6ringsaktiviteter<\/strong><\/p>\n<p>&nbsp;<\/p>\n<\/div>\n<\/div><\/div><div id=\"panel-1241-1-0-1\" class=\"so-panel widget widget_sow-editor panel-last-child\" data-index=\"2\" ><div\n\t\t\t\n\t\t\tclass=\"so-widget-sow-editor so-widget-sow-editor-base\"\n\t\t\t\n\t\t>\n<div class=\"siteorigin-widget-tinymce textwidget\">\n\t<h3>Behandlingens syfte:<\/h3>\n<p>Skicka erbjudanden om produkter och tj\u00e4nster fr\u00e5n \u0160koda, inklusive tillhandah\u00e5lla information om produkter, tj\u00e4nster, evenemang, t\u00e4vlingar, utskick av nyhetsbrev och personliga h\u00e4lsningar.<\/p>\n<h3>Beskrivning av behandlingens syfte:<\/h3>\n<p>Dina personuppgifter anv\u00e4nds f\u00f6r att informera dig om produkter och tj\u00e4nster fr\u00e5n \u0160koda AUTO, evenemang, t\u00e4vlingar, nyhetsprenumeration, annonsering, katalogutskick eller personliga h\u00e4lsningar. Vi kan ocks\u00e5 komma att anv\u00e4nda delar av dina personuppgifter f\u00f6r att rikta ovann\u00e4mnda kommunikationer.<\/p>\n<h3>R\u00e4ttslig grund f\u00f6r behandlingen:<\/h3>\n<p>Vi har beh\u00f6righet att behandla dina personuppgifter baserat p\u00e5 ditt samtycke. Om du inte har gett ditt samtycke till oss kommer vi d\u00e4rf\u00f6r inte att behandla dina personuppgifter.<\/p>\n<h3>Kategorier av personuppgifter som vi behandlar:<\/h3>\n<p>Identifieringsuppgifter, kontaktuppgifter, beskrivande uppgifter, f\u00f6retagsprofil, teknisk information om produkten, k\u00f6phistorik, information om familj och andra personer, kommunikation, interaktion och profiler baserade p\u00e5 dessa uppgifter, n\u00e4tverksidentifiering.<\/p>\n<h3>Behandlings- och arkiveringsperiod:<\/h3>\n<p>5 \u00e5r efter l\u00e4mnat samtycke om behandling av personuppgifter.<\/p>\n<h3>Kategorier av behandlare eller mottagare av uppgifter till vilka vi kan tillhandah\u00e5lla personuppgifterna:<\/h3>\n<p>Marknadsf\u00f6ringsbyr\u00e5er, evenemangbyr\u00e5er, mediebyr\u00e5er, medlemmar av distributionsn\u00e4tverket, serveroperat\u00f6rer, g\u00e4stf\u00f6rvaltningsorgan, informationslinjer.<\/p>\n<p>Vid f\u00f6rfr\u00e5gan kan dina personuppgifter tillhandah\u00e5llas \u00e5t offentliga myndigheter, i synnerhet \u00e5t domstolar, den tjeckiska polisen och andra brottsbek\u00e4mpande organ, i n\u00f6dv\u00e4ndig utstr\u00e4ckning och inom lagliga gr\u00e4nser.<\/p>\n<h3>Personuppgifternas ursprung:<\/h3>\n<p>Vi f\u00e5r personuppgifterna direkt fr\u00e5n dig.<\/p>\n<h3>\u00d6verf\u00f6ring av personuppgifter till tredje land eller \u00f6verstatliga organisationer:<\/h3>\n<p>Som en del av denna behandling kan dina personuppgifter \u00f6verf\u00f6ras till mottagare i tredje land, dvs. USA. I s\u00e5dana fall kan \u00f6verf\u00f6ringen ske antingen p\u00e5 grundval av ett beslut om adekvat skyddsniv\u00e5 fr\u00e5n Europeiska kommissionen, dvs. f\u00f6r organisationer som deltar i Privacy Shield-programmet, eller p\u00e5 grundval av standardavtalsklausuler, dvs. det standardkontrakt som utf\u00e4rdas av Europeiska kommissionen, utan att n\u00e5gra \u00e4ndringar g\u00f6rs i texten, i enlighet med nuvarande r\u00e4ttsliga reglering f\u00f6r personuppgiftsskydd. Den senaste informationen finns p\u00e5 <a href=\"http:\/\/www.skoda-auto.com\/other\/privacy-policy\" target=\"_blank\" rel=\"noopener\">http:\/\/www.skoda-auto.com\/other\/privacy-policy<\/a>.<\/p>\n<h3>Automatiserat beslutsfattande baserat p\u00e5 personuppgifter:<\/h3>\n<p>I samband med denna behandling av personuppgifter f\u00f6rekommer inget automatiserat beslutsfattande baserat p\u00e5 personuppgifterna.<\/p>\n<h3>\u00d6vrig information<\/h3>\n<p>Personuppgifterna kan arkiveras i allm\u00e4nhetens intresse och anv\u00e4ndas f\u00f6r vetenskapliga, historiska eller statistiska forsknings\u00e4ndam\u00e5l. I v\u00e4lgrundade fall kan personuppgifterna \u00e4ven bli f\u00f6rem\u00e5l f\u00f6r behandling som syftar till att l\u00f6sa r\u00e4ttsliga fr\u00e5gor, inklusive fullg\u00f6rande av skyldigheter gentemot offentliga f\u00f6rvaltningar och \u00f6vervakning och p\u00e5g\u00e5ende utv\u00e4rdering av r\u00e4ttsliga risker.<\/p>\n<\/div>\n<\/div><\/div><\/div><\/div><div id=\"pg-1241-2\"  class=\"panel-grid panel-no-style\" ><div id=\"pgc-1241-2-0\"  class=\"panel-grid-cell\" ><div id=\"panel-1241-2-0-0\" class=\"so-panel widget widget_sow-editor panel-first-child panel-last-child\" data-index=\"3\" ><div\n\t\t\t\n\t\t\tclass=\"so-widget-sow-editor so-widget-sow-editor-base\"\n\t\t\t\n\t\t>\n<div class=\"siteorigin-widget-tinymce textwidget\">\n\t<p><a href=\"\/se\/docs\/rattigheter\/\">Vilka r\u00e4ttigheter har du?<\/a><\/p>\n<\/div>\n<\/div><\/div><\/div><\/div><\/div>","protected":false},"excerpt":{"rendered":"<p>Samtycke till behandling av personuppgifter H\u00e4rmed ger jag \u0160koda AUTO a.s., t\u0159. V\u00e1clava Klementa 869, Mlad\u00e1 Boleslav II, 293 01, [&hellip;]<\/p>\n","protected":false},"author":1,"featured_media":0,"parent":1237,"menu_order":0,"comment_status":"closed","ping_status":"closed","template":"templates\/template-empty-page-headline.php","meta":{"footnotes":""},"tags":[],"class_list":["post-1241","page","type-page","status-publish","hentry"],"yoast_head":"<!-- This site is optimized with the Yoast SEO Premium plugin v25.3 (Yoast SEO v25.9) - https:\/\/yoast.com\/wordpress\/plugins\/seo\/ -->\n<title>Information om behandling av personuppgifter - \u0160koda - We Love Cycling - Sweden<\/title>\n<meta name=\"robots\" content=\"index, follow, max-snippet:-1, max-image-preview:large, max-video-preview:-1\" \/>\n<link rel=\"canonical\" href=\"https:\/\/www.welovecycling.com\/se\/docs\/memorandum\/\" \/>\n<meta property=\"og:locale\" content=\"sv_SE\" \/>\n<meta property=\"og:type\" content=\"article\" \/>\n<meta property=\"og:title\" content=\"Information om behandling av personuppgifter\" \/>\n<meta property=\"og:description\" content=\"Samtycke till behandling av personuppgifter H\u00e4rmed ger jag \u0160koda AUTO a.s., t\u0159. V\u00e1clava Klementa 869, Mlad\u00e1 Boleslav II, 293 01, [&hellip;]\" \/>\n<meta property=\"og:url\" content=\"https:\/\/www.welovecycling.com\/se\/docs\/memorandum\/\" \/>\n<meta property=\"og:site_name\" content=\"\u0160koda - We Love Cycling - Sweden\" \/>\n<meta property=\"article:modified_time\" content=\"2018-07-05T09:41:05+00:00\" \/>\n<meta property=\"og:image\" content=\"https:\/\/d2p6e6u75xmxt8.cloudfront.net\/2\/2018\/05\/notepad.jpg\" \/>\n<meta name=\"twitter:card\" content=\"summary_large_image\" \/>\n<meta name=\"twitter:label1\" content=\"Est. reading time\" \/>\n\t<meta name=\"twitter:data1\" content=\"4 minutes\" \/>\n<script type=\"application\/ld+json\" class=\"yoast-schema-graph\">{\"@context\":\"https:\/\/schema.org\",\"@graph\":[{\"@type\":\"WebPage\",\"@id\":\"https:\/\/www.welovecycling.com\/se\/docs\/memorandum\/\",\"url\":\"https:\/\/www.welovecycling.com\/se\/docs\/memorandum\/\",\"name\":\"Information om behandling av personuppgifter - \u0160koda - We Love Cycling - Sweden\",\"isPartOf\":{\"@id\":\"https:\/\/www.welovecycling.com\/se\/#website\"},\"primaryImageOfPage\":{\"@id\":\"https:\/\/www.welovecycling.com\/se\/docs\/memorandum\/#primaryimage\"},\"image\":{\"@id\":\"https:\/\/www.welovecycling.com\/se\/docs\/memorandum\/#primaryimage\"},\"thumbnailUrl\":\"https:\/\/d2p6e6u75xmxt8.cloudfront.net\/2\/2018\/05\/notepad.jpg\",\"datePublished\":\"2018-05-24T06:24:48+00:00\",\"dateModified\":\"2018-07-05T09:41:05+00:00\",\"breadcrumb\":{\"@id\":\"https:\/\/www.welovecycling.com\/se\/docs\/memorandum\/#breadcrumb\"},\"inLanguage\":\"sv-SE\",\"potentialAction\":[{\"@type\":\"ReadAction\",\"target\":[\"https:\/\/www.welovecycling.com\/se\/docs\/memorandum\/\"]}]},{\"@type\":\"ImageObject\",\"inLanguage\":\"sv-SE\",\"@id\":\"https:\/\/www.welovecycling.com\/se\/docs\/memorandum\/#primaryimage\",\"url\":\"https:\/\/d2p6e6u75xmxt8.cloudfront.net\/2\/2018\/05\/notepad.jpg\",\"contentUrl\":\"https:\/\/d2p6e6u75xmxt8.cloudfront.net\/2\/2018\/05\/notepad.jpg\"},{\"@type\":\"BreadcrumbList\",\"@id\":\"https:\/\/www.welovecycling.com\/se\/docs\/memorandum\/#breadcrumb\",\"itemListElement\":[{\"@type\":\"ListItem\",\"position\":1,\"name\":\"Home\",\"item\":\"https:\/\/www.welovecycling.com\/se\/\"},{\"@type\":\"ListItem\",\"position\":2,\"name\":\"Documents\",\"item\":\"https:\/\/www.welovecycling.com\/se\/docs\/\"},{\"@type\":\"ListItem\",\"position\":3,\"name\":\"Information om behandling av personuppgifter\"}]},{\"@type\":\"WebSite\",\"@id\":\"https:\/\/www.welovecycling.com\/se\/#website\",\"url\":\"https:\/\/www.welovecycling.com\/se\/\",\"name\":\"\u0160koda - We Love Cycling - Sweden\",\"description\":\"\u0160koda We Love Cycling - Sweden\",\"potentialAction\":[{\"@type\":\"SearchAction\",\"target\":{\"@type\":\"EntryPoint\",\"urlTemplate\":\"https:\/\/www.welovecycling.com\/se\/?s={search_term_string}\"},\"query-input\":{\"@type\":\"PropertyValueSpecification\",\"valueRequired\":true,\"valueName\":\"search_term_string\"}}],\"inLanguage\":\"sv-SE\"}]}<\/script>\n<!-- \/ Yoast SEO Premium plugin. -->","yoast_head_json":{"title":"Information om behandling av personuppgifter - \u0160koda - We Love Cycling - Sweden","robots":{"index":"index","follow":"follow","max-snippet":"max-snippet:-1","max-image-preview":"max-image-preview:large","max-video-preview":"max-video-preview:-1"},"canonical":"https:\/\/www.welovecycling.com\/se\/docs\/memorandum\/","og_locale":"sv_SE","og_type":"article","og_title":"Information om behandling av personuppgifter","og_description":"Samtycke till behandling av personuppgifter H\u00e4rmed ger jag \u0160koda AUTO a.s., t\u0159. V\u00e1clava Klementa 869, Mlad\u00e1 Boleslav II, 293 01, [&hellip;]","og_url":"https:\/\/www.welovecycling.com\/se\/docs\/memorandum\/","og_site_name":"\u0160koda - We Love Cycling - Sweden","article_modified_time":"2018-07-05T09:41:05+00:00","og_image":[{"url":"https:\/\/d2p6e6u75xmxt8.cloudfront.net\/2\/2018\/05\/notepad.jpg","type":"","width":"","height":""}],"twitter_card":"summary_large_image","twitter_misc":{"Est. reading time":"4 minutes"},"schema":{"@context":"https:\/\/schema.org","@graph":[{"@type":"WebPage","@id":"https:\/\/www.welovecycling.com\/se\/docs\/memorandum\/","url":"https:\/\/www.welovecycling.com\/se\/docs\/memorandum\/","name":"Information om behandling av personuppgifter - \u0160koda - We Love Cycling - Sweden","isPartOf":{"@id":"https:\/\/www.welovecycling.com\/se\/#website"},"primaryImageOfPage":{"@id":"https:\/\/www.welovecycling.com\/se\/docs\/memorandum\/#primaryimage"},"image":{"@id":"https:\/\/www.welovecycling.com\/se\/docs\/memorandum\/#primaryimage"},"thumbnailUrl":"https:\/\/d2p6e6u75xmxt8.cloudfront.net\/2\/2018\/05\/notepad.jpg","datePublished":"2018-05-24T06:24:48+00:00","dateModified":"2018-07-05T09:41:05+00:00","breadcrumb":{"@id":"https:\/\/www.welovecycling.com\/se\/docs\/memorandum\/#breadcrumb"},"inLanguage":"sv-SE","potentialAction":[{"@type":"ReadAction","target":["https:\/\/www.welovecycling.com\/se\/docs\/memorandum\/"]}]},{"@type":"ImageObject","inLanguage":"sv-SE","@id":"https:\/\/www.welovecycling.com\/se\/docs\/memorandum\/#primaryimage","url":"https:\/\/d2p6e6u75xmxt8.cloudfront.net\/2\/2018\/05\/notepad.jpg","contentUrl":"https:\/\/d2p6e6u75xmxt8.cloudfront.net\/2\/2018\/05\/notepad.jpg"},{"@type":"BreadcrumbList","@id":"https:\/\/www.welovecycling.com\/se\/docs\/memorandum\/#breadcrumb","itemListElement":[{"@type":"ListItem","position":1,"name":"Home","item":"https:\/\/www.welovecycling.com\/se\/"},{"@type":"ListItem","position":2,"name":"Documents","item":"https:\/\/www.welovecycling.com\/se\/docs\/"},{"@type":"ListItem","position":3,"name":"Information om behandling av personuppgifter"}]},{"@type":"WebSite","@id":"https:\/\/www.welovecycling.com\/se\/#website","url":"https:\/\/www.welovecycling.com\/se\/","name":"\u0160koda - We Love Cycling - Sweden","description":"\u0160koda We Love Cycling - Sweden","potentialAction":[{"@type":"SearchAction","target":{"@type":"EntryPoint","urlTemplate":"https:\/\/www.welovecycling.com\/se\/?s={search_term_string}"},"query-input":{"@type":"PropertyValueSpecification","valueRequired":true,"valueName":"search_term_string"}}],"inLanguage":"sv-SE"}]}},"_links":{"self":[{"href":"https:\/\/www.welovecycling.com\/se\/wp-json\/wp\/v2\/pages\/1241","targetHints":{"allow":["GET"]}}],"collection":[{"href":"https:\/\/www.welovecycling.com\/se\/wp-json\/wp\/v2\/pages"}],"about":[{"href":"https:\/\/www.welovecycling.com\/se\/wp-json\/wp\/v2\/types\/page"}],"author":[{"embeddable":true,"href":"https:\/\/www.welovecycling.com\/se\/wp-json\/wp\/v2\/users\/1"}],"replies":[{"embeddable":true,"href":"https:\/\/www.welovecycling.com\/se\/wp-json\/wp\/v2\/comments?post=1241"}],"version-history":[{"count":2,"href":"https:\/\/www.welovecycling.com\/se\/wp-json\/wp\/v2\/pages\/1241\/revisions"}],"predecessor-version":[{"id":1587,"href":"https:\/\/www.welovecycling.com\/se\/wp-json\/wp\/v2\/pages\/1241\/revisions\/1587"}],"up":[{"embeddable":true,"href":"https:\/\/www.welovecycling.com\/se\/wp-json\/wp\/v2\/pages\/1237"}],"wp:attachment":[{"href":"https:\/\/www.welovecycling.com\/se\/wp-json\/wp\/v2\/media?parent=1241"}],"wp:term":[{"taxonomy":"post_tag","embeddable":true,"href":"https:\/\/www.welovecycling.com\/se\/wp-json\/wp\/v2\/tags?post=1241"}],"curies":[{"name":"wp","href":"https:\/\/api.w.org\/{rel}","templated":true}]}}