{"id":1239,"date":"2018-05-24T07:24:06","date_gmt":"2018-05-24T06:24:06","guid":{"rendered":"https:\/\/www.welovecycling.com\/se\/?page_id=1239"},"modified":"2018-07-05T10:41:02","modified_gmt":"2018-07-05T09:41:02","slug":"contest-memorandum","status":"publish","type":"page","link":"https:\/\/www.welovecycling.com\/se\/docs\/contest-memorandum\/","title":{"rendered":"Information om behandling av personuppgifter (t\u00e4vling)"},"content":{"rendered":"<div id=\"pl-1239\"  class=\"panel-layout\" ><div id=\"pg-1239-0\"  class=\"panel-grid panel-no-style\" ><div id=\"pgc-1239-0-0\"  class=\"panel-grid-cell\" ><div id=\"panel-1239-0-0-0\" class=\"so-panel widget widget_sow-editor panel-first-child\" data-index=\"0\" ><div\n\t\t\t\n\t\t\tclass=\"so-widget-sow-editor so-widget-sow-editor-base\"\n\t\t\t\n\t\t>\n<div class=\"siteorigin-widget-tinymce textwidget\">\n\t<p>Genom detta dokument tillhandah\u00e5ller vi i egenskap av registeransvarig f\u00f6r personuppgifter \u2013 f\u00f6retaget \u0160koda AUTO a.s., t\u0159. V\u00e1clava Klementa 869, Mlad\u00e1 Boleslav II, 293 10, Mlad\u00e1 Boleslav, identifieringsnr: 00177041, registrerat i handelsregistret vid stadsdomstolen i Prag under sektion B, \u00e4rende nr\u00a0332 (h\u00e4danefter \u201d\u0160koda AUTO\u201d) \u2013 information om behandling av personuppgifter och dina d\u00e4rtill h\u00f6rande r\u00e4ttigheter.<\/p>\n<p>Behandlingen av personuppgifter utf\u00f6rs inom ramen f\u00f6r f\u00f6ljande aktivitet: <\/p>\n<p><strong>Organisering av t\u00e4vling samt r\u00f6stande i t\u00e4vlingen<\/strong><\/p>\n<\/div>\n<\/div><\/div><div id=\"panel-1239-0-0-1\" class=\"so-panel widget widget_sow-editor panel-last-child\" data-index=\"1\" ><div\n\t\t\t\n\t\t\tclass=\"so-widget-sow-editor so-widget-sow-editor-base\"\n\t\t\t\n\t\t>\n<div class=\"siteorigin-widget-tinymce textwidget\">\n\t<h3>Behandlingens syfte:<\/h3>\n<p>Organisering av t\u00e4vlingar och garantier f\u00f6r r\u00e4ttvist r\u00f6stande i en r\u00f6stningst\u00e4vling<\/p>\n<h3>Beskrivning av behandlingens syfte:<\/h3>\n<p>Om du skulle best\u00e4mma dig f\u00f6r att delta i n\u00e5gon form av t\u00e4vling som organiseras av oss kommer vi att anv\u00e4nda dina personuppgifter, om du \u00e4r en deltagare i t\u00e4vlingen \u2013 dvs. dina uppgifter \u2013 och uppgifter som r\u00f6r ditt barn, om du \u00e4r v\u00e5rdnadshavare till n\u00e5gon som deltar i t\u00e4vlingen, f\u00f6r att vi ska kunna inkludera dig bland deltagarna, utv\u00e4rdera t\u00e4vlingen och skicka eller leverera priser. Detta kan genomf\u00f6ras av oss sj\u00e4lva eller via tredje part \u2013 samarbetspartners. Med hj\u00e4lp av dessa uppgifter kommer vi ocks\u00e5 att kunna garantera att situationer d\u00e4r en person r\u00f6star flera g\u00e5nger minimeras.<\/p>\n<h3>R\u00e4ttslig grund f\u00f6r behandlingen:<\/h3>\n<p>Vi m\u00e5ste genomf\u00f6ra behandlingen i den utstr\u00e4ckning det \u00e4r n\u00f6dv\u00e4ndigt f\u00f6r att vi ska kunna uppfylla v\u00e5ra skyldigheter kopplade till den utlysta t\u00e4vlingen. Att tillhandah\u00e5lla dina personuppgifter utg\u00f6r ett avtalsm\u00e4ssigt krav och om du underl\u00e5ter att tillhandah\u00e5lla dem kan det leda till att du inte inkluderas i t\u00e4vlingen.<\/p>\n<h3>Kategorier av personuppgifter som vi behandlar:<\/h3>\n<p>Identifikationsuppgifter, kontaktuppgifter<\/p>\n<h3>Behandlings- och arkiveringsperiod:<\/h3>\n<p>1 \u00e5r efter att t\u00e4vlingen \u00e4r avslutad<\/p>\n<h3>Kategorier av behandlare eller mottagare av uppgifter till vilka vi kan tillhandah\u00e5lla personuppgifterna:<\/h3>\n<p>Samarbetspartners som ansvarar f\u00f6r t\u00e4vlingen.<\/p>\n<p>Vid f\u00f6rfr\u00e5gan kan dina personuppgifter tillhandah\u00e5llas \u00e5t offentliga myndigheter, i synnerhet \u00e5t domstolar, den tjeckiska polisen och andra brottsbek\u00e4mpande organ, i n\u00f6dv\u00e4ndig utstr\u00e4ckning och inom lagliga gr\u00e4nser.<\/p>\n<h3>Personuppgifternas ursprung:<\/h3>\n<p>Vi f\u00e5r personuppgifterna direkt fr\u00e5n dig.<\/p>\n<h3>\u00d6verf\u00f6ring av personuppgifter till tredje land eller \u00f6verstatliga organisationer:<\/h3>\n<p>Som en del av denna behandling kan dina personuppgifter \u00f6verf\u00f6ras till mottagare i tredje land, dvs. USA. I s\u00e5dana fall kan \u00f6verf\u00f6ringen ske antingen p\u00e5 grundval av ett beslut om adekvat skyddsniv\u00e5 fr\u00e5n Europeiska kommissionen, dvs. f\u00f6r organisationer som deltar i Privacy Shield-programmet, eller p\u00e5 grundval av standardavtalsklausuler, dvs. det standardkontrakt som utf\u00e4rdas av Europeiska kommissionen, utan att n\u00e5gra \u00e4ndringar g\u00f6rs i texten, i enlighet med nuvarande r\u00e4ttsliga reglering f\u00f6r personuppgiftsskydd. Den senaste informationen finns p\u00e5 <a href=\"http:\/\/www.skoda-auto.com\/other\/privacy-policy\" target=\"_blank\" rel=\"noopener\">http:\/\/www.skoda-auto.com\/other\/privacy-policy<\/a>.<\/p>\n<h3>Automatiskt beslutsfattande baserat p\u00e5 personuppgifter:<\/h3>\n<p>I samband med denna behandling av personuppgifter f\u00f6rekommer inget automatiskt beslutsfattande baserat p\u00e5 personuppgifterna.<\/p>\n<h3>\u00d6vrig information<\/h3>\n<p>Personuppgifterna kan arkiveras i allm\u00e4nhetens intresse och anv\u00e4ndas f\u00f6r vetenskapliga, historiska eller statistiska forsknings\u00e4ndam\u00e5l. I v\u00e4lgrundade fall kan personuppgifterna \u00e4ven bli f\u00f6rem\u00e5l f\u00f6r behandling som syftar till att l\u00f6sa r\u00e4ttsliga fr\u00e5gor, inklusive fullg\u00f6rande av skyldigheter gentemot offentliga f\u00f6rvaltningar och \u00f6vervakning och p\u00e5g\u00e5ende utv\u00e4rdering av r\u00e4ttsliga risker.<\/p>\n<\/div>\n<\/div><\/div><\/div><\/div><div id=\"pg-1239-1\"  class=\"panel-grid panel-no-style\" ><div id=\"pgc-1239-1-0\"  class=\"panel-grid-cell\" ><div id=\"panel-1239-1-0-0\" class=\"so-panel widget widget_sow-editor panel-first-child panel-last-child\" data-index=\"2\" ><div\n\t\t\t\n\t\t\tclass=\"so-widget-sow-editor so-widget-sow-editor-base\"\n\t\t\t\n\t\t>\n<div class=\"siteorigin-widget-tinymce textwidget\">\n\t<p><a href=\"https:\/\/www.welovecycling.com\/se\/docs\/rattigheter\/\">Vilka r\u00e4ttigheter har du?<\/a><\/p>\n<\/div>\n<\/div><\/div><\/div><\/div><\/div>","protected":false},"excerpt":{"rendered":"<p>Genom detta dokument tillhandah\u00e5ller vi i egenskap av registeransvarig f\u00f6r personuppgifter \u2013 f\u00f6retaget \u0160koda AUTO a.s., t\u0159. V\u00e1clava Klementa 869, [&hellip;]<\/p>\n","protected":false},"author":1,"featured_media":0,"parent":1237,"menu_order":0,"comment_status":"closed","ping_status":"closed","template":"templates\/template-empty-page-headline.php","meta":{"footnotes":""},"tags":[],"class_list":["post-1239","page","type-page","status-publish","hentry"],"yoast_head":"<!-- This site is optimized with the Yoast SEO Premium plugin v25.3 (Yoast SEO v25.9) - https:\/\/yoast.com\/wordpress\/plugins\/seo\/ -->\n<title>Information om behandling av personuppgifter (t\u00e4vling) - \u0160koda - We Love Cycling - Sweden<\/title>\n<meta name=\"robots\" content=\"index, follow, max-snippet:-1, max-image-preview:large, max-video-preview:-1\" \/>\n<link rel=\"canonical\" href=\"https:\/\/www.welovecycling.com\/se\/docs\/contest-memorandum\/\" \/>\n<meta property=\"og:locale\" content=\"sv_SE\" \/>\n<meta property=\"og:type\" content=\"article\" \/>\n<meta property=\"og:title\" content=\"Information om behandling av personuppgifter (t\u00e4vling)\" \/>\n<meta property=\"og:description\" content=\"Genom detta dokument tillhandah\u00e5ller vi i egenskap av registeransvarig f\u00f6r personuppgifter \u2013 f\u00f6retaget \u0160koda AUTO a.s., t\u0159. V\u00e1clava Klementa 869, [&hellip;]\" \/>\n<meta property=\"og:url\" content=\"https:\/\/www.welovecycling.com\/se\/docs\/contest-memorandum\/\" \/>\n<meta property=\"og:site_name\" content=\"\u0160koda - We Love Cycling - Sweden\" \/>\n<meta property=\"article:modified_time\" content=\"2018-07-05T09:41:02+00:00\" \/>\n<meta name=\"twitter:card\" content=\"summary_large_image\" \/>\n<meta name=\"twitter:label1\" content=\"Est. reading time\" \/>\n\t<meta name=\"twitter:data1\" content=\"3 minutes\" \/>\n<script type=\"application\/ld+json\" class=\"yoast-schema-graph\">{\"@context\":\"https:\/\/schema.org\",\"@graph\":[{\"@type\":\"WebPage\",\"@id\":\"https:\/\/www.welovecycling.com\/se\/docs\/contest-memorandum\/\",\"url\":\"https:\/\/www.welovecycling.com\/se\/docs\/contest-memorandum\/\",\"name\":\"Information om behandling av personuppgifter (t\u00e4vling) - \u0160koda - We Love Cycling - Sweden\",\"isPartOf\":{\"@id\":\"https:\/\/www.welovecycling.com\/se\/#website\"},\"datePublished\":\"2018-05-24T06:24:06+00:00\",\"dateModified\":\"2018-07-05T09:41:02+00:00\",\"breadcrumb\":{\"@id\":\"https:\/\/www.welovecycling.com\/se\/docs\/contest-memorandum\/#breadcrumb\"},\"inLanguage\":\"sv-SE\",\"potentialAction\":[{\"@type\":\"ReadAction\",\"target\":[\"https:\/\/www.welovecycling.com\/se\/docs\/contest-memorandum\/\"]}]},{\"@type\":\"BreadcrumbList\",\"@id\":\"https:\/\/www.welovecycling.com\/se\/docs\/contest-memorandum\/#breadcrumb\",\"itemListElement\":[{\"@type\":\"ListItem\",\"position\":1,\"name\":\"Home\",\"item\":\"https:\/\/www.welovecycling.com\/se\/\"},{\"@type\":\"ListItem\",\"position\":2,\"name\":\"Documents\",\"item\":\"https:\/\/www.welovecycling.com\/se\/docs\/\"},{\"@type\":\"ListItem\",\"position\":3,\"name\":\"Information om behandling av personuppgifter (t\u00e4vling)\"}]},{\"@type\":\"WebSite\",\"@id\":\"https:\/\/www.welovecycling.com\/se\/#website\",\"url\":\"https:\/\/www.welovecycling.com\/se\/\",\"name\":\"\u0160koda - We Love Cycling - Sweden\",\"description\":\"\u0160koda We Love Cycling - Sweden\",\"potentialAction\":[{\"@type\":\"SearchAction\",\"target\":{\"@type\":\"EntryPoint\",\"urlTemplate\":\"https:\/\/www.welovecycling.com\/se\/?s={search_term_string}\"},\"query-input\":{\"@type\":\"PropertyValueSpecification\",\"valueRequired\":true,\"valueName\":\"search_term_string\"}}],\"inLanguage\":\"sv-SE\"}]}<\/script>\n<!-- \/ Yoast SEO Premium plugin. -->","yoast_head_json":{"title":"Information om behandling av personuppgifter (t\u00e4vling) - \u0160koda - We Love Cycling - Sweden","robots":{"index":"index","follow":"follow","max-snippet":"max-snippet:-1","max-image-preview":"max-image-preview:large","max-video-preview":"max-video-preview:-1"},"canonical":"https:\/\/www.welovecycling.com\/se\/docs\/contest-memorandum\/","og_locale":"sv_SE","og_type":"article","og_title":"Information om behandling av personuppgifter (t\u00e4vling)","og_description":"Genom detta dokument tillhandah\u00e5ller vi i egenskap av registeransvarig f\u00f6r personuppgifter \u2013 f\u00f6retaget \u0160koda AUTO a.s., t\u0159. V\u00e1clava Klementa 869, [&hellip;]","og_url":"https:\/\/www.welovecycling.com\/se\/docs\/contest-memorandum\/","og_site_name":"\u0160koda - We Love Cycling - Sweden","article_modified_time":"2018-07-05T09:41:02+00:00","twitter_card":"summary_large_image","twitter_misc":{"Est. reading time":"3 minutes"},"schema":{"@context":"https:\/\/schema.org","@graph":[{"@type":"WebPage","@id":"https:\/\/www.welovecycling.com\/se\/docs\/contest-memorandum\/","url":"https:\/\/www.welovecycling.com\/se\/docs\/contest-memorandum\/","name":"Information om behandling av personuppgifter (t\u00e4vling) - \u0160koda - We Love Cycling - Sweden","isPartOf":{"@id":"https:\/\/www.welovecycling.com\/se\/#website"},"datePublished":"2018-05-24T06:24:06+00:00","dateModified":"2018-07-05T09:41:02+00:00","breadcrumb":{"@id":"https:\/\/www.welovecycling.com\/se\/docs\/contest-memorandum\/#breadcrumb"},"inLanguage":"sv-SE","potentialAction":[{"@type":"ReadAction","target":["https:\/\/www.welovecycling.com\/se\/docs\/contest-memorandum\/"]}]},{"@type":"BreadcrumbList","@id":"https:\/\/www.welovecycling.com\/se\/docs\/contest-memorandum\/#breadcrumb","itemListElement":[{"@type":"ListItem","position":1,"name":"Home","item":"https:\/\/www.welovecycling.com\/se\/"},{"@type":"ListItem","position":2,"name":"Documents","item":"https:\/\/www.welovecycling.com\/se\/docs\/"},{"@type":"ListItem","position":3,"name":"Information om behandling av personuppgifter (t\u00e4vling)"}]},{"@type":"WebSite","@id":"https:\/\/www.welovecycling.com\/se\/#website","url":"https:\/\/www.welovecycling.com\/se\/","name":"\u0160koda - We Love Cycling - Sweden","description":"\u0160koda We Love Cycling - Sweden","potentialAction":[{"@type":"SearchAction","target":{"@type":"EntryPoint","urlTemplate":"https:\/\/www.welovecycling.com\/se\/?s={search_term_string}"},"query-input":{"@type":"PropertyValueSpecification","valueRequired":true,"valueName":"search_term_string"}}],"inLanguage":"sv-SE"}]}},"_links":{"self":[{"href":"https:\/\/www.welovecycling.com\/se\/wp-json\/wp\/v2\/pages\/1239","targetHints":{"allow":["GET"]}}],"collection":[{"href":"https:\/\/www.welovecycling.com\/se\/wp-json\/wp\/v2\/pages"}],"about":[{"href":"https:\/\/www.welovecycling.com\/se\/wp-json\/wp\/v2\/types\/page"}],"author":[{"embeddable":true,"href":"https:\/\/www.welovecycling.com\/se\/wp-json\/wp\/v2\/users\/1"}],"replies":[{"embeddable":true,"href":"https:\/\/www.welovecycling.com\/se\/wp-json\/wp\/v2\/comments?post=1239"}],"version-history":[{"count":2,"href":"https:\/\/www.welovecycling.com\/se\/wp-json\/wp\/v2\/pages\/1239\/revisions"}],"predecessor-version":[{"id":1585,"href":"https:\/\/www.welovecycling.com\/se\/wp-json\/wp\/v2\/pages\/1239\/revisions\/1585"}],"up":[{"embeddable":true,"href":"https:\/\/www.welovecycling.com\/se\/wp-json\/wp\/v2\/pages\/1237"}],"wp:attachment":[{"href":"https:\/\/www.welovecycling.com\/se\/wp-json\/wp\/v2\/media?parent=1239"}],"wp:term":[{"taxonomy":"post_tag","embeddable":true,"href":"https:\/\/www.welovecycling.com\/se\/wp-json\/wp\/v2\/tags?post=1239"}],"curies":[{"name":"wp","href":"https:\/\/api.w.org\/{rel}","templated":true}]}}