{"id":7030,"date":"2018-05-24T06:07:55","date_gmt":"2018-05-24T06:07:55","guid":{"rendered":"https:\/\/www.welovecycling.com\/pl\/?page_id=7030"},"modified":"2018-07-05T09:38:15","modified_gmt":"2018-07-05T09:38:15","slug":"memorandum","status":"publish","type":"page","link":"https:\/\/www.welovecycling.com\/pl\/docs\/memorandum\/","title":{"rendered":"Informacje dot.\u00a0przetwarzania danych osobowych"},"content":{"rendered":"<div id=\"pl-7030\"  class=\"panel-layout\" ><div id=\"pg-7030-0\"  class=\"panel-grid panel-no-style\" ><div id=\"pgc-7030-0-0\"  class=\"panel-grid-cell\" ><div id=\"panel-7030-0-0-0\" class=\"so-panel widget widget_sow-editor panel-first-child panel-last-child\" data-index=\"0\" ><div\n\t\t\t\n\t\t\tclass=\"so-widget-sow-editor so-widget-sow-editor-base\"\n\t\t\t\n\t\t>\n<div class=\"siteorigin-widget-tinymce textwidget\">\n\t<h2>Zgoda na przetwarzanie danych osobowych<\/h2>\n<p>Niniejszym udzielam firmie \u0160koda AUTO a.s., t\u0159. V\u00e1clava Klementa 869, Mlad\u00e1 Boleslav II, 293 01, Mlad\u00e1 Boleslav, nr identyfikacyjny: 00177041, zarejestrowanej w Rejestrze firm prowadzonym przez S\u0105d Miejski w Pradze, Sekcja B, Rejestr 332, administratorowi danych osobowych (dalej zwanej \u201e\u0160koda AUTO\u201d),<\/p>\n<p><strong>bezp\u0142atnej i dobrowolnej zgody na przetwarzanie nast\u0119puj\u0105cych danych osobowych:<\/strong> imi\u0119, nazwisko, adres e-mail, data urodzenia oraz innych informacji o mnie, kt\u00f3re \u0160koda AUTO zdoby\u0142a i wykorzysta w celu lepszego dopasowania us\u0142ug marketingowych do moich potrzeb,<\/p>\n<p><strong>do cel\u00f3w:<\/strong> sk\u0142adania ofert dot.\u00a0produkt\u00f3w i us\u0142ug marki \u0160koda, w tym przekazywania informacji o produktach, us\u0142ugach, wydarzeniach, konkursach, wysy\u0142ania newslettera oraz \u017cycze\u0144 \u015bwi\u0105tecznych.<\/p>\n<p><strong>Zgoda jest udzielana na pi\u0119\u0107 lat.<\/strong><\/p>\n<p>Przyjmuj\u0119 do wiadomo\u015bci, \u017ce mam prawo wycofa\u0107 zgod\u0119 w dowolnym momencie w formie elektronicznej na stronie\u00a0<a href=\"http:\/\/www.skoda-auto.com\/other\/personal-data\" target=\"_blank\" rel=\"noopener\">http:\/\/www.skoda-auto.com\/other\/personal-data<\/a> lub w formie pisemnej na adres firmy \u0160koda AUTO. Mam prawo wycofa\u0107 zgod\u0119 przed up\u0142ywem okresu przetwarzania, na kt\u00f3ry zgoda zosta\u0142a udzielona. Wycofanie zgody nie ma wp\u0142ywu na zgodno\u015b\u0107 z prawem przetwarzania danych osobowych na podstawie zgody przed jej wycofaniem.<\/p>\n<p>Wi\u0119cej informacji dot.\u00a0przetwarzania danych osobowych wyszczeg\u00f3lniono w za\u0142\u0105czniku wymienionym, poni\u017cej, kt\u00f3ry stanowi integraln\u0105 cz\u0119\u015b\u0107 zgody. Og\u00f3lne informacje dot.\u00a0przetwarzania danych osobowych s\u0105 tak\u017ce dost\u0119pne na stronie <a href=\"http:\/\/www.skoda-auto.com\/other\/personal-data\" target=\"_blank\" rel=\"noopener\">http:\/\/www.skoda-auto.com\/other\/personal-data<\/a>.<\/p>\n<\/div>\n<\/div><\/div><\/div><\/div><div id=\"pg-7030-1\"  class=\"panel-grid panel-no-style\" ><div id=\"pgc-7030-1-0\"  class=\"panel-grid-cell\" ><div id=\"panel-7030-1-0-0\" class=\"so-panel widget widget_sow-editor panel-first-child\" data-index=\"1\" ><div\n\t\t\t\n\t\t\tclass=\"so-widget-sow-editor so-widget-sow-editor-base\"\n\t\t\t\n\t\t>\n<div class=\"siteorigin-widget-tinymce textwidget\">\n\t<h2><img loading=\"lazy\" decoding=\"async\" class=\"size-full wp-image-164811\" style=\"display: inline-block;\" src=\"https:\/\/d2p6e6u75xmxt8.cloudfront.net\/2\/2018\/05\/notepad.jpg\" alt=\"\" width=\"44\" height=\"38\" \/> Informacje dot.\u00a0przetwarzania danych osobowych<\/h2>\n<p>oprzez niniejszy dokument my, jako administrator danych osobowych \u2014 firma \u0160koda AUTO a.s., t\u0159. V\u00e1clava Klementa 869, Mlad\u00e1 Boleslav II, 293 10, Mlad\u00e1 Boleslav, nr identyfikacyjny: 00177041, zarejestrowana w Rejestrze firm prowadzonym przez S\u0105d Miejski w Pradze, Sekcja B, Rejestr 332 (dalej zwana \u201e\u0160koda AUTO\u201d), przekazujemy informacje dot.\u00a0przetwarzania danych osobowych oraz Twoich praw z tym zwi\u0105zanych.<\/p>\n<p>Przetwarzanie danych osobowych obejmuje nast\u0119puj\u0105ce czynno\u015bci: <\/p>\n<p><strong>Dzia\u0142ania marketingowe<\/strong><\/p>\n<\/div>\n<\/div><\/div><div id=\"panel-7030-1-0-1\" class=\"so-panel widget widget_sow-editor panel-last-child\" data-index=\"2\" ><div\n\t\t\t\n\t\t\tclass=\"so-widget-sow-editor so-widget-sow-editor-base\"\n\t\t\t\n\t\t>\n<div class=\"siteorigin-widget-tinymce textwidget\">\n\t<h3>Cel przetwarzania:<\/h3>\n<p>Sk\u0142adanie ofert dot.\u00a0produkt\u00f3w i us\u0142ug marki \u0160koda, w tym przekazywanie informacji o produktach, us\u0142ugach, wydarzeniach, konkursach, wysy\u0142anie newslettera oraz \u017cycze\u0144 \u015bwi\u0105tecznych<\/p>\n<h3>Opis celu przetwarzania:<\/h3>\n<p>Twoje dane osobowe s\u0105 wykorzystywane, aby przekazywa\u0107 Ci informacje dot.\u00a0produkt\u00f3w i us\u0142ug \u0160koda AUTO, wydarze\u0144, konkurs\u00f3w, subskrypcje wiadomo\u015bci, reklamy, katalogi oraz \u017cyczenia \u015bwi\u0105teczne. Mo\u017cemy tak\u017ce wykorzystywa\u0107 niekt\u00f3re dane osobowe w celu dopasowania wy\u017cej wymienionych wiadomo\u015bci.<\/p>\n<h3>Podstawa prawna przetwarzania:<\/h3>\n<p>Jeste\u015bmy upowa\u017cnieni do przetwarzania danych osobowych na podstawie udzielonej przez Ciebie zgody. Je\u015bli nie udzieli\u0142e\u015b nam swojej zgody, nie b\u0119dziemy przetwarza\u0107 Twoich danych osobowych.<\/p>\n<h3>Kategorie danych osobowych, kt\u00f3re przetwarzamy:<\/h3>\n<p>Dane identyfikacyjne, kontaktowe, opisowe, profil biznesowy, informacje techniczne dot.\u00a0produktu, historia transakcji, informacje dot.\u00a0rodziny oraz innych os\u00f3b, komunikacja, interakcja oraz profile oparte na tych danych, identyfikatory sieci.<\/p>\n<h3>Przetwarzanie i okres przechowywania:<\/h3>\n<p>5 lat od udzielenia zgody na przetwarzanie danych osobowych.<\/p>\n<h3>Kategorie podmiot\u00f3w przetwarzaj\u0105cych dane lub odbiorc\u00f3w, kt\u00f3rym mo\u017cemy przekazywa\u0107 dane osobowe:<\/h3>\n<p>Agencje marketingowe, eventowe, medialne, cz\u0142onkowie sieci dystrybucji, operatorzy serwer\u00f3w, agencje zarz\u0105dzania go\u015b\u0107mi, infolinia.<\/p>\n<p>Twoje dane osobowe mog\u0105 zosta\u0107 przekazane instytucjom publicznym, w szczeg\u00f3lno\u015bci s\u0105dom, policji oraz innym organom porz\u0105dku publicznego w niezb\u0119dnym zakresie i w granicach prawa.<\/p>\n<h3>\u0179r\u00f3d\u0142o danych osobowych:<\/h3>\n<p>Dane osobowe otrzymujemy bezpo\u015brednio od Ciebie.<\/p>\n<h3>Przekazywanie danych osobowych do kraj\u00f3w trzecich lub organizacji ponadnarodowych:<\/h3>\n<p>W ramach przetwarzania Twoje dane osobowe mog\u0105 by\u0107 przekazywane do odbiorc\u00f3w w krajach trzecich, np. w Stanach Zjednoczonych. W takim przypadku przekazywanie danych mo\u017ce odbywa\u0107 si\u0119 na podstawie decyzji w sprawie odpowiedniego stopnia ochrony podj\u0119tej przez Komisj\u0119 Europejsk\u0105, tj. dla organizacji uczestnicz\u0105cych w programie Tarcza Prywatno\u015bci, lub na podstawie standardowych klauzul umownych, tj. modelowego kontraktu wydanego przez Komisj\u0119<\/p>\n<p>Europejsk\u0105, bez zmian w jego tre\u015bci, jak przewidziano w bie\u017c\u0105cych regulacjach dot.\u00a0ochrony danych osobowych. Najnowsze informacje znajdziesz na stronie <a href=\"http:\/\/www.skoda-auto.com\/other\/privacy-policy-pl\" target=\"_blank\" rel=\"noopener\">http:\/\/www.skoda-auto.com\/other\/privacy-policy-pl<\/a>.<\/p>\n<h3>Automatyczne podejmowanie decyzji na podstawie danych osobowych:<\/h3>\n<p>W trakcie przetwarzania danych osobowych automatyczne podejmowanie decyzji na podstawie danych osobowych nie odbywa si\u0119.<\/p>\n<h3>Inne informacje<\/h3>\n<p>Dane osobowe mog\u0105 by\u0107 archiwizowane w interesie publicznym i wykorzystywane do cel\u00f3w bada\u0144 naukowych, historycznych lub statystycznych. W uzasadnionych przypadkach dane osobowe mog\u0105 by\u0107 tak\u017ce przedmiotem przetwarzania do cel\u00f3w rozwi\u0105zywania kwestii prawnych, w tym wype\u0142niania obowi\u0105zk\u00f3w wobec organ\u00f3w administracji publicznej, a tak\u017ce monitorowania i ci\u0105g\u0142ej oceny zagro\u017ce\u0144 natury prawnej.<\/p>\n<\/div>\n<\/div><\/div><\/div><\/div><div id=\"pg-7030-2\"  class=\"panel-grid panel-no-style\" ><div id=\"pgc-7030-2-0\"  class=\"panel-grid-cell\" ><div id=\"panel-7030-2-0-0\" class=\"so-panel widget widget_sow-editor panel-first-child panel-last-child\" data-index=\"3\" ><div\n\t\t\t\n\t\t\tclass=\"so-widget-sow-editor so-widget-sow-editor-base\"\n\t\t\t\n\t\t>\n<div class=\"siteorigin-widget-tinymce textwidget\">\n\t<p><a href=\"https:\/\/www.welovecycling.com\/pl\/docs\/prawa\/\">Jakie s\u0105 Twoje prawa?<\/a><\/p>\n<\/div>\n<\/div><\/div><\/div><\/div><\/div>","protected":false},"excerpt":{"rendered":"<p>Zgoda na przetwarzanie danych osobowych Niniejszym udzielam firmie \u0160koda AUTO a.s., t\u0159. V\u00e1clava Klementa 869, Mlad\u00e1 Boleslav II, 293 01, [&hellip;]<\/p>\n","protected":false},"author":1,"featured_media":0,"parent":7026,"menu_order":0,"comment_status":"closed","ping_status":"closed","template":"templates\/template-empty-page-headline.php","meta":{"footnotes":""},"tags":[],"class_list":["post-7030","page","type-page","status-publish","hentry"],"yoast_head":"<!-- This site is optimized with the Yoast SEO Premium plugin v25.3 (Yoast SEO v25.9) - https:\/\/yoast.com\/wordpress\/plugins\/seo\/ -->\n<title>Informacje dot.\u00a0przetwarzania danych osobowych - \u0160koda We Love Cycling - Poland<\/title>\n<meta name=\"robots\" content=\"index, follow, max-snippet:-1, max-image-preview:large, max-video-preview:-1\" \/>\n<link rel=\"canonical\" href=\"https:\/\/www.welovecycling.com\/pl\/docs\/memorandum\/\" \/>\n<meta property=\"og:locale\" content=\"pl_PL\" \/>\n<meta property=\"og:type\" content=\"article\" \/>\n<meta property=\"og:title\" content=\"Informacje dot.\u00a0przetwarzania danych osobowych\" \/>\n<meta property=\"og:description\" content=\"Zgoda na przetwarzanie danych osobowych Niniejszym udzielam firmie \u0160koda AUTO a.s., t\u0159. V\u00e1clava Klementa 869, Mlad\u00e1 Boleslav II, 293 01, [&hellip;]\" \/>\n<meta property=\"og:url\" content=\"https:\/\/www.welovecycling.com\/pl\/docs\/memorandum\/\" \/>\n<meta property=\"og:site_name\" content=\"\u0160koda We Love Cycling - Poland\" \/>\n<meta property=\"article:modified_time\" content=\"2018-07-05T09:38:15+00:00\" \/>\n<meta property=\"og:image\" content=\"https:\/\/d2p6e6u75xmxt8.cloudfront.net\/2\/2018\/05\/notepad.jpg\" \/>\n<meta name=\"twitter:card\" content=\"summary_large_image\" \/>\n<meta name=\"twitter:label1\" content=\"Est. reading time\" \/>\n\t<meta name=\"twitter:data1\" content=\"4 minutes\" \/>\n<script type=\"application\/ld+json\" class=\"yoast-schema-graph\">{\"@context\":\"https:\/\/schema.org\",\"@graph\":[{\"@type\":\"WebPage\",\"@id\":\"https:\/\/www.welovecycling.com\/pl\/docs\/memorandum\/\",\"url\":\"https:\/\/www.welovecycling.com\/pl\/docs\/memorandum\/\",\"name\":\"Informacje dot.\u00a0przetwarzania danych osobowych - \u0160koda We Love Cycling - Poland\",\"isPartOf\":{\"@id\":\"https:\/\/www.welovecycling.com\/pl\/#website\"},\"primaryImageOfPage\":{\"@id\":\"https:\/\/www.welovecycling.com\/pl\/docs\/memorandum\/#primaryimage\"},\"image\":{\"@id\":\"https:\/\/www.welovecycling.com\/pl\/docs\/memorandum\/#primaryimage\"},\"thumbnailUrl\":\"https:\/\/d2p6e6u75xmxt8.cloudfront.net\/2\/2018\/05\/notepad.jpg\",\"datePublished\":\"2018-05-24T06:07:55+00:00\",\"dateModified\":\"2018-07-05T09:38:15+00:00\",\"breadcrumb\":{\"@id\":\"https:\/\/www.welovecycling.com\/pl\/docs\/memorandum\/#breadcrumb\"},\"inLanguage\":\"pl-PL\",\"potentialAction\":[{\"@type\":\"ReadAction\",\"target\":[\"https:\/\/www.welovecycling.com\/pl\/docs\/memorandum\/\"]}]},{\"@type\":\"ImageObject\",\"inLanguage\":\"pl-PL\",\"@id\":\"https:\/\/www.welovecycling.com\/pl\/docs\/memorandum\/#primaryimage\",\"url\":\"https:\/\/d2p6e6u75xmxt8.cloudfront.net\/2\/2018\/05\/notepad.jpg\",\"contentUrl\":\"https:\/\/d2p6e6u75xmxt8.cloudfront.net\/2\/2018\/05\/notepad.jpg\"},{\"@type\":\"BreadcrumbList\",\"@id\":\"https:\/\/www.welovecycling.com\/pl\/docs\/memorandum\/#breadcrumb\",\"itemListElement\":[{\"@type\":\"ListItem\",\"position\":1,\"name\":\"Home\",\"item\":\"https:\/\/www.welovecycling.com\/pl\/\"},{\"@type\":\"ListItem\",\"position\":2,\"name\":\"Documents\",\"item\":\"https:\/\/www.welovecycling.com\/pl\/docs\/\"},{\"@type\":\"ListItem\",\"position\":3,\"name\":\"Informacje dot.\u00a0przetwarzania danych osobowych\"}]},{\"@type\":\"WebSite\",\"@id\":\"https:\/\/www.welovecycling.com\/pl\/#website\",\"url\":\"https:\/\/www.welovecycling.com\/pl\/\",\"name\":\"\u0160koda We Love Cycling - Poland\",\"description\":\"\",\"potentialAction\":[{\"@type\":\"SearchAction\",\"target\":{\"@type\":\"EntryPoint\",\"urlTemplate\":\"https:\/\/www.welovecycling.com\/pl\/?s={search_term_string}\"},\"query-input\":{\"@type\":\"PropertyValueSpecification\",\"valueRequired\":true,\"valueName\":\"search_term_string\"}}],\"inLanguage\":\"pl-PL\"}]}<\/script>\n<!-- \/ Yoast SEO Premium plugin. -->","yoast_head_json":{"title":"Informacje dot.\u00a0przetwarzania danych osobowych - \u0160koda We Love Cycling - Poland","robots":{"index":"index","follow":"follow","max-snippet":"max-snippet:-1","max-image-preview":"max-image-preview:large","max-video-preview":"max-video-preview:-1"},"canonical":"https:\/\/www.welovecycling.com\/pl\/docs\/memorandum\/","og_locale":"pl_PL","og_type":"article","og_title":"Informacje dot.\u00a0przetwarzania danych osobowych","og_description":"Zgoda na przetwarzanie danych osobowych Niniejszym udzielam firmie \u0160koda AUTO a.s., t\u0159. V\u00e1clava Klementa 869, Mlad\u00e1 Boleslav II, 293 01, [&hellip;]","og_url":"https:\/\/www.welovecycling.com\/pl\/docs\/memorandum\/","og_site_name":"\u0160koda We Love Cycling - Poland","article_modified_time":"2018-07-05T09:38:15+00:00","og_image":[{"url":"https:\/\/d2p6e6u75xmxt8.cloudfront.net\/2\/2018\/05\/notepad.jpg","type":"","width":"","height":""}],"twitter_card":"summary_large_image","twitter_misc":{"Est. reading time":"4 minutes"},"schema":{"@context":"https:\/\/schema.org","@graph":[{"@type":"WebPage","@id":"https:\/\/www.welovecycling.com\/pl\/docs\/memorandum\/","url":"https:\/\/www.welovecycling.com\/pl\/docs\/memorandum\/","name":"Informacje dot.\u00a0przetwarzania danych osobowych - \u0160koda We Love Cycling - Poland","isPartOf":{"@id":"https:\/\/www.welovecycling.com\/pl\/#website"},"primaryImageOfPage":{"@id":"https:\/\/www.welovecycling.com\/pl\/docs\/memorandum\/#primaryimage"},"image":{"@id":"https:\/\/www.welovecycling.com\/pl\/docs\/memorandum\/#primaryimage"},"thumbnailUrl":"https:\/\/d2p6e6u75xmxt8.cloudfront.net\/2\/2018\/05\/notepad.jpg","datePublished":"2018-05-24T06:07:55+00:00","dateModified":"2018-07-05T09:38:15+00:00","breadcrumb":{"@id":"https:\/\/www.welovecycling.com\/pl\/docs\/memorandum\/#breadcrumb"},"inLanguage":"pl-PL","potentialAction":[{"@type":"ReadAction","target":["https:\/\/www.welovecycling.com\/pl\/docs\/memorandum\/"]}]},{"@type":"ImageObject","inLanguage":"pl-PL","@id":"https:\/\/www.welovecycling.com\/pl\/docs\/memorandum\/#primaryimage","url":"https:\/\/d2p6e6u75xmxt8.cloudfront.net\/2\/2018\/05\/notepad.jpg","contentUrl":"https:\/\/d2p6e6u75xmxt8.cloudfront.net\/2\/2018\/05\/notepad.jpg"},{"@type":"BreadcrumbList","@id":"https:\/\/www.welovecycling.com\/pl\/docs\/memorandum\/#breadcrumb","itemListElement":[{"@type":"ListItem","position":1,"name":"Home","item":"https:\/\/www.welovecycling.com\/pl\/"},{"@type":"ListItem","position":2,"name":"Documents","item":"https:\/\/www.welovecycling.com\/pl\/docs\/"},{"@type":"ListItem","position":3,"name":"Informacje dot.\u00a0przetwarzania danych osobowych"}]},{"@type":"WebSite","@id":"https:\/\/www.welovecycling.com\/pl\/#website","url":"https:\/\/www.welovecycling.com\/pl\/","name":"\u0160koda We Love Cycling - Poland","description":"","potentialAction":[{"@type":"SearchAction","target":{"@type":"EntryPoint","urlTemplate":"https:\/\/www.welovecycling.com\/pl\/?s={search_term_string}"},"query-input":{"@type":"PropertyValueSpecification","valueRequired":true,"valueName":"search_term_string"}}],"inLanguage":"pl-PL"}]}},"_links":{"self":[{"href":"https:\/\/www.welovecycling.com\/pl\/wp-json\/wp\/v2\/pages\/7030","targetHints":{"allow":["GET"]}}],"collection":[{"href":"https:\/\/www.welovecycling.com\/pl\/wp-json\/wp\/v2\/pages"}],"about":[{"href":"https:\/\/www.welovecycling.com\/pl\/wp-json\/wp\/v2\/types\/page"}],"author":[{"embeddable":true,"href":"https:\/\/www.welovecycling.com\/pl\/wp-json\/wp\/v2\/users\/1"}],"replies":[{"embeddable":true,"href":"https:\/\/www.welovecycling.com\/pl\/wp-json\/wp\/v2\/comments?post=7030"}],"version-history":[{"count":2,"href":"https:\/\/www.welovecycling.com\/pl\/wp-json\/wp\/v2\/pages\/7030\/revisions"}],"predecessor-version":[{"id":8205,"href":"https:\/\/www.welovecycling.com\/pl\/wp-json\/wp\/v2\/pages\/7030\/revisions\/8205"}],"up":[{"embeddable":true,"href":"https:\/\/www.welovecycling.com\/pl\/wp-json\/wp\/v2\/pages\/7026"}],"wp:attachment":[{"href":"https:\/\/www.welovecycling.com\/pl\/wp-json\/wp\/v2\/media?parent=7030"}],"wp:term":[{"taxonomy":"post_tag","embeddable":true,"href":"https:\/\/www.welovecycling.com\/pl\/wp-json\/wp\/v2\/tags?post=7030"}],"curies":[{"name":"wp","href":"https:\/\/api.w.org\/{rel}","templated":true}]}}