{"version":"1.0","provider_name":"\u0160koda We Love Cycling - Poland","provider_url":"https:\/\/www.welovecycling.com\/pl","author_name":"oktawiamikulska","author_url":"https:\/\/www.welovecycling.com\/pl\/author\/oktawiamikulska\/","title":"Pola\u0142 si\u0119 szampan! Niesamowita ko\u0144c\u00f3wka Tour de France!","type":"rich","width":600,"height":338,"html":"<blockquote class=\"wp-embedded-content\" data-secret=\"v8B4Wvyi4x\"><a href=\"https:\/\/www.welovecycling.com\/pl\/2020\/09\/21\/polal-sie-szampan-niesamowita-koncowka-tour-de-france\/\">Pola\u0142 si\u0119 szampan! Niesamowita ko\u0144c\u00f3wka Tour de France!<\/a><\/blockquote><iframe sandbox=\"allow-scripts\" security=\"restricted\" src=\"https:\/\/www.welovecycling.com\/pl\/2020\/09\/21\/polal-sie-szampan-niesamowita-koncowka-tour-de-france\/embed\/#?secret=v8B4Wvyi4x\" width=\"600\" height=\"338\" title=\"&#8222;Pola\u0142 si\u0119 szampan! Niesamowita ko\u0144c\u00f3wka Tour de France!&#8221; &#8212; \u0160koda We Love Cycling - Poland\" data-secret=\"v8B4Wvyi4x\" frameborder=\"0\" marginwidth=\"0\" marginheight=\"0\" scrolling=\"no\" class=\"wp-embedded-content\"><\/iframe><script type=\"text\/javascript\">\n\/* <![CDATA[ *\/\n\/*! This file is auto-generated *\/\n!function(d,l){\"use strict\";l.querySelector&&d.addEventListener&&\"undefined\"!=typeof URL&&(d.wp=d.wp||{},d.wp.receiveEmbedMessage||(d.wp.receiveEmbedMessage=function(e){var t=e.data;if((t||t.secret||t.message||t.value)&&!\/[^a-zA-Z0-9]\/.test(t.secret)){for(var s,r,n,a=l.querySelectorAll('iframe[data-secret=\"'+t.secret+'\"]'),o=l.querySelectorAll('blockquote[data-secret=\"'+t.secret+'\"]'),c=new RegExp(\"^https?:$\",\"i\"),i=0;i<o.length;i++)o[i].style.display=\"none\";for(i=0;i<a.length;i++)s=a[i],e.source===s.contentWindow&&(s.removeAttribute(\"style\"),\"height\"===t.message?(1e3<(r=parseInt(t.value,10))?r=1e3:~~r<200&&(r=200),s.height=r):\"link\"===t.message&&(r=new URL(s.getAttribute(\"src\")),n=new URL(t.value),c.test(n.protocol))&&n.host===r.host&&l.activeElement===s&&(d.top.location.href=t.value))}},d.addEventListener(\"message\",d.wp.receiveEmbedMessage,!1),l.addEventListener(\"DOMContentLoaded\",function(){for(var e,t,s=l.querySelectorAll(\"iframe.wp-embedded-content\"),r=0;r<s.length;r++)(t=(e=s[r]).getAttribute(\"data-secret\"))||(t=Math.random().toString(36).substring(2,12),e.src+=\"#?secret=\"+t,e.setAttribute(\"data-secret\",t)),e.contentWindow.postMessage({message:\"ready\",secret:t},\"*\")},!1)))}(window,document);\n\/* ]]> *\/\n<\/script>\n","thumbnail_url":"https:\/\/d2p6e6u75xmxt8.cloudfront.net\/5\/2020\/09\/Tadej-Pogacar-CVR-profimedia-0558912872-1024x450-1.jpg","thumbnail_width":1024,"thumbnail_height":450,"description":"Ju\u017c?! Dlaczego?! Chcemy jeszcze! W\u0142a\u015bnie zako\u0144czy\u0142 si\u0119 107. Tour de France, kt\u00f3rego finisz godny by\u0142 najwi\u0119kszego wy\u015bcigu \u015bwiata. \u2013 My\u015bla\u0142em, \u017ce \u015bni\u0119 \u2013 nie m\u00f3g\u0142 uwierzy\u0107 Tadej Pogacar (UAE Team Emirates), zwyci\u0119zca Wielkiej P\u0119tli."}