{"version":"1.0","provider_name":"\u0160koda We Love Cycling - Poland","provider_url":"https:\/\/www.welovecycling.com\/pl","author_name":"piotrboczkowski","author_url":"https:\/\/www.welovecycling.com\/pl\/author\/piotrboczkowski\/","title":"S\u0142uchawki a jazda na rowerze","type":"rich","width":600,"height":338,"html":"<blockquote class=\"wp-embedded-content\" data-secret=\"pAPkEnD2bq\"><a href=\"https:\/\/www.welovecycling.com\/pl\/2019\/02\/22\/sluchawki-a-jazda-na-rowerze\/\">S\u0142uchawki a jazda na rowerze<\/a><\/blockquote><iframe sandbox=\"allow-scripts\" security=\"restricted\" src=\"https:\/\/www.welovecycling.com\/pl\/2019\/02\/22\/sluchawki-a-jazda-na-rowerze\/embed\/#?secret=pAPkEnD2bq\" width=\"600\" height=\"338\" title=\"&#8222;S\u0142uchawki a jazda na rowerze&#8221; &#8212; \u0160koda We Love Cycling - Poland\" data-secret=\"pAPkEnD2bq\" frameborder=\"0\" marginwidth=\"0\" marginheight=\"0\" scrolling=\"no\" class=\"wp-embedded-content\"><\/iframe><script type=\"text\/javascript\">\n\/* <![CDATA[ *\/\n\/*! This file is auto-generated *\/\n!function(d,l){\"use strict\";l.querySelector&&d.addEventListener&&\"undefined\"!=typeof URL&&(d.wp=d.wp||{},d.wp.receiveEmbedMessage||(d.wp.receiveEmbedMessage=function(e){var t=e.data;if((t||t.secret||t.message||t.value)&&!\/[^a-zA-Z0-9]\/.test(t.secret)){for(var s,r,n,a=l.querySelectorAll('iframe[data-secret=\"'+t.secret+'\"]'),o=l.querySelectorAll('blockquote[data-secret=\"'+t.secret+'\"]'),c=new RegExp(\"^https?:$\",\"i\"),i=0;i<o.length;i++)o[i].style.display=\"none\";for(i=0;i<a.length;i++)s=a[i],e.source===s.contentWindow&&(s.removeAttribute(\"style\"),\"height\"===t.message?(1e3<(r=parseInt(t.value,10))?r=1e3:~~r<200&&(r=200),s.height=r):\"link\"===t.message&&(r=new URL(s.getAttribute(\"src\")),n=new URL(t.value),c.test(n.protocol))&&n.host===r.host&&l.activeElement===s&&(d.top.location.href=t.value))}},d.addEventListener(\"message\",d.wp.receiveEmbedMessage,!1),l.addEventListener(\"DOMContentLoaded\",function(){for(var e,t,s=l.querySelectorAll(\"iframe.wp-embedded-content\"),r=0;r<s.length;r++)(t=(e=s[r]).getAttribute(\"data-secret\"))||(t=Math.random().toString(36).substring(2,12),e.src+=\"#?secret=\"+t,e.setAttribute(\"data-secret\",t)),e.contentWindow.postMessage({message:\"ready\",secret:t},\"*\")},!1)))}(window,document);\n\/* ]]> *\/\n<\/script>\n","thumbnail_url":"https:\/\/d2p6e6u75xmxt8.cloudfront.net\/5\/2019\/02\/Headphones-profimedia-03163753951-1024x450.jpg","thumbnail_width":1024,"thumbnail_height":450,"description":"Zawodowi kolarze u\u017cywaj\u0105 s\u0142uchawek, kiedy jad\u0105 w peletonie. Czy powiniene\u015b bra\u0107 z nich przyk\u0142ad? Sprawd\u017amy to. &nbsp; D\u017awi\u0119ki to cz\u0119\u015b\u0107 [&hellip;]"}