{"id":638,"date":"2018-05-24T15:41:17","date_gmt":"2018-05-24T15:41:17","guid":{"rendered":"https:\/\/www.welovecycling.com\/nl\/?page_id=638"},"modified":"2018-05-24T15:41:17","modified_gmt":"2018-05-24T15:41:17","slug":"rechten","status":"publish","type":"page","link":"https:\/\/www.welovecycling.com\/nl\/docs\/rechten\/","title":{"rendered":"Wat zijn uw rechten?"},"content":{"rendered":"<div id=\"pl-638\"  class=\"panel-layout\" ><div id=\"pg-638-0\"  class=\"panel-grid panel-no-style\" ><div id=\"pgc-638-0-0\"  class=\"panel-grid-cell\" ><div id=\"panel-638-0-0-0\" class=\"so-panel widget widget_sow-editor panel-first-child panel-last-child\" data-index=\"0\" ><div\n\t\t\t\n\t\t\tclass=\"so-widget-sow-editor so-widget-sow-editor-base\"\n\t\t\t\n\t\t>\n<div class=\"siteorigin-widget-tinymce textwidget\">\n\t<h2><img loading=\"lazy\" decoding=\"async\" class=\"wp-image-164807 size-full\" src=\"https:\/\/d2p6e6u75xmxt8.cloudfront.net\/2\/2018\/05\/hammer.jpg\" alt=\"\" width=\"35\" height=\"34\" style=\"display:inline-block\" \/> Wat zijn uw rechten?<\/h2>\n<p>In het kader van de verwerking van persoonsgegevens hebt u de volgende rechten:<\/p>\n<\/div>\n<\/div><\/div><\/div><\/div><div id=\"pg-638-1\"  class=\"panel-grid panel-no-style\" ><div id=\"pgc-638-1-0\"  class=\"panel-grid-cell\" ><div id=\"panel-638-1-0-0\" class=\"so-panel widget widget_sow-image panel-first-child\" data-index=\"1\" ><div\n\t\t\t\n\t\t\tclass=\"so-widget-sow-image so-widget-sow-image-default-c67d20f9f743-638\"\n\t\t\t\n\t\t>\n<div class=\"sow-image-container\">\n\t\t<img loading=\"lazy\" decoding=\"async\" src=\"https:\/\/d2p6e6u75xmxt8.cloudfront.net\/11\/2018\/05\/key.jpg\" width=\"37\" height=\"34\" sizes=\"auto, (max-width: 37px) 100vw, 37px\" alt=\"\" \t\tclass=\"so-widget-image\"\/>\n\t<\/div>\n\n<\/div><\/div><div id=\"panel-638-1-0-1\" class=\"so-panel widget widget_sow-editor panel-last-child\" data-index=\"2\" ><div\n\t\t\t\n\t\t\tclass=\"so-widget-sow-editor so-widget-sow-editor-base\"\n\t\t\t\n\t\t>\n<div class=\"siteorigin-widget-tinymce textwidget\">\n\t<p style=\"text-align: center; padding-top: 15px;\">Toegang tot verwerkte persoonlijke gegevens.<\/p>\n<\/div>\n<\/div><\/div><\/div><div id=\"pgc-638-1-1\"  class=\"panel-grid-cell\" ><div id=\"panel-638-1-1-0\" class=\"so-panel widget widget_sow-image panel-first-child\" data-index=\"3\" ><div\n\t\t\t\n\t\t\tclass=\"so-widget-sow-image so-widget-sow-image-default-c67d20f9f743-638\"\n\t\t\t\n\t\t>\n<div class=\"sow-image-container\">\n\t\t<img loading=\"lazy\" decoding=\"async\" src=\"https:\/\/d2p6e6u75xmxt8.cloudfront.net\/11\/2018\/05\/bin.jpg\" width=\"31\" height=\"34\" sizes=\"auto, (max-width: 31px) 100vw, 31px\" alt=\"\" \t\tclass=\"so-widget-image\"\/>\n\t<\/div>\n\n<\/div><\/div><div id=\"panel-638-1-1-1\" class=\"so-panel widget widget_sow-editor panel-last-child\" data-index=\"4\" ><div\n\t\t\t\n\t\t\tclass=\"so-widget-sow-editor so-widget-sow-editor-base\"\n\t\t\t\n\t\t>\n<div class=\"siteorigin-widget-tinymce textwidget\">\n\t<p style=\"text-align: center; padding-top: 15px;\">Recht op het intrekken van uw toestemming om persoonsgegevens te verwerken.<\/p>\n<\/div>\n<\/div><\/div><\/div><div id=\"pgc-638-1-2\"  class=\"panel-grid-cell\" ><div id=\"panel-638-1-2-0\" class=\"so-panel widget widget_sow-image panel-first-child\" data-index=\"5\" ><div\n\t\t\t\n\t\t\tclass=\"so-widget-sow-image so-widget-sow-image-default-c67d20f9f743-638\"\n\t\t\t\n\t\t>\n<div class=\"sow-image-container\">\n\t\t<img loading=\"lazy\" decoding=\"async\" src=\"https:\/\/d2p6e6u75xmxt8.cloudfront.net\/11\/2018\/05\/pencil.jpg\" width=\"28\" height=\"34\" sizes=\"auto, (max-width: 28px) 100vw, 28px\" alt=\"\" \t\tclass=\"so-widget-image\"\/>\n\t<\/div>\n\n<\/div><\/div><div id=\"panel-638-1-2-1\" class=\"so-panel widget widget_sow-editor panel-last-child\" data-index=\"6\" ><div\n\t\t\t\n\t\t\tclass=\"so-widget-sow-editor so-widget-sow-editor-base\"\n\t\t\t\n\t\t>\n<div class=\"siteorigin-widget-tinymce textwidget\">\n\t<p style=\"text-align: center; padding-top: 15px;\">Recht op correctie van incorrecte, onnauwkeurige of onvolledige persoonsgegevens.<\/p>\n<\/div>\n<\/div><\/div><\/div><div id=\"pgc-638-1-3\"  class=\"panel-grid-cell\" ><div id=\"panel-638-1-3-0\" class=\"so-panel widget widget_sow-image panel-first-child\" data-index=\"7\" ><div\n\t\t\t\n\t\t\tclass=\"so-widget-sow-image so-widget-sow-image-default-c67d20f9f743-638\"\n\t\t\t\n\t\t>\n<div class=\"sow-image-container\">\n\t\t<img loading=\"lazy\" decoding=\"async\" src=\"https:\/\/d2p6e6u75xmxt8.cloudfront.net\/11\/2018\/05\/directory.jpg\" width=\"50\" height=\"42\" sizes=\"auto, (max-width: 50px) 100vw, 50px\" alt=\"\" \t\tclass=\"so-widget-image\"\/>\n\t<\/div>\n\n<\/div><\/div><div id=\"panel-638-1-3-1\" class=\"so-panel widget widget_sow-editor panel-last-child\" data-index=\"8\" ><div\n\t\t\t\n\t\t\tclass=\"so-widget-sow-editor so-widget-sow-editor-base\"\n\t\t\t\n\t\t>\n<div class=\"siteorigin-widget-tinymce textwidget\">\n\t<p style=\"text-align: center; padding-top: 5px;\">Recht op verwijdering van persoonsgegevens op juridische gronden of in geval van onrechtmatige verwerking.<\/p>\n<\/div>\n<\/div><\/div><\/div><\/div><div id=\"pg-638-2\"  class=\"panel-grid panel-no-style\" ><div id=\"pgc-638-2-0\"  class=\"panel-grid-cell\" ><div id=\"panel-638-2-0-0\" class=\"so-panel widget widget_sow-image panel-first-child\" data-index=\"9\" ><div\n\t\t\t\n\t\t\tclass=\"so-widget-sow-image so-widget-sow-image-default-c67d20f9f743-638\"\n\t\t\t\n\t\t>\n<div class=\"sow-image-container\">\n\t\t<img loading=\"lazy\" decoding=\"async\" src=\"https:\/\/d2p6e6u75xmxt8.cloudfront.net\/11\/2018\/05\/clock.jpg\" width=\"34\" height=\"34\" sizes=\"auto, (max-width: 34px) 100vw, 34px\" alt=\"\" \t\tclass=\"so-widget-image\"\/>\n\t<\/div>\n\n<\/div><\/div><div id=\"panel-638-2-0-1\" class=\"so-panel widget widget_sow-editor panel-last-child\" data-index=\"10\" ><div\n\t\t\t\n\t\t\tclass=\"so-widget-sow-editor so-widget-sow-editor-base\"\n\t\t\t\n\t\t>\n<div class=\"siteorigin-widget-tinymce textwidget\">\n\t<p style=\"text-align: center; padding-top: 15px;\">Recht op beperking van de gegevensverwerking.<\/p>\n<\/div>\n<\/div><\/div><\/div><div id=\"pgc-638-2-1\"  class=\"panel-grid-cell\" ><div id=\"panel-638-2-1-0\" class=\"so-panel widget widget_sow-image panel-first-child\" data-index=\"11\" ><div\n\t\t\t\n\t\t\tclass=\"so-widget-sow-image so-widget-sow-image-default-c67d20f9f743-638\"\n\t\t\t\n\t\t>\n<div class=\"sow-image-container\">\n\t\t<img loading=\"lazy\" decoding=\"async\" src=\"https:\/\/d2p6e6u75xmxt8.cloudfront.net\/11\/2018\/05\/paper-clip.jpg\" width=\"32\" height=\"34\" sizes=\"auto, (max-width: 32px) 100vw, 32px\" alt=\"\" \t\tclass=\"so-widget-image\"\/>\n\t<\/div>\n\n<\/div><\/div><div id=\"panel-638-2-1-1\" class=\"so-panel widget widget_sow-editor panel-last-child\" data-index=\"12\" ><div\n\t\t\t\n\t\t\tclass=\"so-widget-sow-editor so-widget-sow-editor-base\"\n\t\t\t\n\t\t>\n<div class=\"siteorigin-widget-tinymce textwidget\">\n\t<p style=\"text-align: center; padding-top: 15px;\">Recht op export van uw persoonsgegevens in een machinaal leesbaar formaat voor uzelf of een andere controleur.<\/p>\n<\/div>\n<\/div><\/div><\/div><div id=\"pgc-638-2-2\"  class=\"panel-grid-cell\" ><div id=\"panel-638-2-2-0\" class=\"so-panel widget widget_sow-image panel-first-child\" data-index=\"13\" ><div\n\t\t\t\n\t\t\tclass=\"so-widget-sow-image so-widget-sow-image-default-c67d20f9f743-638\"\n\t\t\t\n\t\t>\n<div class=\"sow-image-container\">\n\t\t<img loading=\"lazy\" decoding=\"async\" src=\"https:\/\/d2p6e6u75xmxt8.cloudfront.net\/11\/2018\/05\/hand.jpg\" width=\"34\" height=\"34\" sizes=\"auto, (max-width: 34px) 100vw, 34px\" alt=\"\" \t\tclass=\"so-widget-image\"\/>\n\t<\/div>\n\n<\/div><\/div><div id=\"panel-638-2-2-1\" class=\"so-panel widget widget_sow-editor panel-last-child\" data-index=\"14\" ><div\n\t\t\t\n\t\t\tclass=\"so-widget-sow-editor so-widget-sow-editor-base\"\n\t\t\t\n\t\t>\n<div class=\"siteorigin-widget-tinymce textwidget\">\n\t<p style=\"text-align: center; padding-top: 15px;\">Recht om bezwaar te maken tegen de gegevensverwerking wanneer u van mening bent dat het verwerken van persoonsgegevens in strijd is met de wet.<\/p>\n<\/div>\n<\/div><\/div><\/div><div id=\"pgc-638-2-3\"  class=\"panel-grid-cell\" ><div id=\"panel-638-2-3-0\" class=\"so-panel widget widget_sow-image panel-first-child\" data-index=\"15\" ><div\n\t\t\t\n\t\t\tclass=\"so-widget-sow-image so-widget-sow-image-default-c67d20f9f743-638\"\n\t\t\t\n\t\t>\n<div class=\"sow-image-container\">\n\t\t<img loading=\"lazy\" decoding=\"async\" src=\"https:\/\/d2p6e6u75xmxt8.cloudfront.net\/11\/2018\/05\/eye.jpg\" width=\"43\" height=\"26\" sizes=\"auto, (max-width: 43px) 100vw, 43px\" alt=\"\" \t\tclass=\"so-widget-image\"\/>\n\t<\/div>\n\n<\/div><\/div><div id=\"panel-638-2-3-1\" class=\"so-panel widget widget_sow-editor panel-last-child\" data-index=\"16\" ><div\n\t\t\t\n\t\t\tclass=\"so-widget-sow-editor so-widget-sow-editor-base\"\n\t\t\t\n\t\t>\n<div class=\"siteorigin-widget-tinymce textwidget\">\n\t<p style=\"text-align: center; padding-top: 21px;\">Recht om niet te worden onderworpen aan geautomatiseerde besluitvorming.<\/p>\n<\/div>\n<\/div><\/div><\/div><\/div><div id=\"pg-638-3\"  class=\"panel-grid panel-no-style\" ><div id=\"pgc-638-3-0\"  class=\"panel-grid-cell\" ><div id=\"panel-638-3-0-0\" class=\"so-panel widget widget_sow-editor panel-first-child panel-last-child\" data-index=\"17\" ><div\n\t\t\t\n\t\t\tclass=\"so-widget-sow-editor so-widget-sow-editor-base\"\n\t\t\t\n\t\t>\n<div class=\"siteorigin-widget-tinymce textwidget\">\n\t<h2><img loading=\"lazy\" decoding=\"async\" class=\"size-full wp-image-164818\" style=\"display: inline-block;\" src=\"https:\/\/d2p6e6u75xmxt8.cloudfront.net\/2\/2018\/05\/silhouette.jpg\" alt=\"\" width=\"32\" height=\"34\" \/> Hoe kunt u uw rechten uitoefenen?<\/h2>\n<p>Voor vragen over de bescherming en verwerking van persoonlijke gegevens kunt u de volgende communicatiekanalen gebruiken:<\/p>\n<\/div>\n<\/div><\/div><\/div><\/div><div id=\"pg-638-4\"  class=\"panel-grid panel-no-style\" ><div id=\"pgc-638-4-0\"  class=\"panel-grid-cell\" ><div id=\"panel-638-4-0-0\" class=\"so-panel widget widget_sow-image panel-first-child\" data-index=\"18\" ><div\n\t\t\t\n\t\t\tclass=\"so-widget-sow-image so-widget-sow-image-default-4e6925654b7a-638\"\n\t\t\t\n\t\t>\n<div class=\"sow-image-container\">\n\t\t<img loading=\"lazy\" decoding=\"async\" src=\"https:\/\/d2p6e6u75xmxt8.cloudfront.net\/11\/2018\/05\/pc.jpg\" width=\"36\" height=\"34\" sizes=\"auto, (max-width: 36px) 100vw, 36px\" alt=\"\" \t\tclass=\"so-widget-image\"\/>\n\t<\/div>\n\n<\/div><\/div><div id=\"panel-638-4-0-1\" class=\"so-panel widget widget_sow-editor panel-last-child\" data-index=\"19\" ><div\n\t\t\t\n\t\t\tclass=\"so-widget-sow-editor so-widget-sow-editor-base\"\n\t\t\t\n\t\t>\n<div class=\"siteorigin-widget-tinymce textwidget\">\n\t<p style=\"padding-top: 10px;\"><strong>Elektronisch: <\/strong><\/p>\n<p><a href=\"http:\/\/www.skoda-auto.com\/other\/personal-data\" target=\"_blank\">http:\/\/www.skoda-auto.com\/other\/personal-data<\/a><\/p>\n<\/div>\n<\/div><\/div><\/div><div id=\"pgc-638-4-1\"  class=\"panel-grid-cell\" ><div id=\"panel-638-4-1-0\" class=\"so-panel widget widget_sow-image panel-first-child\" data-index=\"20\" ><div\n\t\t\t\n\t\t\tclass=\"so-widget-sow-image so-widget-sow-image-default-4e6925654b7a-638\"\n\t\t\t\n\t\t>\n<div class=\"sow-image-container\">\n\t\t<img loading=\"lazy\" decoding=\"async\" src=\"https:\/\/d2p6e6u75xmxt8.cloudfront.net\/11\/2018\/05\/email-e1527176372696.png\" width=\"38\" height=\"28\" sizes=\"auto, (max-width: 38px) 100vw, 38px\" title=\"email\" alt=\"\" \t\tclass=\"so-widget-image\"\/>\n\t<\/div>\n\n<\/div><\/div><div id=\"panel-638-4-1-1\" class=\"so-panel widget widget_sow-editor panel-last-child\" data-index=\"21\" ><div\n\t\t\t\n\t\t\tclass=\"so-widget-sow-editor so-widget-sow-editor-base\"\n\t\t\t\n\t\t>\n<div class=\"siteorigin-widget-tinymce textwidget\">\n\t<p style=\"padding-top: 10px;\"><strong>E-mail: <\/strong><\/p>\n<p><a href=\"mailto:dpo@skoda-auto.cz\">dpo@skoda-auto.cz<\/a><\/p>\n<\/div>\n<\/div><\/div><\/div><div id=\"pgc-638-4-2\"  class=\"panel-grid-cell\" ><div id=\"panel-638-4-2-0\" class=\"so-panel widget widget_sow-image panel-first-child\" data-index=\"22\" ><div\n\t\t\t\n\t\t\tclass=\"so-widget-sow-image so-widget-sow-image-default-4e6925654b7a-638\"\n\t\t\t\n\t\t>\n<div class=\"sow-image-container\">\n\t\t<img loading=\"lazy\" decoding=\"async\" src=\"https:\/\/d2p6e6u75xmxt8.cloudfront.net\/11\/2018\/05\/envelope.jpg\" width=\"38\" height=\"26\" sizes=\"auto, (max-width: 38px) 100vw, 38px\" alt=\"\" \t\tclass=\"so-widget-image\"\/>\n\t<\/div>\n\n<\/div><\/div><div id=\"panel-638-4-2-1\" class=\"so-panel widget widget_sow-editor panel-last-child\" data-index=\"23\" ><div\n\t\t\t\n\t\t\tclass=\"so-widget-sow-editor so-widget-sow-editor-base\"\n\t\t\t\n\t\t>\n<div class=\"siteorigin-widget-tinymce textwidget\">\n\t<p style=\"padding-top: 10px;\"><strong>Post:<\/strong><\/p>\n<p>\u0160koda AUTO a.s.<br \/>\nt\u0159. V\u00e1clava Klementa 869,<br \/>\nMlad\u00e1 Boleslav II,<br \/>\n293 01 Mlad\u00e1 Boleslav<br \/>\nCzech Republic<\/p>\n<\/div>\n<\/div><\/div><\/div><\/div><div id=\"pg-638-5\"  class=\"panel-grid panel-no-style\" ><div id=\"pgc-638-5-0\"  class=\"panel-grid-cell\" ><div id=\"panel-638-5-0-0\" class=\"so-panel widget widget_sow-editor panel-first-child panel-last-child\" data-index=\"24\" ><div\n\t\t\t\n\t\t\tclass=\"so-widget-sow-editor so-widget-sow-editor-base\"\n\t\t\t\n\t\t>\n<div class=\"siteorigin-widget-tinymce textwidget\">\n\t<p>Mocht u bij het uitoefenen van uw rechten een onredelijk of ongegrond verzoek hebben, kan \u0160koda AUTO een redelijke vergoeding vragen voor administratieve kosten die ontstaan door de verwerking van uw verzoek.<\/p>\n<\/div>\n<\/div><\/div><\/div><\/div><div id=\"pg-638-6\"  class=\"panel-grid panel-no-style\" ><div id=\"pgc-638-6-0\"  class=\"panel-grid-cell\" ><div id=\"panel-638-6-0-0\" class=\"so-panel widget widget_sow-editor panel-first-child panel-last-child\" data-index=\"25\" ><div\n\t\t\t\n\t\t\tclass=\"so-widget-sow-editor so-widget-sow-editor-base\"\n\t\t\t\n\t\t>\n<div class=\"siteorigin-widget-tinymce textwidget\">\n\t<h2><img loading=\"lazy\" decoding=\"async\" class=\"size-full wp-image-164810\" src=\"https:\/\/d2p6e6u75xmxt8.cloudfront.net\/2\/2018\/05\/looking-glass.jpg\" alt=\"\" width=\"37\" height=\"34\" style=\"display:inline-block\" \/>\u00a0Data Protection Officer (DPO)<\/h2>\n<p>Voor vragen over de bescherming van persoonsgegevens kunt u rechtstreeks contact opnemen met de Data Protection Officer (DPO) van \u0160koda AUTO.<\/p>\n<\/div>\n<\/div><\/div><\/div><div id=\"pgc-638-6-1\"  class=\"panel-grid-cell\" ><div id=\"panel-638-6-1-0\" class=\"so-panel widget widget_sow-editor panel-first-child panel-last-child\" data-index=\"26\" ><div\n\t\t\t\n\t\t\tclass=\"so-widget-sow-editor so-widget-sow-editor-base\"\n\t\t\t\n\t\t>\n<div class=\"siteorigin-widget-tinymce textwidget\">\n\t<p><img loading=\"lazy\" decoding=\"async\" class=\"size-full wp-image-164814\" style=\"display: inline-block;\" src=\"https:\/\/d2p6e6u75xmxt8.cloudfront.net\/2\/2018\/05\/pc-mini.jpg\" alt=\"\" width=\"18\" height=\"17\" \/>\u00a0\u00a0 <a href=\"http:\/\/www.skoda-auto.com\/other\/personal-data\" target=\"_blank\" rel=\"noopener\">http:\/\/www.skoda-auto.com\/other\/personal-data<\/a><\/p>\n<p><img loading=\"lazy\" decoding=\"async\" class=\"size-full wp-image-164799\" style=\"display: inline-block;\" src=\"https:\/\/d2p6e6u75xmxt8.cloudfront.net\/2\/2018\/05\/at-symbol-mini.jpg\" alt=\"\" width=\"20\" height=\"15\" \/>\u00a0\u00a0 <a href=\"mailto:dpo@skoda-auto.cz\">dpo@skoda-auto.cz<\/a><\/p>\n<\/div>\n<\/div><\/div><\/div><\/div><div id=\"pg-638-7\"  class=\"panel-grid panel-no-style\" ><div id=\"pgc-638-7-0\"  class=\"panel-grid-cell\" ><div id=\"panel-638-7-0-0\" class=\"so-panel widget widget_sow-editor panel-first-child panel-last-child\" data-index=\"27\" ><div\n\t\t\t\n\t\t\tclass=\"so-widget-sow-editor so-widget-sow-editor-base\"\n\t\t\t\n\t\t>\n<div class=\"siteorigin-widget-tinymce textwidget\">\n\t<h2><img loading=\"lazy\" decoding=\"async\" class=\"size-full wp-image-164801\" src=\"https:\/\/d2p6e6u75xmxt8.cloudfront.net\/2\/2018\/05\/bubble.jpg\" alt=\"\" width=\"38\" height=\"34\" style=\"display:inline-block\" \/>\u00a0Klacht indienen<\/h2>\n<p>Als u het niet eens bent met de wijze waarop \u0160koda AUTO uw persoonsgegevens verwerkt of gebruikt, kunt u een klacht indienen bij de Data Protection Officer (DPO) van \u0160koda AUTO of de Autoriteit Persoonsgegevens.<\/p>\n<\/div>\n<\/div><\/div><\/div><div id=\"pgc-638-7-1\"  class=\"panel-grid-cell\" ><div id=\"panel-638-7-1-0\" class=\"so-panel widget widget_sow-editor panel-first-child panel-last-child\" data-index=\"28\" ><div\n\t\t\t\n\t\t\tclass=\"so-widget-sow-editor so-widget-sow-editor-base\"\n\t\t\t\n\t\t>\n<div class=\"siteorigin-widget-tinymce textwidget\">\n\t<p><img loading=\"lazy\" decoding=\"async\" class=\"size-full wp-image-164805\" style=\"display: inline-block;\" src=\"https:\/\/d2p6e6u75xmxt8.cloudfront.net\/2\/2018\/05\/envelope-mini.jpg\" alt=\"\" width=\"16\" height=\"11\" \/>\u00a0\u00a0 <strong>\u00da\u0159ad pro ochranu osobn\u00edch dat<\/strong><br \/>\nPplk. Sochora 27<\/p>\n<p>170 00 Praha 7<\/p>\n<p>Czech Republic<\/p>\n<p><img loading=\"lazy\" decoding=\"async\" class=\"size-full wp-image-164817\" style=\"display: inline-block;\" src=\"https:\/\/d2p6e6u75xmxt8.cloudfront.net\/2\/2018\/05\/phone-mini.jpg\" alt=\"\" width=\"17\" height=\"19\" \/>\u00a0\u00a0 +420 234 665\u00a0111<\/p>\n<p><img loading=\"lazy\" decoding=\"async\" class=\"size-full wp-image-164814\" style=\"display: inline-block;\" src=\"https:\/\/d2p6e6u75xmxt8.cloudfront.net\/2\/2018\/05\/pc-mini.jpg\" alt=\"\" width=\"18\" height=\"17\" \/>\u00a0\u00a0 <a href=\"http:\/\/www.uoou.cz\/en\/\" target=\"_blank\" rel=\"noopener\"><u>http:\/\/www.uoou.cz\/en\/<\/u><\/a><\/p>\n<\/div>\n<\/div><\/div><\/div><\/div><\/div>","protected":false},"excerpt":{"rendered":"<p>Wat zijn uw rechten? In het kader van de verwerking van persoonsgegevens hebt u de volgende rechten: Toegang tot verwerkte [&hellip;]<\/p>\n","protected":false},"author":1,"featured_media":0,"parent":600,"menu_order":0,"comment_status":"closed","ping_status":"closed","template":"templates\/template-empty-page-headline.php","meta":{"footnotes":""},"tags":[],"class_list":["post-638","page","type-page","status-publish","hentry"],"yoast_head":"<!-- This site is optimized with the Yoast SEO Premium plugin v25.3 (Yoast SEO v25.9) - https:\/\/yoast.com\/wordpress\/plugins\/seo\/ -->\n<title>Wat zijn uw rechten? - \u0160koda - We Love Cycling - Netherland<\/title>\n<meta name=\"robots\" content=\"index, follow, max-snippet:-1, max-image-preview:large, max-video-preview:-1\" \/>\n<link rel=\"canonical\" href=\"https:\/\/www.welovecycling.com\/nl\/docs\/rechten\/\" \/>\n<meta property=\"og:locale\" content=\"nl_NL\" \/>\n<meta property=\"og:type\" content=\"article\" \/>\n<meta property=\"og:title\" content=\"Wat zijn uw rechten?\" \/>\n<meta property=\"og:description\" content=\"Wat zijn uw rechten? In het kader van de verwerking van persoonsgegevens hebt u de volgende rechten: Toegang tot verwerkte [&hellip;]\" \/>\n<meta property=\"og:url\" content=\"https:\/\/www.welovecycling.com\/nl\/docs\/rechten\/\" \/>\n<meta property=\"og:site_name\" content=\"\u0160koda - We Love Cycling - Netherland\" \/>\n<meta property=\"og:image\" content=\"https:\/\/d2p6e6u75xmxt8.cloudfront.net\/2\/2018\/05\/hammer.jpg\" \/>\n<meta name=\"twitter:card\" content=\"summary_large_image\" \/>\n<meta name=\"twitter:label1\" content=\"Est. reading time\" \/>\n\t<meta name=\"twitter:data1\" content=\"2 minutes\" \/>\n<script type=\"application\/ld+json\" class=\"yoast-schema-graph\">{\"@context\":\"https:\/\/schema.org\",\"@graph\":[{\"@type\":\"WebPage\",\"@id\":\"https:\/\/www.welovecycling.com\/nl\/docs\/rechten\/\",\"url\":\"https:\/\/www.welovecycling.com\/nl\/docs\/rechten\/\",\"name\":\"Wat zijn uw rechten? - \u0160koda - We Love Cycling - Netherland\",\"isPartOf\":{\"@id\":\"https:\/\/www.welovecycling.com\/nl\/#website\"},\"primaryImageOfPage\":{\"@id\":\"https:\/\/www.welovecycling.com\/nl\/docs\/rechten\/#primaryimage\"},\"image\":{\"@id\":\"https:\/\/www.welovecycling.com\/nl\/docs\/rechten\/#primaryimage\"},\"thumbnailUrl\":\"https:\/\/d2p6e6u75xmxt8.cloudfront.net\/2\/2018\/05\/hammer.jpg\",\"datePublished\":\"2018-05-24T15:41:17+00:00\",\"breadcrumb\":{\"@id\":\"https:\/\/www.welovecycling.com\/nl\/docs\/rechten\/#breadcrumb\"},\"inLanguage\":\"nl\",\"potentialAction\":[{\"@type\":\"ReadAction\",\"target\":[\"https:\/\/www.welovecycling.com\/nl\/docs\/rechten\/\"]}]},{\"@type\":\"ImageObject\",\"inLanguage\":\"nl\",\"@id\":\"https:\/\/www.welovecycling.com\/nl\/docs\/rechten\/#primaryimage\",\"url\":\"https:\/\/d2p6e6u75xmxt8.cloudfront.net\/2\/2018\/05\/hammer.jpg\",\"contentUrl\":\"https:\/\/d2p6e6u75xmxt8.cloudfront.net\/2\/2018\/05\/hammer.jpg\"},{\"@type\":\"BreadcrumbList\",\"@id\":\"https:\/\/www.welovecycling.com\/nl\/docs\/rechten\/#breadcrumb\",\"itemListElement\":[{\"@type\":\"ListItem\",\"position\":1,\"name\":\"Home\",\"item\":\"https:\/\/www.welovecycling.com\/nl\/\"},{\"@type\":\"ListItem\",\"position\":2,\"name\":\"Documents\",\"item\":\"https:\/\/www.welovecycling.com\/nl\/docs\/\"},{\"@type\":\"ListItem\",\"position\":3,\"name\":\"Wat zijn uw rechten?\"}]},{\"@type\":\"WebSite\",\"@id\":\"https:\/\/www.welovecycling.com\/nl\/#website\",\"url\":\"https:\/\/www.welovecycling.com\/nl\/\",\"name\":\"\u0160koda - We Love Cycling - Netherland\",\"description\":\"\u0160koda We Love Cycling - Netherland\",\"potentialAction\":[{\"@type\":\"SearchAction\",\"target\":{\"@type\":\"EntryPoint\",\"urlTemplate\":\"https:\/\/www.welovecycling.com\/nl\/?s={search_term_string}\"},\"query-input\":{\"@type\":\"PropertyValueSpecification\",\"valueRequired\":true,\"valueName\":\"search_term_string\"}}],\"inLanguage\":\"nl\"}]}<\/script>\n<!-- \/ Yoast SEO Premium plugin. -->","yoast_head_json":{"title":"Wat zijn uw rechten? - \u0160koda - We Love Cycling - Netherland","robots":{"index":"index","follow":"follow","max-snippet":"max-snippet:-1","max-image-preview":"max-image-preview:large","max-video-preview":"max-video-preview:-1"},"canonical":"https:\/\/www.welovecycling.com\/nl\/docs\/rechten\/","og_locale":"nl_NL","og_type":"article","og_title":"Wat zijn uw rechten?","og_description":"Wat zijn uw rechten? In het kader van de verwerking van persoonsgegevens hebt u de volgende rechten: Toegang tot verwerkte [&hellip;]","og_url":"https:\/\/www.welovecycling.com\/nl\/docs\/rechten\/","og_site_name":"\u0160koda - We Love Cycling - Netherland","og_image":[{"url":"https:\/\/d2p6e6u75xmxt8.cloudfront.net\/2\/2018\/05\/hammer.jpg","type":"","width":"","height":""}],"twitter_card":"summary_large_image","twitter_misc":{"Est. reading time":"2 minutes"},"schema":{"@context":"https:\/\/schema.org","@graph":[{"@type":"WebPage","@id":"https:\/\/www.welovecycling.com\/nl\/docs\/rechten\/","url":"https:\/\/www.welovecycling.com\/nl\/docs\/rechten\/","name":"Wat zijn uw rechten? - \u0160koda - We Love Cycling - Netherland","isPartOf":{"@id":"https:\/\/www.welovecycling.com\/nl\/#website"},"primaryImageOfPage":{"@id":"https:\/\/www.welovecycling.com\/nl\/docs\/rechten\/#primaryimage"},"image":{"@id":"https:\/\/www.welovecycling.com\/nl\/docs\/rechten\/#primaryimage"},"thumbnailUrl":"https:\/\/d2p6e6u75xmxt8.cloudfront.net\/2\/2018\/05\/hammer.jpg","datePublished":"2018-05-24T15:41:17+00:00","breadcrumb":{"@id":"https:\/\/www.welovecycling.com\/nl\/docs\/rechten\/#breadcrumb"},"inLanguage":"nl","potentialAction":[{"@type":"ReadAction","target":["https:\/\/www.welovecycling.com\/nl\/docs\/rechten\/"]}]},{"@type":"ImageObject","inLanguage":"nl","@id":"https:\/\/www.welovecycling.com\/nl\/docs\/rechten\/#primaryimage","url":"https:\/\/d2p6e6u75xmxt8.cloudfront.net\/2\/2018\/05\/hammer.jpg","contentUrl":"https:\/\/d2p6e6u75xmxt8.cloudfront.net\/2\/2018\/05\/hammer.jpg"},{"@type":"BreadcrumbList","@id":"https:\/\/www.welovecycling.com\/nl\/docs\/rechten\/#breadcrumb","itemListElement":[{"@type":"ListItem","position":1,"name":"Home","item":"https:\/\/www.welovecycling.com\/nl\/"},{"@type":"ListItem","position":2,"name":"Documents","item":"https:\/\/www.welovecycling.com\/nl\/docs\/"},{"@type":"ListItem","position":3,"name":"Wat zijn uw rechten?"}]},{"@type":"WebSite","@id":"https:\/\/www.welovecycling.com\/nl\/#website","url":"https:\/\/www.welovecycling.com\/nl\/","name":"\u0160koda - We Love Cycling - Netherland","description":"\u0160koda We Love Cycling - Netherland","potentialAction":[{"@type":"SearchAction","target":{"@type":"EntryPoint","urlTemplate":"https:\/\/www.welovecycling.com\/nl\/?s={search_term_string}"},"query-input":{"@type":"PropertyValueSpecification","valueRequired":true,"valueName":"search_term_string"}}],"inLanguage":"nl"}]}},"_links":{"self":[{"href":"https:\/\/www.welovecycling.com\/nl\/wp-json\/wp\/v2\/pages\/638","targetHints":{"allow":["GET"]}}],"collection":[{"href":"https:\/\/www.welovecycling.com\/nl\/wp-json\/wp\/v2\/pages"}],"about":[{"href":"https:\/\/www.welovecycling.com\/nl\/wp-json\/wp\/v2\/types\/page"}],"author":[{"embeddable":true,"href":"https:\/\/www.welovecycling.com\/nl\/wp-json\/wp\/v2\/users\/1"}],"replies":[{"embeddable":true,"href":"https:\/\/www.welovecycling.com\/nl\/wp-json\/wp\/v2\/comments?post=638"}],"version-history":[{"count":2,"href":"https:\/\/www.welovecycling.com\/nl\/wp-json\/wp\/v2\/pages\/638\/revisions"}],"predecessor-version":[{"id":661,"href":"https:\/\/www.welovecycling.com\/nl\/wp-json\/wp\/v2\/pages\/638\/revisions\/661"}],"up":[{"embeddable":true,"href":"https:\/\/www.welovecycling.com\/nl\/wp-json\/wp\/v2\/pages\/600"}],"wp:attachment":[{"href":"https:\/\/www.welovecycling.com\/nl\/wp-json\/wp\/v2\/media?parent=638"}],"wp:term":[{"taxonomy":"post_tag","embeddable":true,"href":"https:\/\/www.welovecycling.com\/nl\/wp-json\/wp\/v2\/tags?post=638"}],"curies":[{"name":"wp","href":"https:\/\/api.w.org\/{rel}","templated":true}]}}