{"id":604,"date":"2018-05-24T06:29:34","date_gmt":"2018-05-24T06:29:34","guid":{"rendered":"https:\/\/www.welovecycling.com\/nl\/?page_id=604"},"modified":"2018-05-24T15:50:46","modified_gmt":"2018-05-24T15:50:46","slug":"memorandum","status":"publish","type":"page","link":"https:\/\/www.welovecycling.com\/nl\/docs\/memorandum\/","title":{"rendered":"Informatie over de verwerking van persoonsgegevens"},"content":{"rendered":"<div id=\"pl-604\"  class=\"panel-layout\" ><div id=\"pg-604-0\"  class=\"panel-grid panel-no-style\" ><div id=\"pgc-604-0-0\"  class=\"panel-grid-cell\" ><div id=\"panel-604-0-0-0\" class=\"so-panel widget widget_sow-editor panel-first-child panel-last-child\" data-index=\"0\" ><div\n\t\t\t\n\t\t\tclass=\"so-widget-sow-editor so-widget-sow-editor-base\"\n\t\t\t\n\t\t>\n<div class=\"siteorigin-widget-tinymce textwidget\">\n\t<h2>Toestemming voor de verwerking van persoonsgegevens<\/h2>\n<p>Hierbij verleen ik \u0160koda AUTO a.s., t\u0159. V\u00e1clava Klementa 869, Mlad\u00e1 Boleslav II, 293 01, Mlad\u00e1 Boleslav, Tsjechi\u00eb, identificatienummer: 00177041, ingeschreven in het handelsregister van de Stedelijke Rechtbank te Praag in sectie B, dossier nr. 332, als beheerder van persoonsgegevens (hierna te noemen: \u201cde onderneming \u0160koda AUTO\u201c),<\/p>\n<p><strong>vrije en vrijwillige toestemming voor de verwerking van persoonsgegevens in de volgende mate:<\/strong> naam, achternaam, e-mailadres, geboortedatum, en naargelang het geval ook andere informatie die \u0160koda AUTO over mij heeft verworven en zal gebruiken om haar marketingactiviteiten beter af te stemmen op mijn behoeften,<\/p>\n<p><strong>met als doel:<\/strong> adressering om \u0160koda merkproducten en diensten aan te bieden, inclusief het verstrekken van informatie over producten, diensten, evenementen, prijsvragen, het verzenden van nieuwsbrieven en feestwensen.<\/p>\n<p><strong>De toestemming wordt verleend voor vijf jaar.<\/strong><\/p>\n<p>Ik erken dat ik het recht heb om mijn toestemming op elk gewenst moment in te trekken, en wel elektronisch op de website <a href=\"http:\/\/www.skoda-auto.com\/other\/personal-data\" target=\"_blank\" rel=\"noopener\">http:\/\/www.skoda-auto.com\/other\/personal-data<\/a> of in geschreven vorm op het adres van de onderneming \u0160koda AUTO. Ik heb het recht om mijn toestemming in te trekken v\u00f3\u00f3r het verstrijken van de verwerkingsperiode waarvoor de toestemming werd verleend. Intrekking van de toestemming tast de rechtmatigheid van de verwerking van persoonsgegevens op grond van de toestemming v\u00f3\u00f3r de intrekking niet aan.<\/p>\n<p>Meer informatie over de verwerking van persoonsgegevens wordt verstrekt in onderstaande bijlage, die een integraal onderdeel bij deze toestemming vormt. Algemene informatie over de bescherming van persoonsgegevens is tevens beschikbaar op de website <a href=\"http:\/\/www.skoda-auto.com\/other\/personal-data\" target=\"_blank\" rel=\"noopener\">http:\/\/www.skoda-auto.com\/other\/personal-data<\/a>.<\/p>\n<\/div>\n<\/div><\/div><\/div><\/div><div id=\"pg-604-1\"  class=\"panel-grid panel-no-style\" ><div id=\"pgc-604-1-0\"  class=\"panel-grid-cell\" ><div id=\"panel-604-1-0-0\" class=\"so-panel widget widget_sow-editor panel-first-child\" data-index=\"1\" ><div\n\t\t\t\n\t\t\tclass=\"so-widget-sow-editor so-widget-sow-editor-base\"\n\t\t\t\n\t\t>\n<div class=\"siteorigin-widget-tinymce textwidget\">\n\t<h2><img loading=\"lazy\" decoding=\"async\" class=\"size-full wp-image-164811\" style=\"display: inline-block;\" src=\"https:\/\/d2p6e6u75xmxt8.cloudfront.net\/2\/2018\/05\/notepad.jpg\" alt=\"\" width=\"44\" height=\"38\" \/> Informatie over de verwerking van persoonsgegevens<\/h2>\n<p>Via dit document verstrekken wij als de beheerder van persoonsgegevens \u2013 de onderneming \u0160koda AUTO a.s., t\u0159. V\u00e1clava Klementa 869, Mlad\u00e1 Boleslav II, 293 10, Mlad\u00e1 Boleslav, Tsjechi\u00eb, identificatienummer: 00177041, ingeschreven in het handelsregister van de Stedelijke Rechtbank te Praag in sectie B, dossier nr. 332 (hierna te noemen: \u201cde onderneming \u0160koda AUTO\u201c) \u2013 informatie over de verwerking van persoonsgegevens en over uw rechten met betrekking tot deze verwerking.<\/p>\n<p>De verwerking van persoonsgegevens omvat de volgende activiteiten:<\/p>\n<p><strong>Uitvoering van marketingactiviteiten<\/strong><\/p>\n<\/div>\n<\/div><\/div><div id=\"panel-604-1-0-1\" class=\"so-panel widget widget_sow-editor panel-last-child\" data-index=\"2\" ><div\n\t\t\t\n\t\t\tclass=\"so-widget-sow-editor so-widget-sow-editor-base\"\n\t\t\t\n\t\t>\n<div class=\"siteorigin-widget-tinymce textwidget\">\n\t<h3>Doel van de verwerking:<\/h3>\n<p>Adressering om \u0160koda merkproducten en diensten aan te bieden, inclusief het verstrekken van informatie over producten, diensten, evenementen, prijsvragen, het verzenden van nieuwsbrieven en feestwensen.<\/p>\n<h3>Beschrijving van het doel van de verwerking:<\/h3>\n<p>Uw persoonsgegevens worden gebruikt om u te informeren over producten en diensten van \u0160koda AUTO, evenementen, prijsvragen, aanmelding voor nieuwsbrieven, advertenties, verzenden van catalogi of feestwensen. We kunnen sommige van uw persoonsgegevens ook gebruiken voor het specifiek richten van bovengenoemde communicatie.<\/p>\n<h3>Rechtsgrondslag van de verwerking:<\/h3>\n<p>Wij hebben het recht om uw persoonsgegevens te verwerken op grond van de door u verleende toestemming. Als u ons geen toestemming hebt gegeven, zullen we uw persoonsgegevens niet om deze reden verwerken.<\/p>\n<h3>Categorie\u00ebn van persoonsgegevens die door ons worden verwerkt:<\/h3>\n<p>Identificatiegegevens, contactgegevens, beschrijvende gegevens, zakelijk profiel, technische informatie over het product, handelsgeschiedenis, informatie over familie en andere personen, communicatie, interactie en op basis hiervan afgeleide profielen, netwerkidentificatie.<\/p>\n<h3>Verwerkings- en bewaarperiode:<\/h3>\n<p>5 jaar nadat de toestemming voor de verwerking van persoonsgegevens is verleend.<\/p>\n<h3>Categorie\u00ebn van gegevensverwerkers of ontvangers aan wie wij de persoonsgegevens mogen verstrekken:<\/h3>\n<p>Marketingbureaus, evenementenbureaus, mediabureaus, leden van het distributienetwerk, server operators, bureaus voor gastenbeheer, infolijn.<\/p>\n<p>Uw persoonsgegevens kunnen op verzoek worden verstrekt aan overheidsinstanties, in het bijzonder aan de rechtbank, de politie van de Tsjechische Republiek en andere wetshandhavingsinstanties in de nodige mate en binnen de wet.<\/p>\n<h3>Bronnen van persoonsgegevens:<\/h3>\n<p>Wij ontvangen de persoonsgegevens rechtstreeks van u.<\/p>\n<h3>Overdracht van persoonsgegevens aan derde landen of supranationale organisaties:<\/h3>\n<p>Als onderdeel van de bovengenoemd verwerking zullen uw persoonsgegevens niet worden overgedragen aan derde landen of andere multinationale bedrijven.<\/p>\n<h3>Geautomatiseerde besluitvorming op grond van persoonsgegevens:<\/h3>\n<p>Tijdens deze verwerking van persoonsgegevens vindt geen geautomatiseerde besluitvorming op grond van persoonsgegevens plaats.<\/p>\n<h3>Overige informatie<\/h3>\n<p>Persoonsgegevens kunnen worden bewaard in het algemeen belang en worden gebruikt voor wetenschappelijke, historische of statistische onderzoeksdoeleinden. In goed gefundeerde gevallen kunnen de persoonsgegevens ook onderwerp van verwerking met als doel het oplossen van juridische kwesties zijn, waaronder het vervullen van verplichtingen jegens overheidsorganen en het monitoren en voortdurend beoordelen van juridische risico\u2019s.<\/p>\n<\/div>\n<\/div><\/div><\/div><\/div><div id=\"pg-604-2\"  class=\"panel-grid panel-no-style\" ><div id=\"pgc-604-2-0\"  class=\"panel-grid-cell\" ><div id=\"panel-604-2-0-0\" class=\"so-panel widget widget_sow-editor panel-first-child panel-last-child\" data-index=\"3\" ><div\n\t\t\t\n\t\t\tclass=\"so-widget-sow-editor so-widget-sow-editor-base\"\n\t\t\t\n\t\t>\n<div class=\"siteorigin-widget-tinymce textwidget\">\n\t<p><a href=\"\/nl\/docs\/rechten\/\">Wat zijn uw rechten?<\/a><\/p>\n<\/div>\n<\/div><\/div><\/div><\/div><\/div>","protected":false},"excerpt":{"rendered":"<p>Toestemming voor de verwerking van persoonsgegevens Hierbij verleen ik \u0160koda AUTO a.s., t\u0159. V\u00e1clava Klementa 869, Mlad\u00e1 Boleslav II, 293 [&hellip;]<\/p>\n","protected":false},"author":1,"featured_media":0,"parent":600,"menu_order":0,"comment_status":"closed","ping_status":"closed","template":"templates\/template-empty-page-headline.php","meta":{"footnotes":""},"tags":[],"class_list":["post-604","page","type-page","status-publish","hentry"],"yoast_head":"<!-- This site is optimized with the Yoast SEO Premium plugin v25.3 (Yoast SEO v25.9) - https:\/\/yoast.com\/wordpress\/plugins\/seo\/ -->\n<title>Informatie over de verwerking van persoonsgegevens - \u0160koda - We Love Cycling - Netherland<\/title>\n<meta name=\"robots\" content=\"index, follow, max-snippet:-1, max-image-preview:large, max-video-preview:-1\" \/>\n<link rel=\"canonical\" href=\"https:\/\/www.welovecycling.com\/nl\/docs\/memorandum\/\" \/>\n<meta property=\"og:locale\" content=\"nl_NL\" \/>\n<meta property=\"og:type\" content=\"article\" \/>\n<meta property=\"og:title\" content=\"Informatie over de verwerking van persoonsgegevens\" \/>\n<meta property=\"og:description\" content=\"Toestemming voor de verwerking van persoonsgegevens Hierbij verleen ik \u0160koda AUTO a.s., t\u0159. V\u00e1clava Klementa 869, Mlad\u00e1 Boleslav II, 293 [&hellip;]\" \/>\n<meta property=\"og:url\" content=\"https:\/\/www.welovecycling.com\/nl\/docs\/memorandum\/\" \/>\n<meta property=\"og:site_name\" content=\"\u0160koda - We Love Cycling - Netherland\" \/>\n<meta property=\"article:modified_time\" content=\"2018-05-24T15:50:46+00:00\" \/>\n<meta property=\"og:image\" content=\"https:\/\/d2p6e6u75xmxt8.cloudfront.net\/2\/2018\/05\/notepad.jpg\" \/>\n<meta name=\"twitter:card\" content=\"summary_large_image\" \/>\n<meta name=\"twitter:label1\" content=\"Est. reading time\" \/>\n\t<meta name=\"twitter:data1\" content=\"3 minutes\" \/>\n<script type=\"application\/ld+json\" class=\"yoast-schema-graph\">{\"@context\":\"https:\/\/schema.org\",\"@graph\":[{\"@type\":\"WebPage\",\"@id\":\"https:\/\/www.welovecycling.com\/nl\/docs\/memorandum\/\",\"url\":\"https:\/\/www.welovecycling.com\/nl\/docs\/memorandum\/\",\"name\":\"Informatie over de verwerking van persoonsgegevens - \u0160koda - We Love Cycling - Netherland\",\"isPartOf\":{\"@id\":\"https:\/\/www.welovecycling.com\/nl\/#website\"},\"primaryImageOfPage\":{\"@id\":\"https:\/\/www.welovecycling.com\/nl\/docs\/memorandum\/#primaryimage\"},\"image\":{\"@id\":\"https:\/\/www.welovecycling.com\/nl\/docs\/memorandum\/#primaryimage\"},\"thumbnailUrl\":\"https:\/\/d2p6e6u75xmxt8.cloudfront.net\/2\/2018\/05\/notepad.jpg\",\"datePublished\":\"2018-05-24T06:29:34+00:00\",\"dateModified\":\"2018-05-24T15:50:46+00:00\",\"breadcrumb\":{\"@id\":\"https:\/\/www.welovecycling.com\/nl\/docs\/memorandum\/#breadcrumb\"},\"inLanguage\":\"nl\",\"potentialAction\":[{\"@type\":\"ReadAction\",\"target\":[\"https:\/\/www.welovecycling.com\/nl\/docs\/memorandum\/\"]}]},{\"@type\":\"ImageObject\",\"inLanguage\":\"nl\",\"@id\":\"https:\/\/www.welovecycling.com\/nl\/docs\/memorandum\/#primaryimage\",\"url\":\"https:\/\/d2p6e6u75xmxt8.cloudfront.net\/2\/2018\/05\/notepad.jpg\",\"contentUrl\":\"https:\/\/d2p6e6u75xmxt8.cloudfront.net\/2\/2018\/05\/notepad.jpg\"},{\"@type\":\"BreadcrumbList\",\"@id\":\"https:\/\/www.welovecycling.com\/nl\/docs\/memorandum\/#breadcrumb\",\"itemListElement\":[{\"@type\":\"ListItem\",\"position\":1,\"name\":\"Home\",\"item\":\"https:\/\/www.welovecycling.com\/nl\/\"},{\"@type\":\"ListItem\",\"position\":2,\"name\":\"Documents\",\"item\":\"https:\/\/www.welovecycling.com\/nl\/docs\/\"},{\"@type\":\"ListItem\",\"position\":3,\"name\":\"Informatie over de verwerking van persoonsgegevens\"}]},{\"@type\":\"WebSite\",\"@id\":\"https:\/\/www.welovecycling.com\/nl\/#website\",\"url\":\"https:\/\/www.welovecycling.com\/nl\/\",\"name\":\"\u0160koda - We Love Cycling - Netherland\",\"description\":\"\u0160koda We Love Cycling - Netherland\",\"potentialAction\":[{\"@type\":\"SearchAction\",\"target\":{\"@type\":\"EntryPoint\",\"urlTemplate\":\"https:\/\/www.welovecycling.com\/nl\/?s={search_term_string}\"},\"query-input\":{\"@type\":\"PropertyValueSpecification\",\"valueRequired\":true,\"valueName\":\"search_term_string\"}}],\"inLanguage\":\"nl\"}]}<\/script>\n<!-- \/ Yoast SEO Premium plugin. -->","yoast_head_json":{"title":"Informatie over de verwerking van persoonsgegevens - \u0160koda - We Love Cycling - Netherland","robots":{"index":"index","follow":"follow","max-snippet":"max-snippet:-1","max-image-preview":"max-image-preview:large","max-video-preview":"max-video-preview:-1"},"canonical":"https:\/\/www.welovecycling.com\/nl\/docs\/memorandum\/","og_locale":"nl_NL","og_type":"article","og_title":"Informatie over de verwerking van persoonsgegevens","og_description":"Toestemming voor de verwerking van persoonsgegevens Hierbij verleen ik \u0160koda AUTO a.s., t\u0159. V\u00e1clava Klementa 869, Mlad\u00e1 Boleslav II, 293 [&hellip;]","og_url":"https:\/\/www.welovecycling.com\/nl\/docs\/memorandum\/","og_site_name":"\u0160koda - We Love Cycling - Netherland","article_modified_time":"2018-05-24T15:50:46+00:00","og_image":[{"url":"https:\/\/d2p6e6u75xmxt8.cloudfront.net\/2\/2018\/05\/notepad.jpg","type":"","width":"","height":""}],"twitter_card":"summary_large_image","twitter_misc":{"Est. reading time":"3 minutes"},"schema":{"@context":"https:\/\/schema.org","@graph":[{"@type":"WebPage","@id":"https:\/\/www.welovecycling.com\/nl\/docs\/memorandum\/","url":"https:\/\/www.welovecycling.com\/nl\/docs\/memorandum\/","name":"Informatie over de verwerking van persoonsgegevens - \u0160koda - We Love Cycling - Netherland","isPartOf":{"@id":"https:\/\/www.welovecycling.com\/nl\/#website"},"primaryImageOfPage":{"@id":"https:\/\/www.welovecycling.com\/nl\/docs\/memorandum\/#primaryimage"},"image":{"@id":"https:\/\/www.welovecycling.com\/nl\/docs\/memorandum\/#primaryimage"},"thumbnailUrl":"https:\/\/d2p6e6u75xmxt8.cloudfront.net\/2\/2018\/05\/notepad.jpg","datePublished":"2018-05-24T06:29:34+00:00","dateModified":"2018-05-24T15:50:46+00:00","breadcrumb":{"@id":"https:\/\/www.welovecycling.com\/nl\/docs\/memorandum\/#breadcrumb"},"inLanguage":"nl","potentialAction":[{"@type":"ReadAction","target":["https:\/\/www.welovecycling.com\/nl\/docs\/memorandum\/"]}]},{"@type":"ImageObject","inLanguage":"nl","@id":"https:\/\/www.welovecycling.com\/nl\/docs\/memorandum\/#primaryimage","url":"https:\/\/d2p6e6u75xmxt8.cloudfront.net\/2\/2018\/05\/notepad.jpg","contentUrl":"https:\/\/d2p6e6u75xmxt8.cloudfront.net\/2\/2018\/05\/notepad.jpg"},{"@type":"BreadcrumbList","@id":"https:\/\/www.welovecycling.com\/nl\/docs\/memorandum\/#breadcrumb","itemListElement":[{"@type":"ListItem","position":1,"name":"Home","item":"https:\/\/www.welovecycling.com\/nl\/"},{"@type":"ListItem","position":2,"name":"Documents","item":"https:\/\/www.welovecycling.com\/nl\/docs\/"},{"@type":"ListItem","position":3,"name":"Informatie over de verwerking van persoonsgegevens"}]},{"@type":"WebSite","@id":"https:\/\/www.welovecycling.com\/nl\/#website","url":"https:\/\/www.welovecycling.com\/nl\/","name":"\u0160koda - We Love Cycling - Netherland","description":"\u0160koda We Love Cycling - Netherland","potentialAction":[{"@type":"SearchAction","target":{"@type":"EntryPoint","urlTemplate":"https:\/\/www.welovecycling.com\/nl\/?s={search_term_string}"},"query-input":{"@type":"PropertyValueSpecification","valueRequired":true,"valueName":"search_term_string"}}],"inLanguage":"nl"}]}},"_links":{"self":[{"href":"https:\/\/www.welovecycling.com\/nl\/wp-json\/wp\/v2\/pages\/604","targetHints":{"allow":["GET"]}}],"collection":[{"href":"https:\/\/www.welovecycling.com\/nl\/wp-json\/wp\/v2\/pages"}],"about":[{"href":"https:\/\/www.welovecycling.com\/nl\/wp-json\/wp\/v2\/types\/page"}],"author":[{"embeddable":true,"href":"https:\/\/www.welovecycling.com\/nl\/wp-json\/wp\/v2\/users\/1"}],"replies":[{"embeddable":true,"href":"https:\/\/www.welovecycling.com\/nl\/wp-json\/wp\/v2\/comments?post=604"}],"version-history":[{"count":2,"href":"https:\/\/www.welovecycling.com\/nl\/wp-json\/wp\/v2\/pages\/604\/revisions"}],"predecessor-version":[{"id":666,"href":"https:\/\/www.welovecycling.com\/nl\/wp-json\/wp\/v2\/pages\/604\/revisions\/666"}],"up":[{"embeddable":true,"href":"https:\/\/www.welovecycling.com\/nl\/wp-json\/wp\/v2\/pages\/600"}],"wp:attachment":[{"href":"https:\/\/www.welovecycling.com\/nl\/wp-json\/wp\/v2\/media?parent=604"}],"wp:term":[{"taxonomy":"post_tag","embeddable":true,"href":"https:\/\/www.welovecycling.com\/nl\/wp-json\/wp\/v2\/tags?post=604"}],"curies":[{"name":"wp","href":"https:\/\/api.w.org\/{rel}","templated":true}]}}