{"id":4010,"date":"2019-06-20T15:47:26","date_gmt":"2019-06-20T14:47:26","guid":{"rendered":"https:\/\/www.welovecycling.com\/hu\/?page_id=4010"},"modified":"2019-08-07T08:46:29","modified_gmt":"2019-08-07T07:46:29","slug":"almos-a-tour-on","status":"publish","type":"page","link":"https:\/\/www.welovecycling.com\/hu\/almos-a-tour-on\/","title":{"rendered":"\u00c1lmos a Tour-on"},"content":{"rendered":"<div id=\"pl-4010\"  class=\"panel-layout\" ><div id=\"pg-4010-0\"  class=\"panel-grid panel-no-style\" ><div id=\"pgc-4010-0-0\"  class=\"panel-grid-cell\" ><div id=\"panel-4010-0-0-0\" class=\"so-panel widget widget_sow-image panel-first-child\" data-index=\"0\" ><div class=\"panel-widget-style panel-widget-style-for-4010-0-0-0\" ><div\n\t\t\t\n\t\t\tclass=\"so-widget-sow-image so-widget-sow-image-default-dbf295114b96-4010\"\n\t\t\t\n\t\t>\n<div class=\"sow-image-container\">\n\t\t<img loading=\"lazy\" decoding=\"async\" src=\"https:\/\/d2p6e6u75xmxt8.cloudfront.net\/12\/2019\/06\/WL011_almos_badge_cover_v1.png\" width=\"1920\" height=\"594\" srcset=\"https:\/\/d2p6e6u75xmxt8.cloudfront.net\/12\/2019\/06\/WL011_almos_badge_cover_v1.png 1920w, https:\/\/d2p6e6u75xmxt8.cloudfront.net\/12\/2019\/06\/WL011_almos_badge_cover_v1-300x93.png 300w, https:\/\/d2p6e6u75xmxt8.cloudfront.net\/12\/2019\/06\/WL011_almos_badge_cover_v1-768x238.png 768w, https:\/\/d2p6e6u75xmxt8.cloudfront.net\/12\/2019\/06\/WL011_almos_badge_cover_v1-1024x317.png 1024w, https:\/\/d2p6e6u75xmxt8.cloudfront.net\/12\/2019\/06\/WL011_almos_badge_cover_v1-1920x594.png 1920w\" sizes=\"auto, (max-width: 1920px) 100vw, 1920px\" alt=\"\" \t\tclass=\"so-widget-image\"\/>\n\t<\/div>\n\n<\/div><\/div><\/div><div id=\"panel-4010-0-0-1\" class=\"so-panel widget widget_sow-image panel-last-child\" data-index=\"1\" ><div class=\"panel-widget-style panel-widget-style-for-4010-0-0-1\" ><div\n\t\t\t\n\t\t\tclass=\"so-widget-sow-image so-widget-sow-image-default-dbf295114b96-4010\"\n\t\t\t\n\t\t>\n<div class=\"sow-image-container\">\n\t\t<img loading=\"lazy\" decoding=\"async\" src=\"https:\/\/d2p6e6u75xmxt8.cloudfront.net\/12\/2019\/06\/WL011_almos.png\" width=\"848\" height=\"848\" srcset=\"https:\/\/d2p6e6u75xmxt8.cloudfront.net\/12\/2019\/06\/WL011_almos.png 848w, https:\/\/d2p6e6u75xmxt8.cloudfront.net\/12\/2019\/06\/WL011_almos-150x150.png 150w, https:\/\/d2p6e6u75xmxt8.cloudfront.net\/12\/2019\/06\/WL011_almos-300x300.png 300w, https:\/\/d2p6e6u75xmxt8.cloudfront.net\/12\/2019\/06\/WL011_almos-768x768.png 768w\" sizes=\"auto, (max-width: 848px) 100vw, 848px\" alt=\"\" \t\tclass=\"so-widget-image\"\/>\n\t<\/div>\n\n<\/div><\/div><\/div><\/div><\/div><div id=\"pg-4010-1\"  class=\"panel-grid panel-no-style\" ><div id=\"pgc-4010-1-0\"  class=\"panel-grid-cell\" ><div id=\"panel-4010-1-0-0\" class=\"so-panel widget widget_siteorigin-panels-builder panel-first-child panel-last-child\" data-index=\"2\" ><div id=\"pl-w5d10bfa7e9973\"  class=\"panel-layout\" ><div id=\"pg-w5d10bfa7e9973-0\"  class=\"panel-grid panel-has-style\" ><div class=\"container panel-row-style panel-row-style-for-w5d10bfa7e9973-0\" ><div id=\"pgc-w5d10bfa7e9973-0-0\"  class=\"panel-grid-cell\" ><div id=\"panel-w5d10bfa7e9973-0-0-0\" class=\"so-panel widget widget_sow-image panel-first-child panel-last-child\" data-index=\"0\" ><div\n\t\t\t\n\t\t\tclass=\"so-widget-sow-image so-widget-sow-image-default-13f2a8b12fcc\"\n\t\t\t\n\t\t>\n<div class=\"sow-image-container\">\n\t\t<img loading=\"lazy\" decoding=\"async\" src=\"https:\/\/d2p6e6u75xmxt8.cloudfront.net\/12\/2019\/06\/almos.jpg\" width=\"960\" height=\"641\" srcset=\"https:\/\/d2p6e6u75xmxt8.cloudfront.net\/12\/2019\/06\/almos.jpg 960w, https:\/\/d2p6e6u75xmxt8.cloudfront.net\/12\/2019\/06\/almos-300x200.jpg 300w, https:\/\/d2p6e6u75xmxt8.cloudfront.net\/12\/2019\/06\/almos-768x513.jpg 768w, https:\/\/d2p6e6u75xmxt8.cloudfront.net\/12\/2019\/06\/almos-272x182.jpg 272w\" sizes=\"auto, (max-width: 960px) 100vw, 960px\" alt=\"\" \t\tclass=\"so-widget-image\"\/>\n\t<\/div>\n\n<\/div><\/div><\/div><div id=\"pgc-w5d10bfa7e9973-0-1\"  class=\"panel-grid-cell\" ><div class=\"panel-cell-style panel-cell-style-for-w5d10bfa7e9973-0-1\" ><div id=\"panel-w5d10bfa7e9973-0-1-0\" class=\"so-panel widget widget_sow-editor panel-first-child\" data-index=\"1\" ><div class=\"panel-widget-style panel-widget-style-for-w5d10bfa7e9973-0-1-0\" ><div\n\t\t\t\n\t\t\tclass=\"so-widget-sow-editor so-widget-sow-editor-base\"\n\t\t\t\n\t\t>\n<div class=\"siteorigin-widget-tinymce textwidget\">\n\t<p style=\"font-weight:300\">\u00c1lmos (27) amat\u0151r orsz\u00e1g\u00fati ker\u00e9kp\u00e1ros, a Hajt\u00e1s Pajt\u00e1s biciklis fut\u00e1rja. A Tekerj a Tour-on nyerem\u00e9nyj\u00e1t\u00e9k gy\u0151ztesek\u00e9nt \u0151 k\u00e9pviselheti j\u00faliusban haz\u00e1nkat a \u0160koda csapat versenyz\u0151jek\u00e9nt a L\u2019etape du Tour 2019-es verseny\u00e9n. \u00c1lmos edz\u0151je Simon P\u00e9ter, a WeLoveCycling Aranyvilla-d\u00edjasa, csapatf\u0151n\u00f6ke pedig nem m\u00e1s, mint Ji\u0159\u00ed Je\u017eek, hatszoros paralimpiai bajnok orsz\u00e1g\u00fati ker\u00e9kp\u00e1roz\u00f3.<\/p>\n<\/div>\n<\/div><\/div><\/div><div id=\"panel-w5d10bfa7e9973-0-1-1\" class=\"so-panel widget widget_sow-button panel-last-child\" data-index=\"2\" ><div\n\t\t\t\n\t\t\tclass=\"so-widget-sow-button so-widget-sow-button-flat-54ee8fd3e9f5\"\n\t\t\t\n\t\t><div class=\"ow-button-base ow-button-align-left\">\n\t\t\t<a\n\t\t\t\t\thref=\"#felkeszules\"\n\t\t\t\t\tclass=\"btn-wlc btn-primary sowb-button ow-icon-placement-left ow-button-hover\" \t>\n\t\t<span>\n\t\t\t\n\t\t\tTov\u00e1bb a felk\u00e9sz\u00fcl\u00e9shez\t\t<\/span>\n\t\t\t<\/a>\n\t<\/div>\n<\/div><\/div><\/div><\/div><\/div><\/div><\/div><\/div><\/div><\/div><div id=\"pg-4010-2\"  class=\"panel-grid panel-has-style\" ><div class=\"so-parallax panel-row-style panel-row-style-for-4010-2\" ><img fetchpriority=\"high\" decoding=\"async\" width=\"1920\" height=\"594\" src=\"https:\/\/d2p6e6u75xmxt8.cloudfront.net\/12\/2019\/06\/WL011_almos_badge_cover_v1_background.png\" class=\"attachment-full size-full\" alt=\"\" data-siteorigin-parallax=\"true\" loading=\"eager\" srcset=\"https:\/\/d2p6e6u75xmxt8.cloudfront.net\/12\/2019\/06\/WL011_almos_badge_cover_v1_background.png 1920w, https:\/\/d2p6e6u75xmxt8.cloudfront.net\/12\/2019\/06\/WL011_almos_badge_cover_v1_background-300x93.png 300w, https:\/\/d2p6e6u75xmxt8.cloudfront.net\/12\/2019\/06\/WL011_almos_badge_cover_v1_background-768x238.png 768w, https:\/\/d2p6e6u75xmxt8.cloudfront.net\/12\/2019\/06\/WL011_almos_badge_cover_v1_background-1024x317.png 1024w, https:\/\/d2p6e6u75xmxt8.cloudfront.net\/12\/2019\/06\/WL011_almos_badge_cover_v1_background-1920x594.png 1920w\" sizes=\"(max-width: 1920px) 100vw, 1920px\" \/><div id=\"pgc-4010-2-0\"  class=\"panel-grid-cell\" ><div id=\"panel-4010-2-0-0\" class=\"so-panel widget widget_siteorigin-panels-builder panel-first-child panel-last-child\" data-index=\"3\" ><div class=\"container panel-widget-style panel-widget-style-for-4010-2-0-0\" ><div id=\"pl-w5d0cf927abd66\"  class=\"panel-layout\" ><div id=\"pg-w5d0cf927abd66-0\"  class=\"panel-grid panel-no-style\" ><div id=\"pgc-w5d0cf927abd66-0-0\"  class=\"panel-grid-cell\" ><div id=\"panel-w5d0cf927abd66-0-0-0\" class=\"so-panel widget widget_siteorigin-panels-builder panel-first-child panel-last-child\" data-index=\"0\" ><div class=\"panel-widget-style panel-widget-style-for-w5d0cf927abd66-0-0-0\" ><div id=\"pl-w5d0cf468c132e\"  class=\"panel-layout\" ><div id=\"pg-w5d0cf468c132e-0\"  class=\"panel-grid panel-no-style\" ><div id=\"pgc-w5d0cf468c132e-0-0\"  class=\"panel-grid-cell\" ><div id=\"panel-w5d0cf468c132e-0-0-0\" class=\"so-panel widget widget_sow-editor panel-first-child\" data-index=\"0\" ><div\n\t\t\t\n\t\t\tclass=\"so-widget-sow-editor so-widget-sow-editor-base\"\n\t\t\t\n\t\t>\n<div class=\"siteorigin-widget-tinymce textwidget\">\n\t<h2 style=\"font-size:30px;margin-bottom:15px;\"><strong>L\u2019etape du Tour 2019<\/strong><\/h2>\n<h3 style=\"font-size:20px;margin-bottom:15px;\">2019. j\u00falius 21, Albertville \u2013 Val Thoren<\/h3>\n<\/div>\n<\/div><\/div><div id=\"panel-w5d0cf468c132e-0-0-1\" class=\"so-panel widget widget_sow-editor\" data-index=\"1\" ><div class=\"panel-widget-style panel-widget-style-for-w5d0cf468c132e-0-0-1\" ><div\n\t\t\t\n\t\t\tclass=\"so-widget-sow-editor so-widget-sow-editor-base\"\n\t\t\t\n\t\t>\n<div class=\"siteorigin-widget-tinymce textwidget\">\n\t<ul>\n<li>A verseny hossza:<br \/>\n<span style=\"color: #4ba82e;\">135 kilom\u00e9ter<\/span><\/li>\n<li>Szintk\u00fcl\u00f6nbs\u00e9g:<br \/>\n<span style=\"color: #4ba82e;\">4563 m\u00e9ter<\/span><\/li>\n<li>Legnagyobb magass\u00e1g:<br \/>\n<span style=\"color: #4ba82e;\">2365 m\u00e9ter<\/span><\/li>\n<li>Indul\u00f3k:<br \/>\n<span style=\"color: #4ba82e;\">15 000 f\u0151<\/span><\/li>\n<\/ul>\n<\/div>\n<\/div><\/div><\/div><div id=\"panel-w5d0cf468c132e-0-0-2\" class=\"so-panel widget widget_sow-editor panel-last-child\" data-index=\"2\" ><div\n\t\t\t\n\t\t\tclass=\"so-widget-sow-editor so-widget-sow-editor-base\"\n\t\t\t\n\t\t>\n<div class=\"siteorigin-widget-tinymce textwidget\">\n\t<p>K\u00eds\u00e9rd v\u00e9gig \u00c1lmos \u00fatj\u00e1t, aminek v\u00e9g\u00e9n a \u0160koda csapat\u00e1ban megtapasztalhatja a Tour de France legend\u00e1j\u00e1t, \u00e9s ugyanazon a t\u00e1jon tekerhet, mint a legnagyobb orsz\u00e1g\u00fati szt\u00e1rok! Ez a L\u2019etape du Tour, ahol tizen\u00f6tezer r\u00e9sztvev\u0151 v\u00e1g neki a Tour egy hegyvid\u00e9ki szakasz\u00e1nak \u2013 ugyanazokkal a versenyfelt\u00e9telekkel, mint a profi versenyz\u0151k. <strong>\u00c1lmos vajon teljes\u00edteni tudja ezt az embert pr\u00f3b\u00e1l\u00f3 feladatot? <\/strong>J\u00falius 21-\u00e9n kider\u00fcl!<\/p>\n<\/div>\n<\/div><\/div><\/div><\/div><\/div><\/div><\/div><\/div><div id=\"pgc-w5d0cf927abd66-0-1\"  class=\"panel-grid-cell\" ><div id=\"panel-w5d0cf927abd66-0-1-0\" class=\"so-panel widget widget_sow-headline panel-first-child\" data-index=\"1\" ><div\n\t\t\t\n\t\t\tclass=\"so-widget-sow-headline so-widget-sow-headline-default-23df1493205a\"\n\t\t\t\n\t\t><div class=\"sow-headline-container \">\n\t\t\t\t\t\t\t<h2 class=\"sow-headline\">\n\t\t\t\t\t\tA L\u2019etape du Tour 2019 \u00fatvonala\t\t\t\t\t\t<\/h2>\n\t\t\t\t\t\t\t\t\t\t\t<div class=\"decoration\">\n\t\t\t\t\t\t<div class=\"decoration-inside\"><\/div>\n\t\t\t\t\t<\/div>\n\t\t\t\t\t<\/div>\n<\/div><\/div><div id=\"panel-w5d0cf927abd66-0-1-1\" class=\"so-panel widget widget_sow-image panel-last-child\" data-index=\"2\" ><div class=\"container panel-widget-style panel-widget-style-for-w5d0cf927abd66-0-1-1\" ><div\n\t\t\t\n\t\t\tclass=\"so-widget-sow-image so-widget-sow-image-default-c67d20f9f743\"\n\t\t\t\n\t\t>\n<div class=\"sow-image-container\">\n\t\t<img decoding=\"async\" src=\"https:\/\/d2p6e6u75xmxt8.cloudfront.net\/12\/2019\/06\/terkep_expand-01.svg\" alt=\"\" \t\tclass=\"so-widget-image\"\/>\n\t<\/div>\n\n<\/div><\/div><\/div><\/div><\/div><\/div><\/div><\/div><\/div><\/div><\/div><div id=\"pg-4010-3\"  class=\"panel-grid panel-has-style\" ><div id=\"felkeszules\" class=\"panel-row-style panel-row-style-for-4010-3\" ><div id=\"pgc-4010-3-0\"  class=\"panel-grid-cell\" ><div id=\"panel-4010-3-0-0\" class=\"so-panel widget widget_siteorigin-panels-builder panel-first-child panel-last-child\" data-index=\"4\" ><div class=\"container panel-widget-style panel-widget-style-for-4010-3-0-0\" ><div id=\"pl-w5d4a81d58c7be\"  class=\"panel-layout\" ><div id=\"pg-w5d4a81d58c7be-0\"  class=\"panel-grid panel-has-style\" ><div class=\"panel-row-style panel-row-style-for-w5d4a81d58c7be-0\" ><div id=\"pgc-w5d4a81d58c7be-0-0\"  class=\"panel-grid-cell\" ><div id=\"panel-w5d4a81d58c7be-0-0-0\" class=\"so-panel widget widget_sow-headline panel-first-child panel-last-child\" data-index=\"0\" ><div\n\t\t\t\n\t\t\tclass=\"so-widget-sow-headline so-widget-sow-headline-default-aca2662ce757\"\n\t\t\t\n\t\t><div class=\"sow-headline-container \">\n\t\t\t\t\t\t\t<h2 class=\"sow-headline\">\n\t\t\t\t\t\t\u00c1lmos \u00fatja a Tour-ra\t\t\t\t\t\t<\/h2>\n\t\t\t\t\t\t\t\t\t\t\t<div class=\"decoration\">\n\t\t\t\t\t\t<div class=\"decoration-inside\"><\/div>\n\t\t\t\t\t<\/div>\n\t\t\t\t\t<\/div>\n<\/div><\/div><\/div><\/div><\/div><div id=\"pg-w5d4a81d58c7be-1\"  class=\"panel-grid panel-no-style\" ><div id=\"pgc-w5d4a81d58c7be-1-0\"  class=\"panel-grid-cell\" ><div id=\"panel-w5d4a81d58c7be-1-0-0\" class=\"so-panel widget widget_siteorigin-panels-builder panel-first-child panel-last-child\" data-index=\"1\" ><div id=\"pl-w5d4a81d58c7f3\"  class=\"panel-layout\" ><div id=\"pg-w5d4a81d58c7f3-0\"  class=\"panel-grid panel-no-style\" ><div id=\"pgc-w5d4a81d58c7f3-0-0\"  class=\"panel-grid-cell\" ><div id=\"panel-w5d4a81d58c7f3-0-0-0\" class=\"so-panel widget widget_sow-image panel-first-child panel-last-child\" data-index=\"0\" ><div\n\t\t\t\n\t\t\tclass=\"so-widget-sow-image so-widget-sow-image-default-dbf295114b96\"\n\t\t\t\n\t\t>\n<div class=\"sow-image-container\">\n\t\t\t<a href=\"https:\/\/www.welovecycling.com\/hu\/almos-a-tour-on\/ilyen-kemeny-versenyen-meg-sosem-indultam-almos-a-tekerj-a-tour-on-gyoztese\/\"\n\t\t\ttarget=\"_blank\" rel=\"noopener noreferrer\" \t\t>\n\t\t\t<img loading=\"lazy\" decoding=\"async\" src=\"https:\/\/d2p6e6u75xmxt8.cloudfront.net\/12\/2019\/06\/WL011_almos_01_1080x1080_v0-150x150.png\" width=\"150\" height=\"150\" srcset=\"https:\/\/d2p6e6u75xmxt8.cloudfront.net\/12\/2019\/06\/WL011_almos_01_1080x1080_v0-150x150.png 150w, https:\/\/d2p6e6u75xmxt8.cloudfront.net\/12\/2019\/06\/WL011_almos_01_1080x1080_v0-300x300.png 300w, https:\/\/d2p6e6u75xmxt8.cloudfront.net\/12\/2019\/06\/WL011_almos_01_1080x1080_v0-768x768.png 768w, https:\/\/d2p6e6u75xmxt8.cloudfront.net\/12\/2019\/06\/WL011_almos_01_1080x1080_v0-1024x1024.png 1024w, https:\/\/d2p6e6u75xmxt8.cloudfront.net\/12\/2019\/06\/WL011_almos_01_1080x1080_v0.png 1080w\" sizes=\"auto, (max-width: 150px) 100vw, 150px\" alt=\"\" \t\tclass=\"so-widget-image\"\/>\n\t<\/a><\/div>\n\n<\/div><\/div><\/div><div id=\"pgc-w5d4a81d58c7f3-0-1\"  class=\"panel-grid-cell\" ><div id=\"panel-w5d4a81d58c7f3-0-1-0\" class=\"so-panel widget widget_sow-editor panel-first-child panel-last-child\" data-index=\"1\" ><div\n\t\t\t\n\t\t\tclass=\"so-widget-sow-editor so-widget-sow-editor-base\"\n\t\t\t\n\t\t>\n<div class=\"siteorigin-widget-tinymce textwidget\">\n\t<p><a href=\"https:\/\/www.welovecycling.com\/hu\/almos-a-tour-on\/ilyen-kemeny-versenyen-meg-sosem-indultam-almos-a-tekerj-a-tour-on-gyoztese\" target=\"_blank\" style=\"margin-bottom:12px;\"><strong>\u201eILYEN KEM\u00c9NY VERSENYEN M\u00c9G SOSEM INDULTAM\u201d \u2013\u00c1LMOS, A TEKERJ A TOUR-ON GY\u0150ZTESE<\/strong><\/a><br \/>\n\u00c1lmos 27 \u00e9ves biciklis fut\u00e1r, de annyira szeret tekerni, hogy a munk\u00e1ja mellett orsz\u00e1g\u00fati versenyeken is indul. Hi\u00e1ba t\u00f6lti ki napjait a bring\u00e1z\u00e1s, nem \u00e1ll t\u0151le messze a vide\u00f3z\u00e1s sem...<\/p>\n<\/div>\n<\/div><\/div><\/div><\/div><\/div><\/div><\/div><div id=\"pgc-w5d4a81d58c7be-1-1\"  class=\"panel-grid-cell\" ><div id=\"panel-w5d4a81d58c7be-1-1-0\" class=\"so-panel widget widget_siteorigin-panels-builder panel-first-child panel-last-child\" data-index=\"2\" ><div id=\"pl-w5d4a81d58c807\"  class=\"panel-layout\" ><div id=\"pg-w5d4a81d58c807-0\"  class=\"panel-grid panel-no-style\" ><div id=\"pgc-w5d4a81d58c807-0-0\"  class=\"panel-grid-cell\" ><div id=\"panel-w5d4a81d58c807-0-0-0\" class=\"so-panel widget widget_sow-image panel-first-child panel-last-child\" data-index=\"0\" ><div\n\t\t\t\n\t\t\tclass=\"so-widget-sow-image so-widget-sow-image-default-dbf295114b96\"\n\t\t\t\n\t\t>\n<div class=\"sow-image-container\">\n\t\t\t<a href=\"https:\/\/www.welovecycling.com\/hu\/almos-a-tour-on\/az-utolso-masfel-kilometeren-elerzekenyultem\/\"\n\t\t\ttarget=\"_blank\" rel=\"noopener noreferrer\" \t\t>\n\t\t\t<img loading=\"lazy\" decoding=\"async\" src=\"https:\/\/d2p6e6u75xmxt8.cloudfront.net\/12\/2019\/08\/wlc_almos_2_1-150x150.jpg\" width=\"150\" height=\"150\" sizes=\"auto, (max-width: 150px) 100vw, 150px\" alt=\"\" \t\tclass=\"so-widget-image\"\/>\n\t<\/a><\/div>\n\n<\/div><\/div><\/div><div id=\"pgc-w5d4a81d58c807-0-1\"  class=\"panel-grid-cell\" ><div id=\"panel-w5d4a81d58c807-0-1-0\" class=\"so-panel widget widget_sow-editor panel-first-child panel-last-child\" data-index=\"1\" ><div\n\t\t\t\n\t\t\tclass=\"so-widget-sow-editor so-widget-sow-editor-base\"\n\t\t\t\n\t\t>\n<div class=\"siteorigin-widget-tinymce textwidget\">\n\t<p><a href=\"https:\/\/www.welovecycling.com\/hu\/almos-a-tour-on\/az-utolso-masfel-kilometeren-elerzekenyultem\/\" target=\"_blank\" style=\"margin-bottom:12px;\"><strong>AZ UTOLS\u00d3 M\u00c1SF\u00c9L KILOM\u00c9TEREN EL\u00c9RZ\u00c9KENY\u00dcLTEM<\/strong><\/a><br \/>\nPhraner \u00c1lmos nyerte meg a Tekerj a Tour-on nyerem\u00e9nyj\u00e1t\u00e9kot, \u00edgy rajthoz \u00e1llhatott a L`\u00c9tape du Tour 2019-en, a futamon, ahol amat\u0151r\u00f6k m\u00e9rettethetik meg magukat profi k\u00f6r\u00fclm\u00e9nyek k\u00f6z\u00f6tt.<\/p>\n<\/div>\n<\/div><\/div><\/div><\/div><\/div><\/div><\/div><\/div><\/div><\/div><\/div><\/div><\/div><\/div><div id=\"pg-4010-4\"  class=\"panel-grid panel-no-style\" ><div id=\"pgc-4010-4-0\"  class=\"panel-grid-cell\" ><div id=\"panel-4010-4-0-0\" class=\"so-panel widget widget_siteorigin-panels-builder panel-first-child panel-last-child\" data-index=\"5\" ><div class=\"panel-widget-style panel-widget-style-for-4010-4-0-0\" ><div id=\"pl-w5d10a94f5729c\"  class=\"panel-layout\" ><div id=\"pg-w5d10a94f5729c-0\"  class=\"panel-grid panel-no-style\" ><div id=\"pgc-w5d10a94f5729c-0-0\"  class=\"panel-grid-cell\" ><div id=\"panel-w5d10a94f5729c-0-0-0\" class=\"so-panel widget widget_sow-headline panel-first-child panel-last-child\" data-index=\"0\" ><div\n\t\t\t\n\t\t\tclass=\"so-widget-sow-headline so-widget-sow-headline-default-935144c15ab5\"\n\t\t\t\n\t\t><div class=\"sow-headline-container \">\n\t\t\t\t\t\t\t<h2 class=\"sow-headline\">\n\t\t\t\t\t\tK\u00f6vesd \u00c1lmos \u00fatj\u00e1t a WeLoveCycling csatorn\u00e1in!\t\t\t\t\t\t<\/h2>\n\t\t\t\t\t\t\t\t\t\t\t<div class=\"decoration\">\n\t\t\t\t\t\t<div class=\"decoration-inside\"><\/div>\n\t\t\t\t\t<\/div>\n\t\t\t\t\t<\/div>\n<\/div><\/div><\/div><\/div><div id=\"pg-w5d10a94f5729c-1\"  class=\"panel-grid panel-has-style\" ><div class=\"container panel-row-style panel-row-style-for-w5d10a94f5729c-1\" ><div id=\"pgc-w5d10a94f5729c-1-0\"  class=\"panel-grid-cell\" ><div id=\"panel-w5d10a94f5729c-1-0-0\" class=\"so-panel widget widget_sow-icon panel-first-child panel-last-child\" data-index=\"1\" ><div\n\t\t\t\n\t\t\tclass=\"so-widget-sow-icon so-widget-sow-icon-default-0ce0dfba4f0f\"\n\t\t\t\n\t\t>\n<div class=\"sow-icon-container sow-icon\">\n\t\t\t<a href=\"https:\/\/www.facebook.com\/WeLoveCyclingHungary\/\" target=\"_blank\" rel=\"noopener noreferrer\">\n\t\t\t<span class=\"sow-icon-fontawesome sow-fas\" data-sow-icon=\"&#xf09a;\"\n\t\t \n\t\taria-hidden=\"true\"><\/span>\t\t\t<\/a>\n\t<\/div>\n<\/div><\/div><\/div><div id=\"pgc-w5d10a94f5729c-1-1\"  class=\"panel-grid-cell\" ><div id=\"panel-w5d10a94f5729c-1-1-0\" class=\"so-panel widget widget_sow-icon panel-first-child panel-last-child\" data-index=\"2\" ><div\n\t\t\t\n\t\t\tclass=\"so-widget-sow-icon so-widget-sow-icon-default-0ce0dfba4f0f\"\n\t\t\t\n\t\t>\n<div class=\"sow-icon-container sow-icon\">\n\t\t\t<a href=\"https:\/\/www.instagram.com\/welovecycling.magyarorszag\/\" target=\"_blank\" rel=\"noopener noreferrer\">\n\t\t\t<span class=\"sow-icon-fontawesome sow-fas\" data-sow-icon=\"&#xf16d;\"\n\t\t \n\t\taria-hidden=\"true\"><\/span>\t\t\t<\/a>\n\t<\/div>\n<\/div><\/div><\/div><\/div><\/div><\/div><\/div><\/div><\/div><\/div><div id=\"pg-4010-5\"  class=\"panel-grid panel-no-style\" ><div id=\"pgc-4010-5-0\"  class=\"panel-grid-cell\" ><div id=\"panel-4010-5-0-0\" class=\"so-panel widget widget_sow-image panel-first-child panel-last-child\" data-index=\"6\" ><div class=\"panel-widget-style panel-widget-style-for-4010-5-0-0\" ><div\n\t\t\t\n\t\t\tclass=\"so-widget-sow-image so-widget-sow-image-default-dbf295114b96-4010\"\n\t\t\t\n\t\t>\n<div class=\"sow-image-container\">\n\t\t<img loading=\"lazy\" decoding=\"async\" src=\"https:\/\/d2p6e6u75xmxt8.cloudfront.net\/12\/2019\/06\/WL011_almos_badge_footer_v1.png\" width=\"1920\" height=\"288\" srcset=\"https:\/\/d2p6e6u75xmxt8.cloudfront.net\/12\/2019\/06\/WL011_almos_badge_footer_v1.png 1920w, https:\/\/d2p6e6u75xmxt8.cloudfront.net\/12\/2019\/06\/WL011_almos_badge_footer_v1-300x45.png 300w, https:\/\/d2p6e6u75xmxt8.cloudfront.net\/12\/2019\/06\/WL011_almos_badge_footer_v1-768x115.png 768w, https:\/\/d2p6e6u75xmxt8.cloudfront.net\/12\/2019\/06\/WL011_almos_badge_footer_v1-1024x154.png 1024w, https:\/\/d2p6e6u75xmxt8.cloudfront.net\/12\/2019\/06\/WL011_almos_badge_footer_v1-1920x288.png 1920w\" sizes=\"auto, (max-width: 1920px) 100vw, 1920px\" alt=\"\" \t\tclass=\"so-widget-image\"\/>\n\t<\/div>\n\n<\/div><\/div><\/div><\/div><\/div><\/div>","protected":false},"excerpt":{"rendered":"<p>\u00c1lmos (27) amat\u0151r orsz\u00e1g\u00fati ker\u00e9kp\u00e1ros, a Hajt\u00e1s Pajt\u00e1s biciklis fut\u00e1rja. A Tekerj a Tour-on nyerem\u00e9nyj\u00e1t\u00e9k gy\u0151ztesek\u00e9nt \u0151 k\u00e9pviselheti j\u00faliusban haz\u00e1nkat [&hellip;]<\/p>\n","protected":false},"author":71,"featured_media":0,"parent":0,"menu_order":0,"comment_status":"closed","ping_status":"closed","template":"templates\/template-full-width.php","meta":{"footnotes":""},"tags":[],"class_list":["post-4010","page","type-page","status-publish","hentry"],"yoast_head":"<!-- This site is optimized with the Yoast SEO Premium plugin v25.3 (Yoast SEO v25.9) - https:\/\/yoast.com\/wordpress\/plugins\/seo\/ -->\n<title>\u00c1lmos a Tour-on - \u0160koda We Love Cycling - Magyarorsz\u00e1g<\/title>\n<meta name=\"robots\" content=\"index, follow, max-snippet:-1, max-image-preview:large, max-video-preview:-1\" \/>\n<link rel=\"canonical\" href=\"https:\/\/www.welovecycling.com\/hu\/almos-a-tour-on\/\" \/>\n<meta property=\"og:locale\" content=\"hu_HU\" \/>\n<meta property=\"og:type\" content=\"article\" \/>\n<meta property=\"og:title\" content=\"\u00c1lmos a Tour-on!\" \/>\n<meta property=\"og:description\" content=\"K\u00f6vesd \u00c1lmos felk\u00e9sz\u00fcl\u00e9s\u00e9t a L&#039;etape du Tour-ra!\" \/>\n<meta property=\"og:url\" content=\"https:\/\/www.welovecycling.com\/hu\/almos-a-tour-on\/\" \/>\n<meta property=\"og:site_name\" content=\"\u0160koda We Love Cycling - Magyarorsz\u00e1g\" \/>\n<meta property=\"article:publisher\" content=\"https:\/\/www.facebook.com\/WeLoveCyclingHungary\/\" \/>\n<meta property=\"article:modified_time\" content=\"2019-08-07T07:46:29+00:00\" \/>\n<meta name=\"twitter:card\" content=\"summary_large_image\" \/>\n<meta name=\"twitter:title\" content=\"\u00c1lmos a Tour-on\" \/>\n<meta name=\"twitter:label1\" content=\"Est. reading time\" \/>\n\t<meta name=\"twitter:data1\" content=\"2 minutes\" \/>\n<script type=\"application\/ld+json\" class=\"yoast-schema-graph\">{\"@context\":\"https:\/\/schema.org\",\"@graph\":[{\"@type\":\"WebPage\",\"@id\":\"https:\/\/www.welovecycling.com\/hu\/almos-a-tour-on\/\",\"url\":\"https:\/\/www.welovecycling.com\/hu\/almos-a-tour-on\/\",\"name\":\"\u00c1lmos a Tour-on - \u0160koda We Love Cycling - Magyarorsz\u00e1g\",\"isPartOf\":{\"@id\":\"https:\/\/www.welovecycling.com\/hu\/#website\"},\"datePublished\":\"2019-06-20T14:47:26+00:00\",\"dateModified\":\"2019-08-07T07:46:29+00:00\",\"breadcrumb\":{\"@id\":\"https:\/\/www.welovecycling.com\/hu\/almos-a-tour-on\/#breadcrumb\"},\"inLanguage\":\"hu\",\"potentialAction\":[{\"@type\":\"ReadAction\",\"target\":[\"https:\/\/www.welovecycling.com\/hu\/almos-a-tour-on\/\"]}]},{\"@type\":\"BreadcrumbList\",\"@id\":\"https:\/\/www.welovecycling.com\/hu\/almos-a-tour-on\/#breadcrumb\",\"itemListElement\":[{\"@type\":\"ListItem\",\"position\":1,\"name\":\"Home\",\"item\":\"https:\/\/www.welovecycling.com\/hu\/\"},{\"@type\":\"ListItem\",\"position\":2,\"name\":\"\u00c1lmos a Tour-on\"}]},{\"@type\":\"WebSite\",\"@id\":\"https:\/\/www.welovecycling.com\/hu\/#website\",\"url\":\"https:\/\/www.welovecycling.com\/hu\/\",\"name\":\"\u0160koda We Love Cycling - Magyarorsz\u00e1g\",\"description\":\"\u0160koda WeLoveCycling\",\"potentialAction\":[{\"@type\":\"SearchAction\",\"target\":{\"@type\":\"EntryPoint\",\"urlTemplate\":\"https:\/\/www.welovecycling.com\/hu\/?s={search_term_string}\"},\"query-input\":{\"@type\":\"PropertyValueSpecification\",\"valueRequired\":true,\"valueName\":\"search_term_string\"}}],\"inLanguage\":\"hu\"}]}<\/script>\n<!-- \/ Yoast SEO Premium plugin. -->","yoast_head_json":{"title":"\u00c1lmos a Tour-on - \u0160koda We Love Cycling - Magyarorsz\u00e1g","robots":{"index":"index","follow":"follow","max-snippet":"max-snippet:-1","max-image-preview":"max-image-preview:large","max-video-preview":"max-video-preview:-1"},"canonical":"https:\/\/www.welovecycling.com\/hu\/almos-a-tour-on\/","og_locale":"hu_HU","og_type":"article","og_title":"\u00c1lmos a Tour-on!","og_description":"K\u00f6vesd \u00c1lmos felk\u00e9sz\u00fcl\u00e9s\u00e9t a L'etape du Tour-ra!","og_url":"https:\/\/www.welovecycling.com\/hu\/almos-a-tour-on\/","og_site_name":"\u0160koda We Love Cycling - Magyarorsz\u00e1g","article_publisher":"https:\/\/www.facebook.com\/WeLoveCyclingHungary\/","article_modified_time":"2019-08-07T07:46:29+00:00","twitter_card":"summary_large_image","twitter_title":"\u00c1lmos a Tour-on","twitter_misc":{"Est. reading time":"2 minutes"},"schema":{"@context":"https:\/\/schema.org","@graph":[{"@type":"WebPage","@id":"https:\/\/www.welovecycling.com\/hu\/almos-a-tour-on\/","url":"https:\/\/www.welovecycling.com\/hu\/almos-a-tour-on\/","name":"\u00c1lmos a Tour-on - \u0160koda We Love Cycling - Magyarorsz\u00e1g","isPartOf":{"@id":"https:\/\/www.welovecycling.com\/hu\/#website"},"datePublished":"2019-06-20T14:47:26+00:00","dateModified":"2019-08-07T07:46:29+00:00","breadcrumb":{"@id":"https:\/\/www.welovecycling.com\/hu\/almos-a-tour-on\/#breadcrumb"},"inLanguage":"hu","potentialAction":[{"@type":"ReadAction","target":["https:\/\/www.welovecycling.com\/hu\/almos-a-tour-on\/"]}]},{"@type":"BreadcrumbList","@id":"https:\/\/www.welovecycling.com\/hu\/almos-a-tour-on\/#breadcrumb","itemListElement":[{"@type":"ListItem","position":1,"name":"Home","item":"https:\/\/www.welovecycling.com\/hu\/"},{"@type":"ListItem","position":2,"name":"\u00c1lmos a Tour-on"}]},{"@type":"WebSite","@id":"https:\/\/www.welovecycling.com\/hu\/#website","url":"https:\/\/www.welovecycling.com\/hu\/","name":"\u0160koda We Love Cycling - Magyarorsz\u00e1g","description":"\u0160koda WeLoveCycling","potentialAction":[{"@type":"SearchAction","target":{"@type":"EntryPoint","urlTemplate":"https:\/\/www.welovecycling.com\/hu\/?s={search_term_string}"},"query-input":{"@type":"PropertyValueSpecification","valueRequired":true,"valueName":"search_term_string"}}],"inLanguage":"hu"}]}},"_links":{"self":[{"href":"https:\/\/www.welovecycling.com\/hu\/wp-json\/wp\/v2\/pages\/4010","targetHints":{"allow":["GET"]}}],"collection":[{"href":"https:\/\/www.welovecycling.com\/hu\/wp-json\/wp\/v2\/pages"}],"about":[{"href":"https:\/\/www.welovecycling.com\/hu\/wp-json\/wp\/v2\/types\/page"}],"author":[{"embeddable":true,"href":"https:\/\/www.welovecycling.com\/hu\/wp-json\/wp\/v2\/users\/71"}],"replies":[{"embeddable":true,"href":"https:\/\/www.welovecycling.com\/hu\/wp-json\/wp\/v2\/comments?post=4010"}],"version-history":[{"count":2,"href":"https:\/\/www.welovecycling.com\/hu\/wp-json\/wp\/v2\/pages\/4010\/revisions"}],"predecessor-version":[{"id":4669,"href":"https:\/\/www.welovecycling.com\/hu\/wp-json\/wp\/v2\/pages\/4010\/revisions\/4669"}],"wp:attachment":[{"href":"https:\/\/www.welovecycling.com\/hu\/wp-json\/wp\/v2\/media?parent=4010"}],"wp:term":[{"taxonomy":"post_tag","embeddable":true,"href":"https:\/\/www.welovecycling.com\/hu\/wp-json\/wp\/v2\/tags?post=4010"}],"curies":[{"name":"wp","href":"https:\/\/api.w.org\/{rel}","templated":true}]}}