{"id":4,"date":"2018-02-13T13:36:16","date_gmt":"2018-02-13T13:36:16","guid":{"rendered":"https:\/\/www.welovecycling.com\/hu\/?page_id=4"},"modified":"2019-05-30T20:19:38","modified_gmt":"2019-05-30T19:19:38","slug":"adatvedelem","status":"publish","type":"page","link":"https:\/\/www.welovecycling.com\/hu\/adatvedelem\/","title":{"rendered":"Adatv\u00e9delem"},"content":{"rendered":"<div class=\"skoda5-kwcParagraphs__kwcParagraphItem skoda5-kwcParagraphs__outerTextImage\" data-width=\"100%\">\n<div class=\"skoda5-webStandard skoda5-themeText\">\n<div class=\"skoda5-webStandard kwcText skoda5-kwcBasicText\">\n<p>Rendk\u00edv\u00fcl fontos sz\u00e1munkra, hogy az \u00d6n mag\u00e1nszf\u00e9r\u00e1ja v\u00e9delmet \u00e9lvezzen honlapjaink haszn\u00e1lata sor\u00e1n. Ez\u00e9rt az al\u00e1bbiakban r\u00e9szletesen t\u00e1j\u00e9koztatjuk \u00d6nt a szem\u00e9lyes adatainak \u00e9s az anonim adatoknak a gy\u0171jt\u00e9s\u00e9r\u0151l.<\/p>\n<\/div>\n<\/div>\n<\/div>\n<div class=\"skoda5-kwcParagraphs__kwcParagraphItem skoda5-kwcParagraphs__outerTextImage\" data-width=\"100%\">\n<div class=\"skoda5-webStandard skoda5-themeText\">\n<div class=\"skoda5-kwcBasicTextfield\">Szem\u00e9lyes adatok gy\u0171jt\u00e9se \u00e9s feldolgoz\u00e1sa<\/div>\n<div class=\"skoda5-webStandard kwcText skoda5-kwcBasicText\">\n<p>Szem\u00e9lyes adatok az inform\u00e1ci\u00f3s \u00f6nrendelkez\u00e9si jogr\u00f3l \u00e9s az inform\u00e1ci\u00f3s szabads\u00e1gr\u00f3l sz\u00f3l\u00f3 2011. \u00e9vi CXII. t\u00f6rv\u00e9ny \u00e9rtelm\u00e9ben csak akkor kezelhet\u0151k, ha \u00d6n azokat vel\u00fcnk \u00f6nk\u00e9nt k\u00f6zli &#8211; pl. inform\u00e1ci\u00f3k\u00e9r\u00e9shez, p\u00e1ly\u00e1zati ki\u00edr\u00e1shoz vagy h\u00edrlev\u00e9l k\u00fcld\u00e9s\u00e9hez sz\u00fcks\u00e9ges regisztr\u00e1ci\u00f3 kapcs\u00e1n &#8211; , \u00e9s hozz\u00e1j\u00e1rul azok kezel\u00e9s\u00e9hez.\u00a0 Ha \u00d6nt valamely \u00e1ltalunk k\u00edn\u00e1lt szolg\u00e1ltat\u00e1s ig\u00e9nybev\u00e9tele sor\u00e1n a szem\u00e9lyes adatai megad\u00e1s\u00e1ra k\u00e9rj\u00fck, akkor kiz\u00e1rt az \u00d6n szem\u00e9lyes adatainak a hozz\u00e1f\u00e9r\u00e9si napl\u00f3z\u00e1sb\u00f3l sz\u00e1rmaz\u00f3 adatokkal val\u00f3 \u00f6sszevezet\u00e9se az &#8211; egy\u00e9bk\u00e9nt is n\u00e9vtelen &#8211; IP-c\u00edmen kereszt\u00fcl, szem\u00e9lyes felhaszn\u00e1l\u00f3i profil l\u00e9trehoz\u00e1sa c\u00e9lj\u00e1b\u00f3l.<\/p>\n<p>Mivel adatainak az eml\u00edtett c\u00e9lokra t\u00f6rt\u00e9n\u0151 felhaszn\u00e1l\u00e1s\u00e1hoz adott hozz\u00e1j\u00e1rul\u00e1sa kiterjedhet azok tov\u00e1bb\u00edt\u00e1s\u00e1ra az \u00d6n \u00e1ltal kiv\u00e1lasztott Volkswagen partnerek (m\u00e1rkakeresked\u0151k \u00e9s m\u00e1rkaszervizek), p\u00e9nz\u00fcgyi szolg\u00e1ltat\u00f3k (Porsche Bank Zrt., Porsche Versicherungs AG Magyarorsz\u00e1gi Fi\u00f3ktelepe) ill. k\u00f6zv\u00e9lem\u00e9nykutat\u00f3 c\u00e9gek fel\u00e9 piaci felm\u00e9r\u00e9sek \u00e9s \u00fcgyf\u00e9lel\u00e9gedetts\u00e9g-elemz\u00e9sek c\u00e9lj\u00e1b\u00f3l, az \u00d6n k\u00e9rd\u00e9ses adatai ezen int\u00e9zm\u00e9nyeknek tov\u00e1bb\u00edthat\u00f3k. Ezen k\u00edv\u00fcl nem ker\u00fcl sor harmadik szem\u00e9ly &#8211; pl. c\u00edmkatal\u00f3gus kiad\u00f3ja vagy direkt marketinggel foglalkoz\u00f3 c\u00e9g &#8211;\u00a0 r\u00e9sz\u00e9re t\u00f6rt\u00e9n\u0151 tov\u00e1bb\u00edt\u00e1sra.<\/p>\n<\/div>\n<\/div>\n<\/div>\n<div class=\"skoda5-kwcParagraphs__kwcParagraphItem skoda5-kwcParagraphs__outerTextImage\" data-width=\"100%\">\n<div class=\"skoda5-webStandard skoda5-themeText\">\n<div class=\"skoda5-kwcBasicTextfield\">A hozz\u00e1f\u00e9r\u00e9sek napl\u00f3z\u00e1sa<\/div>\n<div class=\"skoda5-webStandard kwcText skoda5-kwcBasicText\">\n<p>Ezen a weboldalon egy haszn\u00e1latot elemz\u0151 szoftver ker\u00fcl alkalmaz\u00e1sra. Ezen adatok ki\u00e9rt\u00e9kel\u00e9se ut\u00e1n \u00e9rt\u00e9kes felismer\u00e9sek nyerhet\u0151k a felhaszn\u00e1l\u00f3k ig\u00e9nyeir\u0151l. Ezek a felismer\u00e9sek hozz\u00e1j\u00e1rulnak az aj\u00e1nlat min\u0151s\u00e9g\u00e9nek tov\u00e1bbi jav\u00edt\u00e1s\u00e1hoz. R\u00e9szletezve minden leh\u00edv\u00e1sr\u00f3l a k\u00f6vetkez\u0151 adatrekord ker\u00fcl korl\u00e1toz\u00e1s n\u00e9lk\u00fcl ment\u00e9sre:<\/p>\n<ul>\n<li>A k\u00e9r\u0151 sz\u00e1m\u00edt\u00f3g\u00e9p anonimiz\u00e1lt form\u00e1j\u00fa IP-c\u00edme<\/li>\n<li>A leh\u00edv\u00e1s, ill. a k\u00e9r\u00e9s d\u00e1tuma \u00e9s id\u0151pontja<\/li>\n<li>A leh\u00edvott oldal, ill. f\u00e1jl neve<\/li>\n<li>Hivatkoz\u00e1s, hogy melyik oldalr\u00f3l lett leh\u00edvva ez az oldal<\/li>\n<li>A felhaszn\u00e1l\u00f3 \u00e1ltal haszn\u00e1lt b\u00f6ng\u00e9sz\u0151, a b\u00f6ng\u00e9sz\u0151 verzi\u00f3j\u00e1val egy\u00fctt<\/li>\n<li>A felhaszn\u00e1l\u00f3 \u00e1ltal haszn\u00e1lt oper\u00e1ci\u00f3s rendszer.<\/li>\n<\/ul>\n<p>Ezzel \u00f6sszef\u00fcgg\u00e9sben \u00fagynevezett cookie-k is alkalmaz\u00e1sra ker\u00fclnek. A cookie-k sz\u00f6veges f\u00e1jlok, amelyek a weboldal l\u00e1togat\u00f3j\u00e1nak sz\u00e1m\u00edt\u00f3g\u00e9p\u00e9n t\u00e1rol\u00f3dnak \u00e9s ez\u00e1ltal lehet\u0151v\u00e9 teszik egy anonim l\u00e1togat\u00f3 \u00fajrafelismer\u00e9s\u00e9t.<\/p>\n<p>Ezen a weboldalon a Piwik.org. (http:\/\/de.piwik.org\/) \u00e9s a Webtrekk (http:\/\/webtrekk.com) cookie-jait haszn\u00e1ljuk annak \u00e9rdek\u00e9ben, hogy a weboldal-hozz\u00e1f\u00e9r\u00e9seket pontosabban lehessen napl\u00f3zni. Ezenk\u00edv\u00fcl a twyn group IT solutions&amp; marketing services AG (http:\/\/www.twyn.com, http:\/\/www.yoondo.com) cookie-jait haszn\u00e1ljuk a hirdet\u00e9s optimaliz\u00e1lt vez\u00e9rl\u00e9se \u00e9rdek\u00e9ben. Az ennek sor\u00e1n nyert adatok kiz\u00e1r\u00f3lag anonimiz\u00e1lt m\u00f3don t\u00e1rol\u00f3dnak.<\/p>\n<\/div>\n<\/div>\n<\/div>\n<div class=\"skoda5-kwcParagraphs__kwcParagraphItem skoda5-kwcParagraphs__outerTextImage\" data-width=\"100%\">\n<div class=\"skoda5-webStandard skoda5-themeText\">\n<div class=\"skoda5-kwcBasicTextfield\">K\u00f6z\u00f6ss\u00e9gi m\u00e9dia b\u0151v\u00edtm\u00e9nyek<\/div>\n<div class=\"skoda5-webStandard kwcText skoda5-kwcBasicText\">\n<p>Weboldalainkon a Facebook k\u00f6z\u00f6ss\u00e9gi oldal b\u0151v\u00edtm\u00e9nyeit alkalmazzuk. Ehhez a Tetszik gombot haszn\u00e1ljuk. Ennek sor\u00e1n az amerikai Facebook Inc. (1601S. California Ave., Palo Alto, CA 94304 USA) v\u00e1llalat aj\u00e1nlat\u00e1r\u00f3l van sz\u00f3. Ha megl\u00e1togatja egyik weboldalunkat, amely ilyen b\u0151v\u00edtm\u00e9nyt tartalmaz, az nem jelent kapcsolatot ezzel a v\u00e1llalattal. Ez csak az \u00d6n kifejezett hozz\u00e1j\u00e1rul\u00e1sa ut\u00e1n t\u00f6rt\u00e9nik meg. Az erre vonatkoz\u00f3 k\u00e9rd\u00e9st egy megfelel\u0151 gombra kattintva kapja meg.<\/p>\n<\/div>\n<\/div>\n<\/div>\n","protected":false},"excerpt":{"rendered":"<p>Rendk\u00edv\u00fcl fontos sz\u00e1munkra, hogy az \u00d6n mag\u00e1nszf\u00e9r\u00e1ja v\u00e9delmet \u00e9lvezzen honlapjaink haszn\u00e1lata sor\u00e1n. Ez\u00e9rt az al\u00e1bbiakban r\u00e9szletesen t\u00e1j\u00e9koztatjuk \u00d6nt a szem\u00e9lyes [&hellip;]<\/p>\n","protected":false},"author":1,"featured_media":0,"parent":0,"menu_order":0,"comment_status":"closed","ping_status":"closed","template":"templates\/template-empty-page-headline.php","meta":{"footnotes":""},"tags":[],"class_list":["post-4","page","type-page","status-publish","hentry"],"yoast_head":"<!-- This site is optimized with the Yoast SEO Premium plugin v25.3 (Yoast SEO v25.9) - https:\/\/yoast.com\/wordpress\/plugins\/seo\/ -->\n<title>Adatv\u00e9delem - \u0160koda We Love Cycling - Magyarorsz\u00e1g<\/title>\n<meta name=\"robots\" content=\"index, follow, max-snippet:-1, max-image-preview:large, max-video-preview:-1\" \/>\n<link rel=\"canonical\" href=\"https:\/\/www.welovecycling.com\/hu\/adatvedelem\/\" \/>\n<meta property=\"og:locale\" content=\"hu_HU\" \/>\n<meta property=\"og:type\" content=\"article\" \/>\n<meta property=\"og:title\" content=\"Adatv\u00e9delem\" \/>\n<meta property=\"og:description\" content=\"Rendk\u00edv\u00fcl fontos sz\u00e1munkra, hogy az \u00d6n mag\u00e1nszf\u00e9r\u00e1ja v\u00e9delmet \u00e9lvezzen honlapjaink haszn\u00e1lata sor\u00e1n. Ez\u00e9rt az al\u00e1bbiakban r\u00e9szletesen t\u00e1j\u00e9koztatjuk \u00d6nt a szem\u00e9lyes [&hellip;]\" \/>\n<meta property=\"og:url\" content=\"https:\/\/www.welovecycling.com\/hu\/adatvedelem\/\" \/>\n<meta property=\"og:site_name\" content=\"\u0160koda We Love Cycling - Magyarorsz\u00e1g\" \/>\n<meta property=\"article:publisher\" content=\"https:\/\/www.facebook.com\/WeLoveCyclingHungary\/\" \/>\n<meta property=\"article:modified_time\" content=\"2019-05-30T19:19:38+00:00\" \/>\n<meta name=\"twitter:card\" content=\"summary_large_image\" \/>\n<meta name=\"twitter:label1\" content=\"Est. reading time\" \/>\n\t<meta name=\"twitter:data1\" content=\"4 minutes\" \/>\n<script type=\"application\/ld+json\" class=\"yoast-schema-graph\">{\"@context\":\"https:\/\/schema.org\",\"@graph\":[{\"@type\":\"WebPage\",\"@id\":\"https:\/\/www.welovecycling.com\/hu\/adatvedelem\/\",\"url\":\"https:\/\/www.welovecycling.com\/hu\/adatvedelem\/\",\"name\":\"Adatv\u00e9delem - \u0160koda We Love Cycling - Magyarorsz\u00e1g\",\"isPartOf\":{\"@id\":\"https:\/\/www.welovecycling.com\/hu\/#website\"},\"datePublished\":\"2018-02-13T13:36:16+00:00\",\"dateModified\":\"2019-05-30T19:19:38+00:00\",\"breadcrumb\":{\"@id\":\"https:\/\/www.welovecycling.com\/hu\/adatvedelem\/#breadcrumb\"},\"inLanguage\":\"hu\",\"potentialAction\":[{\"@type\":\"ReadAction\",\"target\":[\"https:\/\/www.welovecycling.com\/hu\/adatvedelem\/\"]}]},{\"@type\":\"BreadcrumbList\",\"@id\":\"https:\/\/www.welovecycling.com\/hu\/adatvedelem\/#breadcrumb\",\"itemListElement\":[{\"@type\":\"ListItem\",\"position\":1,\"name\":\"Home\",\"item\":\"https:\/\/www.welovecycling.com\/hu\/\"},{\"@type\":\"ListItem\",\"position\":2,\"name\":\"Adatv\u00e9delem\"}]},{\"@type\":\"WebSite\",\"@id\":\"https:\/\/www.welovecycling.com\/hu\/#website\",\"url\":\"https:\/\/www.welovecycling.com\/hu\/\",\"name\":\"\u0160koda We Love Cycling - Magyarorsz\u00e1g\",\"description\":\"\u0160koda WeLoveCycling\",\"potentialAction\":[{\"@type\":\"SearchAction\",\"target\":{\"@type\":\"EntryPoint\",\"urlTemplate\":\"https:\/\/www.welovecycling.com\/hu\/?s={search_term_string}\"},\"query-input\":{\"@type\":\"PropertyValueSpecification\",\"valueRequired\":true,\"valueName\":\"search_term_string\"}}],\"inLanguage\":\"hu\"}]}<\/script>\n<!-- \/ Yoast SEO Premium plugin. -->","yoast_head_json":{"title":"Adatv\u00e9delem - \u0160koda We Love Cycling - Magyarorsz\u00e1g","robots":{"index":"index","follow":"follow","max-snippet":"max-snippet:-1","max-image-preview":"max-image-preview:large","max-video-preview":"max-video-preview:-1"},"canonical":"https:\/\/www.welovecycling.com\/hu\/adatvedelem\/","og_locale":"hu_HU","og_type":"article","og_title":"Adatv\u00e9delem","og_description":"Rendk\u00edv\u00fcl fontos sz\u00e1munkra, hogy az \u00d6n mag\u00e1nszf\u00e9r\u00e1ja v\u00e9delmet \u00e9lvezzen honlapjaink haszn\u00e1lata sor\u00e1n. Ez\u00e9rt az al\u00e1bbiakban r\u00e9szletesen t\u00e1j\u00e9koztatjuk \u00d6nt a szem\u00e9lyes [&hellip;]","og_url":"https:\/\/www.welovecycling.com\/hu\/adatvedelem\/","og_site_name":"\u0160koda We Love Cycling - Magyarorsz\u00e1g","article_publisher":"https:\/\/www.facebook.com\/WeLoveCyclingHungary\/","article_modified_time":"2019-05-30T19:19:38+00:00","twitter_card":"summary_large_image","twitter_misc":{"Est. reading time":"4 minutes"},"schema":{"@context":"https:\/\/schema.org","@graph":[{"@type":"WebPage","@id":"https:\/\/www.welovecycling.com\/hu\/adatvedelem\/","url":"https:\/\/www.welovecycling.com\/hu\/adatvedelem\/","name":"Adatv\u00e9delem - \u0160koda We Love Cycling - Magyarorsz\u00e1g","isPartOf":{"@id":"https:\/\/www.welovecycling.com\/hu\/#website"},"datePublished":"2018-02-13T13:36:16+00:00","dateModified":"2019-05-30T19:19:38+00:00","breadcrumb":{"@id":"https:\/\/www.welovecycling.com\/hu\/adatvedelem\/#breadcrumb"},"inLanguage":"hu","potentialAction":[{"@type":"ReadAction","target":["https:\/\/www.welovecycling.com\/hu\/adatvedelem\/"]}]},{"@type":"BreadcrumbList","@id":"https:\/\/www.welovecycling.com\/hu\/adatvedelem\/#breadcrumb","itemListElement":[{"@type":"ListItem","position":1,"name":"Home","item":"https:\/\/www.welovecycling.com\/hu\/"},{"@type":"ListItem","position":2,"name":"Adatv\u00e9delem"}]},{"@type":"WebSite","@id":"https:\/\/www.welovecycling.com\/hu\/#website","url":"https:\/\/www.welovecycling.com\/hu\/","name":"\u0160koda We Love Cycling - Magyarorsz\u00e1g","description":"\u0160koda WeLoveCycling","potentialAction":[{"@type":"SearchAction","target":{"@type":"EntryPoint","urlTemplate":"https:\/\/www.welovecycling.com\/hu\/?s={search_term_string}"},"query-input":{"@type":"PropertyValueSpecification","valueRequired":true,"valueName":"search_term_string"}}],"inLanguage":"hu"}]}},"_links":{"self":[{"href":"https:\/\/www.welovecycling.com\/hu\/wp-json\/wp\/v2\/pages\/4","targetHints":{"allow":["GET"]}}],"collection":[{"href":"https:\/\/www.welovecycling.com\/hu\/wp-json\/wp\/v2\/pages"}],"about":[{"href":"https:\/\/www.welovecycling.com\/hu\/wp-json\/wp\/v2\/types\/page"}],"author":[{"embeddable":true,"href":"https:\/\/www.welovecycling.com\/hu\/wp-json\/wp\/v2\/users\/1"}],"replies":[{"embeddable":true,"href":"https:\/\/www.welovecycling.com\/hu\/wp-json\/wp\/v2\/comments?post=4"}],"version-history":[{"count":2,"href":"https:\/\/www.welovecycling.com\/hu\/wp-json\/wp\/v2\/pages\/4\/revisions"}],"predecessor-version":[{"id":471,"href":"https:\/\/www.welovecycling.com\/hu\/wp-json\/wp\/v2\/pages\/4\/revisions\/471"}],"wp:attachment":[{"href":"https:\/\/www.welovecycling.com\/hu\/wp-json\/wp\/v2\/media?parent=4"}],"wp:term":[{"taxonomy":"post_tag","embeddable":true,"href":"https:\/\/www.welovecycling.com\/hu\/wp-json\/wp\/v2\/tags?post=4"}],"curies":[{"name":"wp","href":"https:\/\/api.w.org\/{rel}","templated":true}]}}