{"id":2147,"date":"2018-11-20T09:00:21","date_gmt":"2018-11-20T09:00:21","guid":{"rendered":"https:\/\/www.welovecycling.com\/hu\/?page_id=2147"},"modified":"2018-12-06T09:41:32","modified_gmt":"2018-12-06T09:41:32","slug":"re-cycling","status":"publish","type":"page","link":"https:\/\/www.welovecycling.com\/hu\/re-cycling\/","title":{"rendered":"Re-cycling"},"content":{"rendered":"<div id=\"pl-2147\"  class=\"panel-layout\" ><div id=\"pg-2147-0\"  class=\"panel-grid panel-no-style\" ><div id=\"pgc-2147-0-0\"  class=\"panel-grid-cell\" ><div id=\"panel-2147-0-0-0\" class=\"so-panel widget widget_sow-layout-slider panel-first-child\" data-index=\"0\" ><div class=\"panel-widget-style panel-widget-style-for-2147-0-0-0\" ><div\n\t\t\t\n\t\t\tclass=\"so-widget-sow-layout-slider so-widget-sow-layout-slider-default-696303f60fcc-2147\"\n\t\t\t\n\t\t>\t\t\t\t<div class=\"sow-slider-base\" style=\"display: none\" tabindex=\"0\">\n\t\t\t\t\t<ul\n\t\t\t\t\tclass=\"sow-slider-images\"\n\t\t\t\t\tdata-settings=\"{&quot;pagination&quot;:true,&quot;speed&quot;:800,&quot;timeout&quot;:8000,&quot;paused&quot;:false,&quot;pause_on_hover&quot;:false,&quot;swipe&quot;:true,&quot;nav_always_show_desktop&quot;:&quot;&quot;,&quot;nav_always_show_mobile&quot;:&quot;&quot;,&quot;breakpoint&quot;:&quot;780px&quot;,&quot;unmute&quot;:false,&quot;anchor&quot;:null}\"\n\t\t\t\t\t\t\t\t\t\tdata-anchor-id=\"\"\n\t\t\t\t>\t\t<li class=\"sow-slider-image\" style=\"visibility: visible;;background-color: #282828\" >\n\t\t\t\t\t<div class=\"sow-slider-image-container\">\n\t\t\t<div class=\"sow-slider-image-wrapper\">\n\t\t\t\t<div id=\"pl-wafc60daa\"  class=\"panel-layout\" ><div id=\"pg-wafc60daa-0\"  class=\"panel-grid panel-no-style\" ><div id=\"pgc-wafc60daa-0-0\"  class=\"panel-grid-cell\" ><div id=\"panel-wafc60daa-0-0-0\" class=\"so-panel widget widget_sow-image panel-first-child panel-last-child\" data-index=\"0\" ><div\n\t\t\t\n\t\t\tclass=\"so-widget-sow-image so-widget-sow-image-default-c67d20f9f743-2147\"\n\t\t\t\n\t\t>\n<div class=\"sow-image-container\">\n\t\t<img loading=\"lazy\" decoding=\"async\" src=\"https:\/\/d2p6e6u75xmxt8.cloudfront.net\/12\/2018\/11\/header_cointent500h_v3.png\" width=\"526\" height=\"500\" srcset=\"https:\/\/d2p6e6u75xmxt8.cloudfront.net\/12\/2018\/11\/header_cointent500h_v3.png 526w, https:\/\/d2p6e6u75xmxt8.cloudfront.net\/12\/2018\/11\/header_cointent500h_v3-300x285.png 300w\" sizes=\"auto, (max-width: 526px) 100vw, 526px\" alt=\"\" \t\tclass=\"so-widget-image\"\/>\n\t<\/div>\n\n<\/div><\/div><\/div><\/div><\/div>\t\t\t<\/div>\n\t\t<\/div>\n\t\t\t\t<\/li>\n\t\t<\/ul>\t\t\t\t<ol class=\"sow-slider-pagination\">\n\t\t\t\t\t\t\t\t\t\t\t<li><a href=\"#\" data-goto=\"0\" aria-label=\"Display slide 1\"><\/a><\/li>\n\t\t\t\t\t\t\t\t\t<\/ol>\n\n\t\t\t\t<div class=\"sow-slide-nav sow-slide-nav-next\">\n\t\t\t\t\t<a href=\"#\" data-goto=\"next\" aria-label=\"Next slide\" data-action=\"next\">\n\t\t\t\t\t\t<em class=\"sow-sld-icon-thin-right\"><\/em>\n\t\t\t\t\t<\/a>\n\t\t\t\t<\/div>\n\n\t\t\t\t<div class=\"sow-slide-nav sow-slide-nav-prev\">\n\t\t\t\t\t<a href=\"#\" data-goto=\"previous\" aria-label=\"Previous slide\" data-action=\"prev\">\n\t\t\t\t\t\t<em class=\"sow-sld-icon-thin-left\"><\/em>\n\t\t\t\t\t<\/a>\n\t\t\t\t<\/div>\n\t\t\t\t<\/div><\/div><\/div><\/div><div id=\"panel-2147-0-0-1\" class=\"so-panel widget widget_siteorigin-panels-builder\" data-index=\"1\" ><div class=\"panel-widget-style panel-widget-style-for-2147-0-0-1\" ><div id=\"pl-w5bf43f4c3eb32\"  class=\"panel-layout\" ><div id=\"pg-w5bf43f4c3eb32-0\"  class=\"panel-grid panel-has-style\" ><div class=\"panel-row-style panel-row-style-for-w5bf43f4c3eb32-0\" ><div id=\"pgc-w5bf43f4c3eb32-0-0\"  class=\"panel-grid-cell\" ><div id=\"panel-w5bf43f4c3eb32-0-0-0\" class=\"so-panel widget widget_sow-image panel-first-child\" data-index=\"0\" ><div class=\"panel-widget-style panel-widget-style-for-w5bf43f4c3eb32-0-0-0\" ><div\n\t\t\t\n\t\t\tclass=\"so-widget-sow-image so-widget-sow-image-default-c67d20f9f743\"\n\t\t\t\n\t\t>\n<div class=\"sow-image-container\">\n\t\t<img loading=\"lazy\" decoding=\"async\" src=\"https:\/\/d2p6e6u75xmxt8.cloudfront.net\/12\/2018\/11\/Untitled-1.png\" width=\"332\" height=\"49\" srcset=\"https:\/\/d2p6e6u75xmxt8.cloudfront.net\/12\/2018\/11\/Untitled-1.png 332w, https:\/\/d2p6e6u75xmxt8.cloudfront.net\/12\/2018\/11\/Untitled-1-300x44.png 300w\" sizes=\"auto, (max-width: 332px) 100vw, 332px\" alt=\"\" \t\tclass=\"so-widget-image\"\/>\n\t<\/div>\n\n<\/div><\/div><\/div><div id=\"panel-w5bf43f4c3eb32-0-0-1\" class=\"so-panel widget widget_sow-editor panel-last-child\" data-index=\"1\" ><div class=\"panel-widget-style panel-widget-style-for-w5bf43f4c3eb32-0-0-1\" ><div\n\t\t\t\n\t\t\tclass=\"so-widget-sow-editor so-widget-sow-editor-base\"\n\t\t\t\n\t\t>\n<div class=\"siteorigin-widget-tinymce textwidget\">\n\t<p style=\"text-align: center;\">K\u00f6z\u00f6ss\u00e9gi haszn\u00e1lt ker\u00e9kp\u00e1r-gy\u0171jt\u00e9s<\/p>\n<p style=\"text-align: center;\">Id\u00e9n tavasszal ind\u00edtottuk el a <strong>WeLoveCycling<\/strong> k\u00e9tkerek\u0171 magazint. \u00dagy \u00e9rezz\u00fck most j\u00f6tt el az ideje annak, hogy aktiviz\u00e1ljunk titeket, bring\u00e1sokat. Ez\u00e9rt a <strong>Budapest Bike Maffi\u00e1val<\/strong> \u00e9s a <strong>Treciklivel<\/strong> k\u00f6z\u00f6sen egy k\u00f6z\u00f6ss\u00e9gi kamp\u00e1nyt szervezt\u00fcnk, hogy j\u00f6v\u0151re m\u00e9g t\u00f6bb ker\u00e9kp\u00e1r suhanhasson kereszt\u00fcl Magyarorsz\u00e1g bring\u00e1s \u00fatvonalain.<\/p>\n<\/div>\n<\/div><\/div><\/div><\/div><\/div><\/div><\/div><\/div><\/div><div id=\"panel-2147-0-0-2\" class=\"so-panel widget widget_siteorigin-panels-builder\" data-index=\"2\" ><div class=\"panel-widget-style panel-widget-style-for-2147-0-0-2\" ><div id=\"pl-w5bf6b66813830\"  class=\"panel-layout\" ><div id=\"pg-w5bf6b66813830-0\"  class=\"panel-grid panel-has-style\" ><div class=\"panel-row-style panel-row-style-for-w5bf6b66813830-0\" ><div id=\"pgc-w5bf6b66813830-0-0\"  class=\"panel-grid-cell\" ><div id=\"panel-w5bf6b66813830-0-0-0\" class=\"so-panel widget widget_sow-editor panel-first-child panel-last-child\" data-index=\"0\" ><div class=\"panel-widget-style panel-widget-style-for-w5bf6b66813830-0-0-0\" ><div\n\t\t\t\n\t\t\tclass=\"so-widget-sow-editor so-widget-sow-editor-base\"\n\t\t\t\n\t\t>\n<div class=\"siteorigin-widget-tinymce textwidget\">\n\t<h3 style=\"text-align: center;\"><strong>A gy\u0171jt\u00e9s menete <\/strong><\/h3>\n<p style=\"text-align: center;\">Hozz\u00e1tok el a pinc\u00e9ben, gar\u00e1zsban, munkahelyi t\u00e1rol\u00f3ban (vagy sz\u00fcleitekn\u00e9l?) porosod\u00f3 feln\u0151tt \u00e9s gyerek ker\u00e9kp\u00e1rokat! Ezeket mi a gy\u0171jt\u0151pontokr\u00f3l \u00f6sszeszedj\u00fck \u00e9s elfuvarozzuk a legkir\u00e1lyabb szervizeseknek, akik fel\u00faj\u00edtj\u00e1k a bring\u00e1kat. Azt\u00e1n becsomagoljuk \u0151ket \u00e9s elvissz\u00fck a r\u00e1szorul\u00f3knak, hogy a k\u00f6vetkez\u0151 szezon elej\u00e9n m\u00e1r \u0151k is ker\u00e9kp\u00e1rra pattanhassanak \u2013 sokan \u00e9let\u00fckben el\u0151sz\u00f6r.<\/p>\n<\/div>\n<\/div><\/div><\/div><\/div><\/div><\/div><div id=\"pg-w5bf6b66813830-1\"  class=\"panel-grid panel-has-style\" ><div class=\"panel-row-style panel-row-style-for-w5bf6b66813830-1\" ><div id=\"pgc-w5bf6b66813830-1-0\"  class=\"panel-grid-cell\" ><div id=\"panel-w5bf6b66813830-1-0-0\" class=\"so-panel widget widget_sow-image panel-first-child\" data-index=\"1\" ><div\n\t\t\t\n\t\t\tclass=\"so-widget-sow-image so-widget-sow-image-default-c67d20f9f743\"\n\t\t\t\n\t\t>\n<div class=\"sow-image-container\">\n\t\t<img loading=\"lazy\" decoding=\"async\" src=\"https:\/\/d2p6e6u75xmxt8.cloudfront.net\/12\/2018\/11\/nb1.png\" width=\"360\" height=\"400\" srcset=\"https:\/\/d2p6e6u75xmxt8.cloudfront.net\/12\/2018\/11\/nb1.png 360w, https:\/\/d2p6e6u75xmxt8.cloudfront.net\/12\/2018\/11\/nb1-270x300.png 270w\" sizes=\"auto, (max-width: 360px) 100vw, 360px\" alt=\"\" \t\tclass=\"so-widget-image\"\/>\n\t<\/div>\n\n<\/div><\/div><div id=\"panel-w5bf6b66813830-1-0-1\" class=\"so-panel widget widget_sow-editor panel-last-child\" data-index=\"2\" ><div class=\"panel-widget-style panel-widget-style-for-w5bf6b66813830-1-0-1\" ><div\n\t\t\t\n\t\t\tclass=\"so-widget-sow-editor so-widget-sow-editor-base\"\n\t\t\t\n\t\t>\n<div class=\"siteorigin-widget-tinymce textwidget\">\n\t<p style=\"text-align: center;\"><strong><em>HOZD EL R\u00c9GI BICIKLIDET <\/em><\/strong><br \/>\n<strong><em>A LEGK\u00d6ZELEBBI \u0160koda KERESKED\u00c9SBE<\/em><\/strong><\/p>\n<\/div>\n<\/div><\/div><\/div><\/div><div id=\"pgc-w5bf6b66813830-1-1\"  class=\"panel-grid-cell\" ><div id=\"panel-w5bf6b66813830-1-1-0\" class=\"so-panel widget widget_sow-image panel-first-child\" data-index=\"3\" ><div\n\t\t\t\n\t\t\tclass=\"so-widget-sow-image so-widget-sow-image-default-c67d20f9f743\"\n\t\t\t\n\t\t>\n<div class=\"sow-image-container\">\n\t\t<img loading=\"lazy\" decoding=\"async\" src=\"https:\/\/d2p6e6u75xmxt8.cloudfront.net\/12\/2018\/11\/nb2.png\" width=\"360\" height=\"400\" srcset=\"https:\/\/d2p6e6u75xmxt8.cloudfront.net\/12\/2018\/11\/nb2.png 360w, https:\/\/d2p6e6u75xmxt8.cloudfront.net\/12\/2018\/11\/nb2-270x300.png 270w\" sizes=\"auto, (max-width: 360px) 100vw, 360px\" alt=\"\" \t\tclass=\"so-widget-image\"\/>\n\t<\/div>\n\n<\/div><\/div><div id=\"panel-w5bf6b66813830-1-1-1\" class=\"so-panel widget widget_sow-editor panel-last-child\" data-index=\"4\" ><div class=\"panel-widget-style panel-widget-style-for-w5bf6b66813830-1-1-1\" ><div\n\t\t\t\n\t\t\tclass=\"so-widget-sow-editor so-widget-sow-editor-base\"\n\t\t\t\n\t\t>\n<div class=\"siteorigin-widget-tinymce textwidget\">\n\t<p style=\"text-align: center;\"><strong><em>A TRECIKLI PROFI<\/em><\/strong><br \/>\n<strong><em>SZEREL\u0150I FEL\u00daJ\u00cdTJ\u00c1K AZOKAT<\/em><\/strong><\/p>\n<\/div>\n<\/div><\/div><\/div><\/div><div id=\"pgc-w5bf6b66813830-1-2\"  class=\"panel-grid-cell\" ><div id=\"panel-w5bf6b66813830-1-2-0\" class=\"so-panel widget widget_sow-image panel-first-child\" data-index=\"5\" ><div\n\t\t\t\n\t\t\tclass=\"so-widget-sow-image so-widget-sow-image-default-c67d20f9f743\"\n\t\t\t\n\t\t>\n<div class=\"sow-image-container\">\n\t\t<img loading=\"lazy\" decoding=\"async\" src=\"https:\/\/d2p6e6u75xmxt8.cloudfront.net\/12\/2018\/11\/nb3.png\" width=\"360\" height=\"400\" srcset=\"https:\/\/d2p6e6u75xmxt8.cloudfront.net\/12\/2018\/11\/nb3.png 360w, https:\/\/d2p6e6u75xmxt8.cloudfront.net\/12\/2018\/11\/nb3-270x300.png 270w\" sizes=\"auto, (max-width: 360px) 100vw, 360px\" alt=\"\" \t\tclass=\"so-widget-image\"\/>\n\t<\/div>\n\n<\/div><\/div><div id=\"panel-w5bf6b66813830-1-2-1\" class=\"so-panel widget widget_sow-editor panel-last-child\" data-index=\"6\" ><div class=\"panel-widget-style panel-widget-style-for-w5bf6b66813830-1-2-1\" ><div\n\t\t\t\n\t\t\tclass=\"so-widget-sow-editor so-widget-sow-editor-base\"\n\t\t\t\n\t\t>\n<div class=\"siteorigin-widget-tinymce textwidget\">\n\t<p style=\"text-align: center;\"><em><strong>A BBM SEG\u00cdTS\u00c9G\u00c9VEL <\/strong><\/em><br \/>\n<em><strong>ELJUTTATJUK R\u00c1SZORUL\u00d3K R\u00c9SZ\u00c9RE<\/strong><\/em><\/p>\n<\/div>\n<\/div><\/div><\/div><\/div><\/div><\/div><div id=\"pg-w5bf6b66813830-2\"  class=\"panel-grid panel-has-style\" ><div class=\"panel-row-style panel-row-style-for-w5bf6b66813830-2\" ><div id=\"pgc-w5bf6b66813830-2-0\"  class=\"panel-grid-cell\" ><div id=\"panel-w5bf6b66813830-2-0-0\" class=\"so-panel widget widget_sow-editor panel-first-child panel-last-child\" data-index=\"7\" ><div class=\"panel-widget-style panel-widget-style-for-w5bf6b66813830-2-0-0\" ><div\n\t\t\t\n\t\t\tclass=\"so-widget-sow-editor so-widget-sow-editor-base\"\n\t\t\t\n\t\t>\n<div class=\"siteorigin-widget-tinymce textwidget\">\n\t<h3 style=\"text-align: center;\"><strong>Mire figyeljetek?<\/strong><\/h3>\n<p style=\"text-align: center;\">K\u00e9rj\u00fck, seg\u00edts\u00e9tek azzal a munk\u00e1nkat, hogy elrozsd\u00e1sodott, 20 \u00e9vn\u00e9l id\u0151sebb, illetve rossz min\u0151s\u00e9g\u0171 \u00e1ruh\u00e1zi ker\u00e9kp\u00e1rokat ne hozzatok, mert ezekkel m\u00e9g a mi szerel\u0151ink sem tudnak csod\u00e1t tenni!<\/p>\n<\/div>\n<\/div><\/div><\/div><\/div><\/div><\/div><\/div><\/div><\/div><div id=\"panel-2147-0-0-3\" class=\"so-panel widget widget_sow-editor\" data-index=\"3\" ><div class=\"panel-widget-style panel-widget-style-for-2147-0-0-3\" ><div\n\t\t\t\n\t\t\tclass=\"so-widget-sow-editor so-widget-sow-editor-base\"\n\t\t\t\n\t\t>\n<div class=\"siteorigin-widget-tinymce textwidget\">\n\t<h3 style=\"text-align: center; margin: 0 auto 10px auto;\">Meddig tart a gy\u0171jt\u00e9s?<\/h3>\n<h2 style=\"text-align: center;font-size:1.8em;\">2018. DECEMBER 20.<\/h2>\n<\/div>\n<\/div><\/div><\/div><div id=\"panel-2147-0-0-4\" class=\"so-panel widget widget_sow-editor\" data-index=\"4\" ><div class=\"panel-widget-style panel-widget-style-for-2147-0-0-4\" ><div\n\t\t\t\n\t\t\tclass=\"so-widget-sow-editor so-widget-sow-editor-base\"\n\t\t\t\n\t\t>\n<div class=\"siteorigin-widget-tinymce textwidget\">\n\t<h3 style=\"text-align: center; margin: 0 auto;background:#FFF;padding:10px 20px;position:relative;z-index:99999999;display:block;margin:0px auto;width:168px;\"><strong>Gy\u0171jt\u0151pontok<\/strong><\/h3>\n<\/div>\n<\/div><\/div><\/div><div id=\"panel-2147-0-0-5\" class=\"so-panel widget widget_sow-google-map\" data-index=\"5\" ><div\n\t\t\t\n\t\t\tclass=\"so-widget-sow-google-map so-widget-sow-google-map-default-fd6a1e56d1e9-2147\"\n\t\t\t\n\t\t>\n<div class=\"sow-google-map-canvas\"\n\tstyle=\"\"\n\tid=\"map-canvas-a1e69b44a780e01090efc3341e435cee\"\n\tdata-options=\"{&quot;address&quot;:&quot;1117, Budapest, Prielle K. u. 45.&quot;,&quot;zoom&quot;:7,&quot;mobileZoom&quot;:7,&quot;gestureHandling&quot;:&quot;cooperative&quot;,&quot;disableUi&quot;:false,&quot;markerIcon&quot;:&quot;https:\\\/\\\/d2p6e6u75xmxt8.cloudfront.net\\\/12\\\/2018\\\/11\\\/marker2.png&quot;,&quot;markersDraggable&quot;:false,&quot;markerAtCenter&quot;:true,&quot;markerInfoDisplay&quot;:&quot;click&quot;,&quot;markerInfoMultiple&quot;:false,&quot;markerPositions&quot;:[{&quot;place&quot;:&quot;9400, Sopron, Pozsonyi \\u00fat 63.&quot;,&quot;info&quot;:&quot;&lt;table id=\\&quot;infoTable\\&quot; cellspacing=\\&quot;0\\&quot;&gt;\\n&lt;tbody&gt;\\n&lt;tr&gt;\\n&lt;td class=\\&quot;pNev\\&quot; colspan=\\&quot;2\\&quot;&gt;&lt;strong&gt;Walter Aut\\u00f3 Kft.&lt;\\\/strong&gt;&lt;\\\/td&gt;\\n&lt;\\\/tr&gt;\\n&lt;tr&gt;\\n&lt;td class=\\&quot;pCim\\&quot; colspan=\\&quot;2\\&quot;&gt;9400, Sopron, Pozsonyi \\u00fat 63.&lt;\\\/td&gt;\\n&lt;\\\/tr&gt;\\n&lt;tr&gt;\\n&lt;td class=\\&quot;pTelefon left\\&quot;&gt;Telefonsz\\u00e1m:&lt;\\\/td&gt;\\n&lt;td class=\\&quot;pTelefon right\\&quot;&gt;+36-99-512-470&lt;\\\/td&gt;\\n&lt;\\\/tr&gt;\\n&lt;tr&gt;\\n&lt;td class=\\&quot;pFax left\\&quot;&gt;Fax:&lt;\\\/td&gt;\\n&lt;td class=\\&quot;pFax right\\&quot;&gt;+36-99-512-480&lt;\\\/td&gt;\\n&lt;\\\/tr&gt;\\n&lt;tr&gt;\\n&lt;td class=\\&quot;pEmail left\\&quot;&gt;Email c\\u00edm:&lt;\\\/td&gt;\\n&lt;td class=\\&quot;pEmail right\\&quot;&gt;info@walterauto.hu&lt;\\\/td&gt;\\n&lt;\\\/tr&gt;\\n&lt;tr&gt;\\n&lt;td class=\\&quot;pWeb left\\&quot;&gt;Web :&lt;\\\/td&gt;\\n&lt;td class=\\&quot;pWeb right\\&quot;&gt;&lt;a href=\\&quot;http:\\\/\\\/www.walterauto.hu\\\/\\&quot; target=\\&quot;_blank\\&quot; rel=\\&quot;noopener\\&quot;&gt;www.walterauto.hu&lt;\\\/a&gt;&lt;\\\/td&gt;\\n&lt;\\\/tr&gt;\\n&lt;\\\/tbody&gt;\\n&lt;\\\/table&gt;&quot;,&quot;infoSelectedEditor&quot;:&quot;html&quot;,&quot;infoMaxWidth&quot;:&quot;&quot;,&quot;customMarkerIcon&quot;:0,&quot;customMarkerIconSize&quot;:&quot;&quot;},{&quot;place&quot;:&quot;5100, J\\u00e1szber\\u00e9ny, J\\u00e1sztelki \\u00fat 73.&quot;,&quot;info&quot;:&quot;&lt;table id=\\&quot;infoTable\\&quot; cellspacing=\\&quot;0\\&quot;&gt;\\n&lt;tbody&gt;\\n&lt;tr&gt;\\n&lt;td class=\\&quot;pNev\\&quot; colspan=\\&quot;2\\&quot;&gt;&lt;strong&gt;J\\u00e1sz-Aut\\u00f3h\\u00e1z Kft.&lt;\\\/strong&gt;&lt;\\\/td&gt;\\n&lt;\\\/tr&gt;\\n&lt;tr&gt;\\n&lt;td class=\\&quot;pCim\\&quot; colspan=\\&quot;2\\&quot;&gt;5100, J\\u00e1szber\\u00e9ny, J\\u00e1sztelki \\u00fat 73.&lt;\\\/td&gt;\\n&lt;\\\/tr&gt;\\n&lt;tr&gt;\\n&lt;td class=\\&quot;pTelefon left\\&quot;&gt;Telefonsz\\u00e1m:&lt;\\\/td&gt;\\n&lt;td class=\\&quot;pTelefon right\\&quot;&gt;+36-57-504-010&lt;\\\/td&gt;\\n&lt;\\\/tr&gt;\\n&lt;tr&gt;\\n&lt;td class=\\&quot;pFax left\\&quot;&gt;Fax:&lt;\\\/td&gt;\\n&lt;td class=\\&quot;pFax right\\&quot;&gt;+36-57-504-018&lt;\\\/td&gt;\\n&lt;\\\/tr&gt;\\n&lt;tr&gt;\\n&lt;td class=\\&quot;pEmail left\\&quot;&gt;Email c\\u00edm:&lt;\\\/td&gt;\\n&lt;td class=\\&quot;pEmail right\\&quot;&gt;info@jasz-autohaz.hu&lt;\\\/td&gt;\\n&lt;\\\/tr&gt;\\n&lt;tr&gt;\\n&lt;td class=\\&quot;pWeb left\\&quot;&gt;Web :&lt;\\\/td&gt;\\n&lt;td class=\\&quot;pWeb right\\&quot;&gt;&lt;a href=\\&quot;http:\\\/\\\/www.jasz-autohaz.hu\\\/\\&quot; target=\\&quot;_blank\\&quot; rel=\\&quot;noopener\\&quot;&gt;www.jasz-autohaz.hu&lt;\\\/a&gt;&lt;\\\/td&gt;\\n&lt;\\\/tr&gt;\\n&lt;\\\/tbody&gt;\\n&lt;\\\/table&gt;&quot;,&quot;infoSelectedEditor&quot;:&quot;html&quot;,&quot;infoMaxWidth&quot;:&quot;&quot;,&quot;customMarkerIcon&quot;:0,&quot;customMarkerIconSize&quot;:&quot;&quot;},{&quot;place&quot;:&quot;9700, Szombathely, Csaba u. 10.&quot;,&quot;info&quot;:&quot;&lt;table id=\\&quot;infoTable\\&quot; cellspacing=\\&quot;0\\&quot;&gt;\\n&lt;tbody&gt;\\n&lt;tr&gt;\\n&lt;td class=\\&quot;pNev\\&quot; colspan=\\&quot;2\\&quot;&gt;&lt;strong&gt;V\\u00e9gh Aut\\u00f3h\\u00e1z Kft.&lt;\\\/strong&gt;&lt;\\\/td&gt;\\n&lt;\\\/tr&gt;\\n&lt;tr&gt;\\n&lt;td class=\\&quot;pCim\\&quot; colspan=\\&quot;2\\&quot;&gt;9700, Szombathely, Csaba u. 10.&lt;\\\/td&gt;\\n&lt;\\\/tr&gt;\\n&lt;tr&gt;\\n&lt;td class=\\&quot;pTelefon left\\&quot;&gt;Telefonsz\\u00e1m:&lt;\\\/td&gt;\\n&lt;td class=\\&quot;pTelefon right\\&quot;&gt;+36-94-513-370&lt;\\\/td&gt;\\n&lt;\\\/tr&gt;\\n&lt;tr&gt;\\n&lt;td class=\\&quot;pFax left\\&quot;&gt;Fax:&lt;\\\/td&gt;\\n&lt;td class=\\&quot;pFax right\\&quot;&gt;+36-94-513-376&lt;\\\/td&gt;\\n&lt;\\\/tr&gt;\\n&lt;tr&gt;\\n&lt;td class=\\&quot;pEmail left\\&quot;&gt;Email c\\u00edm:&lt;\\\/td&gt;\\n&lt;td class=\\&quot;pEmail right\\&quot;&gt;info@veghauto.hu&lt;\\\/td&gt;\\n&lt;\\\/tr&gt;\\n&lt;tr&gt;\\n&lt;td class=\\&quot;pWeb left\\&quot;&gt;Web :&lt;\\\/td&gt;\\n&lt;td class=\\&quot;pWeb right\\&quot;&gt;&lt;a href=\\&quot;http:\\\/\\\/www.veghauto.hu\\\/\\&quot; target=\\&quot;_blank\\&quot; rel=\\&quot;noopener\\&quot;&gt;www.veghauto.hu&lt;\\\/a&gt;&lt;\\\/td&gt;\\n&lt;\\\/tr&gt;\\n&lt;\\\/tbody&gt;\\n&lt;\\\/table&gt;&quot;,&quot;infoSelectedEditor&quot;:&quot;html&quot;,&quot;infoMaxWidth&quot;:&quot;&quot;,&quot;customMarkerIcon&quot;:0,&quot;customMarkerIconSize&quot;:&quot;&quot;},{&quot;place&quot;:&quot;9500, Celld\\u00f6m\\u00f6lk, Nemesd\\u00f6m\\u00f6lki u. 15.&quot;,&quot;info&quot;:&quot;&lt;table id=\\&quot;infoTable\\&quot; cellspacing=\\&quot;0\\&quot;&gt;\\n&lt;tbody&gt;\\n&lt;tr&gt;\\n&lt;td class=\\&quot;pNev\\&quot; colspan=\\&quot;2\\&quot;&gt;&lt;strong&gt;Termotel Kft.&lt;\\\/strong&gt;&lt;\\\/td&gt;\\n&lt;\\\/tr&gt;\\n&lt;tr&gt;\\n&lt;td class=\\&quot;pCim\\&quot; colspan=\\&quot;2\\&quot;&gt;9500, Celld\\u00f6m\\u00f6lk, Nemesd\\u00f6m\\u00f6lki u. 15.&lt;\\\/td&gt;\\n&lt;\\\/tr&gt;\\n&lt;tr&gt;\\n&lt;td class=\\&quot;pTelefon left\\&quot;&gt;Telefonsz\\u00e1m:&lt;\\\/td&gt;\\n&lt;td class=\\&quot;pTelefon right\\&quot;&gt;+36-95-525-525&lt;\\\/td&gt;\\n&lt;\\\/tr&gt;\\n&lt;tr&gt;\\n&lt;td class=\\&quot;pFax left\\&quot;&gt;Fax:&lt;\\\/td&gt;\\n&lt;td class=\\&quot;pFax right\\&quot;&gt;+36-95-525-538&lt;\\\/td&gt;\\n&lt;\\\/tr&gt;\\n&lt;\\\/tbody&gt;\\n&lt;\\\/table&gt;&quot;,&quot;infoSelectedEditor&quot;:&quot;html&quot;,&quot;infoMaxWidth&quot;:&quot;&quot;,&quot;customMarkerIcon&quot;:0,&quot;customMarkerIconSize&quot;:&quot;&quot;},{&quot;place&quot;:&quot;8900, Zalaegerszeg, Hock J\\u00e1nos \\u00fat 65.&quot;,&quot;info&quot;:&quot;&lt;table id=\\&quot;infoTable\\&quot; cellspacing=\\&quot;0\\&quot;&gt;\\n&lt;tbody&gt;\\n&lt;tr&gt;\\n&lt;td class=\\&quot;pNev\\&quot; colspan=\\&quot;2\\&quot;&gt;&lt;strong&gt;Aut\\u00f3 Fat\\u00e9r Kft.&lt;\\\/strong&gt;&lt;\\\/td&gt;\\n&lt;\\\/tr&gt;\\n&lt;tr&gt;\\n&lt;td class=\\&quot;pCim\\&quot; colspan=\\&quot;2\\&quot;&gt;8900, Zalaegerszeg, Hock J\\u00e1nos \\u00fat 65.&lt;\\\/td&gt;\\n&lt;\\\/tr&gt;\\n&lt;tr&gt;\\n&lt;td class=\\&quot;pTelefon left\\&quot;&gt;Telefonsz\\u00e1m:&lt;\\\/td&gt;\\n&lt;td class=\\&quot;pTelefon right\\&quot;&gt;+36-92-510-215&lt;\\\/td&gt;\\n&lt;\\\/tr&gt;\\n&lt;tr&gt;\\n&lt;td class=\\&quot;pFax left\\&quot;&gt;Fax:&lt;\\\/td&gt;\\n&lt;td class=\\&quot;pFax right\\&quot;&gt;+36-92-596-870&lt;\\\/td&gt;\\n&lt;\\\/tr&gt;\\n&lt;tr&gt;\\n&lt;td class=\\&quot;pEmail left\\&quot;&gt;Email c\\u00edm:&lt;\\\/td&gt;\\n&lt;td class=\\&quot;pEmail right\\&quot;&gt;skodaert@autofater.hu&lt;\\\/td&gt;\\n&lt;\\\/tr&gt;\\n&lt;tr&gt;\\n&lt;td class=\\&quot;pWeb left\\&quot;&gt;Web :&lt;\\\/td&gt;\\n&lt;td class=\\&quot;pWeb right\\&quot;&gt;&lt;a href=\\&quot;http:\\\/\\\/www.autofater.hu\\\/\\&quot; target=\\&quot;_blank\\&quot; rel=\\&quot;noopener\\&quot;&gt;www.autofater.hu&lt;\\\/a&gt;&lt;\\\/td&gt;\\n&lt;\\\/tr&gt;\\n&lt;\\\/tbody&gt;\\n&lt;\\\/table&gt;&quot;,&quot;infoSelectedEditor&quot;:&quot;html&quot;,&quot;infoMaxWidth&quot;:&quot;&quot;,&quot;customMarkerIcon&quot;:0,&quot;customMarkerIconSize&quot;:&quot;&quot;},{&quot;place&quot;:&quot;2400, Duna\\u00fajv\\u00e1ros, Magyar u. 2.&quot;,&quot;info&quot;:&quot;&lt;table id=\\&quot;infoTable\\&quot; cellspacing=\\&quot;0\\&quot;&gt;\\n&lt;tbody&gt;\\n&lt;tr&gt;\\n&lt;td class=\\&quot;pNev\\&quot; colspan=\\&quot;2\\&quot;&gt;&lt;strong&gt;M8 Aut\\u00f3centrum Kft.&lt;\\\/strong&gt;&lt;\\\/td&gt;\\n&lt;\\\/tr&gt;\\n&lt;tr&gt;\\n&lt;td class=\\&quot;pCim\\&quot; colspan=\\&quot;2\\&quot;&gt;2400, Duna\\u00fajv\\u00e1ros, Magyar u. 2.&lt;\\\/td&gt;\\n&lt;\\\/tr&gt;\\n&lt;tr&gt;\\n&lt;td class=\\&quot;pTelefon left\\&quot;&gt;Telefonsz\\u00e1m:&lt;\\\/td&gt;\\n&lt;td class=\\&quot;pTelefon right\\&quot;&gt;+36-25-500-260&lt;\\\/td&gt;\\n&lt;\\\/tr&gt;\\n&lt;tr&gt;\\n&lt;td class=\\&quot;pFax left\\&quot;&gt;Fax:&lt;\\\/td&gt;\\n&lt;td class=\\&quot;pFax right\\&quot;&gt;+36-25-500-261&lt;\\\/td&gt;\\n&lt;\\\/tr&gt;\\n&lt;tr&gt;\\n&lt;td class=\\&quot;pEmail left\\&quot;&gt;Email c\\u00edm:&lt;\\\/td&gt;\\n&lt;td class=\\&quot;pEmail right\\&quot;&gt;ertekesites@auto-centrum.hu&lt;\\\/td&gt;\\n&lt;\\\/tr&gt;\\n&lt;tr&gt;\\n&lt;td class=\\&quot;pWeb left\\&quot;&gt;Web :&lt;\\\/td&gt;\\n&lt;td class=\\&quot;pWeb right\\&quot;&gt;&lt;a href=\\&quot;http:\\\/\\\/www.auto-centrum.hu\\\/\\&quot; target=\\&quot;_blank\\&quot; rel=\\&quot;noopener\\&quot;&gt;www.auto-centrum.hu&lt;\\\/a&gt;&lt;\\\/td&gt;\\n&lt;\\\/tr&gt;\\n&lt;\\\/tbody&gt;\\n&lt;\\\/table&gt;&quot;,&quot;infoSelectedEditor&quot;:&quot;html&quot;,&quot;infoMaxWidth&quot;:&quot;&quot;,&quot;customMarkerIcon&quot;:0,&quot;customMarkerIconSize&quot;:&quot;&quot;},{&quot;place&quot;:&quot;6724, Szeged, S\\u00e1rosi \\u00fat 11.&quot;,&quot;info&quot;:&quot;&lt;table id=\\&quot;infoTable\\&quot; cellspacing=\\&quot;0\\&quot;&gt;\\n&lt;tbody&gt;\\n&lt;tr&gt;\\n&lt;td class=\\&quot;pNev\\&quot; colspan=\\&quot;2\\&quot;&gt;&lt;strong&gt;Porsche Szeged&lt;\\\/strong&gt;&lt;\\\/td&gt;\\n&lt;\\\/tr&gt;\\n&lt;tr&gt;\\n&lt;td class=\\&quot;pCim\\&quot; colspan=\\&quot;2\\&quot;&gt;6724, Szeged, S\\u00e1rosi \\u00fat 11.&lt;\\\/td&gt;\\n&lt;\\\/tr&gt;\\n&lt;tr&gt;\\n&lt;td class=\\&quot;pTelefon left\\&quot;&gt;Telefonsz\\u00e1m:&lt;\\\/td&gt;\\n&lt;td class=\\&quot;pTelefon right\\&quot;&gt;+36-62-549-400&lt;\\\/td&gt;\\n&lt;\\\/tr&gt;\\n&lt;tr&gt;\\n&lt;td class=\\&quot;pFax left\\&quot;&gt;Fax:&lt;\\\/td&gt;\\n&lt;td class=\\&quot;pFax right\\&quot;&gt;+36-62-549-444&lt;\\\/td&gt;\\n&lt;\\\/tr&gt;\\n&lt;tr&gt;\\n&lt;td class=\\&quot;pEmail left\\&quot;&gt;Email c\\u00edm:&lt;\\\/td&gt;\\n&lt;td class=\\&quot;pEmail right\\&quot;&gt;posta@porscheszeged.hu&lt;\\\/td&gt;\\n&lt;\\\/tr&gt;\\n&lt;tr&gt;\\n&lt;td class=\\&quot;pWeb left\\&quot;&gt;Web :&lt;\\\/td&gt;\\n&lt;td class=\\&quot;pWeb right\\&quot;&gt;&lt;a href=\\&quot;http:\\\/\\\/www.porscheszeged.hu\\\/\\&quot; target=\\&quot;_blank\\&quot; rel=\\&quot;noopener\\&quot;&gt;www.porscheszeged.hu&lt;\\\/a&gt;&lt;\\\/td&gt;\\n&lt;\\\/tr&gt;\\n&lt;\\\/tbody&gt;\\n&lt;\\\/table&gt;&quot;,&quot;infoSelectedEditor&quot;:&quot;html&quot;,&quot;infoMaxWidth&quot;:&quot;&quot;,&quot;customMarkerIcon&quot;:0,&quot;customMarkerIconSize&quot;:&quot;&quot;},{&quot;place&quot;:&quot;1117, Budapest, Prielle K. u. 45.&quot;,&quot;info&quot;:&quot;&lt;table id=\\&quot;infoTable\\&quot; cellspacing=\\&quot;0\\&quot;&gt;\\n&lt;tbody&gt;\\n&lt;tr&gt;\\n&lt;td class=\\&quot;pNev\\&quot; colspan=\\&quot;2\\&quot;&gt;&lt;strong&gt;Porsche Buda&lt;\\\/strong&gt;&lt;\\\/td&gt;\\n&lt;\\\/tr&gt;\\n&lt;tr&gt;\\n&lt;td class=\\&quot;pCim\\&quot; colspan=\\&quot;2\\&quot;&gt;1117, Budapest, Prielle K. u. 45.&lt;\\\/td&gt;\\n&lt;\\\/tr&gt;\\n&lt;tr&gt;\\n&lt;td class=\\&quot;pTelefon left\\&quot;&gt;Telefonsz\\u00e1m:&lt;\\\/td&gt;\\n&lt;td class=\\&quot;pTelefon right\\&quot;&gt;+36-1-382-8671&lt;\\\/td&gt;\\n&lt;\\\/tr&gt;\\n&lt;tr&gt;\\n&lt;td class=\\&quot;pFax left\\&quot;&gt;Fax:&lt;\\\/td&gt;\\n&lt;td class=\\&quot;pFax right\\&quot;&gt;+36-1-204-4071&lt;\\\/td&gt;\\n&lt;\\\/tr&gt;\\n&lt;tr&gt;\\n&lt;td class=\\&quot;pEmail left\\&quot;&gt;Email c\\u00edm:&lt;\\\/td&gt;\\n&lt;td class=\\&quot;pEmail right\\&quot;&gt;info@porschebuda.hu&lt;\\\/td&gt;\\n&lt;\\\/tr&gt;\\n&lt;tr&gt;\\n&lt;td class=\\&quot;pWeb left\\&quot;&gt;Web :&lt;\\\/td&gt;\\n&lt;td class=\\&quot;pWeb right\\&quot;&gt;&lt;a href=\\&quot;http:\\\/\\\/www.porschebuda.hu\\\/\\&quot; target=\\&quot;_blank\\&quot; rel=\\&quot;noopener\\&quot;&gt;www.porschebuda.hu&lt;\\\/a&gt;&lt;\\\/td&gt;\\n&lt;\\\/tr&gt;\\n&lt;\\\/tbody&gt;\\n&lt;\\\/table&gt;&quot;,&quot;infoSelectedEditor&quot;:&quot;html&quot;,&quot;infoMaxWidth&quot;:&quot;&quot;,&quot;customMarkerIcon&quot;:0,&quot;customMarkerIconSize&quot;:&quot;&quot;},{&quot;place&quot;:&quot;2030, \\u00c9rd, Feh\\u00e9rv\\u00e1ri \\u00fat 63-65.&quot;,&quot;info&quot;:&quot;&lt;table id=\\&quot;infoTable\\&quot; cellspacing=\\&quot;0\\&quot;&gt;\\n&lt;tbody&gt;\\n&lt;tr&gt;\\n&lt;td class=\\&quot;pNev\\&quot; colspan=\\&quot;2\\&quot;&gt;&lt;strong&gt;BARA AUT\\u00d3H\\u00c1Z Kft.&lt;\\\/strong&gt;&lt;\\\/td&gt;\\n&lt;\\\/tr&gt;\\n&lt;tr&gt;\\n&lt;td class=\\&quot;pCim\\&quot; colspan=\\&quot;2\\&quot;&gt;2030, \\u00c9rd, Feh\\u00e9rv\\u00e1ri \\u00fat 63-65.&lt;\\\/td&gt;\\n&lt;\\\/tr&gt;\\n&lt;tr&gt;\\n&lt;td class=\\&quot;pTelefon left\\&quot;&gt;Telefonsz\\u00e1m:&lt;\\\/td&gt;\\n&lt;td class=\\&quot;pTelefon right\\&quot;&gt;+36-23-521-250&lt;\\\/td&gt;\\n&lt;\\\/tr&gt;\\n&lt;tr&gt;\\n&lt;td class=\\&quot;pFax left\\&quot;&gt;Fax:&lt;\\\/td&gt;\\n&lt;td class=\\&quot;pFax right\\&quot;&gt;+36-23-521-256&lt;\\\/td&gt;\\n&lt;\\\/tr&gt;\\n&lt;tr&gt;\\n&lt;td class=\\&quot;pEmail left\\&quot;&gt;Email c\\u00edm:&lt;\\\/td&gt;\\n&lt;td class=\\&quot;pEmail right\\&quot;&gt;info@baraautohaz.hu&lt;\\\/td&gt;\\n&lt;\\\/tr&gt;\\n&lt;tr&gt;\\n&lt;td class=\\&quot;pWeb left\\&quot;&gt;Web :&lt;\\\/td&gt;\\n&lt;td class=\\&quot;pWeb right\\&quot;&gt;&lt;a href=\\&quot;http:\\\/\\\/www.baraautohaz.hu\\\/\\&quot; target=\\&quot;_blank\\&quot; rel=\\&quot;noopener\\&quot;&gt;www.baraautohaz.hu&lt;\\\/a&gt;&lt;\\\/td&gt;\\n&lt;\\\/tr&gt;\\n&lt;\\\/tbody&gt;\\n&lt;\\\/table&gt;&quot;,&quot;infoSelectedEditor&quot;:&quot;html&quot;,&quot;infoMaxWidth&quot;:&quot;&quot;,&quot;customMarkerIcon&quot;:0,&quot;customMarkerIconSize&quot;:&quot;&quot;},{&quot;place&quot;:&quot;2310, Szigetszentmikl\\u00f3s, Gy\\u00e1ri \\u00fat 21.&quot;,&quot;info&quot;:&quot;&lt;table id=\\&quot;infoTable\\&quot; cellspacing=\\&quot;0\\&quot;&gt;\\n&lt;tbody&gt;\\n&lt;tr&gt;\\n&lt;td class=\\&quot;pNev\\&quot; colspan=\\&quot;2\\&quot;&gt;&lt;strong&gt;AutoCarma Szerviz Kft.&lt;\\\/strong&gt;&lt;\\\/td&gt;\\n&lt;\\\/tr&gt;\\n&lt;tr&gt;\\n&lt;td class=\\&quot;pCim\\&quot; colspan=\\&quot;2\\&quot;&gt;2310, Szigetszentmikl\\u00f3s, Gy\\u00e1ri \\u00fat 21.&lt;\\\/td&gt;\\n&lt;\\\/tr&gt;\\n&lt;tr&gt;\\n&lt;td class=\\&quot;pTelefon left\\&quot;&gt;Telefonsz\\u00e1m:&lt;\\\/td&gt;\\n&lt;td class=\\&quot;pTelefon right\\&quot;&gt;+36-24-515-105&lt;\\\/td&gt;\\n&lt;\\\/tr&gt;\\n&lt;tr&gt;\\n&lt;td class=\\&quot;pFax left\\&quot;&gt;Fax:&lt;\\\/td&gt;\\n&lt;td class=\\&quot;pFax right\\&quot;&gt;+36-24-515-106&lt;\\\/td&gt;\\n&lt;\\\/tr&gt;\\n&lt;tr&gt;\\n&lt;td class=\\&quot;pEmail left\\&quot;&gt;Email c\\u00edm:&lt;\\\/td&gt;\\n&lt;td class=\\&quot;pEmail right\\&quot;&gt;vevoszolgalat.szigetszentmiklos@autocarma.hu&lt;\\\/td&gt;\\n&lt;\\\/tr&gt;\\n&lt;tr&gt;\\n&lt;td class=\\&quot;pWeb left\\&quot;&gt;Web :&lt;\\\/td&gt;\\n&lt;td class=\\&quot;pWeb right\\&quot;&gt;&lt;a href=\\&quot;http:\\\/\\\/www.autocarma.hu\\\/\\&quot; target=\\&quot;_blank\\&quot; rel=\\&quot;noopener\\&quot;&gt;www.autocarma.hu&lt;\\\/a&gt;&lt;\\\/td&gt;\\n&lt;\\\/tr&gt;\\n&lt;\\\/tbody&gt;\\n&lt;\\\/table&gt;&quot;,&quot;infoSelectedEditor&quot;:&quot;html&quot;,&quot;infoMaxWidth&quot;:&quot;&quot;,&quot;customMarkerIcon&quot;:0,&quot;customMarkerIconSize&quot;:&quot;&quot;},{&quot;place&quot;:&quot;1223, Budapest, Nagyt\\u00e9t\\u00e9nyi \\u00fat 154.&quot;,&quot;info&quot;:&quot;&lt;table id=\\&quot;infoTable\\&quot; cellspacing=\\&quot;0\\&quot;&gt;\\n&lt;tbody&gt;\\n&lt;tr&gt;\\n&lt;td class=\\&quot;pNev\\&quot; colspan=\\&quot;2\\&quot;&gt;&lt;strong&gt;T\\u00e9t\\u00e9ny Aut\\u00f3h\\u00e1z Kft.&lt;\\\/strong&gt;&lt;\\\/td&gt;\\n&lt;\\\/tr&gt;\\n&lt;tr&gt;\\n&lt;td class=\\&quot;pCim\\&quot; colspan=\\&quot;2\\&quot;&gt;1223, Budapest, Nagyt\\u00e9t\\u00e9nyi \\u00fat 154.&lt;\\\/td&gt;\\n&lt;\\\/tr&gt;\\n&lt;tr&gt;\\n&lt;td class=\\&quot;pTelefon left\\&quot;&gt;Telefonsz\\u00e1m:&lt;\\\/td&gt;\\n&lt;td class=\\&quot;pTelefon right\\&quot;&gt;+36-1-227-3682&lt;\\\/td&gt;\\n&lt;\\\/tr&gt;\\n&lt;tr&gt;\\n&lt;td class=\\&quot;pFax left\\&quot;&gt;Fax:&lt;\\\/td&gt;\\n&lt;td class=\\&quot;pFax right\\&quot;&gt;+36-1-424-5910&lt;\\\/td&gt;\\n&lt;\\\/tr&gt;\\n&lt;tr&gt;\\n&lt;td class=\\&quot;pEmail left\\&quot;&gt;Email c\\u00edm:&lt;\\\/td&gt;\\n&lt;td class=\\&quot;pEmail right\\&quot;&gt;ertekesites@tetenyauto.hu&lt;\\\/td&gt;\\n&lt;\\\/tr&gt;\\n&lt;tr&gt;\\n&lt;td class=\\&quot;pWeb left\\&quot;&gt;Web :&lt;\\\/td&gt;\\n&lt;td class=\\&quot;pWeb right\\&quot;&gt;&lt;a href=\\&quot;http:\\\/\\\/www.tetenyauto.hu\\\/\\&quot; target=\\&quot;_blank\\&quot; rel=\\&quot;noopener\\&quot;&gt;www.tetenyauto.hu&lt;\\\/a&gt;&lt;\\\/td&gt;\\n&lt;\\\/tr&gt;\\n&lt;\\\/tbody&gt;\\n&lt;\\\/table&gt;&quot;,&quot;infoSelectedEditor&quot;:&quot;html&quot;,&quot;infoMaxWidth&quot;:&quot;&quot;,&quot;customMarkerIcon&quot;:0,&quot;customMarkerIconSize&quot;:&quot;&quot;},{&quot;place&quot;:&quot;1238, Budapest, Szentl\\u0151rinci \\u00fat&quot;,&quot;info&quot;:&quot;&lt;table id=\\&quot;infoTable\\&quot; cellspacing=\\&quot;0\\&quot;&gt;\\n&lt;tbody&gt;\\n&lt;tr&gt;\\n&lt;td class=\\&quot;pNev\\&quot; colspan=\\&quot;2\\&quot;&gt;&lt;strong&gt;Porsche M5&lt;\\\/strong&gt;&lt;\\\/td&gt;\\n&lt;\\\/tr&gt;\\n&lt;tr&gt;\\n&lt;td class=\\&quot;pCim\\&quot; colspan=\\&quot;2\\&quot;&gt;1238, Budapest, Szentl\\u0151rinci \\u00fat&lt;\\\/td&gt;\\n&lt;\\\/tr&gt;\\n&lt;tr&gt;\\n&lt;td class=\\&quot;pTelefon left\\&quot;&gt;Telefonsz\\u00e1m:&lt;\\\/td&gt;\\n&lt;td class=\\&quot;pTelefon right\\&quot;&gt;+36-1-421-8220&lt;\\\/td&gt;\\n&lt;\\\/tr&gt;\\n&lt;tr&gt;\\n&lt;td class=\\&quot;pFax left\\&quot;&gt;Fax:&lt;\\\/td&gt;\\n&lt;td class=\\&quot;pFax right\\&quot;&gt;+36-1-421-8229&lt;\\\/td&gt;\\n&lt;\\\/tr&gt;\\n&lt;tr&gt;\\n&lt;td class=\\&quot;pEmail left\\&quot;&gt;Email c\\u00edm:&lt;\\\/td&gt;\\n&lt;td class=\\&quot;pEmail right\\&quot;&gt;skoda@porschem5.hu&lt;\\\/td&gt;\\n&lt;\\\/tr&gt;\\n&lt;tr&gt;\\n&lt;td class=\\&quot;pWeb left\\&quot;&gt;Web :&lt;\\\/td&gt;\\n&lt;td class=\\&quot;pWeb right\\&quot;&gt;&lt;a href=\\&quot;http:\\\/\\\/www.porschem5.hu\\\/\\&quot; target=\\&quot;_blank\\&quot; rel=\\&quot;noopener\\&quot;&gt;www.porschem5.hu&lt;\\\/a&gt;&lt;\\\/td&gt;\\n&lt;\\\/tr&gt;\\n&lt;\\\/tbody&gt;\\n&lt;\\\/table&gt;&quot;,&quot;infoSelectedEditor&quot;:&quot;html&quot;,&quot;infoMaxWidth&quot;:&quot;&quot;,&quot;customMarkerIcon&quot;:0,&quot;customMarkerIconSize&quot;:&quot;&quot;},{&quot;place&quot;:&quot;2100, G\\u00f6d\\u00f6ll\\u0151, Rig\\u00f3 u. 10.&quot;,&quot;info&quot;:&quot;&lt;table id=\\&quot;infoTable\\&quot; cellspacing=\\&quot;0\\&quot;&gt;\\n&lt;tbody&gt;\\n&lt;tr&gt;\\n&lt;td class=\\&quot;pNev\\&quot; colspan=\\&quot;2\\&quot;&gt;&lt;strong&gt;Pat\\u00f3cs Aut\\u00f3h\\u00e1z Kft.&lt;\\\/strong&gt;&lt;\\\/td&gt;\\n&lt;\\\/tr&gt;\\n&lt;tr&gt;\\n&lt;td class=\\&quot;pCim\\&quot; colspan=\\&quot;2\\&quot;&gt;2100, G\\u00f6d\\u00f6ll\\u0151, Rig\\u00f3 u. 10.&lt;\\\/td&gt;\\n&lt;\\\/tr&gt;\\n&lt;tr&gt;\\n&lt;td class=\\&quot;pTelefon left\\&quot;&gt;Telefonsz\\u00e1m:&lt;\\\/td&gt;\\n&lt;td class=\\&quot;pTelefon right\\&quot;&gt;+36-28-515-710&lt;\\\/td&gt;\\n&lt;\\\/tr&gt;\\n&lt;tr&gt;\\n&lt;td class=\\&quot;pFax left\\&quot;&gt;Fax:&lt;\\\/td&gt;\\n&lt;td class=\\&quot;pFax right\\&quot;&gt;+36-28-515-720&lt;\\\/td&gt;\\n&lt;\\\/tr&gt;\\n&lt;tr&gt;\\n&lt;td class=\\&quot;pEmail left\\&quot;&gt;Email c\\u00edm:&lt;\\\/td&gt;\\n&lt;td class=\\&quot;pEmail right\\&quot;&gt;skodaertekesites@patocsauto.hu&lt;\\\/td&gt;\\n&lt;\\\/tr&gt;\\n&lt;tr&gt;\\n&lt;td class=\\&quot;pWeb left\\&quot;&gt;Web :&lt;\\\/td&gt;\\n&lt;td class=\\&quot;pWeb right\\&quot;&gt;&lt;a href=\\&quot;http:\\\/\\\/www.patocsauto.hu\\\/\\&quot; target=\\&quot;_blank\\&quot; rel=\\&quot;noopener\\&quot;&gt;www.patocsauto.hu&lt;\\\/a&gt;&lt;\\\/td&gt;\\n&lt;\\\/tr&gt;\\n&lt;\\\/tbody&gt;\\n&lt;\\\/table&gt;&quot;,&quot;infoSelectedEditor&quot;:&quot;html&quot;,&quot;infoMaxWidth&quot;:&quot;&quot;,&quot;customMarkerIcon&quot;:0,&quot;customMarkerIconSize&quot;:&quot;&quot;},{&quot;place&quot;:&quot;2600, V\\u00e1c, Kazinczy \\u00fat 1.&quot;,&quot;info&quot;:&quot;&lt;table id=\\&quot;infoTable\\&quot; cellspacing=\\&quot;0\\&quot;&gt;\\n&lt;tbody&gt;\\n&lt;tr&gt;\\n&lt;td class=\\&quot;pNev\\&quot; colspan=\\&quot;2\\&quot;&gt;&lt;strong&gt;Luk\\u00e1cs \\u00e9s Tam\\u00e1s Kft.&lt;\\\/strong&gt;&lt;\\\/td&gt;\\n&lt;\\\/tr&gt;\\n&lt;tr&gt;\\n&lt;td class=\\&quot;pCim\\&quot; colspan=\\&quot;2\\&quot;&gt;2600, V\\u00e1c, Kazinczy \\u00fat 1.&lt;\\\/td&gt;\\n&lt;\\\/tr&gt;\\n&lt;tr&gt;\\n&lt;td class=\\&quot;pTelefon left\\&quot;&gt;Telefonsz\\u00e1m:&lt;\\\/td&gt;\\n&lt;td class=\\&quot;pTelefon right\\&quot;&gt;+36-27-306-629&lt;\\\/td&gt;\\n&lt;\\\/tr&gt;\\n&lt;tr&gt;\\n&lt;td class=\\&quot;pFax left\\&quot;&gt;Fax:&lt;\\\/td&gt;\\n&lt;td class=\\&quot;pFax right\\&quot;&gt;+36-27-511-280&lt;\\\/td&gt;\\n&lt;\\\/tr&gt;\\n&lt;tr&gt;\\n&lt;td class=\\&quot;pEmail left\\&quot;&gt;Email c\\u00edm:&lt;\\\/td&gt;\\n&lt;td class=\\&quot;pEmail right\\&quot;&gt;szalon@lukacsestamas.hu&lt;\\\/td&gt;\\n&lt;\\\/tr&gt;\\n&lt;tr&gt;\\n&lt;td class=\\&quot;pWeb left\\&quot;&gt;Web :&lt;\\\/td&gt;\\n&lt;td class=\\&quot;pWeb right\\&quot;&gt;&lt;a href=\\&quot;http:\\\/\\\/www.lukacsestamas.hu\\\/\\&quot; target=\\&quot;_blank\\&quot; rel=\\&quot;noopener\\&quot;&gt;www.lukacsestamas.hu&lt;\\\/a&gt;&lt;\\\/td&gt;\\n&lt;\\\/tr&gt;\\n&lt;\\\/tbody&gt;\\n&lt;\\\/table&gt;&quot;,&quot;infoSelectedEditor&quot;:&quot;html&quot;,&quot;infoMaxWidth&quot;:&quot;&quot;,&quot;customMarkerIcon&quot;:0,&quot;customMarkerIconSize&quot;:&quot;&quot;},{&quot;place&quot;:&quot;3100, Salg\\u00f3tarj\\u00e1n, Sz\\u00e9r\\u0171skert \\u00fat 118-120.&quot;,&quot;info&quot;:&quot;&lt;table id=\\&quot;infoTable\\&quot; cellspacing=\\&quot;0\\&quot;&gt;\\n&lt;tbody&gt;\\n&lt;tr&gt;\\n&lt;td class=\\&quot;pNev\\&quot; colspan=\\&quot;2\\&quot;&gt;&lt;strong&gt;Auto-Trade 91 Kft.&lt;\\\/strong&gt;&lt;\\\/td&gt;\\n&lt;\\\/tr&gt;\\n&lt;tr&gt;\\n&lt;td class=\\&quot;pCim\\&quot; colspan=\\&quot;2\\&quot;&gt;3100, Salg\\u00f3tarj\\u00e1n, Sz\\u00e9r\\u0171skert \\u00fat 118-120.&lt;\\\/td&gt;\\n&lt;\\\/tr&gt;\\n&lt;tr&gt;\\n&lt;td class=\\&quot;pTelefon left\\&quot;&gt;Telefonsz\\u00e1m:&lt;\\\/td&gt;\\n&lt;td class=\\&quot;pTelefon right\\&quot;&gt;+36-32-512-244&lt;\\\/td&gt;\\n&lt;\\\/tr&gt;\\n&lt;tr&gt;\\n&lt;td class=\\&quot;pFax left\\&quot;&gt;Fax:&lt;\\\/td&gt;\\n&lt;td class=\\&quot;pFax right\\&quot;&gt;+36-32-512-243&lt;\\\/td&gt;\\n&lt;\\\/tr&gt;\\n&lt;tr&gt;\\n&lt;td class=\\&quot;pEmail left\\&quot;&gt;Email c\\u00edm:&lt;\\\/td&gt;\\n&lt;td class=\\&quot;pEmail right\\&quot;&gt;szerviz@autotrade91kft.hu&lt;\\\/td&gt;\\n&lt;\\\/tr&gt;\\n&lt;tr&gt;\\n&lt;td class=\\&quot;pWeb left\\&quot;&gt;Web :&lt;\\\/td&gt;\\n&lt;td class=\\&quot;pWeb right\\&quot;&gt;&lt;a href=\\&quot;http:\\\/\\\/www.autotrade91kft.hu\\\/\\&quot; target=\\&quot;_blank\\&quot; rel=\\&quot;noopener\\&quot;&gt;www.autotrade91kft.hu&lt;\\\/a&gt;&lt;\\\/td&gt;\\n&lt;\\\/tr&gt;\\n&lt;\\\/tbody&gt;\\n&lt;\\\/table&gt;&quot;,&quot;infoSelectedEditor&quot;:&quot;html&quot;,&quot;infoMaxWidth&quot;:&quot;&quot;,&quot;customMarkerIcon&quot;:0,&quot;customMarkerIconSize&quot;:&quot;&quot;},{&quot;place&quot;:&quot;4700, M\\u00e1t\\u00e9szalka, J\\u00e1rmi u. 67.&quot;,&quot;info&quot;:&quot;&lt;table id=\\&quot;infoTable\\&quot; cellspacing=\\&quot;0\\&quot;&gt;\\n&lt;tbody&gt;\\n&lt;tr&gt;\\n&lt;td class=\\&quot;pNev\\&quot; colspan=\\&quot;2\\&quot;&gt;&lt;strong&gt;Plat\\u00e1n Aut\\u00f3h\\u00e1z Kft. M\\u00e1t\\u00e9szalka&lt;\\\/strong&gt;&lt;\\\/td&gt;\\n&lt;\\\/tr&gt;\\n&lt;tr&gt;\\n&lt;td class=\\&quot;pCim\\&quot; colspan=\\&quot;2\\&quot;&gt;4700, M\\u00e1t\\u00e9szalka, J\\u00e1rmi u. 67.&lt;\\\/td&gt;\\n&lt;\\\/tr&gt;\\n&lt;tr&gt;\\n&lt;td class=\\&quot;pTelefon left\\&quot;&gt;Telefonsz\\u00e1m:&lt;\\\/td&gt;\\n&lt;td class=\\&quot;pTelefon right\\&quot;&gt;+36-44-500-700&lt;\\\/td&gt;\\n&lt;\\\/tr&gt;\\n&lt;tr&gt;\\n&lt;td class=\\&quot;pFax left\\&quot;&gt;Fax:&lt;\\\/td&gt;\\n&lt;td class=\\&quot;pFax right\\&quot;&gt;+36-44-500-707&lt;\\\/td&gt;\\n&lt;\\\/tr&gt;\\n&lt;tr&gt;\\n&lt;td class=\\&quot;pEmail left\\&quot;&gt;Email c\\u00edm:&lt;\\\/td&gt;\\n&lt;td class=\\&quot;pEmail right\\&quot;&gt;mszalka@platanautohaz.hu&lt;\\\/td&gt;\\n&lt;\\\/tr&gt;\\n&lt;tr&gt;\\n&lt;td class=\\&quot;pWeb left\\&quot;&gt;Web :&lt;\\\/td&gt;\\n&lt;td class=\\&quot;pWeb right\\&quot;&gt;&lt;a href=\\&quot;http:\\\/\\\/www.platanautohaz.hu\\\/\\&quot; target=\\&quot;_blank\\&quot; rel=\\&quot;noopener\\&quot;&gt;www.platanautohaz.hu&lt;\\\/a&gt;&lt;\\\/td&gt;\\n&lt;\\\/tr&gt;\\n&lt;\\\/tbody&gt;\\n&lt;\\\/table&gt;&quot;,&quot;infoSelectedEditor&quot;:&quot;html&quot;,&quot;infoMaxWidth&quot;:&quot;&quot;,&quot;customMarkerIcon&quot;:0,&quot;customMarkerIconSize&quot;:&quot;&quot;},{&quot;place&quot;:&quot;9024, Gy\\u0151r, P\\u00e1pai \\u00fat&quot;,&quot;info&quot;:&quot;&lt;table id=\\&quot;infoTable\\&quot; cellspacing=\\&quot;0\\&quot;&gt;\\n&lt;tbody&gt;\\n&lt;tr&gt;\\n&lt;td class=\\&quot;pNev\\&quot; colspan=\\&quot;2\\&quot;&gt;&lt;strong&gt;Porsche Gy\\u0151r&lt;\\\/strong&gt;&lt;\\\/td&gt;\\n&lt;\\\/tr&gt;\\n&lt;tr&gt;\\n&lt;td class=\\&quot;pCim\\&quot; colspan=\\&quot;2\\&quot;&gt;9024, Gy\\u0151r, P\\u00e1pai \\u00fat&lt;\\\/td&gt;\\n&lt;\\\/tr&gt;\\n&lt;tr&gt;\\n&lt;td class=\\&quot;pTelefon left\\&quot;&gt;Telefonsz\\u00e1m:&lt;\\\/td&gt;\\n&lt;td class=\\&quot;pTelefon right\\&quot;&gt;+36-96-515-000&lt;\\\/td&gt;\\n&lt;\\\/tr&gt;\\n&lt;tr&gt;\\n&lt;td class=\\&quot;pFax left\\&quot;&gt;Fax:&lt;\\\/td&gt;\\n&lt;td class=\\&quot;pFax right\\&quot;&gt;+36-96-414-504&lt;\\\/td&gt;\\n&lt;\\\/tr&gt;\\n&lt;tr&gt;\\n&lt;td class=\\&quot;pEmail left\\&quot;&gt;Email c\\u00edm:&lt;\\\/td&gt;\\n&lt;td class=\\&quot;pEmail right\\&quot;&gt;info@porschegyor.hu&lt;\\\/td&gt;\\n&lt;\\\/tr&gt;\\n&lt;tr&gt;\\n&lt;td class=\\&quot;pWeb left\\&quot;&gt;Web :&lt;\\\/td&gt;\\n&lt;td class=\\&quot;pWeb right\\&quot;&gt;&lt;a href=\\&quot;http:\\\/\\\/www.porschegyor.hu\\\/\\&quot; target=\\&quot;_blank\\&quot; rel=\\&quot;noopener\\&quot;&gt;www.porschegyor.hu&lt;\\\/a&gt;&lt;\\\/td&gt;\\n&lt;\\\/tr&gt;\\n&lt;\\\/tbody&gt;\\n&lt;\\\/table&gt;&quot;,&quot;infoSelectedEditor&quot;:&quot;html&quot;,&quot;infoMaxWidth&quot;:&quot;&quot;,&quot;customMarkerIcon&quot;:0,&quot;customMarkerIconSize&quot;:&quot;&quot;},{&quot;place&quot;:&quot;8500, P\\u00e1pa, K\\u00fcls\\u0151 Veszpr\\u00e9mi \\u00fat 56.&quot;,&quot;info&quot;:&quot;&lt;table id=\\&quot;infoTable\\&quot; cellspacing=\\&quot;0\\&quot;&gt;\\n&lt;tbody&gt;\\n&lt;tr&gt;\\n&lt;td class=\\&quot;pNev\\&quot; colspan=\\&quot;2\\&quot;&gt;&lt;strong&gt;Leier Aut\\u00f3 Kft. P\\u00e1pa&lt;\\\/strong&gt;&lt;\\\/td&gt;\\n&lt;\\\/tr&gt;\\n&lt;tr&gt;\\n&lt;td class=\\&quot;pCim\\&quot; colspan=\\&quot;2\\&quot;&gt;8500, P\\u00e1pa, K\\u00fcls\\u0151 Veszpr\\u00e9mi \\u00fat 56.&lt;\\\/td&gt;\\n&lt;\\\/tr&gt;\\n&lt;tr&gt;\\n&lt;td class=\\&quot;pTelefon left\\&quot;&gt;Telefonsz\\u00e1m:&lt;\\\/td&gt;\\n&lt;td class=\\&quot;pTelefon right\\&quot;&gt;+36-89-520-520&lt;\\\/td&gt;\\n&lt;\\\/tr&gt;\\n&lt;tr&gt;\\n&lt;td class=\\&quot;pFax left\\&quot;&gt;Fax:&lt;\\\/td&gt;\\n&lt;td class=\\&quot;pFax right\\&quot;&gt;+36-89-520-538&lt;\\\/td&gt;\\n&lt;\\\/tr&gt;\\n&lt;tr&gt;\\n&lt;td class=\\&quot;pEmail left\\&quot;&gt;Email c\\u00edm:&lt;\\\/td&gt;\\n&lt;td class=\\&quot;pEmail right\\&quot;&gt;skoda2.papa@leier.hu&lt;\\\/td&gt;\\n&lt;\\\/tr&gt;\\n&lt;tr&gt;\\n&lt;td class=\\&quot;pWeb left\\&quot;&gt;Web :&lt;\\\/td&gt;\\n&lt;td class=\\&quot;pWeb right\\&quot;&gt;&lt;a href=\\&quot;http:\\\/\\\/www.leierandco.hu\\\/\\&quot; target=\\&quot;_blank\\&quot; rel=\\&quot;noopener\\&quot;&gt;www.leierandco.hu&lt;\\\/a&gt;&lt;\\\/td&gt;\\n&lt;\\\/tr&gt;\\n&lt;\\\/tbody&gt;\\n&lt;\\\/table&gt;&quot;,&quot;infoSelectedEditor&quot;:&quot;html&quot;,&quot;infoMaxWidth&quot;:&quot;&quot;,&quot;customMarkerIcon&quot;:0,&quot;customMarkerIconSize&quot;:&quot;&quot;},{&quot;place&quot;:&quot;8200, Veszpr\\u00e9m, Gladsaxe u. 4.&quot;,&quot;info&quot;:&quot;&lt;table id=\\&quot;infoTable\\&quot; cellspacing=\\&quot;0\\&quot;&gt;\\n&lt;tbody&gt;\\n&lt;tr&gt;\\n&lt;td class=\\&quot;pNev\\&quot; colspan=\\&quot;2\\&quot;&gt;&lt;strong&gt;Piedl Kft.&lt;\\\/strong&gt;&lt;\\\/td&gt;\\n&lt;\\\/tr&gt;\\n&lt;tr&gt;\\n&lt;td class=\\&quot;pCim\\&quot; colspan=\\&quot;2\\&quot;&gt;8200, Veszpr\\u00e9m, Gladsaxe u. 4.&lt;\\\/td&gt;\\n&lt;\\\/tr&gt;\\n&lt;tr&gt;\\n&lt;td class=\\&quot;pTelefon left\\&quot;&gt;Telefonsz\\u00e1m:&lt;\\\/td&gt;\\n&lt;td class=\\&quot;pTelefon right\\&quot;&gt;+36-88-576-500&lt;\\\/td&gt;\\n&lt;\\\/tr&gt;\\n&lt;tr&gt;\\n&lt;td class=\\&quot;pFax left\\&quot;&gt;Fax:&lt;\\\/td&gt;\\n&lt;td class=\\&quot;pFax right\\&quot;&gt;+36-88-576-501&lt;\\\/td&gt;\\n&lt;\\\/tr&gt;\\n&lt;tr&gt;\\n&lt;td class=\\&quot;pEmail left\\&quot;&gt;Email c\\u00edm:&lt;\\\/td&gt;\\n&lt;td class=\\&quot;pEmail right\\&quot;&gt;skoda@autopiedl.hu&lt;\\\/td&gt;\\n&lt;\\\/tr&gt;\\n&lt;tr&gt;\\n&lt;td class=\\&quot;pWeb left\\&quot;&gt;Web :&lt;\\\/td&gt;\\n&lt;td class=\\&quot;pWeb right\\&quot;&gt;&lt;a href=\\&quot;http:\\\/\\\/www.autopiedl.hu\\\/\\&quot; target=\\&quot;_blank\\&quot; rel=\\&quot;noopener\\&quot;&gt;www.autopiedl.hu&lt;\\\/a&gt;&lt;\\\/td&gt;\\n&lt;\\\/tr&gt;\\n&lt;\\\/tbody&gt;\\n&lt;\\\/table&gt;&quot;,&quot;infoSelectedEditor&quot;:&quot;html&quot;,&quot;infoMaxWidth&quot;:&quot;&quot;,&quot;customMarkerIcon&quot;:0,&quot;customMarkerIconSize&quot;:&quot;&quot;},{&quot;place&quot;:&quot;8000, Sz\\u00e9kesfeh\\u00e9rv\\u00e1r, \\u00daj Cs\\u00f3ri \\u00fat 116.&quot;,&quot;info&quot;:&quot;&lt;table id=\\&quot;infoTable\\&quot; cellspacing=\\&quot;0\\&quot;&gt;\\n&lt;tbody&gt;\\n&lt;tr&gt;\\n&lt;td class=\\&quot;pNev\\&quot; colspan=\\&quot;2\\&quot;&gt;&lt;strong&gt;WolfAuto Kft. Sz\\u00e9kesfeh\\u00e9rv\\u00e1r&lt;\\\/strong&gt;&lt;\\\/td&gt;\\n&lt;\\\/tr&gt;\\n&lt;tr&gt;\\n&lt;td class=\\&quot;pCim\\&quot; colspan=\\&quot;2\\&quot;&gt;8000, Sz\\u00e9kesfeh\\u00e9rv\\u00e1r, \\u00daj Cs\\u00f3ri \\u00fat 116.&lt;\\\/td&gt;\\n&lt;\\\/tr&gt;\\n&lt;tr&gt;\\n&lt;td class=\\&quot;pTelefon left\\&quot;&gt;Telefonsz\\u00e1m:&lt;\\\/td&gt;\\n&lt;td class=\\&quot;pTelefon right\\&quot;&gt;+36-22-512-860&lt;\\\/td&gt;\\n&lt;\\\/tr&gt;\\n&lt;tr&gt;\\n&lt;td class=\\&quot;pFax left\\&quot;&gt;Fax:&lt;\\\/td&gt;\\n&lt;td class=\\&quot;pFax right\\&quot;&gt;+36-22-512-867&lt;\\\/td&gt;\\n&lt;\\\/tr&gt;\\n&lt;tr&gt;\\n&lt;td class=\\&quot;pEmail left\\&quot;&gt;Email c\\u00edm:&lt;\\\/td&gt;\\n&lt;td class=\\&quot;pEmail right\\&quot;&gt;wolfauto@wolfauto.hu&lt;\\\/td&gt;\\n&lt;\\\/tr&gt;\\n&lt;tr&gt;\\n&lt;td class=\\&quot;pWeb left\\&quot;&gt;Web :&lt;\\\/td&gt;\\n&lt;td class=\\&quot;pWeb right\\&quot;&gt;&lt;a href=\\&quot;http:\\\/\\\/www.wolfauto.hu\\\/\\&quot; target=\\&quot;_blank\\&quot; rel=\\&quot;noopener\\&quot;&gt;www.wolfauto.hu&lt;\\\/a&gt;&lt;\\\/td&gt;\\n&lt;\\\/tr&gt;\\n&lt;\\\/tbody&gt;\\n&lt;\\\/table&gt;&quot;,&quot;infoSelectedEditor&quot;:&quot;html&quot;,&quot;infoMaxWidth&quot;:&quot;&quot;,&quot;customMarkerIcon&quot;:0,&quot;customMarkerIconSize&quot;:&quot;&quot;},{&quot;place&quot;:&quot;7400, Kaposv\\u00e1r, \\u00c1rp\\u00e1d u. 37-39.&quot;,&quot;info&quot;:&quot;&lt;table id=\\&quot;infoTable\\&quot; cellspacing=\\&quot;0\\&quot;&gt;\\n&lt;tbody&gt;\\n&lt;tr&gt;\\n&lt;td class=\\&quot;pNev\\&quot; colspan=\\&quot;2\\&quot;&gt;&lt;strong&gt;SPIRIT AUTO Kft.&lt;\\\/strong&gt;&lt;\\\/td&gt;\\n&lt;\\\/tr&gt;\\n&lt;tr&gt;\\n&lt;td class=\\&quot;pCim\\&quot; colspan=\\&quot;2\\&quot;&gt;7400, Kaposv\\u00e1r, \\u00c1rp\\u00e1d u. 37-39.&lt;\\\/td&gt;\\n&lt;\\\/tr&gt;\\n&lt;tr&gt;\\n&lt;td class=\\&quot;pTelefon left\\&quot;&gt;Telefonsz\\u00e1m:&lt;\\\/td&gt;\\n&lt;td class=\\&quot;pTelefon right\\&quot;&gt;+36-82-529-580&lt;\\\/td&gt;\\n&lt;\\\/tr&gt;\\n&lt;tr&gt;\\n&lt;td class=\\&quot;pFax left\\&quot;&gt;Fax:&lt;\\\/td&gt;\\n&lt;td class=\\&quot;pFax right\\&quot;&gt;+36-82-529-589&lt;\\\/td&gt;\\n&lt;\\\/tr&gt;\\n&lt;tr&gt;\\n&lt;td class=\\&quot;pEmail left\\&quot;&gt;Email c\\u00edm:&lt;\\\/td&gt;\\n&lt;td class=\\&quot;pEmail right\\&quot;&gt;info@spiritauto.hu&lt;\\\/td&gt;\\n&lt;\\\/tr&gt;\\n&lt;tr&gt;\\n&lt;td class=\\&quot;pWeb left\\&quot;&gt;Web :&lt;\\\/td&gt;\\n&lt;td class=\\&quot;pWeb right\\&quot;&gt;&lt;a href=\\&quot;http:\\\/\\\/www.spiritauto.hu\\\/\\&quot; target=\\&quot;_blank\\&quot; rel=\\&quot;noopener\\&quot;&gt;www.spiritauto.hu&lt;\\\/a&gt;&lt;\\\/td&gt;\\n&lt;\\\/tr&gt;\\n&lt;\\\/tbody&gt;\\n&lt;\\\/table&gt;&quot;,&quot;infoSelectedEditor&quot;:&quot;html&quot;,&quot;infoMaxWidth&quot;:&quot;&quot;,&quot;customMarkerIcon&quot;:0,&quot;customMarkerIconSize&quot;:&quot;&quot;},{&quot;place&quot;:&quot;7100, Szeksz\\u00e1rd, B\\u00e1tasz\\u00e9ki \\u00fat 130.&quot;,&quot;info&quot;:&quot;&lt;table id=\\&quot;infoTable\\&quot; cellspacing=\\&quot;0\\&quot;&gt;\\n&lt;tbody&gt;\\n&lt;tr&gt;\\n&lt;td class=\\&quot;pNev\\&quot; colspan=\\&quot;2\\&quot;&gt;&lt;strong&gt;Alisca Aut\\u00f3centrum Kft.&lt;\\\/strong&gt;&lt;\\\/td&gt;\\n&lt;\\\/tr&gt;\\n&lt;tr&gt;\\n&lt;td class=\\&quot;pCim\\&quot; colspan=\\&quot;2\\&quot;&gt;7100, Szeksz\\u00e1rd, B\\u00e1tasz\\u00e9ki \\u00fat 130.&lt;\\\/td&gt;\\n&lt;\\\/tr&gt;\\n&lt;tr&gt;\\n&lt;td class=\\&quot;pTelefon left\\&quot;&gt;Telefonsz\\u00e1m:&lt;\\\/td&gt;\\n&lt;td class=\\&quot;pTelefon right\\&quot;&gt;+36-74-528-270&lt;\\\/td&gt;\\n&lt;\\\/tr&gt;\\n&lt;tr&gt;\\n&lt;td class=\\&quot;pFax left\\&quot;&gt;Fax:&lt;\\\/td&gt;\\n&lt;td class=\\&quot;pFax right\\&quot;&gt;+36-74-528-279&lt;\\\/td&gt;\\n&lt;\\\/tr&gt;\\n&lt;tr&gt;\\n&lt;td class=\\&quot;pEmail left\\&quot;&gt;Email c\\u00edm:&lt;\\\/td&gt;\\n&lt;td class=\\&quot;pEmail right\\&quot;&gt;skoda@aliscaauto.hu&lt;\\\/td&gt;\\n&lt;\\\/tr&gt;\\n&lt;tr&gt;\\n&lt;td class=\\&quot;pWeb left\\&quot;&gt;Web :&lt;\\\/td&gt;\\n&lt;td class=\\&quot;pWeb right\\&quot;&gt;&lt;a href=\\&quot;http:\\\/\\\/www.aliscaauto.hu\\\/\\&quot; target=\\&quot;_blank\\&quot; rel=\\&quot;noopener\\&quot;&gt;www.aliscaauto.hu&lt;\\\/a&gt;&lt;\\\/td&gt;\\n&lt;\\\/tr&gt;\\n&lt;\\\/tbody&gt;\\n&lt;\\\/table&gt;&quot;,&quot;infoSelectedEditor&quot;:&quot;html&quot;,&quot;infoMaxWidth&quot;:&quot;&quot;,&quot;customMarkerIcon&quot;:0,&quot;customMarkerIconSize&quot;:&quot;&quot;},{&quot;place&quot;:&quot;7629, P\\u00e9cs, Schroll J\\u00f3zsef u. 3.&quot;,&quot;info&quot;:&quot;&lt;table id=\\&quot;infoTable\\&quot; cellspacing=\\&quot;0\\&quot;&gt;\\n&lt;tbody&gt;\\n&lt;tr&gt;\\n&lt;td class=\\&quot;pNev\\&quot; colspan=\\&quot;2\\&quot;&gt;&lt;strong&gt;AutoCity Zrt.&lt;\\\/strong&gt;&lt;\\\/td&gt;\\n&lt;\\\/tr&gt;\\n&lt;tr&gt;\\n&lt;td class=\\&quot;pCim\\&quot; colspan=\\&quot;2\\&quot;&gt;7629, P\\u00e9cs, Schroll J\\u00f3zsef u. 3.&lt;\\\/td&gt;\\n&lt;\\\/tr&gt;\\n&lt;tr&gt;\\n&lt;td class=\\&quot;pTelefon left\\&quot;&gt;Telefonsz\\u00e1m:&lt;\\\/td&gt;\\n&lt;td class=\\&quot;pTelefon right\\&quot;&gt;+36-72-550-503&lt;\\\/td&gt;\\n&lt;\\\/tr&gt;\\n&lt;tr&gt;\\n&lt;td class=\\&quot;pFax left\\&quot;&gt;Fax:&lt;\\\/td&gt;\\n&lt;td class=\\&quot;pFax right\\&quot;&gt;+36-72-550-501&lt;\\\/td&gt;\\n&lt;\\\/tr&gt;\\n&lt;tr&gt;\\n&lt;td class=\\&quot;pEmail left\\&quot;&gt;Email c\\u00edm:&lt;\\\/td&gt;\\n&lt;td class=\\&quot;pEmail right\\&quot;&gt;ertekesites@autocity.hu&lt;\\\/td&gt;\\n&lt;\\\/tr&gt;\\n&lt;tr&gt;\\n&lt;td class=\\&quot;pWeb left\\&quot;&gt;Web :&lt;\\\/td&gt;\\n&lt;td class=\\&quot;pWeb right\\&quot;&gt;&lt;a href=\\&quot;http:\\\/\\\/www.autocitypecs.hu\\\/\\&quot; target=\\&quot;_blank\\&quot; rel=\\&quot;noopener\\&quot;&gt;www.autocitypecs.hu&lt;\\\/a&gt;&lt;\\\/td&gt;\\n&lt;\\\/tr&gt;\\n&lt;\\\/tbody&gt;\\n&lt;\\\/table&gt;&quot;,&quot;infoSelectedEditor&quot;:&quot;html&quot;,&quot;infoMaxWidth&quot;:&quot;&quot;,&quot;customMarkerIcon&quot;:0,&quot;customMarkerIconSize&quot;:&quot;&quot;},{&quot;place&quot;:&quot;2500, Esztergom, T\\u00e1ti \\u00fat 27-28.&quot;,&quot;info&quot;:&quot;&lt;table id=\\&quot;infoTable\\&quot; cellspacing=\\&quot;0\\&quot;&gt;\\n&lt;tbody&gt;\\n&lt;tr&gt;\\n&lt;td class=\\&quot;pNev\\&quot; colspan=\\&quot;2\\&quot;&gt;&lt;strong&gt;Styevola \\u00e9s Fia Kft.&lt;\\\/strong&gt;&lt;\\\/td&gt;\\n&lt;\\\/tr&gt;\\n&lt;tr&gt;\\n&lt;td class=\\&quot;pCim\\&quot; colspan=\\&quot;2\\&quot;&gt;2500, Esztergom, T\\u00e1ti \\u00fat 27-28.&lt;\\\/td&gt;\\n&lt;\\\/tr&gt;\\n&lt;tr&gt;\\n&lt;td class=\\&quot;pTelefon left\\&quot;&gt;Telefonsz\\u00e1m:&lt;\\\/td&gt;\\n&lt;td class=\\&quot;pTelefon right\\&quot;&gt;+36-33-415-690&lt;\\\/td&gt;\\n&lt;\\\/tr&gt;\\n&lt;tr&gt;\\n&lt;td class=\\&quot;pFax left\\&quot;&gt;Fax:&lt;\\\/td&gt;\\n&lt;td class=\\&quot;pFax right\\&quot;&gt;+36-33-501-671&lt;\\\/td&gt;\\n&lt;\\\/tr&gt;\\n&lt;tr&gt;\\n&lt;td class=\\&quot;pEmail left\\&quot;&gt;Email c\\u00edm:&lt;\\\/td&gt;\\n&lt;td class=\\&quot;pEmail right\\&quot;&gt;info@styevolaesfia.hu&lt;\\\/td&gt;\\n&lt;\\\/tr&gt;\\n&lt;tr&gt;\\n&lt;td class=\\&quot;pWeb left\\&quot;&gt;Web :&lt;\\\/td&gt;\\n&lt;td class=\\&quot;pWeb right\\&quot;&gt;&lt;a href=\\&quot;http:\\\/\\\/www.styevolaesfia.hu\\\/\\&quot; target=\\&quot;_blank\\&quot; rel=\\&quot;noopener\\&quot;&gt;www.styevolaesfia.hu&lt;\\\/a&gt;&lt;\\\/td&gt;\\n&lt;\\\/tr&gt;\\n&lt;\\\/tbody&gt;\\n&lt;\\\/table&gt;&quot;,&quot;infoSelectedEditor&quot;:&quot;html&quot;,&quot;infoMaxWidth&quot;:&quot;&quot;,&quot;customMarkerIcon&quot;:0,&quot;customMarkerIconSize&quot;:&quot;&quot;},{&quot;place&quot;:&quot;6230, Soltvadkert, Kossuth \\u00fat 112.&quot;,&quot;info&quot;:&quot;&lt;table id=\\&quot;infoTable\\&quot; cellspacing=\\&quot;0\\&quot;&gt;\\n&lt;tbody&gt;\\n&lt;tr&gt;\\n&lt;td class=\\&quot;pNev\\&quot; colspan=\\&quot;2\\&quot;&gt;&lt;strong&gt;Aut\\u00f3cent Kft.&lt;\\\/strong&gt;&lt;\\\/td&gt;\\n&lt;\\\/tr&gt;\\n&lt;tr&gt;\\n&lt;td class=\\&quot;pCim\\&quot; colspan=\\&quot;2\\&quot;&gt;6230, Soltvadkert, Kossuth \\u00fat 112.&lt;\\\/td&gt;\\n&lt;\\\/tr&gt;\\n&lt;tr&gt;\\n&lt;td class=\\&quot;pTelefon left\\&quot;&gt;Telefonsz\\u00e1m:&lt;\\\/td&gt;\\n&lt;td class=\\&quot;pTelefon right\\&quot;&gt;+36-78-581-030&lt;\\\/td&gt;\\n&lt;\\\/tr&gt;\\n&lt;tr&gt;\\n&lt;td class=\\&quot;pFax left\\&quot;&gt;Fax:&lt;\\\/td&gt;\\n&lt;td class=\\&quot;pFax right\\&quot;&gt;+36-78-581-910&lt;\\\/td&gt;\\n&lt;\\\/tr&gt;\\n&lt;tr&gt;\\n&lt;td class=\\&quot;pEmail left\\&quot;&gt;Email c\\u00edm:&lt;\\\/td&gt;\\n&lt;td class=\\&quot;pEmail right\\&quot;&gt;kevesauto@kevesauto.hu&lt;\\\/td&gt;\\n&lt;\\\/tr&gt;\\n&lt;tr&gt;\\n&lt;td class=\\&quot;pWeb left\\&quot;&gt;Web :&lt;\\\/td&gt;\\n&lt;td class=\\&quot;pWeb right\\&quot;&gt;&lt;a href=\\&quot;http:\\\/\\\/www.kevesauto.hu\\\/\\&quot; target=\\&quot;_blank\\&quot; rel=\\&quot;noopener\\&quot;&gt;www.kevesauto.hu&lt;\\\/a&gt;&lt;\\\/td&gt;\\n&lt;\\\/tr&gt;\\n&lt;\\\/tbody&gt;\\n&lt;\\\/table&gt;&quot;,&quot;infoSelectedEditor&quot;:&quot;html&quot;,&quot;infoMaxWidth&quot;:&quot;&quot;,&quot;customMarkerIcon&quot;:0,&quot;customMarkerIconSize&quot;:&quot;&quot;},{&quot;place&quot;:&quot;6000, Kecskem\\u00e9t, Halasi \\u00fat 32.&quot;,&quot;info&quot;:&quot;&lt;table id=\\&quot;infoTable\\&quot; cellspacing=\\&quot;0\\&quot;&gt;\\n&lt;tbody&gt;\\n&lt;tr&gt;\\n&lt;td class=\\&quot;pNev\\&quot; colspan=\\&quot;2\\&quot;&gt;&lt;strong&gt;Brill Kft.&lt;\\\/strong&gt;&lt;\\\/td&gt;\\n&lt;\\\/tr&gt;\\n&lt;tr&gt;\\n&lt;td class=\\&quot;pCim\\&quot; colspan=\\&quot;2\\&quot;&gt;6000, Kecskem\\u00e9t, Halasi \\u00fat 32.&lt;\\\/td&gt;\\n&lt;\\\/tr&gt;\\n&lt;tr&gt;\\n&lt;td class=\\&quot;pTelefon left\\&quot;&gt;Telefonsz\\u00e1m:&lt;\\\/td&gt;\\n&lt;td class=\\&quot;pTelefon right\\&quot;&gt;+36-76-503-080&lt;\\\/td&gt;\\n&lt;\\\/tr&gt;\\n&lt;tr&gt;\\n&lt;td class=\\&quot;pFax left\\&quot;&gt;Fax:&lt;\\\/td&gt;\\n&lt;td class=\\&quot;pFax right\\&quot;&gt;+36-76-503-021&lt;\\\/td&gt;\\n&lt;\\\/tr&gt;\\n&lt;tr&gt;\\n&lt;td class=\\&quot;pEmail left\\&quot;&gt;Email c\\u00edm:&lt;\\\/td&gt;\\n&lt;td class=\\&quot;pEmail right\\&quot;&gt;skoda@brillkft.hu&lt;\\\/td&gt;\\n&lt;\\\/tr&gt;\\n&lt;tr&gt;\\n&lt;td class=\\&quot;pWeb left\\&quot;&gt;Web :&lt;\\\/td&gt;\\n&lt;td class=\\&quot;pWeb right\\&quot;&gt;&lt;a href=\\&quot;http:\\\/\\\/www.brillkft.hu\\\/\\&quot; target=\\&quot;_blank\\&quot; rel=\\&quot;noopener\\&quot;&gt;www.brillkft.hu&lt;\\\/a&gt;&lt;\\\/td&gt;\\n&lt;\\\/tr&gt;\\n&lt;\\\/tbody&gt;\\n&lt;\\\/table&gt;&quot;,&quot;infoSelectedEditor&quot;:&quot;html&quot;,&quot;infoMaxWidth&quot;:&quot;&quot;,&quot;customMarkerIcon&quot;:0,&quot;customMarkerIconSize&quot;:&quot;&quot;},{&quot;place&quot;:&quot;2700, Cegl\\u00e9d, Kos\\u00e1rhegyi \\u00fat 2.&quot;,&quot;info&quot;:&quot;&lt;table id=\\&quot;infoTable\\&quot; cellspacing=\\&quot;0\\&quot;&gt;\\n&lt;tbody&gt;\\n&lt;tr&gt;\\n&lt;td class=\\&quot;pNev\\&quot; colspan=\\&quot;2\\&quot;&gt;&lt;strong&gt;Cegl\\u00e9di Aut\\u00f3h\\u00e1z Kft.&lt;\\\/strong&gt;&lt;\\\/td&gt;\\n&lt;\\\/tr&gt;\\n&lt;tr&gt;\\n&lt;td class=\\&quot;pCim\\&quot; colspan=\\&quot;2\\&quot;&gt;2700, Cegl\\u00e9d, Kos\\u00e1rhegyi \\u00fat 2.&lt;\\\/td&gt;\\n&lt;\\\/tr&gt;\\n&lt;tr&gt;\\n&lt;td class=\\&quot;pTelefon left\\&quot;&gt;Telefonsz\\u00e1m:&lt;\\\/td&gt;\\n&lt;td class=\\&quot;pTelefon right\\&quot;&gt;+36-53-500-140&lt;\\\/td&gt;\\n&lt;\\\/tr&gt;\\n&lt;tr&gt;\\n&lt;td class=\\&quot;pFax left\\&quot;&gt;Fax:&lt;\\\/td&gt;\\n&lt;td class=\\&quot;pFax right\\&quot;&gt;+36-53-500-141&lt;\\\/td&gt;\\n&lt;\\\/tr&gt;\\n&lt;tr&gt;\\n&lt;td class=\\&quot;pEmail left\\&quot;&gt;Email c\\u00edm:&lt;\\\/td&gt;\\n&lt;td class=\\&quot;pEmail right\\&quot;&gt;ertekesites@autocegled.hu&lt;\\\/td&gt;\\n&lt;\\\/tr&gt;\\n&lt;tr&gt;\\n&lt;td class=\\&quot;pWeb left\\&quot;&gt;Web :&lt;\\\/td&gt;\\n&lt;td class=\\&quot;pWeb right\\&quot;&gt;&lt;a href=\\&quot;http:\\\/\\\/www.autocegled.hu\\\/\\&quot; target=\\&quot;_blank\\&quot; rel=\\&quot;noopener\\&quot;&gt;www.autocegled.hu&lt;\\\/a&gt;&lt;\\\/td&gt;\\n&lt;\\\/tr&gt;\\n&lt;\\\/tbody&gt;\\n&lt;\\\/table&gt;&quot;,&quot;infoSelectedEditor&quot;:&quot;html&quot;,&quot;infoMaxWidth&quot;:&quot;&quot;,&quot;customMarkerIcon&quot;:0,&quot;customMarkerIconSize&quot;:&quot;&quot;},{&quot;place&quot;:&quot;3200, Gy\\u00f6ngy\\u00f6s, Pesti \\u00fat 78.&quot;,&quot;info&quot;:&quot;&lt;table id=\\&quot;infoTable\\&quot; cellspacing=\\&quot;0\\&quot;&gt;\\n&lt;tbody&gt;\\n&lt;tr&gt;\\n&lt;td class=\\&quot;pNev\\&quot; colspan=\\&quot;2\\&quot;&gt;&lt;strong&gt;S\\u00e1ndor Aut\\u00f3h\\u00e1z Kft.&lt;\\\/strong&gt;&lt;\\\/td&gt;\\n&lt;\\\/tr&gt;\\n&lt;tr&gt;\\n&lt;td class=\\&quot;pCim\\&quot; colspan=\\&quot;2\\&quot;&gt;3200, Gy\\u00f6ngy\\u00f6s, Pesti \\u00fat 78.&lt;\\\/td&gt;\\n&lt;\\\/tr&gt;\\n&lt;tr&gt;\\n&lt;td class=\\&quot;pTelefon left\\&quot;&gt;Telefonsz\\u00e1m:&lt;\\\/td&gt;\\n&lt;td class=\\&quot;pTelefon right\\&quot;&gt;+36-37-315-515&lt;\\\/td&gt;\\n&lt;\\\/tr&gt;\\n&lt;tr&gt;\\n&lt;td class=\\&quot;pFax left\\&quot;&gt;Fax:&lt;\\\/td&gt;\\n&lt;td class=\\&quot;pFax right\\&quot;&gt;+36-37-502-170&lt;\\\/td&gt;\\n&lt;\\\/tr&gt;\\n&lt;tr&gt;\\n&lt;td class=\\&quot;pEmail left\\&quot;&gt;Email c\\u00edm:&lt;\\\/td&gt;\\n&lt;td class=\\&quot;pEmail right\\&quot;&gt;szalon@sandorauto.hu&lt;\\\/td&gt;\\n&lt;\\\/tr&gt;\\n&lt;tr&gt;\\n&lt;td class=\\&quot;pWeb left\\&quot;&gt;Web :&lt;\\\/td&gt;\\n&lt;td class=\\&quot;pWeb right\\&quot;&gt;&lt;a href=\\&quot;http:\\\/\\\/www.sandorauto.hu\\\/\\&quot; target=\\&quot;_blank\\&quot; rel=\\&quot;noopener\\&quot;&gt;www.sandorauto.hu&lt;\\\/a&gt;&lt;\\\/td&gt;\\n&lt;\\\/tr&gt;\\n&lt;\\\/tbody&gt;\\n&lt;\\\/table&gt;&quot;,&quot;infoSelectedEditor&quot;:&quot;html&quot;,&quot;infoMaxWidth&quot;:&quot;&quot;,&quot;customMarkerIcon&quot;:0,&quot;customMarkerIconSize&quot;:&quot;&quot;},{&quot;place&quot;:&quot;3516, Miskolc, Pesti \\u00fat 21.&quot;,&quot;info&quot;:&quot;&lt;table id=\\&quot;infoTable\\&quot; cellspacing=\\&quot;0\\&quot;&gt;\\n&lt;tbody&gt;\\n&lt;tr&gt;\\n&lt;td class=\\&quot;pNev\\&quot; colspan=\\&quot;2\\&quot;&gt;&lt;strong&gt;Miskolc Aut\\u00f3&lt;\\\/strong&gt;&lt;\\\/td&gt;\\n&lt;\\\/tr&gt;\\n&lt;tr&gt;\\n&lt;td class=\\&quot;pCim\\&quot; colspan=\\&quot;2\\&quot;&gt;3516, Miskolc, Pesti \\u00fat 21.&lt;\\\/td&gt;\\n&lt;\\\/tr&gt;\\n&lt;tr&gt;\\n&lt;td class=\\&quot;pTelefon left\\&quot;&gt;Telefonsz\\u00e1m:&lt;\\\/td&gt;\\n&lt;td class=\\&quot;pTelefon right\\&quot;&gt;+36-46-303-056&lt;\\\/td&gt;\\n&lt;\\\/tr&gt;\\n&lt;tr&gt;\\n&lt;td class=\\&quot;pEmail left\\&quot;&gt;Email c\\u00edm:&lt;\\\/td&gt;\\n&lt;td class=\\&quot;pEmail right\\&quot;&gt;info@miskolcauto.hu&lt;\\\/td&gt;\\n&lt;\\\/tr&gt;\\n&lt;tr&gt;\\n&lt;td class=\\&quot;pWeb left\\&quot;&gt;Web :&lt;\\\/td&gt;\\n&lt;td class=\\&quot;pWeb right\\&quot;&gt;&lt;a href=\\&quot;http:\\\/\\\/www.miskolcauto.hu\\\/\\&quot; target=\\&quot;_blank\\&quot; rel=\\&quot;noopener\\&quot;&gt;www.miskolcauto.hu&lt;\\\/a&gt;&lt;\\\/td&gt;\\n&lt;\\\/tr&gt;\\n&lt;\\\/tbody&gt;\\n&lt;\\\/table&gt;&quot;,&quot;infoSelectedEditor&quot;:&quot;html&quot;,&quot;infoMaxWidth&quot;:&quot;&quot;,&quot;customMarkerIcon&quot;:0,&quot;customMarkerIconSize&quot;:&quot;&quot;},{&quot;place&quot;:&quot;4030, Debrecen, Mikep\\u00e9rcsi \\u00fat 23-33.&quot;,&quot;info&quot;:&quot;&lt;table id=\\&quot;infoTable\\&quot; cellspacing=\\&quot;0\\&quot;&gt;\\n&lt;tbody&gt;\\n&lt;tr&gt;\\n&lt;td class=\\&quot;pNev\\&quot; colspan=\\&quot;2\\&quot;&gt;&lt;strong&gt;Debrecen Aut\\u00f3&lt;\\\/strong&gt;&lt;\\\/td&gt;\\n&lt;\\\/tr&gt;\\n&lt;tr&gt;\\n&lt;td class=\\&quot;pCim\\&quot; colspan=\\&quot;2\\&quot;&gt;4030, Debrecen, Mikep\\u00e9rcsi \\u00fat 23-33.&lt;\\\/td&gt;\\n&lt;\\\/tr&gt;\\n&lt;tr&gt;\\n&lt;td class=\\&quot;pTelefon left\\&quot;&gt;Telefonsz\\u00e1m:&lt;\\\/td&gt;\\n&lt;td class=\\&quot;pTelefon right\\&quot;&gt;+36 52 500 222&lt;\\\/td&gt;\\n&lt;\\\/tr&gt;\\n&lt;tr&gt;\\n&lt;td class=\\&quot;pFax left\\&quot;&gt;Fax:&lt;\\\/td&gt;\\n&lt;td class=\\&quot;pFax right\\&quot;&gt;+36 52 474 669&lt;\\\/td&gt;\\n&lt;\\\/tr&gt;\\n&lt;tr&gt;\\n&lt;td class=\\&quot;pEmail left\\&quot;&gt;Email c\\u00edm:&lt;\\\/td&gt;\\n&lt;td class=\\&quot;pEmail right\\&quot;&gt;info@debrecenauto.hu&lt;\\\/td&gt;\\n&lt;\\\/tr&gt;\\n&lt;tr&gt;\\n&lt;td class=\\&quot;pWeb left\\&quot;&gt;Web :&lt;\\\/td&gt;\\n&lt;td class=\\&quot;pWeb right\\&quot;&gt;&lt;a href=\\&quot;http:\\\/\\\/www.debrecenauto.hu\\\/\\&quot; target=\\&quot;_blank\\&quot; rel=\\&quot;noopener\\&quot;&gt;www.debrecenauto.hu&lt;\\\/a&gt;&lt;\\\/td&gt;\\n&lt;\\\/tr&gt;\\n&lt;\\\/tbody&gt;\\n&lt;\\\/table&gt;&quot;,&quot;infoSelectedEditor&quot;:&quot;html&quot;,&quot;infoMaxWidth&quot;:&quot;&quot;,&quot;customMarkerIcon&quot;:0,&quot;customMarkerIconSize&quot;:&quot;&quot;},{&quot;place&quot;:&quot;5000, Szolnok, Sz\\u00e9chenyi krt. 26.&quot;,&quot;info&quot;:&quot;&lt;table id=\\&quot;infoTable\\&quot; cellspacing=\\&quot;0\\&quot;&gt;\\n&lt;tbody&gt;\\n&lt;tr&gt;\\n&lt;td class=\\&quot;pNev\\&quot; colspan=\\&quot;2\\&quot;&gt;&lt;strong&gt;Juvenal Kft.&lt;\\\/strong&gt;&lt;\\\/td&gt;\\n&lt;\\\/tr&gt;\\n&lt;tr&gt;\\n&lt;td class=\\&quot;pCim\\&quot; colspan=\\&quot;2\\&quot;&gt;5000, Szolnok, Sz\\u00e9chenyi krt. 26.&lt;\\\/td&gt;\\n&lt;\\\/tr&gt;\\n&lt;tr&gt;\\n&lt;td class=\\&quot;pTelefon left\\&quot;&gt;Telefonsz\\u00e1m:&lt;\\\/td&gt;\\n&lt;td class=\\&quot;pTelefon right\\&quot;&gt;+36-56-516-160&lt;\\\/td&gt;\\n&lt;\\\/tr&gt;\\n&lt;tr&gt;\\n&lt;td class=\\&quot;pFax left\\&quot;&gt;Fax:&lt;\\\/td&gt;\\n&lt;td class=\\&quot;pFax right\\&quot;&gt;+36-56-516-179&lt;\\\/td&gt;\\n&lt;\\\/tr&gt;\\n&lt;tr&gt;\\n&lt;td class=\\&quot;pEmail left\\&quot;&gt;Email c\\u00edm:&lt;\\\/td&gt;\\n&lt;td class=\\&quot;pEmail right\\&quot;&gt;juvenal@juvenal.hu&lt;\\\/td&gt;\\n&lt;\\\/tr&gt;\\n&lt;tr&gt;\\n&lt;td class=\\&quot;pWeb left\\&quot;&gt;Web :&lt;\\\/td&gt;\\n&lt;td class=\\&quot;pWeb right\\&quot;&gt;&lt;a href=\\&quot;http:\\\/\\\/www.juvenal.hu\\\/\\&quot; target=\\&quot;_blank\\&quot; rel=\\&quot;noopener\\&quot;&gt;www.juvenal.hu&lt;\\\/a&gt;&lt;\\\/td&gt;\\n&lt;\\\/tr&gt;\\n&lt;\\\/tbody&gt;\\n&lt;\\\/table&gt;&quot;,&quot;infoSelectedEditor&quot;:&quot;html&quot;,&quot;infoMaxWidth&quot;:&quot;&quot;,&quot;customMarkerIcon&quot;:0,&quot;customMarkerIconSize&quot;:&quot;&quot;},{&quot;place&quot;:&quot;4400, Ny\\u00edregyh\\u00e1za, Tiszavasv\\u00e1ri \\u00fat 54.&quot;,&quot;info&quot;:&quot;&lt;table id=\\&quot;infoTable\\&quot; cellspacing=\\&quot;0\\&quot;&gt;\\n&lt;tbody&gt;\\n&lt;tr&gt;\\n&lt;td class=\\&quot;pNev\\&quot; colspan=\\&quot;2\\&quot;&gt;&lt;strong&gt;Valent Aut\\u00f3 Kft.&lt;\\\/strong&gt;&lt;\\\/td&gt;\\n&lt;\\\/tr&gt;\\n&lt;tr&gt;\\n&lt;td class=\\&quot;pCim\\&quot; colspan=\\&quot;2\\&quot;&gt;4400, Ny\\u00edregyh\\u00e1za, Tiszavasv\\u00e1ri \\u00fat 54.&lt;\\\/td&gt;\\n&lt;\\\/tr&gt;\\n&lt;tr&gt;\\n&lt;td class=\\&quot;pTelefon left\\&quot;&gt;Telefonsz\\u00e1m:&lt;\\\/td&gt;\\n&lt;td class=\\&quot;pTelefon right\\&quot;&gt;+36-42-420-771&lt;\\\/td&gt;\\n&lt;\\\/tr&gt;\\n&lt;tr&gt;\\n&lt;td class=\\&quot;pFax left\\&quot;&gt;Fax:&lt;\\\/td&gt;\\n&lt;td class=\\&quot;pFax right\\&quot;&gt;+36-42-420-716&lt;\\\/td&gt;\\n&lt;\\\/tr&gt;\\n&lt;tr&gt;\\n&lt;td class=\\&quot;pEmail left\\&quot;&gt;Email c\\u00edm:&lt;\\\/td&gt;\\n&lt;td class=\\&quot;pEmail right\\&quot;&gt;skodaertekesites@valentauto.hu&lt;\\\/td&gt;\\n&lt;\\\/tr&gt;\\n&lt;tr&gt;\\n&lt;td class=\\&quot;pWeb left\\&quot;&gt;Web :&lt;\\\/td&gt;\\n&lt;td class=\\&quot;pWeb right\\&quot;&gt;&lt;a href=\\&quot;http:\\\/\\\/www.valentauto.hu\\\/\\&quot; target=\\&quot;_blank\\&quot; rel=\\&quot;noopener\\&quot;&gt;www.valentauto.hu&lt;\\\/a&gt;&lt;\\\/td&gt;\\n&lt;\\\/tr&gt;\\n&lt;\\\/tbody&gt;\\n&lt;\\\/table&gt;&quot;,&quot;infoSelectedEditor&quot;:&quot;html&quot;,&quot;infoMaxWidth&quot;:&quot;&quot;,&quot;customMarkerIcon&quot;:0,&quot;customMarkerIconSize&quot;:&quot;&quot;},{&quot;place&quot;:&quot;4400, Ny\\u00edregyh\\u00e1za, R\\u00e1k\\u00f3czi u. 60.&quot;,&quot;info&quot;:&quot;&lt;table id=\\&quot;infoTable\\&quot; cellspacing=\\&quot;0\\&quot;&gt;\\n&lt;tbody&gt;\\n&lt;tr&gt;\\n&lt;td class=\\&quot;pNev\\&quot; colspan=\\&quot;2\\&quot;&gt;P&lt;strong&gt;lat\\u00e1n Aut\\u00f3h\\u00e1z Kft. Ny\\u00edregyh\\u00e1za&lt;\\\/strong&gt;&lt;\\\/td&gt;\\n&lt;\\\/tr&gt;\\n&lt;tr&gt;\\n&lt;td class=\\&quot;pCim\\&quot; colspan=\\&quot;2\\&quot;&gt;4400, Ny\\u00edregyh\\u00e1za, R\\u00e1k\\u00f3czi u. 60.&lt;\\\/td&gt;\\n&lt;\\\/tr&gt;\\n&lt;tr&gt;\\n&lt;td class=\\&quot;pTelefon left\\&quot;&gt;Telefonsz\\u00e1m:&lt;\\\/td&gt;\\n&lt;td class=\\&quot;pTelefon right\\&quot;&gt;+36-42-501-700&lt;\\\/td&gt;\\n&lt;\\\/tr&gt;\\n&lt;tr&gt;\\n&lt;td class=\\&quot;pFax left\\&quot;&gt;Fax:&lt;\\\/td&gt;\\n&lt;td class=\\&quot;pFax right\\&quot;&gt;+36-42-501-707&lt;\\\/td&gt;\\n&lt;\\\/tr&gt;\\n&lt;tr&gt;\\n&lt;td class=\\&quot;pEmail left\\&quot;&gt;Email c\\u00edm:&lt;\\\/td&gt;\\n&lt;td class=\\&quot;pEmail right\\&quot;&gt;platan@platanautohaz.hu&lt;\\\/td&gt;\\n&lt;\\\/tr&gt;\\n&lt;tr&gt;\\n&lt;td class=\\&quot;pWeb left\\&quot;&gt;Web :&lt;\\\/td&gt;\\n&lt;td class=\\&quot;pWeb right\\&quot;&gt;&lt;a href=\\&quot;http:\\\/\\\/www.platanautohaz.hu\\\/\\&quot; target=\\&quot;_blank\\&quot; rel=\\&quot;noopener\\&quot;&gt;www.platanautohaz.hu&lt;\\\/a&gt;&lt;\\\/td&gt;\\n&lt;\\\/tr&gt;\\n&lt;\\\/tbody&gt;\\n&lt;\\\/table&gt;&quot;,&quot;infoSelectedEditor&quot;:&quot;html&quot;,&quot;infoMaxWidth&quot;:&quot;&quot;,&quot;customMarkerIcon&quot;:0,&quot;customMarkerIconSize&quot;:&quot;&quot;},{&quot;place&quot;:&quot;5600, B\\u00e9k\\u00e9scsaba, Szarvasi \\u00fat 74.&quot;,&quot;info&quot;:&quot;&lt;table id=\\&quot;infoTable\\&quot; cellspacing=\\&quot;0\\&quot;&gt;\\n&lt;tbody&gt;\\n&lt;tr&gt;\\n&lt;td class=\\&quot;pNev\\&quot; colspan=\\&quot;2\\&quot;&gt;&lt;strong&gt;AutoMobil K\\u00f6r\\u00f6s Kft.&lt;\\\/strong&gt;&lt;\\\/td&gt;\\n&lt;\\\/tr&gt;\\n&lt;tr&gt;\\n&lt;td class=\\&quot;pCim\\&quot; colspan=\\&quot;2\\&quot;&gt;5600, B\\u00e9k\\u00e9scsaba, Szarvasi \\u00fat 74.&lt;\\\/td&gt;\\n&lt;\\\/tr&gt;\\n&lt;tr&gt;\\n&lt;td class=\\&quot;pTelefon left\\&quot;&gt;Telefonsz\\u00e1m:&lt;\\\/td&gt;\\n&lt;td class=\\&quot;pTelefon right\\&quot;&gt;+36 66 529 100&lt;\\\/td&gt;\\n&lt;\\\/tr&gt;\\n&lt;tr&gt;\\n&lt;td class=\\&quot;pEmail left\\&quot;&gt;Email c\\u00edm:&lt;\\\/td&gt;\\n&lt;td class=\\&quot;pEmail right\\&quot;&gt;autokoros@autokoros.hu&lt;\\\/td&gt;\\n&lt;\\\/tr&gt;\\n&lt;tr&gt;\\n&lt;td class=\\&quot;pWeb left\\&quot;&gt;Web :&lt;\\\/td&gt;\\n&lt;td class=\\&quot;pWeb right\\&quot;&gt;&lt;a href=\\&quot;http:\\\/\\\/www.autokoros.hu\\\/\\&quot; target=\\&quot;_blank\\&quot; rel=\\&quot;noopener\\&quot;&gt;www.autokoros.hu&lt;\\\/a&gt;&lt;\\\/td&gt;\\n&lt;\\\/tr&gt;\\n&lt;\\\/tbody&gt;\\n&lt;\\\/table&gt;&quot;,&quot;infoSelectedEditor&quot;:&quot;html&quot;,&quot;infoMaxWidth&quot;:&quot;&quot;,&quot;customMarkerIcon&quot;:0,&quot;customMarkerIconSize&quot;:&quot;&quot;},{&quot;place&quot;:&quot;1139, Budapest, F\\u00e1y u. 27.&quot;,&quot;info&quot;:&quot;&lt;table id=\\&quot;infoTable\\&quot; cellspacing=\\&quot;0\\&quot;&gt;\\n&lt;tbody&gt;\\n&lt;tr&gt;\\n&lt;td class=\\&quot;pNev\\&quot; colspan=\\&quot;2\\&quot;&gt;&lt;strong&gt;Porsche Pest&lt;\\\/strong&gt;&lt;\\\/td&gt;\\n&lt;\\\/tr&gt;\\n&lt;tr&gt;\\n&lt;td class=\\&quot;pCim\\&quot; colspan=\\&quot;2\\&quot;&gt;1139, Budapest, F\\u00e1y u. 27.&lt;\\\/td&gt;\\n&lt;\\\/tr&gt;\\n&lt;tr&gt;\\n&lt;td class=\\&quot;pTelefon left\\&quot;&gt;Telefonsz\\u00e1m:&lt;\\\/td&gt;\\n&lt;td class=\\&quot;pTelefon right\\&quot;&gt;+36-1-4515-460&lt;\\\/td&gt;\\n&lt;\\\/tr&gt;\\n&lt;tr&gt;\\n&lt;td class=\\&quot;pFax left\\&quot;&gt;Fax:&lt;\\\/td&gt;\\n&lt;td class=\\&quot;pFax right\\&quot;&gt;+36-1-4515-522&lt;\\\/td&gt;\\n&lt;\\\/tr&gt;\\n&lt;tr&gt;\\n&lt;td class=\\&quot;pEmail left\\&quot;&gt;Email c\\u00edm:&lt;\\\/td&gt;\\n&lt;td class=\\&quot;pEmail right\\&quot;&gt;info@porschepest.hu&lt;\\\/td&gt;\\n&lt;\\\/tr&gt;\\n&lt;tr&gt;\\n&lt;td class=\\&quot;pWeb left\\&quot;&gt;Web :&lt;\\\/td&gt;\\n&lt;td class=\\&quot;pWeb right\\&quot;&gt;&lt;a href=\\&quot;http:\\\/\\\/www.porschepest.hu\\\/\\&quot; target=\\&quot;_blank\\&quot; rel=\\&quot;noopener\\&quot;&gt;www.porschepest.hu&lt;\\\/a&gt;&lt;\\\/td&gt;\\n&lt;\\\/tr&gt;\\n&lt;\\\/tbody&gt;\\n&lt;\\\/table&gt;&quot;,&quot;infoSelectedEditor&quot;:&quot;html&quot;,&quot;infoMaxWidth&quot;:&quot;&quot;,&quot;customMarkerIcon&quot;:0,&quot;customMarkerIconSize&quot;:&quot;&quot;},{&quot;place&quot;:&quot;1154, Budapest, Szentmih\\u00e1lyi \\u00fat 142.&quot;,&quot;info&quot;:&quot;&lt;table id=\\&quot;infoTable\\&quot; cellspacing=\\&quot;0\\&quot;&gt;\\n&lt;tbody&gt;\\n&lt;tr&gt;\\n&lt;td class=\\&quot;pNev\\&quot; colspan=\\&quot;2\\&quot;&gt;\\u0160koda Schiller&lt;\\\/td&gt;\\n&lt;\\\/tr&gt;\\n&lt;tr&gt;\\n&lt;td class=\\&quot;pCim\\&quot; colspan=\\&quot;2\\&quot;&gt;1154, Budapest, Szentmih\\u00e1lyi \\u00fat 142.&lt;\\\/td&gt;\\n&lt;\\\/tr&gt;\\n&lt;tr&gt;\\n&lt;td class=\\&quot;pTelefon left\\&quot;&gt;Telefonsz\\u00e1m:&lt;\\\/td&gt;\\n&lt;td class=\\&quot;pTelefon right\\&quot;&gt;+36-1-415-3000&lt;\\\/td&gt;\\n&lt;\\\/tr&gt;\\n&lt;tr&gt;\\n&lt;td class=\\&quot;pFax left\\&quot;&gt;Fax:&lt;\\\/td&gt;\\n&lt;td class=\\&quot;pFax right\\&quot;&gt;+36-1-415-3030&lt;\\\/td&gt;\\n&lt;\\\/tr&gt;\\n&lt;tr&gt;\\n&lt;td class=\\&quot;pEmail left\\&quot;&gt;Email c\\u00edm:&lt;\\\/td&gt;\\n&lt;td class=\\&quot;pEmail right\\&quot;&gt;info.skoda@schiller.hu&lt;\\\/td&gt;\\n&lt;\\\/tr&gt;\\n&lt;tr&gt;\\n&lt;td class=\\&quot;pWeb left\\&quot;&gt;Web :&lt;\\\/td&gt;\\n&lt;td class=\\&quot;pWeb right\\&quot;&gt;&lt;a href=\\&quot;http:\\\/\\\/schiller.hu\\\/skoda\\&quot; target=\\&quot;_blank\\&quot; rel=\\&quot;noopener\\&quot;&gt;schiller.hu\\\/skoda&lt;\\\/a&gt;&lt;\\\/td&gt;\\n&lt;\\\/tr&gt;\\n&lt;\\\/tbody&gt;\\n&lt;\\\/table&gt;&quot;,&quot;infoSelectedEditor&quot;:&quot;html&quot;,&quot;infoMaxWidth&quot;:&quot;&quot;,&quot;customMarkerIcon&quot;:0,&quot;customMarkerIconSize&quot;:&quot;&quot;},{&quot;place&quot;:&quot;2100, G\\u00f6d\\u00f6ll\\u0151, Rig\\u00f3 u. 10.&quot;,&quot;info&quot;:&quot;&lt;table id=\\&quot;infoTable\\&quot; cellspacing=\\&quot;0\\&quot;&gt;\\n&lt;tbody&gt;\\n&lt;tr&gt;\\n&lt;td class=\\&quot;pNev\\&quot; colspan=\\&quot;2\\&quot;&gt;&lt;strong&gt;Pat\\u00f3cs Aut\\u00f3h\\u00e1z Kft.&lt;\\\/strong&gt;&lt;\\\/td&gt;\\n&lt;\\\/tr&gt;\\n&lt;tr&gt;\\n&lt;td class=\\&quot;pCim\\&quot; colspan=\\&quot;2\\&quot;&gt;2100, G\\u00f6d\\u00f6ll\\u0151, Rig\\u00f3 u. 10.&lt;\\\/td&gt;\\n&lt;\\\/tr&gt;\\n&lt;tr&gt;\\n&lt;td class=\\&quot;pTelefon left\\&quot;&gt;Telefonsz\\u00e1m:&lt;\\\/td&gt;\\n&lt;td class=\\&quot;pTelefon right\\&quot;&gt;+36-28-515-710&lt;\\\/td&gt;\\n&lt;\\\/tr&gt;\\n&lt;tr&gt;\\n&lt;td class=\\&quot;pFax left\\&quot;&gt;Fax:&lt;\\\/td&gt;\\n&lt;td class=\\&quot;pFax right\\&quot;&gt;+36-28-515-720&lt;\\\/td&gt;\\n&lt;\\\/tr&gt;\\n&lt;tr&gt;\\n&lt;td class=\\&quot;pEmail left\\&quot;&gt;Email c\\u00edm:&lt;\\\/td&gt;\\n&lt;td class=\\&quot;pEmail right\\&quot;&gt;skodaertekesites@patocsauto.hu&lt;\\\/td&gt;\\n&lt;\\\/tr&gt;\\n&lt;tr&gt;\\n&lt;td class=\\&quot;pWeb left\\&quot;&gt;Web :&lt;\\\/td&gt;\\n&lt;td class=\\&quot;pWeb right\\&quot;&gt;&lt;a href=\\&quot;http:\\\/\\\/www.patocsauto.hu\\\/\\&quot; target=\\&quot;_blank\\&quot; rel=\\&quot;noopener\\&quot;&gt;www.patocsauto.hu&lt;\\\/a&gt;&lt;\\\/td&gt;\\n&lt;\\\/tr&gt;\\n&lt;\\\/tbody&gt;\\n&lt;\\\/table&gt;&quot;,&quot;infoSelectedEditor&quot;:&quot;html&quot;,&quot;infoMaxWidth&quot;:&quot;&quot;,&quot;customMarkerIcon&quot;:0,&quot;customMarkerIconSize&quot;:&quot;&quot;},{&quot;place&quot;:&quot;1173, Budapest, Hajd\\u00facs\\u00e1rda u. 6-7.&quot;,&quot;info&quot;:&quot;&lt;table id=\\&quot;infoTable\\&quot; cellspacing=\\&quot;0\\&quot;&gt;\\n&lt;tbody&gt;\\n&lt;tr&gt;\\n&lt;td class=\\&quot;pNev\\&quot; colspan=\\&quot;2\\&quot;&gt;&lt;strong&gt;Aut\\u00f3 Derzbach Kft.&lt;\\\/strong&gt;&lt;\\\/td&gt;\\n&lt;\\\/tr&gt;\\n&lt;tr&gt;\\n&lt;td class=\\&quot;pCim\\&quot; colspan=\\&quot;2\\&quot;&gt;1173, Budapest, Hajd\\u00facs\\u00e1rda u. 6-7.&lt;\\\/td&gt;\\n&lt;\\\/tr&gt;\\n&lt;tr&gt;\\n&lt;td class=\\&quot;pTelefon left\\&quot;&gt;Telefonsz\\u00e1m:&lt;\\\/td&gt;\\n&lt;td class=\\&quot;pTelefon right\\&quot;&gt;+36-1-257-2122&lt;\\\/td&gt;\\n&lt;\\\/tr&gt;\\n&lt;tr&gt;\\n&lt;td class=\\&quot;pFax left\\&quot;&gt;Fax:&lt;\\\/td&gt;\\n&lt;td class=\\&quot;pFax right\\&quot;&gt;+36-1-253-7625&lt;\\\/td&gt;\\n&lt;\\\/tr&gt;\\n&lt;tr&gt;\\n&lt;td class=\\&quot;pEmail left\\&quot;&gt;Email c\\u00edm:&lt;\\\/td&gt;\\n&lt;td class=\\&quot;pEmail right\\&quot;&gt;ertekesites@autoderzbach.hu&lt;\\\/td&gt;\\n&lt;\\\/tr&gt;\\n&lt;tr&gt;\\n&lt;td class=\\&quot;pWeb left\\&quot;&gt;Web :&lt;\\\/td&gt;\\n&lt;td class=\\&quot;pWeb right\\&quot;&gt;&lt;a href=\\&quot;http:\\\/\\\/www.autoderzbach.hu\\\/\\&quot; target=\\&quot;_blank\\&quot; rel=\\&quot;noopener\\&quot;&gt;www.autoderzbach.hu&lt;\\\/a&gt;&lt;\\\/td&gt;\\n&lt;\\\/tr&gt;\\n&lt;\\\/tbody&gt;\\n&lt;\\\/table&gt;&quot;,&quot;infoSelectedEditor&quot;:&quot;html&quot;,&quot;infoMaxWidth&quot;:&quot;&quot;,&quot;customMarkerIcon&quot;:0,&quot;customMarkerIconSize&quot;:&quot;&quot;},{&quot;place&quot;:&quot;6600, Szentes, Csongr\\u00e1di \\u00fat 36.&quot;,&quot;info&quot;:&quot;&lt;table id=\\&quot;infoTable\\&quot; cellspacing=\\&quot;0\\&quot;&gt;\\n&lt;tbody&gt;\\n&lt;tr&gt;\\n&lt;td class=\\&quot;pNev\\&quot; colspan=\\&quot;2\\&quot;&gt;&lt;strong&gt;Vass Aut\\u00f3szerviz \\u00e9s Kereskedelmi Kft.&lt;\\\/strong&gt;&lt;\\\/td&gt;\\n&lt;\\\/tr&gt;\\n&lt;tr&gt;\\n&lt;td class=\\&quot;pCim\\&quot; colspan=\\&quot;2\\&quot;&gt;6600, Szentes, Csongr\\u00e1di \\u00fat 36.&lt;\\\/td&gt;\\n&lt;\\\/tr&gt;\\n&lt;tr&gt;\\n&lt;td class=\\&quot;pTelefon left\\&quot;&gt;Telefonsz\\u00e1m:&lt;\\\/td&gt;\\n&lt;td class=\\&quot;pTelefon right\\&quot;&gt;+36-63-400-193&lt;\\\/td&gt;\\n&lt;\\\/tr&gt;\\n&lt;tr&gt;\\n&lt;td class=\\&quot;pFax left\\&quot;&gt;Fax:&lt;\\\/td&gt;\\n&lt;td class=\\&quot;pFax right\\&quot;&gt;+36-63-401-599&lt;\\\/td&gt;\\n&lt;\\\/tr&gt;\\n&lt;tr&gt;\\n&lt;td class=\\&quot;pEmail left\\&quot;&gt;Email c\\u00edm:&lt;\\\/td&gt;\\n&lt;td class=\\&quot;pEmail right\\&quot;&gt;vassauto@vassauto.hu&lt;\\\/td&gt;\\n&lt;\\\/tr&gt;\\n&lt;tr&gt;\\n&lt;td class=\\&quot;pWeb left\\&quot;&gt;Web :&lt;\\\/td&gt;\\n&lt;td class=\\&quot;pWeb right\\&quot;&gt;&lt;a href=\\&quot;http:\\\/\\\/www.vassauto.hu\\\/\\&quot; target=\\&quot;_blank\\&quot; rel=\\&quot;noopener\\&quot;&gt;www.vassauto.hu&lt;\\\/a&gt;&lt;\\\/td&gt;\\n&lt;\\\/tr&gt;\\n&lt;\\\/tbody&gt;\\n&lt;\\\/table&gt;&quot;,&quot;infoSelectedEditor&quot;:&quot;html&quot;,&quot;infoMaxWidth&quot;:&quot;&quot;,&quot;customMarkerIcon&quot;:0,&quot;customMarkerIconSize&quot;:&quot;&quot;}],&quot;mapName&quot;:&quot;Custom Map&quot;,&quot;mapStyles&quot;:[{&quot;featureType&quot;:&quot;all&quot;,&quot;elementType&quot;:&quot;geometry.fill&quot;,&quot;stylers&quot;:[{&quot;color&quot;:&quot;#ffffff&quot;},{&quot;visibility&quot;:&quot;simplified&quot;}]},{&quot;featureType&quot;:&quot;administrative&quot;,&quot;elementType&quot;:&quot;labels.text.fill&quot;,&quot;stylers&quot;:[{&quot;color&quot;:&quot;#444444&quot;}]},{&quot;featureType&quot;:&quot;landscape&quot;,&quot;elementType&quot;:&quot;all&quot;,&quot;stylers&quot;:[{&quot;color&quot;:&quot;#f2f2f2&quot;}]},{&quot;featureType&quot;:&quot;poi&quot;,&quot;elementType&quot;:&quot;all&quot;,&quot;stylers&quot;:[{&quot;visibility&quot;:&quot;off&quot;}]},{&quot;featureType&quot;:&quot;road&quot;,&quot;elementType&quot;:&quot;all&quot;,&quot;stylers&quot;:[{&quot;saturation&quot;:-100},{&quot;lightness&quot;:45}]},{&quot;featureType&quot;:&quot;road.highway&quot;,&quot;elementType&quot;:&quot;all&quot;,&quot;stylers&quot;:[{&quot;visibility&quot;:&quot;simplified&quot;}]},{&quot;featureType&quot;:&quot;road.arterial&quot;,&quot;elementType&quot;:&quot;labels.icon&quot;,&quot;stylers&quot;:[{&quot;visibility&quot;:&quot;off&quot;}]},{&quot;featureType&quot;:&quot;transit&quot;,&quot;elementType&quot;:&quot;all&quot;,&quot;stylers&quot;:[{&quot;visibility&quot;:&quot;off&quot;}]},{&quot;featureType&quot;:&quot;water&quot;,&quot;elementType&quot;:&quot;all&quot;,&quot;stylers&quot;:[{&quot;color&quot;:&quot;#B2DFEE&quot;},{&quot;visibility&quot;:&quot;on&quot;}]}],&quot;directions&quot;:&quot;&quot;,&quot;apiKey&quot;:&quot;AIzaSyDb4MF5GXCCeIGZHP7F7zz7MtSKghcirrs&quot;,&quot;breakpoint&quot;:780}\"\n\tdata-fallback-image=\"{&quot;img&quot;:&quot;&quot;}\"><\/div>\n<\/div><\/div><div id=\"panel-2147-0-0-6\" class=\"so-panel widget widget_sow-editor\" data-index=\"6\" ><div class=\"panel-widget-style panel-widget-style-for-2147-0-0-6\" ><div\n\t\t\t\n\t\t\tclass=\"so-widget-sow-editor so-widget-sow-editor-base\"\n\t\t\t\n\t\t>\n<div class=\"siteorigin-widget-tinymce textwidget\">\n\t<h3 style=\"text-align: center; margin: 0 auto;\"><strong>Partnereink<\/strong><\/h3>\n<\/div>\n<\/div><\/div><\/div><div id=\"panel-2147-0-0-7\" class=\"so-panel widget widget_siteorigin-panels-builder\" data-index=\"7\" ><div id=\"pl-w5bf4337c6394a\"  class=\"panel-layout\" ><div id=\"pg-w5bf4337c6394a-0\"  class=\"panel-grid panel-has-style\" ><div class=\"panel-row-style panel-row-style-for-w5bf4337c6394a-0\" ><div id=\"pgc-w5bf4337c6394a-0-0\"  class=\"panel-grid-cell\" ><div id=\"panel-w5bf4337c6394a-0-0-0\" class=\"so-panel widget widget_sow-image panel-first-child panel-last-child\" data-index=\"0\" ><div\n\t\t\t\n\t\t\tclass=\"so-widget-sow-image so-widget-sow-image-default-c67d20f9f743\"\n\t\t\t\n\t\t>\n<div class=\"sow-image-container\">\n\t\t\t<a href=\"http:\/\/bbm.hu\/\"\n\t\t\ttarget=\"_blank\" rel=\"noopener noreferrer\" \t\t>\n\t\t\t<img loading=\"lazy\" decoding=\"async\" src=\"https:\/\/d2p6e6u75xmxt8.cloudfront.net\/12\/2018\/11\/bbm.png\" width=\"119\" height=\"111\" sizes=\"auto, (max-width: 119px) 100vw, 119px\" alt=\"\" \t\tclass=\"so-widget-image\"\/>\n\t<\/a><\/div>\n\n<\/div><\/div><\/div><div id=\"pgc-w5bf4337c6394a-0-1\"  class=\"panel-grid-cell\" ><div id=\"panel-w5bf4337c6394a-0-1-0\" class=\"so-panel widget widget_sow-image panel-first-child panel-last-child\" data-index=\"1\" ><div\n\t\t\t\n\t\t\tclass=\"so-widget-sow-image so-widget-sow-image-default-c67d20f9f743\"\n\t\t\t\n\t\t>\n<div class=\"sow-image-container\">\n\t\t\t<a href=\"https:\/\/www.trecikli.com\/\"\n\t\t\ttarget=\"_blank\" rel=\"noopener noreferrer\" \t\t>\n\t\t\t<img loading=\"lazy\" decoding=\"async\" src=\"https:\/\/d2p6e6u75xmxt8.cloudfront.net\/12\/2018\/11\/tre.png\" width=\"119\" height=\"110\" sizes=\"auto, (max-width: 119px) 100vw, 119px\" alt=\"\" \t\tclass=\"so-widget-image\"\/>\n\t<\/a><\/div>\n\n<\/div><\/div><\/div><div id=\"pgc-w5bf4337c6394a-0-2\"  class=\"panel-grid-cell\" ><div id=\"panel-w5bf4337c6394a-0-2-0\" class=\"so-panel widget widget_sow-image panel-first-child panel-last-child\" data-index=\"2\" ><div\n\t\t\t\n\t\t\tclass=\"so-widget-sow-image so-widget-sow-image-default-c67d20f9f743\"\n\t\t\t\n\t\t>\n<div class=\"sow-image-container\">\n\t\t\t<a href=\"https:\/\/www.skoda.hu\/\"\n\t\t\ttarget=\"_blank\" rel=\"noopener noreferrer\" \t\t>\n\t\t\t<img loading=\"lazy\" decoding=\"async\" src=\"https:\/\/d2p6e6u75xmxt8.cloudfront.net\/12\/2018\/11\/skoda.png\" width=\"139\" height=\"117\" sizes=\"auto, (max-width: 139px) 100vw, 139px\" alt=\"\" \t\tclass=\"so-widget-image\"\/>\n\t<\/a><\/div>\n\n<\/div><\/div><\/div><\/div><\/div><\/div><\/div><div id=\"panel-2147-0-0-8\" class=\"so-panel widget widget_sow-editor\" data-index=\"8\" ><div class=\"panel-widget-style panel-widget-style-for-2147-0-0-8\" ><div\n\t\t\t\n\t\t\tclass=\"so-widget-sow-editor so-widget-sow-editor-base\"\n\t\t\t\n\t\t>\n<div class=\"siteorigin-widget-tinymce textwidget\">\n\t<p style=\"text-align: center; margin: 0 auto;\"><strong>K\u00e9rd\u00e9sed van? \u00cdrj nek\u00fcnk!<\/strong><\/p>\n<\/div>\n<\/div><\/div><\/div><div id=\"panel-2147-0-0-9\" class=\"so-panel widget widget_sow-contact-form panel-last-child\" data-index=\"9\" ><div class=\"panel-widget-style panel-widget-style-for-2147-0-0-9\" ><div\n\t\t\t\n\t\t\tclass=\"so-widget-sow-contact-form so-widget-sow-contact-form-default-3f8129406b77-2147\"\n\t\t\t\n\t\t>\t<form\n\t\taction=\"\/hu\/wp-json\/wp\/v2\/pages\/2147\"\n\t\tmethod=\"POST\"\n\t\tclass=\"sow-contact-form\"\n\t\tid=\"contact-form-7b55\"\n\t>\n\n\t\t\n\t\t\t\t\t<div class=\"sow-form-field sow-form-field-name\">\n\t\t\t\t\t\t\t\t<div class=\"sow-field-container\">\n\t\t\t\t\t\t\t<input\n\t\t\ttype=\"text\"\n\t\t\tname=\"neved-1\"\n\t\t\tid=\"sow-contact-form-field-neved-1\"\n\t\t\tvalue=\"\"\n\t\t\tclass=\"sow-text-field\"\n\t\t\tplaceholder=\"Neved\"\t\t\t\t\t\/>\n\t\t\t\t\t\t<\/div>\n\t\t\t\t\t\t\t<\/div>\n\t\t\t\t\t\t<div class=\"sow-form-field sow-form-field-email\">\n\t\t\t\t\t\t\t\t<div class=\"sow-field-container\">\n\t\t\t\t\t\t\t<input\n\t\t\ttype=\"email\"\n\t\t\tname=\"e-mail-1\"\n\t\t\tid=\"sow-contact-form-field-e-mail-1\"\n\t\t\tvalue=\"\"\n\t\t\tclass=\"sow-text-field\"placeholder=\"E-mail\"\t\t\t\t\t\t\t\t\/>\n\t\t\t\t\t\t<\/div>\n\t\t\t\t\t\t\t<\/div>\n\t\t\t\t\t\t<div class=\"sow-form-field sow-form-field-textarea\">\n\t\t\t\t\t\t\t\t<div class=\"sow-field-container\">\n\t\t\t\t\t\t\t<textarea\n\t\t\tname=\"uzenet-1\"\n\t\t\tid=\"sow-contact-form-field-uzenet-1\"\n\t\t\trows=\"10\"\n\t\t\tplaceholder=\"\u00dczenet\"\t\t\t\t\t><\/textarea>\n\t\t\t\t\t\t<\/div>\n\t\t\t\t\t\t\t<\/div>\n\t\t\t\t\t\t<div class=\"sow-form-field sow-form-field-checkboxes\">\n\t\t\t\t\t\t\t\t<div class=\"sow-field-container\">\n\t\t\t\t\t\t\t\t<ul>\n\t\t\t\t\t\t\t\t\t\t\t\t\t\t<li>\n\t\t\t\t\t\t<input\n\t\t\t\t\t\t\ttype=\"checkbox\"\n\t\t\t\t\t\t\tvalue=\"Ezennel hozz\u00e1j\u00e1rulok szem\u00e9lyes adataim kezel\u00e9s\u00e9hez, abb\u00f3l a c\u00e9lb\u00f3l, hogy a \u0160koda m\u00e1rka term\u00e9keivel \u00e9s szolg\u00e1ltat\u00e1saival kapcsolatos aj\u00e1nlatokkal megkeressenek, bele\u00e9rtve inform\u00e1ci\u00f3k ny\u00fajt\u00e1s\u00e1t term\u00e9kekr\u0151l, szolg\u00e1ltat\u00e1sokr\u00f3l, esem\u00e9nyekr\u0151l, nyerem\u00e9nyj\u00e1t\u00e9kokr\u00f3l, tov\u00e1bb\u00e1 h\u00edrlevelek \u00e9s \u00fcnnepi \u00fcdv\u00f6zletek k\u00fcld\u00e9s\u00e9t is.\"\n\t\t\t\t\t\t\tname=\"3-1[]\"\n\t\t\t\t\t\t\tid=\"sow-contact-form-field-3-1-0\"\n\t\t\t\t\t\t\t\t\t\t\t\t\t\t\t\t\t\t\t\t\/>\n\t\t\t\t\t\t<label for=\"sow-contact-form-field-3-1-0\">\n\t\t\t\t\t\t\tEzennel hozz\u00e1j\u00e1rulok szem\u00e9lyes adataim kezel\u00e9s\u00e9hez, abb\u00f3l a c\u00e9lb\u00f3l, hogy a \u0160koda m\u00e1rka term\u00e9keivel \u00e9s szolg\u00e1ltat\u00e1saival kapcsolatos aj\u00e1nlatokkal megkeressenek, bele\u00e9rtve inform\u00e1ci\u00f3k ny\u00fajt\u00e1s\u00e1t term\u00e9kekr\u0151l, szolg\u00e1ltat\u00e1sokr\u00f3l, esem\u00e9nyekr\u0151l, nyerem\u00e9nyj\u00e1t\u00e9kokr\u00f3l, tov\u00e1bb\u00e1 h\u00edrlevelek \u00e9s \u00fcnnepi \u00fcdv\u00f6zletek k\u00fcld\u00e9s\u00e9t is.\t\t\t\t\t\t<\/label>\n\t\t\t\t\t<\/li>\n\t\t\t\t\t\t\t<\/ul>\n\t\t\t\t\t\t<\/div>\n\t\t\t\t\t\t\t<\/div>\n\t\t\t\n\t\t\n\t\t<div class=\"sow-submit-wrapper sow-submit-styled\">\n\n\t\t\t<button\n\t\t\t\ttype=\"submit\"\n\t\t\t\tclass=\"sow-submit\"\n\t\t\t\t\t\t\t>\n\t\t\t\tK\u00dcLD\u00c9S\t\t\t<\/button>\n\t\t<\/div>\n\t\t\t\t<input\n\t\t\ttype=\"hidden\"\n\t\t\tname=\"instance_hash-1\"\n\t\t\tvalue=\"7b553c78\"\n\t\t\/>\n\n\t\t<input\n\t\t\ttype=\"hidden\"\n\t\t\tname=\"form_id\"\n\t\t\tvalue=\"\"\n\t\t\/>\n\t\t<input type=\"hidden\" id=\"_wpnonce\" name=\"_wpnonce\" value=\"7fc5215902\" \/><input type=\"hidden\" name=\"_wp_http_referer\" value=\"\/hu\/wp-json\/wp\/v2\/pages\/2147\" \/>\t<\/form>\n\t<\/div><\/div><\/div><\/div><\/div><\/div>","protected":false},"excerpt":{"rendered":"<p>Meddig tart a gy\u0171jt\u00e9s? 2018. DECEMBER 20. Gy\u0171jt\u0151pontok Partnereink K\u00e9rd\u00e9sed van? \u00cdrj nek\u00fcnk!<\/p>\n","protected":false},"author":71,"featured_media":0,"parent":0,"menu_order":0,"comment_status":"closed","ping_status":"closed","template":"templates\/template-full-width.php","meta":{"footnotes":""},"tags":[],"class_list":["post-2147","page","type-page","status-publish","hentry"],"yoast_head":"<!-- This site is optimized with the Yoast SEO Premium plugin v25.3 (Yoast SEO v25.9) - https:\/\/yoast.com\/wordpress\/plugins\/seo\/ -->\n<title>Re-cycling - \u0160koda We Love Cycling - Magyarorsz\u00e1g<\/title>\n<meta name=\"robots\" content=\"index, follow, max-snippet:-1, max-image-preview:large, max-video-preview:-1\" \/>\n<link rel=\"canonical\" href=\"https:\/\/www.welovecycling.com\/hu\/re-cycling\/\" \/>\n<meta property=\"og:locale\" content=\"hu_HU\" \/>\n<meta property=\"og:type\" content=\"article\" \/>\n<meta property=\"og:title\" content=\"Re-cycling - K\u00f6z\u00f6ss\u00e9gi haszn\u00e1lt ker\u00e9kp\u00e1r-gy\u0171jt\u00e9s\" \/>\n<meta property=\"og:description\" content=\"A Budapest Bike Maffi\u00e1val k\u00f6z\u00f6sen egy kamp\u00e1nyt szervezt\u00fcnk, hogy j\u00f6v\u0151re m\u00e9g t\u00f6bb ker\u00e9kp\u00e1r suhanhasson kereszt\u00fcl Magyarorsz\u00e1g bring\u00e1s \u00fatvonalain.\" \/>\n<meta property=\"og:url\" content=\"https:\/\/www.welovecycling.com\/hu\/re-cycling\/\" \/>\n<meta property=\"og:site_name\" content=\"\u0160koda We Love Cycling - Magyarorsz\u00e1g\" \/>\n<meta property=\"article:publisher\" content=\"https:\/\/www.facebook.com\/WeLoveCyclingHungary\/\" \/>\n<meta property=\"article:modified_time\" content=\"2018-12-06T09:41:32+00:00\" \/>\n<meta name=\"twitter:card\" content=\"summary_large_image\" \/>\n<meta name=\"twitter:title\" content=\"Re-cycling\" \/>\n<meta name=\"twitter:label1\" content=\"Est. reading time\" \/>\n\t<meta name=\"twitter:data1\" content=\"2 minutes\" \/>\n<script type=\"application\/ld+json\" class=\"yoast-schema-graph\">{\"@context\":\"https:\/\/schema.org\",\"@graph\":[{\"@type\":\"WebPage\",\"@id\":\"https:\/\/www.welovecycling.com\/hu\/re-cycling\/\",\"url\":\"https:\/\/www.welovecycling.com\/hu\/re-cycling\/\",\"name\":\"Re-cycling - \u0160koda We Love Cycling - Magyarorsz\u00e1g\",\"isPartOf\":{\"@id\":\"https:\/\/www.welovecycling.com\/hu\/#website\"},\"datePublished\":\"2018-11-20T09:00:21+00:00\",\"dateModified\":\"2018-12-06T09:41:32+00:00\",\"breadcrumb\":{\"@id\":\"https:\/\/www.welovecycling.com\/hu\/re-cycling\/#breadcrumb\"},\"inLanguage\":\"hu\",\"potentialAction\":[{\"@type\":\"ReadAction\",\"target\":[\"https:\/\/www.welovecycling.com\/hu\/re-cycling\/\"]}]},{\"@type\":\"BreadcrumbList\",\"@id\":\"https:\/\/www.welovecycling.com\/hu\/re-cycling\/#breadcrumb\",\"itemListElement\":[{\"@type\":\"ListItem\",\"position\":1,\"name\":\"Home\",\"item\":\"https:\/\/www.welovecycling.com\/hu\/\"},{\"@type\":\"ListItem\",\"position\":2,\"name\":\"Re-cycling\"}]},{\"@type\":\"WebSite\",\"@id\":\"https:\/\/www.welovecycling.com\/hu\/#website\",\"url\":\"https:\/\/www.welovecycling.com\/hu\/\",\"name\":\"\u0160koda We Love Cycling - Magyarorsz\u00e1g\",\"description\":\"\u0160koda WeLoveCycling\",\"potentialAction\":[{\"@type\":\"SearchAction\",\"target\":{\"@type\":\"EntryPoint\",\"urlTemplate\":\"https:\/\/www.welovecycling.com\/hu\/?s={search_term_string}\"},\"query-input\":{\"@type\":\"PropertyValueSpecification\",\"valueRequired\":true,\"valueName\":\"search_term_string\"}}],\"inLanguage\":\"hu\"}]}<\/script>\n<!-- \/ Yoast SEO Premium plugin. -->","yoast_head_json":{"title":"Re-cycling - \u0160koda We Love Cycling - Magyarorsz\u00e1g","robots":{"index":"index","follow":"follow","max-snippet":"max-snippet:-1","max-image-preview":"max-image-preview:large","max-video-preview":"max-video-preview:-1"},"canonical":"https:\/\/www.welovecycling.com\/hu\/re-cycling\/","og_locale":"hu_HU","og_type":"article","og_title":"Re-cycling - K\u00f6z\u00f6ss\u00e9gi haszn\u00e1lt ker\u00e9kp\u00e1r-gy\u0171jt\u00e9s","og_description":"A Budapest Bike Maffi\u00e1val k\u00f6z\u00f6sen egy kamp\u00e1nyt szervezt\u00fcnk, hogy j\u00f6v\u0151re m\u00e9g t\u00f6bb ker\u00e9kp\u00e1r suhanhasson kereszt\u00fcl Magyarorsz\u00e1g bring\u00e1s \u00fatvonalain.","og_url":"https:\/\/www.welovecycling.com\/hu\/re-cycling\/","og_site_name":"\u0160koda We Love Cycling - Magyarorsz\u00e1g","article_publisher":"https:\/\/www.facebook.com\/WeLoveCyclingHungary\/","article_modified_time":"2018-12-06T09:41:32+00:00","twitter_card":"summary_large_image","twitter_title":"Re-cycling","twitter_misc":{"Est. reading time":"2 minutes"},"schema":{"@context":"https:\/\/schema.org","@graph":[{"@type":"WebPage","@id":"https:\/\/www.welovecycling.com\/hu\/re-cycling\/","url":"https:\/\/www.welovecycling.com\/hu\/re-cycling\/","name":"Re-cycling - \u0160koda We Love Cycling - Magyarorsz\u00e1g","isPartOf":{"@id":"https:\/\/www.welovecycling.com\/hu\/#website"},"datePublished":"2018-11-20T09:00:21+00:00","dateModified":"2018-12-06T09:41:32+00:00","breadcrumb":{"@id":"https:\/\/www.welovecycling.com\/hu\/re-cycling\/#breadcrumb"},"inLanguage":"hu","potentialAction":[{"@type":"ReadAction","target":["https:\/\/www.welovecycling.com\/hu\/re-cycling\/"]}]},{"@type":"BreadcrumbList","@id":"https:\/\/www.welovecycling.com\/hu\/re-cycling\/#breadcrumb","itemListElement":[{"@type":"ListItem","position":1,"name":"Home","item":"https:\/\/www.welovecycling.com\/hu\/"},{"@type":"ListItem","position":2,"name":"Re-cycling"}]},{"@type":"WebSite","@id":"https:\/\/www.welovecycling.com\/hu\/#website","url":"https:\/\/www.welovecycling.com\/hu\/","name":"\u0160koda We Love Cycling - Magyarorsz\u00e1g","description":"\u0160koda WeLoveCycling","potentialAction":[{"@type":"SearchAction","target":{"@type":"EntryPoint","urlTemplate":"https:\/\/www.welovecycling.com\/hu\/?s={search_term_string}"},"query-input":{"@type":"PropertyValueSpecification","valueRequired":true,"valueName":"search_term_string"}}],"inLanguage":"hu"}]}},"_links":{"self":[{"href":"https:\/\/www.welovecycling.com\/hu\/wp-json\/wp\/v2\/pages\/2147","targetHints":{"allow":["GET"]}}],"collection":[{"href":"https:\/\/www.welovecycling.com\/hu\/wp-json\/wp\/v2\/pages"}],"about":[{"href":"https:\/\/www.welovecycling.com\/hu\/wp-json\/wp\/v2\/types\/page"}],"author":[{"embeddable":true,"href":"https:\/\/www.welovecycling.com\/hu\/wp-json\/wp\/v2\/users\/71"}],"replies":[{"embeddable":true,"href":"https:\/\/www.welovecycling.com\/hu\/wp-json\/wp\/v2\/comments?post=2147"}],"version-history":[{"count":2,"href":"https:\/\/www.welovecycling.com\/hu\/wp-json\/wp\/v2\/pages\/2147\/revisions"}],"predecessor-version":[{"id":2437,"href":"https:\/\/www.welovecycling.com\/hu\/wp-json\/wp\/v2\/pages\/2147\/revisions\/2437"}],"wp:attachment":[{"href":"https:\/\/www.welovecycling.com\/hu\/wp-json\/wp\/v2\/media?parent=2147"}],"wp:term":[{"taxonomy":"post_tag","embeddable":true,"href":"https:\/\/www.welovecycling.com\/hu\/wp-json\/wp\/v2\/tags?post=2147"}],"curies":[{"name":"wp","href":"https:\/\/api.w.org\/{rel}","templated":true}]}}