{"id":19076,"date":"2025-06-19T11:38:24","date_gmt":"2025-06-19T09:38:24","guid":{"rendered":"https:\/\/www.welovecycling.com\/hu\/?page_id=19076"},"modified":"2025-06-19T11:38:55","modified_gmt":"2025-06-19T09:38:55","slug":"terms-and-conditions-persona-share","status":"publish","type":"page","link":"https:\/\/www.welovecycling.com\/hu\/tour-de-france-2025\/terms-and-conditions-persona-share\/","title":{"rendered":"Terms and Conditions &#8211; Persona Share"},"content":{"rendered":"<p><b>Jelen szab\u00e1lyzat a \u201e2025 TDF Contest\u201d (a tov\u00e1bbiakban: \u201eNyerem\u00e9nyj\u00e1t\u00e9k\u201d) felt\u00e9teleit szab\u00e1lyozza, \u00e9s az egyetlen olyan dokumentum, amely teljes m\u00e9rt\u00e9kben \u00e9s k\u00f6telez\u0151en meghat\u00e1rozza a nyerem\u00e9nyj\u00e1t\u00e9k szab\u00e1lyait.<\/b><\/p>\n<p>&nbsp;<\/p>\n<h4><span style=\"font-weight: 400;\">A nyerem\u00e9nyj\u00e1t\u00e9k szervez\u0151je \u00e9s lebonyol\u00edt\u00f3ja<\/span><\/h4>\n<p><span style=\"font-weight: 400;\">A nyerem\u00e9nyj\u00e1t\u00e9k szervez\u0151je a <\/span><b>\u0160koda Auto a.s.<\/b><span style=\"font-weight: 400;\">, egy r\u00e9szv\u00e9nyt\u00e1rsas\u00e1g, sz\u00e9khelye: t\u0159. V\u00e1clava Klementa 869, 293 01 Mlad\u00e1 Boleslav, Cseh K\u00f6zt\u00e1rsas\u00e1g, c\u00e9gjegyz\u00e9ksz\u00e1m: 00177041, bejegyezve a Pr\u00e1gai V\u00e1rosi B\u00edr\u00f3s\u00e1g \u00e1ltal vezetett c\u00e9gjegyz\u00e9kbe, B szakasz, 332-es \u00fcgyiratsz\u00e1m alatt (a tov\u00e1bbiakban: \u201eSzervez\u0151\u201d).<\/span><\/p>\n<p><span style=\"font-weight: 400;\">A nyerem\u00e9nyj\u00e1t\u00e9k technikai lebonyol\u00edt\u00e1s\u00e1\u00e9rt felel\u0151s szervezet a <\/span><b>MUSTARD s.r.o.<\/b><span style=\"font-weight: 400;\">, sz\u00e9khelye: Praha 1 \u2013 Nov\u00e9 M\u011bsto, Masarykovo n\u00e1b\u0159. 246, 110 00, Cseh K\u00f6zt\u00e1rsas\u00e1g, c\u00e9gjegyz\u00e9ksz\u00e1m: 28531418, bejegyezve a Pr\u00e1gai V\u00e1rosi B\u00edr\u00f3s\u00e1g \u00e1ltal vezetett c\u00e9gjegyz\u00e9kbe, C szakasz, 148383-as bejegyz\u00e9s (a tov\u00e1bbiakban: \u201eLebonyol\u00edt\u00f3\u201d).<\/span><\/p>\n<p>&nbsp;<\/p>\n<h4><span style=\"font-weight: 400;\">A nyerem\u00e9nyj\u00e1t\u00e9k id\u0151tartama \u00e9s helysz\u00edne<\/span><\/h4>\n<p><b>A nyerem\u00e9nyj\u00e1t\u00e9k id\u0151tartama<\/b><span style=\"font-weight: 400;\">: 2025. j\u00fanius 28. 00:01 (CET) \u2013 2025. j\u00falius 20. 23:59 (CET).<\/span><\/p>\n<p><span style=\"font-weight: 400;\">A nyerem\u00e9nyj\u00e1t\u00e9k a <\/span><a href=\"http:\/\/www.welovecycling.com\"><b>www.welovecycling.com<\/b><\/a><span style=\"font-weight: 400;\"> weboldalon (a tov\u00e1bbiakban: \u201eWeboldal\u201d) ker\u00fcl megrendez\u00e9sre, amely a r\u00e9sztvev\u0151kkel val\u00f3 kommunik\u00e1ci\u00f3 f\u0151 platformja.<\/span><\/p>\n<p>&nbsp;<\/p>\n<h4><span style=\"font-weight: 400;\">A r\u00e9szv\u00e9tel felt\u00e9telei<\/span><\/h4>\n<p><span style=\"font-weight: 400;\">A nyerem\u00e9nyj\u00e1t\u00e9kban r\u00e9szt vehet minden term\u00e9szetes szem\u00e9ly, aki bet\u00f6lt\u00f6tte a 18. \u00e9let\u00e9v\u00e9t, \u00e9s a k\u00f6vetkez\u0151 orsz\u00e1gok valamelyik\u00e9ben \u00e9l: ANDORRA, AUSZTR\u00c1LIA, AUSZTRIA, BELGIUM, BOSZNIA, BULG\u00c1RIA, HORV\u00c1TORSZ\u00c1G, CSEH K\u00d6ZT\u00c1RSAS\u00c1G, D\u00c1NIA, \u00c9SZTORSZ\u00c1G, FINNORSZ\u00c1G, FRANCIAORSZ\u00c1G, N\u00c9METORSZ\u00c1G, NAGY-BRITANNIA, G\u00d6R\u00d6GORSZ\u00c1G, MAGYARORSZ\u00c1G, IZLAND, \u00cdRORSZ\u00c1G, OLASZORSZ\u00c1G, LETTORSZ\u00c1G, LIECHTENSTEIN, LITV\u00c1NIA, LUXEMBURG, MONTENEGR\u00d3, HOLLANDIA, NORV\u00c9GIA, LENGYELORSZ\u00c1G, PORTUG\u00c1LIA, ROM\u00c1NIA, SZERBIA, SZLOV\u00c1KIA, SZLOV\u00c9NIA, SPANYOLORSZ\u00c1G, SV\u00c9DORSZ\u00c1G, SV\u00c1JC, UKRAJNA.<\/span><\/p>\n<p><span style=\"font-weight: 400;\">A r\u00e9szv\u00e9telhez sz\u00fcks\u00e9ges a Weboldalon val\u00f3 regisztr\u00e1ci\u00f3 a nyerem\u00e9nyj\u00e1t\u00e9k id\u0151tartama alatt, valamint a jelen szab\u00e1lyzat felt\u00e9teleinek marad\u00e9ktalan elfogad\u00e1sa. A regisztr\u00e1ci\u00f3 sor\u00e1n meg kell adni az e-mail c\u00edmet, amely kiz\u00e1r\u00f3lag a nyerem\u00e9nyj\u00e1t\u00e9kkal kapcsolatos c\u00e9lokra ker\u00fcl felhaszn\u00e1l\u00e1sra.<\/span><\/p>\n<p><span style=\"font-weight: 400;\">Minden r\u00e9sztvev\u0151 csak egyszer regisztr\u00e1lhat, \u00e9s kiz\u00e1r\u00f3lag saj\u00e1t e-mail c\u00edmmel. A Szervez\u0151 technikai \u00e9s szervez\u00e9si eszk\u00f6z\u00f6kkel jogosult ellen\u0151rizni ezen szab\u00e1ly betart\u00e1s\u00e1t.<\/span><\/p>\n<p><span style=\"font-weight: 400;\">A nyerem\u00e9nyj\u00e1t\u00e9kban nem vehetnek r\u00e9szt azok a szem\u00e9lyek, akik a j\u00e1t\u00e9k el\u0151k\u00e9sz\u00edt\u00e9s\u00e9ben r\u00e9szt vettek, k\u00fcl\u00f6n\u00f6sen a Szervez\u0151 vagy a Lebonyol\u00edt\u00f3 alkalmazottai, illetve azok, akik hasonl\u00f3 kapcsolatban \u00e1llnak a \u0160koda hivatalos partnereivel vagy a lebonyol\u00edt\u00e1sban r\u00e9szt vev\u0151 \u00fcgyn\u00f6ks\u00e9gekkel, valamint ezek csal\u00e1dtagjai \u00e9s k\u00f6zeli hozz\u00e1tartoz\u00f3i.<\/span><\/p>\n<p>&nbsp;<\/p>\n<h4><span style=\"font-weight: 400;\">A nyerem\u00e9nyj\u00e1t\u00e9k menete \u00e9s a nyertesek kiv\u00e1laszt\u00e1sa<\/span><\/h4>\n<p><span style=\"font-weight: 400;\">A r\u00e9szv\u00e9telhez a r\u00e9sztvev\u0151nek egy AI \u00e1ltal gener\u00e1lt k\u00e9pet kell megosztania az Instagramon vagy Facebookon, amelyet a <\/span><b>welovecycling.com<\/b><span style=\"font-weight: 400;\"> weboldalon hozott l\u00e9tre. A posztban k\u00f6telez\u0151en szerepelnie kell a <\/span><b>#FindYourTour<\/b><span style=\"font-weight: 400;\"> hashtagnek, \u00e9s mindeznek a nyerem\u00e9nyj\u00e1t\u00e9k id\u0151tartama alatt kell megt\u00f6rt\u00e9nnie.<\/span><\/p>\n<p><span style=\"font-weight: 400;\">A nyertesek azok a r\u00e9sztvev\u0151k lesznek, akik a r\u00e9szv\u00e9tel felt\u00e9teleinek megfelel\u0151en posztoltak, \u00e9s a r\u00e9sztvev\u0151k list\u00e1j\u00e1n az 1\/11, 2\/11, 3\/11, 4\/11, 5\/11, 6\/11 vagy 7\/11 helyen szerepelnek. Ha a r\u00e9sztvev\u0151k sz\u00e1ma nem oszthat\u00f3 11-gyel, az eredm\u00e9nyt lefel\u00e9 kerek\u00edtik a legk\u00f6zelebbi oszthat\u00f3 eg\u00e9sz sz\u00e1mra.<\/span><\/p>\n<p><span style=\"font-weight: 400;\">A Szervez\u0151 legk\u00e9s\u0151bb az adott fordul\u00f3 v\u00e9g\u00e9t k\u00f6vet\u0151 \u00f6t napon bel\u00fcl priv\u00e1t \u00fczenetben \u00e9rtes\u00edti a nyerteseket az Instagramon vagy Facebookon kereszt\u00fcl. Amennyiben a nyertes nem reag\u00e1l, vagy nem k\u00fcldi el az adatokat 12 \u00f3r\u00e1n bel\u00fcl, a nyerem\u00e9nye elveszik kompenz\u00e1ci\u00f3 n\u00e9lk\u00fcl.<\/span><\/p>\n<p>&nbsp;<\/p>\n<h4><span style=\"font-weight: 400;\">Nyerem\u00e9nyek<\/span><\/h4>\n<p><span style=\"font-weight: 400;\">7\u00d7 <\/span><b>\u201eInsider Tour de France Programme\u201d<\/b><span style=\"font-weight: 400;\"> k\u00e9t f\u0151 r\u00e9sz\u00e9re P\u00e1rizsba \u2013 a sz\u00e1ll\u00e1s \u00e9s az utaz\u00e1s teljes k\u00f6lts\u00e9ge fedezve.<\/span><\/p>\n<p>&nbsp;<\/p>\n<h4><span style=\"font-weight: 400;\">Szem\u00e9lyes adatok kezel\u00e9se<\/span><\/h4>\n<p><span style=\"font-weight: 400;\">A Szervez\u0151 mint adatkezel\u0151 az <\/span><b>(EU) 2016\/679 \u00e1ltal\u00e1nos adatv\u00e9delmi rendelet (GDPR)<\/b><span style=\"font-weight: 400;\"> \u00e9rtelm\u00e9ben az al\u00e1bbi t\u00e1j\u00e9koztat\u00e1st ny\u00fajtja:<\/span><\/p>\n<ul>\n<li style=\"font-weight: 400;\" aria-level=\"1\"><b>Adatkezel\u00e9si c\u00e9l<\/b><span style=\"font-weight: 400;\">: a nyerem\u00e9nyj\u00e1t\u00e9k megszervez\u00e9se \u00e9s a szavaz\u00e1s tisztas\u00e1g\u00e1nak biztos\u00edt\u00e1sa<\/span><\/li>\n<li style=\"font-weight: 400;\" aria-level=\"1\"><b>Jogalap<\/b><span style=\"font-weight: 400;\">: szerz\u0151d\u00e9s teljes\u00edt\u00e9se (jelen szab\u00e1lyzat)<\/span><\/li>\n<li style=\"font-weight: 400;\" aria-level=\"1\"><b>Kezelt adatok<\/b><span style=\"font-weight: 400;\">: azonos\u00edt\u00f3 adatok, el\u00e9rhet\u0151s\u00e9gi adatok, kommunik\u00e1ci\u00f3s inform\u00e1ci\u00f3k<\/span><\/li>\n<li style=\"font-weight: 400;\" aria-level=\"1\"><b>T\u00e1rol\u00e1si id\u0151<\/b><span style=\"font-weight: 400;\">: az adatokat a nyerem\u00e9nyj\u00e1t\u00e9k v\u00e9g\u00e9t\u0151l sz\u00e1m\u00edtott 1 \u00e9vig kezelj\u00fck<\/span><\/li>\n<li style=\"font-weight: 400;\" aria-level=\"1\"><b>Adatfeldolgoz\u00f3(k)<\/b><span style=\"font-weight: 400;\">: MUSTARD s.r.o., valamint sz\u00fcks\u00e9g eset\u00e9n hat\u00f3s\u00e1gok<\/span><\/li>\n<li style=\"font-weight: 400;\" aria-level=\"1\"><b>Harmadik orsz\u00e1gba t\u00f6rt\u00e9n\u0151 adattov\u00e1bb\u00edt\u00e1s<\/b><span style=\"font-weight: 400;\">: nem t\u00f6rt\u00e9nik<\/span><\/li>\n<li style=\"font-weight: 400;\" aria-level=\"1\"><b>Automatiz\u00e1lt d\u00f6nt\u00e9shozatal<\/b><span style=\"font-weight: 400;\">: nem t\u00f6rt\u00e9nik<\/span><\/li>\n<\/ul>\n<p><b>Az \u00e9rintettek jogai<\/b><span style=\"font-weight: 400;\">:<\/span><span style=\"font-weight: 400;\"><br \/>\n<\/span><span style=\"font-weight: 400;\">\u2013 hozz\u00e1f\u00e9r\u00e9s<\/span><span style=\"font-weight: 400;\"><br \/>\n<\/span><span style=\"font-weight: 400;\">\u2013 helyesb\u00edt\u00e9s<\/span><span style=\"font-weight: 400;\"><br \/>\n<\/span><span style=\"font-weight: 400;\">\u2013 t\u00f6rl\u00e9s<\/span><span style=\"font-weight: 400;\"><br \/>\n<\/span><span style=\"font-weight: 400;\">\u2013 adatkezel\u00e9s korl\u00e1toz\u00e1sa<\/span><span style=\"font-weight: 400;\"><br \/>\n<\/span><span style=\"font-weight: 400;\">\u2013 adathordozhat\u00f3s\u00e1g<\/span><span style=\"font-weight: 400;\"><br \/>\n<\/span><span style=\"font-weight: 400;\">\u2013 tiltakoz\u00e1s automatiz\u00e1lt d\u00f6nt\u00e9s ellen<\/span><\/p>\n<p><b>Kapcsolat<\/b><span style=\"font-weight: 400;\">:<\/span><\/p>\n<ul>\n<li style=\"font-weight: 400;\" aria-level=\"1\"><span style=\"font-weight: 400;\">dpo@skoda-auto.cz<\/span><\/li>\n<li style=\"font-weight: 400;\" aria-level=\"1\"><a href=\"https:\/\/www.skoda-auto.com\/data-privacy\"><span style=\"font-weight: 400;\">https:\/\/www.skoda-auto.com\/data-privacy<\/span><\/a><\/li>\n<\/ul>\n<p><span style=\"font-weight: 400;\">Panasz eset\u00e9n fordulhat a cseh adatv\u00e9delmi hat\u00f3s\u00e1ghoz:<\/span><span style=\"font-weight: 400;\"><br \/>\n<\/span><span style=\"font-weight: 400;\">Pplk. Sochora 27, 170 00 Pr\u00e1ga 7, +420 234 665 111, <\/span><a href=\"https:\/\/www.uoou.cz\"><span style=\"font-weight: 400;\">https:\/\/www.uoou.cz<\/span><\/a><\/p>\n<p>&nbsp;<\/p>\n<h4><span style=\"font-weight: 400;\">Egy\u00e9b fontos felt\u00e9telek<\/span><\/h4>\n<p><span style=\"font-weight: 400;\">A Szervez\u0151 kiz\u00e1r\u00f3lagos joggal hat\u00e1rozza meg a nyerem\u00e9nyek r\u00e9szleteit. A prom\u00f3ci\u00f3s anyagokban l\u00e1that\u00f3 nyerem\u00e9nyek csak illusztr\u00e1ci\u00f3k. A nyerem\u00e9ny felhaszn\u00e1l\u00e1s\u00e1b\u00f3l ered\u0151 k\u00e1rok\u00e9rt a Szervez\u0151 nem v\u00e1llal felel\u0151ss\u00e9get.<\/span><\/p>\n<p><span style=\"font-weight: 400;\">A nyerem\u00e9ny p\u00e9nzre vagy m\u00e1s juttat\u00e1sra nem v\u00e1lthat\u00f3. A Szervez\u0151t nem terheli m\u00e1s k\u00f6telezetts\u00e9g a r\u00e9sztvev\u0151k fel\u00e9, mint amit a szab\u00e1lyzat kifejezetten tartalmaz.<\/span><\/p>\n<p><span style=\"font-weight: 400;\">A Szervez\u0151 nem felel\u0151s a nyerem\u00e9nyj\u00e1t\u00e9k sor\u00e1n bek\u00f6vetkez\u0151 technikai hib\u00e1k\u00e9rt vagy elmarad\u00f3 \u00e9rtes\u00edt\u00e9sek\u00e9rt. A nyertesek kiv\u00e1laszt\u00e1sa v\u00e9gleges, fellebbez\u00e9snek helye nincs.<\/span><\/p>\n<p><span style=\"font-weight: 400;\">A Szervez\u0151 kiz\u00e1rhatja a r\u00e9sztvev\u0151t, ha csal\u00e1s vagy tisztess\u00e9gtelen magatart\u00e1s gyan\u00faja mer\u00fcl fel.<\/span><\/p>\n<p><span style=\"font-weight: 400;\">A Szervez\u0151 fenntartja a jogot a nyerem\u00e9nyj\u00e1t\u00e9k id\u0151 el\u0151tti befejez\u00e9s\u00e9re, m\u00f3dos\u00edt\u00e1s\u00e1ra vagy t\u00f6rl\u00e9s\u00e9re \u2013 minden v\u00e1ltoz\u00e1s a Weboldalon ker\u00fcl k\u00f6zz\u00e9t\u00e9telre.<\/span><\/p>\n<p><span style=\"font-weight: 400;\">Ez a nyerem\u00e9nyj\u00e1t\u00e9k <\/span><b>nem a Meta \u00e1ltal szervezett, t\u00e1mogatott vagy fel\u00fcgyelt esem\u00e9ny<\/b><span style=\"font-weight: 400;\">. Minden k\u00e9rd\u00e9st a Szervez\u0151nek vagy a Lebonyol\u00edt\u00f3nak kell c\u00edmezni, nem a Met\u00e1nak.<\/span><\/p>\n<p><span style=\"font-weight: 400;\">A nyerem\u00e9nyj\u00e1t\u00e9kra a <\/span><b>Cseh K\u00f6zt\u00e1rsas\u00e1g joga<\/b><span style=\"font-weight: 400;\"> ir\u00e1nyad\u00f3.<\/span><\/p>\n<p>&nbsp;<\/p>\n","protected":false},"excerpt":{"rendered":"<p>Jelen szab\u00e1lyzat a \u201e2025 TDF Contest\u201d (a tov\u00e1bbiakban: \u201eNyerem\u00e9nyj\u00e1t\u00e9k\u201d) felt\u00e9teleit szab\u00e1lyozza, \u00e9s az egyetlen olyan dokumentum, amely teljes m\u00e9rt\u00e9kben \u00e9s [&hellip;]<\/p>\n","protected":false},"author":27,"featured_media":0,"parent":19073,"menu_order":0,"comment_status":"closed","ping_status":"closed","template":"templates\/template-empty-page.php","meta":{"footnotes":""},"tags":[],"class_list":["post-19076","page","type-page","status-publish","hentry"],"yoast_head":"<!-- This site is optimized with the Yoast SEO Premium plugin v25.3 (Yoast SEO v25.9) - https:\/\/yoast.com\/wordpress\/plugins\/seo\/ -->\n<title>Terms and Conditions - Persona Share - \u0160koda We Love Cycling - Magyarorsz\u00e1g<\/title>\n<meta name=\"robots\" content=\"index, follow, max-snippet:-1, max-image-preview:large, max-video-preview:-1\" \/>\n<link rel=\"canonical\" href=\"https:\/\/www.welovecycling.com\/hu\/tour-de-france-2025\/terms-and-conditions-persona-share\/\" \/>\n<meta property=\"og:locale\" content=\"hu_HU\" \/>\n<meta property=\"og:type\" content=\"article\" \/>\n<meta property=\"og:title\" content=\"Terms and Conditions - Persona Share\" \/>\n<meta property=\"og:description\" content=\"Jelen szab\u00e1lyzat a \u201e2025 TDF Contest\u201d (a tov\u00e1bbiakban: \u201eNyerem\u00e9nyj\u00e1t\u00e9k\u201d) felt\u00e9teleit szab\u00e1lyozza, \u00e9s az egyetlen olyan dokumentum, amely teljes m\u00e9rt\u00e9kben \u00e9s [&hellip;]\" \/>\n<meta property=\"og:url\" content=\"https:\/\/www.welovecycling.com\/hu\/tour-de-france-2025\/terms-and-conditions-persona-share\/\" \/>\n<meta property=\"og:site_name\" content=\"\u0160koda We Love Cycling - Magyarorsz\u00e1g\" \/>\n<meta property=\"article:publisher\" content=\"https:\/\/www.facebook.com\/WeLoveCyclingHungary\/\" \/>\n<meta property=\"article:modified_time\" content=\"2025-06-19T09:38:55+00:00\" \/>\n<meta name=\"twitter:card\" content=\"summary_large_image\" \/>\n<meta name=\"twitter:label1\" content=\"Est. reading time\" \/>\n\t<meta name=\"twitter:data1\" content=\"6 minutes\" \/>\n<script type=\"application\/ld+json\" class=\"yoast-schema-graph\">{\"@context\":\"https:\/\/schema.org\",\"@graph\":[{\"@type\":\"WebPage\",\"@id\":\"https:\/\/www.welovecycling.com\/hu\/tour-de-france-2025\/terms-and-conditions-persona-share\/\",\"url\":\"https:\/\/www.welovecycling.com\/hu\/tour-de-france-2025\/terms-and-conditions-persona-share\/\",\"name\":\"Terms and Conditions - Persona Share - \u0160koda We Love Cycling - Magyarorsz\u00e1g\",\"isPartOf\":{\"@id\":\"https:\/\/www.welovecycling.com\/hu\/#website\"},\"datePublished\":\"2025-06-19T09:38:24+00:00\",\"dateModified\":\"2025-06-19T09:38:55+00:00\",\"breadcrumb\":{\"@id\":\"https:\/\/www.welovecycling.com\/hu\/tour-de-france-2025\/terms-and-conditions-persona-share\/#breadcrumb\"},\"inLanguage\":\"hu\",\"potentialAction\":[{\"@type\":\"ReadAction\",\"target\":[\"https:\/\/www.welovecycling.com\/hu\/tour-de-france-2025\/terms-and-conditions-persona-share\/\"]}]},{\"@type\":\"BreadcrumbList\",\"@id\":\"https:\/\/www.welovecycling.com\/hu\/tour-de-france-2025\/terms-and-conditions-persona-share\/#breadcrumb\",\"itemListElement\":[{\"@type\":\"ListItem\",\"position\":1,\"name\":\"Home\",\"item\":\"https:\/\/www.welovecycling.com\/hu\/\"},{\"@type\":\"ListItem\",\"position\":2,\"name\":\"Tour de France 2025\",\"item\":\"https:\/\/www.welovecycling.com\/hu\/tour-de-france-2025\/\"},{\"@type\":\"ListItem\",\"position\":3,\"name\":\"Terms and Conditions &#8211; Persona Share\"}]},{\"@type\":\"WebSite\",\"@id\":\"https:\/\/www.welovecycling.com\/hu\/#website\",\"url\":\"https:\/\/www.welovecycling.com\/hu\/\",\"name\":\"\u0160koda We Love Cycling - Magyarorsz\u00e1g\",\"description\":\"\u0160koda WeLoveCycling\",\"potentialAction\":[{\"@type\":\"SearchAction\",\"target\":{\"@type\":\"EntryPoint\",\"urlTemplate\":\"https:\/\/www.welovecycling.com\/hu\/?s={search_term_string}\"},\"query-input\":{\"@type\":\"PropertyValueSpecification\",\"valueRequired\":true,\"valueName\":\"search_term_string\"}}],\"inLanguage\":\"hu\"}]}<\/script>\n<!-- \/ Yoast SEO Premium plugin. -->","yoast_head_json":{"title":"Terms and Conditions - Persona Share - \u0160koda We Love Cycling - Magyarorsz\u00e1g","robots":{"index":"index","follow":"follow","max-snippet":"max-snippet:-1","max-image-preview":"max-image-preview:large","max-video-preview":"max-video-preview:-1"},"canonical":"https:\/\/www.welovecycling.com\/hu\/tour-de-france-2025\/terms-and-conditions-persona-share\/","og_locale":"hu_HU","og_type":"article","og_title":"Terms and Conditions - Persona Share","og_description":"Jelen szab\u00e1lyzat a \u201e2025 TDF Contest\u201d (a tov\u00e1bbiakban: \u201eNyerem\u00e9nyj\u00e1t\u00e9k\u201d) felt\u00e9teleit szab\u00e1lyozza, \u00e9s az egyetlen olyan dokumentum, amely teljes m\u00e9rt\u00e9kben \u00e9s [&hellip;]","og_url":"https:\/\/www.welovecycling.com\/hu\/tour-de-france-2025\/terms-and-conditions-persona-share\/","og_site_name":"\u0160koda We Love Cycling - Magyarorsz\u00e1g","article_publisher":"https:\/\/www.facebook.com\/WeLoveCyclingHungary\/","article_modified_time":"2025-06-19T09:38:55+00:00","twitter_card":"summary_large_image","twitter_misc":{"Est. reading time":"6 minutes"},"schema":{"@context":"https:\/\/schema.org","@graph":[{"@type":"WebPage","@id":"https:\/\/www.welovecycling.com\/hu\/tour-de-france-2025\/terms-and-conditions-persona-share\/","url":"https:\/\/www.welovecycling.com\/hu\/tour-de-france-2025\/terms-and-conditions-persona-share\/","name":"Terms and Conditions - Persona Share - \u0160koda We Love Cycling - Magyarorsz\u00e1g","isPartOf":{"@id":"https:\/\/www.welovecycling.com\/hu\/#website"},"datePublished":"2025-06-19T09:38:24+00:00","dateModified":"2025-06-19T09:38:55+00:00","breadcrumb":{"@id":"https:\/\/www.welovecycling.com\/hu\/tour-de-france-2025\/terms-and-conditions-persona-share\/#breadcrumb"},"inLanguage":"hu","potentialAction":[{"@type":"ReadAction","target":["https:\/\/www.welovecycling.com\/hu\/tour-de-france-2025\/terms-and-conditions-persona-share\/"]}]},{"@type":"BreadcrumbList","@id":"https:\/\/www.welovecycling.com\/hu\/tour-de-france-2025\/terms-and-conditions-persona-share\/#breadcrumb","itemListElement":[{"@type":"ListItem","position":1,"name":"Home","item":"https:\/\/www.welovecycling.com\/hu\/"},{"@type":"ListItem","position":2,"name":"Tour de France 2025","item":"https:\/\/www.welovecycling.com\/hu\/tour-de-france-2025\/"},{"@type":"ListItem","position":3,"name":"Terms and Conditions &#8211; Persona Share"}]},{"@type":"WebSite","@id":"https:\/\/www.welovecycling.com\/hu\/#website","url":"https:\/\/www.welovecycling.com\/hu\/","name":"\u0160koda We Love Cycling - Magyarorsz\u00e1g","description":"\u0160koda WeLoveCycling","potentialAction":[{"@type":"SearchAction","target":{"@type":"EntryPoint","urlTemplate":"https:\/\/www.welovecycling.com\/hu\/?s={search_term_string}"},"query-input":{"@type":"PropertyValueSpecification","valueRequired":true,"valueName":"search_term_string"}}],"inLanguage":"hu"}]}},"_links":{"self":[{"href":"https:\/\/www.welovecycling.com\/hu\/wp-json\/wp\/v2\/pages\/19076","targetHints":{"allow":["GET"]}}],"collection":[{"href":"https:\/\/www.welovecycling.com\/hu\/wp-json\/wp\/v2\/pages"}],"about":[{"href":"https:\/\/www.welovecycling.com\/hu\/wp-json\/wp\/v2\/types\/page"}],"author":[{"embeddable":true,"href":"https:\/\/www.welovecycling.com\/hu\/wp-json\/wp\/v2\/users\/27"}],"replies":[{"embeddable":true,"href":"https:\/\/www.welovecycling.com\/hu\/wp-json\/wp\/v2\/comments?post=19076"}],"version-history":[{"count":2,"href":"https:\/\/www.welovecycling.com\/hu\/wp-json\/wp\/v2\/pages\/19076\/revisions"}],"predecessor-version":[{"id":19079,"href":"https:\/\/www.welovecycling.com\/hu\/wp-json\/wp\/v2\/pages\/19076\/revisions\/19079"}],"up":[{"embeddable":true,"href":"https:\/\/www.welovecycling.com\/hu\/wp-json\/wp\/v2\/pages\/19073"}],"wp:attachment":[{"href":"https:\/\/www.welovecycling.com\/hu\/wp-json\/wp\/v2\/media?parent=19076"}],"wp:term":[{"taxonomy":"post_tag","embeddable":true,"href":"https:\/\/www.welovecycling.com\/hu\/wp-json\/wp\/v2\/tags?post=19076"}],"curies":[{"name":"wp","href":"https:\/\/api.w.org\/{rel}","templated":true}]}}