{"id":12395,"date":"2021-09-03T12:36:50","date_gmt":"2021-09-03T10:36:50","guid":{"rendered":"https:\/\/www.welovecycling.com\/hu\/?page_id=12395"},"modified":"2021-09-03T12:36:50","modified_gmt":"2021-09-03T10:36:50","slug":"a-legrosszabb-kerekparut-verseny-feltetelei-es-kikotesei","status":"publish","type":"page","link":"https:\/\/www.welovecycling.com\/hu\/a-legrosszabb-kerekparut-verseny-feltetelei-es-kikotesei\/","title":{"rendered":"A legrosszabb ker\u00e9kp\u00e1r\u00fat verseny felt\u00e9telei \u00e9s kik\u00f6t\u00e9sei"},"content":{"rendered":"<p>A jelen szab\u00e1lyzat szab\u00e1lyozza a &#8220;Legrosszabb ker\u00e9kp\u00e1r\u00fat verseny&#8221; (a tov\u00e1bbiakban &#8220;Verseny&#8221;) felt\u00e9teleit, \u00e9s az egyetlen olyan dokumentum, amely teljes k\u00f6r\u0171en \u00e9s k\u00f6telez\u0151en szab\u00e1lyozza a verseny szab\u00e1lyait.<\/p>\n<ol>\n<li><strong> A verseny h\u00e1zigazd\u00e1ja \u00e9s szervez\u0151je<\/strong><\/li>\n<\/ol>\n<p>A Verseny h\u00e1zigazd\u00e1ja a \u0160koda AUTO a.s. r\u00e9szv\u00e9nyt\u00e1rsas\u00e1g, sz\u00e9khelye: t\u0159. V\u00e1clava Klementa 869, 293 01 Mlad\u00e1 Boleslav, Cseh K\u00f6zt\u00e1rsas\u00e1g, c\u00e9gjegyz\u00e9ksz\u00e1ma 00177041, bejegyezve a pr\u00e1gai V\u00e1rosi B\u00edr\u00f3s\u00e1g \u00e1ltal vezetett c\u00e9gjegyz\u00e9k B r\u00e9szleg\u00e9be, 332-es iktat\u00f3sz\u00e1mmal (a tov\u00e1bbiakban: a &#8220;H\u00e1zigazda&#8221;).<\/p>\n<p>A Verseny szervez\u0151je, aki a szervez\u00e9s gyakorlati l\u00e9p\u00e9seit biztos\u00edtja, a MUSTARD s.r.o., sz\u00e9khelye Praha 1 &#8211; Nov\u00e9 M\u011bsto, Masarykovo n\u00e1b\u0159. 246, 110 00, Cseh K\u00f6zt\u00e1rsas\u00e1g, azonos\u00edt\u00f3sz\u00e1m: 28531418, bejegyezve a pr\u00e1gai V\u00e1rosi B\u00edr\u00f3s\u00e1g \u00e1ltal kezelt kereskedelmi nyilv\u00e1ntart\u00e1sba a C r\u00e9szlegben, iktat\u00f3sz\u00e1m: 148383 (a tov\u00e1bbiakban: &#8220;Szervez\u0151&#8221;).<\/p>\n<ol start=\"2\">\n<li><strong> Versenyfelt\u00e9telek \u00e9s hely, Versenyid\u0151szakok<\/strong><\/li>\n<\/ol>\n<p>A Verseny 00:00 \u00f3r\u00e1t\u00f3l (CET) ker\u00fcl megrendez\u00e9sre 20.08. 2021 23:59-ig (CET) 2021.10.31. 2021. A Verseny a www.welovecycling.com weboldalon (a tov\u00e1bbiakban: &#8220;Verseny weboldal&#8221;) ker\u00fcl megrendez\u00e9sre, ahol els\u0151sorban a r\u00e9sztvev\u0151kkel val\u00f3 kommunik\u00e1ci\u00f3 zajlik. Az egyes Versenyid\u0151szakok a k\u00f6vetkez\u0151k:<\/p>\n<p>A f\u0151d\u00edjak sz\u00e1ma \/ A mell\u00e9kd\u00edjak sz\u00e1ma \/ A mell\u00e9kd\u00edjak sz\u00e1ma<\/p>\n<p>versenyid\u0151szak &#8211; 00:00 AM (CET) 20.08. 2021 &#8211; 23:59 (CET) 31.10. 2021; 8\/8<\/p>\n<ol>\n<li><strong>A verseny r\u00e9sztvev\u0151i<\/strong><\/li>\n<\/ol>\n<p>A Versenyen r\u00e9szt vehet minden olyan szem\u00e9ly, aki bet\u00f6lt\u00f6tte a 18. \u00e9let\u00e9v\u00e9t, k\u00f6z\u00e9pszinten besz\u00e9l angolul, \u00e9s a Verseny helysz\u00edn\u00e9\u00fcl szolg\u00e1l\u00f3 orsz\u00e1gok valamelyik\u00e9ben lakik. A Verseny a k\u00f6vetkez\u0151 orsz\u00e1gokban ker\u00fcl megrendez\u00e9sre: ANDORRA, AUSZTRIA, BELGIUM, BOSZNIA, BULG\u00c1RIA, HORV\u00c1TORSZ\u00c1G, CSEH K\u00d6ZT\u00c1RSAS\u00c1G, D\u00c1NIA, \u00c9SZTORSZ\u00c1G, FINNORSZ\u00c1G, FRANCIAORSZ\u00c1G, N\u00c9METORSZ\u00c1G, NAGY-BRITANNIA, G\u00d6R\u00d6GORSZ\u00c1G, MAGYARORSZ\u00c1G, IZLAND, \u00cdRORSZ\u00c1G, OLASZORSZ\u00c1G, LETTORSZ\u00c1G, LIECHTENSTEIN, LITV\u00c1NIA, LUXEMBURG, MONTENEGR\u00d3, HOLLANDIA, NORV\u00c9GIA, LENGYELORSZ\u00c1G, PORTUG\u00c1LIA, ROM\u00c1NIA, SZERBIA, SZLOV\u00c1KIA, SZLOV\u00c9NIA, SPANYOLORSZ\u00c1G, SV\u00c9DORSZ\u00c1G, SV\u00c1JC.<\/p>\n<p>A Versenyen val\u00f3 r\u00e9szv\u00e9telhez meg kell adni egy e-mail c\u00edmet a ker\u00e9kp\u00e1r\u00fatr\u00f3l k\u00e9sz\u00fclt fot\u00f3 bek\u00fcld\u00e9sekor a Verseny weboldal\u00e1n, a Verseny b\u00e1rmelyik id\u0151szak\u00e1ban, \u00e9s meg kell er\u0151s\u00edteni a jelen szab\u00e1lyok felt\u00e9tel n\u00e9lk\u00fcli elfogad\u00e1s\u00e1t. A regisztr\u00e1ci\u00f3 (nevez\u00e9si \u0171rlap) r\u00e9sze a szem\u00e9lyes adatok &#8211; e-mail c\u00edm &#8211; megad\u00e1sa, amelyek kiz\u00e1r\u00f3lag a Verseny c\u00e9ljaira haszn\u00e1lhat\u00f3k fel.<\/p>\n<p>Minden r\u00e9sztvev\u0151 csak egyszer \u00e9s csak a saj\u00e1t e-mail c\u00edm\u00e9n regisztr\u00e1lhat, m\u00edg a Verseny H\u00e1zigazd\u00e1ja fenntartja a jogot, hogy ezt a szab\u00e1lyt technikai \u00e9s szervez\u00e9si eszk\u00f6z\u00f6kkel egyar\u00e1nt ellen\u0151rizze.<\/p>\n<p>A Versenyen nem vehet r\u00e9szt egyetlen olyan szem\u00e9ly sem, aki r\u00e9szt vett a verseny el\u0151k\u00e9sz\u00edt\u00e9s\u00e9ben, f\u0151k\u00e9nt a H\u00e1zigazd\u00e1n\u00e1l vagy a szervez\u0151n\u00e9l alkalmazott, vagy hasonl\u00f3 kapcsolatban \u00e1ll\u00f3 szem\u00e9lyek, valamint a r\u00e9sztvev\u0151 \u0160koda szerz\u0151d\u00e9ses partnerrel vagy a Verseny biztos\u00edt\u00e1s\u00e1val megb\u00edzott \u00fcgyn\u00f6ks\u00e9gekkel hasonl\u00f3 kapcsolatban \u00e1ll\u00f3 szem\u00e9lyek, csal\u00e1dtagjaik \u00e9s a hozz\u00e1juk k\u00f6zel \u00e1ll\u00f3 szem\u00e9lyek.<\/p>\n<ol start=\"4\">\n<li><strong> Versenymechanizmus, a nyertesek \u00e9rt\u00e9kel\u00e9se<\/strong><\/li>\n<\/ol>\n<p>A r\u00e9sztvev\u0151 feladata a Versenyid\u0151szakban az, hogy sikeresen bek\u00fcldj\u00f6n egy ker\u00e9kp\u00e1r\u00fat-mot\u00edvummal ell\u00e1tott fot\u00f3t a Verseny weboldal\u00e1n. Minden r\u00e9sztvev\u0151, aki a Versenyid\u0151szakban sikeresen k\u00fcld\u00f6tt be ker\u00e9kp\u00e1r\u00fat-mot\u00edvum\u00fa fot\u00f3t a Verseny weboldal\u00e1n, es\u00e9lyt kap a nyerem\u00e9nyre.<\/p>\n<p>A Versenyid\u0151szakban a f\u0151d\u00edjakat az a r\u00e9sztvev\u0151 nyeri, aki az \u00f6sszes r\u00e9sztvev\u0151 list\u00e1j\u00e1n az 1\/9, 2\/9, 3\/9, 4\/9, 5\/9, 6\/9, 7\/9 \u00e9s 8\/9 helyen tal\u00e1lhat\u00f3 e-mail c\u00edm\u00e9t megadta. Ha a r\u00e9sztvev\u0151k sz\u00e1ma nem oszthat\u00f3 9-cel, az \u00edgy kapott sz\u00e1mot a legk\u00f6zelebbi 9-cel oszthat\u00f3 eg\u00e9sz sz\u00e1mra kerek\u00edtj\u00fck lefel\u00e9.<\/p>\n<p>A m\u00e1sodlagos nyerem\u00e9nyeket azok a r\u00e9sztvev\u0151k nyerik, akik az \u00f6sszes r\u00e9sztvev\u0151 list\u00e1j\u00e1n az 1\/11, 2\/11, 3\/11, 4\/11, 5\/11, 6\/11, 7\/11 \u00e9s 8\/11 helyen tal\u00e1lhat\u00f3 e-mail c\u00edm\u00fcket megadt\u00e1k. Ha a r\u00e9sztvev\u0151k sz\u00e1ma nem oszthat\u00f3 11-gyel, az \u00edgy kapott sz\u00e1mot a legk\u00f6zelebbi 11-gyel oszthat\u00f3 eg\u00e9sz sz\u00e1mra kerek\u00edtj\u00fck lefel\u00e9.<\/p>\n<p>A fenti r\u00e9sztvev\u0151k list\u00e1j\u00e1t mindig a versenyk\u00e9rd\u00e9sek bek\u00fcld\u00e9s\u00e9nek id\u0151pontja szerint id\u0151rendi sorrendben rendezz\u00fck.<\/p>\n<p>A Verseny H\u00e1zigazd\u00e1ja a nyerteseket a regisztr\u00e1ci\u00f3 sor\u00e1n megadott e-mail c\u00edmen \u00e9rtes\u00edti a megfelel\u0151 Versenyid\u0151szak v\u00e9g\u00e9t k\u00f6vet\u0151 \u00f6t napon bel\u00fcl, \u00e9s a nyerteseket felk\u00e9ri a nyerem\u00e9ny \u00e1tad\u00e1s\u00e1hoz vagy elk\u00fcld\u00e9s\u00e9hez, illetve a tov\u00e1bbi kommunik\u00e1ci\u00f3hoz sz\u00fcks\u00e9ges adatok megad\u00e1s\u00e1ra. Ha a nyertes nem reag\u00e1l, m\u00e9g a Verseny H\u00e1zigazd\u00e1ja \u00e1ltal ism\u00e9telten elk\u00fcld\u00f6tt e-mailre sem, vagy az e-mail elk\u00fcld\u00e9s\u00e9t k\u00f6vet\u0151 24 \u00f3r\u00e1n bel\u00fcl nem adja meg az el\u00e9rhet\u0151s\u00e9gi adatait, a nyerem\u00e9nye mindenf\u00e9le k\u00e1rt\u00e9r\u00edt\u00e9s n\u00e9lk\u00fcl \u00e9rv\u00e9ny\u00e9t veszti.<\/p>\n<ol start=\"5\">\n<li><strong> A d\u00edjak le\u00edr\u00e1sa<\/strong><\/li>\n<\/ol>\n<p>F\u0151d\u00edj:<\/p>\n<ul>\n<li>8x Poc Omne Air<\/li>\n<\/ul>\n<p>M\u00e1sodik d\u00edjak:<\/p>\n<ul>\n<li>8x We Love Cycling p\u00f3l\u00f3<\/li>\n<\/ul>\n<ol start=\"6\">\n<li><strong> A felv\u00e9telek beszerz\u00e9se \u00e9s felhaszn\u00e1l\u00e1sa<\/strong><\/li>\n<\/ol>\n<p>Amennyiben a r\u00e9sztvev\u0151 nyertes lesz, hozz\u00e1j\u00e1rul\u00e1s\u00e1t adja a H\u00e1zigazd\u00e1nak ahhoz, hogy a Verseny megrendez\u00e9s\u00e9vel \u00e9s a nyerem\u00e9nyek \u00e1tad\u00e1s\u00e1val vagy kisorsol\u00e1s\u00e1val kapcsolatban a H\u00e1zigazda \u00e1ltal megv\u00e1s\u00e1rolt portr\u00e9kat, \u00edr\u00e1sbeli nyilatkozatokat, f\u00e9nyk\u00e9peket, valamint a r\u00e9sztvev\u0151vel kapcsolatos hang- \u00e9s k\u00e9pfelv\u00e9teleket \u00e9s\/vagy szem\u00e9lyes jelleg\u0171 kifejez\u00e9seket kereskedelmi c\u00e9lokra felhaszn\u00e1lja minden kommunik\u00e1ci\u00f3s m\u00e9diumban, f\u00fcggetlen\u00fcl azok jelleg\u00e9t\u0151l \u00e9s specifik\u00e1ci\u00f3j\u00e1t\u00f3l, minden tipikus eszk\u00f6zzel, azok k\u00e9s\u0151bbi m\u00f3dos\u00edt\u00e1s\u00e1val, m\u00e1s m\u0171vekkel val\u00f3 esetleges \u00f6sszekapcsol\u00e1s\u00e1val \u00e9s k\u00f6z\u00f6s m\u0171be val\u00f3 beilleszt\u00e9s\u00e9vel. A r\u00e9sztvev\u0151 ezt a hozz\u00e1j\u00e1rul\u00e1st anyagi, id\u0151beli, mennyis\u00e9gi \u00e9s ter\u00fcleti korl\u00e1toz\u00e1s n\u00e9lk\u00fcl, ingyenesen adja meg a H\u00e1zigazd\u00e1nak, \u00e9s b\u00e1rmikor visszavonhatja. Ez a hozz\u00e1j\u00e1rul\u00e1s harmadik felekre is vonatkozik, akiknek a H\u00e1zigazda saj\u00e1t bel\u00e1t\u00e1sa szerint ilyen felv\u00e9teleket biztos\u00edthat.<\/p>\n<ol start=\"7\">\n<li><strong> Egy\u00e9b fontos felt\u00e9telek<\/strong><\/li>\n<\/ol>\n<p>A nyerem\u00e9nyek pontos meghat\u00e1roz\u00e1s\u00e1t kiz\u00e1r\u00f3lag a H\u00e1zigazda hat\u00e1rozza meg. A nyerem\u00e9nyek megjelen\u00edt\u00e9se a prom\u00f3ci\u00f3s anyagokban illusztrat\u00edv jelleg\u0171. A f\u0151d\u00edj elnyer\u00e9s\u00e9hez sz\u00fcks\u00e9ges a nyertes egy\u00e9b felt\u00e9teleinek (\u00fatlev\u00e9l, v\u00edzum stb.) \u00e9s k\u00f6telezetts\u00e9geinek teljes\u00edt\u00e9se, valamint a megfelel\u0151 &#8211; els\u0151sorban eg\u00e9szs\u00e9g\u00fcgyi &#8211; alkalmass\u00e1g figyelembe v\u00e9tele a r\u00e9szv\u00e9telhez. A f\u0151d\u00edj felhaszn\u00e1l\u00e1sa k\u00f6vetkezt\u00e9ben a r\u00e9sztvev\u0151nek okozott k\u00e1rok\u00e9rt a H\u00e1zigazda nem v\u00e1llal felel\u0151ss\u00e9get.<\/p>\n<p>A r\u00e9sztvev\u0151k nem jogosultak a nyerem\u00e9ny helyett p\u00e9nzt vagy m\u00e1s t\u00edpus\u00fa teljes\u00edt\u00e9st k\u00e9rni. A H\u00e1zigazda egy\u00e9bk\u00e9nt nem k\u00f6teles teljes\u00edt\u00e9st ny\u00fajtani a Verseny r\u00e9sztvev\u0151i sz\u00e1m\u00e1ra, \u00e9s a r\u00e9sztvev\u0151k nem jogosultak a H\u00e1zigazd\u00e1t\u00f3l a jelen dokumentumban kifejezetten meghat\u00e1rozottakon k\u00edv\u00fcl semmilyen m\u00e1s teljes\u00edt\u00e9sre.<\/p>\n<p>A H\u00e1zigazda nem felel\u0151s a harmadik f\u00e9l \u00e1ltal sz\u00e1ll\u00edtott nyerem\u00e9nyek min\u0151s\u00e9g\u00e9\u00e9rt. Az esetleges hib\u00e1k\u00e9rt k\u00f6zvetlen\u00fcl ezekn\u00e9l a besz\u00e1ll\u00edt\u00f3kn\u00e1l kell felel\u0151ss\u00e9get v\u00e1llalni. A H\u00e1zigazda fenntartja a jogot, hogy a nyerem\u00e9nyeket saj\u00e1t bel\u00e1t\u00e1sa szerint megv\u00e1ltoztassa.<\/p>\n<p>A r\u00e9sztvev\u0151 kiz\u00e1rhat\u00f3 a Versenyb\u0151l, ha a H\u00e1zigazda felfedezi vagy alapos gyan\u00faja mer\u00fcl fel, hogy a r\u00e9sztvev\u0151 vagy a r\u00e9sztvev\u0151t seg\u00edt\u0151 m\u00e1s szem\u00e9lyek csal\u00e1st k\u00f6vettek el a nyerem\u00e9nyek megszerz\u00e9se \u00e9rdek\u00e9ben, vagy tisztess\u00e9gtelen, illetve a r\u00e9sztvev\u0151 tudt\u00e1n k\u00edv\u00fcli, a szab\u00e1lyoknak nem megfelel\u0151 magatart\u00e1st tan\u00fas\u00edtottak.<\/p>\n<p>A H\u00e1zigazda nem v\u00e1llal felel\u0151ss\u00e9get az \u00fczenetek vagy a nyerem\u00e9nyek k\u00e9zbes\u00edt\u00e9s\u00e9nek elmarad\u00e1s\u00e1\u00e9rt. A H\u00e1zigazda nem v\u00e1llal felel\u0151ss\u00e9get a technikai vagy kommunik\u00e1ci\u00f3s probl\u00e9m\u00e1k miatt bek\u00f6vetkez\u0151 hib\u00e1k\u00e9rt. A H\u00e1zigazda d\u00f6nt v\u00e9glegesen a panaszok vagy beny\u00fajtott kifog\u00e1sok \u00fcgy\u00e9ben. A H\u00e1zigazda fenntartja a jogot, hogy k\u00e1rt\u00e9r\u00edt\u00e9si k\u00f6telezetts\u00e9g n\u00e9lk\u00fcl ler\u00f6vid\u00edtse, elhalassza, felf\u00fcggessze vagy t\u00f6r\u00f6lje a rendezv\u00e9nyt \u00e9s a nyerem\u00e9nyeket, illetve a rendezv\u00e9ny fenn\u00e1ll\u00e1sa alatt egyoldal\u00faan m\u00f3dos\u00edtsa vagy kieg\u00e9sz\u00edtse a jelen szab\u00e1lyzatot azzal, hogy az ilyen v\u00e1ltoz\u00e1sokr\u00f3l a fent megadott weboldalon \u00e9rtes\u00edt\u00e9st k\u00fcld, ahol a szab\u00e1lyzat \u00e9rv\u00e9nyes \u00e9s teljes sz\u00f6vege is megtal\u00e1lhat\u00f3.<\/p>\n<p>Ezt a Versenyt semmilyen m\u00f3don nem a Facebook m\u0171k\u00f6dteti, szponzor\u00e1lja, vagy kapcsol\u00f3dik hozz\u00e1, \u00e9s a Facebook nem felel\u0151s \u00e9rte. Az esem\u00e9ny sor\u00e1n megadott inform\u00e1ci\u00f3k nem ker\u00fclnek a Facebookhoz. A p\u00e1ly\u00e1zattal kapcsolatos minden k\u00e9rd\u00e9st, \u00e9szrev\u00e9telt vagy panaszt a H\u00e1zigazd\u00e1nak kell c\u00edmezni, nem a Facebooknak.<\/p>\n<p>A Versenyre a Cseh K\u00f6zt\u00e1rsas\u00e1g t\u00f6rv\u00e9nyei vonatkoznak, kiv\u00e9ve, ha a r\u00e9sztvev\u0151k orsz\u00e1g\u00e1nak hat\u00e1lyos jogszab\u00e1lyai ezt kiz\u00e1rj\u00e1k.<\/p>\n<p>&nbsp;<\/p>\n<p>&nbsp;<\/p>\n","protected":false},"excerpt":{"rendered":"<p>A jelen szab\u00e1lyzat szab\u00e1lyozza a &#8220;Legrosszabb ker\u00e9kp\u00e1r\u00fat verseny&#8221; (a tov\u00e1bbiakban &#8220;Verseny&#8221;) felt\u00e9teleit, \u00e9s az egyetlen olyan dokumentum, amely teljes k\u00f6r\u0171en [&hellip;]<\/p>\n","protected":false},"author":99,"featured_media":0,"parent":0,"menu_order":0,"comment_status":"closed","ping_status":"closed","template":"","meta":{"footnotes":""},"tags":[],"class_list":["post-12395","page","type-page","status-publish","hentry"],"yoast_head":"<!-- This site is optimized with the Yoast SEO Premium plugin v25.3 (Yoast SEO v25.9) - https:\/\/yoast.com\/wordpress\/plugins\/seo\/ -->\n<title>A legrosszabb ker\u00e9kp\u00e1r\u00fat verseny felt\u00e9telei \u00e9s kik\u00f6t\u00e9sei - \u0160koda We Love Cycling - Magyarorsz\u00e1g<\/title>\n<meta name=\"robots\" content=\"index, follow, max-snippet:-1, max-image-preview:large, max-video-preview:-1\" \/>\n<link rel=\"canonical\" href=\"https:\/\/www.welovecycling.com\/hu\/a-legrosszabb-kerekparut-verseny-feltetelei-es-kikotesei\/\" \/>\n<meta property=\"og:locale\" content=\"hu_HU\" \/>\n<meta property=\"og:type\" content=\"article\" \/>\n<meta property=\"og:title\" content=\"A legrosszabb ker\u00e9kp\u00e1r\u00fat verseny felt\u00e9telei \u00e9s kik\u00f6t\u00e9sei\" \/>\n<meta property=\"og:description\" content=\"A jelen szab\u00e1lyzat szab\u00e1lyozza a &#8220;Legrosszabb ker\u00e9kp\u00e1r\u00fat verseny&#8221; (a tov\u00e1bbiakban &#8220;Verseny&#8221;) felt\u00e9teleit, \u00e9s az egyetlen olyan dokumentum, amely teljes k\u00f6r\u0171en [&hellip;]\" \/>\n<meta property=\"og:url\" content=\"https:\/\/www.welovecycling.com\/hu\/a-legrosszabb-kerekparut-verseny-feltetelei-es-kikotesei\/\" \/>\n<meta property=\"og:site_name\" content=\"\u0160koda We Love Cycling - Magyarorsz\u00e1g\" \/>\n<meta property=\"article:publisher\" content=\"https:\/\/www.facebook.com\/WeLoveCyclingHungary\/\" \/>\n<meta name=\"twitter:card\" content=\"summary_large_image\" \/>\n<meta name=\"twitter:label1\" content=\"Est. reading time\" \/>\n\t<meta name=\"twitter:data1\" content=\"8 minutes\" \/>\n<script type=\"application\/ld+json\" class=\"yoast-schema-graph\">{\"@context\":\"https:\/\/schema.org\",\"@graph\":[{\"@type\":\"WebPage\",\"@id\":\"https:\/\/www.welovecycling.com\/hu\/a-legrosszabb-kerekparut-verseny-feltetelei-es-kikotesei\/\",\"url\":\"https:\/\/www.welovecycling.com\/hu\/a-legrosszabb-kerekparut-verseny-feltetelei-es-kikotesei\/\",\"name\":\"A legrosszabb ker\u00e9kp\u00e1r\u00fat verseny felt\u00e9telei \u00e9s kik\u00f6t\u00e9sei - \u0160koda We Love Cycling - Magyarorsz\u00e1g\",\"isPartOf\":{\"@id\":\"https:\/\/www.welovecycling.com\/hu\/#website\"},\"datePublished\":\"2021-09-03T10:36:50+00:00\",\"breadcrumb\":{\"@id\":\"https:\/\/www.welovecycling.com\/hu\/a-legrosszabb-kerekparut-verseny-feltetelei-es-kikotesei\/#breadcrumb\"},\"inLanguage\":\"hu\",\"potentialAction\":[{\"@type\":\"ReadAction\",\"target\":[\"https:\/\/www.welovecycling.com\/hu\/a-legrosszabb-kerekparut-verseny-feltetelei-es-kikotesei\/\"]}]},{\"@type\":\"BreadcrumbList\",\"@id\":\"https:\/\/www.welovecycling.com\/hu\/a-legrosszabb-kerekparut-verseny-feltetelei-es-kikotesei\/#breadcrumb\",\"itemListElement\":[{\"@type\":\"ListItem\",\"position\":1,\"name\":\"Home\",\"item\":\"https:\/\/www.welovecycling.com\/hu\/\"},{\"@type\":\"ListItem\",\"position\":2,\"name\":\"A legrosszabb ker\u00e9kp\u00e1r\u00fat verseny felt\u00e9telei \u00e9s kik\u00f6t\u00e9sei\"}]},{\"@type\":\"WebSite\",\"@id\":\"https:\/\/www.welovecycling.com\/hu\/#website\",\"url\":\"https:\/\/www.welovecycling.com\/hu\/\",\"name\":\"\u0160koda We Love Cycling - Magyarorsz\u00e1g\",\"description\":\"\u0160koda WeLoveCycling\",\"potentialAction\":[{\"@type\":\"SearchAction\",\"target\":{\"@type\":\"EntryPoint\",\"urlTemplate\":\"https:\/\/www.welovecycling.com\/hu\/?s={search_term_string}\"},\"query-input\":{\"@type\":\"PropertyValueSpecification\",\"valueRequired\":true,\"valueName\":\"search_term_string\"}}],\"inLanguage\":\"hu\"}]}<\/script>\n<!-- \/ Yoast SEO Premium plugin. -->","yoast_head_json":{"title":"A legrosszabb ker\u00e9kp\u00e1r\u00fat verseny felt\u00e9telei \u00e9s kik\u00f6t\u00e9sei - \u0160koda We Love Cycling - Magyarorsz\u00e1g","robots":{"index":"index","follow":"follow","max-snippet":"max-snippet:-1","max-image-preview":"max-image-preview:large","max-video-preview":"max-video-preview:-1"},"canonical":"https:\/\/www.welovecycling.com\/hu\/a-legrosszabb-kerekparut-verseny-feltetelei-es-kikotesei\/","og_locale":"hu_HU","og_type":"article","og_title":"A legrosszabb ker\u00e9kp\u00e1r\u00fat verseny felt\u00e9telei \u00e9s kik\u00f6t\u00e9sei","og_description":"A jelen szab\u00e1lyzat szab\u00e1lyozza a &#8220;Legrosszabb ker\u00e9kp\u00e1r\u00fat verseny&#8221; (a tov\u00e1bbiakban &#8220;Verseny&#8221;) felt\u00e9teleit, \u00e9s az egyetlen olyan dokumentum, amely teljes k\u00f6r\u0171en [&hellip;]","og_url":"https:\/\/www.welovecycling.com\/hu\/a-legrosszabb-kerekparut-verseny-feltetelei-es-kikotesei\/","og_site_name":"\u0160koda We Love Cycling - Magyarorsz\u00e1g","article_publisher":"https:\/\/www.facebook.com\/WeLoveCyclingHungary\/","twitter_card":"summary_large_image","twitter_misc":{"Est. reading time":"8 minutes"},"schema":{"@context":"https:\/\/schema.org","@graph":[{"@type":"WebPage","@id":"https:\/\/www.welovecycling.com\/hu\/a-legrosszabb-kerekparut-verseny-feltetelei-es-kikotesei\/","url":"https:\/\/www.welovecycling.com\/hu\/a-legrosszabb-kerekparut-verseny-feltetelei-es-kikotesei\/","name":"A legrosszabb ker\u00e9kp\u00e1r\u00fat verseny felt\u00e9telei \u00e9s kik\u00f6t\u00e9sei - \u0160koda We Love Cycling - Magyarorsz\u00e1g","isPartOf":{"@id":"https:\/\/www.welovecycling.com\/hu\/#website"},"datePublished":"2021-09-03T10:36:50+00:00","breadcrumb":{"@id":"https:\/\/www.welovecycling.com\/hu\/a-legrosszabb-kerekparut-verseny-feltetelei-es-kikotesei\/#breadcrumb"},"inLanguage":"hu","potentialAction":[{"@type":"ReadAction","target":["https:\/\/www.welovecycling.com\/hu\/a-legrosszabb-kerekparut-verseny-feltetelei-es-kikotesei\/"]}]},{"@type":"BreadcrumbList","@id":"https:\/\/www.welovecycling.com\/hu\/a-legrosszabb-kerekparut-verseny-feltetelei-es-kikotesei\/#breadcrumb","itemListElement":[{"@type":"ListItem","position":1,"name":"Home","item":"https:\/\/www.welovecycling.com\/hu\/"},{"@type":"ListItem","position":2,"name":"A legrosszabb ker\u00e9kp\u00e1r\u00fat verseny felt\u00e9telei \u00e9s kik\u00f6t\u00e9sei"}]},{"@type":"WebSite","@id":"https:\/\/www.welovecycling.com\/hu\/#website","url":"https:\/\/www.welovecycling.com\/hu\/","name":"\u0160koda We Love Cycling - Magyarorsz\u00e1g","description":"\u0160koda WeLoveCycling","potentialAction":[{"@type":"SearchAction","target":{"@type":"EntryPoint","urlTemplate":"https:\/\/www.welovecycling.com\/hu\/?s={search_term_string}"},"query-input":{"@type":"PropertyValueSpecification","valueRequired":true,"valueName":"search_term_string"}}],"inLanguage":"hu"}]}},"_links":{"self":[{"href":"https:\/\/www.welovecycling.com\/hu\/wp-json\/wp\/v2\/pages\/12395","targetHints":{"allow":["GET"]}}],"collection":[{"href":"https:\/\/www.welovecycling.com\/hu\/wp-json\/wp\/v2\/pages"}],"about":[{"href":"https:\/\/www.welovecycling.com\/hu\/wp-json\/wp\/v2\/types\/page"}],"author":[{"embeddable":true,"href":"https:\/\/www.welovecycling.com\/hu\/wp-json\/wp\/v2\/users\/99"}],"replies":[{"embeddable":true,"href":"https:\/\/www.welovecycling.com\/hu\/wp-json\/wp\/v2\/comments?post=12395"}],"version-history":[{"count":1,"href":"https:\/\/www.welovecycling.com\/hu\/wp-json\/wp\/v2\/pages\/12395\/revisions"}],"predecessor-version":[{"id":12396,"href":"https:\/\/www.welovecycling.com\/hu\/wp-json\/wp\/v2\/pages\/12395\/revisions\/12396"}],"wp:attachment":[{"href":"https:\/\/www.welovecycling.com\/hu\/wp-json\/wp\/v2\/media?parent=12395"}],"wp:term":[{"taxonomy":"post_tag","embeddable":true,"href":"https:\/\/www.welovecycling.com\/hu\/wp-json\/wp\/v2\/tags?post=12395"}],"curies":[{"name":"wp","href":"https:\/\/api.w.org\/{rel}","templated":true}]}}