{"id":10925,"date":"2021-04-23T07:35:06","date_gmt":"2021-04-23T06:35:06","guid":{"rendered":"https:\/\/www.welovecycling.com\/hu\/?page_id=10925"},"modified":"2021-05-20T10:47:47","modified_gmt":"2021-05-20T08:47:47","slug":"amator-szurkolok-tabora","status":"publish","type":"page","link":"https:\/\/www.welovecycling.com\/hu\/amator-szurkolok-tabora\/","title":{"rendered":"Amat\u0151r szurkol\u00f3k t\u00e1bora"},"content":{"rendered":"<div id=\"pl-10925\"  class=\"panel-layout\" ><div id=\"pg-10925-0\"  class=\"panel-grid panel-no-style\" ><div id=\"pgc-10925-0-0\"  class=\"panel-grid-cell\" ><div id=\"panel-10925-0-0-0\" class=\"widget_text so-panel widget widget_custom_html panel-first-child\" data-index=\"0\" ><div class=\"widget_text panel-widget-style panel-widget-style-for-10925-0-0-0\" ><div class=\"textwidget custom-html-widget\"><style>\n\t#zt-lwrap.container {\n  max-width: 1304px !important;\n}\n#wpforms-10713-field_7-container {\n  max-width: 500px;\n}\n.etap {\n  color: #fff;\n}\n#etapok h3 {\n  margin-bottom: 30px;\n}\n#wpforms-10713-field_7 label {\n  font-size: 14px;\n}\n#etapok p {\n  margin: 0;\n  min-height: 108px;\n  font-size: 18px;\n}\n.zt h2,\n#etapok h3,\n#nyeremeny h2 {\n  font-size: 24px !important;\n  font-weight: 900;\n}\n.zt h2 {\n  font-size: 36px !important;\n  letter-spacing: 1px;\n}\n.lepes h3 {\n  font-size: 16px !important;\n}\n#lepesek p {\n  margin: 0;\n  min-height: 126px;\n  display: flex;\n  align-items: center;\n}\n#interjuk .wrap .panel-grid-cell {\n  box-shadow: rgb(0 0 0 \/ 15%) 0px 6px 3px 0px;\n}\n#interjuk .wrap .panel-grid-cell-empty {\n  box-shadow: none !important;\n}\n.am-title h3 {\n  font-size: 18px;\n  font-weight: 900;\n  margin-bottom: 0;\n}\n#lepesek h3 {\n  margin-bottom: 15px;\n}\n.zt h2,\n.lepes h3 {\n  position: relative;\n  margin: 0;\n  padding: 0;\n  text-transform: uppercase;\n  font-weight: 900;\n}\nh2:before,\nh2:after,\n#etapok h3:before,\n#etapok h3:after {\n  content: \"\";\n  display: block;\n  width: 26px;\n  height: 3px;\n  background: #39b54a;\n  margin: 0 auto;\n}\n.abtitle,\n.int-bg {\n  height: 220px;\n  width: 100%;\n  position: relative;\n\tbackground-color:#000;\n}\n#interjuk .int-text {\n  padding: 12px 20px 10px 20px !important;\n}\n.int-text a {\n  height: 2.5em;\n  max-height: 2.5em;\n  color: #121415;\n  margin-bottom: 0;\n  font-weight: 700;\n  font-size: 1.25em;\n  line-height: 1.15;\n}\n.abtitle:after {\n  content: \"\";\n  position: absolute;\n  bottom: -1px;\n  left: -1px;\n  right: -1px;\n  top: 40%;\n  background: linear-gradient(0deg, #000, transparent);\n}\n.abtitle a {\n  color: #fff;\n  font-weight: 700;\n  font-size: 1.5rem;\n  line-height: 1.3;\n  position: absolute;\n  bottom: 15px;\n  left: 15px;\n  right: 15px;\n  z-index: 12;\n}\n.abtitle a:hover,\n.int-text a:hover,#zt-lead a:hover {\n  color: #4aa82e;\n}\n.abtitle a span {\n  display: inline;\n  padding: 0.05em 0.3em;\n  background-color: rgba(20, 22, 22, 0.5);\n\n  -webkit-box-decoration-break: clone;\n  box-decoration-break: clone;\n}\n.lepes h3:before,\n.lepes h3:after {\n  content: \"\";\n  display: block;\n  width: 14px;\n  height: 2px;\n  background: #39b54a;\n  margin: 0 auto;\n}\n.int-bg,a {\n  position: relative;\n    -webkit-transition: all 0.3s ease 0s;\n    -moz-transition: all 0.3s ease 0s;\n    -o-transition: all 0.3s ease 0s;\n    transition: all 0.3s ease 0s;\n}\n.int-bg:hover {opacity:0.8}\n\t.int-bg:hover > a {color:#4aa82e}\n.int-bg a {\n  position: absolute;\n  top: 0;\n  left: 0;\n  right: 0;\n  bottom: 0;\n  width: 100%;\n  height: 100%;\n  display: block;\n}\n#zt-more a {\n  padding: 1em 0;\n  font-size: 14px;\n}\n.lepes h3:before {\n  margin-bottom: 5px;\n}\n.lepes h3:after {\n  margin-top: 5px;\n}\n#lepesek .panel-grid-cell {\n  max-width: 285px;\n}\nh2:before,\n#etapok h3:before {\n  margin-bottom: 14px;\n}\nh2:after,\n#etapok h3:after {\n  margin-top: 14px;\n}\n#zt-lead {\n  margin-top: -85px;\n}\n#zt-lead p,\n#nyinfo p {\n  font-size: 18px;\n  line-height: 24px;\n}\n#lepesek .lepes {\n  padding: 25px 30px;\n  text-align: center;\n}\n#lepesek p {\n  font-size: 14px;\n}\n#zt-form .wpforms-field-email .wpforms-label-hide {\n  display: none !important;\n}\n#zt-form .wpforms-container-full {\n  max-width: 796px;\n  margin: 0 auto;\n}\n#zt-form button {\n  background: #4aa82e;\n  color: #fff;\n  padding: 1em 4em;\n}\n#etapok .etap {\n  text-align: center;\n  padding: 60px 20px;\n}\n#nyimg {\n  margin-top: -30px;\n  margin-bottom: -30px;\n}\n#etap3.etap {\n  padding: 60px 20px !important;\n}\n#triko {\n  margin-top: -90px;\n}\n#te-le p {\n  font-size: 22px;\n  line-height: 1.2;\n  margin-bottom: 15px;\n}\n@media (max-width: 780px) {\n  .zt h2 {\n    font-size: 18px !important;\n    letter-spacing: 1px;\n  }\n  #te-le,\n  #zt-more .ow-button-base {\n    text-align: center !important;\n  }\n  #triko a,\n  #sixbox a {\n    margin: 0 auto !important;\n  }\n  #triko {\n    margin-top: 0px;\n  }\n  #zt-lead {\n    margin-top: 0px;\n  }\n  #lepesek .panel-grid-cell {\n    max-width: 285px;\n    margin: 0 auto 30px auto !important;\n  }\n  #etapok .panel-grid-cell {\n    max-width: 386px;\n    margin: 0 auto 30px auto !important;\n  }\n}\n\n<\/style><\/div><\/div><\/div><div id=\"panel-10925-0-0-1\" class=\"so-panel widget widget_sow-image panel-last-child\" data-index=\"1\" ><div\n\t\t\t\n\t\t\tclass=\"so-widget-sow-image so-widget-sow-image-default-a258e6bfa2d8-10925\"\n\t\t\t\n\t\t>\n<div class=\"sow-image-container\">\n\t\t<img loading=\"lazy\" decoding=\"async\" src=\"https:\/\/d2p6e6u75xmxt8.cloudfront.net\/12\/2021\/04\/WL007_tour_de_hongrie_landing_header.png\" width=\"1920\" height=\"788\" srcset=\"https:\/\/d2p6e6u75xmxt8.cloudfront.net\/12\/2021\/04\/WL007_tour_de_hongrie_landing_header.png 1920w, https:\/\/d2p6e6u75xmxt8.cloudfront.net\/12\/2021\/04\/WL007_tour_de_hongrie_landing_header-300x123.png 300w, https:\/\/d2p6e6u75xmxt8.cloudfront.net\/12\/2021\/04\/WL007_tour_de_hongrie_landing_header-1024x420.png 1024w, https:\/\/d2p6e6u75xmxt8.cloudfront.net\/12\/2021\/04\/WL007_tour_de_hongrie_landing_header-768x315.png 768w, https:\/\/d2p6e6u75xmxt8.cloudfront.net\/12\/2021\/04\/WL007_tour_de_hongrie_landing_header-1536x630.png 1536w\" sizes=\"auto, (max-width: 1920px) 100vw, 1920px\" alt=\"\" \t\tclass=\"so-widget-image\"\/>\n\t<\/div>\n\n<\/div><\/div><\/div><\/div><div id=\"pg-10925-1\"  class=\"panel-grid panel-has-style\" ><div class=\"container panel-row-style panel-row-style-for-10925-1\" id=\"zt-lwrap\" ><div id=\"pgc-10925-1-0\"  class=\"panel-grid-cell\" ><div id=\"panel-10925-1-0-0\" class=\"so-panel widget widget_siteorigin-panels-builder panel-first-child panel-last-child\" data-index=\"2\" ><div id=\"zt-lead\" class=\"panel-widget-style panel-widget-style-for-10925-1-0-0\" ><div id=\"pl-w609cf53a1918f\"  class=\"panel-layout\" ><div id=\"pg-w609cf53a1918f-0\"  class=\"panel-grid panel-has-style\" ><div class=\"panel-row-style panel-row-style-for-w609cf53a1918f-0\" ><div id=\"pgc-w609cf53a1918f-0-0\"  class=\"panel-grid-cell\" ><div id=\"panel-w609cf53a1918f-0-0-0\" class=\"so-panel widget widget_sow-editor panel-first-child panel-last-child\" data-index=\"0\" ><div class=\"zt panel-widget-style panel-widget-style-for-w609cf53a1918f-0-0-0\" ><div\n\t\t\t\n\t\t\tclass=\"so-widget-sow-editor so-widget-sow-editor-base\"\n\t\t\t\n\t\t>\n<div class=\"siteorigin-widget-tinymce textwidget\">\n\t<h2 style=\"text-align: center;\"><a href=\"https:\/\/www.welovecycling.com\/hu\/category\/tour-de-hongrie\/napi-osszefoglalo\/\">NAPI \u00d6SSZEFOGLAL\u00d3<\/a><\/h2>\n<\/div>\n<\/div><\/div><\/div><\/div><\/div><\/div><\/div><\/div><\/div><\/div><\/div><\/div><div id=\"pg-10925-2\"  class=\"panel-grid panel-has-style\" ><div class=\"container panel-row-style panel-row-style-for-10925-2\" ><div id=\"pgc-10925-2-0\"  class=\"panel-grid-cell\" ><div id=\"panel-10925-2-0-0\" class=\"so-panel widget widget_siteorigin-panels-builder panel-first-child panel-last-child\" data-index=\"3\" ><div id=\"pl-w60a622333162c\"  class=\"panel-layout\" ><div id=\"pg-w60a622333162c-0\"  class=\"panel-grid panel-no-style\" ><div id=\"pgc-w60a622333162c-0-0\"  class=\"panel-grid-cell\" ><div id=\"panel-w60a622333162c-0-0-0\" class=\"so-panel widget widget_sow-editor panel-first-child panel-last-child\" data-index=\"0\" ><div class=\"am-title panel-widget-style panel-widget-style-for-w60a622333162c-0-0-0\" ><div\n\t\t\t\n\t\t\tclass=\"so-widget-sow-editor so-widget-sow-editor-base\"\n\t\t\t\n\t\t>\n<div class=\"siteorigin-widget-tinymce textwidget\">\n\t<h3>INTERJ\u00daK<\/h3>\n<\/div>\n<\/div><\/div><\/div><\/div><\/div><div id=\"pg-w60a622333162c-1\"  class=\"panel-grid panel-no-style\" ><div id=\"pgc-w60a622333162c-1-0\"  class=\"panel-grid-cell\" ><div id=\"panel-w60a622333162c-1-0-0\" class=\"so-panel widget widget_sow-editor panel-first-child panel-last-child\" data-index=\"1\" ><div class=\"abtitle panel-widget-style panel-widget-style-for-w60a622333162c-1-0-0\" ><div\n\t\t\t\n\t\t\tclass=\"so-widget-sow-editor so-widget-sow-editor-base\"\n\t\t\t\n\t\t>\n<div class=\"siteorigin-widget-tinymce textwidget\">\n\t<a href=\"https:\/\/www.welovecycling.com\/hu\/tour-de-hongrie\/a-tour-de-hongrie-szive-lelke-eisenkrammer-karoly\/\">A Tour de Hongrie sz\u00edve-lelke- Eisenkrammer K\u00e1roly<\/a><\/div>\n<\/div><\/div><\/div><\/div><div id=\"pgc-w60a622333162c-1-1\"  class=\"panel-grid-cell\" ><div id=\"panel-w60a622333162c-1-1-0\" class=\"so-panel widget widget_sow-editor panel-first-child panel-last-child\" data-index=\"2\" ><div class=\"abtitle panel-widget-style panel-widget-style-for-w60a622333162c-1-1-0\" ><div\n\t\t\t\n\t\t\tclass=\"so-widget-sow-editor so-widget-sow-editor-base\"\n\t\t\t\n\t\t>\n<div class=\"siteorigin-widget-tinymce textwidget\">\n\t<a href=\"https:\/\/www.welovecycling.com\/hu\/tour-de-hongrie\/fetter-erik-a-titkos-magyar-igeret\/\">Fetter Erik \u2013 a titkos magyar \u00edg\u00e9ret<\/a><\/div>\n<\/div><\/div><\/div><\/div><div id=\"pgc-w60a622333162c-1-2\"  class=\"panel-grid-cell\" ><div id=\"panel-w60a622333162c-1-2-0\" class=\"so-panel widget widget_sow-editor panel-first-child panel-last-child\" data-index=\"3\" ><div class=\"abtitle panel-widget-style panel-widget-style-for-w60a622333162c-1-2-0\" ><div\n\t\t\t\n\t\t\tclass=\"so-widget-sow-editor so-widget-sow-editor-base\"\n\t\t\t\n\t\t>\n<div class=\"siteorigin-widget-tinymce textwidget\">\n\t<a href=\"https:\/\/www.welovecycling.com\/hu\/tour-de-hongrie\/szilasi-laszlo-a-fontos-dontesek-felelose\/\">Szilasi L\u00e1szl\u00f3 \u2013 a fontos d\u00f6nt\u00e9sek felel\u0151se<\/a><\/div>\n<\/div><\/div><\/div><\/div><\/div><div id=\"pg-w60a622333162c-2\"  class=\"panel-grid panel-no-style\" ><div id=\"pgc-w60a622333162c-2-0\"  class=\"panel-grid-cell\" ><div id=\"panel-w60a622333162c-2-0-0\" class=\"so-panel widget widget_sow-editor panel-first-child panel-last-child\" data-index=\"4\" ><div class=\"abtitle panel-widget-style panel-widget-style-for-w60a622333162c-2-0-0\" ><div\n\t\t\t\n\t\t\tclass=\"so-widget-sow-editor so-widget-sow-editor-base\"\n\t\t\t\n\t\t>\n<div class=\"siteorigin-widget-tinymce textwidget\">\n\t<a href=\"https:\/\/www.welovecycling.com\/hu\/tour-de-hongrie\/valter-attila-a-kekesteto-ura-a-csomori-giro-hos\/\">Valter Attila \u2013 a K\u00e9kestet\u0151 ura, a cs\u00f6m\u00f6ri Giro-h\u0151s<\/a><\/div>\n<\/div><\/div><\/div><\/div><div id=\"pgc-w60a622333162c-2-1\"  class=\"panel-grid-cell panel-grid-cell-mobile-last\" ><div id=\"panel-w60a622333162c-2-1-0\" class=\"so-panel widget widget_sow-editor panel-first-child panel-last-child\" data-index=\"5\" ><div class=\"abtitle panel-widget-style panel-widget-style-for-w60a622333162c-2-1-0\" ><div\n\t\t\t\n\t\t\tclass=\"so-widget-sow-editor so-widget-sow-editor-base\"\n\t\t\t\n\t\t>\n<div class=\"siteorigin-widget-tinymce textwidget\">\n\t<a href=\"https:\/\/www.welovecycling.com\/hu\/tour-de-hongrie\/peak-barna-magyar-bringas-kulfoldi-csapatban\/\">Pe\u00e1k Barna - magyar bring\u00e1s k\u00fclf\u00f6ldi csapatban<\/a><\/div>\n<\/div><\/div><\/div><\/div><div id=\"pgc-w60a622333162c-2-2\"  class=\"panel-grid-cell panel-grid-cell-empty\" ><\/div><\/div><\/div><\/div><\/div><\/div><\/div><div id=\"pg-10925-3\"  class=\"panel-grid panel-has-style\" ><div class=\"container panel-row-style panel-row-style-for-10925-3\" ><div id=\"pgc-10925-3-0\"  class=\"panel-grid-cell\" ><div id=\"panel-10925-3-0-0\" class=\"so-panel widget widget_siteorigin-panels-builder panel-first-child panel-last-child\" data-index=\"4\" ><div id=\"interjuk\" class=\"panel-widget-style panel-widget-style-for-10925-3-0-0\" ><div id=\"pl-w60a2a0575141f\"  class=\"panel-layout\" ><div id=\"pg-w60a2a0575141f-0\"  class=\"panel-grid panel-no-style\" ><div id=\"pgc-w60a2a0575141f-0-0\"  class=\"panel-grid-cell\" ><div id=\"panel-w60a2a0575141f-0-0-0\" class=\"so-panel widget widget_sow-editor panel-first-child panel-last-child\" data-index=\"0\" ><div class=\"am-title panel-widget-style panel-widget-style-for-w60a2a0575141f-0-0-0\" ><div\n\t\t\t\n\t\t\tclass=\"so-widget-sow-editor so-widget-sow-editor-base\"\n\t\t\t\n\t\t>\n<div class=\"siteorigin-widget-tinymce textwidget\">\n\t<h3>A VERSENYR\u0150L<\/h3>\n<\/div>\n<\/div><\/div><\/div><\/div><\/div><div id=\"pg-w60a2a0575141f-1\"  class=\"panel-grid panel-has-style\" ><div class=\"wrap panel-row-style panel-row-style-for-w60a2a0575141f-1\" ><div id=\"pgc-w60a2a0575141f-1-0\"  class=\"panel-grid-cell\" ><div id=\"panel-w60a2a0575141f-1-0-0\" class=\"widget_text so-panel widget widget_custom_html panel-first-child\" data-index=\"1\" ><div class=\"widget_text int-bg panel-widget-style panel-widget-style-for-w60a2a0575141f-1-0-0\" ><div class=\"textwidget custom-html-widget\"><a href=\"https:\/\/www.welovecycling.com\/hu\/tour-de-hongrie\/we-love-tdh-az-idei-tour-de-hongrie-ahogy-mi-eltuk-at-veletek\/\">&nbsp;<\/a><\/div><\/div><\/div><div id=\"panel-w60a2a0575141f-1-0-1\" class=\"so-panel widget widget_sow-editor panel-last-child\" data-index=\"2\" ><div class=\"int-text panel-widget-style panel-widget-style-for-w60a2a0575141f-1-0-1\" ><div\n\t\t\t\n\t\t\tclass=\"so-widget-sow-editor so-widget-sow-editor-base\"\n\t\t\t\n\t\t>\n<div class=\"siteorigin-widget-tinymce textwidget\">\n\t<p class=\"entry-title\"><a href=\"https:\/\/www.welovecycling.com\/hu\/tour-de-hongrie\/we-love-tdh-az-idei-tour-de-hongrie-ahogy-mi-eltuk-at-veletek\/\">We Love TdH \u2013 az idei Tour de Hongrie, ahogy mi \u00e9lt\u00fck \u00e1t, veletek<\/a><\/p>\n<\/div>\n<\/div><\/div><\/div><\/div><div id=\"pgc-w60a2a0575141f-1-1\"  class=\"panel-grid-cell\" ><div id=\"panel-w60a2a0575141f-1-1-0\" class=\"widget_text so-panel widget widget_custom_html panel-first-child\" data-index=\"3\" ><div class=\"widget_text int-bg panel-widget-style panel-widget-style-for-w60a2a0575141f-1-1-0\" ><div class=\"textwidget custom-html-widget\"><a href=\"https:\/\/www.welovecycling.com\/hu\/tour-de-hongrie\/szinek-harcok-reszhajrak-a-tour-de-hongrie-trikoi\/\">&nbsp;<\/a><\/div><\/div><\/div><div id=\"panel-w60a2a0575141f-1-1-1\" class=\"so-panel widget widget_sow-editor panel-last-child\" data-index=\"4\" ><div class=\"int-text panel-widget-style panel-widget-style-for-w60a2a0575141f-1-1-1\" ><div\n\t\t\t\n\t\t\tclass=\"so-widget-sow-editor so-widget-sow-editor-base\"\n\t\t\t\n\t\t>\n<div class=\"siteorigin-widget-tinymce textwidget\">\n\t<p class=\"entry-title\"><a href=\"https:\/\/www.welovecycling.com\/hu\/tour-de-hongrie\/szinek-harcok-reszhajrak-a-tour-de-hongrie-trikoi\/\">Sz\u00ednek, harcok, r\u00e9szhajr\u00e1k \u2013 A Tour de Hongrie trik\u00f3i<\/a><\/p>\n<\/div>\n<\/div><\/div><\/div><\/div><div id=\"pgc-w60a2a0575141f-1-2\"  class=\"panel-grid-cell\" ><div id=\"panel-w60a2a0575141f-1-2-0\" class=\"widget_text so-panel widget widget_custom_html panel-first-child\" data-index=\"5\" ><div class=\"widget_text int-bg panel-widget-style panel-widget-style-for-w60a2a0575141f-1-2-0\" ><div class=\"textwidget custom-html-widget\"><a href=\"https:\/\/www.welovecycling.com\/hu\/tour-de-hongrie\/a-ragados-kulacs-jelenseg-egy-megkerdojelezheto-verseny-trukk\/\">&nbsp;<\/a><\/div><\/div><\/div><div id=\"panel-w60a2a0575141f-1-2-1\" class=\"so-panel widget widget_sow-editor panel-last-child\" data-index=\"6\" ><div class=\"int-text panel-widget-style panel-widget-style-for-w60a2a0575141f-1-2-1\" ><div\n\t\t\t\n\t\t\tclass=\"so-widget-sow-editor so-widget-sow-editor-base\"\n\t\t\t\n\t\t>\n<div class=\"siteorigin-widget-tinymce textwidget\">\n\t<p class=\"entry-title\"><a href=\"https:\/\/www.welovecycling.com\/hu\/tour-de-hongrie\/a-ragados-kulacs-jelenseg-egy-megkerdojelezheto-verseny-trukk\/\">A ragad\u00f3s kulacs jelens\u00e9g: egy megk\u00e9rd\u0151jelezhet\u0151 verseny-tr\u00fckk<\/a><\/p>\n<\/div>\n<\/div><\/div><\/div><\/div><\/div><\/div><div id=\"pg-w60a2a0575141f-2\"  class=\"panel-grid panel-has-style\" ><div class=\"wrap panel-row-style panel-row-style-for-w60a2a0575141f-2\" ><div id=\"pgc-w60a2a0575141f-2-0\"  class=\"panel-grid-cell\" ><div id=\"panel-w60a2a0575141f-2-0-0\" class=\"widget_text so-panel widget widget_custom_html panel-first-child\" data-index=\"7\" ><div class=\"widget_text int-bg panel-widget-style panel-widget-style-for-w60a2a0575141f-2-0-0\" ><div class=\"textwidget custom-html-widget\"><a href=\"https:\/\/www.welovecycling.com\/hu\/tour-de-hongrie\/a-tour-de-hongrie-szakaszai-ut-az-orszagon-at\">&nbsp;<\/a><\/div><\/div><\/div><div id=\"panel-w60a2a0575141f-2-0-1\" class=\"so-panel widget widget_sow-editor panel-last-child\" data-index=\"8\" ><div class=\"int-text panel-widget-style panel-widget-style-for-w60a2a0575141f-2-0-1\" ><div\n\t\t\t\n\t\t\tclass=\"so-widget-sow-editor so-widget-sow-editor-base\"\n\t\t\t\n\t\t>\n<div class=\"siteorigin-widget-tinymce textwidget\">\n\t<p class=\"entry-title\"><a href=\"https:\/\/www.welovecycling.com\/hu\/tour-de-hongrie\/a-tour-de-hongrie-szakaszai-ut-az-orszagon-at\">A Tour de Hongrie szakaszai \u2013 \u00fat az orsz\u00e1gon \u00e1t<\/a><\/p>\n<\/div>\n<\/div><\/div><\/div><\/div><div id=\"pgc-w60a2a0575141f-2-1\"  class=\"panel-grid-cell\" ><div id=\"panel-w60a2a0575141f-2-1-0\" class=\"widget_text so-panel widget widget_custom_html panel-first-child\" data-index=\"9\" ><div class=\"widget_text int-bg panel-widget-style panel-widget-style-for-w60a2a0575141f-2-1-0\" ><div class=\"textwidget custom-html-widget\"><a href=\"https:\/\/www.welovecycling.com\/hu\/tour-de-hongrie\/zold-triko-es-kisero-autok-a-skoda-szerepe-a-tour-de-hongrie-n\/\">&nbsp;<\/a><\/div><\/div><\/div><div id=\"panel-w60a2a0575141f-2-1-1\" class=\"so-panel widget widget_sow-editor panel-last-child\" data-index=\"10\" ><div class=\"int-text panel-widget-style panel-widget-style-for-w60a2a0575141f-2-1-1\" ><div\n\t\t\t\n\t\t\tclass=\"so-widget-sow-editor so-widget-sow-editor-base\"\n\t\t\t\n\t\t>\n<div class=\"siteorigin-widget-tinymce textwidget\">\n\t<p class=\"entry-title\"><a href=\"https:\/\/www.welovecycling.com\/hu\/tour-de-hongrie\/zold-triko-es-kisero-autok-a-skoda-szerepe-a-tour-de-hongrie-n\/\">Z\u00f6ld trik\u00f3 \u00e9s k\u00eds\u00e9r\u0151 aut\u00f3k \u2013 a \u0160koda szerepe a Tour de Hongrie-n<\/a><\/p>\n<\/div>\n<\/div><\/div><\/div><\/div><div id=\"pgc-w60a2a0575141f-2-2\"  class=\"panel-grid-cell\" ><div class=\"nobg panel-cell-style panel-cell-style-for-w60a2a0575141f-2-2\" ><div id=\"panel-w60a2a0575141f-2-2-0\" class=\"widget_text so-panel widget widget_custom_html panel-first-child\" data-index=\"11\" ><div class=\"widget_text int-bg panel-widget-style panel-widget-style-for-w60a2a0575141f-2-2-0\" ><div class=\"textwidget custom-html-widget\"><a href=\"https:\/\/www.welovecycling.com\/hu\/tour-de-hongrie\/mentalisan-is-birni-kell\/\">&nbsp;<\/a><\/div><\/div><\/div><div id=\"panel-w60a2a0575141f-2-2-1\" class=\"so-panel widget widget_sow-editor panel-last-child\" data-index=\"12\" ><div class=\"int-text panel-widget-style panel-widget-style-for-w60a2a0575141f-2-2-1\" ><div\n\t\t\t\n\t\t\tclass=\"so-widget-sow-editor so-widget-sow-editor-base\"\n\t\t\t\n\t\t>\n<div class=\"siteorigin-widget-tinymce textwidget\">\n\t<p class=\"entry-title\"><a href=\"https:\/\/www.welovecycling.com\/hu\/tour-de-hongrie\/mentalisan-is-birni-kell\/\">Ment\u00e1lisan is b\u00edrni kell!<\/a><\/p>\n<\/div>\n<\/div><\/div><\/div><\/div><\/div><\/div><\/div><div id=\"pg-w60a2a0575141f-3\"  class=\"panel-grid panel-has-style\" ><div class=\"wrap panel-row-style panel-row-style-for-w60a2a0575141f-3\" ><div id=\"pgc-w60a2a0575141f-3-0\"  class=\"panel-grid-cell\" ><div id=\"panel-w60a2a0575141f-3-0-0\" class=\"widget_text so-panel widget widget_custom_html panel-first-child\" data-index=\"13\" ><div class=\"widget_text int-bg panel-widget-style panel-widget-style-for-w60a2a0575141f-3-0-0\" ><div class=\"textwidget custom-html-widget\"><a href=\"https:\/\/www.welovecycling.com\/hu\/orszaguti-kerekpar\/magyar-siker-es-fenntarthatosag-a-tour-de-hongrie-n\">&nbsp;<\/a><\/div><\/div><\/div><div id=\"panel-w60a2a0575141f-3-0-1\" class=\"so-panel widget widget_sow-editor panel-last-child\" data-index=\"14\" ><div class=\"int-text panel-widget-style panel-widget-style-for-w60a2a0575141f-3-0-1\" ><div\n\t\t\t\n\t\t\tclass=\"so-widget-sow-editor so-widget-sow-editor-base\"\n\t\t\t\n\t\t>\n<div class=\"siteorigin-widget-tinymce textwidget\">\n\t<p class=\"entry-title\"><a href=\"https:\/\/www.welovecycling.com\/hu\/orszaguti-kerekpar\/magyar-siker-es-fenntarthatosag-a-tour-de-hongrie-n\">Magyar siker \u00e9s fenntarthat\u00f3s\u00e1g a Tour de Hongrie-n<\/a><\/p>\n<\/div>\n<\/div><\/div><\/div><\/div><div id=\"pgc-w60a2a0575141f-3-1\"  class=\"panel-grid-cell\" ><div id=\"panel-w60a2a0575141f-3-1-0\" class=\"widget_text so-panel widget widget_custom_html panel-first-child\" data-index=\"15\" ><div class=\"widget_text int-bg panel-widget-style panel-widget-style-for-w60a2a0575141f-3-1-0\" ><div class=\"textwidget custom-html-widget\"><a href=\"https:\/\/www.welovecycling.com\/hu\/orszaguti-kerekpar\/tour-de-hongrie-a-magyar-csapat-eredmenyei\/\">&nbsp;<\/a><\/div><\/div><\/div><div id=\"panel-w60a2a0575141f-3-1-1\" class=\"so-panel widget widget_sow-editor panel-last-child\" data-index=\"16\" ><div class=\"int-text panel-widget-style panel-widget-style-for-w60a2a0575141f-3-1-1\" ><div\n\t\t\t\n\t\t\tclass=\"so-widget-sow-editor so-widget-sow-editor-base\"\n\t\t\t\n\t\t>\n<div class=\"siteorigin-widget-tinymce textwidget\">\n\t<p class=\"entry-title\"><a href=\"https:\/\/www.welovecycling.com\/hu\/orszaguti-kerekpar\/tour-de-hongrie-a-magyar-csapat-eredmenyei\/\">Tour de Hongrie: a magyar csapat eredm\u00e9nyei<\/a><\/p>\n<\/div>\n<\/div><\/div><\/div><\/div><div id=\"pgc-w60a2a0575141f-3-2\"  class=\"panel-grid-cell\" ><div class=\"nobg panel-cell-style panel-cell-style-for-w60a2a0575141f-3-2\" ><div id=\"panel-w60a2a0575141f-3-2-0\" class=\"widget_text so-panel widget widget_custom_html panel-first-child\" data-index=\"17\" ><div class=\"widget_text int-bg panel-widget-style panel-widget-style-for-w60a2a0575141f-3-2-0\" ><div class=\"textwidget custom-html-widget\"><a href=\"https:\/\/www.welovecycling.com\/hu\/orszaguti-kerekpar\/mi-van-a-profik-kerekparjan-ami-a-tieden-nincs\/\">&nbsp;<\/a><\/div><\/div><\/div><div id=\"panel-w60a2a0575141f-3-2-1\" class=\"so-panel widget widget_sow-editor panel-last-child\" data-index=\"18\" ><div class=\"int-text panel-widget-style panel-widget-style-for-w60a2a0575141f-3-2-1\" ><div\n\t\t\t\n\t\t\tclass=\"so-widget-sow-editor so-widget-sow-editor-base\"\n\t\t\t\n\t\t>\n<div class=\"siteorigin-widget-tinymce textwidget\">\n\t<p class=\"entry-title\"><a href=\"https:\/\/www.welovecycling.com\/hu\/orszaguti-kerekpar\/mi-van-a-profik-kerekparjan-ami-a-tieden-nincs\/\">Mi van a profik ker\u00e9kp\u00e1rj\u00e1n, ami a ti\u00e9den nincs?<\/a><\/p>\n<\/div>\n<\/div><\/div><\/div><\/div><\/div><\/div><\/div><div id=\"pg-w60a2a0575141f-4\"  class=\"panel-grid panel-has-style\" ><div class=\"wrap panel-row-style panel-row-style-for-w60a2a0575141f-4\" ><div id=\"pgc-w60a2a0575141f-4-0\"  class=\"panel-grid-cell\" ><div id=\"panel-w60a2a0575141f-4-0-0\" class=\"widget_text so-panel widget widget_custom_html panel-first-child\" data-index=\"19\" ><div class=\"widget_text int-bg panel-widget-style panel-widget-style-for-w60a2a0575141f-4-0-0\" ><div class=\"textwidget custom-html-widget\"><a href=\"https:\/\/www.welovecycling.com\/hu\/edzes-es-eletmod\/a-nagy-sikerek-fejben-dolnek-el-igy-trenirozd-az-elmed\/\">&nbsp;<\/a><\/div><\/div><\/div><div id=\"panel-w60a2a0575141f-4-0-1\" class=\"so-panel widget widget_sow-editor panel-last-child\" data-index=\"20\" ><div class=\"int-text panel-widget-style panel-widget-style-for-w60a2a0575141f-4-0-1\" ><div\n\t\t\t\n\t\t\tclass=\"so-widget-sow-editor so-widget-sow-editor-base\"\n\t\t\t\n\t\t>\n<div class=\"siteorigin-widget-tinymce textwidget\">\n\t<p class=\"entry-title\"><a href=\"https:\/\/www.welovecycling.com\/hu\/edzes-es-eletmod\/a-nagy-sikerek-fejben-dolnek-el-igy-trenirozd-az-elmed\/\">A nagy sikerek fejben d\u0151lnek el \u2013 \u00edgy tren\u00edrozd az elm\u00e9d!<\/a><\/p>\n<\/div>\n<\/div><\/div><\/div><\/div><div id=\"pgc-w60a2a0575141f-4-1\"  class=\"panel-grid-cell\" ><div id=\"panel-w60a2a0575141f-4-1-0\" class=\"widget_text so-panel widget widget_custom_html panel-first-child\" data-index=\"21\" ><div class=\"widget_text int-bg panel-widget-style panel-widget-style-for-w60a2a0575141f-4-1-0\" ><div class=\"textwidget custom-html-widget\"><a href=\"https:\/\/www.welovecycling.com\/hu\/orszaguti-kerekpar\/kihirdettek-a-2019-es-tour-de-hongrie-utvonalat\/\">&nbsp;<\/a><\/div><\/div><\/div><div id=\"panel-w60a2a0575141f-4-1-1\" class=\"so-panel widget widget_sow-editor panel-last-child\" data-index=\"22\" ><div class=\"int-text panel-widget-style panel-widget-style-for-w60a2a0575141f-4-1-1\" ><div\n\t\t\t\n\t\t\tclass=\"so-widget-sow-editor so-widget-sow-editor-base\"\n\t\t\t\n\t\t>\n<div class=\"siteorigin-widget-tinymce textwidget\">\n\t<p class=\"entry-title\"><a href=\"https:\/\/www.welovecycling.com\/hu\/orszaguti-kerekpar\/kihirdettek-a-2019-es-tour-de-hongrie-utvonalat\/\">Kihirdett\u00e9k a 2019-es Tour de Hongrie \u00fatvonal\u00e1t<\/a><\/p>\n<\/div>\n<\/div><\/div><\/div><\/div><div id=\"pgc-w60a2a0575141f-4-2\"  class=\"panel-grid-cell\" ><div class=\"nobg panel-cell-style panel-cell-style-for-w60a2a0575141f-4-2\" ><div id=\"panel-w60a2a0575141f-4-2-0\" class=\"widget_text so-panel widget widget_custom_html panel-first-child\" data-index=\"23\" ><div class=\"widget_text int-bg panel-widget-style panel-widget-style-for-w60a2a0575141f-4-2-0\" ><div class=\"textwidget custom-html-widget\"><a href=\"https:\/\/www.welovecycling.com\/hu\/orszaguti-kerekpar\/mi-van-a-profik-kerekparjan-ami-a-tieden-nincs\/\">&nbsp;<\/a><\/div><\/div><\/div><div id=\"panel-w60a2a0575141f-4-2-1\" class=\"so-panel widget widget_sow-editor panel-last-child\" data-index=\"24\" ><div class=\"int-text panel-widget-style panel-widget-style-for-w60a2a0575141f-4-2-1\" ><div\n\t\t\t\n\t\t\tclass=\"so-widget-sow-editor so-widget-sow-editor-base\"\n\t\t\t\n\t\t>\n<div class=\"siteorigin-widget-tinymce textwidget\">\n\t<p class=\"entry-title\"><a href=\"https:\/\/www.welovecycling.com\/hu\/orszaguti-kerekpar\/mi-van-a-profik-kerekparjan-ami-a-tieden-nincs\/\">Mi van a profik ker\u00e9kp\u00e1rj\u00e1n, ami a ti\u00e9den nincs?<\/a><\/p>\n<\/div>\n<\/div><\/div><\/div><\/div><\/div><\/div><\/div><\/div><\/div><\/div><\/div><\/div><\/div><div id=\"pg-10925-4\"  class=\"panel-grid panel-has-style\" ><div class=\"container panel-row-style panel-row-style-for-10925-4\" ><div id=\"pgc-10925-4-0\"  class=\"panel-grid-cell\" ><div id=\"panel-10925-4-0-0\" class=\"so-panel widget widget_siteorigin-panels-builder panel-first-child panel-last-child\" data-index=\"5\" ><div id=\"pl-w6082a3dfd8061\"  class=\"panel-layout\" ><div id=\"pg-w6082a3dfd8061-0\"  class=\"panel-grid panel-has-style\" ><div class=\"panel-row-style panel-row-style-for-w6082a3dfd8061-0\" ><div id=\"pgc-w6082a3dfd8061-0-0\"  class=\"panel-grid-cell\" ><div id=\"panel-w6082a3dfd8061-0-0-0\" class=\"so-panel widget widget_sow-image panel-first-child panel-last-child\" data-index=\"0\" ><div\n\t\t\t\n\t\t\tclass=\"so-widget-sow-image so-widget-sow-image-default-c67d20f9f743\"\n\t\t\t\n\t\t>\n<div class=\"sow-image-container\">\n\t\t\t<a href=\"#\"\n\t\t\t\t\t>\n\t\t\t<img decoding=\"async\" src=\"https:\/\/d2p6e6u75xmxt8.cloudfront.net\/12\/2021\/04\/stravaw-01.svg\" alt=\"\" \t\tclass=\"so-widget-image\"\/>\n\t<\/a><\/div>\n\n<\/div><\/div><\/div><div id=\"pgc-w6082a3dfd8061-0-1\"  class=\"panel-grid-cell\" ><div id=\"panel-w6082a3dfd8061-0-1-0\" class=\"so-panel widget widget_sow-editor panel-first-child\" data-index=\"1\" ><div id=\"te-le\" class=\"panel-widget-style panel-widget-style-for-w6082a3dfd8061-0-1-0\" ><div\n\t\t\t\n\t\t\tclass=\"so-widget-sow-editor so-widget-sow-editor-base\"\n\t\t\t\n\t\t>\n<div class=\"siteorigin-widget-tinymce textwidget\">\n\t<p><strong>Te le tudod gy\u0151zni a TdH kih\u00edv\u00e1sait?<\/strong><br \/>\nVersenyezz \u00fagy, mint a profik!<\/p>\n<\/div>\n<\/div><\/div><\/div><div id=\"panel-w6082a3dfd8061-0-1-1\" class=\"so-panel widget widget_sow-button panel-last-child\" data-index=\"2\" ><div id=\"zt-more\" class=\"panel-widget-style panel-widget-style-for-w6082a3dfd8061-0-1-1\" ><div\n\t\t\t\n\t\t\tclass=\"so-widget-sow-button so-widget-sow-button-flat-f35427833c8e\"\n\t\t\t\n\t\t><div class=\"ow-button-base ow-button-align-left\">\n\t\t\t<a\n\t\t\t\t\thref=\"https:\/\/www.welovecycling.com\/hu\/zold-triko\/\"\n\t\t\t\t\tclass=\"sowb-button ow-icon-placement-left\" \t>\n\t\t<span>\n\t\t\t\n\t\t\tTOV\u00c1BB A NYEREM\u00c9NYJ\u00c1T\u00c9KRA\t\t<\/span>\n\t\t\t<\/a>\n\t<\/div>\n<\/div><\/div><\/div><\/div><div id=\"pgc-w6082a3dfd8061-0-2\"  class=\"panel-grid-cell\" ><div id=\"panel-w6082a3dfd8061-0-2-0\" class=\"so-panel widget widget_sow-image panel-first-child panel-last-child\" data-index=\"3\" ><div id=\"triko\" class=\"panel-widget-style panel-widget-style-for-w6082a3dfd8061-0-2-0\" ><div\n\t\t\t\n\t\t\tclass=\"so-widget-sow-image so-widget-sow-image-default-8b5b6f678277\"\n\t\t\t\n\t\t>\n<div class=\"sow-image-container\">\n\t\t\t<a href=\"#\"\n\t\t\t\t\t>\n\t\t\t<img loading=\"lazy\" decoding=\"async\" src=\"https:\/\/d2p6e6u75xmxt8.cloudfront.net\/12\/2021\/04\/trikoo.png\" width=\"302\" height=\"350\" srcset=\"https:\/\/d2p6e6u75xmxt8.cloudfront.net\/12\/2021\/04\/trikoo.png 302w, https:\/\/d2p6e6u75xmxt8.cloudfront.net\/12\/2021\/04\/trikoo-259x300.png 259w\" sizes=\"auto, (max-width: 302px) 100vw, 302px\" alt=\"\" \t\tclass=\"so-widget-image\"\/>\n\t<\/a><\/div>\n\n<\/div><\/div><\/div><\/div><\/div><\/div><\/div><\/div><\/div><\/div><\/div><div id=\"pg-10925-5\"  class=\"panel-grid panel-has-style\" ><div class=\"container panel-row-style panel-row-style-for-10925-5\" ><div id=\"pgc-10925-5-0\"  class=\"panel-grid-cell\" ><div id=\"panel-10925-5-0-0\" class=\"so-panel widget widget_siteorigin-panels-builder panel-first-child panel-last-child\" data-index=\"6\" ><div id=\"sixbox\" class=\"panel-widget-style panel-widget-style-for-10925-5-0-0\" ><div id=\"pl-w6082b5f5eef6a\"  class=\"panel-layout\" ><div id=\"pg-w6082b5f5eef6a-0\"  class=\"panel-grid panel-no-style\" ><div id=\"pgc-w6082b5f5eef6a-0-0\"  class=\"panel-grid-cell\" ><div id=\"panel-w6082b5f5eef6a-0-0-0\" class=\"so-panel widget widget_sow-image panel-first-child panel-last-child\" data-index=\"0\" ><div\n\t\t\t\n\t\t\tclass=\"so-widget-sow-image so-widget-sow-image-default-8b5b6f678277\"\n\t\t\t\n\t\t>\n<div class=\"sow-image-container\">\n\t\t\t<a href=\"https:\/\/www.welovecycling.com\/hu\/tour-de-hongrie\/szakaszok\/\"\n\t\t\t\t\t>\n\t\t\t<img loading=\"lazy\" decoding=\"async\" src=\"https:\/\/d2p6e6u75xmxt8.cloudfront.net\/12\/2021\/04\/szakaszok.jpg\" width=\"386\" height=\"275\" srcset=\"https:\/\/d2p6e6u75xmxt8.cloudfront.net\/12\/2021\/04\/szakaszok.jpg 386w, https:\/\/d2p6e6u75xmxt8.cloudfront.net\/12\/2021\/04\/szakaszok-300x214.jpg 300w\" sizes=\"auto, (max-width: 386px) 100vw, 386px\" alt=\"\" \t\tclass=\"so-widget-image\"\/>\n\t<\/a><\/div>\n\n<\/div><\/div><\/div><div id=\"pgc-w6082b5f5eef6a-0-1\"  class=\"panel-grid-cell\" ><div id=\"panel-w6082b5f5eef6a-0-1-0\" class=\"so-panel widget widget_sow-image panel-first-child panel-last-child\" data-index=\"1\" ><div\n\t\t\t\n\t\t\tclass=\"so-widget-sow-image so-widget-sow-image-default-8b5b6f678277\"\n\t\t\t\n\t\t>\n<div class=\"sow-image-container\">\n\t\t\t<a href=\"https:\/\/www.welovecycling.com\/hu\/tour-de-hongrie\/csapatok\/\"\n\t\t\t\t\t>\n\t\t\t<img loading=\"lazy\" decoding=\"async\" src=\"https:\/\/d2p6e6u75xmxt8.cloudfront.net\/12\/2021\/04\/csapatok.jpg\" width=\"386\" height=\"275\" srcset=\"https:\/\/d2p6e6u75xmxt8.cloudfront.net\/12\/2021\/04\/csapatok.jpg 386w, https:\/\/d2p6e6u75xmxt8.cloudfront.net\/12\/2021\/04\/csapatok-300x214.jpg 300w\" sizes=\"auto, (max-width: 386px) 100vw, 386px\" alt=\"\" \t\tclass=\"so-widget-image\"\/>\n\t<\/a><\/div>\n\n<\/div><\/div><\/div><div id=\"pgc-w6082b5f5eef6a-0-2\"  class=\"panel-grid-cell\" ><div id=\"panel-w6082b5f5eef6a-0-2-0\" class=\"so-panel widget widget_sow-image panel-first-child panel-last-child\" data-index=\"2\" ><div\n\t\t\t\n\t\t\tclass=\"so-widget-sow-image so-widget-sow-image-default-8b5b6f678277\"\n\t\t\t\n\t\t>\n<div class=\"sow-image-container\">\n\t\t\t<a href=\"https:\/\/www.welovecycling.com\/hu\/tour-de-hongrie\/eselyesek\/\"\n\t\t\t\t\t>\n\t\t\t<img loading=\"lazy\" decoding=\"async\" src=\"https:\/\/d2p6e6u75xmxt8.cloudfront.net\/12\/2021\/04\/eselyesek.jpg\" width=\"386\" height=\"275\" srcset=\"https:\/\/d2p6e6u75xmxt8.cloudfront.net\/12\/2021\/04\/eselyesek.jpg 386w, https:\/\/d2p6e6u75xmxt8.cloudfront.net\/12\/2021\/04\/eselyesek-300x214.jpg 300w\" sizes=\"auto, (max-width: 386px) 100vw, 386px\" alt=\"\" \t\tclass=\"so-widget-image\"\/>\n\t<\/a><\/div>\n\n<\/div><\/div><\/div><\/div><div id=\"pg-w6082b5f5eef6a-1\"  class=\"panel-grid panel-no-style\" ><div id=\"pgc-w6082b5f5eef6a-1-0\"  class=\"panel-grid-cell\" ><div id=\"panel-w6082b5f5eef6a-1-0-0\" class=\"so-panel widget widget_sow-image panel-first-child panel-last-child\" data-index=\"3\" ><div\n\t\t\t\n\t\t\tclass=\"so-widget-sow-image so-widget-sow-image-default-8b5b6f678277\"\n\t\t\t\n\t\t>\n<div class=\"sow-image-container\">\n\t\t\t<a href=\"https:\/\/www.welovecycling.com\/hu\/tour-de-hongrie\/tortenelem\/\"\n\t\t\t\t\t>\n\t\t\t<img loading=\"lazy\" decoding=\"async\" src=\"https:\/\/d2p6e6u75xmxt8.cloudfront.net\/12\/2021\/04\/tortenelem.jpg\" width=\"386\" height=\"275\" srcset=\"https:\/\/d2p6e6u75xmxt8.cloudfront.net\/12\/2021\/04\/tortenelem.jpg 386w, https:\/\/d2p6e6u75xmxt8.cloudfront.net\/12\/2021\/04\/tortenelem-300x214.jpg 300w\" sizes=\"auto, (max-width: 386px) 100vw, 386px\" alt=\"\" \t\tclass=\"so-widget-image\"\/>\n\t<\/a><\/div>\n\n<\/div><\/div><\/div><div id=\"pgc-w6082b5f5eef6a-1-1\"  class=\"panel-grid-cell\" ><div id=\"panel-w6082b5f5eef6a-1-1-0\" class=\"so-panel widget widget_sow-image panel-first-child panel-last-child\" data-index=\"4\" ><div\n\t\t\t\n\t\t\tclass=\"so-widget-sow-image so-widget-sow-image-default-8b5b6f678277\"\n\t\t\t\n\t\t>\n<div class=\"sow-image-container\">\n\t\t\t<a href=\"https:\/\/www.welovecycling.com\/hu\/tour-de-hongrie\/trikok\/\"\n\t\t\t\t\t>\n\t\t\t<img loading=\"lazy\" decoding=\"async\" src=\"https:\/\/d2p6e6u75xmxt8.cloudfront.net\/12\/2021\/04\/trikok.jpg\" width=\"386\" height=\"275\" srcset=\"https:\/\/d2p6e6u75xmxt8.cloudfront.net\/12\/2021\/04\/trikok.jpg 386w, https:\/\/d2p6e6u75xmxt8.cloudfront.net\/12\/2021\/04\/trikok-300x214.jpg 300w\" sizes=\"auto, (max-width: 386px) 100vw, 386px\" alt=\"\" \t\tclass=\"so-widget-image\"\/>\n\t<\/a><\/div>\n\n<\/div><\/div><\/div><div id=\"pgc-w6082b5f5eef6a-1-2\"  class=\"panel-grid-cell\" ><div id=\"panel-w6082b5f5eef6a-1-2-0\" class=\"so-panel widget widget_sow-image panel-first-child panel-last-child\" data-index=\"5\" ><div\n\t\t\t\n\t\t\tclass=\"so-widget-sow-image so-widget-sow-image-default-8b5b6f678277\"\n\t\t\t\n\t\t>\n<div class=\"sow-image-container\">\n\t\t\t<a href=\"https:\/\/www.welovecycling.com\/hu\/tour-de-hongrie\/eredmenyek\/\"\n\t\t\t\t\t>\n\t\t\t<img loading=\"lazy\" decoding=\"async\" src=\"https:\/\/d2p6e6u75xmxt8.cloudfront.net\/12\/2021\/04\/eredmenyek.jpg\" width=\"386\" height=\"275\" srcset=\"https:\/\/d2p6e6u75xmxt8.cloudfront.net\/12\/2021\/04\/eredmenyek.jpg 386w, https:\/\/d2p6e6u75xmxt8.cloudfront.net\/12\/2021\/04\/eredmenyek-300x214.jpg 300w\" sizes=\"auto, (max-width: 386px) 100vw, 386px\" alt=\"\" \t\tclass=\"so-widget-image\"\/>\n\t<\/a><\/div>\n\n<\/div><\/div><\/div><\/div><\/div><\/div><\/div><\/div><\/div><\/div><\/div>","protected":false},"excerpt":{"rendered":"<p>NAPI \u00d6SSZEFOGLAL\u00d3 INTERJ\u00daK A Tour de Hongrie sz\u00edve-lelke- Eisenkrammer K\u00e1roly Fetter Erik \u2013 a titkos magyar \u00edg\u00e9ret Szilasi L\u00e1szl\u00f3 \u2013 [&hellip;]<\/p>\n","protected":false},"author":71,"featured_media":0,"parent":0,"menu_order":0,"comment_status":"closed","ping_status":"closed","template":"templates\/template-full-width.php","meta":{"footnotes":""},"tags":[],"class_list":["post-10925","page","type-page","status-publish","hentry"],"yoast_head":"<!-- This site is optimized with the Yoast SEO Premium plugin v25.3 (Yoast SEO v25.9) - https:\/\/yoast.com\/wordpress\/plugins\/seo\/ -->\n<title>Amat\u0151r szurkol\u00f3k t\u00e1bora - \u0160koda We Love Cycling - Magyarorsz\u00e1g<\/title>\n<meta name=\"description\" content=\"Minden, amit tudnod kell a Tour de Hongrie-r\u00f3l\" \/>\n<meta name=\"robots\" content=\"index, follow, max-snippet:-1, max-image-preview:large, max-video-preview:-1\" \/>\n<link rel=\"canonical\" href=\"https:\/\/www.welovecycling.com\/hu\/amator-szurkolok-tabora\/\" \/>\n<meta property=\"og:locale\" content=\"hu_HU\" \/>\n<meta property=\"og:type\" content=\"article\" \/>\n<meta property=\"og:title\" content=\"Amat\u0151r szurkol\u00f3k t\u00e1bora\" \/>\n<meta property=\"og:description\" content=\"Minden, amit tudnod kell a Tour de Hongrie-r\u00f3l\" \/>\n<meta property=\"og:url\" content=\"https:\/\/www.welovecycling.com\/hu\/amator-szurkolok-tabora\/\" \/>\n<meta property=\"og:site_name\" content=\"\u0160koda We Love Cycling - Magyarorsz\u00e1g\" \/>\n<meta property=\"article:publisher\" content=\"https:\/\/www.facebook.com\/WeLoveCyclingHungary\/\" \/>\n<meta property=\"article:modified_time\" content=\"2021-05-20T08:47:47+00:00\" \/>\n<meta property=\"og:image\" content=\"https:\/\/d2p6e6u75xmxt8.cloudfront.net\/12\/2021\/04\/WL007_tour_de_hongrie_1200x628_fb_share.png\" \/>\n\t<meta property=\"og:image:width\" content=\"1200\" \/>\n\t<meta property=\"og:image:height\" content=\"628\" \/>\n\t<meta property=\"og:image:type\" content=\"image\/png\" \/>\n<meta name=\"twitter:card\" content=\"summary_large_image\" \/>\n<meta name=\"twitter:label1\" content=\"Est. reading time\" \/>\n\t<meta name=\"twitter:data1\" content=\"2 minutes\" \/>\n<script type=\"application\/ld+json\" class=\"yoast-schema-graph\">{\"@context\":\"https:\/\/schema.org\",\"@graph\":[{\"@type\":\"WebPage\",\"@id\":\"https:\/\/www.welovecycling.com\/hu\/amator-szurkolok-tabora\/\",\"url\":\"https:\/\/www.welovecycling.com\/hu\/amator-szurkolok-tabora\/\",\"name\":\"Amat\u0151r szurkol\u00f3k t\u00e1bora - \u0160koda We Love Cycling - Magyarorsz\u00e1g\",\"isPartOf\":{\"@id\":\"https:\/\/www.welovecycling.com\/hu\/#website\"},\"datePublished\":\"2021-04-23T06:35:06+00:00\",\"dateModified\":\"2021-05-20T08:47:47+00:00\",\"description\":\"Minden, amit tudnod kell a Tour de Hongrie-r\u00f3l\",\"breadcrumb\":{\"@id\":\"https:\/\/www.welovecycling.com\/hu\/amator-szurkolok-tabora\/#breadcrumb\"},\"inLanguage\":\"hu\",\"potentialAction\":[{\"@type\":\"ReadAction\",\"target\":[\"https:\/\/www.welovecycling.com\/hu\/amator-szurkolok-tabora\/\"]}]},{\"@type\":\"BreadcrumbList\",\"@id\":\"https:\/\/www.welovecycling.com\/hu\/amator-szurkolok-tabora\/#breadcrumb\",\"itemListElement\":[{\"@type\":\"ListItem\",\"position\":1,\"name\":\"Home\",\"item\":\"https:\/\/www.welovecycling.com\/hu\/\"},{\"@type\":\"ListItem\",\"position\":2,\"name\":\"Amat\u0151r szurkol\u00f3k t\u00e1bora\"}]},{\"@type\":\"WebSite\",\"@id\":\"https:\/\/www.welovecycling.com\/hu\/#website\",\"url\":\"https:\/\/www.welovecycling.com\/hu\/\",\"name\":\"\u0160koda We Love Cycling - Magyarorsz\u00e1g\",\"description\":\"\u0160koda WeLoveCycling\",\"potentialAction\":[{\"@type\":\"SearchAction\",\"target\":{\"@type\":\"EntryPoint\",\"urlTemplate\":\"https:\/\/www.welovecycling.com\/hu\/?s={search_term_string}\"},\"query-input\":{\"@type\":\"PropertyValueSpecification\",\"valueRequired\":true,\"valueName\":\"search_term_string\"}}],\"inLanguage\":\"hu\"}]}<\/script>\n<!-- \/ Yoast SEO Premium plugin. -->","yoast_head_json":{"title":"Amat\u0151r szurkol\u00f3k t\u00e1bora - \u0160koda We Love Cycling - Magyarorsz\u00e1g","description":"Minden, amit tudnod kell a Tour de Hongrie-r\u00f3l","robots":{"index":"index","follow":"follow","max-snippet":"max-snippet:-1","max-image-preview":"max-image-preview:large","max-video-preview":"max-video-preview:-1"},"canonical":"https:\/\/www.welovecycling.com\/hu\/amator-szurkolok-tabora\/","og_locale":"hu_HU","og_type":"article","og_title":"Amat\u0151r szurkol\u00f3k t\u00e1bora","og_description":"Minden, amit tudnod kell a Tour de Hongrie-r\u00f3l","og_url":"https:\/\/www.welovecycling.com\/hu\/amator-szurkolok-tabora\/","og_site_name":"\u0160koda We Love Cycling - Magyarorsz\u00e1g","article_publisher":"https:\/\/www.facebook.com\/WeLoveCyclingHungary\/","article_modified_time":"2021-05-20T08:47:47+00:00","og_image":[{"width":1200,"height":628,"url":"https:\/\/d2p6e6u75xmxt8.cloudfront.net\/12\/2021\/04\/WL007_tour_de_hongrie_1200x628_fb_share.png","type":"image\/png"}],"twitter_card":"summary_large_image","twitter_misc":{"Est. reading time":"2 minutes"},"schema":{"@context":"https:\/\/schema.org","@graph":[{"@type":"WebPage","@id":"https:\/\/www.welovecycling.com\/hu\/amator-szurkolok-tabora\/","url":"https:\/\/www.welovecycling.com\/hu\/amator-szurkolok-tabora\/","name":"Amat\u0151r szurkol\u00f3k t\u00e1bora - \u0160koda We Love Cycling - Magyarorsz\u00e1g","isPartOf":{"@id":"https:\/\/www.welovecycling.com\/hu\/#website"},"datePublished":"2021-04-23T06:35:06+00:00","dateModified":"2021-05-20T08:47:47+00:00","description":"Minden, amit tudnod kell a Tour de Hongrie-r\u00f3l","breadcrumb":{"@id":"https:\/\/www.welovecycling.com\/hu\/amator-szurkolok-tabora\/#breadcrumb"},"inLanguage":"hu","potentialAction":[{"@type":"ReadAction","target":["https:\/\/www.welovecycling.com\/hu\/amator-szurkolok-tabora\/"]}]},{"@type":"BreadcrumbList","@id":"https:\/\/www.welovecycling.com\/hu\/amator-szurkolok-tabora\/#breadcrumb","itemListElement":[{"@type":"ListItem","position":1,"name":"Home","item":"https:\/\/www.welovecycling.com\/hu\/"},{"@type":"ListItem","position":2,"name":"Amat\u0151r szurkol\u00f3k t\u00e1bora"}]},{"@type":"WebSite","@id":"https:\/\/www.welovecycling.com\/hu\/#website","url":"https:\/\/www.welovecycling.com\/hu\/","name":"\u0160koda We Love Cycling - Magyarorsz\u00e1g","description":"\u0160koda WeLoveCycling","potentialAction":[{"@type":"SearchAction","target":{"@type":"EntryPoint","urlTemplate":"https:\/\/www.welovecycling.com\/hu\/?s={search_term_string}"},"query-input":{"@type":"PropertyValueSpecification","valueRequired":true,"valueName":"search_term_string"}}],"inLanguage":"hu"}]}},"_links":{"self":[{"href":"https:\/\/www.welovecycling.com\/hu\/wp-json\/wp\/v2\/pages\/10925","targetHints":{"allow":["GET"]}}],"collection":[{"href":"https:\/\/www.welovecycling.com\/hu\/wp-json\/wp\/v2\/pages"}],"about":[{"href":"https:\/\/www.welovecycling.com\/hu\/wp-json\/wp\/v2\/types\/page"}],"author":[{"embeddable":true,"href":"https:\/\/www.welovecycling.com\/hu\/wp-json\/wp\/v2\/users\/71"}],"replies":[{"embeddable":true,"href":"https:\/\/www.welovecycling.com\/hu\/wp-json\/wp\/v2\/comments?post=10925"}],"version-history":[{"count":2,"href":"https:\/\/www.welovecycling.com\/hu\/wp-json\/wp\/v2\/pages\/10925\/revisions"}],"predecessor-version":[{"id":10928,"href":"https:\/\/www.welovecycling.com\/hu\/wp-json\/wp\/v2\/pages\/10925\/revisions\/10928"}],"wp:attachment":[{"href":"https:\/\/www.welovecycling.com\/hu\/wp-json\/wp\/v2\/media?parent=10925"}],"wp:term":[{"taxonomy":"post_tag","embeddable":true,"href":"https:\/\/www.welovecycling.com\/hu\/wp-json\/wp\/v2\/tags?post=10925"}],"curies":[{"name":"wp","href":"https:\/\/api.w.org\/{rel}","templated":true}]}}