{"version":"1.0","provider_name":"\u0160koda We Love Cycling - Magyarorsz\u00e1g","provider_url":"https:\/\/www.welovecycling.com\/hu","author_name":"hegyizs","author_url":"https:\/\/www.welovecycling.com\/hu\/author\/hegyizs\/","title":"Terepj\u00e1r\u00e1s e-ker\u00e9kp\u00e1rral: Lehets\u00e9ges?","type":"rich","width":600,"height":338,"html":"<blockquote class=\"wp-embedded-content\" data-secret=\"51Ta4DNJ5m\"><a href=\"https:\/\/www.welovecycling.com\/hu\/trekking-mtb\/terepjaras-e-kerekparral-lehetseges\/\">Terepj\u00e1r\u00e1s e-ker\u00e9kp\u00e1rral: Lehets\u00e9ges?<\/a><\/blockquote><iframe sandbox=\"allow-scripts\" security=\"restricted\" src=\"https:\/\/www.welovecycling.com\/hu\/trekking-mtb\/terepjaras-e-kerekparral-lehetseges\/embed\/#?secret=51Ta4DNJ5m\" width=\"600\" height=\"338\" title=\"&#8220;Terepj\u00e1r\u00e1s e-ker\u00e9kp\u00e1rral: Lehets\u00e9ges?&#8221; &#8212; \u0160koda We Love Cycling - Magyarorsz\u00e1g\" data-secret=\"51Ta4DNJ5m\" frameborder=\"0\" marginwidth=\"0\" marginheight=\"0\" scrolling=\"no\" class=\"wp-embedded-content\"><\/iframe><script type=\"text\/javascript\">\n\/* <![CDATA[ *\/\n\/*! This file is auto-generated *\/\n!function(d,l){\"use strict\";l.querySelector&&d.addEventListener&&\"undefined\"!=typeof URL&&(d.wp=d.wp||{},d.wp.receiveEmbedMessage||(d.wp.receiveEmbedMessage=function(e){var t=e.data;if((t||t.secret||t.message||t.value)&&!\/[^a-zA-Z0-9]\/.test(t.secret)){for(var s,r,n,a=l.querySelectorAll('iframe[data-secret=\"'+t.secret+'\"]'),o=l.querySelectorAll('blockquote[data-secret=\"'+t.secret+'\"]'),c=new RegExp(\"^https?:$\",\"i\"),i=0;i<o.length;i++)o[i].style.display=\"none\";for(i=0;i<a.length;i++)s=a[i],e.source===s.contentWindow&&(s.removeAttribute(\"style\"),\"height\"===t.message?(1e3<(r=parseInt(t.value,10))?r=1e3:~~r<200&&(r=200),s.height=r):\"link\"===t.message&&(r=new URL(s.getAttribute(\"src\")),n=new URL(t.value),c.test(n.protocol))&&n.host===r.host&&l.activeElement===s&&(d.top.location.href=t.value))}},d.addEventListener(\"message\",d.wp.receiveEmbedMessage,!1),l.addEventListener(\"DOMContentLoaded\",function(){for(var e,t,s=l.querySelectorAll(\"iframe.wp-embedded-content\"),r=0;r<s.length;r++)(t=(e=s[r]).getAttribute(\"data-secret\"))||(t=Math.random().toString(36).substring(2,12),e.src+=\"#?secret=\"+t,e.setAttribute(\"data-secret\",t)),e.contentWindow.postMessage({message:\"ready\",secret:t},\"*\")},!1)))}(window,document);\n\/* ]]> *\/\n<\/script>\n","thumbnail_url":"https:\/\/d2p6e6u75xmxt8.cloudfront.net\/12\/2023\/07\/E-Bike-MTB-profimedia-0737578716-CVR.webp","thumbnail_width":990,"thumbnail_height":660,"description":"Valamikor r\u00e9gen az elektromos ker\u00e9kp\u00e1rokat a \"lusta\" emberek \u00e1ltal v\u00e1lasztott opci\u00f3nak tekintett\u00e9k, amit csak az olyan nyugd\u00edjasok haszn\u00e1ltak, akik nem akart\u00e1k magukat fizikailag meger\u0151ltetni. Mint tudjuk, ez ma m\u00e1r egy\u00e1ltal\u00e1n nem \u00edgy van."}