{"version":"1.0","provider_name":"\u0160koda We Love Cycling - Magyarorsz\u00e1g","provider_url":"https:\/\/www.welovecycling.com\/hu","author_name":"hegyizs","author_url":"https:\/\/www.welovecycling.com\/hu\/author\/hegyizs\/","title":"A legjobb montis helysz\u00ednek \u0151szre","type":"rich","width":600,"height":338,"html":"<blockquote class=\"wp-embedded-content\" data-secret=\"k6KgrXbN8x\"><a href=\"https:\/\/www.welovecycling.com\/hu\/trekking-mtb\/a-legjobb-montis-helyszinek-oszre\/\">A legjobb montis helysz\u00ednek \u0151szre<\/a><\/blockquote><iframe sandbox=\"allow-scripts\" security=\"restricted\" src=\"https:\/\/www.welovecycling.com\/hu\/trekking-mtb\/a-legjobb-montis-helyszinek-oszre\/embed\/#?secret=k6KgrXbN8x\" width=\"600\" height=\"338\" title=\"&#8220;A legjobb montis helysz\u00ednek \u0151szre&#8221; &#8212; \u0160koda We Love Cycling - Magyarorsz\u00e1g\" data-secret=\"k6KgrXbN8x\" frameborder=\"0\" marginwidth=\"0\" marginheight=\"0\" scrolling=\"no\" class=\"wp-embedded-content\"><\/iframe><script type=\"text\/javascript\">\n\/* <![CDATA[ *\/\n\/*! This file is auto-generated *\/\n!function(d,l){\"use strict\";l.querySelector&&d.addEventListener&&\"undefined\"!=typeof URL&&(d.wp=d.wp||{},d.wp.receiveEmbedMessage||(d.wp.receiveEmbedMessage=function(e){var t=e.data;if((t||t.secret||t.message||t.value)&&!\/[^a-zA-Z0-9]\/.test(t.secret)){for(var s,r,n,a=l.querySelectorAll('iframe[data-secret=\"'+t.secret+'\"]'),o=l.querySelectorAll('blockquote[data-secret=\"'+t.secret+'\"]'),c=new RegExp(\"^https?:$\",\"i\"),i=0;i<o.length;i++)o[i].style.display=\"none\";for(i=0;i<a.length;i++)s=a[i],e.source===s.contentWindow&&(s.removeAttribute(\"style\"),\"height\"===t.message?(1e3<(r=parseInt(t.value,10))?r=1e3:~~r<200&&(r=200),s.height=r):\"link\"===t.message&&(r=new URL(s.getAttribute(\"src\")),n=new URL(t.value),c.test(n.protocol))&&n.host===r.host&&l.activeElement===s&&(d.top.location.href=t.value))}},d.addEventListener(\"message\",d.wp.receiveEmbedMessage,!1),l.addEventListener(\"DOMContentLoaded\",function(){for(var e,t,s=l.querySelectorAll(\"iframe.wp-embedded-content\"),r=0;r<s.length;r++)(t=(e=s[r]).getAttribute(\"data-secret\"))||(t=Math.random().toString(36).substring(2,12),e.src+=\"#?secret=\"+t,e.setAttribute(\"data-secret\",t)),e.contentWindow.postMessage({message:\"ready\",secret:t},\"*\")},!1)))}(window,document);\n\/* ]]> *\/\n<\/script>\n","thumbnail_url":"https:\/\/d2p6e6u75xmxt8.cloudfront.net\/12\/2023\/11\/Parenzana-Croatia-profimedia-0703675557-CVR.webp","thumbnail_width":990,"thumbnail_height":660,"description":"Neh\u00e9z elhinni, de v\u00e9gre t\u00e9nyleg itt van az \u0151sz, ez pedig a montisoknak a v\u00e1ndorl\u00e1s id\u0151szak\u00e1t jelzi. Term\u00e9szetesen az Alpok \u00e9s az \u00e9szaki orsz\u00e1gok az els\u0151k, ahonnan k\u00e9nytelenek t\u00e1vozni a kerekesek,ahogyan a magas Pireneusok \u00fcd\u00fcl\u0151helyei is ki\u00fcr\u00fclnek t\u00e9lre. Azonban az MTB nem szezon\u00e1lis szenved\u00e9ly. Ez egy 24 \u00f3r\u00e1s, eg\u00e9sz hetes, 365 napos ig\u00e9ny, amit ki kell el\u00e9g\u00edteni, minden \u00e9vszakban. De hova menj\u00fcnk, ha igaz\u00e1n sz\u00e9p helyeket akarunk l\u00e1tni? \u00d6ssze\u00e1ll\u00edtottunk egy list\u00e1t."}