{"version":"1.0","provider_name":"\u0160koda We Love Cycling - Magyarorsz\u00e1g","provider_url":"https:\/\/www.welovecycling.com\/hu","author_name":"hegyizs","author_url":"https:\/\/www.welovecycling.com\/hu\/author\/hegyizs\/","title":"Domin\u00e1lj\u00e1k a fiatalok a ker\u00e9kp\u00e1rsportot","type":"rich","width":600,"height":338,"html":"<blockquote class=\"wp-embedded-content\" data-secret=\"tKP3Rid917\"><a href=\"https:\/\/www.welovecycling.com\/hu\/orszaguti-kerekpar\/dominaljak-a-fiatalok-a-kerekparsportot\/\">Domin\u00e1lj\u00e1k a fiatalok a ker\u00e9kp\u00e1rsportot<\/a><\/blockquote><iframe sandbox=\"allow-scripts\" security=\"restricted\" src=\"https:\/\/www.welovecycling.com\/hu\/orszaguti-kerekpar\/dominaljak-a-fiatalok-a-kerekparsportot\/embed\/#?secret=tKP3Rid917\" width=\"600\" height=\"338\" title=\"&#8220;Domin\u00e1lj\u00e1k a fiatalok a ker\u00e9kp\u00e1rsportot&#8221; &#8212; \u0160koda We Love Cycling - Magyarorsz\u00e1g\" data-secret=\"tKP3Rid917\" frameborder=\"0\" marginwidth=\"0\" marginheight=\"0\" scrolling=\"no\" class=\"wp-embedded-content\"><\/iframe><script type=\"text\/javascript\">\n\/* <![CDATA[ *\/\n\/*! This file is auto-generated *\/\n!function(d,l){\"use strict\";l.querySelector&&d.addEventListener&&\"undefined\"!=typeof URL&&(d.wp=d.wp||{},d.wp.receiveEmbedMessage||(d.wp.receiveEmbedMessage=function(e){var t=e.data;if((t||t.secret||t.message||t.value)&&!\/[^a-zA-Z0-9]\/.test(t.secret)){for(var s,r,n,a=l.querySelectorAll('iframe[data-secret=\"'+t.secret+'\"]'),o=l.querySelectorAll('blockquote[data-secret=\"'+t.secret+'\"]'),c=new RegExp(\"^https?:$\",\"i\"),i=0;i<o.length;i++)o[i].style.display=\"none\";for(i=0;i<a.length;i++)s=a[i],e.source===s.contentWindow&&(s.removeAttribute(\"style\"),\"height\"===t.message?(1e3<(r=parseInt(t.value,10))?r=1e3:~~r<200&&(r=200),s.height=r):\"link\"===t.message&&(r=new URL(s.getAttribute(\"src\")),n=new URL(t.value),c.test(n.protocol))&&n.host===r.host&&l.activeElement===s&&(d.top.location.href=t.value))}},d.addEventListener(\"message\",d.wp.receiveEmbedMessage,!1),l.addEventListener(\"DOMContentLoaded\",function(){for(var e,t,s=l.querySelectorAll(\"iframe.wp-embedded-content\"),r=0;r<s.length;r++)(t=(e=s[r]).getAttribute(\"data-secret\"))||(t=Math.random().toString(36).substring(2,12),e.src+=\"#?secret=\"+t,e.setAttribute(\"data-secret\",t)),e.contentWindow.postMessage({message:\"ready\",secret:t},\"*\")},!1)))}(window,document);\n\/* ]]> *\/\n<\/script>\n","thumbnail_url":"https:\/\/d2p6e6u75xmxt8.cloudfront.net\/12\/2022\/10\/Vingegaard-Pogacar-profimedia-0709548351.CVR_.jpg","thumbnail_width":990,"thumbnail_height":660,"description":"Mi a k\u00f6z\u00f6s Egan Bernalban, Tadej Poga\u010darban, Remco Evenepoelben, Jonas Vingegaardban \u00e9s Tao Geoghegan Hartban? Mindannyian profi ker\u00e9kp\u00e1rosok, \u00e9s annak ellen\u00e9re, hogy legfeljebb 25 \u00e9vesek, az elm\u00falt h\u00e1rom \u00e9vben mind nyertek Grand Tour-t. Jai Hindley pedig 26 \u00e9vesen a Giro-t."}