{"version":"1.0","provider_name":"\u0160koda We Love Cycling - Magyarorsz\u00e1g","provider_url":"https:\/\/www.welovecycling.com\/hu","author_name":"hegyizs","author_url":"https:\/\/www.welovecycling.com\/hu\/author\/hegyizs\/","title":"A 2024-es Tour de France \u00fatvonala","type":"rich","width":600,"height":338,"html":"<blockquote class=\"wp-embedded-content\" data-secret=\"VioSkdi9Ly\"><a href=\"https:\/\/www.welovecycling.com\/hu\/orszaguti-kerekpar\/a-2024-es-tour-de-france-utvonala\/\">A 2024-es Tour de France \u00fatvonala<\/a><\/blockquote><iframe sandbox=\"allow-scripts\" security=\"restricted\" src=\"https:\/\/www.welovecycling.com\/hu\/orszaguti-kerekpar\/a-2024-es-tour-de-france-utvonala\/embed\/#?secret=VioSkdi9Ly\" width=\"600\" height=\"338\" title=\"&#8220;A 2024-es Tour de France \u00fatvonala&#8221; &#8212; \u0160koda We Love Cycling - Magyarorsz\u00e1g\" data-secret=\"VioSkdi9Ly\" frameborder=\"0\" marginwidth=\"0\" marginheight=\"0\" scrolling=\"no\" class=\"wp-embedded-content\"><\/iframe><script type=\"text\/javascript\">\n\/* <![CDATA[ *\/\n\/*! This file is auto-generated *\/\n!function(d,l){\"use strict\";l.querySelector&&d.addEventListener&&\"undefined\"!=typeof URL&&(d.wp=d.wp||{},d.wp.receiveEmbedMessage||(d.wp.receiveEmbedMessage=function(e){var t=e.data;if((t||t.secret||t.message||t.value)&&!\/[^a-zA-Z0-9]\/.test(t.secret)){for(var s,r,n,a=l.querySelectorAll('iframe[data-secret=\"'+t.secret+'\"]'),o=l.querySelectorAll('blockquote[data-secret=\"'+t.secret+'\"]'),c=new RegExp(\"^https?:$\",\"i\"),i=0;i<o.length;i++)o[i].style.display=\"none\";for(i=0;i<a.length;i++)s=a[i],e.source===s.contentWindow&&(s.removeAttribute(\"style\"),\"height\"===t.message?(1e3<(r=parseInt(t.value,10))?r=1e3:~~r<200&&(r=200),s.height=r):\"link\"===t.message&&(r=new URL(s.getAttribute(\"src\")),n=new URL(t.value),c.test(n.protocol))&&n.host===r.host&&l.activeElement===s&&(d.top.location.href=t.value))}},d.addEventListener(\"message\",d.wp.receiveEmbedMessage,!1),l.addEventListener(\"DOMContentLoaded\",function(){for(var e,t,s=l.querySelectorAll(\"iframe.wp-embedded-content\"),r=0;r<s.length;r++)(t=(e=s[r]).getAttribute(\"data-secret\"))||(t=Math.random().toString(36).substring(2,12),e.src+=\"#?secret=\"+t,e.setAttribute(\"data-secret\",t)),e.contentWindow.postMessage({message:\"ready\",secret:t},\"*\")},!1)))}(window,document);\n\/* ]]> *\/\n<\/script>\n","thumbnail_url":"https:\/\/d2p6e6u75xmxt8.cloudfront.net\/12\/2023\/11\/Tour-de-France-2024-Route-profimedia-0816633054-CVR.webp","thumbnail_width":990,"thumbnail_height":660,"description":"Bemutatt\u00e1k a 2024-es Tour de France \u00fatvonal\u00e1t: sokaknak okozott meglepet\u00e9st mind a n\u00e9z\u0151k, mind a ker\u00e9kp\u00e1rosok k\u00f6r\u00e9ben, azoknak pedig egyenesen csal\u00f3d\u00e1s lehetett, akik im\u00e1dj\u00e1k P\u00e1rizst. H\u00e9t teljes hegyi szakasz, n\u00e9gy hegyi befut\u00f3, rengeteg domb, k\u00e9t egy\u00e9ni id\u0151futam (a tavalyi egy helyett) \u00e9s egy tr\u00fckk\u00f6s id\u0151m\u00e9r\u0151 z\u00e1rja a versenyt, id\u00e9n azonban nem a f\u00e9ny v\u00e1ros\u00e1ban, hanem a Rivi\u00e9r\u00e1n, Nizz\u00e1ban."}