{"version":"1.0","provider_name":"\u0160koda We Love Cycling - Magyarorsz\u00e1g","provider_url":"https:\/\/www.welovecycling.com\/hu","author_name":"hegyizs","author_url":"https:\/\/www.welovecycling.com\/hu\/author\/hegyizs\/","title":"Mi\u00e9rt teker\u00fcnk? - R\u00e9gen \u00e9s most","type":"rich","width":600,"height":338,"html":"<blockquote class=\"wp-embedded-content\" data-secret=\"ZZcNi6xyk9\"><a href=\"https:\/\/www.welovecycling.com\/hu\/kozosseg-es-kultura\/miert-tekerunk-regen-es-most\/\">Mi\u00e9rt teker\u00fcnk? &#8211; R\u00e9gen \u00e9s most<\/a><\/blockquote><iframe sandbox=\"allow-scripts\" security=\"restricted\" src=\"https:\/\/www.welovecycling.com\/hu\/kozosseg-es-kultura\/miert-tekerunk-regen-es-most\/embed\/#?secret=ZZcNi6xyk9\" width=\"600\" height=\"338\" title=\"&#8220;Mi\u00e9rt teker\u00fcnk? &#8211; R\u00e9gen \u00e9s most&#8221; &#8212; \u0160koda We Love Cycling - Magyarorsz\u00e1g\" data-secret=\"ZZcNi6xyk9\" frameborder=\"0\" marginwidth=\"0\" marginheight=\"0\" scrolling=\"no\" class=\"wp-embedded-content\"><\/iframe><script type=\"text\/javascript\">\n\/* <![CDATA[ *\/\n\/*! This file is auto-generated *\/\n!function(d,l){\"use strict\";l.querySelector&&d.addEventListener&&\"undefined\"!=typeof URL&&(d.wp=d.wp||{},d.wp.receiveEmbedMessage||(d.wp.receiveEmbedMessage=function(e){var t=e.data;if((t||t.secret||t.message||t.value)&&!\/[^a-zA-Z0-9]\/.test(t.secret)){for(var s,r,n,a=l.querySelectorAll('iframe[data-secret=\"'+t.secret+'\"]'),o=l.querySelectorAll('blockquote[data-secret=\"'+t.secret+'\"]'),c=new RegExp(\"^https?:$\",\"i\"),i=0;i<o.length;i++)o[i].style.display=\"none\";for(i=0;i<a.length;i++)s=a[i],e.source===s.contentWindow&&(s.removeAttribute(\"style\"),\"height\"===t.message?(1e3<(r=parseInt(t.value,10))?r=1e3:~~r<200&&(r=200),s.height=r):\"link\"===t.message&&(r=new URL(s.getAttribute(\"src\")),n=new URL(t.value),c.test(n.protocol))&&n.host===r.host&&l.activeElement===s&&(d.top.location.href=t.value))}},d.addEventListener(\"message\",d.wp.receiveEmbedMessage,!1),l.addEventListener(\"DOMContentLoaded\",function(){for(var e,t,s=l.querySelectorAll(\"iframe.wp-embedded-content\"),r=0;r<s.length;r++)(t=(e=s[r]).getAttribute(\"data-secret\"))||(t=Math.random().toString(36).substring(2,12),e.src+=\"#?secret=\"+t,e.setAttribute(\"data-secret\",t)),e.contentWindow.postMessage({message:\"ready\",secret:t},\"*\")},!1)))}(window,document);\n\/* ]]> *\/\n<\/script>\n","thumbnail_url":"https:\/\/d2p6e6u75xmxt8.cloudfront.net\/12\/2023\/01\/Bicycle-Lane-profimedia-0747751284-CVR.webp","thumbnail_width":990,"thumbnail_height":660,"description":"Ker\u00e9kp\u00e1rosk\u00e9nt sok id\u0151t t\u00f6lt\u00fcnk biciklin. A h\u00e9t minden napj\u00e1n, h\u00e9tv\u00e9g\u00e9n \u00e9s \u00fcnnepnapokon is szak\u00edtunk id\u0151t arra, hogy nyeregbe \u00fclj\u00fcnk. Ak\u00e1r ing\u00e1z\u00e1s, ak\u00e1r egy\u00e9ni kir\u00e1ndul\u00e1s, ak\u00e1r csoportos t\u00fara van k\u00e9sz\u00fcl\u0151ben, elgondolkodt\u00e1l m\u00e1r azon, mi\u00e9rt biciklizel most \u00e9s mi hajtott \u00e9leted k\u00fcl\u00f6nb\u00f6z\u0151 szakaszaiban?"}