{"version":"1.0","provider_name":"\u0160koda We Love Cycling - Magyarorsz\u00e1g","provider_url":"https:\/\/www.welovecycling.com\/hu","author_name":"hegyizs","author_url":"https:\/\/www.welovecycling.com\/hu\/author\/hegyizs\/","title":"A h\u00f3nap \u00fatvonala \u2013 Okt\u00f3ber: K\u00e1v\u00e9sz\u00fcnet a Balatonn\u00e1l","type":"rich","width":600,"height":338,"html":"<blockquote class=\"wp-embedded-content\" data-secret=\"H5rK9N9x8c\"><a href=\"https:\/\/www.welovecycling.com\/hu\/honap-utvonala\/a-honap-utvonala-oktober-kaveszunet-a-balatonnal\/\">A h\u00f3nap \u00fatvonala \u2013 Okt\u00f3ber: K\u00e1v\u00e9sz\u00fcnet a Balatonn\u00e1l<\/a><\/blockquote><iframe sandbox=\"allow-scripts\" security=\"restricted\" src=\"https:\/\/www.welovecycling.com\/hu\/honap-utvonala\/a-honap-utvonala-oktober-kaveszunet-a-balatonnal\/embed\/#?secret=H5rK9N9x8c\" width=\"600\" height=\"338\" title=\"&#8220;A h\u00f3nap \u00fatvonala \u2013 Okt\u00f3ber: K\u00e1v\u00e9sz\u00fcnet a Balatonn\u00e1l&#8221; &#8212; \u0160koda We Love Cycling - Magyarorsz\u00e1g\" data-secret=\"H5rK9N9x8c\" frameborder=\"0\" marginwidth=\"0\" marginheight=\"0\" scrolling=\"no\" class=\"wp-embedded-content\"><\/iframe><script type=\"text\/javascript\">\n\/* <![CDATA[ *\/\n\/*! This file is auto-generated *\/\n!function(d,l){\"use strict\";l.querySelector&&d.addEventListener&&\"undefined\"!=typeof URL&&(d.wp=d.wp||{},d.wp.receiveEmbedMessage||(d.wp.receiveEmbedMessage=function(e){var t=e.data;if((t||t.secret||t.message||t.value)&&!\/[^a-zA-Z0-9]\/.test(t.secret)){for(var s,r,n,a=l.querySelectorAll('iframe[data-secret=\"'+t.secret+'\"]'),o=l.querySelectorAll('blockquote[data-secret=\"'+t.secret+'\"]'),c=new RegExp(\"^https?:$\",\"i\"),i=0;i<o.length;i++)o[i].style.display=\"none\";for(i=0;i<a.length;i++)s=a[i],e.source===s.contentWindow&&(s.removeAttribute(\"style\"),\"height\"===t.message?(1e3<(r=parseInt(t.value,10))?r=1e3:~~r<200&&(r=200),s.height=r):\"link\"===t.message&&(r=new URL(s.getAttribute(\"src\")),n=new URL(t.value),c.test(n.protocol))&&n.host===r.host&&l.activeElement===s&&(d.top.location.href=t.value))}},d.addEventListener(\"message\",d.wp.receiveEmbedMessage,!1),l.addEventListener(\"DOMContentLoaded\",function(){for(var e,t,s=l.querySelectorAll(\"iframe.wp-embedded-content\"),r=0;r<s.length;r++)(t=(e=s[r]).getAttribute(\"data-secret\"))||(t=Math.random().toString(36).substring(2,12),e.src+=\"#?secret=\"+t,e.setAttribute(\"data-secret\",t)),e.contentWindow.postMessage({message:\"ready\",secret:t},\"*\")},!1)))}(window,document);\n\/* ]]> *\/\n<\/script>\n","thumbnail_url":"https:\/\/d2p6e6u75xmxt8.cloudfront.net\/12\/2021\/10\/WLC_honap_utvonala_INDEXKEP.png","thumbnail_width":1920,"thumbnail_height":1080,"description":"Lippai Marci, aki a Dolomitok megm\u00e1sz\u00e1s\u00e1val beker\u00fclt a WLC H\u0151seinek csarnok\u00e1ba, egy sz\u00e9p napon megk\u00edv\u00e1nta a k\u00e1v\u00e9t. De nem \u00e1m csak \u00fagy, a konyh\u00e1ban \u00e1lldog\u00e1lva akarta meginni! Nem volt rest biciklire \u00fclni \u00e9s elindulni az orsz\u00e1g egyik legszebb kil\u00e1t\u00e1s\u00e1t ny\u00fajt\u00f3 terasz\u00e1ra. 116 km \u00e9s t\u00f6bb mint 4 \u00f3ra m\u00falva pedig m\u00e1r sz\u00fcrcs\u00f6lhette is cappuccinoj\u00e1t Balatonakaratty\u00e1n, hogy azt\u00e1n \u00fajult er\u0151vel induljon vissza Budapestre."}