{"version":"1.0","provider_name":"\u0160koda We Love Cycling - Magyarorsz\u00e1g","provider_url":"https:\/\/www.welovecycling.com\/hu","author_name":"hegyizs","author_url":"https:\/\/www.welovecycling.com\/hu\/author\/hegyizs\/","title":"Bor & sajt a kognit\u00edv hanyatl\u00e1s ellen","type":"rich","width":600,"height":338,"html":"<blockquote class=\"wp-embedded-content\" data-secret=\"VPDAQ1AWx3\"><a href=\"https:\/\/www.welovecycling.com\/hu\/edzes-es-eletmod\/bor-sajt-a-kognitiv-hanyatlas-ellen\/\">Bor &#038; sajt a kognit\u00edv hanyatl\u00e1s ellen<\/a><\/blockquote><iframe sandbox=\"allow-scripts\" security=\"restricted\" src=\"https:\/\/www.welovecycling.com\/hu\/edzes-es-eletmod\/bor-sajt-a-kognitiv-hanyatlas-ellen\/embed\/#?secret=VPDAQ1AWx3\" width=\"600\" height=\"338\" title=\"&#8220;Bor &#038; sajt a kognit\u00edv hanyatl\u00e1s ellen&#8221; &#8212; \u0160koda We Love Cycling - Magyarorsz\u00e1g\" data-secret=\"VPDAQ1AWx3\" frameborder=\"0\" marginwidth=\"0\" marginheight=\"0\" scrolling=\"no\" class=\"wp-embedded-content\"><\/iframe><script type=\"text\/javascript\">\n\/* <![CDATA[ *\/\n\/*! This file is auto-generated *\/\n!function(d,l){\"use strict\";l.querySelector&&d.addEventListener&&\"undefined\"!=typeof URL&&(d.wp=d.wp||{},d.wp.receiveEmbedMessage||(d.wp.receiveEmbedMessage=function(e){var t=e.data;if((t||t.secret||t.message||t.value)&&!\/[^a-zA-Z0-9]\/.test(t.secret)){for(var s,r,n,a=l.querySelectorAll('iframe[data-secret=\"'+t.secret+'\"]'),o=l.querySelectorAll('blockquote[data-secret=\"'+t.secret+'\"]'),c=new RegExp(\"^https?:$\",\"i\"),i=0;i<o.length;i++)o[i].style.display=\"none\";for(i=0;i<a.length;i++)s=a[i],e.source===s.contentWindow&&(s.removeAttribute(\"style\"),\"height\"===t.message?(1e3<(r=parseInt(t.value,10))?r=1e3:~~r<200&&(r=200),s.height=r):\"link\"===t.message&&(r=new URL(s.getAttribute(\"src\")),n=new URL(t.value),c.test(n.protocol))&&n.host===r.host&&l.activeElement===s&&(d.top.location.href=t.value))}},d.addEventListener(\"message\",d.wp.receiveEmbedMessage,!1),l.addEventListener(\"DOMContentLoaded\",function(){for(var e,t,s=l.querySelectorAll(\"iframe.wp-embedded-content\"),r=0;r<s.length;r++)(t=(e=s[r]).getAttribute(\"data-secret\"))||(t=Math.random().toString(36).substring(2,12),e.src+=\"#?secret=\"+t,e.setAttribute(\"data-secret\",t)),e.contentWindow.postMessage({message:\"ready\",secret:t},\"*\")},!1)))}(window,document);\n\/* ]]> *\/\n<\/script>\n","thumbnail_url":"https:\/\/d2p6e6u75xmxt8.cloudfront.net\/12\/2021\/03\/Wine-and-Cheese-profimedia-0581085495-CVR.jpg","thumbnail_width":1366,"thumbnail_height":600,"description":"Egy \u00faj tanulm\u00e1ny szerint az \u00e9trend jelent\u0151s hat\u00e1ssal van a kognit\u00edv funkci\u00f3inkra, id\u0151sebb korunkban is. Mindannyian szeretn\u00e9nk ment\u00e1lisan is eg\u00e9szs\u00e9gesek maradni, ameddig csak lehets\u00e9ges. J\u00f3 h\u00edr teh\u00e1t, hogy vannak olyan \u00e9telek, amik nem csak, hogy seg\u00edtenek ebben, de m\u00e9g finomak is."}