{"version":"1.0","provider_name":"\u0160koda We Love Cycling - Spain","provider_url":"https:\/\/www.welovecycling.com\/es","author_name":"We Love Cycling Spain","author_url":"https:\/\/www.welovecycling.com\/es\/author\/amunoz\/","title":"Las fotos de la Carrera de la Paz. El Tour de Francia del Este","type":"rich","width":600,"height":338,"html":"<blockquote class=\"wp-embedded-content\" data-secret=\"un7e7m7lxY\"><a href=\"https:\/\/www.welovecycling.com\/es\/2018\/01\/20\/las-fotos-de-la-carrera-de-la-paz\/\">Las fotos de la Carrera de la Paz. El Tour de Francia del Este<\/a><\/blockquote><iframe sandbox=\"allow-scripts\" security=\"restricted\" src=\"https:\/\/www.welovecycling.com\/es\/2018\/01\/20\/las-fotos-de-la-carrera-de-la-paz\/embed\/#?secret=un7e7m7lxY\" width=\"600\" height=\"338\" title=\"&#8220;Las fotos de la Carrera de la Paz. El Tour de Francia del Este&#8221; &#8212; \u0160koda We Love Cycling - Spain\" data-secret=\"un7e7m7lxY\" frameborder=\"0\" marginwidth=\"0\" marginheight=\"0\" scrolling=\"no\" class=\"wp-embedded-content\"><\/iframe><script type=\"text\/javascript\">\n\/* <![CDATA[ *\/\n\/*! This file is auto-generated *\/\n!function(d,l){\"use strict\";l.querySelector&&d.addEventListener&&\"undefined\"!=typeof URL&&(d.wp=d.wp||{},d.wp.receiveEmbedMessage||(d.wp.receiveEmbedMessage=function(e){var t=e.data;if((t||t.secret||t.message||t.value)&&!\/[^a-zA-Z0-9]\/.test(t.secret)){for(var s,r,n,a=l.querySelectorAll('iframe[data-secret=\"'+t.secret+'\"]'),o=l.querySelectorAll('blockquote[data-secret=\"'+t.secret+'\"]'),c=new RegExp(\"^https?:$\",\"i\"),i=0;i<o.length;i++)o[i].style.display=\"none\";for(i=0;i<a.length;i++)s=a[i],e.source===s.contentWindow&&(s.removeAttribute(\"style\"),\"height\"===t.message?(1e3<(r=parseInt(t.value,10))?r=1e3:~~r<200&&(r=200),s.height=r):\"link\"===t.message&&(r=new URL(s.getAttribute(\"src\")),n=new URL(t.value),c.test(n.protocol))&&n.host===r.host&&l.activeElement===s&&(d.top.location.href=t.value))}},d.addEventListener(\"message\",d.wp.receiveEmbedMessage,!1),l.addEventListener(\"DOMContentLoaded\",function(){for(var e,t,s=l.querySelectorAll(\"iframe.wp-embedded-content\"),r=0;r<s.length;r++)(t=(e=s[r]).getAttribute(\"data-secret\"))||(t=Math.random().toString(36).substring(2,12),e.src+=\"#?secret=\"+t,e.setAttribute(\"data-secret\",t)),e.contentWindow.postMessage({message:\"ready\",secret:t},\"*\")},!1)))}(window,document);\n\/* ]]> *\/\n<\/script>\n","thumbnail_url":"https:\/\/d2p6e6u75xmxt8.cloudfront.net\/6\/2018\/01\/profimedia-0096170543-1.jpg","thumbnail_width":1366,"thumbnail_height":600,"description":"La \u00faltima edici\u00f3n de la Carrera de la Paz se disput\u00f3 en 2006. Ahora es una carrera de tres d\u00edas para sub-23 que se celebra en May, en la Rep\u00fablica Checa. Pero, en el pasado, era lo m\u00e1s parecido al Tour de Francia en el bloque del Este. La carrera, que se corr\u00eda cada a\u00f1o, comenz\u00f3 con una doble edici\u00f3n entre Varsovia-Praga y Praga-Varsovia en 1948. Su nombre era Friedensfahrt en Alemania,\u00a0 Z\u00e1vod m\u00edru en Checoslovaquia y Wy\u015bcig Pokoj en Polonia."}