{"version":"1.0","provider_name":"\u0160koda We Love Cycling - Estonia","provider_url":"https:\/\/www.welovecycling.com\/ee","author_name":"andre","author_url":"https:\/\/www.welovecycling.com\/ee\/author\/andre\/","title":"Q36.5 valmistub lahinguks WorldTouri koha nimel","type":"rich","width":600,"height":338,"html":"<blockquote class=\"wp-embedded-content\" data-secret=\"mN7cwny5er\"><a href=\"https:\/\/www.welovecycling.com\/ee\/2025\/11\/24\/q36-5-valmistub-lahinguks-worldtouri-koha-nimel\/\">Q36.5 valmistub lahinguks WorldTouri koha nimel<\/a><\/blockquote><iframe sandbox=\"allow-scripts\" security=\"restricted\" src=\"https:\/\/www.welovecycling.com\/ee\/2025\/11\/24\/q36-5-valmistub-lahinguks-worldtouri-koha-nimel\/embed\/#?secret=mN7cwny5er\" width=\"600\" height=\"338\" title=\"&#8220;Q36.5 valmistub lahinguks WorldTouri koha nimel&#8221; &#8212; \u0160koda We Love Cycling - Estonia\" data-secret=\"mN7cwny5er\" frameborder=\"0\" marginwidth=\"0\" marginheight=\"0\" scrolling=\"no\" class=\"wp-embedded-content\"><\/iframe><script type=\"text\/javascript\">\n\/* <![CDATA[ *\/\n\/*! This file is auto-generated *\/\n!function(d,l){\"use strict\";l.querySelector&&d.addEventListener&&\"undefined\"!=typeof URL&&(d.wp=d.wp||{},d.wp.receiveEmbedMessage||(d.wp.receiveEmbedMessage=function(e){var t=e.data;if((t||t.secret||t.message||t.value)&&!\/[^a-zA-Z0-9]\/.test(t.secret)){for(var s,r,n,a=l.querySelectorAll('iframe[data-secret=\"'+t.secret+'\"]'),o=l.querySelectorAll('blockquote[data-secret=\"'+t.secret+'\"]'),c=new RegExp(\"^https?:$\",\"i\"),i=0;i<o.length;i++)o[i].style.display=\"none\";for(i=0;i<a.length;i++)s=a[i],e.source===s.contentWindow&&(s.removeAttribute(\"style\"),\"height\"===t.message?(1e3<(r=parseInt(t.value,10))?r=1e3:~~r<200&&(r=200),s.height=r):\"link\"===t.message&&(r=new URL(s.getAttribute(\"src\")),n=new URL(t.value),c.test(n.protocol))&&n.host===r.host&&l.activeElement===s&&(d.top.location.href=t.value))}},d.addEventListener(\"message\",d.wp.receiveEmbedMessage,!1),l.addEventListener(\"DOMContentLoaded\",function(){for(var e,t,s=l.querySelectorAll(\"iframe.wp-embedded-content\"),r=0;r<s.length;r++)(t=(e=s[r]).getAttribute(\"data-secret\"))||(t=Math.random().toString(36).substring(2,12),e.src+=\"#?secret=\"+t,e.setAttribute(\"data-secret\",t)),e.contentWindow.postMessage({message:\"ready\",secret:t},\"*\")},!1)))}(window,document);\n\/* ]]> *\/\n<\/script>\n","thumbnail_url":"https:\/\/d2p6e6u75xmxt8.cloudfront.net\/15\/2025\/11\/q36.webp","thumbnail_width":985,"thumbnail_height":658,"description":"Spordis hoian ma reeglina p\u00f6ialt \u00e4gedatele autsaideritele \u2013 neile alavarustatud Taavetitele, kes paistavad silma energia, tahtej\u00f5u ja julgusega ning v\u00f5tavad vahel maha ka oma ala Koljati. Jah, ma austan ka seda, mida teeb UAE Team Emirates\u2013XRG koos oma peaaegu v\u00f5itmatu liidri Tadej Poga\u010dariga, ja mind muljetavaldasid ka kaks suurtuuri, mille v\u00f5itis Visma\u2013Lease a Bike."}