{"version":"1.0","provider_name":"\u0160koda We Love Cycling - Estonia","provider_url":"https:\/\/www.welovecycling.com\/ee","author_name":"andre","author_url":"https:\/\/www.welovecycling.com\/ee\/author\/andre\/","title":"L\u2019\u00c9tape du Tour 2025: v\u00f5ta Alpe nagu profid!","type":"rich","width":600,"height":338,"html":"<blockquote class=\"wp-embedded-content\" data-secret=\"ZWpqkbxKWl\"><a href=\"https:\/\/www.welovecycling.com\/ee\/2024\/11\/02\/letape-du-tour-2025-vota-alpe-nagu-profid\/\">L\u2019\u00c9tape du Tour 2025: v\u00f5ta Alpe nagu profid!<\/a><\/blockquote><iframe sandbox=\"allow-scripts\" security=\"restricted\" src=\"https:\/\/www.welovecycling.com\/ee\/2024\/11\/02\/letape-du-tour-2025-vota-alpe-nagu-profid\/embed\/#?secret=ZWpqkbxKWl\" width=\"600\" height=\"338\" title=\"&#8220;L\u2019\u00c9tape du Tour 2025: v\u00f5ta Alpe nagu profid!&#8221; &#8212; \u0160koda We Love Cycling - Estonia\" data-secret=\"ZWpqkbxKWl\" frameborder=\"0\" marginwidth=\"0\" marginheight=\"0\" scrolling=\"no\" class=\"wp-embedded-content\"><\/iframe><script type=\"text\/javascript\">\n\/* <![CDATA[ *\/\n\/*! This file is auto-generated *\/\n!function(d,l){\"use strict\";l.querySelector&&d.addEventListener&&\"undefined\"!=typeof URL&&(d.wp=d.wp||{},d.wp.receiveEmbedMessage||(d.wp.receiveEmbedMessage=function(e){var t=e.data;if((t||t.secret||t.message||t.value)&&!\/[^a-zA-Z0-9]\/.test(t.secret)){for(var s,r,n,a=l.querySelectorAll('iframe[data-secret=\"'+t.secret+'\"]'),o=l.querySelectorAll('blockquote[data-secret=\"'+t.secret+'\"]'),c=new RegExp(\"^https?:$\",\"i\"),i=0;i<o.length;i++)o[i].style.display=\"none\";for(i=0;i<a.length;i++)s=a[i],e.source===s.contentWindow&&(s.removeAttribute(\"style\"),\"height\"===t.message?(1e3<(r=parseInt(t.value,10))?r=1e3:~~r<200&&(r=200),s.height=r):\"link\"===t.message&&(r=new URL(s.getAttribute(\"src\")),n=new URL(t.value),c.test(n.protocol))&&n.host===r.host&&l.activeElement===s&&(d.top.location.href=t.value))}},d.addEventListener(\"message\",d.wp.receiveEmbedMessage,!1),l.addEventListener(\"DOMContentLoaded\",function(){for(var e,t,s=l.querySelectorAll(\"iframe.wp-embedded-content\"),r=0;r<s.length;r++)(t=(e=s[r]).getAttribute(\"data-secret\"))||(t=Math.random().toString(36).substring(2,12),e.src+=\"#?secret=\"+t,e.setAttribute(\"data-secret\",t)),e.contentWindow.postMessage({message:\"ready\",secret:t},\"*\")},!1)))}(window,document);\n\/* ]]> *\/\n<\/script>\n","thumbnail_url":"https:\/\/d2p6e6u75xmxt8.cloudfront.net\/15\/2024\/11\/letap.webp","thumbnail_width":986,"thumbnail_height":656,"description":"P\u00fchap\u00e4eval, 20. juulil 2025 avaneb kogu maailma jalgrattaentusiastidel v\u00f5imalus l\u00e4bida \u00fcks Tour de France\u2019i legendaarne etapp osana L\u2019\u00c9tape du Tour de France\u2019ist. See ainulaadne v\u00f5istlus annab amat\u00f6\u00f6rratturitele meelierutava v\u00f5imaluse l\u00e4bida samasugust rasket rada, mis proffide ees seisab vaid m\u00f5ni p\u00e4ev hiljem Tour de France\u2019i 19. Etapil. 131 kilomeetrit Albertville\u2019ist La Plagne\u2019esse on viie tuntud t\u00f5usu ja kokku p\u00f6\u00f6rase 4500 t\u00f5usumeetriga."}