{"version":"1.0","provider_name":"\u0160koda We Love Cycling - Estonia","provider_url":"https:\/\/www.welovecycling.com\/ee","author_name":"andre","author_url":"https:\/\/www.welovecycling.com\/ee\/author\/andre\/","title":"M\u00f5ned nopped 2024. aasta Tour de France\u2019ilt","type":"rich","width":600,"height":338,"html":"<blockquote class=\"wp-embedded-content\" data-secret=\"lvJeCWRO7w\"><a href=\"https:\/\/www.welovecycling.com\/ee\/2024\/07\/23\/moned-nopped-2024-aasta-tour-de-franceilt\/\">M\u00f5ned nopped 2024. aasta Tour de France\u2019ilt<\/a><\/blockquote><iframe sandbox=\"allow-scripts\" security=\"restricted\" src=\"https:\/\/www.welovecycling.com\/ee\/2024\/07\/23\/moned-nopped-2024-aasta-tour-de-franceilt\/embed\/#?secret=lvJeCWRO7w\" width=\"600\" height=\"338\" title=\"&#8220;M\u00f5ned nopped 2024. aasta Tour de France\u2019ilt&#8221; &#8212; \u0160koda We Love Cycling - Estonia\" data-secret=\"lvJeCWRO7w\" frameborder=\"0\" marginwidth=\"0\" marginheight=\"0\" scrolling=\"no\" class=\"wp-embedded-content\"><\/iframe><script type=\"text\/javascript\">\n\/* <![CDATA[ *\/\n\/*! This file is auto-generated *\/\n!function(d,l){\"use strict\";l.querySelector&&d.addEventListener&&\"undefined\"!=typeof URL&&(d.wp=d.wp||{},d.wp.receiveEmbedMessage||(d.wp.receiveEmbedMessage=function(e){var t=e.data;if((t||t.secret||t.message||t.value)&&!\/[^a-zA-Z0-9]\/.test(t.secret)){for(var s,r,n,a=l.querySelectorAll('iframe[data-secret=\"'+t.secret+'\"]'),o=l.querySelectorAll('blockquote[data-secret=\"'+t.secret+'\"]'),c=new RegExp(\"^https?:$\",\"i\"),i=0;i<o.length;i++)o[i].style.display=\"none\";for(i=0;i<a.length;i++)s=a[i],e.source===s.contentWindow&&(s.removeAttribute(\"style\"),\"height\"===t.message?(1e3<(r=parseInt(t.value,10))?r=1e3:~~r<200&&(r=200),s.height=r):\"link\"===t.message&&(r=new URL(s.getAttribute(\"src\")),n=new URL(t.value),c.test(n.protocol))&&n.host===r.host&&l.activeElement===s&&(d.top.location.href=t.value))}},d.addEventListener(\"message\",d.wp.receiveEmbedMessage,!1),l.addEventListener(\"DOMContentLoaded\",function(){for(var e,t,s=l.querySelectorAll(\"iframe.wp-embedded-content\"),r=0;r<s.length;r++)(t=(e=s[r]).getAttribute(\"data-secret\"))||(t=Math.random().toString(36).substring(2,12),e.src+=\"#?secret=\"+t,e.setAttribute(\"data-secret\",t)),e.contentWindow.postMessage({message:\"ready\",secret:t},\"*\")},!1)))}(window,document);\n\/* ]]> *\/\n<\/script>\n","thumbnail_url":"https:\/\/d2p6e6u75xmxt8.cloudfront.net\/15\/2024\/07\/tdf1.webp","thumbnail_width":892,"thumbnail_height":599,"description":"Kui t\u00e4navune maailma suurim jalgrattav\u00f5idus\u00f5it ei t\u00e4itnud f\u00e4nnide ootusi, kes lootsid sellest parimate ratturite vastasseisu, oli see siiski kolme n\u00e4dala pikkune etendus, mis pani hinge kinni hoidma. T\u00e4navuse Touri keskmiseks kiiruseks kujunes 41,4 km\/h, mis j\u00e4\u00e4b alla Jonas Vingegaardi poolt 2022. aastal p\u00fcstitatud rekordile 42,106 km\/h. Kuid t\u00e4navune Tour sisaldas umbes 4000 t\u00f5usumeetrit enam kui kahe aasta tagune v\u00f5istlus. Nii et vaadake numbreid. Aga igatahes tundusid viimased kolm n\u00e4dalat m\u00f6\u00f6duvat nagu \u00fcks vahetpidamatu meeskondlik tempos\u00f5it."}