{"version":"1.0","provider_name":"\u0160koda We Love Cycling - Estonia","provider_url":"https:\/\/www.welovecycling.com\/ee","author_name":"andre","author_url":"https:\/\/www.welovecycling.com\/ee\/author\/andre\/","title":"Alpecin-Deceuninck rattatiim: \u00fchep\u00e4evas\u00f5itude kuningas","type":"rich","width":600,"height":338,"html":"<blockquote class=\"wp-embedded-content\" data-secret=\"Vy3l9kUYwi\"><a href=\"https:\/\/www.welovecycling.com\/ee\/2024\/04\/18\/alpecin-deceuninck-rattatiim-uhepaevasoitude-kuningas\/\">Alpecin-Deceuninck rattatiim: \u00fchep\u00e4evas\u00f5itude kuningas<\/a><\/blockquote><iframe sandbox=\"allow-scripts\" security=\"restricted\" src=\"https:\/\/www.welovecycling.com\/ee\/2024\/04\/18\/alpecin-deceuninck-rattatiim-uhepaevasoitude-kuningas\/embed\/#?secret=Vy3l9kUYwi\" width=\"600\" height=\"338\" title=\"&#8220;Alpecin-Deceuninck rattatiim: \u00fchep\u00e4evas\u00f5itude kuningas&#8221; &#8212; \u0160koda We Love Cycling - Estonia\" data-secret=\"Vy3l9kUYwi\" frameborder=\"0\" marginwidth=\"0\" marginheight=\"0\" scrolling=\"no\" class=\"wp-embedded-content\"><\/iframe><script type=\"text\/javascript\">\n\/* <![CDATA[ *\/\n\/*! This file is auto-generated *\/\n!function(d,l){\"use strict\";l.querySelector&&d.addEventListener&&\"undefined\"!=typeof URL&&(d.wp=d.wp||{},d.wp.receiveEmbedMessage||(d.wp.receiveEmbedMessage=function(e){var t=e.data;if((t||t.secret||t.message||t.value)&&!\/[^a-zA-Z0-9]\/.test(t.secret)){for(var s,r,n,a=l.querySelectorAll('iframe[data-secret=\"'+t.secret+'\"]'),o=l.querySelectorAll('blockquote[data-secret=\"'+t.secret+'\"]'),c=new RegExp(\"^https?:$\",\"i\"),i=0;i<o.length;i++)o[i].style.display=\"none\";for(i=0;i<a.length;i++)s=a[i],e.source===s.contentWindow&&(s.removeAttribute(\"style\"),\"height\"===t.message?(1e3<(r=parseInt(t.value,10))?r=1e3:~~r<200&&(r=200),s.height=r):\"link\"===t.message&&(r=new URL(s.getAttribute(\"src\")),n=new URL(t.value),c.test(n.protocol))&&n.host===r.host&&l.activeElement===s&&(d.top.location.href=t.value))}},d.addEventListener(\"message\",d.wp.receiveEmbedMessage,!1),l.addEventListener(\"DOMContentLoaded\",function(){for(var e,t,s=l.querySelectorAll(\"iframe.wp-embedded-content\"),r=0;r<s.length;r++)(t=(e=s[r]).getAttribute(\"data-secret\"))||(t=Math.random().toString(36).substring(2,12),e.src+=\"#?secret=\"+t,e.setAttribute(\"data-secret\",t)),e.contentWindow.postMessage({message:\"ready\",secret:t},\"*\")},!1)))}(window,document);\n\/* ]]> *\/\n<\/script>\n","thumbnail_url":"https:\/\/d2p6e6u75xmxt8.cloudfront.net\/15\/2024\/04\/liege2.webp","thumbnail_width":710,"thumbnail_height":476,"description":"Alpecin-Deceunincki tiimile on 2024 seni edukas aasta olnud. Noor Axel Laurance v\u00f5itis juba 1. veebruaril Etoile de Bess\u00e8ges\u2019i teise etapi ning p\u00e4rast seda on j\u00e4rgnenud veel \u00fcheksa esikohta. Sinna hulka kuuluvad Milano\u2013San Remo ja Classic Brugge\u2013De Panne (m\u00f5lemal juhul Jasper Philipsen), E3 Saxo Classic, Tour de Flanders ja viimati Pariis\u2013Roubaix (k\u00f5ik v\u00f5itis Mathieu van der Poel)."}