{"version":"1.0","provider_name":"\u0160koda We Love Cycling - Estonia","provider_url":"https:\/\/www.welovecycling.com\/ee","author_name":"andre","author_url":"https:\/\/www.welovecycling.com\/ee\/author\/andre\/","title":"Kas unev\u00f5la saab n\u00e4dalavahetusega tasa teha?","type":"rich","width":600,"height":338,"html":"<blockquote class=\"wp-embedded-content\" data-secret=\"CPugIat5Lp\"><a href=\"https:\/\/www.welovecycling.com\/ee\/2023\/10\/23\/kas-unevola-saab-nadalavahetusega-tasa-teha\/\">Kas unev\u00f5la saab n\u00e4dalavahetusega tasa teha?<\/a><\/blockquote><iframe sandbox=\"allow-scripts\" security=\"restricted\" src=\"https:\/\/www.welovecycling.com\/ee\/2023\/10\/23\/kas-unevola-saab-nadalavahetusega-tasa-teha\/embed\/#?secret=CPugIat5Lp\" width=\"600\" height=\"338\" title=\"&#8220;Kas unev\u00f5la saab n\u00e4dalavahetusega tasa teha?&#8221; &#8212; \u0160koda We Love Cycling - Estonia\" data-secret=\"CPugIat5Lp\" frameborder=\"0\" marginwidth=\"0\" marginheight=\"0\" scrolling=\"no\" class=\"wp-embedded-content\"><\/iframe><script type=\"text\/javascript\">\n\/* <![CDATA[ *\/\n\/*! This file is auto-generated *\/\n!function(d,l){\"use strict\";l.querySelector&&d.addEventListener&&\"undefined\"!=typeof URL&&(d.wp=d.wp||{},d.wp.receiveEmbedMessage||(d.wp.receiveEmbedMessage=function(e){var t=e.data;if((t||t.secret||t.message||t.value)&&!\/[^a-zA-Z0-9]\/.test(t.secret)){for(var s,r,n,a=l.querySelectorAll('iframe[data-secret=\"'+t.secret+'\"]'),o=l.querySelectorAll('blockquote[data-secret=\"'+t.secret+'\"]'),c=new RegExp(\"^https?:$\",\"i\"),i=0;i<o.length;i++)o[i].style.display=\"none\";for(i=0;i<a.length;i++)s=a[i],e.source===s.contentWindow&&(s.removeAttribute(\"style\"),\"height\"===t.message?(1e3<(r=parseInt(t.value,10))?r=1e3:~~r<200&&(r=200),s.height=r):\"link\"===t.message&&(r=new URL(s.getAttribute(\"src\")),n=new URL(t.value),c.test(n.protocol))&&n.host===r.host&&l.activeElement===s&&(d.top.location.href=t.value))}},d.addEventListener(\"message\",d.wp.receiveEmbedMessage,!1),l.addEventListener(\"DOMContentLoaded\",function(){for(var e,t,s=l.querySelectorAll(\"iframe.wp-embedded-content\"),r=0;r<s.length;r++)(t=(e=s[r]).getAttribute(\"data-secret\"))||(t=Math.random().toString(36).substring(2,12),e.src+=\"#?secret=\"+t,e.setAttribute(\"data-secret\",t)),e.contentWindow.postMessage({message:\"ready\",secret:t},\"*\")},!1)))}(window,document);\n\/* ]]> *\/\n<\/script>\n","thumbnail_url":"https:\/\/d2p6e6u75xmxt8.cloudfront.net\/15\/2023\/10\/uni.webp","thumbnail_width":990,"thumbnail_height":659,"description":"Piisava uneaja leidmine t\u00f6\u00f6n\u00e4dala v\u00e4ltel v\u00f5ib olla keeruline ning seep\u00e4rast \u00fcritavadki paljud inimesed unev\u00f5la korvamiseks n\u00e4dalavahetusel pikemalt magada. Kas need n\u00e4dalavahetuse uinakud aitavad argip\u00e4evase kehva une halba m\u00f5ju neutraliseerida? Pennsylvania \u00fclikool selgitas selle eksperimendiga v\u00e4lja."}