{"version":"1.0","provider_name":"\u0160koda We Love Cycling - Estonia","provider_url":"https:\/\/www.welovecycling.com\/ee","author_name":"andre","author_url":"https:\/\/www.welovecycling.com\/ee\/author\/andre\/","title":"Mida on meil oodata t\u00e4navuselt La Vueltalt 2023","type":"rich","width":600,"height":338,"html":"<blockquote class=\"wp-embedded-content\" data-secret=\"nNYK3iDoWy\"><a href=\"https:\/\/www.welovecycling.com\/ee\/2023\/08\/26\/mida-on-meil-oodata-tanavuselt-la-vueltalt-2023\/\">Mida on meil oodata t\u00e4navuselt La Vueltalt 2023<\/a><\/blockquote><iframe sandbox=\"allow-scripts\" security=\"restricted\" src=\"https:\/\/www.welovecycling.com\/ee\/2023\/08\/26\/mida-on-meil-oodata-tanavuselt-la-vueltalt-2023\/embed\/#?secret=nNYK3iDoWy\" width=\"600\" height=\"338\" title=\"&#8220;Mida on meil oodata t\u00e4navuselt La Vueltalt 2023&#8221; &#8212; \u0160koda We Love Cycling - Estonia\" data-secret=\"nNYK3iDoWy\" frameborder=\"0\" marginwidth=\"0\" marginheight=\"0\" scrolling=\"no\" class=\"wp-embedded-content\"><\/iframe><script type=\"text\/javascript\">\n\/* <![CDATA[ *\/\n\/*! This file is auto-generated *\/\n!function(d,l){\"use strict\";l.querySelector&&d.addEventListener&&\"undefined\"!=typeof URL&&(d.wp=d.wp||{},d.wp.receiveEmbedMessage||(d.wp.receiveEmbedMessage=function(e){var t=e.data;if((t||t.secret||t.message||t.value)&&!\/[^a-zA-Z0-9]\/.test(t.secret)){for(var s,r,n,a=l.querySelectorAll('iframe[data-secret=\"'+t.secret+'\"]'),o=l.querySelectorAll('blockquote[data-secret=\"'+t.secret+'\"]'),c=new RegExp(\"^https?:$\",\"i\"),i=0;i<o.length;i++)o[i].style.display=\"none\";for(i=0;i<a.length;i++)s=a[i],e.source===s.contentWindow&&(s.removeAttribute(\"style\"),\"height\"===t.message?(1e3<(r=parseInt(t.value,10))?r=1e3:~~r<200&&(r=200),s.height=r):\"link\"===t.message&&(r=new URL(s.getAttribute(\"src\")),n=new URL(t.value),c.test(n.protocol))&&n.host===r.host&&l.activeElement===s&&(d.top.location.href=t.value))}},d.addEventListener(\"message\",d.wp.receiveEmbedMessage,!1),l.addEventListener(\"DOMContentLoaded\",function(){for(var e,t,s=l.querySelectorAll(\"iframe.wp-embedded-content\"),r=0;r<s.length;r++)(t=(e=s[r]).getAttribute(\"data-secret\"))||(t=Math.random().toString(36).substring(2,12),e.src+=\"#?secret=\"+t,e.setAttribute(\"data-secret\",t)),e.contentWindow.postMessage({message:\"ready\",secret:t},\"*\")},!1)))}(window,document);\n\/* ]]> *\/\n<\/script>\n","thumbnail_url":"https:\/\/d2p6e6u75xmxt8.cloudfront.net\/15\/2023\/08\/lavuelta.webp","thumbnail_width":990,"thumbnail_height":660,"description":"78. korda s\u00f5idetav Vuelta Espa\u00f1a, t\u00e4navune kolmas ja viimane suurtuur Giro D\u2019Italia ja Tour de France\u2019i j\u00e4rel, algas laup\u00e4eval, 26. augustil Barcelonas ning l\u00f5peb kolm n\u00e4dalat hiljem Madridis p\u00e4rast 3153,8 kilomeetri l\u00e4bimist."}